{"id":449,"date":"2020-09-25T14:57:37","date_gmt":"2020-09-25T12:57:37","guid":{"rendered":"https:\/\/salve-corda.org\/?page_id=449"},"modified":"2022-12-11T23:58:50","modified_gmt":"2022-12-11T22:58:50","slug":"comment-agir-maintenant","status":"publish","type":"page","link":"https:\/\/salve-corda.org\/it\/comment-agir-maintenant\/","title":{"rendered":"Comment agir maintenant"},"content":{"rendered":"<div data-elementor-type=\"wp-page\" data-elementor-id=\"449\" class=\"elementor elementor-449\">\n\t\t\t\t\t\t<section class=\"elementor-section elementor-top-section elementor-element elementor-element-9a41dd0 elementor-section-boxed elementor-section-height-default elementor-section-height-default\" data-id=\"9a41dd0\" data-element_type=\"section\" data-e-type=\"section\">\n\t\t\t\t\t\t<div class=\"elementor-container elementor-column-gap-default\">\n\t\t\t\t\t<div class=\"elementor-column elementor-col-100 elementor-top-column elementor-element elementor-element-be58dc3\" data-id=\"be58dc3\" data-element_type=\"column\" data-e-type=\"column\">\n\t\t\t<div class=\"elementor-widget-wrap elementor-element-populated\">\n\t\t\t\t\t\t<div class=\"elementor-element elementor-element-95c2412 elementor-widget elementor-widget-spacer\" data-id=\"95c2412\" data-element_type=\"widget\" data-e-type=\"widget\" data-widget_type=\"spacer.default\">\n\t\t\t\t<div class=\"elementor-widget-container\">\n\t\t\t\t\t\t\t<div class=\"elementor-spacer\">\n\t\t\t<div class=\"elementor-spacer-inner\"><\/div>\n\t\t<\/div>\n\t\t\t\t\t\t<\/div>\n\t\t\t\t<\/div>\n\t\t\t\t\t<\/div>\n\t\t<\/div>\n\t\t\t\t\t<\/div>\n\t\t<\/section>\n\t\t\t\t<section class=\"elementor-section elementor-top-section elementor-element elementor-element-dc6765a elementor-section-boxed elementor-section-height-default elementor-section-height-default\" data-id=\"dc6765a\" data-element_type=\"section\" data-e-type=\"section\">\n\t\t\t\t\t\t<div class=\"elementor-container elementor-column-gap-default\">\n\t\t\t\t\t<div class=\"elementor-column elementor-col-100 elementor-top-column elementor-element elementor-element-b82fa5e\" data-id=\"b82fa5e\" data-element_type=\"column\" data-e-type=\"column\">\n\t\t\t<div class=\"elementor-widget-wrap elementor-element-populated\">\n\t\t\t\t\t\t<div class=\"elementor-element elementor-element-9cf5b7f elementor-widget elementor-widget-heading\" data-id=\"9cf5b7f\" data-element_type=\"widget\" data-e-type=\"widget\" data-widget_type=\"heading.default\">\n\t\t\t\t<div class=\"elementor-widget-container\">\n\t\t\t\t\t<h2 class=\"elementor-heading-title elementor-size-default\">Come agire ora<\/h2>\t\t\t\t<\/div>\n\t\t\t\t<\/div>\n\t\t\t\t\t<\/div>\n\t\t<\/div>\n\t\t\t\t\t<\/div>\n\t\t<\/section>\n\t\t\t\t<section class=\"elementor-section elementor-top-section elementor-element elementor-element-10508be elementor-section-boxed elementor-section-height-default elementor-section-height-default\" data-id=\"10508be\" data-element_type=\"section\" data-e-type=\"section\" data-settings=\"{&quot;background_background&quot;:&quot;classic&quot;}\">\n\t\t\t\t\t\t<div class=\"elementor-container elementor-column-gap-default\">\n\t\t\t\t\t<div class=\"elementor-column elementor-col-100 elementor-top-column elementor-element elementor-element-22bc39c\" data-id=\"22bc39c\" data-element_type=\"column\" data-e-type=\"column\">\n\t\t\t<div class=\"elementor-widget-wrap elementor-element-populated\">\n\t\t\t\t\t\t<div class=\"elementor-element elementor-element-149f104 elementor-widget elementor-widget-heading\" data-id=\"149f104\" data-element_type=\"widget\" data-e-type=\"widget\" data-widget_type=\"heading.default\">\n\t\t\t\t<div class=\"elementor-widget-container\">\n\t\t\t\t\t<h3 class=\"elementor-heading-title elementor-size-default\">1 - SAPER OBBEDIRE UMILMENTE ALLA NOSTRA SIGNORA SENZA CERCARE di inventare altri rimedi.<\/h3>\t\t\t\t<\/div>\n\t\t\t\t<\/div>\n\t\t\t\t\t<\/div>\n\t\t<\/div>\n\t\t\t\t\t<\/div>\n\t\t<\/section>\n\t\t\t\t<section class=\"elementor-section elementor-top-section elementor-element elementor-element-1604b15 elementor-section-boxed elementor-section-height-default elementor-section-height-default\" data-id=\"1604b15\" data-element_type=\"section\" data-e-type=\"section\" data-settings=\"{&quot;background_background&quot;:&quot;classic&quot;}\">\n\t\t\t\t\t\t<div class=\"elementor-container elementor-column-gap-default\">\n\t\t\t\t\t<div class=\"elementor-column elementor-col-50 elementor-top-column elementor-element elementor-element-3b530b0\" data-id=\"3b530b0\" data-element_type=\"column\" data-e-type=\"column\">\n\t\t\t<div class=\"elementor-widget-wrap elementor-element-populated\">\n\t\t\t\t\t\t<div class=\"elementor-element elementor-element-eb8e0ee elementor-widget elementor-widget-text-editor\" data-id=\"eb8e0ee\" data-element_type=\"widget\" data-e-type=\"widget\" data-widget_type=\"text-editor.default\">\n\t\t\t\t<div class=\"elementor-widget-container\">\n\t\t\t\t\t\t\t\t\t<p><b>Non ha senso cercare<\/b><b>\u00a0o inventare modi per salvare l'azienda.\u00a0<\/b><b>M<\/b><b>onda\u00a0<\/b>perch\u00e9 la Beata Vergine ci ha gi\u00e0 detto <strong>con precisione<\/strong> \u00e0 Fatima les actes et pri\u00e8res sp\u00e9cifiques qu&#8217;elle attendait de nous. <span style=\"font-size: 1rem;\">Rappelons-nous \u00e0 propos de ce moyen ce qu&#8217;a dit Soeur Lucie :\u00a0<\/span><strong style=\"font-size: 1rem;\">\"Non ce ne sar\u00e0 un altro\".<\/strong><span style=\"font-size: 1rem;\">.<\/span><\/p><p>\u00a0<\/p><p><span style=\"font-size: 1rem;\">Dans l\u2019Evangile il est \u00e9crit : &#8220;Ce ne sont pas tous ceux qui me disent Seigneur, Seigneur qui entreront dans le royaume des Cieux, mais seulement ceux <\/span><b style=\"font-size: 1rem;\">che fanno la volont\u00e0 del Padre mio<\/b><span style=\"font-size: 1rem;\"> qui est dans les Cieux&#8221; (Mt 7,21)<\/span><\/p><p>\u00a0<\/p><p>Come non parafrasare queste parole per i nostri tempi?<\/p><p>Oggi \"non sono tutti coloro che inventano approcci spirituali che porteranno alla conversione del Mondo e alla pace, ma coloro che <b>qui font la volont\u00e9 du C\u0153ur Immacul\u00e9 de Marie.&#8221;<\/b><\/p>\t\t\t\t\t\t\t\t<\/div>\n\t\t\t\t<\/div>\n\t\t\t\t\t<\/div>\n\t\t<\/div>\n\t\t\t\t<div class=\"elementor-column elementor-col-50 elementor-top-column elementor-element elementor-element-a02de91\" data-id=\"a02de91\" data-element_type=\"column\" data-e-type=\"column\">\n\t\t\t<div class=\"elementor-widget-wrap elementor-element-populated\">\n\t\t\t\t\t\t<div class=\"elementor-element elementor-element-edda234 elementor-widget elementor-widget-image\" data-id=\"edda234\" data-element_type=\"widget\" data-e-type=\"widget\" data-widget_type=\"image.default\">\n\t\t\t\t<div class=\"elementor-widget-container\">\n\t\t\t\t\t\t\t\t\t\t\t\t\t\t\t<img fetchpriority=\"high\" decoding=\"async\" width=\"608\" height=\"410\" src=\"https:\/\/salve-corda.org\/wp-content\/uploads\/2021\/07\/reme\u0300de.png\" class=\"attachment-large size-large wp-image-810\" alt=\"\" srcset=\"https:\/\/salve-corda.org\/wp-content\/uploads\/2021\/07\/reme\u0300de.png 608w, https:\/\/salve-corda.org\/wp-content\/uploads\/2021\/07\/reme\u0300de-300x202.png 300w\" sizes=\"(max-width: 608px) 100vw, 608px\" \/>\t\t\t\t\t\t\t\t\t\t\t\t\t\t\t<\/div>\n\t\t\t\t<\/div>\n\t\t\t\t\t<\/div>\n\t\t<\/div>\n\t\t\t\t\t<\/div>\n\t\t<\/section>\n\t\t\t\t<section class=\"elementor-section elementor-top-section elementor-element elementor-element-7e50a4e elementor-section-boxed elementor-section-height-default elementor-section-height-default\" data-id=\"7e50a4e\" data-element_type=\"section\" data-e-type=\"section\" data-settings=\"{&quot;background_background&quot;:&quot;classic&quot;}\">\n\t\t\t\t\t\t<div class=\"elementor-container elementor-column-gap-default\">\n\t\t\t\t\t<div class=\"elementor-column elementor-col-100 elementor-top-column elementor-element elementor-element-19372f0\" data-id=\"19372f0\" data-element_type=\"column\" data-e-type=\"column\">\n\t\t\t<div class=\"elementor-widget-wrap elementor-element-populated\">\n\t\t\t\t\t\t<div class=\"elementor-element elementor-element-9fe2b7f elementor-widget elementor-widget-text-editor\" data-id=\"9fe2b7f\" data-element_type=\"widget\" data-e-type=\"widget\" data-widget_type=\"text-editor.default\">\n\t\t\t\t<div class=\"elementor-widget-container\">\n\t\t\t\t\t\t\t\t\t<p>L'obbedienza alla volont\u00e0 di Dio \u00e8 un elemento fondamentale <strong>atto di umilt\u00e0<\/strong> fondamental qui nous est demand\u00e9. Au paradis terrestre c&#8217;\u00e9tait de ne pas manger du fruit. Puis le Christ nous a donn\u00e9 lui m\u00eame l&#8217;exemple de l\u2019ob\u00e9issance jusqu\u2019\u00e0 la mort de la croix. <b>Oggi la salvezza del mondo dipende dalla nostra obbedienza alle richieste del Cuore Immacolato di Maria.<\/b><\/p>\t\t\t\t\t\t\t\t<\/div>\n\t\t\t\t<\/div>\n\t\t\t\t\t<\/div>\n\t\t<\/div>\n\t\t\t\t\t<\/div>\n\t\t<\/section>\n\t\t\t\t<section class=\"elementor-section elementor-top-section elementor-element elementor-element-70ad8e3 elementor-section-boxed elementor-section-height-default elementor-section-height-default\" data-id=\"70ad8e3\" data-element_type=\"section\" data-e-type=\"section\" data-settings=\"{&quot;background_background&quot;:&quot;classic&quot;}\">\n\t\t\t\t\t\t<div class=\"elementor-container elementor-column-gap-default\">\n\t\t\t\t\t<div class=\"elementor-column elementor-col-100 elementor-top-column elementor-element elementor-element-7683ea6\" data-id=\"7683ea6\" data-element_type=\"column\" data-e-type=\"column\">\n\t\t\t<div class=\"elementor-widget-wrap elementor-element-populated\">\n\t\t\t\t\t\t<div class=\"elementor-element elementor-element-1d6ad43 elementor-widget elementor-widget-heading\" data-id=\"1d6ad43\" data-element_type=\"widget\" data-e-type=\"widget\" data-widget_type=\"heading.default\">\n\t\t\t\t<div class=\"elementor-widget-container\">\n\t\t\t\t\t<h3 class=\"elementor-heading-title elementor-size-default\">2 - UNIRSI per il successo dei primi sabati del mese <\/h3>\t\t\t\t<\/div>\n\t\t\t\t<\/div>\n\t\t\t\t\t<\/div>\n\t\t<\/div>\n\t\t\t\t\t<\/div>\n\t\t<\/section>\n\t\t\t\t<section class=\"elementor-section elementor-top-section elementor-element elementor-element-ec4b650 elementor-section-boxed elementor-section-height-default elementor-section-height-default\" data-id=\"ec4b650\" data-element_type=\"section\" data-e-type=\"section\" data-settings=\"{&quot;background_background&quot;:&quot;classic&quot;}\">\n\t\t\t\t\t\t<div class=\"elementor-container elementor-column-gap-default\">\n\t\t\t\t\t<div class=\"elementor-column elementor-col-50 elementor-top-column elementor-element elementor-element-9b03c57\" data-id=\"9b03c57\" data-element_type=\"column\" data-e-type=\"column\">\n\t\t\t<div class=\"elementor-widget-wrap elementor-element-populated\">\n\t\t\t\t\t\t<div class=\"elementor-element elementor-element-9751399 elementor-widget elementor-widget-image\" data-id=\"9751399\" data-element_type=\"widget\" data-e-type=\"widget\" data-widget_type=\"image.default\">\n\t\t\t\t<div class=\"elementor-widget-container\">\n\t\t\t\t\t\t\t\t\t\t\t\t\t\t\t<img decoding=\"async\" width=\"640\" height=\"616\" src=\"https:\/\/salve-corda.org\/wp-content\/uploads\/2021\/07\/sainte-vierge.png\" class=\"attachment-large size-large wp-image-816\" alt=\"\" srcset=\"https:\/\/salve-corda.org\/wp-content\/uploads\/2021\/07\/sainte-vierge.png 818w, https:\/\/salve-corda.org\/wp-content\/uploads\/2021\/07\/sainte-vierge-300x289.png 300w, https:\/\/salve-corda.org\/wp-content\/uploads\/2021\/07\/sainte-vierge-768x739.png 768w\" sizes=\"(max-width: 640px) 100vw, 640px\" \/>\t\t\t\t\t\t\t\t\t\t\t\t\t\t\t<\/div>\n\t\t\t\t<\/div>\n\t\t\t\t\t<\/div>\n\t\t<\/div>\n\t\t\t\t<div class=\"elementor-column elementor-col-50 elementor-top-column elementor-element elementor-element-cd215c7\" data-id=\"cd215c7\" data-element_type=\"column\" data-e-type=\"column\">\n\t\t\t<div class=\"elementor-widget-wrap elementor-element-populated\">\n\t\t\t\t\t\t<div class=\"elementor-element elementor-element-c251fd2 elementor-widget elementor-widget-text-editor\" data-id=\"c251fd2\" data-element_type=\"widget\" data-e-type=\"widget\" data-widget_type=\"text-editor.default\">\n\t\t\t\t<div class=\"elementor-widget-container\">\n\t\t\t\t\t\t\t\t\t<p style=\"text-align: left;\">La conversion du monde et la paix n&#8217;interviendront que lorsque les fid\u00e8les auront r\u00e9alis\u00e9 <span style=\"font-weight: bold;\">le richieste della Beata Vergine fatte a Fatima e in particolare il primo sabato del mese. <\/span>\u00a0<\/p><p>\u00a0<\/p><p style=\"text-align: left;\">La Sainte Vierge a demand\u00e9 que ces 1ers samedis du mois soient faits de fa\u00e7on officielle dans l&#8217;Eglise.<\/p><p style=\"text-align: left;\">L&#8217;Alliance Salve Corda propose donc de\u00a0<span style=\"color: var( --e-global-color-text ); font-family: var( --e-global-typography-18e5089-font-family ), Sans-serif; font-size: var( --e-global-typography-18e5089-font-size ); font-weight: var( --e-global-typography-18e5089-font-weight ); letter-spacing: var( --e-global-typography-18e5089-letter-spacing ); word-spacing: var( --e-global-typography-18e5089-word-spacing ); background-color: var( --e-global-color-f890547 );\">tutti <\/span><strong style=\"color: var( --e-global-color-text ); font-family: var( --e-global-typography-18e5089-font-family ), Sans-serif; font-size: var( --e-global-typography-18e5089-font-size ); letter-spacing: var( --e-global-typography-18e5089-letter-spacing ); word-spacing: var( --e-global-typography-18e5089-word-spacing ); background-color: var( --e-global-color-f890547 );\">ogni 1\u00b0 sabato<\/strong><span style=\"color: var( --e-global-color-text ); font-family: var( --e-global-typography-18e5089-font-family ), Sans-serif; font-size: var( --e-global-typography-18e5089-font-size ); font-weight: var( --e-global-typography-18e5089-font-weight ); letter-spacing: var( --e-global-typography-18e5089-letter-spacing ); word-spacing: var( --e-global-typography-18e5089-word-spacing ); background-color: var( --e-global-color-f890547 );\"> del mese in piccoli gruppi locali autonomi chiamati <strong>Citt\u00e0 il 1\u00b0 sabato del mese<\/strong> per attuare le richieste di Nostra Signora.<\/span><\/p><p style=\"text-align: left;\"><span style=\"color: var( --e-global-color-text ); font-family: var( --e-global-typography-18e5089-font-family ), Sans-serif; font-size: var( --e-global-typography-18e5089-font-size ); font-weight: var( --e-global-typography-18e5089-font-weight ); letter-spacing: var( --e-global-typography-18e5089-letter-spacing ); word-spacing: var( --e-global-typography-18e5089-word-spacing ); background-color: var( --e-global-color-f890547 );\">\u00a0<\/span><\/p><p style=\"text-align: left;\"><span style=\"color: var( --e-global-color-text ); font-family: var( --e-global-typography-18e5089-font-family ), Sans-serif; font-size: var( --e-global-typography-18e5089-font-size ); font-weight: var( --e-global-typography-18e5089-font-weight ); letter-spacing: var( --e-global-typography-18e5089-letter-spacing ); word-spacing: var( --e-global-typography-18e5089-word-spacing ); background-color: var( --e-global-color-f890547 );\">Gradualmente, tutti saranno in grado di\u00a0<\/span><span style=\"color: var( --e-global-color-text ); font-family: var( --e-global-typography-18e5089-font-family ), Sans-serif; font-size: var( --e-global-typography-18e5089-font-size ); font-weight: var( --e-global-typography-18e5089-font-weight ); letter-spacing: var( --e-global-typography-18e5089-letter-spacing ); word-spacing: var( --e-global-typography-18e5089-word-spacing ); background-color: var( --e-global-color-f890547 );\">Metterlo in pratica nella vita personale<\/span><strong style=\"color: var( --e-global-color-text ); font-family: var( --e-global-typography-18e5089-font-family ), Sans-serif; font-size: var( --e-global-typography-18e5089-font-size ); letter-spacing: var( --e-global-typography-18e5089-letter-spacing ); word-spacing: var( --e-global-typography-18e5089-word-spacing ); background-color: var( --e-global-color-f890547 );\"> altre richieste dai Cuori di Ges\u00f9 e Maria<\/strong><span style=\"color: var( --e-global-color-text ); font-family: var( --e-global-typography-18e5089-font-family ), Sans-serif; font-size: var( --e-global-typography-18e5089-font-size ); font-weight: var( --e-global-typography-18e5089-font-weight ); letter-spacing: var( --e-global-typography-18e5089-letter-spacing ); word-spacing: var( --e-global-typography-18e5089-word-spacing ); background-color: var( --e-global-color-f890547 );\"> fatte a Fatima e a Paray le Monial.<\/span><\/p><p style=\"text-align: left;\"><span style=\"color: var( --e-global-color-text ); font-family: var( --e-global-typography-18e5089-font-family ), Sans-serif; font-size: var( --e-global-typography-18e5089-font-size ); font-weight: var( --e-global-typography-18e5089-font-weight ); letter-spacing: var( --e-global-typography-18e5089-letter-spacing ); word-spacing: var( --e-global-typography-18e5089-word-spacing ); background-color: var( --e-global-color-f890547 );\">\u00a0<\/span><\/p><p>\u00a0<\/p><p style=\"text-align: left;\">\u00a0<\/p>\t\t\t\t\t\t\t\t<\/div>\n\t\t\t\t<\/div>\n\t\t\t\t\t<\/div>\n\t\t<\/div>\n\t\t\t\t\t<\/div>\n\t\t<\/section>\n\t\t\t\t<section class=\"elementor-section elementor-top-section elementor-element elementor-element-40c03c8 elementor-section-boxed elementor-section-height-default elementor-section-height-default\" data-id=\"40c03c8\" data-element_type=\"section\" data-e-type=\"section\" data-settings=\"{&quot;background_background&quot;:&quot;classic&quot;}\">\n\t\t\t\t\t\t<div class=\"elementor-container elementor-column-gap-default\">\n\t\t\t\t\t<div class=\"elementor-column elementor-col-100 elementor-top-column elementor-element elementor-element-b09f786\" data-id=\"b09f786\" data-element_type=\"column\" data-e-type=\"column\">\n\t\t\t<div class=\"elementor-widget-wrap elementor-element-populated\">\n\t\t\t\t\t\t<div class=\"elementor-element elementor-element-8592d6e elementor-widget elementor-widget-heading\" data-id=\"8592d6e\" data-element_type=\"widget\" data-e-type=\"widget\" data-widget_type=\"heading.default\">\n\t\t\t\t<div class=\"elementor-widget-container\">\n\t\t\t\t\t<h3 class=\"elementor-heading-title elementor-size-default\">3- diffondete questa devozione intorno a voi<\/h3>\t\t\t\t<\/div>\n\t\t\t\t<\/div>\n\t\t\t\t\t<\/div>\n\t\t<\/div>\n\t\t\t\t\t<\/div>\n\t\t<\/section>\n\t\t\t\t<section class=\"elementor-section elementor-top-section elementor-element elementor-element-6ac67eb elementor-section-boxed elementor-section-height-default elementor-section-height-default\" data-id=\"6ac67eb\" data-element_type=\"section\" data-e-type=\"section\" data-settings=\"{&quot;background_background&quot;:&quot;classic&quot;}\">\n\t\t\t\t\t\t<div class=\"elementor-container elementor-column-gap-default\">\n\t\t\t\t\t<div class=\"elementor-column elementor-col-50 elementor-top-column elementor-element elementor-element-21e9c99\" data-id=\"21e9c99\" data-element_type=\"column\" data-e-type=\"column\">\n\t\t\t<div class=\"elementor-widget-wrap elementor-element-populated\">\n\t\t\t\t\t\t<div class=\"elementor-element elementor-element-3f02f69 elementor-widget elementor-widget-text-editor\" data-id=\"3f02f69\" data-element_type=\"widget\" data-e-type=\"widget\" data-widget_type=\"text-editor.default\">\n\t\t\t\t<div class=\"elementor-widget-container\">\n\t\t\t\t\t\t\t\t\t<p>Les 1ers samedis du mois et la mise en oeuvre de l&#8217;ensemble des demandes des Coeurs de J\u00e9sus et Marie doit s\u2019\u00e9tendre. Il y a un caract\u00e8re <b>missionario<\/b> ci \u00e8 stato chiesto dalla Beata Vergine, ed \u00e8 necessario <strong>parlare ovunque<\/strong> :<\/p>\n<p><\/p>\n<p style=\"text-align: left;\"><em><span style=\"color: #6288c6;\">\"Combattete, figli della luce,&nbsp; <b>piccolo<\/b>&nbsp;<b>numero<\/b>&nbsp;<b>che<\/b>&nbsp;<b>y<\/b>&nbsp;<b>vedere<\/b>Perch\u00e9 questo \u00e8 il tempo dei tempi, la fine delle fini.<\/span><\/em><\/p>\n<p style=\"text-align: right;\">Nostra Signora di La Salette<\/p>\t\t\t\t\t\t\t\t<\/div>\n\t\t\t\t<\/div>\n\t\t\t\t<div class=\"elementor-element elementor-element-5c61ae6 elementor-align-center elementor-widget elementor-widget-button\" data-id=\"5c61ae6\" data-element_type=\"widget\" data-e-type=\"widget\" data-widget_type=\"button.default\">\n\t\t\t\t<div class=\"elementor-widget-container\">\n\t\t\t\t\t\t\t\t\t<div class=\"elementor-button-wrapper\">\n\t\t\t\t\t<a class=\"elementor-button elementor-button-link elementor-size-sm\" href=\"https:\/\/salve-corda.org\/it\/nous-rejoindre-comme-membre\/\">\n\t\t\t\t\t\t<span class=\"elementor-button-content-wrapper\">\n\t\t\t\t\t\t\t\t\t<span class=\"elementor-button-text\">Unisciti a Salve Corda<\/span>\n\t\t\t\t\t<\/span>\n\t\t\t\t\t<\/a>\n\t\t\t\t<\/div>\n\t\t\t\t\t\t\t\t<\/div>\n\t\t\t\t<\/div>\n\t\t\t\t\t<\/div>\n\t\t<\/div>\n\t\t\t\t<div class=\"elementor-column elementor-col-50 elementor-top-column elementor-element elementor-element-5795183\" data-id=\"5795183\" data-element_type=\"column\" data-e-type=\"column\">\n\t\t\t<div class=\"elementor-widget-wrap elementor-element-populated\">\n\t\t\t\t\t\t<div class=\"elementor-element elementor-element-ce52e94 elementor-widget elementor-widget-image\" data-id=\"ce52e94\" data-element_type=\"widget\" data-e-type=\"widget\" data-widget_type=\"image.default\">\n\t\t\t\t<div class=\"elementor-widget-container\">\n\t\t\t\t\t\t\t\t\t\t\t\t\t\t\t<img decoding=\"async\" width=\"640\" height=\"480\" src=\"https:\/\/salve-corda.org\/wp-content\/uploads\/2021\/07\/carte-du-monde.png\" class=\"attachment-large size-large wp-image-827\" alt=\"\" srcset=\"https:\/\/salve-corda.org\/wp-content\/uploads\/2021\/07\/carte-du-monde.png 766w, https:\/\/salve-corda.org\/wp-content\/uploads\/2021\/07\/carte-du-monde-300x225.png 300w\" sizes=\"(max-width: 640px) 100vw, 640px\" \/>\t\t\t\t\t\t\t\t\t\t\t\t\t\t\t<\/div>\n\t\t\t\t<\/div>\n\t\t\t\t\t<\/div>\n\t\t<\/div>\n\t\t\t\t\t<\/div>\n\t\t<\/section>\n\t\t\t\t<section class=\"elementor-section elementor-top-section elementor-element elementor-element-8bb4772 elementor-section-boxed elementor-section-height-default elementor-section-height-default\" data-id=\"8bb4772\" data-element_type=\"section\" data-e-type=\"section\" data-settings=\"{&quot;background_background&quot;:&quot;classic&quot;}\">\n\t\t\t\t\t\t<div class=\"elementor-container elementor-column-gap-default\">\n\t\t\t\t\t<div class=\"elementor-column elementor-col-100 elementor-top-column elementor-element elementor-element-c000f32\" data-id=\"c000f32\" data-element_type=\"column\" data-e-type=\"column\">\n\t\t\t<div class=\"elementor-widget-wrap elementor-element-populated\">\n\t\t\t\t\t\t<div class=\"elementor-element elementor-element-85c5dd9 elementor-widget elementor-widget-heading\" data-id=\"85c5dd9\" data-element_type=\"widget\" data-e-type=\"widget\" data-widget_type=\"heading.default\">\n\t\t\t\t<div class=\"elementor-widget-container\">\n\t\t\t\t\t<h3 class=\"elementor-heading-title elementor-size-default\">4- esaudire personalmente le altre richieste dei cuori di ges\u00f9 e maria <\/h3>\t\t\t\t<\/div>\n\t\t\t\t<\/div>\n\t\t\t\t\t<\/div>\n\t\t<\/div>\n\t\t\t\t\t<\/div>\n\t\t<\/section>\n\t\t\t\t<section class=\"elementor-section elementor-top-section elementor-element elementor-element-e5788a2 elementor-section-boxed elementor-section-height-default elementor-section-height-default\" data-id=\"e5788a2\" data-element_type=\"section\" data-e-type=\"section\" data-settings=\"{&quot;background_background&quot;:&quot;classic&quot;}\">\n\t\t\t\t\t\t<div class=\"elementor-container elementor-column-gap-default\">\n\t\t\t\t\t<div class=\"elementor-column elementor-col-50 elementor-top-column elementor-element elementor-element-f9aaea5\" data-id=\"f9aaea5\" data-element_type=\"column\" data-e-type=\"column\">\n\t\t\t<div class=\"elementor-widget-wrap elementor-element-populated\">\n\t\t\t\t\t\t<div class=\"elementor-element elementor-element-6337d0f elementor-widget elementor-widget-image\" data-id=\"6337d0f\" data-element_type=\"widget\" data-e-type=\"widget\" data-widget_type=\"image.default\">\n\t\t\t\t<div class=\"elementor-widget-container\">\n\t\t\t\t\t\t\t\t\t\t\t\t\t\t\t<img loading=\"lazy\" decoding=\"async\" width=\"640\" height=\"790\" src=\"https:\/\/salve-corda.org\/wp-content\/uploads\/2021\/09\/Sans-titre-9.png\" class=\"attachment-large size-large wp-image-2523\" alt=\"\" srcset=\"https:\/\/salve-corda.org\/wp-content\/uploads\/2021\/09\/Sans-titre-9.png 670w, https:\/\/salve-corda.org\/wp-content\/uploads\/2021\/09\/Sans-titre-9-243x300.png 243w\" sizes=\"(max-width: 640px) 100vw, 640px\" \/>\t\t\t\t\t\t\t\t\t\t\t\t\t\t\t<\/div>\n\t\t\t\t<\/div>\n\t\t\t\t\t<\/div>\n\t\t<\/div>\n\t\t\t\t<div class=\"elementor-column elementor-col-50 elementor-top-column elementor-element elementor-element-be0b0c4\" data-id=\"be0b0c4\" data-element_type=\"column\" data-e-type=\"column\">\n\t\t\t<div class=\"elementor-widget-wrap elementor-element-populated\">\n\t\t\t\t\t\t<div class=\"elementor-element elementor-element-4e1b972 elementor-widget elementor-widget-text-editor\" data-id=\"4e1b972\" data-element_type=\"widget\" data-e-type=\"widget\" data-widget_type=\"text-editor.default\">\n\t\t\t\t<div class=\"elementor-widget-container\">\n\t\t\t\t\t\t\t\t\t<p style=\"text-align: left;\"><span style=\"color: var( --e-global-color-text ); font-family: var( --e-global-typography-18e5089-font-family ), Sans-serif; font-size: var( --e-global-typography-18e5089-font-size ); font-weight: var( --e-global-typography-18e5089-font-weight ); letter-spacing: var( --e-global-typography-18e5089-letter-spacing ); text-align: justify; word-spacing: var( --e-global-typography-18e5089-word-spacing ); background-color: var( --e-global-color-f890547 );\">Entrare a far parte di una Cit\u00e9 des 1ers samedis significa anche impegnarsi a mettere in pratica personalmente le altre richieste della C<\/span><span style=\"color: var( --e-global-color-text ); font-family: var( --e-global-typography-18e5089-font-family ), Sans-serif; font-size: var( --e-global-typography-18e5089-font-size ); letter-spacing: var( --e-global-typography-18e5089-letter-spacing ); text-align: justify; word-spacing: var( --e-global-typography-18e5089-word-spacing ); background-color: var( --e-global-color-f890547 );\"><b>di Ges\u00f9 e Maria:<\/b><\/span><\/p><p style=\"text-align: left;\"><span style=\"color: var( --e-global-color-text ); font-family: var( --e-global-typography-18e5089-font-family ), Sans-serif; font-size: var( --e-global-typography-18e5089-font-size ); letter-spacing: var( --e-global-typography-18e5089-letter-spacing ); text-align: justify; word-spacing: var( --e-global-typography-18e5089-word-spacing ); background-color: var( --e-global-color-f890547 );\"><b>\u00a0<\/b><\/span><\/p><p>\u00a0<\/p><p><b>Le richieste della Madonna a Fatima\u00a0 \u00a0 \u00a0 \u00a0<\/b><\/p><p>\u00a0<\/p><p>\u00a0 - Consacrazione al Cuore Immacolato di Maria<\/p><p>\u00a0 - Recitare regolarmente il rosario, se possibile ogni giorno.<\/p><p>\u00a0 - Indossare lo scapolare<\/p><p>\u00a0 - Offrire per i peccatori le difficolt\u00e0 del suo dovere di stato.<\/p><p>\u00a0<\/p><p>\u00a0<\/p><p><b>Richieste del Sacro Cuore a Paray le Monial<\/b><\/p><p>\u00a0<\/p><p>\u00a0 - Consacrazione al Sacro Cuore<\/p><p>\u00a0 - Ora Santa del gioved\u00ec sera<\/p><p>\u00a0 - Comunione il 1\u00b0 venerd\u00ec del mese<\/p><p>\u00a0 - Avere una rappresentazione del Sacro Cuore nella propria abitazione<\/p><p>\u00a0<\/p>\t\t\t\t\t\t\t\t<\/div>\n\t\t\t\t<\/div>\n\t\t\t\t\t<\/div>\n\t\t<\/div>\n\t\t\t\t\t<\/div>\n\t\t<\/section>\n\t\t\t\t<\/div>","protected":false},"excerpt":{"rendered":"<p>Comment agir d\u00e8s maintenant 1 &#8211; SAVOIR OB\u00e9IR humblement A NOTRE DAME SANS CHERCHER A inventer d\u2019autres rem\u00e8des Il est inutile de chercher\u00a0ou d\u2019inventer des d\u00e9marches destin\u00e9es \u00e0 sauver le\u00a0Monde\u00a0car la Sainte Vierge [&hellip;]<\/p>","protected":false},"author":1,"featured_media":0,"parent":0,"menu_order":0,"comment_status":"closed","ping_status":"closed","template":"elementor_header_footer","meta":{"footnotes":""},"class_list":["post-449","page","type-page","status-publish","hentry"],"_links":{"self":[{"href":"https:\/\/salve-corda.org\/it\/wp-json\/wp\/v2\/pages\/449","targetHints":{"allow":["GET"]}}],"collection":[{"href":"https:\/\/salve-corda.org\/it\/wp-json\/wp\/v2\/pages"}],"about":[{"href":"https:\/\/salve-corda.org\/it\/wp-json\/wp\/v2\/types\/page"}],"author":[{"embeddable":true,"href":"https:\/\/salve-corda.org\/it\/wp-json\/wp\/v2\/users\/1"}],"replies":[{"embeddable":true,"href":"https:\/\/salve-corda.org\/it\/wp-json\/wp\/v2\/comments?post=449"}],"version-history":[{"count":363,"href":"https:\/\/salve-corda.org\/it\/wp-json\/wp\/v2\/pages\/449\/revisions"}],"predecessor-version":[{"id":5902,"href":"https:\/\/salve-corda.org\/it\/wp-json\/wp\/v2\/pages\/449\/revisions\/5902"}],"wp:attachment":[{"href":"https:\/\/salve-corda.org\/it\/wp-json\/wp\/v2\/media?parent=449"}],"curies":[{"name":"wp","href":"https:\/\/api.w.org\/{rel}","templated":true}]}}