{"id":467,"date":"2020-09-25T15:22:43","date_gmt":"2020-09-25T13:22:43","guid":{"rendered":"https:\/\/salve-corda.org\/?page_id=467"},"modified":"2021-12-01T22:41:20","modified_gmt":"2021-12-01T21:41:20","slug":"pourquoi-rassembler-les-coeurs-de-jesus-marie","status":"publish","type":"page","link":"https:\/\/salve-corda.org\/it\/pourquoi-rassembler-les-coeurs-de-jesus-marie\/","title":{"rendered":"Perch\u00e9 unire i cuori di Ges\u00f9 e di Maria?"},"content":{"rendered":"<div data-elementor-type=\"wp-page\" data-elementor-id=\"467\" class=\"elementor elementor-467\">\n\t\t\t\t\t\t<section class=\"elementor-section elementor-top-section elementor-element elementor-element-43623e4 elementor-section-boxed elementor-section-height-default elementor-section-height-default\" data-id=\"43623e4\" data-element_type=\"section\" data-e-type=\"section\">\n\t\t\t\t\t\t<div class=\"elementor-container elementor-column-gap-default\">\n\t\t\t\t\t<div class=\"elementor-column elementor-col-100 elementor-top-column elementor-element elementor-element-ef631d9\" data-id=\"ef631d9\" data-element_type=\"column\" data-e-type=\"column\">\n\t\t\t<div class=\"elementor-widget-wrap\">\n\t\t\t\t\t\t\t<\/div>\n\t\t<\/div>\n\t\t\t\t\t<\/div>\n\t\t<\/section>\n\t\t\t\t<section class=\"elementor-section elementor-top-section elementor-element elementor-element-1316a7f elementor-section-boxed elementor-section-height-default elementor-section-height-default\" data-id=\"1316a7f\" data-element_type=\"section\" data-e-type=\"section\">\n\t\t\t\t\t\t<div class=\"elementor-container elementor-column-gap-default\">\n\t\t\t\t\t<div class=\"elementor-column elementor-col-100 elementor-top-column elementor-element elementor-element-3afe7f8\" data-id=\"3afe7f8\" data-element_type=\"column\" data-e-type=\"column\">\n\t\t\t<div class=\"elementor-widget-wrap\">\n\t\t\t\t\t\t\t<\/div>\n\t\t<\/div>\n\t\t\t\t\t<\/div>\n\t\t<\/section>\n\t\t\t\t<section class=\"elementor-section elementor-top-section elementor-element elementor-element-da1e853 elementor-section-boxed elementor-section-height-default elementor-section-height-default\" data-id=\"da1e853\" data-element_type=\"section\" data-e-type=\"section\">\n\t\t\t\t\t\t<div class=\"elementor-container elementor-column-gap-default\">\n\t\t\t\t\t<div class=\"elementor-column elementor-col-100 elementor-top-column elementor-element elementor-element-4f5cb02\" data-id=\"4f5cb02\" data-element_type=\"column\" data-e-type=\"column\">\n\t\t\t<div class=\"elementor-widget-wrap elementor-element-populated\">\n\t\t\t\t\t\t<div class=\"elementor-element elementor-element-1fa5091 elementor-widget elementor-widget-spacer\" data-id=\"1fa5091\" data-element_type=\"widget\" data-e-type=\"widget\" data-widget_type=\"spacer.default\">\n\t\t\t\t<div class=\"elementor-widget-container\">\n\t\t\t\t\t\t\t<div class=\"elementor-spacer\">\n\t\t\t<div class=\"elementor-spacer-inner\"><\/div>\n\t\t<\/div>\n\t\t\t\t\t\t<\/div>\n\t\t\t\t<\/div>\n\t\t\t\t\t<\/div>\n\t\t<\/div>\n\t\t\t\t\t<\/div>\n\t\t<\/section>\n\t\t\t\t<section class=\"elementor-section elementor-top-section elementor-element elementor-element-56f35a0 elementor-section-boxed elementor-section-height-default elementor-section-height-default\" data-id=\"56f35a0\" data-element_type=\"section\" data-e-type=\"section\">\n\t\t\t\t\t\t<div class=\"elementor-container elementor-column-gap-default\">\n\t\t\t\t\t<div class=\"elementor-column elementor-col-100 elementor-top-column elementor-element elementor-element-2932c8c\" data-id=\"2932c8c\" data-element_type=\"column\" data-e-type=\"column\">\n\t\t\t<div class=\"elementor-widget-wrap elementor-element-populated\">\n\t\t\t\t\t\t<div class=\"elementor-element elementor-element-bc22c98 elementor-widget elementor-widget-heading\" data-id=\"bc22c98\" data-element_type=\"widget\" data-e-type=\"widget\" data-widget_type=\"heading.default\">\n\t\t\t\t<div class=\"elementor-widget-container\">\n\t\t\t\t\t<h2 class=\"elementor-heading-title elementor-size-default\">Perch\u00e9 riunire le devozioni ai Cuori di Ges\u00f9 e di Maria?\n<\/h2>\t\t\t\t<\/div>\n\t\t\t\t<\/div>\n\t\t\t\t<div class=\"elementor-element elementor-element-3cdb236 elementor-widget elementor-widget-text-editor\" data-id=\"3cdb236\" data-element_type=\"widget\" data-e-type=\"widget\" data-widget_type=\"text-editor.default\">\n\t\t\t\t<div class=\"elementor-widget-container\">\n\t\t\t\t\t\t\t\t\t<p>Non \u00e8 raro che quando si parla del Cuore Immacolato di Maria la gente non capisca perch\u00e9 c'\u00e8 \"gi\u00e0\" il Sacro Cuore. Non \u00e8 forse una sorta di duplicazione? Non possiamo scegliere? La risposta \u00e8 la seguente.\u00a0<br \/><span style=\"color: var( --e-global-color-text ); font-family: var( --e-global-typography-18e5089-font-family ), Sans-serif; font-size: var( --e-global-typography-18e5089-font-size ); font-weight: var( --e-global-typography-18e5089-font-weight ); letter-spacing: var( --e-global-typography-18e5089-letter-spacing );\"><br \/>L'amore tra Cristo e la Vergine li unisce a tal punto che i loro cuori sono in realt\u00e0 uno solo.<\/span> <b style=\"color: var( --e-global-color-text ); font-family: var( --e-global-typography-18e5089-font-family ), Sans-serif; font-size: var( --e-global-typography-18e5089-font-size ); letter-spacing: var( --e-global-typography-18e5089-letter-spacing );\">di uno.\u00a0<\/b><\/p><p><span style=\"color: var( --e-global-color-text ); font-family: var( --e-global-typography-18e5089-font-family ), Sans-serif; font-size: var( --e-global-typography-18e5089-font-size ); letter-spacing: var( --e-global-typography-18e5089-letter-spacing ); font-weight: bold; text-align: center;\">C&#8217;est ce qu&#8217;explique Saint\u00a0<\/span><span style=\"color: var( --e-global-color-text ); font-family: var( --e-global-typography-18e5089-font-family ), Sans-serif; font-size: var( --e-global-typography-18e5089-font-size ); letter-spacing: var( --e-global-typography-18e5089-letter-spacing ); font-weight: bold; text-align: center;\">Jean-Eudes :\u00a0<\/span><span style=\"color: var( --e-global-color-text ); font-family: var( --e-global-typography-18e5089-font-family ), Sans-serif; font-size: var( --e-global-typography-18e5089-font-size ); letter-spacing: var( --e-global-typography-18e5089-letter-spacing ); font-weight: bold; text-align: center;\">devozione\u00a0<\/span><span style=\"color: var( --e-global-color-text ); font-family: var( --e-global-typography-18e5089-font-family ), Sans-serif; font-size: var( --e-global-typography-18e5089-font-size ); letter-spacing: var( --e-global-typography-18e5089-letter-spacing ); font-weight: bold; text-align: center;\">aux C\u0153urs\u00a0<\/span><span style=\"color: var( --e-global-color-text ); font-family: var( --e-global-typography-18e5089-font-family ), Sans-serif; font-size: var( --e-global-typography-18e5089-font-size ); letter-spacing: var( --e-global-typography-18e5089-letter-spacing ); font-weight: bold; text-align: center;\">di Ges\u00f9 e\u00a0<\/span><span style=\"color: var( --e-global-color-text ); font-family: var( --e-global-typography-18e5089-font-family ), Sans-serif; font-size: var( --e-global-typography-18e5089-font-size ); letter-spacing: var( --e-global-typography-18e5089-letter-spacing ); font-weight: bold; text-align: center;\">M<\/span><span style=\"color: var( --e-global-color-text ); font-family: var( --e-global-typography-18e5089-font-family ), Sans-serif; font-size: var( --e-global-typography-18e5089-font-size ); letter-spacing: var( --e-global-typography-18e5089-letter-spacing ); font-weight: bold; text-align: center;\">arie \u00e8 l'immagine della Santa Trinit\u00e0<\/span><span style=\"color: var( --e-global-color-text ); font-family: var( --e-global-typography-18e5089-font-family ), Sans-serif; font-size: var( --e-global-typography-18e5089-font-size ); font-weight: var( --e-global-typography-18e5089-font-weight ); letter-spacing: var( --e-global-typography-18e5089-letter-spacing ); text-align: center;\">\u00a0<\/span><span style=\"color: var( --e-global-color-text ); font-family: var( --e-global-typography-18e5089-font-family ), Sans-serif; font-size: var( --e-global-typography-18e5089-font-size ); letter-spacing: var( --e-global-typography-18e5089-letter-spacing ); font-weight: bold; text-align: center;\">c'\u00e8 un'unica devozione a un unico\u00a0<\/span><span style=\"color: var( --e-global-color-text ); font-family: var( --e-global-typography-18e5089-font-family ), Sans-serif; font-size: var( --e-global-typography-18e5089-font-size ); letter-spacing: var( --e-global-typography-18e5089-letter-spacing ); font-weight: bold; text-align: center;\">cuore<\/span><span style=\"color: var( --e-global-color-text ); font-family: var( --e-global-typography-18e5089-font-family ), Sans-serif; font-size: var( --e-global-typography-18e5089-font-size ); letter-spacing: var( --e-global-typography-18e5089-letter-spacing ); font-weight: bold; text-align: center;\">ma composto da\u00a0<\/span><span style=\"color: var( --e-global-color-text ); font-family: var( --e-global-typography-18e5089-font-family ), Sans-serif; font-size: var( --e-global-typography-18e5089-font-size ); letter-spacing: var( --e-global-typography-18e5089-letter-spacing ); font-weight: bold; text-align: center;\">cuori<\/span><span style=\"color: var( --e-global-color-text ); font-family: var( --e-global-typography-18e5089-font-family ), Sans-serif; font-size: var( --e-global-typography-18e5089-font-size ); letter-spacing: var( --e-global-typography-18e5089-letter-spacing ); font-weight: bold; text-align: center;\">\u00a0di due persone.<\/span><span style=\"font-family: var( --e-global-typography-18e5089-font-family ), Sans-serif; font-size: var( --e-global-typography-18e5089-font-size ); font-weight: var( --e-global-typography-18e5089-font-weight ); letter-spacing: var( --e-global-typography-18e5089-letter-spacing ); color: #6288c6;\"><i>\u00a0<\/i><\/span><\/p><p><span style=\"font-family: var( --e-global-typography-18e5089-font-family ), Sans-serif; font-size: var( --e-global-typography-18e5089-font-size ); font-weight: var( --e-global-typography-18e5089-font-weight ); letter-spacing: var( --e-global-typography-18e5089-letter-spacing ); color: #6288c6;\"><i>\u00a0<\/i><\/span><\/p><p><span style=\"color: var( --e-global-color-text ); font-family: var( --e-global-typography-18e5089-font-family ), Sans-serif; font-size: var( --e-global-typography-18e5089-font-size ); font-weight: var( --e-global-typography-18e5089-font-weight ); letter-spacing: var( --e-global-typography-18e5089-letter-spacing );\">\u00a0Ricordiamo che la stessa Vergine ha chiesto che questi due Cuori fossero posti sulla Medaglia Miracolosa. Il<\/span><span style=\"color: var( --e-global-color-text ); font-family: var( --e-global-typography-18e5089-font-family ), Sans-serif; font-size: var( --e-global-typography-18e5089-font-size ); font-weight: var( --e-global-typography-18e5089-font-weight ); letter-spacing: var( --e-global-typography-18e5089-letter-spacing );\">li insegnamenti dei Santi, dei Papi e di Fatima convergono verso questa suprema devozione. Ascoltiamoli:<\/span><\/p>\t\t\t\t\t\t\t\t<\/div>\n\t\t\t\t<\/div>\n\t\t\t\t\t<\/div>\n\t\t<\/div>\n\t\t\t\t\t<\/div>\n\t\t<\/section>\n\t\t\t\t<section class=\"elementor-section elementor-top-section elementor-element elementor-element-4a4a10f elementor-section-boxed elementor-section-height-default elementor-section-height-default\" data-id=\"4a4a10f\" data-element_type=\"section\" data-e-type=\"section\">\n\t\t\t\t\t\t<div class=\"elementor-container elementor-column-gap-default\">\n\t\t\t\t\t<div class=\"elementor-column elementor-col-50 elementor-top-column elementor-element elementor-element-12579cc\" data-id=\"12579cc\" data-element_type=\"column\" data-e-type=\"column\">\n\t\t\t<div class=\"elementor-widget-wrap elementor-element-populated\">\n\t\t\t\t\t\t<div class=\"elementor-element elementor-element-c746efd elementor-widget elementor-widget-image\" data-id=\"c746efd\" data-element_type=\"widget\" data-e-type=\"widget\" data-widget_type=\"image.default\">\n\t\t\t\t<div class=\"elementor-widget-container\">\n\t\t\t\t\t\t\t\t\t\t\t\t\t\t\t<img fetchpriority=\"high\" decoding=\"async\" width=\"640\" height=\"790\" src=\"https:\/\/salve-corda.org\/wp-content\/uploads\/2021\/09\/Sans-titre-9.png\" class=\"attachment-large size-large wp-image-2523\" alt=\"\" srcset=\"https:\/\/salve-corda.org\/wp-content\/uploads\/2021\/09\/Sans-titre-9.png 670w, https:\/\/salve-corda.org\/wp-content\/uploads\/2021\/09\/Sans-titre-9-243x300.png 243w\" sizes=\"(max-width: 640px) 100vw, 640px\" \/>\t\t\t\t\t\t\t\t\t\t\t\t\t\t\t<\/div>\n\t\t\t\t<\/div>\n\t\t\t\t\t<\/div>\n\t\t<\/div>\n\t\t\t\t<div class=\"elementor-column elementor-col-50 elementor-top-column elementor-element elementor-element-2f1e6ce\" data-id=\"2f1e6ce\" data-element_type=\"column\" data-e-type=\"column\">\n\t\t\t<div class=\"elementor-widget-wrap elementor-element-populated\">\n\t\t\t\t\t\t<div class=\"elementor-element elementor-element-ca88d9e elementor-widget elementor-widget-text-editor\" data-id=\"ca88d9e\" data-element_type=\"widget\" data-e-type=\"widget\" data-widget_type=\"text-editor.default\">\n\t\t\t\t<div class=\"elementor-widget-container\">\n\t\t\t\t\t\t\t\t\t<p><span style=\"color: #6288c6;\"><i>Visita<\/i> <i>noleggio<\/i> <i>questo<\/i> <i>Cuore<\/i><i> bella, <\/i><i>(il <\/i><i>S<\/i><i>acr<\/i><i>\u00e9<\/i>&#8211;<i>C<\/i><i>oeur<\/i> <i>)<\/i><\/span><\/p><p><span style=\"color: #6288c6;\"><i>I<\/i> <i>affitto<\/i><i> con proporzione<\/i><\/span><\/p><p><span style=\"color: #6288c6;\"><i>Le <\/i><i>Cuore<\/i><i> da <\/i><i>il suo<\/i> <i>Madre<\/i><i> ammirevole,<\/i><\/span><\/p><p><span style=\"color: #6288c6;\"><i>Cos\u00ec tanto<\/i> <i>\u00e8<\/i> <i>grande<\/i> <i>loro<\/i><i> unione.<\/i><\/span><\/p><p>\u00a0<\/p><p>San Luigi Maria Grignon de Montfort<\/p><p style=\"text-align: justify;\"><span style=\"color: #6288c6;\"><i>\"Il cuore di\u00a0<\/i><i>Ges\u00f9<\/i>\u00a0<i>vuole<\/i><i>\u00a0che,\u00a0<\/i><i>\u00e0<\/i><i>\u00a0suono\u00a0<\/i><i>a<\/i><i>noi\u00a0<\/i><i>culto<\/i><i>\u00a0il Cuore\u00a0<\/i><i>Immacolato<\/i><i>\u00a0di Maria\".<\/i><\/span><\/p><p>\u00a0<\/p><p style=\"text-align: justify;\">Giacinta, una delle veggenti di Fatima prima della sua morte<\/p><p style=\"text-align: justify;\"><span style=\"color: #6288c6; font-family: var( --e-global-typography-text-font-family ), Sans-serif; font-size: var( --e-global-typography-text-font-size ); font-weight: var( --e-global-typography-text-font-weight );\">\"\u00a0<\/span><i style=\"color: #6288c6; font-family: var( --e-global-typography-text-font-family ), Sans-serif; font-size: var( --e-global-typography-text-font-size ); font-weight: var( --e-global-typography-text-font-weight );\">Les fid\u00e8les doivent veiller \u00e0 associer \u00e9troitement le culte du Sacr\u00e9-C\u0153ur et le culte envers le C\u0153ur Immacul\u00e9 de Marie, car notre salut vient de l&#8217;amour et des souffrances de J\u00e9sus-Christ indissolublement unis \u00e0 l&#8217;amour et aux souffrances de sa M\u00e8re.<\/i><span style=\"color: #6288c6; font-family: var( --e-global-typography-text-font-family ), Sans-serif; font-size: var( --e-global-typography-text-font-size ); font-weight: var( --e-global-typography-text-font-weight );\">\u00a0\"<\/span><\/p><p>\u00a0<\/p><p style=\"text-align: justify;\"><span style=\"text-align: right; color: var( --e-global-color-text ); font-family: var( --e-global-typography-text-font-family ), Sans-serif; font-size: var( --e-global-typography-text-font-size ); font-weight: var( --e-global-typography-text-font-weight );\">Pio XII, l'8 dicembre 1942, giorno in cui consacr\u00f2 il mondo per la seconda volta al Cuore Immacolato di Maria.<\/span><\/p>\t\t\t\t\t\t\t\t<\/div>\n\t\t\t\t<\/div>\n\t\t\t\t\t<\/div>\n\t\t<\/div>\n\t\t\t\t\t<\/div>\n\t\t<\/section>\n\t\t\t\t<section class=\"elementor-section elementor-top-section elementor-element elementor-element-7d6230d elementor-section-boxed elementor-section-height-default elementor-section-height-default\" data-id=\"7d6230d\" data-element_type=\"section\" data-e-type=\"section\">\n\t\t\t\t\t\t<div class=\"elementor-container elementor-column-gap-default\">\n\t\t\t\t\t<div class=\"elementor-column elementor-col-50 elementor-top-column elementor-element elementor-element-c17a37d\" data-id=\"c17a37d\" data-element_type=\"column\" data-e-type=\"column\">\n\t\t\t<div class=\"elementor-widget-wrap elementor-element-populated\">\n\t\t\t\t\t\t<div class=\"elementor-element elementor-element-6188c44 elementor-widget elementor-widget-text-editor\" data-id=\"6188c44\" data-element_type=\"widget\" data-e-type=\"widget\" data-widget_type=\"text-editor.default\">\n\t\t\t\t<div class=\"elementor-widget-container\">\n\t\t\t\t\t\t\t\t\t<p>A Fatima, i cuori di Ges\u00f9 e di Maria saranno uniti fin dall'inizio. Infatti, l'Angelo che \u00e8 apparso 3 volte ai bambini nel 2016 per prepararli alla venuta della Vergine ne ha parlato ogni volta.<\/p><p>\u00a0<\/p><p>Prima apparizione:<\/p><p><b><i>\"I Cuori di Ges\u00f9 e di Maria sono attenti alla voce delle vostre suppliche\".<\/i><\/b><\/p><p><b><i>\u00a0<\/i><\/b><\/p><p>Seconda apparizione:<\/p><p><b><i>I Santi Cuori di Ges\u00f9 e di Maria hanno disegni di misericordia su di voi.<\/i><\/b><\/p><p><b><i>\u00a0<\/i><\/b><\/p><p>3a apparizione<\/p><p><b><i>Per i meriti infiniti del Suo Sacratissimo Cuore e del Cuore Immacolato di Maria, Ti chiedo la conversione dei poveri peccatori\".\u00a0<\/i><\/b><\/p>\t\t\t\t\t\t\t\t<\/div>\n\t\t\t\t<\/div>\n\t\t\t\t\t<\/div>\n\t\t<\/div>\n\t\t\t\t<div class=\"elementor-column elementor-col-50 elementor-top-column elementor-element elementor-element-871aa07\" data-id=\"871aa07\" data-element_type=\"column\" data-e-type=\"column\">\n\t\t\t<div class=\"elementor-widget-wrap elementor-element-populated\">\n\t\t\t\t\t\t<div class=\"elementor-element elementor-element-dc1c9c7 elementor-widget elementor-widget-image\" data-id=\"dc1c9c7\" data-element_type=\"widget\" data-e-type=\"widget\" data-widget_type=\"image.default\">\n\t\t\t\t<div class=\"elementor-widget-container\">\n\t\t\t\t\t\t\t\t\t\t\t\t\t\t\t<img decoding=\"async\" width=\"558\" height=\"451\" src=\"https:\/\/salve-corda.org\/wp-content\/uploads\/2021\/09\/external-content.duckduckgo.jpg\" class=\"attachment-large size-large wp-image-2515\" alt=\"\" srcset=\"https:\/\/salve-corda.org\/wp-content\/uploads\/2021\/09\/external-content.duckduckgo.jpg 558w, https:\/\/salve-corda.org\/wp-content\/uploads\/2021\/09\/external-content.duckduckgo-300x242.jpg 300w\" sizes=\"(max-width: 558px) 100vw, 558px\" \/>\t\t\t\t\t\t\t\t\t\t\t\t\t\t\t<\/div>\n\t\t\t\t<\/div>\n\t\t\t\t\t<\/div>\n\t\t<\/div>\n\t\t\t\t\t<\/div>\n\t\t<\/section>\n\t\t\t\t<section class=\"elementor-section elementor-top-section elementor-element elementor-element-6f25be9 elementor-section-boxed elementor-section-height-default elementor-section-height-default\" data-id=\"6f25be9\" data-element_type=\"section\" data-e-type=\"section\">\n\t\t\t\t\t\t<div class=\"elementor-container elementor-column-gap-default\">\n\t\t\t\t\t<div class=\"elementor-column elementor-col-100 elementor-top-column elementor-element elementor-element-9a5b0c8\" data-id=\"9a5b0c8\" data-element_type=\"column\" data-e-type=\"column\">\n\t\t\t<div class=\"elementor-widget-wrap elementor-element-populated\">\n\t\t\t\t\t\t<div class=\"elementor-element elementor-element-5787814 elementor-widget elementor-widget-text-editor\" data-id=\"5787814\" data-element_type=\"widget\" data-e-type=\"widget\" data-widget_type=\"text-editor.default\">\n\t\t\t\t<div class=\"elementor-widget-container\">\n\t\t\t\t\t\t\t\t\t<p><span style=\"text-align: right; color: var( --e-global-color-text ); font-family: var( --e-global-typography-18e5089-font-family ), Sans-serif; font-size: var( --e-global-typography-18e5089-font-size ); font-weight: var( --e-global-typography-18e5089-font-weight ); letter-spacing: var( --e-global-typography-18e5089-letter-spacing );\">\u00a0<\/span><span style=\"color: var( --e-global-color-text ); font-family: var( --e-global-typography-18e5089-font-family ), Sans-serif; font-size: var( --e-global-typography-18e5089-font-size ); font-weight: var( --e-global-typography-18e5089-font-weight ); letter-spacing: var( --e-global-typography-18e5089-letter-spacing );\">Il 29 maggio 1930, suor Lucia scrive: <br \/><\/span><span style=\"font-family: var( --e-global-typography-18e5089-font-family ), Sans-serif; font-size: var( --e-global-typography-18e5089-font-size ); font-weight: var( --e-global-typography-18e5089-font-weight ); letter-spacing: var( --e-global-typography-18e5089-letter-spacing ); color: #6288c6;\">\"\u00a0<i>Il buon Dio promette di porre fine alla persecuzione in Russia, se il Santo Padre si degner\u00e0 di compiere, e ordiner\u00e0 ai Vescovi del mondo cattolico di compiere, un solenne e pubblico atto di riparazione e di consacrazione della Russia alla Santissima Trinit\u00e0.\u00a0<\/i><i>Cuori Santi di Ges\u00f9<\/i><i>\u00a0e di Maria, Sua Santit\u00e0 promettendo, in cambio della fine di questa persecuzione, di approvare e raccomandare la pratica della devozione riparatrice.<\/i>\u00a0\"\u00a0<br \/><\/span><\/p>\t\t\t\t\t\t\t\t<\/div>\n\t\t\t\t<\/div>\n\t\t\t\t\t<\/div>\n\t\t<\/div>\n\t\t\t\t\t<\/div>\n\t\t<\/section>\n\t\t\t\t<section class=\"elementor-section elementor-top-section elementor-element elementor-element-01ed6e7 elementor-section-boxed elementor-section-height-default elementor-section-height-default\" data-id=\"01ed6e7\" data-element_type=\"section\" data-e-type=\"section\">\n\t\t\t\t\t\t<div class=\"elementor-container elementor-column-gap-default\">\n\t\t\t\t\t<div class=\"elementor-column elementor-col-100 elementor-top-column elementor-element elementor-element-ce31ef7\" data-id=\"ce31ef7\" data-element_type=\"column\" data-e-type=\"column\">\n\t\t\t<div class=\"elementor-widget-wrap elementor-element-populated\">\n\t\t\t\t\t\t<div class=\"elementor-element elementor-element-4bda52a elementor-widget elementor-widget-text-editor\" data-id=\"4bda52a\" data-element_type=\"widget\" data-e-type=\"widget\" data-widget_type=\"text-editor.default\">\n\t\t\t\t<div class=\"elementor-widget-container\">\n\t\t\t\t\t\t\t\t\t<p style=\"text-align: justify;\">In una magnifica lettera intitolata La chiamata di Fatima, ha detto:\u00a0<\/p><p style=\"text-align: justify;\"><span style=\"color: #6288c6;\"><i>\"Nell'unione pi\u00f9 stretta possibile tra due esseri umani, Cristo ha iniziato in Maria l'opera della nostra salvezza. Il battito del cuore di Cristo \u00e8 il battito del cuore di Maria; la preghiera di Cristo \u00e8 la preghiera di Maria.<\/i>\u00a0<i>de Mari<\/i><i>e,\u00a0<\/i><i>(...) E possiamo pensare che le aspirazioni del Cuore di Maria si identificassero assolutamente con le aspirazioni del Cuore di Cristo (...) e che l'amore del Cuore di Maria fosse l'amore del Cuore di Cristo verso suo Padre e verso gli uomini. (...) Dal momento che il Padre\u00a0<\/i><i>a<\/i><i>\u00a0ha affidato a Maria il suo Figlio, custodendolo per nove mesi nel suo grembo casto e verginale, e poich\u00e9 Maria, con il suo libero \"s\u00ec\", si \u00e8 messa a disposizione della volont\u00e0 di Dio come sua ancella per tutto ci\u00f2 che Egli ha voluto operare in lei, da allora e per volont\u00e0 di Dio, Maria \u00e8 diventata con Cristo,\u00a0<\/i><i>co<\/i><i>-Redentore dell'umanit\u00e0\".<\/i><\/span><\/p><p>\u00a0<\/p><p style=\"text-align: justify;\">Infine, il cardinale Cerejeira, ex vescovo di Fatima, concluder\u00e0 con queste parole che riassumono tutto:<\/p><p style=\"text-align: justify;\"><span style=\"color: #6288c6;\"><i>\"Fatima,\u00a0<\/i><i>a<\/i>\u00a0<i>alcuni<\/i>\u00a0<i>modo<\/i><i>,\u00a0<\/i><i>\u00e8<\/i><i>\u00a0la continuazione,\u00a0<\/i><i>o<\/i>\u00a0<i>meglio<\/i><i>\u00a0la conclusione di\u00a0<\/i><i>Para<\/i><i>y<\/i><i>&#8211;<\/i><i>il<\/i><i>&#8211;<\/i><i>Monial :\u00a0<\/i><\/span><i style=\"font-family: var( --e-global-typography-18e5089-font-family ), Sans-serif; font-size: var( --e-global-typography-18e5089-font-size ); font-weight: var( --e-global-typography-18e5089-font-weight ); letter-spacing: var( --e-global-typography-18e5089-letter-spacing ); color: #6288c6;\">Fatima\u00a0<\/i><i style=\"font-family: var( --e-global-typography-18e5089-font-family ), Sans-serif; font-size: var( --e-global-typography-18e5089-font-size ); font-weight: var( --e-global-typography-18e5089-font-weight ); letter-spacing: var( --e-global-typography-18e5089-letter-spacing ); color: #6288c6;\">si riunisce<\/i>\u00a0<i style=\"font-family: var( --e-global-typography-18e5089-font-family ), Sans-serif; font-size: var( --e-global-typography-18e5089-font-size ); font-weight: var( --e-global-typography-18e5089-font-weight ); letter-spacing: var( --e-global-typography-18e5089-letter-spacing ); color: #6288c6;\">questi<\/i><i style=\"font-family: var( --e-global-typography-18e5089-font-family ), Sans-serif; font-size: var( --e-global-typography-18e5089-font-size ); font-weight: var( --e-global-typography-18e5089-font-weight ); letter-spacing: var( --e-global-typography-18e5089-letter-spacing ); color: #6288c6;\">\u00a0due\u00a0<\/i><i style=\"font-family: var( --e-global-typography-18e5089-font-family ), Sans-serif; font-size: var( --e-global-typography-18e5089-font-size ); font-weight: var( --e-global-typography-18e5089-font-weight ); letter-spacing: var( --e-global-typography-18e5089-letter-spacing ); color: #6288c6;\">Cuori<\/i><i style=\"font-family: var( --e-global-typography-18e5089-font-family ), Sans-serif; font-size: var( --e-global-typography-18e5089-font-size ); font-weight: var( --e-global-typography-18e5089-font-weight ); letter-spacing: var( --e-global-typography-18e5089-letter-spacing ); color: #6288c6;\">\u00a0che Dio\u00a0<\/i><i style=\"font-family: var( --e-global-typography-18e5089-font-family ), Sans-serif; font-size: var( --e-global-typography-18e5089-font-size ); font-weight: var( --e-global-typography-18e5089-font-weight ); letter-spacing: var( --e-global-typography-18e5089-letter-spacing ); color: #6288c6;\">lui<\/i><i style=\"font-family: var( --e-global-typography-18e5089-font-family ), Sans-serif; font-size: var( --e-global-typography-18e5089-font-size ); font-weight: var( --e-global-typography-18e5089-font-weight ); letter-spacing: var( --e-global-typography-18e5089-letter-spacing ); color: #6288c6;\">&#8211;<\/i><i style=\"font-family: var( --e-global-typography-18e5089-font-family ), Sans-serif; font-size: var( --e-global-typography-18e5089-font-size ); font-weight: var( --e-global-typography-18e5089-font-weight ); letter-spacing: var( --e-global-typography-18e5089-letter-spacing ); color: #6288c6;\">anche<\/i><i style=\"font-family: var( --e-global-typography-18e5089-font-family ), Sans-serif; font-size: var( --e-global-typography-18e5089-font-size ); font-weight: var( --e-global-typography-18e5089-font-weight ); letter-spacing: var( --e-global-typography-18e5089-letter-spacing ); color: #6288c6;\">\u00a0a\u00a0<\/i><i style=\"font-family: var( --e-global-typography-18e5089-font-family ), Sans-serif; font-size: var( --e-global-typography-18e5089-font-size ); font-weight: var( --e-global-typography-18e5089-font-weight ); letter-spacing: var( --e-global-typography-18e5089-letter-spacing ); color: #6288c6;\">uni<\/i><i style=\"font-family: var( --e-global-typography-18e5089-font-family ), Sans-serif; font-size: var( --e-global-typography-18e5089-font-size ); font-weight: var( --e-global-typography-18e5089-font-weight ); letter-spacing: var( --e-global-typography-18e5089-letter-spacing ); color: #6288c6;\">\u00a0dans l&#8217;<\/i><i style=\"font-family: var( --e-global-typography-18e5089-font-family ), Sans-serif; font-size: var( --e-global-typography-18e5089-font-size ); font-weight: var( --e-global-typography-18e5089-font-weight ); letter-spacing: var( --e-global-typography-18e5089-letter-spacing ); color: #6288c6;\">lavoro<\/i><i style=\"font-family: var( --e-global-typography-18e5089-font-family ), Sans-serif; font-size: var( --e-global-typography-18e5089-font-size ); font-weight: var( --e-global-typography-18e5089-font-weight ); letter-spacing: var( --e-global-typography-18e5089-letter-spacing ); color: #6288c6;\">\u00a0del\u00a0<\/i><i style=\"font-family: var( --e-global-typography-18e5089-font-family ), Sans-serif; font-size: var( --e-global-typography-18e5089-font-size ); font-weight: var( --e-global-typography-18e5089-font-weight ); letter-spacing: var( --e-global-typography-18e5089-letter-spacing ); color: #6288c6;\">riscatto<\/i><i style=\"font-family: var( --e-global-typography-18e5089-font-family ), Sans-serif; font-size: var( --e-global-typography-18e5089-font-size ); font-weight: var( --e-global-typography-18e5089-font-weight ); letter-spacing: var( --e-global-typography-18e5089-letter-spacing ); color: #6288c6;\">. \"\u00a0<\/i><\/p>\t\t\t\t\t\t\t\t<\/div>\n\t\t\t\t<\/div>\n\t\t\t\t\t<\/div>\n\t\t<\/div>\n\t\t\t\t\t<\/div>\n\t\t<\/section>\n\t\t\t\t<\/div>","protected":false},"excerpt":{"rendered":"<p>Perch\u00e9 riunire le devozioni ai Cuori di Ges\u00f9 e di Maria? Non \u00e8 raro che quando si parla del Cuore Immacolato di Maria la gente non capisca perch\u00e9 c'\u00e8 \"gi\u00e0\" [...].<\/p>","protected":false},"author":1,"featured_media":0,"parent":0,"menu_order":0,"comment_status":"closed","ping_status":"closed","template":"elementor_header_footer","meta":{"footnotes":""},"class_list":["post-467","page","type-page","status-publish","hentry"],"_links":{"self":[{"href":"https:\/\/salve-corda.org\/it\/wp-json\/wp\/v2\/pages\/467","targetHints":{"allow":["GET"]}}],"collection":[{"href":"https:\/\/salve-corda.org\/it\/wp-json\/wp\/v2\/pages"}],"about":[{"href":"https:\/\/salve-corda.org\/it\/wp-json\/wp\/v2\/types\/page"}],"author":[{"embeddable":true,"href":"https:\/\/salve-corda.org\/it\/wp-json\/wp\/v2\/users\/1"}],"replies":[{"embeddable":true,"href":"https:\/\/salve-corda.org\/it\/wp-json\/wp\/v2\/comments?post=467"}],"version-history":[{"count":53,"href":"https:\/\/salve-corda.org\/it\/wp-json\/wp\/v2\/pages\/467\/revisions"}],"predecessor-version":[{"id":4623,"href":"https:\/\/salve-corda.org\/it\/wp-json\/wp\/v2\/pages\/467\/revisions\/4623"}],"wp:attachment":[{"href":"https:\/\/salve-corda.org\/it\/wp-json\/wp\/v2\/media?parent=467"}],"curies":[{"name":"wp","href":"https:\/\/api.w.org\/{rel}","templated":true}]}}