{"id":472,"date":"2020-09-25T15:25:57","date_gmt":"2020-09-25T13:25:57","guid":{"rendered":"https:\/\/salve-corda.org\/?page_id=472"},"modified":"2021-08-06T17:31:39","modified_gmt":"2021-08-06T15:31:39","slug":"faire-participer-les-enfants","status":"publish","type":"page","link":"https:\/\/salve-corda.org\/it\/faire-participer-les-enfants\/","title":{"rendered":"Coinvolgere i bambini"},"content":{"rendered":"<div data-elementor-type=\"wp-page\" data-elementor-id=\"472\" class=\"elementor elementor-472\">\n\t\t\t\t\t\t<section class=\"elementor-section elementor-top-section elementor-element elementor-element-3f08902 elementor-section-boxed elementor-section-height-default elementor-section-height-default\" data-id=\"3f08902\" data-element_type=\"section\" data-e-type=\"section\">\n\t\t\t\t\t\t<div class=\"elementor-container elementor-column-gap-default\">\n\t\t\t\t\t<div class=\"elementor-column elementor-col-100 elementor-top-column elementor-element elementor-element-7354af9\" data-id=\"7354af9\" data-element_type=\"column\" data-e-type=\"column\">\n\t\t\t<div class=\"elementor-widget-wrap\">\n\t\t\t\t\t\t\t<\/div>\n\t\t<\/div>\n\t\t\t\t\t<\/div>\n\t\t<\/section>\n\t\t\t\t<section class=\"elementor-section elementor-top-section elementor-element elementor-element-ed40f30 elementor-section-boxed elementor-section-height-default elementor-section-height-default\" data-id=\"ed40f30\" data-element_type=\"section\" data-e-type=\"section\">\n\t\t\t\t\t\t<div class=\"elementor-container elementor-column-gap-default\">\n\t\t\t\t\t<div class=\"elementor-column elementor-col-100 elementor-top-column elementor-element elementor-element-43a8ce4\" data-id=\"43a8ce4\" data-element_type=\"column\" data-e-type=\"column\">\n\t\t\t<div class=\"elementor-widget-wrap elementor-element-populated\">\n\t\t\t\t\t\t<div class=\"elementor-element elementor-element-49e8d5c elementor-widget elementor-widget-spacer\" data-id=\"49e8d5c\" data-element_type=\"widget\" data-e-type=\"widget\" data-widget_type=\"spacer.default\">\n\t\t\t\t<div class=\"elementor-widget-container\">\n\t\t\t\t\t\t\t<div class=\"elementor-spacer\">\n\t\t\t<div class=\"elementor-spacer-inner\"><\/div>\n\t\t<\/div>\n\t\t\t\t\t\t<\/div>\n\t\t\t\t<\/div>\n\t\t\t\t\t<\/div>\n\t\t<\/div>\n\t\t\t\t\t<\/div>\n\t\t<\/section>\n\t\t\t\t<section class=\"elementor-section elementor-top-section elementor-element elementor-element-db78ce3 elementor-section-boxed elementor-section-height-default elementor-section-height-default\" data-id=\"db78ce3\" data-element_type=\"section\" data-e-type=\"section\">\n\t\t\t\t\t\t<div class=\"elementor-container elementor-column-gap-default\">\n\t\t\t\t\t<div class=\"elementor-column elementor-col-100 elementor-top-column elementor-element elementor-element-7a049ec\" data-id=\"7a049ec\" data-element_type=\"column\" data-e-type=\"column\">\n\t\t\t<div class=\"elementor-widget-wrap elementor-element-populated\">\n\t\t\t\t\t\t<div class=\"elementor-element elementor-element-f3a5b8a elementor-widget elementor-widget-heading\" data-id=\"f3a5b8a\" data-element_type=\"widget\" data-e-type=\"widget\" data-widget_type=\"heading.default\">\n\t\t\t\t<div class=\"elementor-widget-container\">\n\t\t\t\t\t<h2 class=\"elementor-heading-title elementor-size-default\">Coinvolgere i nipoti<\/h2>\t\t\t\t<\/div>\n\t\t\t\t<\/div>\n\t\t\t\t<div class=\"elementor-element elementor-element-114048c elementor-widget elementor-widget-text-editor\" data-id=\"114048c\" data-element_type=\"widget\" data-e-type=\"widget\" data-widget_type=\"text-editor.default\">\n\t\t\t\t<div class=\"elementor-widget-container\">\n\t\t\t\t\t\t\t\t\t<p>Molto spesso la Vergine sceglieva dei bambini per parlare loro durante le sue apparizioni (a La Salette, Pontmain, Pellevoisin...). A Fatima, apparve a 3 bambini, il pi\u00f9 piccolo dei quali, Giacinta, aveva solo 6 anni!  Quindi, ovviamente, i bambini sono i primi ad essere invitati ad esaudire le richieste della Beata Vergine, ed \u00e8 assolutamente necessario parlarne con loro.<\/p>\t\t\t\t\t\t\t\t<\/div>\n\t\t\t\t<\/div>\n\t\t\t\t\t<\/div>\n\t\t<\/div>\n\t\t\t\t\t<\/div>\n\t\t<\/section>\n\t\t\t\t<section class=\"elementor-section elementor-top-section elementor-element elementor-element-4392af5 elementor-section-boxed elementor-section-height-default elementor-section-height-default\" data-id=\"4392af5\" data-element_type=\"section\" data-e-type=\"section\">\n\t\t\t\t\t\t<div class=\"elementor-container elementor-column-gap-default\">\n\t\t\t\t\t<div class=\"elementor-column elementor-col-50 elementor-top-column elementor-element elementor-element-2ca0d8f\" data-id=\"2ca0d8f\" data-element_type=\"column\" data-e-type=\"column\">\n\t\t\t<div class=\"elementor-widget-wrap elementor-element-populated\">\n\t\t\t\t\t\t<div class=\"elementor-element elementor-element-cd30c60 elementor-widget elementor-widget-text-editor\" data-id=\"cd30c60\" data-element_type=\"widget\" data-e-type=\"widget\" data-widget_type=\"text-editor.default\">\n\t\t\t\t<div class=\"elementor-widget-container\">\n\t\t\t\t\t\t\t\t\t<p>L'importanza dei bambini \u00e8 stata sottolineata pi\u00f9 volte da Cristo nel Vangelo:<\/p><p>\u00a0<\/p><p><span style=\"color: #6288c6;\"><em>\"<\/em><\/span><span style=\"color: #6288c6;\"><em> Ti rendo lode, Padre, perch\u00e9 hai nascosto queste cose ai saggi e agli intelligenti e le hai rivelate ai bambini\".<\/em><\/span> (St Mat 11, 25)<\/p><p>\u00a0<\/p><p><span style=\"color: #6288c6;\"><em>\"Lasciate che i bambini piccoli vengano a me e non glielo impedite, perch\u00e9 il regno di Dio \u00e8 per quelli che sono come loro\".<\/em><\/span> (San Luca 18, 16)<\/p>\t\t\t\t\t\t\t\t<\/div>\n\t\t\t\t<\/div>\n\t\t\t\t\t<\/div>\n\t\t<\/div>\n\t\t\t\t<div class=\"elementor-column elementor-col-50 elementor-top-column elementor-element elementor-element-e246271\" data-id=\"e246271\" data-element_type=\"column\" data-e-type=\"column\">\n\t\t\t<div class=\"elementor-widget-wrap elementor-element-populated\">\n\t\t\t\t\t\t<div class=\"elementor-element elementor-element-6835f28 elementor-widget elementor-widget-image\" data-id=\"6835f28\" data-element_type=\"widget\" data-e-type=\"widget\" data-widget_type=\"image.default\">\n\t\t\t\t<div class=\"elementor-widget-container\">\n\t\t\t\t\t\t\t\t\t\t\t\t\t\t\t<img fetchpriority=\"high\" decoding=\"async\" width=\"640\" height=\"556\" src=\"https:\/\/salve-corda.org\/wp-content\/uploads\/2021\/07\/enfants.png\" class=\"attachment-large size-large wp-image-855\" alt=\"\" srcset=\"https:\/\/salve-corda.org\/wp-content\/uploads\/2021\/07\/enfants.png 762w, https:\/\/salve-corda.org\/wp-content\/uploads\/2021\/07\/enfants-300x261.png 300w\" sizes=\"(max-width: 640px) 100vw, 640px\" \/>\t\t\t\t\t\t\t\t\t\t\t\t\t\t\t<\/div>\n\t\t\t\t<\/div>\n\t\t\t\t\t<\/div>\n\t\t<\/div>\n\t\t\t\t\t<\/div>\n\t\t<\/section>\n\t\t\t\t<section class=\"elementor-section elementor-top-section elementor-element elementor-element-c51a01f elementor-section-boxed elementor-section-height-default elementor-section-height-default\" data-id=\"c51a01f\" data-element_type=\"section\" data-e-type=\"section\">\n\t\t\t\t\t\t<div class=\"elementor-container elementor-column-gap-default\">\n\t\t\t\t\t<div class=\"elementor-column elementor-col-50 elementor-top-column elementor-element elementor-element-b70f946\" data-id=\"b70f946\" data-element_type=\"column\" data-e-type=\"column\">\n\t\t\t<div class=\"elementor-widget-wrap elementor-element-populated\">\n\t\t\t\t\t\t<div class=\"elementor-element elementor-element-66e9f90 elementor-widget elementor-widget-image\" data-id=\"66e9f90\" data-element_type=\"widget\" data-e-type=\"widget\" data-widget_type=\"image.default\">\n\t\t\t\t<div class=\"elementor-widget-container\">\n\t\t\t\t\t\t\t\t\t\t\t\t\t\t\t<img decoding=\"async\" width=\"600\" height=\"652\" src=\"https:\/\/salve-corda.org\/wp-content\/uploads\/2021\/07\/apparition.png\" class=\"attachment-large size-large wp-image-856\" alt=\"\" srcset=\"https:\/\/salve-corda.org\/wp-content\/uploads\/2021\/07\/apparition.png 600w, https:\/\/salve-corda.org\/wp-content\/uploads\/2021\/07\/apparition-276x300.png 276w\" sizes=\"(max-width: 600px) 100vw, 600px\" \/>\t\t\t\t\t\t\t\t\t\t\t\t\t\t\t<\/div>\n\t\t\t\t<\/div>\n\t\t\t\t\t<\/div>\n\t\t<\/div>\n\t\t\t\t<div class=\"elementor-column elementor-col-50 elementor-top-column elementor-element elementor-element-95f265c\" data-id=\"95f265c\" data-element_type=\"column\" data-e-type=\"column\">\n\t\t\t<div class=\"elementor-widget-wrap elementor-element-populated\">\n\t\t\t\t\t\t<div class=\"elementor-element elementor-element-74bb9aa elementor-widget elementor-widget-text-editor\" data-id=\"74bb9aa\" data-element_type=\"widget\" data-e-type=\"widget\" data-widget_type=\"text-editor.default\">\n\t\t\t\t<div class=\"elementor-widget-container\">\n\t\t\t\t\t\t\t\t\t<p>Con queste parole, Cristo ci ricorda le loro meravigliose qualit\u00e0: spontaneit\u00e0, purezza d'intenzione, umilt\u00e0, semplicit\u00e0, altruismo. Sono queste disposizioni interiori che sono necessarie per aderire al Cuore Immacolato di Maria.<\/p><p>I bambini sono naturalmente\u00a0 <b>altamente sensibile <\/b>al messaggio di Fatima. In particolare, sono molto toccati dal fatto che, offrendo le loro piccole difficolt\u00e0 <b>possono salvare gli adulti dall'inferno. <\/b>\u00c8 sconcertante per loro. Loro che sono cos\u00ec \"piccoli\" diventano attori principali nella \"grande\" societ\u00e0.<\/p><p>Quindi coinvolgete tutti i bambini che conoscete, anche i pi\u00f9 piccoli. Tutti potranno trovare il linguaggio giusto.<\/p><p>\u00a0<\/p><p>Ecco un esempio di come si pu\u00f2 lavorare con i bambini:<\/p>\t\t\t\t\t\t\t\t<\/div>\n\t\t\t\t<\/div>\n\t\t\t\t\t<\/div>\n\t\t<\/div>\n\t\t\t\t\t<\/div>\n\t\t<\/section>\n\t\t\t\t<section class=\"elementor-section elementor-top-section elementor-element elementor-element-e093946 elementor-section-boxed elementor-section-height-default elementor-section-height-default\" data-id=\"e093946\" data-element_type=\"section\" data-e-type=\"section\">\n\t\t\t\t\t\t<div class=\"elementor-container elementor-column-gap-default\">\n\t\t\t\t\t<div class=\"elementor-column elementor-col-100 elementor-top-column elementor-element elementor-element-8f9d39e\" data-id=\"8f9d39e\" data-element_type=\"column\" data-e-type=\"column\">\n\t\t\t<div class=\"elementor-widget-wrap elementor-element-populated\">\n\t\t\t\t\t\t<div class=\"elementor-element elementor-element-d4f8af7 elementor-widget elementor-widget-text-editor\" data-id=\"d4f8af7\" data-element_type=\"widget\" data-e-type=\"widget\" data-widget_type=\"text-editor.default\">\n\t\t\t\t<div class=\"elementor-widget-container\">\n\t\t\t\t\t\t\t\t\t<ul><li>Raccontate loro la storia dei 3 bambini di Fatima e il ruolo che sono chiamati a svolgere. <b>se stessi a<\/b> A seguire Jacinthe Fran\u00e7ois e Lucie.<\/li><li>Spiegate quanto sia importante per il mondo che essi offrano regolarmente le piccole difficolt\u00e0 che incontrano. A partire dall'et\u00e0 di 5 anni, sono in grado di comprendere appieno le questioni in gioco, con una purezza di intenti che difficilmente riusciremo a eguagliare.<\/li><li>Infine, se possibile, coinvolgeteli nel primo sabato del mese, perch\u00e9 pu\u00f2 essere un'iniziativa familiare.<\/li><\/ul>\t\t\t\t\t\t\t\t<\/div>\n\t\t\t\t<\/div>\n\t\t\t\t\t<\/div>\n\t\t<\/div>\n\t\t\t\t\t<\/div>\n\t\t<\/section>\n\t\t\t\t<section class=\"elementor-section elementor-top-section elementor-element elementor-element-3eae0a7 elementor-section-boxed elementor-section-height-default elementor-section-height-default\" data-id=\"3eae0a7\" data-element_type=\"section\" data-e-type=\"section\">\n\t\t\t\t\t\t<div class=\"elementor-container elementor-column-gap-default\">\n\t\t\t\t\t<div class=\"elementor-column elementor-col-100 elementor-top-column elementor-element elementor-element-4a78c96\" data-id=\"4a78c96\" data-element_type=\"column\" data-e-type=\"column\">\n\t\t\t<div class=\"elementor-widget-wrap elementor-element-populated\">\n\t\t\t\t\t\t<div class=\"elementor-element elementor-element-3257e48 elementor-widget elementor-widget-text-editor\" data-id=\"3257e48\" data-element_type=\"widget\" data-e-type=\"widget\" data-widget_type=\"text-editor.default\">\n\t\t\t\t<div class=\"elementor-widget-container\">\n\t\t\t\t\t\t\t\t\t<p>L'applicazione del messaggio di Fatima avvier\u00e0 nei bambini una vita spirituale rivolta a Cristo, alla Beata Vergine e agli altri. Mettere l'amore del Cuore di Maria nei loro cuori li segner\u00e0 per il resto della loro vita e li render\u00e0 i santi di cui abbiamo bisogno.<\/p>\t\t\t\t\t\t\t\t<\/div>\n\t\t\t\t<\/div>\n\t\t\t\t<div class=\"elementor-element elementor-element-9bd239c elementor-widget elementor-widget-text-editor\" data-id=\"9bd239c\" data-element_type=\"widget\" data-e-type=\"widget\" data-widget_type=\"text-editor.default\">\n\t\t\t\t<div class=\"elementor-widget-container\">\n\t\t\t\t\t\t\t\t\t<p>Un sito straordinario pu\u00f2 aiutarvi con i vostri figli:<\/p>\t\t\t\t\t\t\t\t<\/div>\n\t\t\t\t<\/div>\n\t\t\t\t<div class=\"elementor-element elementor-element-d3ba50f elementor-align-center elementor-widget elementor-widget-button\" data-id=\"d3ba50f\" data-element_type=\"widget\" data-e-type=\"widget\" data-widget_type=\"button.default\">\n\t\t\t\t<div class=\"elementor-widget-container\">\n\t\t\t\t\t\t\t\t\t<div class=\"elementor-button-wrapper\">\n\t\t\t\t\t<a class=\"elementor-button elementor-button-link elementor-size-sm\" href=\"https:\/\/www.enfantsdefatima.org\/\">\n\t\t\t\t\t\t<span class=\"elementor-button-content-wrapper\">\n\t\t\t\t\t\t\t\t\t<span class=\"elementor-button-text\">www.enfantsdefatima.org<\/span>\n\t\t\t\t\t<\/span>\n\t\t\t\t\t<\/a>\n\t\t\t\t<\/div>\n\t\t\t\t\t\t\t\t<\/div>\n\t\t\t\t<\/div>\n\t\t\t\t\t<\/div>\n\t\t<\/div>\n\t\t\t\t\t<\/div>\n\t\t<\/section>\n\t\t\t\t<\/div>","protected":false},"excerpt":{"rendered":"<p>Coinvolgere i bambini piccoli I bambini piccoli sono molto spesso scelti dalla Vergine per parlare alle sue apparizioni (a La Salette, Pontmain, Pellevoisin...). A Fatima, \u00e8 apparsa a [...]<\/p>","protected":false},"author":1,"featured_media":0,"parent":0,"menu_order":0,"comment_status":"closed","ping_status":"closed","template":"elementor_header_footer","meta":{"footnotes":""},"class_list":["post-472","page","type-page","status-publish","hentry"],"_links":{"self":[{"href":"https:\/\/salve-corda.org\/it\/wp-json\/wp\/v2\/pages\/472","targetHints":{"allow":["GET"]}}],"collection":[{"href":"https:\/\/salve-corda.org\/it\/wp-json\/wp\/v2\/pages"}],"about":[{"href":"https:\/\/salve-corda.org\/it\/wp-json\/wp\/v2\/types\/page"}],"author":[{"embeddable":true,"href":"https:\/\/salve-corda.org\/it\/wp-json\/wp\/v2\/users\/1"}],"replies":[{"embeddable":true,"href":"https:\/\/salve-corda.org\/it\/wp-json\/wp\/v2\/comments?post=472"}],"version-history":[{"count":16,"href":"https:\/\/salve-corda.org\/it\/wp-json\/wp\/v2\/pages\/472\/revisions"}],"predecessor-version":[{"id":1580,"href":"https:\/\/salve-corda.org\/it\/wp-json\/wp\/v2\/pages\/472\/revisions\/1580"}],"wp:attachment":[{"href":"https:\/\/salve-corda.org\/it\/wp-json\/wp\/v2\/media?parent=472"}],"curies":[{"name":"wp","href":"https:\/\/api.w.org\/{rel}","templated":true}]}}