{"id":476,"date":"2020-09-25T15:28:09","date_gmt":"2020-09-25T13:28:09","guid":{"rendered":"https:\/\/salve-corda.org\/?page_id=476"},"modified":"2024-12-02T23:41:00","modified_gmt":"2024-12-02T22:41:00","slug":"pourquoi-cette-devotion-nest-pas-depassee","status":"publish","type":"page","link":"https:\/\/salve-corda.org\/it\/pourquoi-cette-devotion-nest-pas-depassee\/","title":{"rendered":"Pourquoi cette d\u00e9votion n&#8217;est pas d\u00e9pass\u00e9e ?"},"content":{"rendered":"<div data-elementor-type=\"wp-page\" data-elementor-id=\"476\" class=\"elementor elementor-476\">\n\t\t\t\t\t\t<section class=\"elementor-section elementor-top-section elementor-element elementor-element-565d048 elementor-section-boxed elementor-section-height-default elementor-section-height-default\" data-id=\"565d048\" data-element_type=\"section\" data-e-type=\"section\">\n\t\t\t\t\t\t<div class=\"elementor-container elementor-column-gap-default\">\n\t\t\t\t\t<div class=\"elementor-column elementor-col-100 elementor-top-column elementor-element elementor-element-6b9613d\" data-id=\"6b9613d\" data-element_type=\"column\" data-e-type=\"column\">\n\t\t\t<div class=\"elementor-widget-wrap\">\n\t\t\t\t\t\t\t<\/div>\n\t\t<\/div>\n\t\t\t\t\t<\/div>\n\t\t<\/section>\n\t\t\t\t<section class=\"elementor-section elementor-top-section elementor-element elementor-element-2c01296 elementor-section-boxed elementor-section-height-default elementor-section-height-default\" data-id=\"2c01296\" data-element_type=\"section\" data-e-type=\"section\">\n\t\t\t\t\t\t<div class=\"elementor-container elementor-column-gap-default\">\n\t\t\t\t\t<div class=\"elementor-column elementor-col-100 elementor-top-column elementor-element elementor-element-265bca2\" data-id=\"265bca2\" data-element_type=\"column\" data-e-type=\"column\">\n\t\t\t<div class=\"elementor-widget-wrap elementor-element-populated\">\n\t\t\t\t\t\t<div class=\"elementor-element elementor-element-3c1b346 elementor-widget elementor-widget-spacer\" data-id=\"3c1b346\" data-element_type=\"widget\" data-e-type=\"widget\" data-widget_type=\"spacer.default\">\n\t\t\t\t<div class=\"elementor-widget-container\">\n\t\t\t\t\t\t\t<div class=\"elementor-spacer\">\n\t\t\t<div class=\"elementor-spacer-inner\"><\/div>\n\t\t<\/div>\n\t\t\t\t\t\t<\/div>\n\t\t\t\t<\/div>\n\t\t\t\t\t<\/div>\n\t\t<\/div>\n\t\t\t\t\t<\/div>\n\t\t<\/section>\n\t\t\t\t<section class=\"elementor-section elementor-top-section elementor-element elementor-element-9a47290 elementor-section-boxed elementor-section-height-default elementor-section-height-default\" data-id=\"9a47290\" data-element_type=\"section\" data-e-type=\"section\">\n\t\t\t\t\t\t<div class=\"elementor-container elementor-column-gap-default\">\n\t\t\t\t\t<div class=\"elementor-column elementor-col-100 elementor-top-column elementor-element elementor-element-b373ba2\" data-id=\"b373ba2\" data-element_type=\"column\" data-e-type=\"column\">\n\t\t\t<div class=\"elementor-widget-wrap elementor-element-populated\">\n\t\t\t\t\t\t<div class=\"elementor-element elementor-element-d052e55 elementor-widget elementor-widget-heading\" data-id=\"d052e55\" data-element_type=\"widget\" data-e-type=\"widget\" data-widget_type=\"heading.default\">\n\t\t\t\t<div class=\"elementor-widget-container\">\n\t\t\t\t\t<h2 class=\"elementor-heading-title elementor-size-default\">Perch\u00e9 la FATIMA \u00e8 ancora attuale<\/h2>\t\t\t\t<\/div>\n\t\t\t\t<\/div>\n\t\t\t\t\t<\/div>\n\t\t<\/div>\n\t\t\t\t\t<\/div>\n\t\t<\/section>\n\t\t\t\t<section class=\"elementor-section elementor-top-section elementor-element elementor-element-08d61d2 elementor-section-boxed elementor-section-height-default elementor-section-height-default\" data-id=\"08d61d2\" data-element_type=\"section\" data-e-type=\"section\" data-settings=\"{&quot;background_background&quot;:&quot;classic&quot;}\">\n\t\t\t\t\t\t<div class=\"elementor-container elementor-column-gap-default\">\n\t\t\t\t\t<div class=\"elementor-column elementor-col-50 elementor-top-column elementor-element elementor-element-791f161\" data-id=\"791f161\" data-element_type=\"column\" data-e-type=\"column\">\n\t\t\t<div class=\"elementor-widget-wrap elementor-element-populated\">\n\t\t\t\t\t\t<div class=\"elementor-element elementor-element-802a745 elementor-widget elementor-widget-text-editor\" data-id=\"802a745\" data-element_type=\"widget\" data-e-type=\"widget\" data-widget_type=\"text-editor.default\">\n\t\t\t\t<div class=\"elementor-widget-container\">\n\t\t\t\t\t\t\t\t\t<p><strong><u>Una richiesta di Dio stesso per il nostro tempo<\/u><\/strong><\/p><p>\u00a0<\/p><p>A Fatima, la Madonna ha espresso la sua richiesta con queste parole: <span style=\"color: #6288c6;\"><em>\"Dio vuole stabilire la devozione al mio Cuore Immacolato in tutto il mondo\".<\/em>.<\/span><\/p><p>\u00a0<\/p><p>Queste parole mostrano la portata universale e definitiva di questa devozione. Anche se purtroppo questa richiesta di Dio non \u00e8 stata ancora esaudita, la Beata Vergine ha profetizzato che un giorno sarebbe accaduto, il che dimostra che accadr\u00e0 nel nostro tempo:<\/p><p>\u00a0<\/p><p><em><span style=\"color: #6288c6;\">\"<\/span><\/em><em><span style=\"color: #6288c6;\"> Alla fine il mio Cuore Immacolato trionfer\u00e0, la Russia si convertir\u00e0 e al mondo sar\u00e0 concesso un certo tempo di pace\".<\/span><\/em><\/p><p>Siamo quindi nel bel mezzo delle notizie. La Russia non si \u00e8 ancora convertita e il minimo che si possa dire \u00e8 che non stiamo andando verso un periodo di pace...<em><span style=\"color: #6288c6;\"><br \/><\/span><\/em><\/p>\t\t\t\t\t\t\t\t<\/div>\n\t\t\t\t<\/div>\n\t\t\t\t\t<\/div>\n\t\t<\/div>\n\t\t\t\t<div class=\"elementor-column elementor-col-50 elementor-top-column elementor-element elementor-element-7f19750\" data-id=\"7f19750\" data-element_type=\"column\" data-e-type=\"column\">\n\t\t\t<div class=\"elementor-widget-wrap elementor-element-populated\">\n\t\t\t\t\t\t<div class=\"elementor-element elementor-element-d0d05da elementor-widget elementor-widget-image\" data-id=\"d0d05da\" data-element_type=\"widget\" data-e-type=\"widget\" data-widget_type=\"image.default\">\n\t\t\t\t<div class=\"elementor-widget-container\">\n\t\t\t\t\t\t\t\t\t\t\t\t\t\t\t<img fetchpriority=\"high\" decoding=\"async\" width=\"541\" height=\"797\" src=\"https:\/\/salve-corda.org\/wp-content\/uploads\/2021\/07\/jean-paul-2.png\" class=\"attachment-large size-large wp-image-915\" alt=\"\" srcset=\"https:\/\/salve-corda.org\/wp-content\/uploads\/2021\/07\/jean-paul-2.png 541w, https:\/\/salve-corda.org\/wp-content\/uploads\/2021\/07\/jean-paul-2-204x300.png 204w\" sizes=\"(max-width: 541px) 100vw, 541px\" \/>\t\t\t\t\t\t\t\t\t\t\t\t\t\t\t<\/div>\n\t\t\t\t<\/div>\n\t\t\t\t\t<\/div>\n\t\t<\/div>\n\t\t\t\t\t<\/div>\n\t\t<\/section>\n\t\t\t\t<section class=\"elementor-section elementor-top-section elementor-element elementor-element-540b23c elementor-section-boxed elementor-section-height-default elementor-section-height-default\" data-id=\"540b23c\" data-element_type=\"section\" data-e-type=\"section\" data-settings=\"{&quot;background_background&quot;:&quot;classic&quot;}\">\n\t\t\t\t\t\t<div class=\"elementor-container elementor-column-gap-default\">\n\t\t\t\t\t<div class=\"elementor-column elementor-col-100 elementor-top-column elementor-element elementor-element-347b2e4\" data-id=\"347b2e4\" data-element_type=\"column\" data-e-type=\"column\">\n\t\t\t<div class=\"elementor-widget-wrap elementor-element-populated\">\n\t\t\t\t\t\t<div class=\"elementor-element elementor-element-c411474 elementor-widget elementor-widget-text-editor\" data-id=\"c411474\" data-element_type=\"widget\" data-e-type=\"widget\" data-widget_type=\"text-editor.default\">\n\t\t\t\t<div class=\"elementor-widget-container\">\n\t\t\t\t\t\t\t\t\t<p>Anche suor Lucia ha avuto queste impressionanti parole da dire:<\/p><p><span style=\"color: #6288c6;\"><i>\"Lei (la Beata Vergine, ndr) ha detto a me e ai miei cugini che Dio ha dato ai bambini il diritto di nascere. <\/i><u><i>ultimi due rimedi <\/i><\/u><i>nel mondo<\/i> <i>Questi sono il Santo Rosario e la devozione al Cuore Immacolato di Maria, questi ultimi due sono gli ultimi due.<\/i><i>\u00e8des<\/i><i> questo significa <\/i><u><i>che non ci sar\u00e0 nessun altro<\/i><\/u><i>. \"<\/i><\/span><\/p><p style=\"text-align: right;\">26 dicembre 1957<\/p><p>Se Dio porta \"gli ultimi rimedi\", \u00e8 perch\u00e9 non saranno mai superati e, soprattutto, perch\u00e9 accompagneranno l'umanit\u00e0 fino alla fine del mondo.<\/p>\t\t\t\t\t\t\t\t<\/div>\n\t\t\t\t<\/div>\n\t\t\t\t\t<\/div>\n\t\t<\/div>\n\t\t\t\t\t<\/div>\n\t\t<\/section>\n\t\t\t\t<section class=\"elementor-section elementor-top-section elementor-element elementor-element-cb4c1ef elementor-section-boxed elementor-section-height-default elementor-section-height-default\" data-id=\"cb4c1ef\" data-element_type=\"section\" data-e-type=\"section\" data-settings=\"{&quot;background_background&quot;:&quot;classic&quot;}\">\n\t\t\t\t\t\t<div class=\"elementor-container elementor-column-gap-default\">\n\t\t\t\t\t<div class=\"elementor-column elementor-col-100 elementor-top-column elementor-element elementor-element-366de94\" data-id=\"366de94\" data-element_type=\"column\" data-e-type=\"column\">\n\t\t\t<div class=\"elementor-widget-wrap elementor-element-populated\">\n\t\t\t\t\t\t<div class=\"elementor-element elementor-element-47a880f elementor-widget elementor-widget-text-editor\" data-id=\"47a880f\" data-element_type=\"widget\" data-e-type=\"widget\" data-widget_type=\"text-editor.default\">\n\t\t\t\t<div class=\"elementor-widget-container\">\n\t\t\t\t\t\t\t\t\t<p><strong><span style=\"text-decoration: underline;\">La salvezza dei peccatori pi\u00f9 attuale che mai<\/span><\/strong><\/p><p>\u00a0<\/p><p>A Fatima, la Madonna ha mostrato a tre bambini l'inferno eterno, per sottolineare la natura spaventosa delle anime che cadono all'inferno \"come foglie in autunno\", come ha detto a La Salette. A Fatima ci ha spiegato che dovevamo salvarli e come dovevamo farlo.<\/p><p>Come Benedetto XVI, possiamo dire che il mondo non ha mai commesso tanti peccati, n\u00e9 in quantit\u00e0 n\u00e9 in gravit\u00e0. E non siamo mai stati cos\u00ec tanti. Quindi \u00e8 probabile che il numero di persone che vanno all'inferno ogni giorno aumenti. <b>non \u00e8 mai stato cos\u00ec alto nella storia dell'umanit\u00e0.<\/b><\/p><p>\u00a0<\/p><p>Il Cuore Immacolato di Maria, potente mezzo per la conversione dei peccatori, \u00e8 quindi oggi della massima importanza, perch\u00e9 \u00e8 attraverso questa devozione che liberiamo il maggior numero di anime di peccatori.<\/p><p>\u00a0<\/p>\t\t\t\t\t\t\t\t<\/div>\n\t\t\t\t<\/div>\n\t\t\t\t<div class=\"elementor-element elementor-element-57ac6a8 elementor-widget elementor-widget-text-editor\" data-id=\"57ac6a8\" data-element_type=\"widget\" data-e-type=\"widget\" data-widget_type=\"text-editor.default\">\n\t\t\t\t<div class=\"elementor-widget-container\">\n\t\t\t\t\t\t\t\t\t<p><span style=\"text-decoration: underline;\"><strong>Gli avvertimenti di Cristo stesso<\/strong><\/span><\/p>\n<p><strong><br><\/strong><\/p>\n<p><strong><\/strong><\/p>\n<p><\/p>\n<p>Alors que la Sainte Vierge a proph\u00e9tis\u00e9 qu&#8217;\u00e0 la fin la d\u00e9votion \u00e0 son C\u0153ur serait \u00e9tablie, le Christ Lui-m\u00eame a averti les hommes des cons\u00e9quences de ne pas suivre ses demandes en comparant la situation \u00e0 celle du Sacr\u00e9-C\u0153ur :<br><br><\/p>\n<p><\/p>\n<p><em><span style=\"color: #6288c6;\">\"Fate sapere ai miei ministri che, poich\u00e9 stanno seguendo l'esempio del re di Francia nel ritardare l'esecuzione della mia richiesta, lo seguiranno nella disgrazia.&nbsp; &nbsp; &nbsp; &nbsp; &nbsp; &nbsp; &nbsp; &nbsp; &nbsp; &nbsp; &nbsp; &nbsp; &nbsp; &nbsp; &nbsp; &nbsp; &nbsp; &nbsp; &nbsp; &nbsp; &nbsp; &nbsp; &nbsp; &nbsp; &nbsp; &nbsp; &nbsp; &nbsp; &nbsp; &nbsp; &nbsp; &nbsp; &nbsp; &nbsp; &nbsp; &nbsp; &nbsp; &nbsp; &nbsp; &nbsp; &nbsp; &nbsp; &nbsp; &nbsp; &nbsp; &nbsp; &nbsp; &nbsp; &nbsp; &nbsp; &nbsp; &nbsp; &nbsp; &nbsp; &nbsp; &nbsp; &nbsp; &nbsp; &nbsp; &nbsp; &nbsp; &nbsp; &nbsp; &nbsp; &nbsp; &nbsp; &nbsp; &nbsp; &nbsp; &nbsp; &nbsp; &nbsp; &nbsp; &nbsp; &nbsp; &nbsp; &nbsp; &nbsp; &nbsp;&nbsp;<\/span><\/em><span style=\"text-align: right; color: var( --e-global-color-text ); font-family: var( --e-global-typography-18e5089-font-family ), Sans-serif; font-size: var( --e-global-typography-18e5089-font-size ); font-weight: var( --e-global-typography-18e5089-font-weight ); letter-spacing: var( --e-global-typography-18e5089-letter-spacing ); background-color: var( --e-global-color-f890547 );\">Cristo, primavera 1931 a Rianjo<br><br><\/span><\/p>\n<p><\/p>\n<p><em><span style=\"color: #6288c6;\">\"Non hanno voluto ascoltare la mia richiesta! Come il re di Francia, si pentiranno.&nbsp; &nbsp; &nbsp; &nbsp; &nbsp; &nbsp; &nbsp; &nbsp; &nbsp; &nbsp; &nbsp; &nbsp; &nbsp; &nbsp; &nbsp; &nbsp; &nbsp; &nbsp; &nbsp; &nbsp; &nbsp; &nbsp; &nbsp; &nbsp; &nbsp; &nbsp; &nbsp; &nbsp; &nbsp; &nbsp; &nbsp; <\/span><\/em><span style=\"text-align: right; color: var( --e-global-color-text ); font-family: var( --e-global-typography-18e5089-font-family ), Sans-serif; font-size: var( --e-global-typography-18e5089-font-size ); font-weight: var( --e-global-typography-18e5089-font-weight ); letter-spacing: var( --e-global-typography-18e5089-letter-spacing ); background-color: var( --e-global-color-f890547 );\">Estate 1931 Cristo a Suor Lucia<\/span><\/p>\n<p style=\"text-align: right;\"><br><\/p>\n<p><\/p>\n<p>Questa \u00e8 una prova assoluta della natura attuale di questa devozione.&nbsp;<span style=\"color: var( --e-global-color-text ); font-family: var( --e-global-typography-18e5089-font-family ), Sans-serif; font-size: var( --e-global-typography-18e5089-font-size ); font-weight: var( --e-global-typography-18e5089-font-weight ); letter-spacing: var( --e-global-typography-18e5089-letter-spacing ); background-color: var( --e-global-color-f890547 );\">Va ricordato che la Rivoluzione francese scoppi\u00f2 100 anni dopo il rifiuto del re di eseguire le richieste del Sacro Cuore. Ora <\/span><span style=\"color: var( --e-global-color-text ); font-family: var( --e-global-typography-18e5089-font-family ), Sans-serif; font-size: var( --e-global-typography-18e5089-font-size ); letter-spacing: var( --e-global-typography-18e5089-letter-spacing ); background-color: var( --e-global-color-f890547 );\">l<\/span><span style=\"color: var( --e-global-color-text ); font-family: var( --e-global-typography-18e5089-font-family ), Sans-serif; font-size: var( --e-global-typography-18e5089-font-size ); letter-spacing: var( --e-global-typography-18e5089-letter-spacing ); background-color: var( --e-global-color-f890547 );\">prima<\/span><span style=\"color: var( --e-global-color-text ); font-family: var( --e-global-typography-18e5089-font-family ), Sans-serif; font-size: var( --e-global-typography-18e5089-font-size ); letter-spacing: var( --e-global-typography-18e5089-letter-spacing ); background-color: var( --e-global-color-f890547 );\">s<\/span><span style=\"color: var( --e-global-color-text ); font-family: var( --e-global-typography-18e5089-font-family ), Sans-serif; font-size: var( --e-global-typography-18e5089-font-size ); letter-spacing: var( --e-global-typography-18e5089-letter-spacing ); background-color: var( --e-global-color-f890547 );\"> Sabato del mese in onore del Cuore Immacolato di Maria<b> sono stati richiesti<\/b><\/span><b style=\"color: var( --e-global-color-text ); font-family: var( --e-global-typography-18e5089-font-family ), Sans-serif; font-size: var( --e-global-typography-18e5089-font-size ); letter-spacing: var( --e-global-typography-18e5089-letter-spacing ); background-color: var( --e-global-color-f890547 );\">s<\/b><b style=\"color: var( --e-global-color-text ); font-family: var( --e-global-typography-18e5089-font-family ), Sans-serif; font-size: var( --e-global-typography-18e5089-font-size ); letter-spacing: var( --e-global-typography-18e5089-letter-spacing ); background-color: var( --e-global-color-f890547 );\"> a Fatima nel 1925, il che ci porta al 2025... <\/b><span style=\"color: var( --e-global-color-text ); font-family: var( --e-global-typography-18e5089-font-family ), Sans-serif; font-size: var( --e-global-typography-18e5089-font-size ); font-weight: var( --e-global-typography-18e5089-font-weight ); letter-spacing: var( --e-global-typography-18e5089-letter-spacing ); background-color: var( --e-global-color-f890547 );\">\u00c8 difficile credere che l'impatto di Fatima sia finito.<\/span><\/p>\n<p><span style=\"color: var( --e-global-color-text ); font-family: var( --e-global-typography-18e5089-font-family ), Sans-serif; font-size: var( --e-global-typography-18e5089-font-size ); font-weight: var( --e-global-typography-18e5089-font-weight ); letter-spacing: var( --e-global-typography-18e5089-letter-spacing ); background-color: var( --e-global-color-f890547 );\"><br><\/span><\/p>\n<p><\/p>\n<p>Infine, ascoltiamo suor Lucia, che \u00e8 stata categorica sulla necessit\u00e0 di seguire oggi le richieste della Madonna:<\/p>\n<p><\/p>\n<p><span style=\"color: #6288c6;\"><i>\"Sempre nei piani della provvidenza, quando Dio sta per punire il mondo, esaurisce prima tutti gli altri rimedi. Ora, poich\u00e9 ha visto che il mondo non ha fatto uso di nessuno di essi, allora, come diremmo nel nostro modo imperfetto di parlare, ci offre con un certo timore l'ultimo mezzo di salvezza, sua Madre. <\/i><i><b>PERCH\u00c9 SE DISPREZZIAMO E RIFIUTIAMO QUESTO MEZZO ULTIMO, NON AVREMO PI\u00d9 IL PERDONO DEL CIELO PERCH\u00c9 AVREMO COMMESSO UN PECCATO CONTRO LO SPIRITO SANTO, CHE CONSISTE NEL RIFIUTARE APERTAMENTE, CON PIENA CONSAPEVOLEZZA E VOLONT\u00c0, LA SALVEZZA CHE CI VIENE OFFERTA.&nbsp;<\/b><\/i><\/span><em style=\"color: var( --e-global-color-text ); font-family: var( --e-global-typography-18e5089-font-family ), Sans-serif; font-size: var( --e-global-typography-18e5089-font-size ); font-weight: var( --e-global-typography-18e5089-font-weight ); letter-spacing: var( --e-global-typography-18e5089-letter-spacing ); background-color: var( --e-global-color-f890547 );\"><span style=\"color: #6288c6;\">\"&nbsp; &nbsp; &nbsp; &nbsp;<\/span><\/em><span style=\"color: #6288c6;\"><i><br><\/i><\/span><\/p>\t\t\t\t\t\t\t\t<\/div>\n\t\t\t\t<\/div>\n\t\t\t\t\t<\/div>\n\t\t<\/div>\n\t\t\t\t\t<\/div>\n\t\t<\/section>\n\t\t\t\t<\/div>","protected":false},"excerpt":{"rendered":"<p>Pourquoi FATIMA EST TOUJOURS D&#8217;actualite Une\u00a0 demande de Dieu lui-m\u00eame pour notre \u00e9poque \u00a0 A Fatima la Sainte Vierge a exprim\u00e9 sa demande en ces termes : \u00ab Dieu veut \u00e9tablir dans le [&hellip;]<\/p>","protected":false},"author":1,"featured_media":0,"parent":0,"menu_order":0,"comment_status":"closed","ping_status":"closed","template":"elementor_header_footer","meta":{"footnotes":""},"class_list":["post-476","page","type-page","status-publish","hentry"],"_links":{"self":[{"href":"https:\/\/salve-corda.org\/it\/wp-json\/wp\/v2\/pages\/476","targetHints":{"allow":["GET"]}}],"collection":[{"href":"https:\/\/salve-corda.org\/it\/wp-json\/wp\/v2\/pages"}],"about":[{"href":"https:\/\/salve-corda.org\/it\/wp-json\/wp\/v2\/types\/page"}],"author":[{"embeddable":true,"href":"https:\/\/salve-corda.org\/it\/wp-json\/wp\/v2\/users\/1"}],"replies":[{"embeddable":true,"href":"https:\/\/salve-corda.org\/it\/wp-json\/wp\/v2\/comments?post=476"}],"version-history":[{"count":51,"href":"https:\/\/salve-corda.org\/it\/wp-json\/wp\/v2\/pages\/476\/revisions"}],"predecessor-version":[{"id":16295,"href":"https:\/\/salve-corda.org\/it\/wp-json\/wp\/v2\/pages\/476\/revisions\/16295"}],"wp:attachment":[{"href":"https:\/\/salve-corda.org\/it\/wp-json\/wp\/v2\/media?parent=476"}],"curies":[{"name":"wp","href":"https:\/\/api.w.org\/{rel}","templated":true}]}}