{"id":571,"date":"2021-07-12T12:43:57","date_gmt":"2021-07-12T10:43:57","guid":{"rendered":"https:\/\/salve-corda.org\/?page_id=571"},"modified":"2025-06-25T10:09:52","modified_gmt":"2025-06-25T08:09:52","slug":"historique","status":"publish","type":"page","link":"https:\/\/salve-corda.org\/it\/historique\/","title":{"rendered":"les coeurs de J\u00e9sus et Marie dans l&#8217;histoire"},"content":{"rendered":"<div data-elementor-type=\"wp-page\" data-elementor-id=\"571\" class=\"elementor elementor-571\">\n\t\t\t\t\t\t<section class=\"elementor-section elementor-top-section elementor-element elementor-element-678f123 elementor-section-boxed elementor-section-height-default elementor-section-height-default\" data-id=\"678f123\" data-element_type=\"section\" data-e-type=\"section\">\n\t\t\t\t\t\t<div class=\"elementor-container elementor-column-gap-default\">\n\t\t\t\t\t<div class=\"elementor-column elementor-col-100 elementor-top-column elementor-element elementor-element-c146022\" data-id=\"c146022\" data-element_type=\"column\" data-e-type=\"column\">\n\t\t\t<div class=\"elementor-widget-wrap elementor-element-populated\">\n\t\t\t\t\t\t<div class=\"elementor-element elementor-element-e008568 elementor-widget elementor-widget-spacer\" data-id=\"e008568\" data-element_type=\"widget\" data-e-type=\"widget\" data-widget_type=\"spacer.default\">\n\t\t\t\t<div class=\"elementor-widget-container\">\n\t\t\t\t\t\t\t<div class=\"elementor-spacer\">\n\t\t\t<div class=\"elementor-spacer-inner\"><\/div>\n\t\t<\/div>\n\t\t\t\t\t\t<\/div>\n\t\t\t\t<\/div>\n\t\t\t\t\t<\/div>\n\t\t<\/div>\n\t\t\t\t\t<\/div>\n\t\t<\/section>\n\t\t\t\t<section class=\"elementor-section elementor-top-section elementor-element elementor-element-0dfa2dc elementor-section-boxed elementor-section-height-default elementor-section-height-default\" data-id=\"0dfa2dc\" data-element_type=\"section\" data-e-type=\"section\">\n\t\t\t\t\t\t<div class=\"elementor-container elementor-column-gap-default\">\n\t\t\t\t\t<div class=\"elementor-column elementor-col-100 elementor-top-column elementor-element elementor-element-c979f7e\" data-id=\"c979f7e\" data-element_type=\"column\" data-e-type=\"column\">\n\t\t\t<div class=\"elementor-widget-wrap elementor-element-populated\">\n\t\t\t\t\t\t<div class=\"elementor-element elementor-element-6ff4dd5 elementor-widget elementor-widget-heading\" data-id=\"6ff4dd5\" data-element_type=\"widget\" data-e-type=\"widget\" data-widget_type=\"heading.default\">\n\t\t\t\t<div class=\"elementor-widget-container\">\n\t\t\t\t\t<h2 class=\"elementor-heading-title elementor-size-default\">Una meravigliosa storia della devozione ai Sacri Cuori di Ges\u00f9 e Maria<\/h2>\t\t\t\t<\/div>\n\t\t\t\t<\/div>\n\t\t\t\t\t<\/div>\n\t\t<\/div>\n\t\t\t\t\t<\/div>\n\t\t<\/section>\n\t\t\t\t<section class=\"elementor-section elementor-top-section elementor-element elementor-element-1b12408 elementor-section-boxed elementor-section-height-default elementor-section-height-default\" data-id=\"1b12408\" data-element_type=\"section\" data-e-type=\"section\">\n\t\t\t\t\t\t<div class=\"elementor-container elementor-column-gap-default\">\n\t\t\t\t\t<div class=\"elementor-column elementor-col-50 elementor-top-column elementor-element elementor-element-0c9b7e5\" data-id=\"0c9b7e5\" data-element_type=\"column\" data-e-type=\"column\">\n\t\t\t<div class=\"elementor-widget-wrap elementor-element-populated\">\n\t\t\t\t\t\t<div class=\"elementor-element elementor-element-f3671d8 elementor-widget elementor-widget-heading\" data-id=\"f3671d8\" data-element_type=\"widget\" data-e-type=\"widget\" data-widget_type=\"heading.default\">\n\t\t\t\t<div class=\"elementor-widget-container\">\n\t\t\t\t\t<h3 class=\"elementor-heading-title elementor-size-default\">Il Vangelo e la Chiesa primitiva<\/h3>\t\t\t\t<\/div>\n\t\t\t\t<\/div>\n\t\t\t\t<div class=\"elementor-element elementor-element-514251a elementor-widget elementor-widget-text-editor\" data-id=\"514251a\" data-element_type=\"widget\" data-e-type=\"widget\" data-widget_type=\"text-editor.default\">\n\t\t\t\t<div class=\"elementor-widget-container\">\n\t\t\t\t\t\t\t\t\t<p><span style=\"color: var( --e-global-color-text );\">La venerazione dei Cuori di Ges\u00f9 e di Maria ha la sua fonte nel Vangelo: \"Amerai il Signore tuo Dio\". <\/span><b style=\"color: var( --e-global-color-text );\">con tutto il cuore<\/b><span style=\"color: var( --e-global-color-text );\">Con tutta l'anima e con tutta la mente. Questo \u00e8 il pi\u00f9 grande e il primo comandamento\" (Mt 22, 36-40).<\/span><\/p><p>\u00a0<\/p><p>L'importanza dell'amore per i Santi\u00a0<span style=\"color: var( --e-global-color-text );\">Cuori<\/span><span style=\"color: var( --e-global-color-text );\">\u00a0di Ges\u00f9 e Maria trova la sua ispirazione in questo primo comandamento.<\/span><\/p><p>\u00a0<\/p><p>Alla Presentazione al Tempio, San Simeone disse alla Vergine: \"Una spada ti trafigger\u00e0 l'anima\" (intendendo qui il suo cuore di Madre). Quando, con San Giuseppe, ritrov\u00f2 Ges\u00f9 nel Tempio dopo averlo perduto, il Vangelo ci dice: \"La Beata Vergine conservava e meditava tutti questi avvenimenti nella sua mente\". <span style=\"color: var( --e-global-color-text );\">Cuore<\/span><span style=\"color: var( --e-global-color-text );\">\u00a0\"(Luca 2,52). La sera dell'Ultima Cena, San Giovanni, il discepolo che Ges\u00f9 amava, poser\u00e0 affettuosamente il suo capo su quello di Ges\u00f9.\u00a0<\/span><span style=\"color: var( --e-global-color-text );\">Cuore<\/span><span style=\"color: var( --e-global-color-text );\">\u00a0di Cristo (Giovanni 13:23-25). Sulla croce, il\u00a0<\/span><span style=\"color: var( --e-global-color-text );\">Cuore<\/span><span style=\"color: var( --e-global-color-text );\">\u00a0di Cristo sar\u00e0 trafitto e ne usciranno sangue e acqua (simbolo dell'Eucaristia e del Battesimo).<\/span><\/p>\t\t\t\t\t\t\t\t<\/div>\n\t\t\t\t<\/div>\n\t\t\t\t\t<\/div>\n\t\t<\/div>\n\t\t\t\t<div class=\"elementor-column elementor-col-50 elementor-top-column elementor-element elementor-element-3c47905\" data-id=\"3c47905\" data-element_type=\"column\" data-e-type=\"column\">\n\t\t\t<div class=\"elementor-widget-wrap elementor-element-populated\">\n\t\t\t\t\t\t<div class=\"elementor-element elementor-element-e382e94 elementor-widget elementor-widget-image\" data-id=\"e382e94\" data-element_type=\"widget\" data-e-type=\"widget\" data-widget_type=\"image.default\">\n\t\t\t\t<div class=\"elementor-widget-container\">\n\t\t\t\t\t\t\t\t\t\t\t\t\t\t\t<img fetchpriority=\"high\" decoding=\"async\" width=\"595\" height=\"683\" src=\"https:\/\/salve-corda.org\/wp-content\/uploads\/2021\/07\/Sans-titre.png\" class=\"attachment-large size-large wp-image-619\" alt=\"\" srcset=\"https:\/\/salve-corda.org\/wp-content\/uploads\/2021\/07\/Sans-titre.png 595w, https:\/\/salve-corda.org\/wp-content\/uploads\/2021\/07\/Sans-titre-261x300.png 261w\" sizes=\"(max-width: 595px) 100vw, 595px\" \/>\t\t\t\t\t\t\t\t\t\t\t\t\t\t\t<\/div>\n\t\t\t\t<\/div>\n\t\t\t\t\t<\/div>\n\t\t<\/div>\n\t\t\t\t\t<\/div>\n\t\t<\/section>\n\t\t\t\t<section class=\"elementor-section elementor-top-section elementor-element elementor-element-7080df4 elementor-section-boxed elementor-section-height-default elementor-section-height-default\" data-id=\"7080df4\" data-element_type=\"section\" data-e-type=\"section\">\n\t\t\t\t\t\t<div class=\"elementor-container elementor-column-gap-default\">\n\t\t\t\t\t<div class=\"elementor-column elementor-col-100 elementor-top-column elementor-element elementor-element-e97c5fb\" data-id=\"e97c5fb\" data-element_type=\"column\" data-e-type=\"column\">\n\t\t\t<div class=\"elementor-widget-wrap elementor-element-populated\">\n\t\t\t\t\t\t<div class=\"elementor-element elementor-element-e529522 elementor-widget elementor-widget-text-editor\" data-id=\"e529522\" data-element_type=\"widget\" data-e-type=\"widget\" data-widget_type=\"text-editor.default\">\n\t\t\t\t<div class=\"elementor-widget-container\">\n\t\t\t\t\t\t\t\t\t<p>In seguito, Papi e Santi cominciarono a parlare della devozione dovuta ai Cuori di Ges\u00f9 e di Maria. Nel 604, Papa San Gregorio Magno ci insegnava: \"Imparate dal Cuore di Ges\u00f9 e di Maria.\u00a0<span style=\"color: var( --e-global-color-text ); font-family: var( --e-global-typography-18e5089-font-family ), Sans-serif; font-size: var( --e-global-typography-18e5089-font-size ); font-weight: var( --e-global-typography-18e5089-font-weight ); letter-spacing: var( --e-global-typography-18e5089-letter-spacing );\">Cuore<\/span><span style=\"color: var( --e-global-color-text ); font-family: var( --e-global-typography-18e5089-font-family ), Sans-serif; font-size: var( --e-global-typography-18e5089-font-size ); font-weight: var( --e-global-typography-18e5089-font-weight ); letter-spacing: var( --e-global-typography-18e5089-letter-spacing );\">\u00a0gli insegnamenti di Dio per desiderare ardentemente le cose eterne\". Poi ci furono Sant'Anselmo nel X secolo, San Bernardo di Clervaux nel XII, San Francesco d'Assisi nel XIII, San Bonaventura, Santa Gertrude di Helfta e Santa Mechtilde di Hackeborn.<\/span><\/p><p>\u00a0<\/p>\t\t\t\t\t\t\t\t<\/div>\n\t\t\t\t<\/div>\n\t\t\t\t\t<\/div>\n\t\t<\/div>\n\t\t\t\t\t<\/div>\n\t\t<\/section>\n\t\t\t\t<section class=\"elementor-section elementor-top-section elementor-element elementor-element-70b8a99 elementor-section-boxed elementor-section-height-default elementor-section-height-default\" data-id=\"70b8a99\" data-element_type=\"section\" data-e-type=\"section\" data-settings=\"{&quot;background_background&quot;:&quot;classic&quot;}\">\n\t\t\t\t\t\t<div class=\"elementor-container elementor-column-gap-default\">\n\t\t\t\t\t<div class=\"elementor-column elementor-col-100 elementor-top-column elementor-element elementor-element-3294498\" data-id=\"3294498\" data-element_type=\"column\" data-e-type=\"column\">\n\t\t\t<div class=\"elementor-widget-wrap elementor-element-populated\">\n\t\t\t\t\t\t<div class=\"elementor-element elementor-element-6abbfba elementor-widget elementor-widget-heading\" data-id=\"6abbfba\" data-element_type=\"widget\" data-e-type=\"widget\" data-widget_type=\"heading.default\">\n\t\t\t\t<div class=\"elementor-widget-container\">\n\t\t\t\t\t<h3 class=\"elementor-heading-title elementor-size-default\">San Giovanni Eudes il Precursore, XVII secolo<\/h3>\t\t\t\t<\/div>\n\t\t\t\t<\/div>\n\t\t\t\t<div class=\"elementor-element elementor-element-be64bdf elementor-widget elementor-widget-text-editor\" data-id=\"be64bdf\" data-element_type=\"widget\" data-e-type=\"widget\" data-widget_type=\"text-editor.default\">\n\t\t\t\t<div class=\"elementor-widget-container\">\n\t\t\t\t\t\t\t\t\t<p>Cos\u00ec come San Giovanni Battista annunci\u00f2 la venuta di Cristo, fu un altro Giovanni, San Giovanni Eudes, ad annunciare realmente la grande devozione ai Cuori di Ges\u00f9 e di Maria. Egli fu il primo ad associarli strettamente, e in particolare scrisse questa bellissima preghiera che riassume tutto il suo insegnamento e che \u00e8 nota come la<u>Ave Cor.<\/u><\/p>\t\t\t\t\t\t\t\t<\/div>\n\t\t\t\t<\/div>\n\t\t\t\t\t<\/div>\n\t\t<\/div>\n\t\t\t\t\t<\/div>\n\t\t<\/section>\n\t\t\t\t<section class=\"elementor-section elementor-top-section elementor-element elementor-element-2937365 elementor-section-boxed elementor-section-height-default elementor-section-height-default\" data-id=\"2937365\" data-element_type=\"section\" data-e-type=\"section\" data-settings=\"{&quot;background_background&quot;:&quot;classic&quot;}\">\n\t\t\t\t\t\t<div class=\"elementor-container elementor-column-gap-default\">\n\t\t\t\t\t<div class=\"elementor-column elementor-col-50 elementor-top-column elementor-element elementor-element-dd4d11d\" data-id=\"dd4d11d\" data-element_type=\"column\" data-e-type=\"column\">\n\t\t\t<div class=\"elementor-widget-wrap elementor-element-populated\">\n\t\t\t\t\t\t<div class=\"elementor-element elementor-element-49dcb3c elementor-widget elementor-widget-image\" data-id=\"49dcb3c\" data-element_type=\"widget\" data-e-type=\"widget\" data-widget_type=\"image.default\">\n\t\t\t\t<div class=\"elementor-widget-container\">\n\t\t\t\t\t\t\t\t\t\t\t\t\t\t\t<img decoding=\"async\" width=\"640\" height=\"479\" src=\"https:\/\/salve-corda.org\/wp-content\/uploads\/2021\/07\/Sans-titre-1.png\" class=\"attachment-large size-large wp-image-623\" alt=\"\" srcset=\"https:\/\/salve-corda.org\/wp-content\/uploads\/2021\/07\/Sans-titre-1.png 781w, https:\/\/salve-corda.org\/wp-content\/uploads\/2021\/07\/Sans-titre-1-300x225.png 300w, https:\/\/salve-corda.org\/wp-content\/uploads\/2021\/07\/Sans-titre-1-768x575.png 768w\" sizes=\"(max-width: 640px) 100vw, 640px\" \/>\t\t\t\t\t\t\t\t\t\t\t\t\t\t\t<\/div>\n\t\t\t\t<\/div>\n\t\t\t\t\t<\/div>\n\t\t<\/div>\n\t\t\t\t<div class=\"elementor-column elementor-col-50 elementor-top-column elementor-element elementor-element-7242630\" data-id=\"7242630\" data-element_type=\"column\" data-e-type=\"column\">\n\t\t\t<div class=\"elementor-widget-wrap elementor-element-populated\">\n\t\t\t\t\t\t<div class=\"elementor-element elementor-element-f470957 elementor-widget elementor-widget-text-editor\" data-id=\"f470957\" data-element_type=\"widget\" data-e-type=\"widget\" data-widget_type=\"text-editor.default\">\n\t\t\t\t<div class=\"elementor-widget-container\">\n\t\t\t\t\t\t\t\t\t<p><span style=\"color: #6288c6;\"><i>\"Questa preghiera \u00e8 rivolta congiuntamente ai Sacratissimi Cuori di Ges\u00f9 e di Maria. Infatti, anche se il Cuore del Figlio \u00e8 diverso da quello della Madre, e lo supera infinitamente in eccellenza e santit\u00e0, Dio ha unito questi due Cuori cos\u00ec strettamente che possiamo veramente dire che sono un solo Cuore, perch\u00e9 sono sempre stati animati dallo stesso spirito e pieni degli stessi sentimenti e affetti. Ges\u00f9 \u00e8 cos\u00ec vivo e regnante in Maria che \u00e8 veramente l'anima della sua anima, la mente e il cuore del suo cuore. Tanto che, propriamente parlando, il Cuore di Maria \u00e8 Ges\u00f9; e quindi salutare e adorare il Cuore di Maria \u00e8 salutare e adorare Ges\u00f9 in quanto \u00e8 lo spirito, l'anima, la vita e il Cuore della sua Santissima Madre\".\u00a0<\/i><\/span><\/p><p style=\"text-align: right;\"><i>San Giovanni Eudes (1601 - 1680)<\/i><\/p>\t\t\t\t\t\t\t\t<\/div>\n\t\t\t\t<\/div>\n\t\t\t\t\t<\/div>\n\t\t<\/div>\n\t\t\t\t\t<\/div>\n\t\t<\/section>\n\t\t\t\t<section class=\"elementor-section elementor-top-section elementor-element elementor-element-6e709fd elementor-section-boxed elementor-section-height-default elementor-section-height-default\" data-id=\"6e709fd\" data-element_type=\"section\" data-e-type=\"section\" data-settings=\"{&quot;background_background&quot;:&quot;classic&quot;}\">\n\t\t\t\t\t\t<div class=\"elementor-container elementor-column-gap-default\">\n\t\t\t\t\t<div class=\"elementor-column elementor-col-100 elementor-top-column elementor-element elementor-element-527e7b6\" data-id=\"527e7b6\" data-element_type=\"column\" data-e-type=\"column\">\n\t\t\t<div class=\"elementor-widget-wrap elementor-element-populated\">\n\t\t\t\t\t\t<div class=\"elementor-element elementor-element-52ac9c0 elementor-widget elementor-widget-text-editor\" data-id=\"52ac9c0\" data-element_type=\"widget\" data-e-type=\"widget\" data-widget_type=\"text-editor.default\">\n\t\t\t\t<div class=\"elementor-widget-container\">\n\t\t\t\t\t\t\t\t\t<p>Dopo che questa devozione \u00e8 stata magnificamente introdotta nella Chiesa, Cristo e la Beata Vergine verranno di persona a rivelarci, in tre tappe successive, la necessit\u00e0 di porre la devozione ai loro Cuori uniti al centro della nostra vita moderna.<\/p>\t\t\t\t\t\t\t\t<\/div>\n\t\t\t\t<\/div>\n\t\t\t\t\t<\/div>\n\t\t<\/div>\n\t\t\t\t\t<\/div>\n\t\t<\/section>\n\t\t\t\t<section class=\"elementor-section elementor-top-section elementor-element elementor-element-2bdb93e elementor-section-boxed elementor-section-height-default elementor-section-height-default\" data-id=\"2bdb93e\" data-element_type=\"section\" data-e-type=\"section\">\n\t\t\t\t\t\t<div class=\"elementor-container elementor-column-gap-default\">\n\t\t\t\t\t<div class=\"elementor-column elementor-col-50 elementor-top-column elementor-element elementor-element-53ec56f\" data-id=\"53ec56f\" data-element_type=\"column\" data-e-type=\"column\">\n\t\t\t<div class=\"elementor-widget-wrap elementor-element-populated\">\n\t\t\t\t\t\t<div class=\"elementor-element elementor-element-50acbea elementor-widget elementor-widget-heading\" data-id=\"50acbea\" data-element_type=\"widget\" data-e-type=\"widget\" data-widget_type=\"heading.default\">\n\t\t\t\t<div class=\"elementor-widget-container\">\n\t\t\t\t\t<h3 class=\"elementor-heading-title elementor-size-default\">Tappa 1 - Paray-le-Monial: devozione al Sacro Cuore<\/h3>\t\t\t\t<\/div>\n\t\t\t\t<\/div>\n\t\t\t\t<div class=\"elementor-element elementor-element-979e568 elementor-widget elementor-widget-text-editor\" data-id=\"979e568\" data-element_type=\"widget\" data-e-type=\"widget\" data-widget_type=\"text-editor.default\">\n\t\t\t\t<div class=\"elementor-widget-container\">\n\t\t\t\t\t\t\t\t\t<p>Nel 1673-1674, pochi anni prima della morte del suo messaggero San Giovanni Eudes, Cristo apparve a Santa Margherita Maria a Paray-le-Monial (Francia). Egli fece una solenne richiesta di devozione al suo Sacro Cuore. Descrisse in termini precisi le azioni e le preghiere che si aspettava da noi e vi alleg\u00f2 magnifiche promesse, sottolineando cos\u00ec l'importanza delle sue richieste e la forza di questa devozione.<\/p><p>\u00a0<\/p><p>Rivolgendosi ai fedeli, ha chiesto loro in particolare di <b>Comunione il primo venerd\u00ec del mese e Ora Santa il gioved\u00ec sera.<\/b>. Chiese al Re, rappresentante del potere temporale, di consacrare la sua famiglia e la Francia al Sacro Cuore e di apporre il Sacro Cuore sulla bandiera e sulle armi francesi. Ma n\u00e9 Luigi XIV n\u00e9 i suoi successori seguiranno queste richieste e, esattamente cento anni dopo, la rivoluzione distrugger\u00e0 la regalit\u00e0 in Francia e si diffonder\u00e0 nel resto del mondo.<\/p><p>\u00a0<\/p><p>D'altra parte, Papa Clemente XIII, avendo compreso l'importanza delle apparizioni di Cristo a Paray-le-Monial, istitu\u00ec ufficialmente la festa del Sacro Cuore il 6 febbraio 1765.<\/p>\t\t\t\t\t\t\t\t<\/div>\n\t\t\t\t<\/div>\n\t\t\t\t\t<\/div>\n\t\t<\/div>\n\t\t\t\t<div class=\"elementor-column elementor-col-50 elementor-top-column elementor-element elementor-element-84d445f\" data-id=\"84d445f\" data-element_type=\"column\" data-e-type=\"column\">\n\t\t\t<div class=\"elementor-widget-wrap elementor-element-populated\">\n\t\t\t\t\t\t<div class=\"elementor-element elementor-element-6535bce elementor-widget elementor-widget-image\" data-id=\"6535bce\" data-element_type=\"widget\" data-e-type=\"widget\" data-widget_type=\"image.default\">\n\t\t\t\t<div class=\"elementor-widget-container\">\n\t\t\t\t\t\t\t\t\t\t\t\t\t\t\t<img decoding=\"async\" width=\"640\" height=\"906\" src=\"https:\/\/salve-corda.org\/wp-content\/uploads\/2021\/07\/Sans-titre-2.png\" class=\"attachment-large size-large wp-image-624\" alt=\"\" srcset=\"https:\/\/salve-corda.org\/wp-content\/uploads\/2021\/07\/Sans-titre-2.png 643w, https:\/\/salve-corda.org\/wp-content\/uploads\/2021\/07\/Sans-titre-2-212x300.png 212w\" sizes=\"(max-width: 640px) 100vw, 640px\" \/>\t\t\t\t\t\t\t\t\t\t\t\t\t\t\t<\/div>\n\t\t\t\t<\/div>\n\t\t\t\t\t<\/div>\n\t\t<\/div>\n\t\t\t\t\t<\/div>\n\t\t<\/section>\n\t\t\t\t<section class=\"elementor-section elementor-top-section elementor-element elementor-element-5a04936 elementor-section-boxed elementor-section-height-default elementor-section-height-default\" data-id=\"5a04936\" data-element_type=\"section\" data-e-type=\"section\">\n\t\t\t\t\t\t<div class=\"elementor-container elementor-column-gap-default\">\n\t\t\t\t\t\t<\/div>\n\t\t<\/section>\n\t\t\t\t<section class=\"elementor-section elementor-top-section elementor-element elementor-element-92444d1 elementor-section-boxed elementor-section-height-default elementor-section-height-default\" data-id=\"92444d1\" data-element_type=\"section\" data-e-type=\"section\" data-settings=\"{&quot;background_background&quot;:&quot;classic&quot;}\">\n\t\t\t\t\t\t<div class=\"elementor-container elementor-column-gap-default\">\n\t\t\t\t\t<div class=\"elementor-column elementor-col-100 elementor-top-column elementor-element elementor-element-ca8eae2\" data-id=\"ca8eae2\" data-element_type=\"column\" data-e-type=\"column\">\n\t\t\t<div class=\"elementor-widget-wrap elementor-element-populated\">\n\t\t\t\t\t\t<div class=\"elementor-element elementor-element-5685db6 elementor-widget elementor-widget-heading\" data-id=\"5685db6\" data-element_type=\"widget\" data-e-type=\"widget\" data-widget_type=\"heading.default\">\n\t\t\t\t<div class=\"elementor-widget-container\">\n\t\t\t\t\t<h3 class=\"elementor-heading-title elementor-size-default\">Tappa 2 - Rue du Bac: il CUORE di Maria accanto al Sacro Cuore<span style=\"color: var( --e-global-color-d0f9407 );font-family: var( --e-global-typography-de41d25-font-family ), Sans-serif;font-size: var( --e-global-typography-de41d25-font-size );font-weight: var( --e-global-typography-de41d25-font-weight );letter-spacing: var( --e-global-typography-de41d25-letter-spacing );text-transform: var( --e-global-typography-de41d25-text-transform );background-color: var( --e-global-color-f890547 )\"><\/span><br><\/h3>\t\t\t\t<\/div>\n\t\t\t\t<\/div>\n\t\t\t\t\t<\/div>\n\t\t<\/div>\n\t\t\t\t\t<\/div>\n\t\t<\/section>\n\t\t\t\t<section class=\"elementor-section elementor-top-section elementor-element elementor-element-2ff03b8 elementor-section-boxed elementor-section-height-default elementor-section-height-default\" data-id=\"2ff03b8\" data-element_type=\"section\" data-e-type=\"section\" data-settings=\"{&quot;background_background&quot;:&quot;classic&quot;}\">\n\t\t\t\t\t\t<div class=\"elementor-container elementor-column-gap-default\">\n\t\t\t\t\t<div class=\"elementor-column elementor-col-50 elementor-top-column elementor-element elementor-element-4417716\" data-id=\"4417716\" data-element_type=\"column\" data-e-type=\"column\">\n\t\t\t<div class=\"elementor-widget-wrap elementor-element-populated\">\n\t\t\t\t\t\t<div class=\"elementor-element elementor-element-cbe283f elementor-widget elementor-widget-image\" data-id=\"cbe283f\" data-element_type=\"widget\" data-e-type=\"widget\" data-widget_type=\"image.default\">\n\t\t\t\t<div class=\"elementor-widget-container\">\n\t\t\t\t\t\t\t\t\t\t\t\t\t\t\t<img loading=\"lazy\" decoding=\"async\" width=\"640\" height=\"765\" src=\"https:\/\/salve-corda.org\/wp-content\/uploads\/2021\/07\/Sans-titre-3.png\" class=\"attachment-large size-large wp-image-631\" alt=\"\" srcset=\"https:\/\/salve-corda.org\/wp-content\/uploads\/2021\/07\/Sans-titre-3.png 800w, https:\/\/salve-corda.org\/wp-content\/uploads\/2021\/07\/Sans-titre-3-251x300.png 251w, https:\/\/salve-corda.org\/wp-content\/uploads\/2021\/07\/Sans-titre-3-768x918.png 768w\" sizes=\"(max-width: 640px) 100vw, 640px\" \/>\t\t\t\t\t\t\t\t\t\t\t\t\t\t\t<\/div>\n\t\t\t\t<\/div>\n\t\t\t\t\t<\/div>\n\t\t<\/div>\n\t\t\t\t<div class=\"elementor-column elementor-col-50 elementor-top-column elementor-element elementor-element-86d781d\" data-id=\"86d781d\" data-element_type=\"column\" data-e-type=\"column\">\n\t\t\t<div class=\"elementor-widget-wrap elementor-element-populated\">\n\t\t\t\t\t\t<div class=\"elementor-element elementor-element-b52464e elementor-widget elementor-widget-text-editor\" data-id=\"b52464e\" data-element_type=\"widget\" data-e-type=\"widget\" data-widget_type=\"text-editor.default\">\n\t\t\t\t<div class=\"elementor-widget-container\">\n\t\t\t\t\t\t\t\t\t<p>Il martirio del clero francese e dei cattolici durante la Rivoluzione francese e gli anni successivi - culminati nel massacro della Vandea - portarono molte grazie alla Francia. Nel 1830, la Beata Vergine apparve a Parigi in rue du Bac a Santa Caterina Labour\u00e9, annunciandole di essere la mediatrice di tutte le grazie.<\/p><p>\u00a0<\/p><p>Gli chiese di far incidere sul retro una medaglia che mostrasse il suo Cuore accanto a quello di suo figlio Ges\u00f9, un sottile segno della futura devozione al suo Cuore Immacolato. Le apparizioni di rue du Bac furono quindi il collegamento tra Paray-le-Monial e Fatima e aprirono la devozione al Cuore di Maria.<\/p>\t\t\t\t\t\t\t\t<\/div>\n\t\t\t\t<\/div>\n\t\t\t\t\t<\/div>\n\t\t<\/div>\n\t\t\t\t\t<\/div>\n\t\t<\/section>\n\t\t\t\t<section class=\"elementor-section elementor-top-section elementor-element elementor-element-6a9c5b7 elementor-section-boxed elementor-section-height-default elementor-section-height-default\" data-id=\"6a9c5b7\" data-element_type=\"section\" data-e-type=\"section\" data-settings=\"{&quot;background_background&quot;:&quot;classic&quot;}\">\n\t\t\t\t\t\t<div class=\"elementor-container elementor-column-gap-default\">\n\t\t\t\t\t<div class=\"elementor-column elementor-col-100 elementor-top-column elementor-element elementor-element-b3b880f\" data-id=\"b3b880f\" data-element_type=\"column\" data-e-type=\"column\">\n\t\t\t<div class=\"elementor-widget-wrap elementor-element-populated\">\n\t\t\t\t\t\t<div class=\"elementor-element elementor-element-2d7c9b0 elementor-widget elementor-widget-text-editor\" data-id=\"2d7c9b0\" data-element_type=\"widget\" data-e-type=\"widget\" data-widget_type=\"text-editor.default\">\n\t\t\t\t<div class=\"elementor-widget-container\">\n\t\t\t\t\t\t\t\t\t<p>La prima manifestazione di questa devozione ebbe luogo sei anni dopo. Nel 1836, la Basilica di Notre-Dame des Victoires a Parigi era deserta e il suo parroco, padre Desgenettes, era disperato. Il 3 dicembre, primo sabato del mese, mentre celebrava la Messa da solo, sent\u00ec una voce interiore che gli disse pi\u00f9 volte: \"Consacra la tua parrocchia al Cuore Immacolato di Maria\". Due settimane dopo obbed\u00ec e i fedeli cominciarono ad affluire. Cinque anni dopo, la Confraternita del Cuore Immacolato di Maria da lui fondata contava due milioni di membri e Notre-Dame des Victoires era diventata la parrocchia pi\u00f9 frequentata di Parigi.<\/p>\t\t\t\t\t\t\t\t<\/div>\n\t\t\t\t<\/div>\n\t\t\t\t\t<\/div>\n\t\t<\/div>\n\t\t\t\t\t<\/div>\n\t\t<\/section>\n\t\t\t\t<section class=\"elementor-section elementor-top-section elementor-element elementor-element-c95dddd elementor-section-boxed elementor-section-height-default elementor-section-height-default\" data-id=\"c95dddd\" data-element_type=\"section\" data-e-type=\"section\" data-settings=\"{&quot;background_background&quot;:&quot;classic&quot;}\">\n\t\t\t\t\t\t<div class=\"elementor-container elementor-column-gap-default\">\n\t\t\t\t\t<div class=\"elementor-column elementor-col-50 elementor-top-column elementor-element elementor-element-8689486\" data-id=\"8689486\" data-element_type=\"column\" data-e-type=\"column\">\n\t\t\t<div class=\"elementor-widget-wrap elementor-element-populated\">\n\t\t\t\t\t\t<div class=\"elementor-element elementor-element-c53c872 elementor-widget elementor-widget-text-editor\" data-id=\"c53c872\" data-element_type=\"widget\" data-e-type=\"widget\" data-widget_type=\"text-editor.default\">\n\t\t\t\t<div class=\"elementor-widget-container\">\n\t\t\t\t\t\t\t\t\t<p>Dopo Rue du Bac, la Vergine intensifica la sua azione diretta in modo spettacolare. Torn\u00f2 a La Salette (1846), a Lourdes (1858), a Pontmain (1871) e a Pellevoisin (1876). A Lourdes, fu il dogma del <b>l'Immacolata Concezione.<\/b>&nbsp;Notre Dame demandera \u00e9galement de fa\u00e7on incessante de prier pour les p\u00e9cheurs&nbsp; car comme le disait Sainte Th\u00e9r\u00e8se d&#8217;Avila,&nbsp; &#8220;les \u00e2mes&nbsp;<b>andare all'inferno<\/b>&nbsp;comme les feuilles des arbres tombent en automne&#8221;. Ces deux th\u00e8mes sont au c\u0153ur de Fatima qui viendra couronner ce cycle unique d\u2019apparitions mariales.<\/p>\n<p><\/p>\n<p>Allo stesso tempo, la devozione al Sacro Cuore continu\u00f2 a crescere. Il Sacro Cuore fu celebrato ovunque e molte chiese gli furono dedicate. Vetrate e statue in onore del Sacro Cuore sorsero ovunque in Francia e nel mondo. La Francia fond\u00f2 nella sua capitale la pi\u00f9 grande chiesa al mondo dedicata al Sacro Cuore. Infine, Papa Leone XIII consacr\u00f2 l'umanit\u00e0 al Sacro Cuore nel 1899.<\/p>\t\t\t\t\t\t\t\t<\/div>\n\t\t\t\t<\/div>\n\t\t\t\t\t<\/div>\n\t\t<\/div>\n\t\t\t\t<div class=\"elementor-column elementor-col-50 elementor-top-column elementor-element elementor-element-d7d71f3 elementor-hidden-mobile\" data-id=\"d7d71f3\" data-element_type=\"column\" data-e-type=\"column\">\n\t\t\t<div class=\"elementor-widget-wrap elementor-element-populated\">\n\t\t\t\t\t\t<div class=\"elementor-element elementor-element-933f430 elementor-widget elementor-widget-image\" data-id=\"933f430\" data-element_type=\"widget\" data-e-type=\"widget\" data-widget_type=\"image.default\">\n\t\t\t\t<div class=\"elementor-widget-container\">\n\t\t\t\t\t\t\t\t\t\t\t\t\t\t\t<img loading=\"lazy\" decoding=\"async\" width=\"539\" height=\"989\" src=\"https:\/\/salve-corda.org\/wp-content\/uploads\/2021\/07\/Sans-titre-4.png\" class=\"attachment-large size-large wp-image-633\" alt=\"\" srcset=\"https:\/\/salve-corda.org\/wp-content\/uploads\/2021\/07\/Sans-titre-4.png 539w, https:\/\/salve-corda.org\/wp-content\/uploads\/2021\/07\/Sans-titre-4-163x300.png 163w\" sizes=\"(max-width: 539px) 100vw, 539px\" \/>\t\t\t\t\t\t\t\t\t\t\t\t\t\t\t<\/div>\n\t\t\t\t<\/div>\n\t\t\t\t\t<\/div>\n\t\t<\/div>\n\t\t\t\t\t<\/div>\n\t\t<\/section>\n\t\t\t\t<section class=\"elementor-section elementor-top-section elementor-element elementor-element-362ac3b elementor-section-boxed elementor-section-height-default elementor-section-height-default\" data-id=\"362ac3b\" data-element_type=\"section\" data-e-type=\"section\">\n\t\t\t\t\t\t<div class=\"elementor-container elementor-column-gap-default\">\n\t\t\t\t\t<div class=\"elementor-column elementor-col-100 elementor-top-column elementor-element elementor-element-2b4f2c7\" data-id=\"2b4f2c7\" data-element_type=\"column\" data-e-type=\"column\">\n\t\t\t<div class=\"elementor-widget-wrap elementor-element-populated\">\n\t\t\t\t\t\t<div class=\"elementor-element elementor-element-4d19806 elementor-widget elementor-widget-heading\" data-id=\"4d19806\" data-element_type=\"widget\" data-e-type=\"widget\" data-widget_type=\"heading.default\">\n\t\t\t\t<div class=\"elementor-widget-container\">\n\t\t\t\t\t<h3 class=\"elementor-heading-title elementor-size-default\">Tappa 3 - Fatima: la devozione al Cuore Immacolato di Maria <br><\/h3>\t\t\t\t<\/div>\n\t\t\t\t<\/div>\n\t\t\t\t\t<\/div>\n\t\t<\/div>\n\t\t\t\t\t<\/div>\n\t\t<\/section>\n\t\t\t\t<section class=\"elementor-section elementor-top-section elementor-element elementor-element-5bacadb elementor-section-boxed elementor-section-height-default elementor-section-height-default\" data-id=\"5bacadb\" data-element_type=\"section\" data-e-type=\"section\">\n\t\t\t\t\t\t<div class=\"elementor-container elementor-column-gap-default\">\n\t\t\t\t\t<div class=\"elementor-column elementor-col-50 elementor-top-column elementor-element elementor-element-1f81626\" data-id=\"1f81626\" data-element_type=\"column\" data-e-type=\"column\">\n\t\t\t<div class=\"elementor-widget-wrap elementor-element-populated\">\n\t\t\t\t\t\t<div class=\"elementor-element elementor-element-3158d86 elementor-widget elementor-widget-image\" data-id=\"3158d86\" data-element_type=\"widget\" data-e-type=\"widget\" data-widget_type=\"image.default\">\n\t\t\t\t<div class=\"elementor-widget-container\">\n\t\t\t\t\t\t\t\t\t\t\t\t\t\t\t<img loading=\"lazy\" decoding=\"async\" width=\"489\" height=\"681\" src=\"https:\/\/salve-corda.org\/wp-content\/uploads\/2021\/07\/Sans-titre-5.png\" class=\"attachment-large size-large wp-image-655\" alt=\"\" srcset=\"https:\/\/salve-corda.org\/wp-content\/uploads\/2021\/07\/Sans-titre-5.png 489w, https:\/\/salve-corda.org\/wp-content\/uploads\/2021\/07\/Sans-titre-5-215x300.png 215w\" sizes=\"(max-width: 489px) 100vw, 489px\" \/>\t\t\t\t\t\t\t\t\t\t\t\t\t\t\t<\/div>\n\t\t\t\t<\/div>\n\t\t\t\t\t<\/div>\n\t\t<\/div>\n\t\t\t\t<div class=\"elementor-column elementor-col-50 elementor-top-column elementor-element elementor-element-e47a814\" data-id=\"e47a814\" data-element_type=\"column\" data-e-type=\"column\">\n\t\t\t<div class=\"elementor-widget-wrap elementor-element-populated\">\n\t\t\t\t\t\t<div class=\"elementor-element elementor-element-e54ae63 elementor-widget elementor-widget-text-editor\" data-id=\"e54ae63\" data-element_type=\"widget\" data-e-type=\"widget\" data-widget_type=\"text-editor.default\">\n\t\t\t\t<div class=\"elementor-widget-container\">\n\t\t\t\t\t\t\t\t\t<p>Nel 1917, la situazione nel mondo era spaventosa. La prima guerra mondiale infuriava e in Russia si profilava la rivoluzione bolscevica.  La Madonna apparve sei volte il 13 di ogni mese, da maggio a ottobre, a Fatima (Portogallo) a tre giovani pastori, Lucia, Giacinta e Francesco. Annunci\u00f2 loro:<\/p>\n<p><\/p>\n<p><span style=\"color: #6288c6;\"><i>\"Dio vuole stabilire nel mondo la devozione al mio Cuore Immacolato.<\/i><\/span><\/p>\n<p><span style=\"color: #6288c6;\">&nbsp;<\/span><\/p>\n<p><\/p>\n<p>Il cardinale Cerejeira, ex vescovo di Fatima, lo spiegher\u00e0:<\/p>\n<p><span style=\"color: #6288c6;\"><i>\"In un certo senso, Fatima \u00e8 la continuazione, o piuttosto la conclusione, di Paray-le-Monial.<\/i> <i>Fatima riunisce questi due cuori che Dio<\/i><i>&#8211;<\/i><i>uniti nell'opera divina della redenzione. <\/i><\/span><\/p>\n<p><span style=\"color: #6288c6;\"><i>&nbsp;<\/i><\/span><\/p>\n<p><span style=\"color: #6288c6;\"><i>&nbsp;<\/i><\/span><span style=\"color: var( --e-global-color-text ); font-family: var( --e-global-typography-18e5089-font-family ), Sans-serif; font-size: var( --e-global-typography-18e5089-font-size ); font-weight: var( --e-global-typography-18e5089-font-weight ); letter-spacing: var( --e-global-typography-18e5089-letter-spacing ); word-spacing: var( --e-global-typography-18e5089-word-spacing );\">Come il Sacro Cuore, e in modo sorprendentemente simmetrico, la Beata Vergine descriver\u00e0 a sua volta i sette atti e le preghiere che si aspetta da noi, allegandovi magnifiche promesse, tra cui la pace nel mondo. In particolare, chieder\u00e0<\/span><span style=\"color: var( --e-global-color-text ); font-family: var( --e-global-typography-18e5089-font-family ), Sans-serif; font-size: var( --e-global-typography-18e5089-font-size ); font-weight: var( --e-global-typography-18e5089-font-weight ); letter-spacing: var( --e-global-typography-18e5089-letter-spacing ); word-spacing: var( --e-global-typography-18e5089-word-spacing );\">&nbsp;<\/span><span style=\"color: var( --e-global-color-text ); font-family: var( --e-global-typography-18e5089-font-family ), Sans-serif; font-size: var( --e-global-typography-18e5089-font-size ); letter-spacing: var( --e-global-typography-18e5089-letter-spacing ); word-spacing: var( --e-global-typography-18e5089-word-spacing ); font-weight: bold;\">ai fedeli e al Papa<\/span><span style=\"color: var( --e-global-color-text ); font-family: var( --e-global-typography-18e5089-font-family ), Sans-serif; font-size: var( --e-global-typography-18e5089-font-size ); font-weight: var( --e-global-typography-18e5089-font-weight ); letter-spacing: var( --e-global-typography-18e5089-letter-spacing ); word-spacing: var( --e-global-typography-18e5089-word-spacing );\">&nbsp;<\/span><span style=\"color: var( --e-global-color-text ); font-family: var( --e-global-typography-18e5089-font-family ), Sans-serif; font-size: var( --e-global-typography-18e5089-font-size ); letter-spacing: var( --e-global-typography-18e5089-letter-spacing ); word-spacing: var( --e-global-typography-18e5089-word-spacing ); font-weight: bold;\">Comunione riparatrice il primo sabato<\/span><span style=\"color: var( --e-global-color-text ); font-family: var( --e-global-typography-18e5089-font-family ), Sans-serif; font-size: var( --e-global-typography-18e5089-font-size ); font-weight: var( --e-global-typography-18e5089-font-weight ); letter-spacing: var( --e-global-typography-18e5089-letter-spacing ); word-spacing: var( --e-global-typography-18e5089-word-spacing );\">&nbsp;<\/span><span style=\"color: var( --e-global-color-text ); font-family: var( --e-global-typography-18e5089-font-family ), Sans-serif; font-size: var( --e-global-typography-18e5089-font-size ); letter-spacing: var( --e-global-typography-18e5089-letter-spacing ); word-spacing: var( --e-global-typography-18e5089-word-spacing ); font-weight: bold;\">del mese<\/span><span style=\"color: var( --e-global-color-text ); font-family: var( --e-global-typography-18e5089-font-family ), Sans-serif; font-size: var( --e-global-typography-18e5089-font-size ); font-weight: var( --e-global-typography-18e5089-font-weight ); letter-spacing: var( --e-global-typography-18e5089-letter-spacing ); word-spacing: var( --e-global-typography-18e5089-word-spacing );\">&nbsp;associato alla consacrazione della Russia al suo Cuore Immacolato.<\/span><\/p>\t\t\t\t\t\t\t\t<\/div>\n\t\t\t\t<\/div>\n\t\t\t\t\t<\/div>\n\t\t<\/div>\n\t\t\t\t\t<\/div>\n\t\t<\/section>\n\t\t\t\t<\/div>","protected":false},"excerpt":{"rendered":"<p>Una meravigliosa storia della devozione ai Santi Cuori di Ges\u00f9 e Maria Il Vangelo e la Chiesa primitiva La venerazione dei Cuori di Ges\u00f9 e di Maria ha la sua origine nel Vangelo [...].<\/p>","protected":false},"author":1,"featured_media":0,"parent":0,"menu_order":0,"comment_status":"closed","ping_status":"closed","template":"elementor_header_footer","meta":{"footnotes":""},"class_list":["post-571","page","type-page","status-publish","hentry"],"_links":{"self":[{"href":"https:\/\/salve-corda.org\/it\/wp-json\/wp\/v2\/pages\/571","targetHints":{"allow":["GET"]}}],"collection":[{"href":"https:\/\/salve-corda.org\/it\/wp-json\/wp\/v2\/pages"}],"about":[{"href":"https:\/\/salve-corda.org\/it\/wp-json\/wp\/v2\/types\/page"}],"author":[{"embeddable":true,"href":"https:\/\/salve-corda.org\/it\/wp-json\/wp\/v2\/users\/1"}],"replies":[{"embeddable":true,"href":"https:\/\/salve-corda.org\/it\/wp-json\/wp\/v2\/comments?post=571"}],"version-history":[{"count":147,"href":"https:\/\/salve-corda.org\/it\/wp-json\/wp\/v2\/pages\/571\/revisions"}],"predecessor-version":[{"id":18100,"href":"https:\/\/salve-corda.org\/it\/wp-json\/wp\/v2\/pages\/571\/revisions\/18100"}],"wp:attachment":[{"href":"https:\/\/salve-corda.org\/it\/wp-json\/wp\/v2\/media?parent=571"}],"curies":[{"name":"wp","href":"https:\/\/api.w.org\/{rel}","templated":true}]}}