{"id":573,"date":"2021-07-12T12:44:13","date_gmt":"2021-07-12T10:44:13","guid":{"rendered":"https:\/\/salve-corda.org\/?page_id=573"},"modified":"2025-02-04T12:18:36","modified_gmt":"2025-02-04T11:18:36","slug":"importance-capitale","status":"publish","type":"page","link":"https:\/\/salve-corda.org\/it\/importance-capitale\/","title":{"rendered":"Importanza di questo metodo nella crisi attuale"},"content":{"rendered":"<div data-elementor-type=\"wp-page\" data-elementor-id=\"573\" class=\"elementor elementor-573\">\n\t\t\t\t\t\t<section class=\"elementor-section elementor-top-section elementor-element elementor-element-874819a elementor-section-boxed elementor-section-height-default elementor-section-height-default\" data-id=\"874819a\" data-element_type=\"section\" data-e-type=\"section\">\n\t\t\t\t\t\t<div class=\"elementor-container elementor-column-gap-default\">\n\t\t\t\t\t<div class=\"elementor-column elementor-col-100 elementor-top-column elementor-element elementor-element-ce57ea6\" data-id=\"ce57ea6\" data-element_type=\"column\" data-e-type=\"column\">\n\t\t\t<div class=\"elementor-widget-wrap elementor-element-populated\">\n\t\t\t\t\t\t<div class=\"elementor-element elementor-element-d3edb40 elementor-widget elementor-widget-spacer\" data-id=\"d3edb40\" data-element_type=\"widget\" data-e-type=\"widget\" data-widget_type=\"spacer.default\">\n\t\t\t\t<div class=\"elementor-widget-container\">\n\t\t\t\t\t\t\t<div class=\"elementor-spacer\">\n\t\t\t<div class=\"elementor-spacer-inner\"><\/div>\n\t\t<\/div>\n\t\t\t\t\t\t<\/div>\n\t\t\t\t<\/div>\n\t\t\t\t<div class=\"elementor-element elementor-element-c75c0d1 elementor-widget elementor-widget-heading\" data-id=\"c75c0d1\" data-element_type=\"widget\" data-e-type=\"widget\" data-widget_type=\"heading.default\">\n\t\t\t\t<div class=\"elementor-widget-container\">\n\t\t\t\t\t<h2 class=\"elementor-heading-title elementor-size-default\">L'importanza vitale dei primi sabati di Fatima per il nostro tempo\n<\/h2>\t\t\t\t<\/div>\n\t\t\t\t<\/div>\n\t\t\t\t<div class=\"elementor-element elementor-element-e2e0646 elementor-widget elementor-widget-image\" data-id=\"e2e0646\" data-element_type=\"widget\" data-e-type=\"widget\" data-widget_type=\"image.default\">\n\t\t\t\t<div class=\"elementor-widget-container\">\n\t\t\t\t\t\t\t\t\t\t\t\t\t\t\t<img fetchpriority=\"high\" decoding=\"async\" width=\"640\" height=\"272\" src=\"https:\/\/salve-corda.org\/wp-content\/uploads\/2023\/09\/image-2.png\" class=\"attachment-large size-large wp-image-6135\" alt=\"\" srcset=\"https:\/\/salve-corda.org\/wp-content\/uploads\/2023\/09\/image-2.png 981w, https:\/\/salve-corda.org\/wp-content\/uploads\/2023\/09\/image-2-300x128.png 300w, https:\/\/salve-corda.org\/wp-content\/uploads\/2023\/09\/image-2-768x326.png 768w\" sizes=\"(max-width: 640px) 100vw, 640px\" \/>\t\t\t\t\t\t\t\t\t\t\t\t\t\t\t<\/div>\n\t\t\t\t<\/div>\n\t\t\t\t<div class=\"elementor-element elementor-element-7d45052 elementor-widget elementor-widget-text-editor\" data-id=\"7d45052\" data-element_type=\"widget\" data-e-type=\"widget\" data-widget_type=\"text-editor.default\">\n\t\t\t\t<div class=\"elementor-widget-container\">\n\t\t\t\t\t\t\t\t\t<p>\u00a0<\/p><p>\u00a0<\/p><p>L<span style=\"color: var( --e-global-color-text ); font-family: var( --e-global-typography-18e5089-font-family ), Sans-serif; font-size: var( --e-global-typography-18e5089-font-size ); font-weight: var( --e-global-typography-18e5089-font-weight ); letter-spacing: var( --e-global-typography-18e5089-letter-spacing ); word-spacing: var( --e-global-typography-18e5089-word-spacing );\">a devozione al Cuore Immacolato di Maria, associata a quella del Sacro Cuore, ci \u00e8 stata portata da Dio come IL MODO per affrontare i mali dei tempi moderni e per avvicinarci a Dio.\u00a0<\/span><b style=\"color: var( --e-global-color-text ); font-family: var( --e-global-typography-18e5089-font-family ), Sans-serif; font-size: var( --e-global-typography-18e5089-font-size ); letter-spacing: var( --e-global-typography-18e5089-letter-spacing ); word-spacing: var( --e-global-typography-18e5089-word-spacing );\">porre fine a tutto questo<\/b><span style=\"color: var( --e-global-color-text ); font-family: var( --e-global-typography-18e5089-font-family ), Sans-serif; font-size: var( --e-global-typography-18e5089-font-size ); font-weight: var( --e-global-typography-18e5089-font-weight ); letter-spacing: var( --e-global-typography-18e5089-letter-spacing ); word-spacing: var( --e-global-typography-18e5089-word-spacing );\">. Suor Lucia ha spiegato il 20 giugno 1939:<\/span><\/p><p>\u00a0<\/p><p><span style=\"color: #0000ff;\"><em>\"La Madonna ha promesso di ritardare il flagello della guerra se questa devozione sar\u00e0 diffusa e praticata. Vediamo che Ella otterr\u00e0 la remissione di questo castigo in proporzione agli sforzi compiuti per propagare questa devozione, ma temo che non sar\u00e0 possibile fare pi\u00f9 di quanto stiamo facendo attualmente e che Dio, indispettito, ritirer\u00e0 il braccio della Sua Misericordia e lascer\u00e0 che il mondo sia devastato da questo castigo che sar\u00e0 diverso da qualsiasi altro del passato\". \"<\/em><\/span><\/p>\t\t\t\t\t\t\t\t<\/div>\n\t\t\t\t<\/div>\n\t\t\t\t<div class=\"elementor-element elementor-element-babd128 elementor-widget elementor-widget-heading\" data-id=\"babd128\" data-element_type=\"widget\" data-e-type=\"widget\" data-widget_type=\"heading.default\">\n\t\t\t\t<div class=\"elementor-widget-container\">\n\t\t\t\t\t<h3 class=\"elementor-heading-title elementor-size-default\">Una situazione globale preoccupante<\/h3>\t\t\t\t<\/div>\n\t\t\t\t<\/div>\n\t\t\t\t<div class=\"elementor-element elementor-element-becc2df elementor-widget elementor-widget-text-editor\" data-id=\"becc2df\" data-element_type=\"widget\" data-e-type=\"widget\" data-widget_type=\"text-editor.default\">\n\t\t\t\t<div class=\"elementor-widget-container\">\n\t\t\t\t\t\t\t\t\t<p><\/p>\n<p>Nous percevons tous une aggravation de la situation. Le sentiment d\u2019imminence d\u2019un effondrement g\u00e9n\u00e9ral se fait sentir dans de multiples domaines, sant\u00e9, s\u00e9curit\u00e9, \u00e9conomie, etc. Mais surtout le risque de guerre se fait sentir de plus en plus. Il est urgent d&#8217;agir pour la paix avec les moyens spirituels qui nous ont \u00e9t\u00e9 donn\u00e9s.<\/p>\n<p><span style=\"color: var( --e-global-color-text ); font-family: var( --e-global-typography-18e5089-font-family ), Sans-serif; font-size: var( --e-global-typography-18e5089-font-size ); font-weight: var( --e-global-typography-18e5089-font-weight );\">&nbsp;<\/span><\/p>\t\t\t\t\t\t\t\t<\/div>\n\t\t\t\t<\/div>\n\t\t\t\t\t<\/div>\n\t\t<\/div>\n\t\t\t\t\t<\/div>\n\t\t<\/section>\n\t\t\t\t<section class=\"elementor-section elementor-top-section elementor-element elementor-element-430ffeb elementor-section-boxed elementor-section-height-default elementor-section-height-default\" data-id=\"430ffeb\" data-element_type=\"section\" data-e-type=\"section\" data-settings=\"{&quot;background_background&quot;:&quot;classic&quot;}\">\n\t\t\t\t\t\t<div class=\"elementor-container elementor-column-gap-default\">\n\t\t\t\t\t<div class=\"elementor-column elementor-col-100 elementor-top-column elementor-element elementor-element-bc7f7f4\" data-id=\"bc7f7f4\" data-element_type=\"column\" data-e-type=\"column\">\n\t\t\t<div class=\"elementor-widget-wrap elementor-element-populated\">\n\t\t\t\t\t\t<div class=\"elementor-element elementor-element-158fcdd elementor-widget elementor-widget-heading\" data-id=\"158fcdd\" data-element_type=\"widget\" data-e-type=\"widget\" data-widget_type=\"heading.default\">\n\t\t\t\t<div class=\"elementor-widget-container\">\n\t\t\t\t\t<h3 class=\"elementor-heading-title elementor-size-default\">Solo i mezzi voluti da Dio stesso possono salvare il mondo.<\/h3>\t\t\t\t<\/div>\n\t\t\t\t<\/div>\n\t\t\t\t<div class=\"elementor-element elementor-element-20cb851 elementor-widget elementor-widget-text-editor\" data-id=\"20cb851\" data-element_type=\"widget\" data-e-type=\"widget\" data-widget_type=\"text-editor.default\">\n\t\t\t\t<div class=\"elementor-widget-container\">\n\t\t\t\t\t\t\t\t\t<p>Il 26 dicembre 1957, suor Lucia spieg\u00f2 perch\u00e9 le richieste di Nostra Signora a Fatima erano<b>\u00a0il mezzo fondamentale<\/b>\u00a0per salvare il mondo e quanto sia pesante la responsabilit\u00e0 di tutti coloro che, <b>consapevolmente<\/b>Il governo francese, tuttavia, si rifiuta di accettare questo approccio:<\/p>\t\t\t\t\t\t\t\t<\/div>\n\t\t\t\t<\/div>\n\t\t\t\t<div class=\"elementor-element elementor-element-8283a96 elementor-widget elementor-widget-text-editor\" data-id=\"8283a96\" data-element_type=\"widget\" data-e-type=\"widget\" data-widget_type=\"text-editor.default\">\n\t\t\t\t<div class=\"elementor-widget-container\">\n\t\t\t\t\t\t\t\t\t<p><span style=\"color: #6288c6;\"><i>\"Lei (la Beata Vergine, ndr) ha detto a me e ai miei cugini che Dio ha dato ai bambini il diritto di nascere. <\/i><b><i>ultimi due rimedi <\/i><\/b><i>nel mondo<\/i> <i>il Santo Rosario e la devozione al Cuore Immacolato di Maria, che sono i due rimedi pi\u00f9 recenti.<\/i><i>es<\/i><i> questo significa <\/i><b><i>che non ce ne sar\u00e0 un altro.<\/i><\/b><\/span><\/p><p><span style=\"color: #6288c6;\"><i>\"Sempre nei piani della provvidenza, quando Dio ha intenzione di punire il mondo, esaurisce prima tutti gli altri rimedi. Ora, avendo visto che il <\/i><i>M<\/i><i>Quindi, come diremmo nel nostro modo imperfetto di parlare, ci offre con una certa dose di timore il <\/i><b><i>l'ultimo mezzo di salvezza<\/i><\/b><i>sua Santissima Madre. Perch\u00e9 se disprezziamo e rifiutiamo questo mezzo ultimo , <b>NON AVREMO PI\u00d9 IL PERDONO DEL CIELO PERCH\u00c9 AVREMO COMMESSO UN PECCATO CONTRO LO SPIRITO SANTO, CHE CONSISTE NEL RIFIUTARE APERTAMENTE, CON PIENA CONSAPEVOLEZZA E VOLONT\u00c0, LA SALVEZZA CHE CI VIENE OFFERTA\".<\/b><\/i><\/span><\/p><p><em style=\"font-family: var( --e-global-typography-18e5089-font-family ), Sans-serif; font-size: var( --e-global-typography-18e5089-font-size ); letter-spacing: var( --e-global-typography-18e5089-letter-spacing ); color: #556bab; background-color: var( --e-global-color-f890547 );\"><span style=\"text-align: left; font-family: var( --e-global-typography-18e5089-font-family ), Sans-serif; font-size: var( --e-global-typography-18e5089-font-size ); letter-spacing: var( --e-global-typography-18e5089-letter-spacing ); background-color: var( --e-global-color-f890547 );\"><b>\u00a0<\/b><\/span><\/em><\/p><p style=\"background-color: rgba(2, 1, 1, 0.04);\"><span style=\"color: #808080;\">Il 13 maggio 2010, Benedetto XVI ha ricordato:<\/span><\/p><p style=\"background-color: rgba(2, 1, 1, 0.04);\"><span style=\"color: #6288c6;\"><i>\"<\/i><i>\u00a0Chiunque pensi che la missione profetica di Fatima sia conclusa si sbaglia...<\/i><\/span><span style=\"color: #6288c6; text-align: left; font-family: var( --e-global-typography-18e5089-font-family ), Sans-serif; font-size: var( --e-global-typography-18e5089-font-size ); font-weight: var( --e-global-typography-18e5089-font-weight ); letter-spacing: var( --e-global-typography-18e5089-letter-spacing ); background-color: var( --e-global-color-f890547 );\">\".<\/span><\/p>\t\t\t\t\t\t\t\t<\/div>\n\t\t\t\t<\/div>\n\t\t\t\t\t<\/div>\n\t\t<\/div>\n\t\t\t\t\t<\/div>\n\t\t<\/section>\n\t\t\t\t<section class=\"elementor-section elementor-top-section elementor-element elementor-element-3fcc025 elementor-section-boxed elementor-section-height-default elementor-section-height-default\" data-id=\"3fcc025\" data-element_type=\"section\" data-e-type=\"section\" data-settings=\"{&quot;background_background&quot;:&quot;classic&quot;}\">\n\t\t\t\t\t\t<div class=\"elementor-container elementor-column-gap-default\">\n\t\t\t\t\t<div class=\"elementor-column elementor-col-100 elementor-top-column elementor-element elementor-element-d423d2c\" data-id=\"d423d2c\" data-element_type=\"column\" data-e-type=\"column\">\n\t\t\t<div class=\"elementor-widget-wrap elementor-element-populated\">\n\t\t\t\t\t\t<div class=\"elementor-element elementor-element-bd9fc49 elementor-widget elementor-widget-heading\" data-id=\"bd9fc49\" data-element_type=\"widget\" data-e-type=\"widget\" data-widget_type=\"heading.default\">\n\t\t\t\t<div class=\"elementor-widget-container\">\n\t\t\t\t\t<h3 class=\"elementor-heading-title elementor-size-default\">Prova dell'efficacia di questa devozione voluta da Dio\n<\/h3>\t\t\t\t<\/div>\n\t\t\t\t<\/div>\n\t\t\t\t<div class=\"elementor-element elementor-element-cd9bfc2 elementor-widget elementor-widget-text-editor\" data-id=\"cd9bfc2\" data-element_type=\"widget\" data-e-type=\"widget\" data-widget_type=\"text-editor.default\">\n\t\t\t\t<div class=\"elementor-widget-container\">\n\t\t\t\t\t\t\t\t\t<p>Numerosi esempi di miracoli ottenuti dal Cuore Immacolato di Maria dimostrano che questo modo di agire \u00e8 eccezionalmente potente.<\/p><p>\u00a0<\/p><p>- A Hiroshima, una piccola congregazione religiosa dedicata alla Beata Vergine e che aveva costruito una cappella dedicata a Fatima si trovava a 800 metri dalla bomba quando questa esplose. Mentre tutti coloro che si trovavano a quella distanza morirono all'istante o a causa delle radiazioni, i membri di questa congregazione rimasero illesi e vissero fino all'et\u00e0 di 85 anni senza problemi di salute.<\/p>\t\t\t\t\t\t\t\t<\/div>\n\t\t\t\t<\/div>\n\t\t\t\t<div class=\"elementor-element elementor-element-8fabc09 elementor-align-center elementor-widget elementor-widget-button\" data-id=\"8fabc09\" data-element_type=\"widget\" data-e-type=\"widget\" data-widget_type=\"button.default\">\n\t\t\t\t<div class=\"elementor-widget-container\">\n\t\t\t\t\t\t\t\t\t<div class=\"elementor-button-wrapper\">\n\t\t\t\t\t<a class=\"elementor-button elementor-button-link elementor-size-sm\" href=\"https:\/\/www.youtube.com\/watch?v=141Q8oJAEyY\">\n\t\t\t\t\t\t<span class=\"elementor-button-content-wrapper\">\n\t\t\t\t\t\t\t\t\t<span class=\"elementor-button-text\">Guarda il video<\/span>\n\t\t\t\t\t<\/span>\n\t\t\t\t\t<\/a>\n\t\t\t\t<\/div>\n\t\t\t\t\t\t\t\t<\/div>\n\t\t\t\t<\/div>\n\t\t\t\t<div class=\"elementor-element elementor-element-cae9f8a elementor-widget elementor-widget-text-editor\" data-id=\"cae9f8a\" data-element_type=\"widget\" data-e-type=\"widget\" data-widget_type=\"text-editor.default\">\n\t\t\t\t<div class=\"elementor-widget-container\">\n\t\t\t\t\t\t\t\t\t<p>- Al momento dello sbarco, tre villaggi della Normandia al centro dell'operazione si erano dedicati qualche giorno prima al Cuore Immacolato di Maria. Non un solo abitante di questi villaggi fu ucciso, n\u00e9 vi furono distruzioni, nonostante tutto ci\u00f2 che si trovava nei dintorni fosse stato raso al suolo.<\/p>\n<p><br><\/p>\n<p><\/p>\n<p>- Prima della Seconda Guerra Mondiale, il Portogallo fu consacrato al Cuore Immacolato di Maria dai suoi vescovi. Il Paese fu completamente risparmiato dal conflitto.<\/p>\t\t\t\t\t\t\t\t<\/div>\n\t\t\t\t<\/div>\n\t\t\t\t\t<\/div>\n\t\t<\/div>\n\t\t\t\t\t<\/div>\n\t\t<\/section>\n\t\t\t\t<section class=\"elementor-section elementor-top-section elementor-element elementor-element-0b4bba2 elementor-section-boxed elementor-section-height-default elementor-section-height-default\" data-id=\"0b4bba2\" data-element_type=\"section\" data-e-type=\"section\" data-settings=\"{&quot;background_background&quot;:&quot;classic&quot;}\">\n\t\t\t\t\t\t<div class=\"elementor-container elementor-column-gap-default\">\n\t\t\t\t\t<div class=\"elementor-column elementor-col-33 elementor-top-column elementor-element elementor-element-677a0a1\" data-id=\"677a0a1\" data-element_type=\"column\" data-e-type=\"column\">\n\t\t\t<div class=\"elementor-widget-wrap\">\n\t\t\t\t\t\t\t<\/div>\n\t\t<\/div>\n\t\t\t\t<div class=\"elementor-column elementor-col-33 elementor-top-column elementor-element elementor-element-1bc7995\" data-id=\"1bc7995\" data-element_type=\"column\" data-e-type=\"column\">\n\t\t\t<div class=\"elementor-widget-wrap elementor-element-populated\">\n\t\t\t\t\t\t<div class=\"elementor-element elementor-element-523e66a elementor-widget elementor-widget-text-editor\" data-id=\"523e66a\" data-element_type=\"widget\" data-e-type=\"widget\" data-widget_type=\"text-editor.default\">\n\t\t\t\t<div class=\"elementor-widget-container\">\n\t\t\t\t\t\t\t\t\t<p><b>\u00c8 quindi urgente eseguire con obbedienza e umilt\u00e0 quanto segue il primo sabato del mese<\/b><\/p>\t\t\t\t\t\t\t\t<\/div>\n\t\t\t\t<\/div>\n\t\t\t\t\t<\/div>\n\t\t<\/div>\n\t\t\t\t<div class=\"elementor-column elementor-col-33 elementor-top-column elementor-element elementor-element-76a0acb\" data-id=\"76a0acb\" data-element_type=\"column\" data-e-type=\"column\">\n\t\t\t<div class=\"elementor-widget-wrap\">\n\t\t\t\t\t\t\t<\/div>\n\t\t<\/div>\n\t\t\t\t\t<\/div>\n\t\t<\/section>\n\t\t\t\t<\/div>","protected":false},"excerpt":{"rendered":"<p>L&#8217;importance capitale des 1ers samedis de Fatima pour notre epoque \u00a0 \u00a0 La d\u00e9votion au C\u0153ur Immacul\u00e9 de Marie, associ\u00e9e \u00e0 celle du Sacr\u00e9-C\u0153ur, a \u00e9t\u00e9 apport\u00e9e par Dieu comme LE MOYEN pour [&hellip;]<\/p>","protected":false},"author":1,"featured_media":0,"parent":0,"menu_order":0,"comment_status":"closed","ping_status":"closed","template":"elementor_header_footer","meta":{"footnotes":""},"class_list":["post-573","page","type-page","status-publish","hentry"],"_links":{"self":[{"href":"https:\/\/salve-corda.org\/it\/wp-json\/wp\/v2\/pages\/573","targetHints":{"allow":["GET"]}}],"collection":[{"href":"https:\/\/salve-corda.org\/it\/wp-json\/wp\/v2\/pages"}],"about":[{"href":"https:\/\/salve-corda.org\/it\/wp-json\/wp\/v2\/types\/page"}],"author":[{"embeddable":true,"href":"https:\/\/salve-corda.org\/it\/wp-json\/wp\/v2\/users\/1"}],"replies":[{"embeddable":true,"href":"https:\/\/salve-corda.org\/it\/wp-json\/wp\/v2\/comments?post=573"}],"version-history":[{"count":260,"href":"https:\/\/salve-corda.org\/it\/wp-json\/wp\/v2\/pages\/573\/revisions"}],"predecessor-version":[{"id":17317,"href":"https:\/\/salve-corda.org\/it\/wp-json\/wp\/v2\/pages\/573\/revisions\/17317"}],"wp:attachment":[{"href":"https:\/\/salve-corda.org\/it\/wp-json\/wp\/v2\/media?parent=573"}],"curies":[{"name":"wp","href":"https:\/\/api.w.org\/{rel}","templated":true}]}}