{"id":575,"date":"2021-07-12T12:44:24","date_gmt":"2021-07-12T10:44:24","guid":{"rendered":"https:\/\/salve-corda.org\/?page_id=575"},"modified":"2023-09-29T15:27:54","modified_gmt":"2023-09-29T13:27:54","slug":"but-devotion","status":"publish","type":"page","link":"https:\/\/salve-corda.org\/it\/but-devotion\/","title":{"rendered":"Scopo della devozione"},"content":{"rendered":"<div data-elementor-type=\"wp-page\" data-elementor-id=\"575\" class=\"elementor elementor-575\">\n\t\t\t\t\t\t<section class=\"elementor-section elementor-top-section elementor-element elementor-element-90d53f0 elementor-section-boxed elementor-section-height-default elementor-section-height-default\" data-id=\"90d53f0\" data-element_type=\"section\" data-e-type=\"section\">\n\t\t\t\t\t\t<div class=\"elementor-container elementor-column-gap-default\">\n\t\t\t\t\t<div class=\"elementor-column elementor-col-100 elementor-top-column elementor-element elementor-element-a17d83e\" data-id=\"a17d83e\" data-element_type=\"column\" data-e-type=\"column\">\n\t\t\t<div class=\"elementor-widget-wrap elementor-element-populated\">\n\t\t\t\t\t\t<div class=\"elementor-element elementor-element-c35b71e elementor-widget elementor-widget-spacer\" data-id=\"c35b71e\" data-element_type=\"widget\" data-e-type=\"widget\" data-widget_type=\"spacer.default\">\n\t\t\t\t<div class=\"elementor-widget-container\">\n\t\t\t\t\t\t\t<div class=\"elementor-spacer\">\n\t\t\t<div class=\"elementor-spacer-inner\"><\/div>\n\t\t<\/div>\n\t\t\t\t\t\t<\/div>\n\t\t\t\t<\/div>\n\t\t\t\t\t<\/div>\n\t\t<\/div>\n\t\t\t\t\t<\/div>\n\t\t<\/section>\n\t\t\t\t<section class=\"elementor-section elementor-top-section elementor-element elementor-element-ef2d457 elementor-section-boxed elementor-section-height-default elementor-section-height-default\" data-id=\"ef2d457\" data-element_type=\"section\" data-e-type=\"section\" data-settings=\"{&quot;background_background&quot;:&quot;classic&quot;}\">\n\t\t\t\t\t\t<div class=\"elementor-container elementor-column-gap-default\">\n\t\t\t\t\t<div class=\"elementor-column elementor-col-100 elementor-top-column elementor-element elementor-element-51032d4\" data-id=\"51032d4\" data-element_type=\"column\" data-e-type=\"column\">\n\t\t\t<div class=\"elementor-widget-wrap elementor-element-populated\">\n\t\t\t\t\t\t<div class=\"elementor-element elementor-element-d7f504d elementor-widget elementor-widget-heading\" data-id=\"d7f504d\" data-element_type=\"widget\" data-e-type=\"widget\" data-widget_type=\"heading.default\">\n\t\t\t\t<div class=\"elementor-widget-container\">\n\t\t\t\t\t<h2 class=\"elementor-heading-title elementor-size-default\">TRE obiettivi della devozione ai Cuori di Ges\u00f9 e Maria\n<\/h2>\t\t\t\t<\/div>\n\t\t\t\t<\/div>\n\t\t\t\t\t<\/div>\n\t\t<\/div>\n\t\t\t\t\t<\/div>\n\t\t<\/section>\n\t\t\t\t<section class=\"elementor-section elementor-top-section elementor-element elementor-element-8a7a3ee elementor-section-boxed elementor-section-height-default elementor-section-height-default\" data-id=\"8a7a3ee\" data-element_type=\"section\" data-e-type=\"section\" data-settings=\"{&quot;background_background&quot;:&quot;classic&quot;}\">\n\t\t\t\t\t\t<div class=\"elementor-container elementor-column-gap-default\">\n\t\t\t\t\t<div class=\"elementor-column elementor-col-100 elementor-top-column elementor-element elementor-element-815e130\" data-id=\"815e130\" data-element_type=\"column\" data-e-type=\"column\">\n\t\t\t<div class=\"elementor-widget-wrap elementor-element-populated\">\n\t\t\t\t\t\t<div class=\"elementor-element elementor-element-514463e elementor-widget elementor-widget-text-editor\" data-id=\"514463e\" data-element_type=\"widget\" data-e-type=\"widget\" data-widget_type=\"text-editor.default\">\n\t\t\t\t<div class=\"elementor-widget-container\">\n\t\t\t\t\t\t\t\t\t<p>Les trois buts de cette d\u00e9votion aux Coeurs de J\u00e9sus et Marie sont parfaitement conformes \u00e0 l&#8217;enseignement de l&#8217;Eglise catholique et respectent l&#8217;ordre de la Charit\u00e9 :<\/p><p><b>Onorare Dio<\/b> (1\u00b0 comandamento), <b>Aiutare gli altri<\/b> (2\u00b0 comandamento dato da Cristo), <b>Assicurare la salvezza<\/b> (scopo della vita sulla terra)<\/p><p>\u00a0<\/p><p>\u00a0<\/p>\t\t\t\t\t\t\t\t<\/div>\n\t\t\t\t<\/div>\n\t\t\t\t<div class=\"elementor-element elementor-element-fb49a11 elementor-widget elementor-widget-heading\" data-id=\"fb49a11\" data-element_type=\"widget\" data-e-type=\"widget\" data-widget_type=\"heading.default\">\n\t\t\t\t<div class=\"elementor-widget-container\">\n\t\t\t\t\t<h3 class=\"elementor-heading-title elementor-size-default\">1 - Riparazione per le offese a Cristo e alla Beata Vergine Maria<\/h3>\t\t\t\t<\/div>\n\t\t\t\t<\/div>\n\t\t\t\t\t<\/div>\n\t\t<\/div>\n\t\t\t\t\t<\/div>\n\t\t<\/section>\n\t\t\t\t<section class=\"elementor-section elementor-top-section elementor-element elementor-element-9a4f6ef elementor-section-boxed elementor-section-height-default elementor-section-height-default\" data-id=\"9a4f6ef\" data-element_type=\"section\" data-e-type=\"section\" data-settings=\"{&quot;background_background&quot;:&quot;classic&quot;}\">\n\t\t\t\t\t\t<div class=\"elementor-container elementor-column-gap-default\">\n\t\t\t\t\t<div class=\"elementor-column elementor-col-50 elementor-top-column elementor-element elementor-element-4fb8831\" data-id=\"4fb8831\" data-element_type=\"column\" data-e-type=\"column\">\n\t\t\t<div class=\"elementor-widget-wrap elementor-element-populated\">\n\t\t\t\t\t\t<div class=\"elementor-element elementor-element-a515e95 elementor-widget elementor-widget-image\" data-id=\"a515e95\" data-element_type=\"widget\" data-e-type=\"widget\" data-widget_type=\"image.default\">\n\t\t\t\t<div class=\"elementor-widget-container\">\n\t\t\t\t\t\t\t\t\t\t\t\t\t\t\t<img fetchpriority=\"high\" decoding=\"async\" width=\"518\" height=\"631\" src=\"https:\/\/salve-corda.org\/wp-content\/uploads\/2021\/07\/Sans-titre-10.png\" class=\"attachment-large size-large wp-image-742\" alt=\"\" srcset=\"https:\/\/salve-corda.org\/wp-content\/uploads\/2021\/07\/Sans-titre-10.png 518w, https:\/\/salve-corda.org\/wp-content\/uploads\/2021\/07\/Sans-titre-10-246x300.png 246w\" sizes=\"(max-width: 518px) 100vw, 518px\" \/>\t\t\t\t\t\t\t\t\t\t\t\t\t\t\t<\/div>\n\t\t\t\t<\/div>\n\t\t\t\t\t<\/div>\n\t\t<\/div>\n\t\t\t\t<div class=\"elementor-column elementor-col-50 elementor-top-column elementor-element elementor-element-8f52b2b\" data-id=\"8f52b2b\" data-element_type=\"column\" data-e-type=\"column\">\n\t\t\t<div class=\"elementor-widget-wrap elementor-element-populated\">\n\t\t\t\t\t\t<div class=\"elementor-element elementor-element-f4f217e elementor-widget elementor-widget-text-editor\" data-id=\"f4f217e\" data-element_type=\"widget\" data-e-type=\"widget\" data-widget_type=\"text-editor.default\">\n\t\t\t\t<div class=\"elementor-widget-container\">\n\t\t\t\t\t\t\t\t\t<p>Amare qualcuno significa anche voler riparare alle offese commesse nei suoi confronti. Questa dimensione \u00e8 essenziale.\u00a0<\/p><p>\u00a0<\/p><p>A Paray-le-Monial e a Fatima, Cristo e la Beata Vergine hanno insistito sul nostro dovere di riparare alle offese commesse contro di loro e ci hanno spiegato che <u><b>come fare<\/b><\/u> attraverso la comunione riparatrice di <i>primo venerd\u00ec e sabato del mese.<\/i>\u00a0<\/p><p>\u00a0<\/p><p>Dopo le prime apparizioni di Fatima, Cristo stesso spieg\u00f2 a Suor Lucia i 5 tipi di offesa alla Vergine che oggi dobbiamo riparare in via prioritaria:<\/p>\t\t\t\t\t\t\t\t<\/div>\n\t\t\t\t<\/div>\n\t\t\t\t\t<\/div>\n\t\t<\/div>\n\t\t\t\t\t<\/div>\n\t\t<\/section>\n\t\t\t\t<section class=\"elementor-section elementor-top-section elementor-element elementor-element-3d7aa5a elementor-section-boxed elementor-section-height-default elementor-section-height-default\" data-id=\"3d7aa5a\" data-element_type=\"section\" data-e-type=\"section\" data-settings=\"{&quot;background_background&quot;:&quot;classic&quot;}\">\n\t\t\t\t\t\t<div class=\"elementor-container elementor-column-gap-default\">\n\t\t\t\t\t<div class=\"elementor-column elementor-col-50 elementor-top-column elementor-element elementor-element-a30373c\" data-id=\"a30373c\" data-element_type=\"column\" data-e-type=\"column\">\n\t\t\t<div class=\"elementor-widget-wrap elementor-element-populated\">\n\t\t\t\t\t\t<div class=\"elementor-element elementor-element-ee9cc3e elementor-widget elementor-widget-text-editor\" data-id=\"ee9cc3e\" data-element_type=\"widget\" data-e-type=\"widget\" data-widget_type=\"text-editor.default\">\n\t\t\t\t<div class=\"elementor-widget-container\">\n\t\t\t\t\t\t\t\t\t<ul><li>Bestemmie contro l'Immacolata Concezione<\/li><li>Bestemmie contro la sua verginit\u00e0<\/li><li>Bestemmie contro la sua divina maternit\u00e0<\/li><li>Le offese di coloro che cercano di instillare nei cuori dei bambini l'indifferenza, il disprezzo o l'odio verso questa Madre Immacolata.<\/li><li>Le offese di coloro che lo insultano direttamente nelle sue immagini sacre.<\/li><\/ul><p>\u00a0<\/p><p>Per riparare a queste offese, Dio richiede ora un mezzo particolare <strong>\u00a0:<\/strong> <b>Il primo sabato di ogni mese.<\/b><\/p>\t\t\t\t\t\t\t\t<\/div>\n\t\t\t\t<\/div>\n\t\t\t\t\t<\/div>\n\t\t<\/div>\n\t\t\t\t<div class=\"elementor-column elementor-col-50 elementor-top-column elementor-element elementor-element-b82a7e4\" data-id=\"b82a7e4\" data-element_type=\"column\" data-e-type=\"column\">\n\t\t\t<div class=\"elementor-widget-wrap elementor-element-populated\">\n\t\t\t\t\t\t<div class=\"elementor-element elementor-element-99ad1b9 elementor-widget elementor-widget-image\" data-id=\"99ad1b9\" data-element_type=\"widget\" data-e-type=\"widget\" data-widget_type=\"image.default\">\n\t\t\t\t<div class=\"elementor-widget-container\">\n\t\t\t\t\t\t\t\t\t\t\t\t\t\t\t<img decoding=\"async\" width=\"640\" height=\"321\" src=\"https:\/\/salve-corda.org\/wp-content\/uploads\/2021\/07\/Sans-titre-11.png\" class=\"attachment-large size-large wp-image-743\" alt=\"\" srcset=\"https:\/\/salve-corda.org\/wp-content\/uploads\/2021\/07\/Sans-titre-11.png 856w, https:\/\/salve-corda.org\/wp-content\/uploads\/2021\/07\/Sans-titre-11-300x150.png 300w, https:\/\/salve-corda.org\/wp-content\/uploads\/2021\/07\/Sans-titre-11-768x385.png 768w\" sizes=\"(max-width: 640px) 100vw, 640px\" \/>\t\t\t\t\t\t\t\t\t\t\t\t\t\t\t<\/div>\n\t\t\t\t<\/div>\n\t\t\t\t\t<\/div>\n\t\t<\/div>\n\t\t\t\t\t<\/div>\n\t\t<\/section>\n\t\t\t\t<section class=\"elementor-section elementor-top-section elementor-element elementor-element-43d61b1 elementor-section-boxed elementor-section-height-default elementor-section-height-default\" data-id=\"43d61b1\" data-element_type=\"section\" data-e-type=\"section\">\n\t\t\t\t\t\t<div class=\"elementor-container elementor-column-gap-default\">\n\t\t\t\t\t<div class=\"elementor-column elementor-col-100 elementor-top-column elementor-element elementor-element-8bbc130\" data-id=\"8bbc130\" data-element_type=\"column\" data-e-type=\"column\">\n\t\t\t<div class=\"elementor-widget-wrap elementor-element-populated\">\n\t\t\t\t\t\t<div class=\"elementor-element elementor-element-448aaa8 elementor-widget elementor-widget-heading\" data-id=\"448aaa8\" data-element_type=\"widget\" data-e-type=\"widget\" data-widget_type=\"heading.default\">\n\t\t\t\t<div class=\"elementor-widget-container\">\n\t\t\t\t\t<h3 class=\"elementor-heading-title elementor-size-default\">2 - LA CARIT\u00c0 VERSO I PECCATORI E TUTTI GLI UOMINI<\/h3>\t\t\t\t<\/div>\n\t\t\t\t<\/div>\n\t\t\t\t<div class=\"elementor-element elementor-element-962cbbd elementor-widget elementor-widget-text-editor\" data-id=\"962cbbd\" data-element_type=\"widget\" data-e-type=\"widget\" data-widget_type=\"text-editor.default\">\n\t\t\t\t<div class=\"elementor-widget-container\">\n\t\t\t\t\t\t\t\t\t<p>La devozione al Cuore Immacolato di Maria si indirizza poi alla carit\u00e0 verso gli altri su due livelli:\u00a0<\/p><p>\u00a0<\/p><p>1\/ <strong>Lavorare per la conversione del mondo<\/strong> <strong>e la pace<\/strong>\u00a0\u00a0<\/p><p>2\/ S&#8217;occuper\u00a0 <b>la salvezza delle anime dei peccatori<\/b> car, elle explique , que &#8220;beaucoup de p\u00e9cheurs n&#8217;ont personne qui prie pour eux.&#8221; et qu&#8217;ils vont en enfer.\u00a0<\/p><p>\u00a0<\/p><p>En particulier n&#8217;oublions pas que le deuxi\u00e8me commandement apport\u00e9 par le Christ dans l\u2019Evangile \u00ab tu aimeras ton prochain comme toi-m\u00eame \u00bb (Marc 12,31) \u00e9voque une charit\u00e9 <b><u>che non si limita alle preoccupazioni materiali<\/u><\/b> ma include anche <u><b>carit\u00e0 spirituale<\/b><\/u> cos\u00ec importante.<\/p><p>\u00a0<\/p><p>Il pi\u00f9 grande servizio che si possa fare a qualcuno non \u00e8 forse quello di prendersi cura di lui? <b>vita eterna<\/b> e aiutarlo a raggiungere il Paradiso, risparmiandogli le sofferenze dell'Inferno che non avranno mai fine? Nella sua vita, Cristo non ha mai smesso di preoccuparsi della salvezza delle anime, soprattutto di quelle dei peccatori. A Fatima ci viene chiesto di fare la stessa cosa: lavorare per salvare le anime dei peccatori.<\/p>\t\t\t\t\t\t\t\t<\/div>\n\t\t\t\t<\/div>\n\t\t\t\t\t<\/div>\n\t\t<\/div>\n\t\t\t\t\t<\/div>\n\t\t<\/section>\n\t\t\t\t<section class=\"elementor-section elementor-top-section elementor-element elementor-element-0ed6934 elementor-section-boxed elementor-section-height-default elementor-section-height-default\" data-id=\"0ed6934\" data-element_type=\"section\" data-e-type=\"section\">\n\t\t\t\t\t\t<div class=\"elementor-container elementor-column-gap-default\">\n\t\t\t\t\t<div class=\"elementor-column elementor-col-50 elementor-top-column elementor-element elementor-element-632b487\" data-id=\"632b487\" data-element_type=\"column\" data-e-type=\"column\">\n\t\t\t<div class=\"elementor-widget-wrap elementor-element-populated\">\n\t\t\t\t\t\t<div class=\"elementor-element elementor-element-3c08651 elementor-widget elementor-widget-image\" data-id=\"3c08651\" data-element_type=\"widget\" data-e-type=\"widget\" data-widget_type=\"image.default\">\n\t\t\t\t<div class=\"elementor-widget-container\">\n\t\t\t\t\t\t\t\t\t\t\t\t\t\t\t<img decoding=\"async\" width=\"608\" height=\"872\" src=\"https:\/\/salve-corda.org\/wp-content\/uploads\/2021\/07\/Sans-titre-12.png\" class=\"attachment-large size-large wp-image-750\" alt=\"\" srcset=\"https:\/\/salve-corda.org\/wp-content\/uploads\/2021\/07\/Sans-titre-12.png 608w, https:\/\/salve-corda.org\/wp-content\/uploads\/2021\/07\/Sans-titre-12-209x300.png 209w\" sizes=\"(max-width: 608px) 100vw, 608px\" \/>\t\t\t\t\t\t\t\t\t\t\t\t\t\t\t<\/div>\n\t\t\t\t<\/div>\n\t\t\t\t\t<\/div>\n\t\t<\/div>\n\t\t\t\t<div class=\"elementor-column elementor-col-50 elementor-top-column elementor-element elementor-element-088886c\" data-id=\"088886c\" data-element_type=\"column\" data-e-type=\"column\">\n\t\t\t<div class=\"elementor-widget-wrap elementor-element-populated\">\n\t\t\t\t\t\t<div class=\"elementor-element elementor-element-be1d4fa elementor-widget elementor-widget-text-editor\" data-id=\"be1d4fa\" data-element_type=\"widget\" data-e-type=\"widget\" data-widget_type=\"text-editor.default\">\n\t\t\t\t<div class=\"elementor-widget-container\">\n\t\t\t\t\t\t\t\t\t<p>Durante le apparizioni a La Salette, la Beata Vergine pianse mentre pronunciava queste parole:<\/p><p>\u00a0<\/p><p><i><span style=\"color: #6288c6;\">\"Le anime cadono all'inferno come le foglie in autunno\".<\/span><\/i><\/p><p>\u00a0<\/p><p>A Fatima, si \u00e8 spinta fino a mostrare l'Inferno ai tre piccoli veggenti per renderli consapevoli dell'importanza del nostro dovere di carit\u00e0 spirituale:<\/p><p>\u00a0<\/p><p><span style=\"color: #6288c6;\"><i>\"Avete visto l'inferno, dove vanno le anime dei poveri peccatori. Per salvarle, Dio vuole stabilire nel m<\/i><i>sulla devozione al mio Cuore Immacolato. Se <\/i><i>lo facciamo <\/i><\/span><i><span style=\"color: #6288c6;\">Vi dir\u00f2 che molte anime saranno salvate e avremo la pace.<\/span>\u00a0 <\/i><i>La Madonna a Fatima il 13 luglio 1917<\/i><\/p><p><i>\u00a0<\/i><\/p><p style=\"text-align: left;\"><i><span style=\"color: #6288c6;\">\"Sacrificio<\/span><\/i><span style=\"color: #6288c6;\"><i>&#8211;<\/i><i>per i peccatori che <\/i><i>e<\/i><i>n Inferno <\/i><u><i>e non hanno nessuno che preghi per loro<\/i><\/u><u><i>.\u00a0<\/i><\/u><u><i>\"<\/i><\/u><\/span><\/p><p style=\"text-align: right;\"><i>La Vergine Maria, Pontevedra 10 dicembre 1925<\/i><\/p>\t\t\t\t\t\t\t\t<\/div>\n\t\t\t\t<\/div>\n\t\t\t\t\t<\/div>\n\t\t<\/div>\n\t\t\t\t\t<\/div>\n\t\t<\/section>\n\t\t\t\t<section class=\"elementor-section elementor-top-section elementor-element elementor-element-42ae4b6 elementor-section-boxed elementor-section-height-default elementor-section-height-default\" data-id=\"42ae4b6\" data-element_type=\"section\" data-e-type=\"section\" data-settings=\"{&quot;background_background&quot;:&quot;classic&quot;}\">\n\t\t\t\t\t\t<div class=\"elementor-container elementor-column-gap-default\">\n\t\t\t\t\t<div class=\"elementor-column elementor-col-100 elementor-top-column elementor-element elementor-element-bc9555f\" data-id=\"bc9555f\" data-element_type=\"column\" data-e-type=\"column\">\n\t\t\t<div class=\"elementor-widget-wrap elementor-element-populated\">\n\t\t\t\t\t\t<div class=\"elementor-element elementor-element-dad3ce4 elementor-widget elementor-widget-heading\" data-id=\"dad3ce4\" data-element_type=\"widget\" data-e-type=\"widget\" data-widget_type=\"heading.default\">\n\t\t\t\t<div class=\"elementor-widget-container\">\n\t\t\t\t\t<h3 class=\"elementor-heading-title elementor-size-default\">3- Ottenere la propria salvezza<\/h3>\t\t\t\t<\/div>\n\t\t\t\t<\/div>\n\t\t\t\t<div class=\"elementor-element elementor-element-8a1061d elementor-widget elementor-widget-text-editor\" data-id=\"8a1061d\" data-element_type=\"widget\" data-e-type=\"widget\" data-widget_type=\"text-editor.default\">\n\t\t\t\t<div class=\"elementor-widget-container\">\n\t\t\t\t\t\t\t\t\t<p>Se molte anime vanno all'inferno per l'eternit\u00e0, che ne sar\u00e0 di noi? In questi tempi di perversione e di tentazioni continue, in cui si fa di tutto per allontanarci da Dio, chi pu\u00f2 dire che rester\u00e0 fedele agli insegnamenti di Cristo per tutta la vita e andr\u00e0 in Paradiso? Ricordiamo che anche Papa San Pio X e molti altri santi temevano l'inferno.<\/p><p>\u00a0<\/p><p>Ma per aiutarci ad affrontare i tempi di prova in cui viviamo, i Cuori di Ges\u00f9 e di Maria ci hanno portato una promessa eccezionale se seguiamo le loro richieste: la garanzia della nostra salvezza. Ecco le parole molto precise di Cristo e della Beata Vergine:<\/p><p>\u00a0<\/p><p>\u00a0<\/p>\t\t\t\t\t\t\t\t<\/div>\n\t\t\t\t<\/div>\n\t\t\t\t\t<\/div>\n\t\t<\/div>\n\t\t\t\t\t<\/div>\n\t\t<\/section>\n\t\t\t\t<section class=\"elementor-section elementor-top-section elementor-element elementor-element-3218146 elementor-section-boxed elementor-section-height-default elementor-section-height-default\" data-id=\"3218146\" data-element_type=\"section\" data-e-type=\"section\" data-settings=\"{&quot;background_background&quot;:&quot;classic&quot;}\">\n\t\t\t\t\t\t<div class=\"elementor-container elementor-column-gap-default\">\n\t\t\t\t\t<div class=\"elementor-column elementor-col-50 elementor-top-column elementor-element elementor-element-6857fa6\" data-id=\"6857fa6\" data-element_type=\"column\" data-e-type=\"column\">\n\t\t\t<div class=\"elementor-widget-wrap elementor-element-populated\">\n\t\t\t\t\t\t<div class=\"elementor-element elementor-element-4f890a1 elementor-widget elementor-widget-text-editor\" data-id=\"4f890a1\" data-element_type=\"widget\" data-e-type=\"widget\" data-widget_type=\"text-editor.default\">\n\t\t\t\t<div class=\"elementor-widget-container\">\n\t\t\t\t\t\t\t\t\t<p><span style=\"color: #6288c6;\"><i>\" <\/i><i>Prometto, nell'eccesso della misericordia del mio Cuore, che il mio amore onnipotente conceder\u00e0 a tutti coloro che faranno la Comunione il primo venerd\u00ec, per nove volte di seguito, la grazia della penitenza finale, che non moriranno in mia disgrazia, n\u00e9 senza ricevere i sacramenti, e che il mio Cuore divino si far\u00e0 loro rifugio sicuro in quest'ultima ora.<\/i><\/span><\/p>\n<p style=\"text-align: right;\"><i>Cristo in <\/i><i>Paray-le-Monial<\/i><\/p>\n<p style=\"text-align: right;\"><i><br><\/i><\/p>\n<p><\/p>\n<p><span style=\"color: #6288c6;\"><i>\"A tutti coloro che per 5 mesi, il primo sabato, si confesseranno, riceveranno la Santa Comunione, reciteranno il rosario e mi faranno compagnia per quindici minuti sui quindici misteri del rosario, in spirito di riparazione, prometto di<\/i><i>s<\/i><i> di assisterli nell'ora della morte con tutte le<\/i><i>s<\/i><i> le grazie necessarie per la salvezza delle loro anime. <\/i><\/span><\/p>\n<p style=\"text-align: right;\"><i>La Vergine Maria, Pontevedra 10 dicembre 1925<\/i><\/p>\t\t\t\t\t\t\t\t<\/div>\n\t\t\t\t<\/div>\n\t\t\t\t\t<\/div>\n\t\t<\/div>\n\t\t\t\t<div class=\"elementor-column elementor-col-50 elementor-top-column elementor-element elementor-element-70841fd\" data-id=\"70841fd\" data-element_type=\"column\" data-e-type=\"column\">\n\t\t\t<div class=\"elementor-widget-wrap elementor-element-populated\">\n\t\t\t\t\t\t<div class=\"elementor-element elementor-element-2fbc9ad elementor-widget elementor-widget-image\" data-id=\"2fbc9ad\" data-element_type=\"widget\" data-e-type=\"widget\" data-widget_type=\"image.default\">\n\t\t\t\t<div class=\"elementor-widget-container\">\n\t\t\t\t\t\t\t\t\t\t\t\t\t\t\t<img loading=\"lazy\" decoding=\"async\" width=\"640\" height=\"640\" src=\"https:\/\/salve-corda.org\/wp-content\/uploads\/2021\/07\/Sans-titre-13.png\" class=\"attachment-large size-large wp-image-754\" alt=\"\" srcset=\"https:\/\/salve-corda.org\/wp-content\/uploads\/2021\/07\/Sans-titre-13.png 697w, https:\/\/salve-corda.org\/wp-content\/uploads\/2021\/07\/Sans-titre-13-300x300.png 300w, https:\/\/salve-corda.org\/wp-content\/uploads\/2021\/07\/Sans-titre-13-150x150.png 150w, https:\/\/salve-corda.org\/wp-content\/uploads\/2021\/07\/Sans-titre-13-680x680.png 680w, https:\/\/salve-corda.org\/wp-content\/uploads\/2021\/07\/Sans-titre-13-100x100.png 100w\" sizes=\"(max-width: 640px) 100vw, 640px\" \/>\t\t\t\t\t\t\t\t\t\t\t\t\t\t\t<\/div>\n\t\t\t\t<\/div>\n\t\t\t\t\t<\/div>\n\t\t<\/div>\n\t\t\t\t\t<\/div>\n\t\t<\/section>\n\t\t\t\t<\/div>","protected":false},"excerpt":{"rendered":"<p>TROIS buts de la d\u00e9votion aux Coeurs de J\u00e9sus et Marie Les trois buts de cette d\u00e9votion aux Coeurs de J\u00e9sus et Marie sont parfaitement conformes \u00e0 l&#8217;enseignement de l&#8217;Eglise catholique et respectent [&hellip;]<\/p>","protected":false},"author":1,"featured_media":0,"parent":0,"menu_order":0,"comment_status":"closed","ping_status":"closed","template":"elementor_header_footer","meta":{"footnotes":""},"class_list":["post-575","page","type-page","status-publish","hentry"],"_links":{"self":[{"href":"https:\/\/salve-corda.org\/it\/wp-json\/wp\/v2\/pages\/575","targetHints":{"allow":["GET"]}}],"collection":[{"href":"https:\/\/salve-corda.org\/it\/wp-json\/wp\/v2\/pages"}],"about":[{"href":"https:\/\/salve-corda.org\/it\/wp-json\/wp\/v2\/types\/page"}],"author":[{"embeddable":true,"href":"https:\/\/salve-corda.org\/it\/wp-json\/wp\/v2\/users\/1"}],"replies":[{"embeddable":true,"href":"https:\/\/salve-corda.org\/it\/wp-json\/wp\/v2\/comments?post=575"}],"version-history":[{"count":140,"href":"https:\/\/salve-corda.org\/it\/wp-json\/wp\/v2\/pages\/575\/revisions"}],"predecessor-version":[{"id":6377,"href":"https:\/\/salve-corda.org\/it\/wp-json\/wp\/v2\/pages\/575\/revisions\/6377"}],"wp:attachment":[{"href":"https:\/\/salve-corda.org\/it\/wp-json\/wp\/v2\/media?parent=575"}],"curies":[{"name":"wp","href":"https:\/\/api.w.org\/{rel}","templated":true}]}}