{"id":580,"date":"2021-07-12T12:45:09","date_gmt":"2021-07-12T10:45:09","guid":{"rendered":"https:\/\/salve-corda.org\/?page_id=580"},"modified":"2024-03-13T21:46:21","modified_gmt":"2024-03-13T20:46:21","slug":"promesses-si-nous-obeissons","status":"publish","type":"page","link":"https:\/\/salve-corda.org\/it\/promesses-si-nous-obeissons\/","title":{"rendered":"Promesse se obbediamo"},"content":{"rendered":"<div data-elementor-type=\"wp-page\" data-elementor-id=\"580\" class=\"elementor elementor-580\">\n\t\t\t\t\t\t<section class=\"elementor-section elementor-top-section elementor-element elementor-element-50f1e75 elementor-section-boxed elementor-section-height-default elementor-section-height-default\" data-id=\"50f1e75\" data-element_type=\"section\" data-e-type=\"section\">\n\t\t\t\t\t\t<div class=\"elementor-container elementor-column-gap-default\">\n\t\t\t\t\t<div class=\"elementor-column elementor-col-100 elementor-top-column elementor-element elementor-element-b9da60c\" data-id=\"b9da60c\" data-element_type=\"column\" data-e-type=\"column\">\n\t\t\t<div class=\"elementor-widget-wrap elementor-element-populated\">\n\t\t\t\t\t\t<div class=\"elementor-element elementor-element-7e74752 elementor-widget elementor-widget-spacer\" data-id=\"7e74752\" data-element_type=\"widget\" data-e-type=\"widget\" data-widget_type=\"spacer.default\">\n\t\t\t\t<div class=\"elementor-widget-container\">\n\t\t\t\t\t\t\t<div class=\"elementor-spacer\">\n\t\t\t<div class=\"elementor-spacer-inner\"><\/div>\n\t\t<\/div>\n\t\t\t\t\t\t<\/div>\n\t\t\t\t<\/div>\n\t\t\t\t\t<\/div>\n\t\t<\/div>\n\t\t\t\t\t<\/div>\n\t\t<\/section>\n\t\t\t\t<section class=\"elementor-section elementor-top-section elementor-element elementor-element-a8b04ae elementor-section-boxed elementor-section-height-default elementor-section-height-default\" data-id=\"a8b04ae\" data-element_type=\"section\" data-e-type=\"section\">\n\t\t\t\t\t\t<div class=\"elementor-container elementor-column-gap-default\">\n\t\t\t\t\t<div class=\"elementor-column elementor-col-100 elementor-top-column elementor-element elementor-element-62a45ab\" data-id=\"62a45ab\" data-element_type=\"column\" data-e-type=\"column\">\n\t\t\t<div class=\"elementor-widget-wrap elementor-element-populated\">\n\t\t\t\t\t\t<div class=\"elementor-element elementor-element-d580703 elementor-widget elementor-widget-heading\" data-id=\"d580703\" data-element_type=\"widget\" data-e-type=\"widget\" data-widget_type=\"heading.default\">\n\t\t\t\t<div class=\"elementor-widget-container\">\n\t\t\t\t\t<h2 class=\"elementor-heading-title elementor-size-default\">Il magnifico promette che se rispettiamo il \"primo sabato del mese\".<\/h2>\t\t\t\t<\/div>\n\t\t\t\t<\/div>\n\t\t\t\t\t<\/div>\n\t\t<\/div>\n\t\t\t\t\t<\/div>\n\t\t<\/section>\n\t\t\t\t<section class=\"elementor-section elementor-top-section elementor-element elementor-element-798940b elementor-section-boxed elementor-section-height-default elementor-section-height-default\" data-id=\"798940b\" data-element_type=\"section\" data-e-type=\"section\">\n\t\t\t\t\t\t<div class=\"elementor-container elementor-column-gap-default\">\n\t\t\t\t\t<div class=\"elementor-column elementor-col-100 elementor-top-column elementor-element elementor-element-7d7d548\" data-id=\"7d7d548\" data-element_type=\"column\" data-e-type=\"column\">\n\t\t\t<div class=\"elementor-widget-wrap elementor-element-populated\">\n\t\t\t\t\t\t<div class=\"elementor-element elementor-element-d55a33a elementor-widget elementor-widget-text-editor\" data-id=\"d55a33a\" data-element_type=\"widget\" data-e-type=\"widget\" data-widget_type=\"text-editor.default\">\n\t\t\t\t<div class=\"elementor-widget-container\">\n\t\t\t\t\t\t\t\t\t<p>1\/ RIPARARE LE FERITE COMMESSE CONTRO I CUORI DI MARIA E DI GES\u00d9<\/p>\t\t\t\t\t\t\t\t<\/div>\n\t\t\t\t<\/div>\n\t\t\t\t\t<\/div>\n\t\t<\/div>\n\t\t\t\t\t<\/div>\n\t\t<\/section>\n\t\t\t\t<section class=\"elementor-section elementor-top-section elementor-element elementor-element-579cff5 elementor-section-boxed elementor-section-height-default elementor-section-height-default\" data-id=\"579cff5\" data-element_type=\"section\" data-e-type=\"section\">\n\t\t\t\t\t\t<div class=\"elementor-container elementor-column-gap-default\">\n\t\t\t\t\t<div class=\"elementor-column elementor-col-100 elementor-top-column elementor-element elementor-element-2ef85e3\" data-id=\"2ef85e3\" data-element_type=\"column\" data-e-type=\"column\">\n\t\t\t<div class=\"elementor-widget-wrap elementor-element-populated\">\n\t\t\t\t\t\t<section class=\"elementor-section elementor-inner-section elementor-element elementor-element-106e9ad elementor-section-boxed elementor-section-height-default elementor-section-height-default\" data-id=\"106e9ad\" data-element_type=\"section\" data-e-type=\"section\">\n\t\t\t\t\t\t<div class=\"elementor-container elementor-column-gap-default\">\n\t\t\t\t\t<div class=\"elementor-column elementor-col-50 elementor-inner-column elementor-element elementor-element-67442ab\" data-id=\"67442ab\" data-element_type=\"column\" data-e-type=\"column\">\n\t\t\t<div class=\"elementor-widget-wrap elementor-element-populated\">\n\t\t\t\t\t\t<div class=\"elementor-element elementor-element-a346f08 elementor-widget elementor-widget-image\" data-id=\"a346f08\" data-element_type=\"widget\" data-e-type=\"widget\" data-widget_type=\"image.default\">\n\t\t\t\t<div class=\"elementor-widget-container\">\n\t\t\t\t\t\t\t\t\t\t\t\t\t\t\t<img fetchpriority=\"high\" decoding=\"async\" width=\"420\" height=\"376\" src=\"https:\/\/salve-corda.org\/wp-content\/uploads\/2020\/09\/Image11-e1631624688970.jpg\" class=\"attachment-large size-large wp-image-280\" alt=\"\" \/>\t\t\t\t\t\t\t\t\t\t\t\t\t\t\t<\/div>\n\t\t\t\t<\/div>\n\t\t\t\t\t<\/div>\n\t\t<\/div>\n\t\t\t\t<div class=\"elementor-column elementor-col-50 elementor-inner-column elementor-element elementor-element-862503e\" data-id=\"862503e\" data-element_type=\"column\" data-e-type=\"column\">\n\t\t\t<div class=\"elementor-widget-wrap elementor-element-populated\">\n\t\t\t\t\t\t<div class=\"elementor-element elementor-element-994aa17 elementor-widget elementor-widget-text-editor\" data-id=\"994aa17\" data-element_type=\"widget\" data-e-type=\"widget\" data-widget_type=\"text-editor.default\">\n\t\t\t\t<div class=\"elementor-widget-container\">\n\t\t\t\t\t\t\t\t\t<p><span style=\"color: #616161;\">La premi\u00e8re cons\u00e9quence est la r\u00e9paration effective des offenses qui sont faites \u00e0 Notre M\u00e8re du Ciel gr\u00e2ce \u00e0\u00a0\u00e0 la r\u00e9alisation des 1ers samedis du mois.\u00a0\u00a0Le Christ confirmera \u00e0 Soeur Lucie l&#8217;efficacit\u00e9 des 1ers samedis en ces termes :<\/span><\/p><p>\u00a0<\/p><p><span style=\"color: #0000ff;\">\"\u00a0<em>... il Cuore Immacolato di Maria mi ha ispirato a chiedere questa piccola riparazione e, in considerazione di essa, a muovere la Mia misericordia\u00a0<\/em>\".<\/span><\/p><p><span style=\"color: #333333;\">\u00a0<\/span><\/p><p><span style=\"color: #333333;\">Ainsi et de fa\u00e7on charitable, nous commen\u00e7ons non pas par attendre une cons\u00e9quence b\u00e9n\u00e9fique pour nous mais posons acte d&#8217;Amour d&#8217;une immense force envers Notre Dame et envers Dieu qui ne supporte pas les attaques contre sa M\u00e8re.<\/span><\/p><p><span style=\"color: #333333;\">\u00a0<\/span><\/p><p><span style=\"color: #333333;\">Questa \u00e8 la grande e nobile promessa del 1\u00b0 sabato. Questo \u00e8 il nostro grande ruolo se obbediamo.<\/span><\/p>\t\t\t\t\t\t\t\t<\/div>\n\t\t\t\t<\/div>\n\t\t\t\t\t<\/div>\n\t\t<\/div>\n\t\t\t\t\t<\/div>\n\t\t<\/section>\n\t\t\t\t\t<\/div>\n\t\t<\/div>\n\t\t\t\t\t<\/div>\n\t\t<\/section>\n\t\t\t\t<section class=\"elementor-section elementor-top-section elementor-element elementor-element-2769ac8 elementor-section-boxed elementor-section-height-default elementor-section-height-default\" data-id=\"2769ac8\" data-element_type=\"section\" data-e-type=\"section\" data-settings=\"{&quot;background_background&quot;:&quot;classic&quot;}\">\n\t\t\t\t\t\t<div class=\"elementor-container elementor-column-gap-default\">\n\t\t\t\t\t<div class=\"elementor-column elementor-col-100 elementor-top-column elementor-element elementor-element-e4d020d\" data-id=\"e4d020d\" data-element_type=\"column\" data-e-type=\"column\">\n\t\t\t<div class=\"elementor-widget-wrap elementor-element-populated\">\n\t\t\t\t\t\t<div class=\"elementor-element elementor-element-cca0de1 elementor-widget elementor-widget-text-editor\" data-id=\"cca0de1\" data-element_type=\"widget\" data-e-type=\"widget\" data-widget_type=\"text-editor.default\">\n\t\t\t\t<div class=\"elementor-widget-container\">\n\t\t\t\t\t\t\t\t\t<p>2\/ L&#8217;ARRET DES GUERRES ET TOTALITARISMES<\/p>\t\t\t\t\t\t\t\t<\/div>\n\t\t\t\t<\/div>\n\t\t\t\t\t<\/div>\n\t\t<\/div>\n\t\t\t\t\t<\/div>\n\t\t<\/section>\n\t\t\t\t<section class=\"elementor-section elementor-top-section elementor-element elementor-element-9592a94 elementor-section-boxed elementor-section-height-default elementor-section-height-default\" data-id=\"9592a94\" data-element_type=\"section\" data-e-type=\"section\" data-settings=\"{&quot;background_background&quot;:&quot;classic&quot;}\">\n\t\t\t\t\t\t<div class=\"elementor-container elementor-column-gap-default\">\n\t\t\t\t\t<div class=\"elementor-column elementor-col-100 elementor-top-column elementor-element elementor-element-11c124f\" data-id=\"11c124f\" data-element_type=\"column\" data-e-type=\"column\">\n\t\t\t<div class=\"elementor-widget-wrap elementor-element-populated\">\n\t\t\t\t\t\t<section class=\"elementor-section elementor-inner-section elementor-element elementor-element-d8b458b elementor-section-boxed elementor-section-height-default elementor-section-height-default\" data-id=\"d8b458b\" data-element_type=\"section\" data-e-type=\"section\">\n\t\t\t\t\t\t<div class=\"elementor-container elementor-column-gap-default\">\n\t\t\t\t\t<div class=\"elementor-column elementor-col-50 elementor-inner-column elementor-element elementor-element-542b351\" data-id=\"542b351\" data-element_type=\"column\" data-e-type=\"column\">\n\t\t\t<div class=\"elementor-widget-wrap elementor-element-populated\">\n\t\t\t\t\t\t<div class=\"elementor-element elementor-element-e2e0263 elementor-widget elementor-widget-text-editor\" data-id=\"e2e0263\" data-element_type=\"widget\" data-e-type=\"widget\" data-widget_type=\"text-editor.default\">\n\t\t\t\t<div class=\"elementor-widget-container\">\n\t\t\t\t\t\t\t\t\t<p><span style=\"color: #333333; font-family: var( --e-global-typography-text-font-family ), Sans-serif; font-size: var( --e-global-typography-text-font-size ); font-weight: var( --e-global-typography-text-font-weight ); background-color: var( --e-global-color-ef38a84 );\">Questo punto \u00e8 gi\u00e0 stato ampiamente trattato e ricordiamo le principali promesse della FATIMA su questo tema:<\/span><\/p><p><span style=\"color: #333333; font-family: var( --e-global-typography-text-font-family ), Sans-serif; font-size: var( --e-global-typography-text-font-size ); font-weight: var( --e-global-typography-text-font-weight ); background-color: var( --e-global-color-ef38a84 );\">\u00a0<\/span><\/p><p>\u00a0<\/p><p><span style=\"color: #0000ff;\"><em>\"Alla fine, il mio Cuore Immacolato trionfer\u00e0. Il Santo Padre mi consacrer\u00e0 la Russia, che si convertir\u00e0 [e riconoscer\u00e0 i primi sabati del mese], e al mondo sar\u00e0 concesso un certo tempo di pace\".<\/em><\/span><\/p><p><span style=\"color: #0000ff;\"><em>\u00a0<\/em><\/span><\/p><p><span style=\"color: #333333;\"><span style=\"font-family: var( --e-global-typography-text-font-family ), Sans-serif; font-size: var( --e-global-typography-text-font-size ); font-weight: var( --e-global-typography-text-font-weight ); background-color: var( --e-global-color-ef38a84 );\">Oui les \u201c1er samedi du mois\u201c nous am\u00e8nerons la paix sur terre. Nous obtiendrons une soci\u00e9t\u00e9 civile merveilleuse et paisible ainsi qu&#8217;une Eglise \u00e0 la fois charitable et resplendissante. Imaginons un seul instant un monde ou le Christ r\u00e8gnera de nouveau o\u00f9 tout ce d\u00e9ferlement du mal dont nous souffrons sera stopp\u00e9 par l&#8217;intervention miraculeuse du Coeur Immacul\u00e9 de Marie. Voil\u00e0 ce que nous sera accord\u00e9 si nous r\u00e9alisons ces 1er samedi du mois. Alors qu&#8217;attendons nous?<\/span><\/span><\/p>\t\t\t\t\t\t\t\t<\/div>\n\t\t\t\t<\/div>\n\t\t\t\t\t<\/div>\n\t\t<\/div>\n\t\t\t\t<div class=\"elementor-column elementor-col-50 elementor-inner-column elementor-element elementor-element-7161637\" data-id=\"7161637\" data-element_type=\"column\" data-e-type=\"column\">\n\t\t\t<div class=\"elementor-widget-wrap elementor-element-populated\">\n\t\t\t\t\t\t<div class=\"elementor-element elementor-element-a9c1600 elementor-widget elementor-widget-image\" data-id=\"a9c1600\" data-element_type=\"widget\" data-e-type=\"widget\" data-widget_type=\"image.default\">\n\t\t\t\t<div class=\"elementor-widget-container\">\n\t\t\t\t\t\t\t\t\t\t\t\t\t\t\t<img decoding=\"async\" width=\"640\" height=\"384\" src=\"https:\/\/salve-corda.org\/wp-content\/uploads\/2021\/07\/triomphe_marie-1024x614.png\" class=\"attachment-large size-large wp-image-770\" alt=\"\" srcset=\"https:\/\/salve-corda.org\/wp-content\/uploads\/2021\/07\/triomphe_marie-1024x614.png 1024w, https:\/\/salve-corda.org\/wp-content\/uploads\/2021\/07\/triomphe_marie-300x180.png 300w, https:\/\/salve-corda.org\/wp-content\/uploads\/2021\/07\/triomphe_marie-768x460.png 768w, https:\/\/salve-corda.org\/wp-content\/uploads\/2021\/07\/triomphe_marie.png 1043w\" sizes=\"(max-width: 640px) 100vw, 640px\" \/>\t\t\t\t\t\t\t\t\t\t\t\t\t\t\t<\/div>\n\t\t\t\t<\/div>\n\t\t\t\t\t<\/div>\n\t\t<\/div>\n\t\t\t\t\t<\/div>\n\t\t<\/section>\n\t\t\t\t\t<\/div>\n\t\t<\/div>\n\t\t\t\t\t<\/div>\n\t\t<\/section>\n\t\t\t\t<section class=\"elementor-section elementor-top-section elementor-element elementor-element-67d7f03 elementor-section-boxed elementor-section-height-default elementor-section-height-default\" data-id=\"67d7f03\" data-element_type=\"section\" data-e-type=\"section\">\n\t\t\t\t\t\t<div class=\"elementor-container elementor-column-gap-default\">\n\t\t\t\t\t<div class=\"elementor-column elementor-col-100 elementor-top-column elementor-element elementor-element-f702529\" data-id=\"f702529\" data-element_type=\"column\" data-e-type=\"column\">\n\t\t\t<div class=\"elementor-widget-wrap elementor-element-populated\">\n\t\t\t\t\t\t<div class=\"elementor-element elementor-element-73b5c67 elementor-widget elementor-widget-text-editor\" data-id=\"73b5c67\" data-element_type=\"widget\" data-e-type=\"widget\" data-widget_type=\"text-editor.default\">\n\t\t\t\t<div class=\"elementor-widget-container\">\n\t\t\t\t\t\t\t\t\t<p><span style=\"color: #333333; font-family: var( --e-global-typography-text-font-family ), Sans-serif; font-size: var( --e-global-typography-text-font-size ); font-weight: var( --e-global-typography-text-font-weight ); background-color: var( --e-global-color-ef38a84 );\">relisons le message de la Sainte Vierge \u00e0 la Salette sur l&#8217;av\u00e8nement de ce triomphe :<\/span><\/p><p>\u00a0<\/p><p><span style=\"color: #0000ff;\"><em>\" <\/em><\/span><em><span style=\"color: #0000ff;\">Allora Ges\u00f9 Cristo, con un atto della sua giustizia e della sua grande misericordia per i giusti, ordiner\u00e0 ai suoi angeli di mettere a morte tutti i suoi nemici. Improvvisamente, i persecutori della Chiesa di Ges\u00f9 Cristo e tutti gli uomini che hanno commesso peccato periranno e la terra diventer\u00e0 come un deserto.<\/span><\/em><\/p><p>\u00a0<\/p><p><em><span style=\"color: #0000ff;\">Sar\u00e0 soffocato dal soffio di San Michele Arcangelo. Cadr\u00e0 e la terra, che da tre giorni [tre anni di regno dell'Anticristo e di morte della Chiesa NDLR] \u00e8 in continuo movimento, aprir\u00e0 il suo seno pieno di fuoco; egli sar\u00e0 immerso per sempre con tutti i suoi simili nell'abisso eterno dell'inferno. Allora l'acqua e il fuoco purificheranno la terra e consumeranno tutte le opere dell'orgoglio umano, e tutto sar\u00e0 rinnovato: Dio sar\u00e0 servito e glorificato.<\/span><\/em><\/p><p>\u00a0<\/p><p><em><span style=\"color: #0000ff;\">Allora ci sar\u00e0 la pace, la riconciliazione di Dio con gli uomini; Ges\u00f9 Cristo sar\u00e0 servito, adorato e glorificato; la carit\u00e0 fiorir\u00e0 ovunque. I nuovi re saranno alla destra della santa Chiesa, che sar\u00e0 forte, umile, pia, povera, zelante e imitatrice delle virt\u00f9 di Ges\u00f9 Cristo.<\/span><\/em><\/p><p><em><span style=\"color: #0000ff;\">L\u2019\u00c9vangile sera pr\u00each\u00e9 partout, et les hommes feront de grands progr\u00e8s dans la foi, parce qu\u2019il y aura unit\u00e9 parmi les ouvriers de J\u00e9sus-Christ et que les hommes vivront dans la crainte de Dieu.&#8221;<\/span><\/em><\/p>\t\t\t\t\t\t\t\t<\/div>\n\t\t\t\t<\/div>\n\t\t\t\t<div class=\"elementor-element elementor-element-34b0994 elementor-widget elementor-widget-text-editor\" data-id=\"34b0994\" data-element_type=\"widget\" data-e-type=\"widget\" data-widget_type=\"text-editor.default\">\n\t\t\t\t<div class=\"elementor-widget-container\">\n\t\t\t\t\t\t\t\t\t<p>3\/ La nostra salvezza\u00a0<\/p>\t\t\t\t\t\t\t\t<\/div>\n\t\t\t\t<\/div>\n\t\t\t\t\t<\/div>\n\t\t<\/div>\n\t\t\t\t\t<\/div>\n\t\t<\/section>\n\t\t\t\t<section class=\"elementor-section elementor-top-section elementor-element elementor-element-fbe2e7d elementor-section-boxed elementor-section-height-default elementor-section-height-default\" data-id=\"fbe2e7d\" data-element_type=\"section\" data-e-type=\"section\">\n\t\t\t\t\t\t<div class=\"elementor-container elementor-column-gap-default\">\n\t\t\t\t\t<div class=\"elementor-column elementor-col-100 elementor-top-column elementor-element elementor-element-2a0fd57\" data-id=\"2a0fd57\" data-element_type=\"column\" data-e-type=\"column\">\n\t\t\t<div class=\"elementor-widget-wrap elementor-element-populated\">\n\t\t\t\t\t\t<section class=\"elementor-section elementor-inner-section elementor-element elementor-element-7d3d3b5 elementor-section-boxed elementor-section-height-default elementor-section-height-default\" data-id=\"7d3d3b5\" data-element_type=\"section\" data-e-type=\"section\">\n\t\t\t\t\t\t<div class=\"elementor-container elementor-column-gap-default\">\n\t\t\t\t\t<div class=\"elementor-column elementor-col-50 elementor-inner-column elementor-element elementor-element-59ac3c1\" data-id=\"59ac3c1\" data-element_type=\"column\" data-e-type=\"column\">\n\t\t\t<div class=\"elementor-widget-wrap elementor-element-populated\">\n\t\t\t\t\t\t<div class=\"elementor-element elementor-element-7d25ccb elementor-widget elementor-widget-image\" data-id=\"7d25ccb\" data-element_type=\"widget\" data-e-type=\"widget\" data-widget_type=\"image.default\">\n\t\t\t\t<div class=\"elementor-widget-container\">\n\t\t\t\t\t\t\t\t\t\t\t\t\t\t\t<img decoding=\"async\" width=\"443\" height=\"675\" src=\"https:\/\/salve-corda.org\/wp-content\/uploads\/2021\/07\/saint-simon.png\" class=\"attachment-large size-large wp-image-870\" alt=\"\" srcset=\"https:\/\/salve-corda.org\/wp-content\/uploads\/2021\/07\/saint-simon.png 443w, https:\/\/salve-corda.org\/wp-content\/uploads\/2021\/07\/saint-simon-197x300.png 197w\" sizes=\"(max-width: 443px) 100vw, 443px\" \/>\t\t\t\t\t\t\t\t\t\t\t\t\t\t\t<\/div>\n\t\t\t\t<\/div>\n\t\t\t\t\t<\/div>\n\t\t<\/div>\n\t\t\t\t<div class=\"elementor-column elementor-col-50 elementor-inner-column elementor-element elementor-element-276cc60\" data-id=\"276cc60\" data-element_type=\"column\" data-e-type=\"column\">\n\t\t\t<div class=\"elementor-widget-wrap elementor-element-populated\">\n\t\t\t\t\t\t<div class=\"elementor-element elementor-element-6639647 elementor-widget elementor-widget-text-editor\" data-id=\"6639647\" data-element_type=\"widget\" data-e-type=\"widget\" data-widget_type=\"text-editor.default\">\n\t\t\t\t<div class=\"elementor-widget-container\">\n\t\t\t\t\t\t\t\t\t<p><span style=\"color: #333333;\"><strong>La certitude d&#8217;aller au ciel<\/strong><\/span><\/p><p><span style=\"color: #616161;\">C&#8217;est la grande promesse de Notre Dame \u00e0 notre \u00e9gard si nous suivons cinq fois de suite les 1ers samedis du mois. Nous rappelons ici ses paroles:<\/span><\/p><p><span style=\"color: #0000ff;\"><i>\"Tutti coloro che per 5 mesi, il primo sabato, si confessano, ricevono la Santa Comunione, recitano il Rosario e mi fanno compagnia per quindici minuti sui quindici misteri del Rosario, in spirito di riparazione\", <b>Prometto<\/b><\/i><b><i>s<\/i><i>\u00a0di assisterli nell'ora della morte con tutte le<\/i><i>s<\/i><\/b><i><b>\u00a0le grazie necessarie per la salvezza delle loro anime.<\/b>\u00a0\"<\/i><\/span><\/p><p><span style=\"color: #333333;\"><i>La Vergine Maria, Pontevedra 10 dicembre 1925<\/i><\/span><\/p><p><span style=\"color: #333333;\"><i>\u00a0<\/i><\/span><\/p><p><span style=\"color: #333333;\"><strong>Liberazione dal Purgatorio (per aver indossato lo scapolare)<\/strong><\/span><\/p><p><span style=\"color: #333333;\">Questa promessa \u00e8 legata allo scapolare marrone*:<\/span><\/p><p style=\"color: #6288c6;\"><span style=\"color: #0000ff;\"><i>\"Chi muore vestito di questa veste sar\u00e0 salvo, non soffrir\u00e0 mai le fiamme eterne. \u00c8 un segno di salvezza, una salvaguardia nei momenti di pericolo, un pegno di pace e di alleanza eterna.<\/i><\/span><\/p><p style=\"color: #6288c6;\"><span style=\"color: #0000ff;\"><i>Se nel giorno del loro passaggio all'altra vita, essi (<\/i><i>il<\/i><i>\u00a0figli del Carmelo) vengono portati in Purgatorio, <b>Andr\u00f2 l\u00e0 il sabato successivo alla loro morte e consegner\u00f2 quelli che trover\u00f2 l\u00ec <\/b>e ricondurli al monte santo e alla vita eterna\".<\/i><\/span><\/p><p style=\"color: #6288c6;\"><i>\u00a0<\/i><\/p><p style=\"color: #6288c6;\"><i style=\"color: #7a7a7a;\">(*) Lo scapolare \u00e8 una riduzione dell'abito religioso dei Carmelitani, la cui forma e le cui virt\u00f9 furono rivelate a San Simone Stock nel XIII secolo.\u00a0<\/i><i style=\"color: #7a7a7a;\">secolo<\/i><i style=\"color: #7a7a7a;\">. Lo scapolare \u00e8 fatto di tessuto di lana marrone. Su un lato \u00e8 spesso presente la Santa Croce.<\/i><i style=\"color: #7a7a7a;\">Cuore<\/i><i style=\"color: #7a7a7a;\">\u00a0e dall'altra, Nostra Signora del Monte Carmelo, che prende il nome dal monte in Palestina.\u00a0<\/i><i style=\"color: #7a7a7a;\">Papa San Pio X autorizz\u00f2 l'uso dello scapolare sotto forma di medaglia quando le circostanze lo richiedevano.\u00a0<\/i><\/p>\t\t\t\t\t\t\t\t<\/div>\n\t\t\t\t<\/div>\n\t\t\t\t\t<\/div>\n\t\t<\/div>\n\t\t\t\t\t<\/div>\n\t\t<\/section>\n\t\t\t\t\t<\/div>\n\t\t<\/div>\n\t\t\t\t\t<\/div>\n\t\t<\/section>\n\t\t\t\t<section class=\"elementor-section elementor-top-section elementor-element elementor-element-1e53515 elementor-section-boxed elementor-section-height-default elementor-section-height-default\" data-id=\"1e53515\" data-element_type=\"section\" data-e-type=\"section\">\n\t\t\t\t\t\t<div class=\"elementor-container elementor-column-gap-default\">\n\t\t\t\t\t<div class=\"elementor-column elementor-col-100 elementor-top-column elementor-element elementor-element-6ae2238\" data-id=\"6ae2238\" data-element_type=\"column\" data-e-type=\"column\">\n\t\t\t<div class=\"elementor-widget-wrap elementor-element-populated\">\n\t\t\t\t\t\t<div class=\"elementor-element elementor-element-293a5eb elementor-widget elementor-widget-heading\" data-id=\"293a5eb\" data-element_type=\"widget\" data-e-type=\"widget\" data-widget_type=\"heading.default\">\n\t\t\t\t<div class=\"elementor-widget-container\">\n\t\t\t\t\t<h2 class=\"elementor-heading-title elementor-size-default\">Le ALTRE PROMESSE (Sacro Cuore di Paray-le-Monial)<\/h2>\t\t\t\t<\/div>\n\t\t\t\t<\/div>\n\t\t\t\t\t<\/div>\n\t\t<\/div>\n\t\t\t\t\t<\/div>\n\t\t<\/section>\n\t\t\t\t<section class=\"elementor-section elementor-top-section elementor-element elementor-element-b52b262 elementor-section-boxed elementor-section-height-default elementor-section-height-default\" data-id=\"b52b262\" data-element_type=\"section\" data-e-type=\"section\">\n\t\t\t\t\t\t<div class=\"elementor-container elementor-column-gap-default\">\n\t\t\t\t\t<div class=\"elementor-column elementor-col-100 elementor-top-column elementor-element elementor-element-b3b5428\" data-id=\"b3b5428\" data-element_type=\"column\" data-e-type=\"column\">\n\t\t\t<div class=\"elementor-widget-wrap elementor-element-populated\">\n\t\t\t\t\t\t<section class=\"elementor-section elementor-inner-section elementor-element elementor-element-544df0a elementor-section-boxed elementor-section-height-default elementor-section-height-default\" data-id=\"544df0a\" data-element_type=\"section\" data-e-type=\"section\">\n\t\t\t\t\t\t<div class=\"elementor-container elementor-column-gap-default\">\n\t\t\t\t\t<div class=\"elementor-column elementor-col-50 elementor-inner-column elementor-element elementor-element-96cb533\" data-id=\"96cb533\" data-element_type=\"column\" data-e-type=\"column\">\n\t\t\t<div class=\"elementor-widget-wrap elementor-element-populated\">\n\t\t\t\t\t\t<div class=\"elementor-element elementor-element-8a7590d elementor-widget elementor-widget-text-editor\" data-id=\"8a7590d\" data-element_type=\"widget\" data-e-type=\"widget\" data-widget_type=\"text-editor.default\">\n\t\t\t\t<div class=\"elementor-widget-container\">\n\t\t\t\t\t\t\t\t\t<p><span style=\"color: #616161;\"><strong>Per i fedeli<\/strong><\/span><\/p><p><span style=\"color: #616161;\"><strong>\u00a0<\/strong><\/span><\/p><p><span style=\"color: #0000ff;\"><i style=\"font-family: var( --e-global-typography-text-font-family ), Sans-serif; font-size: var( --e-global-typography-text-font-size ); font-weight: var( --e-global-typography-text-font-weight );\">\"Porter\u00f2 la pace alle loro famiglie.<\/i><\/span><\/p><p><span style=\"color: #0000ff;\"><i>Dar\u00f2 loro tutte le grazie di cui hanno bisogno nella loro condizione.<\/i><i>.<\/i><\/span><\/p><p><span style=\"color: #0000ff;\"><i>Li consoler\u00f2 in tutte le loro pene.<\/i><\/span><\/p><p><span style=\"color: #0000ff;\"><i>Sar\u00f2 il loro rifugio sicuro nella vita e soprattutto nella morte.<\/i><\/span><\/p><p><span style=\"color: #0000ff;\"><i>Benedir\u00f2 abbondantemente tutti i loro sforzi.<\/i><\/span><\/p><p><span style=\"color: #0000ff;\"><i>Benedir\u00f2 le case dove l'immagine del mio Cuore \u00e8 esposta e onorata\".<\/i><\/span><\/p><p><b>\u00a0<\/b><\/p><p><span style=\"color: #616161;\"><b>Per le nazioni<\/b><\/span><\/p><p><span style=\"color: #616161;\"><b>\u00a0<\/b><\/span><\/p><p><span style=\"color: #0000ff;\"><i>\u00ab\u00a0Fais savoir au fils a\u00een\u00e9 de mon Sacr\u00e9-C\u0153ur que, comme sa naissance temporelle a \u00e9t\u00e9 obtenue par la d\u00e9votion aux m\u00e9rites de ma Sainte Enfance, de m\u00eame il obtiendra sa naissance de gr\u00e2ce et de gloire \u00e9ternelle par la cons\u00e9cration qu&#8217;il fera de lui-m\u00eame \u00e0 Mon C\u0153ur adorable qui veut triompher du sien et, par son entremise, de celui des grands de la terre. Il veut r\u00e9gner dans son palais, \u00eatre peint dans ses \u00e9tendards et grav\u00e9 dans ses armes, <\/i><b><i>per renderli vittoriosi su tutti i suoi nemici, facendo cadere ai suoi piedi queste teste orgogliose e superbe, per renderlo trionfante su tutti i nemici della Santa Chiesa <\/i><\/b><i>\"<\/i><\/span><\/p><p><i>\u00a0<\/i><\/p>\t\t\t\t\t\t\t\t<\/div>\n\t\t\t\t<\/div>\n\t\t\t\t\t<\/div>\n\t\t<\/div>\n\t\t\t\t<div class=\"elementor-column elementor-col-50 elementor-inner-column elementor-element elementor-element-79c2c33\" data-id=\"79c2c33\" data-element_type=\"column\" data-e-type=\"column\">\n\t\t\t<div class=\"elementor-widget-wrap elementor-element-populated\">\n\t\t\t\t\t\t<div class=\"elementor-element elementor-element-751478b elementor-widget elementor-widget-image\" data-id=\"751478b\" data-element_type=\"widget\" data-e-type=\"widget\" data-widget_type=\"image.default\">\n\t\t\t\t<div class=\"elementor-widget-container\">\n\t\t\t\t\t\t\t\t\t\t\t\t\t\t\t<img loading=\"lazy\" decoding=\"async\" width=\"640\" height=\"967\" src=\"https:\/\/salve-corda.org\/wp-content\/uploads\/2024\/03\/76741313-o-678x1024-1.jpg\" class=\"attachment-large size-large wp-image-6795\" alt=\"\" srcset=\"https:\/\/salve-corda.org\/wp-content\/uploads\/2024\/03\/76741313-o-678x1024-1.jpg 678w, https:\/\/salve-corda.org\/wp-content\/uploads\/2024\/03\/76741313-o-678x1024-1-199x300.jpg 199w\" sizes=\"(max-width: 640px) 100vw, 640px\" \/>\t\t\t\t\t\t\t\t\t\t\t\t\t\t\t<\/div>\n\t\t\t\t<\/div>\n\t\t\t\t\t<\/div>\n\t\t<\/div>\n\t\t\t\t\t<\/div>\n\t\t<\/section>\n\t\t\t\t\t<\/div>\n\t\t<\/div>\n\t\t\t\t\t<\/div>\n\t\t<\/section>\n\t\t\t\t<section class=\"elementor-section elementor-top-section elementor-element elementor-element-5e4fce0 elementor-section-boxed elementor-section-height-default elementor-section-height-default\" data-id=\"5e4fce0\" data-element_type=\"section\" data-e-type=\"section\">\n\t\t\t\t\t\t<div class=\"elementor-container elementor-column-gap-default\">\n\t\t\t\t\t<div class=\"elementor-column elementor-col-100 elementor-top-column elementor-element elementor-element-95c39b2\" data-id=\"95c39b2\" data-element_type=\"column\" data-e-type=\"column\">\n\t\t\t<div class=\"elementor-widget-wrap elementor-element-populated\">\n\t\t\t\t\t\t<section class=\"elementor-section elementor-inner-section elementor-element elementor-element-845ee09 elementor-section-boxed elementor-section-height-default elementor-section-height-default\" data-id=\"845ee09\" data-element_type=\"section\" data-e-type=\"section\">\n\t\t\t\t\t\t<div class=\"elementor-container elementor-column-gap-default\">\n\t\t\t\t\t<div class=\"elementor-column elementor-col-50 elementor-inner-column elementor-element elementor-element-53be7ff\" data-id=\"53be7ff\" data-element_type=\"column\" data-e-type=\"column\">\n\t\t\t<div class=\"elementor-widget-wrap elementor-element-populated\">\n\t\t\t\t\t\t<div class=\"elementor-element elementor-element-f55cc9c elementor-widget elementor-widget-image\" data-id=\"f55cc9c\" data-element_type=\"widget\" data-e-type=\"widget\" data-widget_type=\"image.default\">\n\t\t\t\t<div class=\"elementor-widget-container\">\n\t\t\t\t\t\t\t\t\t\t\t\t\t\t\t<img loading=\"lazy\" decoding=\"async\" width=\"640\" height=\"665\" src=\"https:\/\/salve-corda.org\/wp-content\/uploads\/2021\/09\/Sans-titre-8.png\" class=\"attachment-large size-large wp-image-2409\" alt=\"\" srcset=\"https:\/\/salve-corda.org\/wp-content\/uploads\/2021\/09\/Sans-titre-8.png 677w, https:\/\/salve-corda.org\/wp-content\/uploads\/2021\/09\/Sans-titre-8-289x300.png 289w\" sizes=\"(max-width: 640px) 100vw, 640px\" \/>\t\t\t\t\t\t\t\t\t\t\t\t\t\t\t<\/div>\n\t\t\t\t<\/div>\n\t\t\t\t\t<\/div>\n\t\t<\/div>\n\t\t\t\t<div class=\"elementor-column elementor-col-50 elementor-inner-column elementor-element elementor-element-2a10d07\" data-id=\"2a10d07\" data-element_type=\"column\" data-e-type=\"column\">\n\t\t\t<div class=\"elementor-widget-wrap elementor-element-populated\">\n\t\t\t\t\t\t<div class=\"elementor-element elementor-element-401f347 elementor-widget elementor-widget-text-editor\" data-id=\"401f347\" data-element_type=\"widget\" data-e-type=\"widget\" data-widget_type=\"text-editor.default\">\n\t\t\t\t<div class=\"elementor-widget-container\">\n\t\t\t\t\t\t\t\t\t<p><strong><span style=\"color: #696868;\">Per la nostra salvezza<\/span><\/strong><\/p>\n<p><strong><span style=\"color: #696868;\">&nbsp;<\/span><\/strong><\/p>\n<p><i>&nbsp;<\/i><i style=\"color: var( --e-global-color-primary ); font-family: var( --e-global-typography-text-font-family ), Sans-serif; font-size: var( --e-global-typography-text-font-size ); font-weight: var( --e-global-typography-text-font-weight );\">\"I peccatori troveranno nel mio Cuore la fonte e l'oceano infinito della misericordia.<\/i><\/p><p><i style=\"color: var( --e-global-color-primary ); font-family: var( --e-global-typography-text-font-family ), Sans-serif; font-size: var( --e-global-typography-text-font-size ); font-weight: var( --e-global-typography-text-font-weight );\"><br><\/i><\/p>\n<p><i>Le anime tiepide diventeranno ferventi.<\/i><\/p>\n<p><i>Le anime ferventi si eleveranno a una grande perfezione.<\/i><\/p>\n<p><i>Coloro che diffonderanno questa devozione avranno il loro nome scritto nel mio Cuore, dove non sar\u00e0 mai cancellato.<\/i><i>.<\/i><\/p><p><i><br><\/i><\/p>\n<p><i>Vi prometto, nell'eccesso della misericordia del mio Cuore, che il mio amore onnipotente conceder\u00e0 a tutti coloro che fanno la Comunione <\/i><i>primi venerd\u00ec, <\/i><i>nove mesi di fila, <\/i><b><i>la grazia della penitenza finale, che<\/i><\/b> <b><i>non morir\u00f2 in disgrazia<\/i><\/b><i>Sono sicuro che potranno farlo senza ricevere i sacramenti e che il mio Cuore si far\u00e0 loro rifugio in quest'ultima ora.&nbsp;<\/i><i>\"<\/i><\/p>\n<p><i>&nbsp;<\/i><\/p>\n<p><\/p>\n<p><span style=\"color: #636363;\">Anche quest'ultima promessa per coloro che compiono i primi nove venerd\u00ec del mese \u00e8 un'incredibile grazia che ci viene data. Mostra il potere che Cristo d\u00e0 ai primi venerd\u00ec del mese.<\/span><\/p><p><span style=\"color: #636363;\"><br><\/span><\/p><p><span style=\"color: #636363;\"><br><\/span><\/p><p><span style=\"color: #636363;\"><br><\/span><\/p>\t\t\t\t\t\t\t\t<\/div>\n\t\t\t\t<\/div>\n\t\t\t\t\t<\/div>\n\t\t<\/div>\n\t\t\t\t\t<\/div>\n\t\t<\/section>\n\t\t\t\t\t<\/div>\n\t\t<\/div>\n\t\t\t\t\t<\/div>\n\t\t<\/section>\n\t\t\t\t<\/div>","protected":false},"excerpt":{"rendered":"<p>Le magnifiche promesse se le realizziamo il \"primo sabato del mese\" 1\/ RIPARAZIONE DELLE LESIONI COMMESSE AI CUORI DI MARIA E DI GES\u00d9 La prima conseguenza \u00e8 l'effettiva riparazione delle [...].<\/p>","protected":false},"author":1,"featured_media":0,"parent":0,"menu_order":0,"comment_status":"closed","ping_status":"closed","template":"elementor_header_footer","meta":{"footnotes":""},"class_list":["post-580","page","type-page","status-publish","hentry"],"_links":{"self":[{"href":"https:\/\/salve-corda.org\/it\/wp-json\/wp\/v2\/pages\/580","targetHints":{"allow":["GET"]}}],"collection":[{"href":"https:\/\/salve-corda.org\/it\/wp-json\/wp\/v2\/pages"}],"about":[{"href":"https:\/\/salve-corda.org\/it\/wp-json\/wp\/v2\/types\/page"}],"author":[{"embeddable":true,"href":"https:\/\/salve-corda.org\/it\/wp-json\/wp\/v2\/users\/1"}],"replies":[{"embeddable":true,"href":"https:\/\/salve-corda.org\/it\/wp-json\/wp\/v2\/comments?post=580"}],"version-history":[{"count":131,"href":"https:\/\/salve-corda.org\/it\/wp-json\/wp\/v2\/pages\/580\/revisions"}],"predecessor-version":[{"id":6801,"href":"https:\/\/salve-corda.org\/it\/wp-json\/wp\/v2\/pages\/580\/revisions\/6801"}],"wp:attachment":[{"href":"https:\/\/salve-corda.org\/it\/wp-json\/wp\/v2\/media?parent=580"}],"curies":[{"name":"wp","href":"https:\/\/api.w.org\/{rel}","templated":true}]}}