{"id":9194,"date":"2024-03-27T02:57:51","date_gmt":"2024-03-27T01:57:51","guid":{"rendered":"https:\/\/salve-corda.org\/?page_id=9194"},"modified":"2024-03-27T03:42:03","modified_gmt":"2024-03-27T02:42:03","slug":"que-faire-si-pas-de-messe-le-samedi-matin","status":"publish","type":"page","link":"https:\/\/salve-corda.org\/it\/que-faire-si-pas-de-messe-le-samedi-matin\/","title":{"rendered":"E se il sabato mattina non c'\u00e8 la messa?"},"content":{"rendered":"<div data-elementor-type=\"wp-page\" data-elementor-id=\"9194\" class=\"elementor elementor-9194\">\n\t\t\t\t\t\t<section class=\"elementor-section elementor-top-section elementor-element elementor-element-03829f4 elementor-section-boxed elementor-section-height-default elementor-section-height-default\" data-id=\"03829f4\" data-element_type=\"section\" data-e-type=\"section\">\n\t\t\t\t\t\t<div class=\"elementor-container elementor-column-gap-default\">\n\t\t\t\t\t<div class=\"elementor-column elementor-col-100 elementor-top-column elementor-element elementor-element-e6bde18\" data-id=\"e6bde18\" data-element_type=\"column\" data-e-type=\"column\">\n\t\t\t<div class=\"elementor-widget-wrap\">\n\t\t\t\t\t\t\t<\/div>\n\t\t<\/div>\n\t\t\t\t\t<\/div>\n\t\t<\/section>\n\t\t\t\t<section class=\"elementor-section elementor-top-section elementor-element elementor-element-e20f0f0 elementor-section-boxed elementor-section-height-default elementor-section-height-default\" data-id=\"e20f0f0\" data-element_type=\"section\" data-e-type=\"section\">\n\t\t\t\t\t\t<div class=\"elementor-container elementor-column-gap-default\">\n\t\t\t\t\t<div class=\"elementor-column elementor-col-100 elementor-top-column elementor-element elementor-element-5eb62ff\" data-id=\"5eb62ff\" data-element_type=\"column\" data-e-type=\"column\">\n\t\t\t<div class=\"elementor-widget-wrap elementor-element-populated\">\n\t\t\t\t\t\t<div class=\"elementor-element elementor-element-102c535 elementor-widget elementor-widget-spacer\" data-id=\"102c535\" data-element_type=\"widget\" data-e-type=\"widget\" data-widget_type=\"spacer.default\">\n\t\t\t\t<div class=\"elementor-widget-container\">\n\t\t\t\t\t\t\t<div class=\"elementor-spacer\">\n\t\t\t<div class=\"elementor-spacer-inner\"><\/div>\n\t\t<\/div>\n\t\t\t\t\t\t<\/div>\n\t\t\t\t<\/div>\n\t\t\t\t<div class=\"elementor-element elementor-element-1920d56 elementor-widget elementor-widget-heading\" data-id=\"1920d56\" data-element_type=\"widget\" data-e-type=\"widget\" data-widget_type=\"heading.default\">\n\t\t\t\t<div class=\"elementor-widget-container\">\n\t\t\t\t\t<h2 class=\"elementor-heading-title elementor-size-default\">E se non posso andare a messa il sabato mattina?<\/h2>\t\t\t\t<\/div>\n\t\t\t\t<\/div>\n\t\t\t\t<div class=\"elementor-element elementor-element-7b7a661 elementor-widget elementor-widget-text-editor\" data-id=\"7b7a661\" data-element_type=\"widget\" data-e-type=\"widget\" data-widget_type=\"text-editor.default\">\n\t\t\t\t<div class=\"elementor-widget-container\">\n\t\t\t\t\t\t\t\t\t<p>Nous sommes dans une p\u00e9riode de crise de l\u2019\u00c9glise sans pr\u00e9c\u00e9dent et il n\u2019est pas toujours facile d&#8217;avoir une messe les 1<sup>menti<\/sup> samedis du mois. Par ailleurs on peut avoir des obligations majeures (travail, famille etc.) ou \u00eatre dans l&#8217;impossibilit\u00e9 de se d\u00e9placer (personnes \u00e2g\u00e9es, malades, etc.) Voici ce qu\u2019il faut faire en fonction des situations.<\/p>\n<p><br><\/p>\n<p><\/p>\t\t\t\t\t\t\t\t<\/div>\n\t\t\t\t<\/div>\n\t\t\t\t<div class=\"elementor-element elementor-element-fa3d7fe elementor-widget elementor-widget-text-editor\" data-id=\"fa3d7fe\" data-element_type=\"widget\" data-e-type=\"widget\" data-widget_type=\"text-editor.default\">\n\t\t\t\t<div class=\"elementor-widget-container\">\n\t\t\t\t\t\t\t\t\t<p>Situation 1: Il n&#8217;y a pas de messe le samedi matin pres de chez soi<\/p>\t\t\t\t\t\t\t\t<\/div>\n\t\t\t\t<\/div>\n\t\t\t\t<div class=\"elementor-element elementor-element-fcaa0a6 elementor-widget elementor-widget-text-editor\" data-id=\"fcaa0a6\" data-element_type=\"widget\" data-e-type=\"widget\" data-widget_type=\"text-editor.default\">\n\t\t\t\t<div class=\"elementor-widget-container\">\n\t\t\t\t\t\t\t\t\t<p><span style=\"color: var( --e-global-color-text ); font-family: var( --e-global-typography-18e5089-font-family ), Sans-serif; font-size: var( --e-global-typography-18e5089-font-size ); letter-spacing: var( --e-global-typography-18e5089-letter-spacing ); word-spacing: var( --e-global-typography-18e5089-word-spacing );\">Il est alors possible d&#8217;utiliser la messe du samedi soir mais toujours en communiant dans l\u2019intention de r\u00e9parer les offenses faites \u00e0 la Sainte Vierge. (et sans l\u2019utiliser comme \u201cmesse anticip\u00e9e du dimanche\u201c bien s\u00fbr et donc y aller aussi le dimanche).\u00a0<\/span><\/p><p>\u00a0<\/p><p><em>Nota: se non si ha molto tempo a disposizione, non \u00e8 necessario partecipare alla \"Liturgia della Parola\", perch\u00e9 sar\u00e0 seguita dalla Messa della domenica successiva. \u00c8 quindi possibile arrivare solo per l'offertorio e per fare la comunione.<\/em><\/p>\t\t\t\t\t\t\t\t<\/div>\n\t\t\t\t<\/div>\n\t\t\t\t<div class=\"elementor-element elementor-element-014691a elementor-widget elementor-widget-text-editor\" data-id=\"014691a\" data-element_type=\"widget\" data-e-type=\"widget\" data-widget_type=\"text-editor.default\">\n\t\t\t\t<div class=\"elementor-widget-container\">\n\t\t\t\t\t\t\t\t\t<p>situation 2: il n&#8217;y a pas du tout de messe le samedi pres de chez soi (ou on ne peut pas se deplacer)<\/p>\t\t\t\t\t\t\t\t<\/div>\n\t\t\t\t<\/div>\n\t\t\t\t<div class=\"elementor-element elementor-element-83e90f2 elementor-widget elementor-widget-text-editor\" data-id=\"83e90f2\" data-element_type=\"widget\" data-e-type=\"widget\" data-widget_type=\"text-editor.default\">\n\t\t\t\t<div class=\"elementor-widget-container\">\n\t\t\t\t\t\t\t\t\t<p><\/p>\n<p>Cela peut arriver notamment en pleine campagne ou s&#8217;il on est malade.&nbsp;<\/p>\n<p>Cristo stesso ha risposto a questa domanda a suor Lucia e le ha spiegato <strong>in caso di impossibilit\u00e0 totale<\/strong> il sabato, la comunione domenicale era valida a due condizioni:&nbsp;<\/p>\n<p>(1) signaler au pr\u00eatre &nbsp;que l&#8217;on r\u00e9alise le 1er samedi du mois ce dimanche et&nbsp;<\/p>\n<p>(2)&nbsp;<strong>ricevere sempre la comunione in riparazione delle offese subite<\/strong> fatto alla Beata Vergine.&nbsp;<\/p>\n<p>Naturalmente, le altre richieste (rosario e 15 minuti di meditazione) vengono fatte il sabato e la confessione entro otto giorni.<\/p><p><br><\/p>\n<p><\/p>\n<p><\/p>\t\t\t\t\t\t\t\t<\/div>\n\t\t\t\t<\/div>\n\t\t\t\t<div class=\"elementor-element elementor-element-b3842a9 elementor-widget elementor-widget-text-editor\" data-id=\"b3842a9\" data-element_type=\"widget\" data-e-type=\"widget\" data-widget_type=\"text-editor.default\">\n\t\t\t\t<div class=\"elementor-widget-container\">\n\t\t\t\t\t\t\t\t\t<p>situation 3: il n&#8217;y a pas du tout de messe (et pas de confessions)<\/p>\t\t\t\t\t\t\t\t<\/div>\n\t\t\t\t<\/div>\n\t\t\t\t<div class=\"elementor-element elementor-element-db0f12b elementor-widget elementor-widget-text-editor\" data-id=\"db0f12b\" data-element_type=\"widget\" data-e-type=\"widget\" data-widget_type=\"text-editor.default\">\n\t\t\t\t<div class=\"elementor-widget-container\">\n\t\t\t\t\t\t\t\t\t<p>Se siete impossibilitati a viaggiare o se dovete affrontare misure di persecuzione che vi impediscono di partecipare alle Messe, alle confessioni, ecc. il primo sabato di ogni mese <strong>rimane perfettamente possibile<\/strong>.\u00a0<\/p><p>In questo caso, l'1<sup>er<\/sup> Sabato di ogni mese, recitate il rosario e dedicate 15 minuti alla meditazione di un mistero del rosario. Poi fate un esame di coscienza, chiedendo perdono a Dio e facendo una comunione spirituale.\u00a0<span style=\"color: var( --e-global-color-text ); font-family: var( --e-global-typography-18e5089-font-family ), Sans-serif; font-size: var( --e-global-typography-18e5089-font-size ); letter-spacing: var( --e-global-typography-18e5089-letter-spacing ); word-spacing: var( --e-global-typography-18e5089-word-spacing );\">\u00a0<\/span><\/p><p><span style=\"color: var( --e-global-color-text ); font-family: var( --e-global-typography-18e5089-font-family ), Sans-serif; font-size: var( --e-global-typography-18e5089-font-size ); letter-spacing: var( --e-global-typography-18e5089-letter-spacing ); word-spacing: var( --e-global-typography-18e5089-word-spacing );\">\u00a0<\/span><\/p><p><span style=\"color: var( --e-global-color-text ); font-family: var( --e-global-typography-18e5089-font-family ), Sans-serif; font-size: var( --e-global-typography-18e5089-font-size ); letter-spacing: var( --e-global-typography-18e5089-letter-spacing ); word-spacing: var( --e-global-typography-18e5089-word-spacing );\">Potete farlo da soli o con altri, a seconda della vostra situazione. Se potete viaggiare, dovreste farlo in una cappella o in una chiesa.<\/span><\/p><p><span style=\"color: var( --e-global-color-text ); font-family: var( --e-global-typography-18e5089-font-family ), Sans-serif; font-size: var( --e-global-typography-18e5089-font-size ); letter-spacing: var( --e-global-typography-18e5089-letter-spacing ); word-spacing: var( --e-global-typography-18e5089-word-spacing );\">\u00a0<\/span><\/p><p><span style=\"color: var( --e-global-color-text ); font-family: var( --e-global-typography-18e5089-font-family ), Sans-serif; font-size: var( --e-global-typography-18e5089-font-size ); letter-spacing: var( --e-global-typography-18e5089-letter-spacing ); word-spacing: var( --e-global-typography-18e5089-word-spacing );\">\u00a0<\/span><u style=\"color: var( --e-global-color-text ); font-family: var( --e-global-typography-18e5089-font-family ), Sans-serif; font-size: var( --e-global-typography-18e5089-font-size ); letter-spacing: var( --e-global-typography-18e5089-letter-spacing ); word-spacing: var( --e-global-typography-18e5089-word-spacing );\">Vedi sotto<\/u><span style=\"color: var( --e-global-color-text ); font-family: var( --e-global-typography-18e5089-font-family ), Sans-serif; font-size: var( --e-global-typography-18e5089-font-size ); letter-spacing: var( --e-global-typography-18e5089-letter-spacing ); word-spacing: var( --e-global-typography-18e5089-word-spacing );\"> come raggiungere la comunione spirituale il 1\u00b0 sabato del mese.<\/span><\/p>\t\t\t\t\t\t\t\t<\/div>\n\t\t\t\t<\/div>\n\t\t\t\t\t<\/div>\n\t\t<\/div>\n\t\t\t\t\t<\/div>\n\t\t<\/section>\n\t\t\t\t<section class=\"elementor-section elementor-top-section elementor-element elementor-element-b644754 elementor-section-boxed elementor-section-height-default elementor-section-height-default\" data-id=\"b644754\" data-element_type=\"section\" data-e-type=\"section\">\n\t\t\t\t\t\t<div class=\"elementor-container elementor-column-gap-default\">\n\t\t\t\t\t<div class=\"elementor-column elementor-col-100 elementor-top-column elementor-element elementor-element-2a05b14\" data-id=\"2a05b14\" data-element_type=\"column\" data-e-type=\"column\">\n\t\t\t<div class=\"elementor-widget-wrap elementor-element-populated\">\n\t\t\t\t\t\t<div class=\"elementor-element elementor-element-b4566a5 elementor-widget elementor-widget-text-editor\" data-id=\"b4566a5\" data-element_type=\"widget\" data-e-type=\"widget\" data-widget_type=\"text-editor.default\">\n\t\t\t\t<div class=\"elementor-widget-container\">\n\t\t\t\t\t\t\t\t\t<p>comunione spirituale in caso di forza maggiore<\/p>\t\t\t\t\t\t\t\t<\/div>\n\t\t\t\t<\/div>\n\t\t\t\t\t<\/div>\n\t\t<\/div>\n\t\t\t\t\t<\/div>\n\t\t<\/section>\n\t\t\t\t<section class=\"elementor-section elementor-top-section elementor-element elementor-element-98632f1 elementor-section-boxed elementor-section-height-default elementor-section-height-default\" data-id=\"98632f1\" data-element_type=\"section\" data-e-type=\"section\">\n\t\t\t\t\t\t<div class=\"elementor-container elementor-column-gap-default\">\n\t\t\t\t\t<div class=\"elementor-column elementor-col-100 elementor-top-column elementor-element elementor-element-d385a1c\" data-id=\"d385a1c\" data-element_type=\"column\" data-e-type=\"column\">\n\t\t\t<div class=\"elementor-widget-wrap elementor-element-populated\">\n\t\t\t\t\t\t<div class=\"elementor-element elementor-element-c0f461f elementor-widget elementor-widget-text-editor\" data-id=\"c0f461f\" data-element_type=\"widget\" data-e-type=\"widget\" data-widget_type=\"text-editor.default\">\n\t\t\t\t<div class=\"elementor-widget-container\">\n\t\t\t\t\t\t\t\t\t<p>Ci possono essere circostanze reali e oggettive (e non di comodo) in cui la comunione sacramentale (ricevere effettivamente l'ostia) \u00e8 IMPOSSIBILE: impossibilit\u00e0 materiale di viaggiare (malattia, mancanza di mezzi di trasporto, ecc.), assenza di Messa (crisi della Chiesa), persecuzioni, misure governative, ecc.<\/p><p>\u00a0<\/p><p>In questo caso, c'\u00e8 ancora un modo semplice per rispondere alla richiesta della Beata Vergine di ricevere la comunione il 1\u00ba luglio.<sup>menti <\/sup>I sabati del mese: comunione spirituale (detta anche comunione di desiderio). Il Concilio di Trento l'ha definita molto chiaramente: <em><span style=\"color: #0000ff;\">\"Comunicarsi spiritualmente significa unirsi a Ges\u00f9 Cristo presente nell'Eucaristia, non ricevendolo sacramentalmente, ma ricevendolo spiritualmente. <strong>da un desiderio<\/strong> <strong>che scaturisce da una fede animata dalla carit\u00e0<\/strong>. \"<\/span> (Concilio di Trento, sessione XII)<\/em><\/p><p>\u00a0<\/p><p>San Tommaso riassume i frutti di questa comunione spirituale in quattro parole: <em><span style=\"color: #0000ff;\">\"Come l'altra comunione, sostiene e rafforza, <strong><u>riparazioni <\/u><\/strong>e si rallegra.<\/span> <\/em>San Tommaso precisa quindi che questa comunione spirituale \"ripara\". Ora, l'obiettivo fissato dalla Beata Vergine per il 1<sup>menti<\/sup> \u00e8 quello di riparare alle offese subite. Vediamo quindi che in caso di impedimento dovuto a cause di forza maggiore noi <strong><u>Possiamo ancora praticare per intero il 1\u00b0 sabato del mese grazie alla comunione spirituale.<\/u><\/strong><\/p><p>\u00a0<\/p><p><strong>Come praticare la comunione spirituale<\/strong><\/p><p>\u00a0<\/p><p><strong>1\/ Prima della comunione<\/strong> ci prepariamo come per una comunione sacramentale. Rimanere in silenzio, se possibile inginocchiati davanti a una croce o a un'immagine\/statua del Sacro Cuore, di Cristo Re o qualcosa di simile.  Mettetevi alla presenza della Santissima Trinit\u00e0, della Madonna, degli Angeli e dei Santi. Meditare per qualche minuto sul rinnovamento del sacrificio della Croce in ogni Messa durante l'Elevazione. Tenete a mente l'immagine dell'Elevazione presentata dalla Beata Vergine a Suor Lucia di Fatima (sotto). Poi chiedete sinceramente perdono a Dio per le vostre colpe (recitate il \"Confesso a Dio\" o l'atto di contrizione e \"Signore, non sono degno di riceverti...\").<\/p>\t\t\t\t\t\t\t\t<\/div>\n\t\t\t\t<\/div>\n\t\t\t\t\t<\/div>\n\t\t<\/div>\n\t\t\t\t\t<\/div>\n\t\t<\/section>\n\t\t\t\t<section class=\"elementor-section elementor-top-section elementor-element elementor-element-60219c6 elementor-section-boxed elementor-section-height-default elementor-section-height-default\" data-id=\"60219c6\" data-element_type=\"section\" data-e-type=\"section\">\n\t\t\t\t\t\t<div class=\"elementor-container elementor-column-gap-default\">\n\t\t\t\t\t<div class=\"elementor-column elementor-col-50 elementor-top-column elementor-element elementor-element-330e8d0\" data-id=\"330e8d0\" data-element_type=\"column\" data-e-type=\"column\">\n\t\t\t<div class=\"elementor-widget-wrap elementor-element-populated\">\n\t\t\t\t\t\t<div class=\"elementor-element elementor-element-9c18032 elementor-widget elementor-widget-text-editor\" data-id=\"9c18032\" data-element_type=\"widget\" data-e-type=\"widget\" data-widget_type=\"text-editor.default\">\n\t\t\t\t<div class=\"elementor-widget-container\">\n\t\t\t\t\t\t\t\t\t<p><strong>2\/ Per la comunione spirituale<\/strong> fare un atto di desiderio. Per farlo, recitate una preghiera come quella di Sant'Alfonso Liguori, molto bella e semplice:<\/p><p>\u00a0<\/p><p><span style=\"color: #0000ff;\"><em>\"Mio Ges\u00f9, credo nella tua presenza nel Santissimo Sacramento. Ti amo pi\u00f9 di ogni altra cosa e voglio che tu venga nella mia anima. Non posso ora riceverti sacramentalmente nel mio cuore: vieni almeno spiritualmente. Ti abbraccio come se fossi gi\u00e0 venuto e mi unisco a te completamente. Non permettere che io abbia mai la disgrazia di separarmi da te.<\/em><\/span><\/p><p>\u00a0<\/p><p>Non esitate ad aggiungere una preghiera di desiderio dal vostro cuore. <strong><u>e offrire questa comunione spirituale per riparare le offese commesse contro la Madonna.<\/u><\/strong><\/p><p><strong><u>\u00a0<\/u><\/strong><\/p><p><strong>3\/ Dopo la comunione<\/strong>Il ringraziamento sar\u00e0 fatto come per la comunione abituale.<\/p>\t\t\t\t\t\t\t\t<\/div>\n\t\t\t\t<\/div>\n\t\t\t\t\t<\/div>\n\t\t<\/div>\n\t\t\t\t<div class=\"elementor-column elementor-col-50 elementor-top-column elementor-element elementor-element-8e05d68\" data-id=\"8e05d68\" data-element_type=\"column\" data-e-type=\"column\">\n\t\t\t<div class=\"elementor-widget-wrap elementor-element-populated\">\n\t\t\t\t\t\t<div class=\"elementor-element elementor-element-96835d6 elementor-widget elementor-widget-image\" data-id=\"96835d6\" data-element_type=\"widget\" data-e-type=\"widget\" data-widget_type=\"image.default\">\n\t\t\t\t<div class=\"elementor-widget-container\">\n\t\t\t\t\t\t\t\t\t\t\t\t\t\t\t<img fetchpriority=\"high\" decoding=\"async\" width=\"236\" height=\"353\" src=\"https:\/\/salve-corda.org\/wp-content\/uploads\/2022\/03\/4253254e1e6dab9b90e5b356adacf524.jpg\" class=\"attachment-large size-large wp-image-5463\" alt=\"\" srcset=\"https:\/\/salve-corda.org\/wp-content\/uploads\/2022\/03\/4253254e1e6dab9b90e5b356adacf524.jpg 236w, https:\/\/salve-corda.org\/wp-content\/uploads\/2022\/03\/4253254e1e6dab9b90e5b356adacf524-201x300.jpg 201w\" sizes=\"(max-width: 236px) 100vw, 236px\" \/>\t\t\t\t\t\t\t\t\t\t\t\t\t\t\t<\/div>\n\t\t\t\t<\/div>\n\t\t\t\t\t<\/div>\n\t\t<\/div>\n\t\t\t\t\t<\/div>\n\t\t<\/section>\n\t\t\t\t<\/div>","protected":false},"excerpt":{"rendered":"<p>que faire si je ne peux pas aller a la messe le samedi matin? Nous sommes dans une p\u00e9riode de crise de l\u2019\u00c9glise sans pr\u00e9c\u00e9dent et il n\u2019est pas toujours facile d&#8217;avoir une [&hellip;]<\/p>","protected":false},"author":2,"featured_media":0,"parent":0,"menu_order":0,"comment_status":"closed","ping_status":"closed","template":"elementor_header_footer","meta":{"footnotes":""},"class_list":["post-9194","page","type-page","status-publish","hentry"],"_links":{"self":[{"href":"https:\/\/salve-corda.org\/it\/wp-json\/wp\/v2\/pages\/9194","targetHints":{"allow":["GET"]}}],"collection":[{"href":"https:\/\/salve-corda.org\/it\/wp-json\/wp\/v2\/pages"}],"about":[{"href":"https:\/\/salve-corda.org\/it\/wp-json\/wp\/v2\/types\/page"}],"author":[{"embeddable":true,"href":"https:\/\/salve-corda.org\/it\/wp-json\/wp\/v2\/users\/2"}],"replies":[{"embeddable":true,"href":"https:\/\/salve-corda.org\/it\/wp-json\/wp\/v2\/comments?post=9194"}],"version-history":[{"count":29,"href":"https:\/\/salve-corda.org\/it\/wp-json\/wp\/v2\/pages\/9194\/revisions"}],"predecessor-version":[{"id":9228,"href":"https:\/\/salve-corda.org\/it\/wp-json\/wp\/v2\/pages\/9194\/revisions\/9228"}],"wp:attachment":[{"href":"https:\/\/salve-corda.org\/it\/wp-json\/wp\/v2\/media?parent=9194"}],"curies":[{"name":"wp","href":"https:\/\/api.w.org\/{rel}","templated":true}]}}