{"id":2043,"date":"2021-09-14T20:56:57","date_gmt":"2021-09-14T18:56:57","guid":{"rendered":"https:\/\/salve-corda.org\/?post_type=prieres&#038;p=2043"},"modified":"2021-09-23T23:29:46","modified_gmt":"2021-09-23T21:29:46","slug":"alma-redemptoris-mater","status":"publish","type":"prieres","link":"https:\/\/salve-corda.org\/it\/prieres\/alma-redemptoris-mater\/","title":{"rendered":"Preghiere di consacrazione"},"content":{"rendered":"<p class=\"has-medium-font-size wp-block-paragraph\"><em>Ecco alcune preghiere di consacrazione. Ma ce ne sono molte e ognuno \u00e8 libero di scegliere quella che meglio esprime la propria devozione interiore ai Cuori Immacolati di Maria e al Sacro Cuore. \u00c8 possibile fare due consacrazioni o una sola ai Cuori di Ges\u00f9 e di Maria.<\/em><\/p>\n\n\n\n<p class=\"has-medium-font-size wp-block-paragraph\">1- <strong><u>Consacrazione personale al Cuore Immacolato di Maria<\/u><\/strong><br><em>Di San Massimiliano Kolbe <\/em><\/p>\n\n\n\n<p class=\"has-medium-font-size wp-block-paragraph\"><span style=\"color:#006984\" class=\"has-inline-color\">\"O Vergine Immacolata, Regina del cielo e della terra, rifugio dei peccatori e Madre di ogni amore, alla quale Dio ha voluto affidare tutto l'ordine della misericordia, io, N., indegno peccatore, mi prostro ai tuoi piedi e ti imploro umilmente: degnati di prendermi in tutto e per tutto, come cosa tua e tua propriet\u00e0, e di fare di me ci\u00f2 che vuoi, con tutte le facolt\u00e0 della mia anima e del mio corpo, con tutta la mia vita, la mia morte e la mia eternit\u00e0. Se ti fa piacere, disponi anche di me, interamente e totalmente, in quest'opera in cui si deve compiere ci\u00f2 che \u00e8 stato detto di te: \"Se ti fa piacere, disponi anche di me, interamente e totalmente, in quest'opera in cui si deve compiere ci\u00f2 che \u00e8 stato detto di te\".&nbsp;<em>Questo vi schiaccer\u00e0 la testa<\/em>&nbsp;\"e&nbsp;<em>Tu solo hai distrutto tutte le eresie del mondo<\/em>&nbsp;\"Affinch\u00e9 io possa essere nella tua mano immacolata e misericordiosa uno strumento che possa aiutarti a risvegliare in tante anime perdute e tiepide la gioia di conoscerti, ad accrescere la tua gloria senza limiti e ad estendere cos\u00ec il pi\u00f9 possibile il regno di infinita dolcezza del Cuore santissimo di Ges\u00f9. Infatti, ovunque tu entri, ottieni la grazia della conversione e della santificazione, poich\u00e9 \u00e8 attraverso le tue mani che tutte le grazie del Sacratissimo Cuore di Ges\u00f9 ci raggiungono. Concedimi di lodarti, o Vergine santa. Dammi forza contro i tuoi nemici.<\/span><\/p>\n\n\n\n<p class=\"has-medium-font-size wp-block-paragraph\">2- <strong><u>Consacrazione personale al Cuore Immacolato di Maria<\/u><\/strong><br><em>Di Padre Alonso, specialista di Fatima <\/em><\/p>\n\n\n\n<p class=\"has-medium-font-size wp-block-paragraph\"><span style=\"color:#006985\" class=\"has-inline-color\">\u00ab&nbsp;Tr\u00e8s Sainte Vierge Marie, M\u00e8re de Dieu et M\u00e8re des hommes, en union avec les intentions de votre C\u0153ur Tr\u00e8s Pur, lorsque vous avez prononc\u00e9 le Fiat de l\u2019Incarnation du Verbe, je me livre et me consacre enti\u00e8rement, dans toute ma personne et avec tout ce qui m\u2019appartient, au P\u00e8re, au Fils et au Saint-Esprit, d&#8217;une mani\u00e8re perp\u00e9tuelle et irr\u00e9vocable.<br>Je me consacre par votre interm\u00e9diaire, \u00f4 ma M\u00e8re, afin d\u2019\u00eatre re\u00e7u par Dieu comme une fleur offerte par vous, et de ne pas \u00eatre repouss\u00e9 par lui, \u00e0 cause de ma mis\u00e8re et de mes p\u00e9ch\u00e9s. Je vous promets, ma M\u00e8re, de vous aimer toujours et de vous servir avec fid\u00e9lit\u00e9, d\u2019imiter vos vertus, et d\u2019accomplir, avec votre assistance, tous mes devoirs de fils de Dieu et de l\u2019\u00c9glise. Pour que cette promesse et cette cons\u00e9cration ne soient pas vaines, je les confie \u00e0 votre C\u0153ur Immacul\u00e9. Gardez-les toujours pour le temps et l&#8217;\u00e9ternit\u00e9, \u00e0 la gloire du P\u00e8re, du Fils et du Saint-Esprit. Ainsi-soit-il.<meta charset=\"utf-8\">\"<\/span><\/p>\n\n\n\n<p class=\"has-medium-font-size wp-block-paragraph\">3- <strong><u>Consacrazione personale al Cuore Immacolato di Maria<\/u><\/strong><br><em>Di Mons. Alberto Cosme do Amaral Vescovo di Fatima (dal 1984 al 1993)<\/em>)<\/p>\n\n\n\n<p class=\"has-medium-font-size wp-block-paragraph\"><span style=\"color:#006985\" class=\"has-inline-color\">\u00ab&nbsp;Vierge Marie, M\u00e8re de Dieu et notre M\u00e8re, nous nous consacrons \u00e0 Votre C\u0153ur Immacul\u00e9 pour \u00eatre pleinement offerts et consacr\u00e9s au Seigneur. Par Vous, nous serons pr\u00e9sent\u00e9s au Christ, votre Fils et Fils unique de Dieu, et, par Lui et avec Lui, \u00e0 son P\u00e8re \u00c9ternel. Nous marcherons \u00e0 la lumi\u00e8re de la foi, de l&#8217;esp\u00e9rance et de l&#8217;amour pour que le monde croie que le Christ est l&#8217;Envoy\u00e9 du P\u00e8re dont Il est venu nous transmettre la Parole. Nous serons nous aussi Ses envoy\u00e9s afin de Le faire conna\u00eetre et aimer jusqu&#8217;aux confins de la terre. Ainsi, sous la maternelle Protection de Votre C\u0153ur Immacul\u00e9, nous serons un seul peuple avec le Christ qui nous a acquis par sa Mort, t\u00e9moins de sa R\u00e9surrection, et par Lui offerts au P\u00e8re pour la Gloire de la Tr\u00e8s Sainte Trinit\u00e9, que nous adorons, louons et b\u00e9nissons \u00bb.<\/span><br><\/p>\n\n\n\n<p class=\"has-medium-font-size wp-block-paragraph\">4- <strong><u>Consacrazione personale al Sacro Cuore per intercessione di Maria<\/u><\/strong><br><em>Di San Luigi Maria Grignon de Montfort<\/em><\/p>\n\n\n\n<p class=\"has-medium-font-size wp-block-paragraph\"><span style=\"color:#006984\" class=\"has-inline-color\">\"Sapienza eterna incarnata! O amabilissimo e adorabile Ges\u00f9, vero Dio e vero uomo, Figlio unigenito dell'eterno Padre e della sempre vergine Maria! Ti adoro profondamente nel seno e nello splendore del Padre tuo, per tutta l'eternit\u00e0, e nel grembo verginale di Maria, tua degnissima Madre, durante il tempo della tua incarnazione.<br><br>Je vous rends gr\u00e2ces de ce que vous vous \u00eates an\u00e9anti vous-m\u00eame en prenant la forme d&#8217;un esclave, pour me tirer du cruel esclavage du d\u00e9mon&nbsp;; je vous loue et glorifie de ce que vous avez bien voulu vous soumettre \u00e0 Marie votre sainte M\u00e8re, en toutes choses, afin de me rendre par elle votre fid\u00e8le esclave. Mais, h\u00e9las&nbsp;! ingrat et infid\u00e8le que je suis, je ne vous ai pas gard\u00e9 les v\u0153ux et les promesses que je vous ai si solennellement faits dans mon bapt\u00eame&nbsp;: je n&#8217;ai point rempli mes obligations ; je ne m\u00e9rite pas d&#8217;\u00eatre appel\u00e9 votre enfant ni votre esclave&nbsp;; et, comme il n&#8217;y a rien en moi qui ne m\u00e9rite vos rebuts et votre col\u00e8re, je n&#8217;ose plus par moi-m\u00eame approcher de votre sainte et auguste Majest\u00e9.<br><br>C&#8217;est pourquoi j&#8217;ai recours \u00e0 l&#8217;intercession et \u00e0 la mis\u00e9ricorde de votre tr\u00e8s sainte M\u00e8re, que vous m&#8217;avez donn\u00e9e pour m\u00e9diatrice aupr\u00e8s de vous&nbsp;; et c&#8217;est par son moyen que j&#8217;esp\u00e8re obtenir de vous la contrition et le pardon de mes p\u00e9ch\u00e9s, l&#8217;acquisition et la conservation de la Sagesse.<br><br>Salve dunque, o Maria Immacolata, tabernacolo vivente della Divinit\u00e0, dove la Sapienza eterna nascosta vuole essere adorata dagli angeli e dagli uomini.<br>Salve, o Regina del cielo e della terra, al cui impero tutto \u00e8 soggetto, tutto ci\u00f2 che \u00e8 sotto Dio.<br>Je vous salue, \u00f4 Refuge assur\u00e9 des p\u00e9cheurs, dont la mis\u00e9ricorde n&#8217;a manqu\u00e9 \u00e0 personne&nbsp;; exaucez les d\u00e9sirs que j&#8217;ai de la divine Sagesse, et recevez pour cela les v\u0153ux et les offres que ma bassesse vous pr\u00e9sente.<br><\/span><br><span style=\"color:#006984\" class=\"has-inline-color\">Moi, N&#8230;, p\u00e9cheur infid\u00e8le, je renouvelle et ratifie aujourd&#8217;hui entre vos mains les v\u0153ux de mon bapt\u00eame&nbsp;: je renonce pour jamais \u00e0 Satan \u00e0 ses pompes et \u00e0 ses \u0153uvres, et je me donne tout entier \u00e0 J\u00e9sus-Christ, la Sagesse incarn\u00e9e, pour porter ma croix \u00e0 sa suite tous les jours de ma vie, et afin que je lui sois plus fid\u00e8le que je n\u2019ai \u00e9t\u00e9 jusqu&#8217;ici.<br><br>Je vous choisis aujourd&#8217;hui, en pr\u00e9sence de toute la cour c\u00e9leste, pour ma M\u00e8re et Ma\u00eetresse. Je vous livre et consacre, en qualit\u00e9 d&#8217;esclave, mon corps et mon \u00e2me, mes biens int\u00e9rieurs et ext\u00e9rieurs, et la valeur m\u00eame de mes bonnes actions pass\u00e9es, pr\u00e9sentes et futures, vous laissant un entier et plein droit de disposer de moi et de tout ce qui m&#8217;appartient, sans exception, selon votre bon plaisir, \u00e0 la plus grande gloire de Dieu, dans le temps et l&#8217;\u00e9ternit\u00e9.<br><br>Recevez, \u00f4 Vierge b\u00e9nigne, cette petite offrande de mon esclavage, en l&#8217;honneur et union de la soumission que la Sagesse \u00e9ternelle a bien voulu avoir \u00e0 votre maternit\u00e9&nbsp;; en hommage de la puissance que vous avez tous deux sur ce petit vermisseau et ce mis\u00e9rable p\u00e9cheur, et en action de gr\u00e2ce des privil\u00e8ges dont la Sainte Trinit\u00e9 vous a favoris\u00e9e.<br><\/span><br><span style=\"color:#0071a1\" class=\"has-inline-color\">Ti prometto che d'ora in poi, come tuo vero schiavo, cercher\u00f2 il tuo onore e ti obbedir\u00f2 in tutto.<br>\u00d4&nbsp;M\u00e8re admirable&nbsp;! pr\u00e9sentez-moi \u00e0 votre cher Fils, en qualit\u00e9 d&#8217;esclave \u00e9ternel, afin que, m&#8217;ayant rachet\u00e9 par vous, il me re\u00e7oive par vous.<br>O Madre di Misericordia, concedimi la grazia di ottenere la vera sapienza di Dio e di mettermi tra coloro che ami, che insegni, che guidi, che nutri e proteggi come tuoi figli e tuoi schiavi.<br>O Vergine fedele, rendimi in tutto cos\u00ec perfetto discepolo, imitatore e schiavo della Sapienza incarnata, Ges\u00f9 Cristo tuo Figlio, affinch\u00e9 per tua intercessione, seguendo il tuo esempio, possa raggiungere la pienezza della sua et\u00e0 in terra e della sua gloria in cielo.<br><br>E cos\u00ec sia\".<\/span><br><\/p>\n\n\n\n<p class=\"has-medium-font-size wp-block-paragraph\">5- <strong><u>Consacrazione di una famiglia al Cuore Immacolato di Maria<\/u><\/strong><br><em>Di J. Auriault, professore di teologia mariana. Imprimatur vicario generale S\u00e9es 1933<\/em><\/p>\n\n\n\n<p class=\"has-medium-font-size wp-block-paragraph\"><span style=\"color:#0071a1\" class=\"has-inline-color\">\"O Cuore Immacolato di Maria, Madre di Dio, Madre nostra, veniamo a consacrarci a te senza riserve. Ti riconosciamo con gioia come l'amata Regina della nostra famiglia. Comandaci come Padrona assoluta; regna come Sovrana sulle nostre menti, sulle nostre volont\u00e0, sui nostri cuori. Per mezzo tuo, il Cuore divino di Ges\u00f9 regner\u00e0 perfettamente nelle nostre anime.<br><br>Nous apprendrons de vous, \u00e0 l&#8217;aimer comme Il veut \u00eatre aim\u00e9. Soyez la voie douce et immacul\u00e9e qui nous conduit \u00e0 Lui. Au Sacr\u00e9-C\u0153ur de J\u00e9sus par le C\u0153ur Immacul\u00e9 de Marie. Soyez notre \u00e9toile, notre lumi\u00e8re. Enseignez-nous jusqu\u2019\u00e0 quel point Dieu nous a aim\u00e9s et nous aime. Comme l\u2019enfant apprend tout de sa m\u00e8re, vous nous direz chaque jour ce qui peut faire plaisir \u00e0 votre divin Fils et vous nous donnerez la gr\u00e2ce de l\u2019accomplir joyeusement.<\/span><br><br><span style=\"color:#0171a1\" class=\"has-inline-color\">Faites fleurir en notre cher foyer les vertus d\u2019amour, de douceur, d&#8217;humilit\u00e9, de puret\u00e9, de patience, de charit\u00e9 fraternelle. Nous proclamons tous vos droits de Reine et de Ma\u00eetresse ici, et nous vous promettons ob\u00e9issance.<br><br>(Parents&nbsp;: nous exercerons l&#8217;autorit\u00e9, en votre nom, et nous nous efforcerons de vous imiter, de vous ressembler. Enfants&nbsp;: nous nous soumettrons \u00e0 notre p\u00e8re, \u00e0 notre m\u00e8re, parce qu\u2019ils tiennent la place de Dieu et la v\u00f4tre, nous nous aimerons entre fr\u00e8res et s\u0153urs comme les enfants de la m\u00eame M\u00e8re, Marie et du m\u00eame P\u00e8re, Dieu. S&#8217;il vous pla\u00eet de choisir dans notre famille maintenant ou plus tard des vocations sacerdotales ou religieuses, nous nous soumettrons avec joie \u00e0 la volont\u00e9 de Dieu. \u2014 Supprimer cette parenth\u00e8se, s\u2019il n\u2019y a point d\u2019enfants.)<\/span><br><br><span style=\"color:#046690\" class=\"has-inline-color\">Dacci sempre, o Madre, il pane quotidiano di cui abbiamo bisogno per vivere. Dona il successo alle nostre opere e ai nostri impegni, affinch\u00e9 possiamo servirti in pace e tranquillit\u00e0. Ti promettiamo la fedelt\u00e0 ai nostri doveri religiosi, la frequenza alla Messa domenicale, la comunione frequente, l'attaccamento alla Chiesa cattolica, il rispetto e l'amore filiale per il nostro Santo Padre il Papa e il nostro Vescovo.<br><br>Votre C\u0153ur, \u00f4 Vierge Immacul\u00e9e, sera notre asile dans les peines, les maladies, il sera notre joie, notre r\u00e9confort. N\u2019oubliez pas nos chers d\u00e9funts, qui font toujours partie de la famille, malgr\u00e9 la s\u00e9paration qui ne durera qu\u2019un temps. Recevez-les au plus t\u00f4t, nous vous en supplions, dans le Royaume du ciel&nbsp;; \u00e0 l\u2019heure de notre mort, soyez ici, ne nous quittez pas, M\u00e8re ch\u00e9rie. Pr\u00e9parez nos \u00e2mes \u00e0 cet instant supr\u00eame; assistez-nous: restez avec nous jusqu&#8217;au Ciel.<br><br>Sii intimamente unito alla nostra vita familiare. Il tuo amore sar\u00e0 il legame dei nostri cuori. Sarai la confidente delle nostre gioie e dei nostri dolori, di tutti i segreti delle nostre anime. Saremo anche i tuoi apostoli, o Cuore Immacolato di Maria, che lavorano per far amare te e il tuo Figlio divino.<br><br>C\u0153ur Sacr\u00e9 de J\u00e9sus, notre Dieu, notre Roi, nous voulons vous adorer, vous aimer, vous servir avec l&#8217;aide maternelle du C\u0153ur immacul\u00e9 de Marie. Par Elle, notre famille est \u00e0 vous pour le temps et l&#8217;\u00e9ternit\u00e9&nbsp;!<br>Sacro Cuore di Ges\u00f9, fa' che il tuo regno venga attraverso il Cuore Immacolato di Maria sulla nostra famiglia (bis).<br>Cuore Immacolato di Maria, sii la Regina della nostra casa. (bis)<br>Venite a stare con noi (bis)<br>Cuore Immacolato di Maria, prega per noi (bis)<br>Santa Teresa di Ges\u00f9 Bambino, prega per noi.<br>San Giuseppe, prega per noi.<br>Santa Bernadette, prega per noi.<br><\/span><\/p>\n\n\n\n<p class=\"has-medium-font-size wp-block-paragraph\">6- <strong><u>Consacrazione di un'organizzazione ai Cuori di Ges\u00f9 e Maria<\/u><\/strong><br><em>Par Salve Corda<\/em>  <em>(da utilizzare per la consacrazione delle Citt\u00e0)<\/em><\/p>\n\n\n\n<p class=\"has-medium-font-size wp-block-paragraph\"><span style=\"color:#0070a0\" class=\"has-inline-color\">\"Sacro Cuore di Ges\u00f9, Cuore Immacolato di Maria,<br><br>A Paray le Monial e a Fatima siete venuti a chiederci di consacrarvi le nostre persone e le nostre opere temporali e spirituali. Consapevoli dell'importanza della tua richiesta nel nostro travagliato mondo moderno, abbiamo deciso di rispondere in spirito di fede, umilt\u00e0, obbedienza e amore.<br><br>Cos\u00ec in questo giorno di xxx <em>(data di consacrazione)<\/em>noi, xxx <em>(nomi degli amministratori<\/em>), direttori di xxx <em>(nome dell'organizzazione)<\/em> in possesso di pieni poteri legittimi, vi dedichiamo ufficialmente e solennemente la nostra azienda\/associazione\/scuola, ecc. <em>(sceglierne uno),<\/em> riconoscere i vostri diritti sovrani sui suoi membri e sulle sue attivit\u00e0.<br><br>Ispira le nostre azioni e il nostro modo di gestire i beni e le persone in uno spirito di onest\u00e0 e giustizia fedele alla dottrina sociale della tua Chiesa. Che nulla di contrario alle tue sante leggi sia decretato o realizzato. Nei successi, fa' che sappiamo rimanere umili. Nelle difficolt\u00e0, donaci la fiducia nella tua divina provvidenza. E in tutti i casi, che il nostro lavoro contribuisca nella nostra umilt\u00e0 alla restaurazione del regno di Cristo nel mondo.<\/span><br><br><span style=\"color:#0274a5\" class=\"has-inline-color\">In virt\u00f9 di questa consacrazione vi chiediamo di prendere xxx sotto la vostra protezione. <em>(nome dell'organizzazione)<\/em>. Ti affidiamo coloro che vi lavorano, i dipendenti e i dirigenti. Chiedi allo Spirito Santo di concedere a tutti noi, ciascuno al proprio livello, i suoi doni, in particolare l'intelligenza, la saggezza, la conoscenza, il consiglio e la forza. Dacci il pane quotidiano di cui abbiamo bisogno per il nostro lavoro e per la vita delle nostre famiglie. Nella difficile lotta del mondo di oggi, concedici la protezione di San Michele e dei tuoi santi angeli.<br><br>Infine, affidiamo questa consacrazione a San Giuseppe, capo della Sacra Famiglia e patrono dei lavoratori. Meglio di chiunque altro, egli conosce i vostri Santissimi Cuori e sapr\u00e0 guidarci nel nostro dovere di stato per rimanere fedeli a questa consacrazione.<br><br>Sacro Cuore di Ges\u00f9 e Cuore Immacolato di Maria, pregate per noi e proteggeteci xxx <em>(nome dell'organizzazione) <\/em>\"<\/span><\/p>\n\n\n\n<p class=\"has-medium-font-size wp-block-paragraph\"><em>* La cons\u00e9cration doit \u00eatre faites par les personnes d\u00e9tenant le pouvoir l\u00e9gitime en pr\u00e9sence (facultative) d&#8217;autres membres de l&#8217;organisation.<\/em><\/p>","protected":false},"featured_media":2092,"template":"","class_list":["post-2043","prieres","type-prieres","status-publish","has-post-thumbnail","hentry"],"_links":{"self":[{"href":"https:\/\/salve-corda.org\/it\/wp-json\/wp\/v2\/prieres\/2043","targetHints":{"allow":["GET"]}}],"collection":[{"href":"https:\/\/salve-corda.org\/it\/wp-json\/wp\/v2\/prieres"}],"about":[{"href":"https:\/\/salve-corda.org\/it\/wp-json\/wp\/v2\/types\/prieres"}],"version-history":[{"count":0,"href":"https:\/\/salve-corda.org\/it\/wp-json\/wp\/v2\/prieres\/2043\/revisions"}],"wp:featuredmedia":[{"embeddable":true,"href":"https:\/\/salve-corda.org\/it\/wp-json\/wp\/v2\/media\/2092"}],"wp:attachment":[{"href":"https:\/\/salve-corda.org\/it\/wp-json\/wp\/v2\/media?parent=2043"}],"curies":[{"name":"wp","href":"https:\/\/api.w.org\/{rel}","templated":true}]}}