{"id":3195,"date":"2021-04-25T03:23:01","date_gmt":"2021-04-25T01:23:01","guid":{"rendered":"https:\/\/salve-corda.org\/?post_type=sites-livres&#038;p=3195"},"modified":"2021-09-30T03:25:20","modified_gmt":"2021-09-30T01:25:20","slug":"le-sacre-coeur-de-jesus","status":"publish","type":"sites-livres","link":"https:\/\/salve-corda.org\/it\/sites-livres\/le-sacre-coeur-de-jesus\/","title":{"rendered":"Il Sacro Cuore di Ges\u00f9"},"content":{"rendered":"<p class=\"wp-block-paragraph\">Monseigneur de S\u00e9gur<\/p>\n\n\n\n<p class=\"wp-block-paragraph\">Ecrit avec une grande simplicit\u00e9, ce livre court de 140 pages permet de d\u00e9couvrir la puissance du Sacr\u00e9-Coeur pour se sanctifier.  L&#8217;auteur montre \u00e9galement l&#8217;importance du Sacr\u00e9-Coeur comme rem\u00e8de aux tribulations . Ce livre a re\u00e7u la b\u00e9n\u00e9diction du pape Pie IX.<\/p>\n\n\n\n<p class=\"wp-block-paragraph\"><a href=\"https:\/\/www.livresenfamille.fr\/liturgie-prieres\/8746-mgr-gaston-de-segur-le-sacre-coeur-de-jesus.html\">https:\/\/www.livresenfamille.fr\/liturgie-prieres\/8746-mgr-gaston-de-segur-le-sacre-coeur-de-jesus.html<\/a><\/p>\n\n\n\n<p class=\"wp-block-paragraph\"><a rel=\"noreferrer noopener\" href=\"http:\/\/www.chire.fr\/A-131875-le-sacre-coeur-de-jesus.aspx\" data-type=\"URL\" data-id=\"http:\/\/www.chire.fr\/A-131875-le-sacre-coeur-de-jesus.aspx\" target=\"_blank\">http:\/\/www.chire.fr\/A-131875-le-sacre-coeur-de-jesus.aspx<\/a><\/p>","protected":false},"featured_media":3196,"template":"","class_list":["post-3195","sites-livres","type-sites-livres","status-publish","has-post-thumbnail","hentry"],"_links":{"self":[{"href":"https:\/\/salve-corda.org\/it\/wp-json\/wp\/v2\/sites-livres\/3195","targetHints":{"allow":["GET"]}}],"collection":[{"href":"https:\/\/salve-corda.org\/it\/wp-json\/wp\/v2\/sites-livres"}],"about":[{"href":"https:\/\/salve-corda.org\/it\/wp-json\/wp\/v2\/types\/sites-livres"}],"version-history":[{"count":0,"href":"https:\/\/salve-corda.org\/it\/wp-json\/wp\/v2\/sites-livres\/3195\/revisions"}],"wp:featuredmedia":[{"embeddable":true,"href":"https:\/\/salve-corda.org\/it\/wp-json\/wp\/v2\/media\/3196"}],"wp:attachment":[{"href":"https:\/\/salve-corda.org\/it\/wp-json\/wp\/v2\/media?parent=3195"}],"curies":[{"name":"wp","href":"https:\/\/api.w.org\/{rel}","templated":true}]}}