{"id":2055,"date":"2021-09-14T14:08:35","date_gmt":"2021-09-14T12:08:35","guid":{"rendered":"https:\/\/salve-corda.org\/?post_type=documentation&#038;p=2055"},"modified":"2022-03-06T23:46:14","modified_gmt":"2022-03-06T22:46:14","slug":"doc-2","status":"publish","type":"documentation","link":"https:\/\/salve-corda.org\/pt\/documentation\/doc-2\/","title":{"rendered":"Folheto \"Salve Corda\" para distribui\u00e7\u00e3o"},"content":{"rendered":"<p class=\"has-medium-font-size wp-block-paragraph\">Ce document d&#8217;une page est destin\u00e9 \u00e0 pr\u00e9senter rapidement Salve Corda. Il faut l&#8217;imprimer en plusieurs exemplaires et ne pas h\u00e9siter \u00e0 la distribuer aux personnes rencontr\u00e9es, aux amis etc. <\/p>\n\n\n\n<p class=\"has-medium-font-size wp-block-paragraph\"><mark style=\"background-color:rgba(0, 0, 0, 0)\" class=\"has-inline-color has-luminous-vivid-amber-color\">Uma crise sem precedentes<\/mark><br><br><em>\u00a0<mark style=\"background-color:rgba(0, 0, 0, 0);color:#0271a0\" class=\"has-inline-color\">&#8220;La crise que l\u2019occident traverse ne s\u2019est jamais v\u00e9cue dans l\u2019Histoire. Aucune soci\u00e9t\u00e9 n\u2019a l\u00e9gif\u00e9r\u00e9 ce qu\u2019on l\u00e9gif\u00e8re aujourd\u2019hui en Occident. Aucune civilisation !\u00a0&#8221;\u00a0\u00a0<\/mark>\u00a0\u00a0 \u00a0\u00a0\u00a0\u00a0\u00a0\u00a0\u00a0\u00a0\u00a0\u00a0\u00a0\u00a0\u00a0\u00a0\u00a0\u00a0\u00a0\u00a0\u00a0\u00a0\u00a0\u00a0\u00a0\u00a0\u00a0\u00a0\u00a0Papa Bento XVI<\/em><br><br><em>&#8220;<mark style=\"background-color:rgba(0, 0, 0, 0);color:#0171a1\" class=\"has-inline-color\">La fl\u00e8che de la cath\u00e9drale de Paris s\u2019est effondr\u00e9e : ce n\u2019est pas un hasard ! Notre Dame de Paris symbolise tout l\u2019occident. A force de se d\u00e9tourner de Dieu l\u2019Occident s\u2019effondre. Cette civilisation vit une crise mortelle.&#8221;\u00a0\u00a0<\/mark>\u00a0\u00a0\u00a0\u00a0\u00a0\u00a0\u00a0\u00a0\u00a0 \u00a0\u00a0\u00a0\u00a0\u00a0\u00a0\u00a0\u00a0\u00a0\u00a0\u00a0\u00a0\u00a0\u00a0\u00a0\u00a0\u00a0\u00a0\u00a0\u00a0\u00a0\u00a0\u00a0\u00a0\u00a0\u00a0\u00a0\u00a0\u00a0\u00a0\u00a0\u00a0\u00a0\u00a0\u00a0\u00a0\u00a0\u00a0\u00a0\u00a0\u00a0\u00a0\u00a0\u00a0\u00a0\u00a0\u00a0\u00a0\u00a0\u00a0\u00a0\u00a0\u00a0\u00a0\u00a0\u00a0\u00a0\u00a0\u00a0\u00a0\u00a0\u00a0\u00a0\u00a0\u00a0\u00a0\u00a0\u00a0\u00a0\u00a0\u00a0\u00a0\u00a0\u00a0\u00a0\u00a0\u00a0\u00a0\u00a0\u00a0\u00a0\u00a0 \u00a0 Cardeal Sarah<\/em><br><br><mark style=\"background-color:rgba(0, 0, 0, 0)\" class=\"has-inline-color has-luminous-vivid-amber-color\">Deus deu-nos a sa\u00edda<\/mark><br><br>Perante a dimens\u00e3o global da crise moral, espiritual, pol\u00edtica e social que estamos a viver, cada vez mais pessoas se apercebem de que os meios humanos, por si s\u00f3, n\u00e3o s\u00e3o suficientes. <strong><u>sozinho nunca ser\u00e1 capaz de<\/u><\/strong> impedir o colapso que se aproxima. \u00c9 necess\u00e1ria uma interven\u00e7\u00e3o divina direta. Mas como \u00e9 que isso pode ser feito?  Fazer a pergunta \u00e9 respond\u00ea-la, pois recordemos que a Sant\u00edssima Virgem veio a F\u00e1tima em 1917 para nos dizer <strong><u>qual \u00e9 o caminho de Deus<\/u><\/strong> para obter a convers\u00e3o do mundo e a paz: a devo\u00e7\u00e3o ao seu Imaculado Cora\u00e7\u00e3o atrav\u00e9s de <strong><u>ora\u00e7\u00f5es e ac\u00e7\u00f5es espec\u00edficas.<\/u><\/strong> (cinco pedidos feitos aos fi\u00e9is e dois ao Papa).<br><br><em>\"<mark style=\"background-color:rgba(0, 0, 0, 0);color:#016e9d\" class=\"has-inline-color\">Deus quer estabelecer no mundo a devo\u00e7\u00e3o ao meu Imaculado Cora\u00e7\u00e3o\".\u00a0<\/mark>\u00a0 Nossa Senhora em F\u00e1tima, 1917<\/em><br><br><em>\"<mark style=\"background-color:rgba(0, 0, 0, 0);color:#016e9d\" class=\"has-inline-color\">Deus quer esta devo\u00e7\u00e3o<strong> <u>e n\u00e3o outro<\/u><\/strong>\".<\/mark><\/em>\u00a0 <em>Irm\u00e3 L\u00facia, vidente de F\u00e1tima mar\u00e7o de 1939<\/em><br><br><mark style=\"background-color:rgba(0, 0, 0, 0)\" class=\"has-inline-color has-luminous-vivid-amber-color\">De que \u00e9 que estamos \u00e0 espera?<\/mark><br><br>Deus n\u00e3o precisa de milh\u00f5es de pessoas! Na sua miseric\u00f3rdia, ele estava prestes a salvar Sodoma e Gomorra por dez justos. Basta que um certo n\u00famero de fi\u00e9is se mobilize com f\u00e9, humildade e perseveran\u00e7a. <strong><u>p\u00f4r em pr\u00e1tica exatamente o que Deus nos pediu para fazer<\/u><\/strong>. Se o fizermos, a interven\u00e7\u00e3o da Sant\u00edssima Virgem prometida em F\u00e1tima tornar-se-\u00e1 realidade.<br><br><em>\u00a0<mark style=\"background-color:rgba(0, 0, 0, 0);color:#0270a0\" class=\"has-inline-color\">\"<strong>No fim, o meu Imaculado Cora\u00e7\u00e3o triunfar\u00e1<\/strong>. O Santo Padre consagrar-me-\u00e1 a R\u00fassia, que se converter\u00e1, e ser\u00e1 dado ao mundo um certo tempo de paz\".\u00a0\u00a0\u00a0<\/mark>Nossa Senhora em F\u00e1tima, 23 de outubro de 1917<\/em><\/p>\n\n\n\n<p class=\"has-medium-font-size wp-block-paragraph\"><mark style=\"background-color:rgba(0, 0, 0, 0)\" class=\"has-inline-color has-luminous-vivid-amber-color\">Salve Corda*<\/mark><\/p>\n\n\n\n<p class=\"has-medium-font-size wp-block-paragraph\">Salve Corda \u00e9 uma Alian\u00e7a que re\u00fane pessoas de todos os sectores da vida - incluindo crian\u00e7as - que decidiram agir em prol da convers\u00e3o do mundo e da paz <strong><u>seguindo os cinco pedidos de F\u00e1tima<\/u><\/strong>. Longe de ser mais um \"movimento\", Salve Corda n\u00e3o se intromete nos compromissos existentes, antes os refor\u00e7a.<\/p>\n\n\n\n<p class=\"has-medium-font-size wp-block-paragraph\"><em>&#8220;<span style=\"color:#0074a6\" class=\"has-inline-color\">Il n\u2019est jamais trop tard pour recourir aux c\u0153urs de J\u00e9sus et Marie&#8221; <\/span>Santa Jacinta, vidente de F\u00e1tima<\/em><\/p>\n\n\n\n<p class=\"wp-block-paragraph\">* <span style=\"font-size: revert;\">do latim: Nous vous saluons Coeurs (de Jesus e Maria)<\/span><\/p>\n\n\n\n<div class=\"wp-block-buttons is-layout-flex wp-block-buttons-is-layout-flex\">\n<div class=\"wp-block-button\"><a class=\"wp-block-button__link\" href=\"https:\/\/salve-corda.org\/wp-content\/uploads\/2021\/09\/teaser-SC-VF.pdf\" target=\"_blank\" rel=\"noreferrer noopener\">ver e descarregar o pdf<\/a><\/div>\n<\/div>\n\n\n\n<div class=\"wp-block-buttons is-layout-flex wp-block-buttons-is-layout-flex\"><\/div>\n\n\n\n<p class=\"wp-block-paragraph\"><\/p>","protected":false},"featured_media":1401,"template":"","class_list":["post-2055","documentation","type-documentation","status-publish","has-post-thumbnail","hentry"],"_links":{"self":[{"href":"https:\/\/salve-corda.org\/pt\/wp-json\/wp\/v2\/documentation\/2055","targetHints":{"allow":["GET"]}}],"collection":[{"href":"https:\/\/salve-corda.org\/pt\/wp-json\/wp\/v2\/documentation"}],"about":[{"href":"https:\/\/salve-corda.org\/pt\/wp-json\/wp\/v2\/types\/documentation"}],"version-history":[{"count":1,"href":"https:\/\/salve-corda.org\/pt\/wp-json\/wp\/v2\/documentation\/2055\/revisions"}],"predecessor-version":[{"id":4783,"href":"https:\/\/salve-corda.org\/pt\/wp-json\/wp\/v2\/documentation\/2055\/revisions\/4783"}],"wp:featuredmedia":[{"embeddable":true,"href":"https:\/\/salve-corda.org\/pt\/wp-json\/wp\/v2\/media\/1401"}],"wp:attachment":[{"href":"https:\/\/salve-corda.org\/pt\/wp-json\/wp\/v2\/media?parent=2055"}],"curies":[{"name":"wp","href":"https:\/\/api.w.org\/{rel}","templated":true}]}}