{"id":12228,"date":"2021-12-10T23:19:24","date_gmt":"2021-12-10T22:19:24","guid":{"rendered":"https:\/\/salve-corda.org\/?post_type=meditations&#038;p=12228"},"modified":"2024-04-28T23:30:01","modified_gmt":"2024-04-28T21:30:01","slug":"acte-de-reparation-salve-corda","status":"publish","type":"meditations","link":"https:\/\/salve-corda.org\/pt\/meditations\/acte-de-reparation-salve-corda\/","title":{"rendered":"Ato de repara\u00e7\u00e3o \"Salve Corda"},"content":{"rendered":"<p class=\"wp-block-paragraph\">Sant\u00edssima Virgem Maria, desejosos de reparar os ultrajes sofridos pelo vosso Imaculado Cora\u00e7\u00e3o, vimos neste dia 1<sup>er<\/sup>&nbsp;S\u00e1bado do m\u00eas para vos oferecer esta comunh\u00e3o e as nossas humildes ora\u00e7\u00f5es. Em F\u00e1tima institu\u00edstes esta grande devo\u00e7\u00e3o para toda a Igreja e destes-lhe um poder excecional, embora o esfor\u00e7o que nos pedis seja na realidade t\u00e3o pequeno. Aqui vemos a do\u00e7ura e o amor de uma M\u00e3e. Recebe, pois, esta humilde repara\u00e7\u00e3o do fundo do cora\u00e7\u00e3o dos nossos filhos. Que ela vos sirva de consolo para as ofensas de que vos acusam os homens do nosso tempo.<\/p>\n\n\n\n<p class=\"wp-block-paragraph\">Em troca, tende piedade dos vossos filhos que est\u00e3o a ser esmagados por Satan\u00e1s e pelos seus ex\u00e9rcitos que dominam o mundo. Sabemos que os nossos simples meios humanos n\u00e3o podem vencer estes poderes do inferno. Por ato de obedi\u00eancia \u00e0 vontade divina, vimos hoje pedir a vossa interven\u00e7\u00e3o milagrosa prometida em F\u00e1tima: \"<em>No fim, o meu Imaculado Cora\u00e7\u00e3o triunfar\u00e1\".<\/em>&nbsp;e reconhecer solenemente que \u00e9 o vosso Imaculado Cora\u00e7\u00e3o que em breve nos salvar\u00e1, dando-lhe a nossa total gratid\u00e3o.<\/p>\n\n\n\n<p class=\"wp-block-paragraph\">\u00d3 Rainha do C\u00e9u e da Terra, Medianeira de todas as gra\u00e7as, por intercess\u00e3o do vosso Imaculado Cora\u00e7\u00e3o, levai agora a Deus a nossa ora\u00e7\u00e3o de repara\u00e7\u00e3o ensinada pelo anjo de F\u00e1tima: \"\u00a0<em>Sant\u00edssima Trindade, Pai, Filho e Santo\u00a0<\/em><em>Esp\u00edrito\u00a0<\/em><em>Adoro-Vos profundamente e ofere\u00e7o-Vos o precios\u00edssimo Corpo, Sangue, Alma e Divindade de Jesus Cristo, presente em todos os Tabern\u00e1culos da terra, em repara\u00e7\u00e3o dos ultrajes, sacril\u00e9gios e indiferen\u00e7as com que Ele pr\u00f3prio \u00e9 ofendido. Pelos m\u00e9ritos infinitos do Seu Sacrat\u00edssimo Cora\u00e7\u00e3o e do Imaculado Cora\u00e7\u00e3o de Maria, pe\u00e7o-Vos a convers\u00e3o dos pobres pecadores.<\/em><\/p>\n\n\n\n<p class=\"wp-block-paragraph\" style=\"font-size:18px\"><\/p>\n\n\n\n<p class=\"wp-block-paragraph\" style=\"font-size:18px\"><\/p>","protected":false},"featured_media":12231,"template":"","class_list":["post-12228","meditations","type-meditations","status-publish","has-post-thumbnail","hentry"],"_links":{"self":[{"href":"https:\/\/salve-corda.org\/pt\/wp-json\/wp\/v2\/meditations\/12228","targetHints":{"allow":["GET"]}}],"collection":[{"href":"https:\/\/salve-corda.org\/pt\/wp-json\/wp\/v2\/meditations"}],"about":[{"href":"https:\/\/salve-corda.org\/pt\/wp-json\/wp\/v2\/types\/meditations"}],"version-history":[{"count":5,"href":"https:\/\/salve-corda.org\/pt\/wp-json\/wp\/v2\/meditations\/12228\/revisions"}],"predecessor-version":[{"id":12234,"href":"https:\/\/salve-corda.org\/pt\/wp-json\/wp\/v2\/meditations\/12228\/revisions\/12234"}],"wp:featuredmedia":[{"embeddable":true,"href":"https:\/\/salve-corda.org\/pt\/wp-json\/wp\/v2\/media\/12231"}],"wp:attachment":[{"href":"https:\/\/salve-corda.org\/pt\/wp-json\/wp\/v2\/media?parent=12228"}],"curies":[{"name":"wp","href":"https:\/\/api.w.org\/{rel}","templated":true}]}}