{"id":20143,"date":"2026-04-29T16:00:29","date_gmt":"2026-04-29T14:00:29","guid":{"rendered":"https:\/\/salve-corda.org\/?post_type=meditations&#038;p=20143"},"modified":"2026-07-18T11:26:08","modified_gmt":"2026-07-18T09:26:08","slug":"1er-samedi-mai-2026-couronnement-depines","status":"publish","type":"meditations","link":"https:\/\/salve-corda.org\/pt\/meditations\/1er-samedi-mai-2026-couronnement-depines\/","title":{"rendered":"1er samedi mai 2026 Couronnement d&#8217;\u00e9pines"},"content":{"rendered":"<div data-elementor-type=\"wp-post\" data-elementor-id=\"20143\" class=\"elementor elementor-20143\">\n\t\t\t\t\t\t<section class=\"elementor-section elementor-top-section elementor-element elementor-element-60f0624 elementor-section-boxed elementor-section-height-default elementor-section-height-default\" data-id=\"60f0624\" data-element_type=\"section\" data-e-type=\"section\">\n\t\t\t\t\t\t<div class=\"elementor-container elementor-column-gap-default\">\n\t\t\t\t\t<div class=\"elementor-column elementor-col-20 elementor-top-column elementor-element elementor-element-a7a32c7\" data-id=\"a7a32c7\" data-element_type=\"column\" data-e-type=\"column\">\n\t\t\t<div class=\"elementor-widget-wrap elementor-element-populated\">\n\t\t\t\t\t\t<div class=\"elementor-element elementor-element-7080bee elementor-align-center elementor-widget elementor-widget-button\" data-id=\"7080bee\" data-element_type=\"widget\" data-e-type=\"widget\" data-widget_type=\"button.default\">\n\t\t\t\t<div class=\"elementor-widget-container\">\n\t\t\t\t\t\t\t\t\t<div class=\"elementor-button-wrapper\">\n\t\t\t\t\t<a class=\"elementor-button elementor-button-link elementor-size-sm\" href=\"https:\/\/salve-corda.org\/wp-content\/uploads\/2026\/04\/1er-sam-mai-26-cour.-epines.pdf\">\n\t\t\t\t\t\t<span class=\"elementor-button-content-wrapper\">\n\t\t\t\t\t\t<span class=\"elementor-button-icon\">\n\t\t\t\t<svg xmlns=\"http:\/\/www.w3.org\/2000\/svg\" width=\"32\" height=\"32\" viewbox=\"0 0 32 32\"><path fill=\"#fff\" d=\"M10 4H22V28H10z\"><\/path><path d=\"M5,4h6V28H5c-2.208,0-4-1.792-4-4V8c0-2.208,1.792-4,4-4Z\" fill=\"#092050\"><\/path><path d=\"M25,4h6V28h-6c-2.208,0-4-1.792-4-4V8c0-2.208,1.792-4,4-4Z\" transform=\"rotate(180 26 16)\" fill=\"#be2a2c\"><\/path><path d=\"M27,4H5c-2.209,0-4,1.791-4,4V24c0,2.209,1.791,4,4,4H27c2.209,0,4-1.791,4-4V8c0-2.209-1.791-4-4-4Zm3,20c0,1.654-1.346,3-3,3H5c-1.654,0-3-1.346-3-3V8c0-1.654,1.346-3,3-3H27c1.654,0,3,1.346,3,3V24Z\" opacity=\".15\"><\/path><path d=\"M27,5H5c-1.657,0-3,1.343-3,3v1c0-1.657,1.343-3,3-3H27c1.657,0,3,1.343,3,3v-1c0-1.657-1.343-3-3-3Z\" fill=\"#fff\" opacity=\".2\"><\/path><\/svg>\t\t\t<\/span>\n\t\t\t\t\t\t\t\t\t<span class=\"elementor-button-text\">pdf fran\u00e7ais<\/span>\n\t\t\t\t\t<\/span>\n\t\t\t\t\t<\/a>\n\t\t\t\t<\/div>\n\t\t\t\t\t\t\t\t<\/div>\n\t\t\t\t<\/div>\n\t\t\t\t\t<\/div>\n\t\t<\/div>\n\t\t\t\t<div class=\"elementor-column elementor-col-20 elementor-top-column elementor-element elementor-element-c3e856e\" data-id=\"c3e856e\" data-element_type=\"column\" data-e-type=\"column\">\n\t\t\t<div class=\"elementor-widget-wrap elementor-element-populated\">\n\t\t\t\t\t\t<div class=\"elementor-element elementor-element-fee5bf1 elementor-align-center elementor-widget elementor-widget-button\" data-id=\"fee5bf1\" data-element_type=\"widget\" data-e-type=\"widget\" data-widget_type=\"button.default\">\n\t\t\t\t<div class=\"elementor-widget-container\">\n\t\t\t\t\t\t\t\t\t<div class=\"elementor-button-wrapper\">\n\t\t\t\t\t<a class=\"elementor-button elementor-button-link elementor-size-sm\" href=\"https:\/\/salve-corda.org\/wp-content\/uploads\/2026\/04\/Primi-sabati-maio-26-it.pdf\">\n\t\t\t\t\t\t<span class=\"elementor-button-content-wrapper\">\n\t\t\t\t\t\t<span class=\"elementor-button-icon\">\n\t\t\t\t<svg xmlns=\"http:\/\/www.w3.org\/2000\/svg\" width=\"32\" height=\"32\" viewbox=\"0 0 32 32\"><path fill=\"#fff\" d=\"M10 4H22V28H10z\"><\/path><path d=\"M5,4h6V28H5c-2.208,0-4-1.792-4-4V8c0-2.208,1.792-4,4-4Z\" fill=\"#41914d\"><\/path><path d=\"M25,4h6V28h-6c-2.208,0-4-1.792-4-4V8c0-2.208,1.792-4,4-4Z\" transform=\"rotate(180 26 16)\" fill=\"#bf393b\"><\/path><path d=\"M27,4H5c-2.209,0-4,1.791-4,4V24c0,2.209,1.791,4,4,4H27c2.209,0,4-1.791,4-4V8c0-2.209-1.791-4-4-4Zm3,20c0,1.654-1.346,3-3,3H5c-1.654,0-3-1.346-3-3V8c0-1.654,1.346-3,3-3H27c1.654,0,3,1.346,3,3V24Z\" opacity=\".15\"><\/path><path d=\"M27,5H5c-1.657,0-3,1.343-3,3v1c0-1.657,1.343-3,3-3H27c1.657,0,3,1.343,3,3v-1c0-1.657-1.343-3-3-3Z\" fill=\"#fff\" opacity=\".2\"><\/path><\/svg>\t\t\t<\/span>\n\t\t\t\t\t\t\t\t\t<span class=\"elementor-button-text\">pdf italiano <\/span>\n\t\t\t\t\t<\/span>\n\t\t\t\t\t<\/a>\n\t\t\t\t<\/div>\n\t\t\t\t\t\t\t\t<\/div>\n\t\t\t\t<\/div>\n\t\t\t\t\t<\/div>\n\t\t<\/div>\n\t\t\t\t<div class=\"elementor-column elementor-col-20 elementor-top-column elementor-element elementor-element-d000f0f\" data-id=\"d000f0f\" data-element_type=\"column\" data-e-type=\"column\">\n\t\t\t<div class=\"elementor-widget-wrap elementor-element-populated\">\n\t\t\t\t\t\t<div class=\"elementor-element elementor-element-0a03c5c elementor-align-center elementor-widget elementor-widget-button\" data-id=\"0a03c5c\" data-element_type=\"widget\" data-e-type=\"widget\" data-widget_type=\"button.default\">\n\t\t\t\t<div class=\"elementor-widget-container\">\n\t\t\t\t\t\t\t\t\t<div class=\"elementor-button-wrapper\">\n\t\t\t\t\t<a class=\"elementor-button elementor-button-link elementor-size-sm\" href=\"https:\/\/salve-corda.org\/wp-content\/uploads\/2026\/04\/1st-saturdau-may-2026-US-.pdf\">\n\t\t\t\t\t\t<span class=\"elementor-button-content-wrapper\">\n\t\t\t\t\t\t<span class=\"elementor-button-icon\">\n\t\t\t\t<svg xmlns=\"http:\/\/www.w3.org\/2000\/svg\" width=\"32\" height=\"32\" viewbox=\"0 0 32 32\"><rect x=\"1\" y=\"4\" width=\"30\" height=\"24\" rx=\"4\" ry=\"4\" fill=\"#071b65\"><\/rect><path d=\"M5.101,4h-.101c-1.981,0-3.615,1.444-3.933,3.334L26.899,28h.101c1.981,0,3.615-1.444,3.933-3.334L5.101,4Z\" fill=\"#fff\"><\/path><path d=\"M22.25,19h-2.5l9.934,7.947c.387-.353,.704-.777,.929-1.257l-8.363-6.691Z\" fill=\"#b92932\"><\/path><path d=\"M1.387,6.309l8.363,6.691h2.5L2.316,5.053c-.387,.353-.704,.777-.929,1.257Z\" fill=\"#b92932\"><\/path><path d=\"M5,28h.101L30.933,7.334c-.318-1.891-1.952-3.334-3.933-3.334h-.101L1.067,24.666c.318,1.891,1.952,3.334,3.933,3.334Z\" fill=\"#fff\"><\/path><rect x=\"13\" y=\"4\" width=\"6\" height=\"24\" fill=\"#fff\"><\/rect><rect x=\"1\" y=\"13\" width=\"30\" height=\"6\" fill=\"#fff\"><\/rect><rect x=\"14\" y=\"4\" width=\"4\" height=\"24\" fill=\"#b92932\"><\/rect><rect x=\"14\" y=\"1\" width=\"4\" height=\"30\" transform=\"translate(32) rotate(90)\" fill=\"#b92932\"><\/rect><path d=\"M28.222,4.21l-9.222,7.376v1.414h.75l9.943-7.94c-.419-.384-.918-.671-1.471-.85Z\" fill=\"#b92932\"><\/path><path d=\"M2.328,26.957c.414,.374,.904,.656,1.447,.832l9.225-7.38v-1.408h-.75L2.328,26.957Z\" fill=\"#b92932\"><\/path><path d=\"M27,4H5c-2.209,0-4,1.791-4,4V24c0,2.209,1.791,4,4,4H27c2.209,0,4-1.791,4-4V8c0-2.209-1.791-4-4-4Zm3,20c0,1.654-1.346,3-3,3H5c-1.654,0-3-1.346-3-3V8c0-1.654,1.346-3,3-3H27c1.654,0,3,1.346,3,3V24Z\" opacity=\".15\"><\/path><path d=\"M27,5H5c-1.657,0-3,1.343-3,3v1c0-1.657,1.343-3,3-3H27c1.657,0,3,1.343,3,3v-1c0-1.657-1.343-3-3-3Z\" fill=\"#fff\" opacity=\".2\"><\/path><\/svg>\t\t\t<\/span>\n\t\t\t\t\t\t\t\t\t<span class=\"elementor-button-text\">pdf english<\/span>\n\t\t\t\t\t<\/span>\n\t\t\t\t\t<\/a>\n\t\t\t\t<\/div>\n\t\t\t\t\t\t\t\t<\/div>\n\t\t\t\t<\/div>\n\t\t\t\t\t<\/div>\n\t\t<\/div>\n\t\t\t\t<div class=\"elementor-column elementor-col-20 elementor-top-column elementor-element elementor-element-8edb5d6\" data-id=\"8edb5d6\" data-element_type=\"column\" data-e-type=\"column\">\n\t\t\t<div class=\"elementor-widget-wrap elementor-element-populated\">\n\t\t\t\t\t\t<div class=\"elementor-element elementor-element-0996855 elementor-align-center elementor-widget elementor-widget-button\" data-id=\"0996855\" data-element_type=\"widget\" data-e-type=\"widget\" data-widget_type=\"button.default\">\n\t\t\t\t<div class=\"elementor-widget-container\">\n\t\t\t\t\t\t\t\t\t<div class=\"elementor-button-wrapper\">\n\t\t\t\t\t<a class=\"elementor-button elementor-button-link elementor-size-sm\" href=\"https:\/\/salve-corda.org\/wp-content\/uploads\/2026\/04\/1-sabados-may-26-ES-.pdf\">\n\t\t\t\t\t\t<span class=\"elementor-button-content-wrapper\">\n\t\t\t\t\t\t<span class=\"elementor-button-icon\">\n\t\t\t\t<svg xmlns=\"http:\/\/www.w3.org\/2000\/svg\" width=\"32\" height=\"32\" viewbox=\"0 0 32 32\"><path fill=\"#f1c142\" d=\"M1 10H31V22H1z\"><\/path><path d=\"M5,4H27c2.208,0,4,1.792,4,4v3H1v-3c0-2.208,1.792-4,4-4Z\" fill=\"#a0251e\"><\/path><path d=\"M5,21H27c2.208,0,4,1.792,4,4v3H1v-3c0-2.208,1.792-4,4-4Z\" transform=\"rotate(180 16 24.5)\" fill=\"#a0251e\"><\/path><path d=\"M27,4H5c-2.209,0-4,1.791-4,4V24c0,2.209,1.791,4,4,4H27c2.209,0,4-1.791,4-4V8c0-2.209-1.791-4-4-4Zm3,20c0,1.654-1.346,3-3,3H5c-1.654,0-3-1.346-3-3V8c0-1.654,1.346-3,3-3H27c1.654,0,3,1.346,3,3V24Z\" opacity=\".15\"><\/path><path d=\"M27,5H5c-1.657,0-3,1.343-3,3v1c0-1.657,1.343-3,3-3H27c1.657,0,3,1.343,3,3v-1c0-1.657-1.343-3-3-3Z\" fill=\"#fff\" opacity=\".2\"><\/path><path d=\"M12.614,13.091c.066-.031,.055-.14-.016-.157,.057-.047,.02-.15-.055-.148,.04-.057-.012-.144-.082-.13,.021-.062-.042-.127-.104-.105,.01-.068-.071-.119-.127-.081,.004-.068-.081-.112-.134-.069-.01-.071-.11-.095-.15-.035-.014-.068-.111-.087-.149-.028-.027-.055-.114-.057-.144-.004-.03-.047-.107-.045-.136,.002-.018-.028-.057-.044-.09-.034,.009-.065-.066-.115-.122-.082,.002-.07-.087-.111-.138-.064-.013-.064-.103-.087-.144-.036-.02-.063-.114-.075-.148-.017-.036-.056-.129-.042-.147,.022-.041-.055-.135-.031-.146,.036-.011-.008-.023-.014-.037-.016,.006-.008,.01-.016,.015-.025h.002c.058-.107,.004-.256-.106-.298v-.098h.099v-.154h-.099v-.101h-.151v.101h-.099v.154h.099v.096c-.113,.04-.169,.191-.11,.299h.002c.004,.008,.009,.017,.014,.024-.015,.002-.029,.008-.04,.017-.011-.067-.106-.091-.146-.036-.018-.064-.111-.078-.147-.022-.034-.057-.128-.046-.148,.017-.041-.052-.131-.028-.144,.036-.051-.047-.139-.006-.138,.064-.056-.033-.131,.017-.122,.082-.034-.01-.072,.006-.091,.034-.029-.047-.106-.049-.136-.002-.03-.054-.117-.051-.143,.004-.037-.059-.135-.04-.149,.028-.039-.06-.14-.037-.15,.035-.053-.043-.138,0-.134,.069-.056-.038-.137,.013-.127,.081-.062-.021-.125,.044-.104,.105-.05-.009-.096,.033-.096,.084h0c0,.017,.005,.033,.014,.047-.075-.002-.111,.101-.055,.148-.071,.017-.082,.125-.016,.157-.061,.035-.047,.138,.022,.154-.013,.015-.021,.034-.021,.055h0c0,.042,.03,.077,.069,.084-.023,.048,.009,.11,.06,.118-.013,.03-.012,.073-.012,.106,.09-.019,.2,.006,.239,.11-.015,.068,.065,.156,.138,.146,.06,.085,.133,.165,.251,.197-.021,.093,.064,.093,.123,.118-.013,.016-.043,.063-.055,.081,.024,.013,.087,.041,.113,.051,.005,.019,.004,.028,.004,.031,.091,.501,2.534,.502,2.616-.001v-.002s.004,.003,.004,.004c0-.003-.001-.011,.004-.031l.118-.042-.062-.09c.056-.028,.145-.025,.123-.119,.119-.032,.193-.112,.253-.198,.073,.01,.153-.078,.138-.146,.039-.104,.15-.129,.239-.11,0-.035,.002-.078-.013-.109,.044-.014,.07-.071,.049-.115,.062-.009,.091-.093,.048-.139,.069-.016,.083-.12,.022-.154Zm-.296-.114c0,.049-.012,.098-.034,.141-.198-.137-.477-.238-.694-.214-.002-.009-.006-.017-.011-.024,0,0,0-.001,0-.002,.064-.021,.074-.12,.015-.153,0,0,0,0,0,0,.048-.032,.045-.113-.005-.141,.328-.039,.728,.09,.728,.393Zm-.956-.275c0,.063-.02,.124-.054,.175-.274-.059-.412-.169-.717-.185-.007-.082-.005-.171-.011-.254,.246-.19,.81-.062,.783,.264Zm-1.191-.164c-.002,.05-.003,.102-.007,.151-.302,.013-.449,.122-.719,.185-.26-.406,.415-.676,.73-.436-.002,.033-.005,.067-.004,.101Zm-1.046,.117c0,.028,.014,.053,.034,.069,0,0,0,0,0,0-.058,.033-.049,.132,.015,.152,0,0,0,.001,0,.002-.005,.007-.008,.015-.011,.024-.219-.024-.495,.067-.698,.206-.155-.377,.323-.576,.698-.525-.023,.015-.039,.041-.039,.072Zm3.065-.115s0,0,0,0c0,0,0,0,0,0,0,0,0,0,0,0Zm-3.113,1.798v.002s-.002,0-.003,.002c0-.001,.002-.003,.003-.003Z\" fill=\"#9b8028\"><\/path><path d=\"M14.133,16.856c.275-.65,.201-.508-.319-.787v-.873c.149-.099-.094-.121,.05-.235h.072v-.339h-.99v.339h.075c.136,.102-.091,.146,.05,.235v.76c-.524-.007-.771,.066-.679,.576h.039s0,0,0,0l.016,.036c.14-.063,.372-.107,.624-.119v.224c-.384,.029-.42,.608,0,.8v1.291c-.053,.017-.069,.089-.024,.123,.007,.065-.058,.092-.113,.083,0,.026,0,.237,0,.269-.044,.024-.113,.03-.17,.028v.108s0,0,0,0v.107s0,0,0,0v.107s0,0,0,0v.108s0,0,0,0v.186c.459-.068,.895-.068,1.353,0v-.616c-.057,.002-.124-.004-.17-.028,0-.033,0-.241,0-.268-.054,.008-.118-.017-.113-.081,.048-.033,.034-.108-.021-.126v-.932c.038,.017,.073,.035,.105,.053-.105,.119-.092,.326,.031,.429l.057-.053c.222-.329,.396-.743-.193-.896v-.35c.177-.019,.289-.074,.319-.158Z\" fill=\"#9b8028\"><\/path><path d=\"M8.36,16.058c-.153-.062-.39-.098-.653-.102v-.76c.094-.041,.034-.115-.013-.159,.02-.038,.092-.057,.056-.115h.043v-.261h-.912v.261h.039c-.037,.059,.039,.078,.057,.115-.047,.042-.108,.118-.014,.159v.873c-.644,.133-.611,.748,0,.945v.35c-.59,.154-.415,.567-.193,.896l.057,.053c.123-.103,.136-.31,.031-.429,.032-.018,.067-.036,.105-.053v.932c-.055,.018-.069,.093-.021,.126,.005,.064-.059,.089-.113,.081,0,.026,0,.236,0,.268-.045,.024-.113,.031-.17,.028v.401h0v.215c.459-.068,.895-.068,1.352,0v-.186s0,0,0,0v-.108s0,0,0,0v-.107s0,0,0,0v-.107s0,0,0,0v-.108c-.056,.002-.124-.004-.169-.028,0-.033,0-.241,0-.269-.055,.008-.119-.018-.113-.083,.045-.034,.03-.107-.024-.124v-1.29c.421-.192,.383-.772,0-.8v-.224c.575,.035,.796,.314,.653-.392Z\" fill=\"#9b8028\"><\/path><path d=\"M12.531,14.533h-4.28l.003,2.572v1.485c0,.432,.226,.822,.591,1.019,.473,.252,1.024,.391,1.552,.391s1.064-.135,1.544-.391c.364-.197,.591-.587,.591-1.019v-4.057Z\" fill=\"#a0251e\"><\/path><\/svg>\t\t\t<\/span>\n\t\t\t\t\t\t\t\t\t<span class=\"elementor-button-text\">pdf espan\u00f5l<\/span>\n\t\t\t\t\t<\/span>\n\t\t\t\t\t<\/a>\n\t\t\t\t<\/div>\n\t\t\t\t\t\t\t\t<\/div>\n\t\t\t\t<\/div>\n\t\t\t\t\t<\/div>\n\t\t<\/div>\n\t\t\t\t<div class=\"elementor-column elementor-col-20 elementor-top-column elementor-element elementor-element-c7b9871\" data-id=\"c7b9871\" data-element_type=\"column\" data-e-type=\"column\">\n\t\t\t<div class=\"elementor-widget-wrap elementor-element-populated\">\n\t\t\t\t\t\t<div class=\"elementor-element elementor-element-08d085f elementor-align-center elementor-widget elementor-widget-button\" data-id=\"08d085f\" data-element_type=\"widget\" data-e-type=\"widget\" data-widget_type=\"button.default\">\n\t\t\t\t<div class=\"elementor-widget-container\">\n\t\t\t\t\t\t\t\t\t<div class=\"elementor-button-wrapper\">\n\t\t\t\t\t<a class=\"elementor-button elementor-button-link elementor-size-sm\" href=\"https:\/\/salve-corda.org\/wp-content\/uploads\/2026\/04\/1-sam-mai-26-cour.-DE.pdf\">\n\t\t\t\t\t\t<span class=\"elementor-button-content-wrapper\">\n\t\t\t\t\t\t<span class=\"elementor-button-icon\">\n\t\t\t\t<svg xmlns=\"http:\/\/www.w3.org\/2000\/svg\" width=\"32\" height=\"32\" viewbox=\"0 0 32 32\"><path fill=\"#cc2b1d\" d=\"M1 11H31V21H1z\"><\/path><path d=\"M5,4H27c2.208,0,4,1.792,4,4v4H1v-4c0-2.208,1.792-4,4-4Z\" fill=\"#000000\"><\/path><path d=\"M5,20H27c2.208,0,4,1.792,4,4v4H1v-4c0-2.208,1.792-4,4-4Z\" transform=\"rotate(180 16 24)\" fill=\"#f8d147\"><\/path><path d=\"M27,4H5c-2.209,0-4,1.791-4,4V24c0,2.209,1.791,4,4,4H27c2.209,0,4-1.791,4-4V8c0-2.209-1.791-4-4-4Zm3,20c0,1.654-1.346,3-3,3H5c-1.654,0-3-1.346-3-3V8c0-1.654,1.346-3,3-3H27c1.654,0,3,1.346,3,3V24Z\" opacity=\".15\"><\/path><path d=\"M27,5H5c-1.657,0-3,1.343-3,3v1c0-1.657,1.343-3,3-3H27c1.657,0,3,1.343,3,3v-1c0-1.657-1.343-3-3-3Z\" fill=\"#fff\" opacity=\".2\"><\/path><\/svg>\t\t\t<\/span>\n\t\t\t\t\t\t\t\t\t<span class=\"elementor-button-text\">deutsch<\/span>\n\t\t\t\t\t<\/span>\n\t\t\t\t\t<\/a>\n\t\t\t\t<\/div>\n\t\t\t\t\t\t\t\t<\/div>\n\t\t\t\t<\/div>\n\t\t\t\t\t<\/div>\n\t\t<\/div>\n\t\t\t\t\t<\/div>\n\t\t<\/section>\n\t\t\t\t<section class=\"elementor-section elementor-top-section elementor-element elementor-element-a1600d9 elementor-section-boxed elementor-section-height-default elementor-section-height-default\" data-id=\"a1600d9\" data-element_type=\"section\" data-e-type=\"section\">\n\t\t\t\t\t\t<div class=\"elementor-container elementor-column-gap-default\">\n\t\t\t\t\t<div class=\"elementor-column elementor-col-100 elementor-top-column elementor-element elementor-element-f2c0b19\" data-id=\"f2c0b19\" data-element_type=\"column\" data-e-type=\"column\">\n\t\t\t<div class=\"elementor-widget-wrap elementor-element-populated\">\n\t\t\t\t\t\t<div class=\"elementor-element elementor-element-51358f4 elementor-widget elementor-widget-text-editor\" data-id=\"51358f4\" data-element_type=\"widget\" data-e-type=\"widget\" data-widget_type=\"text-editor.default\">\n\t\t\t\t<div class=\"elementor-widget-container\">\n\t\t\t\t\t\t\t\t\t<p><\/p>\n<p class=\"has-medium-font-size wp-block-paragraph\"><b>3\u00e8me Myst\u00e8re douloureux : Le couronnement d&#8217;\u00e9pines<\/b><\/p>\n<p class=\"has-medium-font-size\">Fruit du myst\u00e8re: La mortification de l&#8217;esprit<\/p>\n<p><\/p>\t\t\t\t\t\t\t\t<\/div>\n\t\t\t\t<\/div>\n\t\t\t\t\t<\/div>\n\t\t<\/div>\n\t\t\t\t\t<\/div>\n\t\t<\/section>\n\t\t\t\t<section class=\"elementor-section elementor-top-section elementor-element elementor-element-01036a3 elementor-section-boxed elementor-section-height-default elementor-section-height-default\" data-id=\"01036a3\" data-element_type=\"section\" data-e-type=\"section\">\n\t\t\t\t\t\t<div class=\"elementor-container elementor-column-gap-default\">\n\t\t\t\t\t<div class=\"elementor-column elementor-col-100 elementor-top-column elementor-element elementor-element-8a80a8c\" data-id=\"8a80a8c\" data-element_type=\"column\" data-e-type=\"column\">\n\t\t\t<div class=\"elementor-widget-wrap elementor-element-populated\">\n\t\t\t\t\t\t<div class=\"elementor-element elementor-element-1b4d352 elementor-widget elementor-widget-text-editor\" data-id=\"1b4d352\" data-element_type=\"widget\" data-e-type=\"widget\" data-widget_type=\"text-editor.default\">\n\t\t\t\t<div class=\"elementor-widget-container\">\n\t\t\t\t\t\t\t\t\t<p>Apr\u00e8s la flagellation, o\u00f9 J\u00e9sus a r\u00e9par\u00e9 plus sp\u00e9cialement nos p\u00e9ch\u00e9s de la chair, vient le couronnement d\u2019\u00e9pines. La t\u00eate est le si\u00e8ge des pens\u00e9es et par ces \u00e9pines qui le transpercent, J\u00e9sus vient r\u00e9parer ici nos p\u00e9ch\u00e9s de l\u2019esprit. Ceux-ci ont tous pour racine l\u2019orgueil et la contemplation du couronnent d\u2019\u00e9pines va nous aider \u00e0 combattre ce p\u00e9ch\u00e9 et \u00e0 d\u00e9velopper au contraire l\u2019humilit\u00e9.<\/p>\t\t\t\t\t\t\t\t<\/div>\n\t\t\t\t<\/div>\n\t\t\t\t\t<\/div>\n\t\t<\/div>\n\t\t\t\t\t<\/div>\n\t\t<\/section>\n\t\t\t\t<section class=\"elementor-section elementor-top-section elementor-element elementor-element-1a3513f elementor-section-boxed elementor-section-height-default elementor-section-height-default\" data-id=\"1a3513f\" data-element_type=\"section\" data-e-type=\"section\">\n\t\t\t\t\t\t<div class=\"elementor-container elementor-column-gap-default\">\n\t\t\t\t\t<div class=\"elementor-column elementor-col-50 elementor-top-column elementor-element elementor-element-47f6ebb\" data-id=\"47f6ebb\" data-element_type=\"column\" data-e-type=\"column\">\n\t\t\t<div class=\"elementor-widget-wrap elementor-element-populated\">\n\t\t\t\t\t\t<div class=\"elementor-element elementor-element-11f1a5b elementor-widget elementor-widget-image\" data-id=\"11f1a5b\" data-element_type=\"widget\" data-e-type=\"widget\" data-widget_type=\"image.default\">\n\t\t\t\t<div class=\"elementor-widget-container\">\n\t\t\t\t\t\t\t\t\t\t\t\t\t\t\t<img decoding=\"async\" src=\"https:\/\/salve-corda.org\/wp-content\/uploads\/2024\/08\/21101567_p.gif\" title=\"21101567_p\" alt=\"21101567_p\" loading=\"lazy\" \/>\t\t\t\t\t\t\t\t\t\t\t\t\t\t\t<\/div>\n\t\t\t\t<\/div>\n\t\t\t\t\t<\/div>\n\t\t<\/div>\n\t\t\t\t<div class=\"elementor-column elementor-col-50 elementor-top-column elementor-element elementor-element-85044f2\" data-id=\"85044f2\" data-element_type=\"column\" data-e-type=\"column\">\n\t\t\t<div class=\"elementor-widget-wrap elementor-element-populated\">\n\t\t\t\t\t\t<div class=\"elementor-element elementor-element-1309216 elementor-widget__width-initial elementor-widget elementor-widget-text-editor\" data-id=\"1309216\" data-element_type=\"widget\" data-e-type=\"widget\" data-widget_type=\"text-editor.default\">\n\t\t\t\t<div class=\"elementor-widget-container\">\n\t\t\t\t\t\t\t\t\t<p>Pour y arriver, le premier moyen que tous les saints ont mis en \u0153uvre est la consid\u00e9ration de sa propre faiblesse. <em>\"A perfei\u00e7\u00e3o da vida presente consiste em reconhecer as suas imperfei\u00e7\u00f5es.<\/em>\u00a0\u00bb dira Saint J\u00e9r\u00f4me. Saint Philippe de N\u00e9ri priait tous les jours Dieu de le surveiller\u00a0: <em>\"Senhor, olhai por mim neste dia, porque, entregue a mim mesmo, n\u00e3o deixarei de Vos ofender.\" <\/em>En effet, en pla\u00e7ant notre esprit dans cette disposition, nous nous m\u00e9fions avec raison de nous-m\u00eames, et nous comprenons la n\u00e9cessit\u00e9 d\u2019\u00eatre aid\u00e9s par la pri\u00e8re et les sacrements, absolument n\u00e9cessaires pour palier notre faiblesse humaine.<\/p>\n<p>Et saint Alphonse de Liguori explique : <em>\"Para perseverar em fazer o bem, n\u00e3o devemos confiar nas resolu\u00e7\u00f5es que tom\u00e1mos ou nas promessas que fizemos a Deus. <strong>Assim que confiamos na nossa pr\u00f3pria for\u00e7a, perdemo-nos.<\/strong>. Est\u00e1 no <strong>m\u00e9ritos de Jesus Cristo<\/strong> em quem devemos depositar toda a nossa esperan\u00e7a para permanecermos no estado de gra\u00e7a\". <\/em><\/p>\t\t\t\t\t\t\t\t<\/div>\n\t\t\t\t<\/div>\n\t\t\t\t\t<\/div>\n\t\t<\/div>\n\t\t\t\t\t<\/div>\n\t\t<\/section>\n\t\t\t\t<section class=\"elementor-section elementor-top-section elementor-element elementor-element-b65c1c3 elementor-section-boxed elementor-section-height-default elementor-section-height-default\" data-id=\"b65c1c3\" data-element_type=\"section\" data-e-type=\"section\">\n\t\t\t\t\t\t<div class=\"elementor-container elementor-column-gap-default\">\n\t\t\t\t\t<div class=\"elementor-column elementor-col-100 elementor-top-column elementor-element elementor-element-c019af8\" data-id=\"c019af8\" data-element_type=\"column\" data-e-type=\"column\">\n\t\t\t<div class=\"elementor-widget-wrap elementor-element-populated\">\n\t\t\t\t\t\t<div class=\"elementor-element elementor-element-4590d86 elementor-widget elementor-widget-text-editor\" data-id=\"4590d86\" data-element_type=\"widget\" data-e-type=\"widget\" data-widget_type=\"text-editor.default\">\n\t\t\t\t<div class=\"elementor-widget-container\">\n\t\t\t\t\t\t\t\t\t<p>Apr\u00e8s la prise de conscience de notre faiblesse, une deuxi\u00e8me consid\u00e9ration est essentielle pour nous pr\u00e9server de l\u2019orgueil\u00a0: rien ne vient de nous. Tout vient de Dieu de sa gr\u00e2ce. Nous avons une qualit\u00e9\u00a0? La bonne affaire. Ce n\u2019est qu\u2019un don re\u00e7u de Dieu. Un don, loin de nous cr\u00e9er une quelconque fiert\u00e9, doit nous conduire \u00e0 une grande reconnaissance envers Dieu et nous faire craindre la responsabilit\u00e9 qu\u2019il implique. C\u2019est la parabole des talents. C\u2019est pour cela que Saint Pie X avait peur d\u2019aller en enfer\u00a0! Mentionnons ici un nom \u00e0 la mode depuis quelques temps\u00a0: les charismes. Ce mot est un pi\u00e8ge. Il exprime en lui-m\u00eame une notion de qualit\u00e9 personnelle sans la notion de \u201cdon\u201c.\u00a0 Fatalement, on a vite fait de se prendre pour l\u2019auteur du \u00ab\u00a0charisme\u00a0\u00bb, ce qui am\u00e8ne irr\u00e9m\u00e9diablement \u00e0 l\u2019orgueil. Nous n\u2019avons pas de charismes. Nous n\u2019avons que des dons re\u00e7us de Dieu.<\/p>\n<p>Apr\u00e8s avoir maitris\u00e9 ainsi notre esprit il faut ensuite le pr\u00e9parer aux attaques de Satan avant m\u00eame que la tentation n\u2019arrive car <em>l\u2019esprit est ardent mais la chair est faible<\/em>. Saint Alphonse de Liguori nous explique les b\u00e9n\u00e9fices d\u2019un tel travail pr\u00e9paratoire : <em>\"\u00c9 muito \u00fatil, para triunfar nas batalhas espirituais, preveni-las nas nossas medita\u00e7\u00f5es, atrav\u00e9s de <strong>temos de antem\u00e3o <\/strong>resistir com todas as nossas for\u00e7as aos ataques que nos podem surpreender<\/em>. \u00bb En effet, s\u2019entra\u00eener \u00e0 refuser une tentation avant sans la subir encore est bien plus facile \u00e0 faire que lorsque sa s\u00e9duction est l\u00e0. Ainsi, nous fortifions progressivement notre volont\u00e9. C\u2019est pour cela que J\u00e9sus nous demande dans le <em>Pai Nosso<\/em> de prier sans cesse pour r\u00e9sister aux tentations futures\u00a0: <em>ne nous laissez pas succomber \u00e0 la tentation<\/em>. Et dans le <em>Av\u00e9 Maria<\/em> nous demandons chaque jour l\u2019aide de la Sainte Vierge en anticipation de la grande tentation finale que nous conna\u00eetrons \u00e0 l\u2019heure de notre mort.<\/p>\n<p>Enfin, le couronnement d\u2019\u00e9pines ne se limite pas \u00e0 la r\u00e9paration de nos p\u00e9ch\u00e9s. Il vient aussi r\u00e9parer la terrible indiff\u00e9rence des hommes qui ne pensent pas \u00e0 Dieu alors que Dieu pense \u00e0 eux et les aime \u00e0 chaque instant. Combien de journ\u00e9es enti\u00e8res sans penser une seule fois \u00e0 Lui\u00a0? Sans Lui faire la moindre visite au tabernacle Lui qui y est r\u00e9ellement pr\u00e9sent. Oui, terrible indiff\u00e9rence qui fait tant souffrir le C\u0153ur de J\u00e9sus. C\u2019est le point central du message de Paray-Le-Monial. <em>\u00ab\u00a0Ce c\u0153ur qui a tant aim\u00e9 les hommes et qui ne re\u00e7oit qu\u2019indiff\u00e9rence\u2026\u00a0\u00bb <\/em>On se scandalise volontiers face aux offenses et blasph\u00e8mes contre le Christ. Mais est-ce qu\u2019on se scandalise par notre propre indiff\u00e9rence \u00e0 son \u00e9gard\u00a0? Il a demand\u00e9 \u00e0 Paray Le Monial l\u2019Heure Sainte du jeudi soir et la communion des 1<sup>ers<\/sup> vendredis. Qui s\u2019en pr\u00e9occupe\u00a0? Au cours de ses journ\u00e9es, un v\u00e9ritable chr\u00e9tien doit penser des dizaines de fois \u00e0 Dieu\u00a0: Lui offrir ses souffrances, Le remercier pour ses joies, L\u2019admirer dans la beaut\u00e9 de la nature, Lui demander conseil dans ses d\u00e9cisions, Lui confier une personne dans la difficult\u00e9, etc. Et fr\u00e9quemment lever les yeux vers Lui sans raisons, m\u00eame une seconde, pour juste le louer. On appelle cela les oraisons spontan\u00e9es.<\/p>\n<p>Au-del\u00e0 de nos p\u00e9ch\u00e9s de la pens\u00e9e, le couronnement d\u2019\u00e9pines a une deuxi\u00e8me signification tr\u00e8s importante. En effet, en voulant se moquer de J\u00e9sus, les bourreaux vont en fait apporter un t\u00e9moignage de Sa Royaut\u00e9 (1).\u00a0 C\u2019est ce que fera aussi Pilate par la suite sur l\u2019\u00e9criteau de la croix\u00a0: <em>\"Jesus de Nazar\u00e9 Rei dos Judeus<\/em>\u00a0\". Por fim, foi o pr\u00f3prio Jesus que o afirmou durante o seu interrogat\u00f3rio: <em>\u00ab\u00a0Tu le dis, je suis Roi.\u00a0(Jn 18\u00a0:37)\u00a0\u00bb. <\/em>E antes da sua Ascens\u00e3o, Jesus proclamar\u00e1 esta Realeza no verdadeiro sentido do termo: <em>\u00ab\u00a0Toute puissance M&#8217;a \u00e9t\u00e9 donn\u00e9e au ciel et sur la terre. Allez donc et enseignez <strong>todas as na\u00e7\u00f5es.\u00a0<\/strong>(Mt 28,18)\"<\/em><\/p>\n<p>Um famoso cardeal do s\u00e9culo XIX<sup>th<\/sup> No s\u00e9culo XIX, o Cardeal Pie fez um coment\u00e1rio s\u00e1bio sobre as palavras de Jesus: <em>Reparem, meus irm\u00e3os, que Jesus Cristo n\u00e3o diz todos os homens, todos os indiv\u00edduos, todas as fam\u00edlias, mas \"todos os povos\". <strong>todas as na\u00e7\u00f5es<\/strong>. \"<\/em> Le fait que J\u00e9sus-Christ soit non seulement le Roi de nos c\u0153urs, de nos familles, mais aussi <strong>Rei de todas as na\u00e7\u00f5es, <\/strong>isto \u00e9, de todas as sociedades, \u00e9 uma realidade ensinada pelos papas. E \u00e9 um dos pontos mais contestados dos tempos modernos, porque \u00e9 essencial. O Papa Le\u00e3o XIII explicou-o de forma muito clara: <em>\"Aquele que \u00e9 o Criador e tamb\u00e9m o Redentor da natureza humana, o Filho de Deus, \u00e9 o Rei e o Mestre do universo e possui poder soberano sobre todos e cada um dos seres humanos, <strong>ou incorporado<\/strong>. A lei de Cristo deve, portanto, ter um valor tal que sirva para orientar e governar n\u00e3o s\u00f3 a vida privada, <strong>mas tamb\u00e9m a vida p\u00fablica<\/strong>. \" Enc\u00edclica De Christo Redemptore, 1900<\/em>.<\/p>\n<p>O Papa Pio XI seguiu o exemplo, a 11 de dezembro de 1925, com a enc\u00edclica <em>Quas Primas<\/em> dans laquelle la f\u00eate du Christ-Roi est institu\u00e9e:<em> \"\u00c9 \u00f3bvio que o nome e o poder de King devem ser atribu\u00eddos, <strong>no verdadeiro sentido da palavra<\/strong>, au Christ dans son humanit\u00e9\u00a0; car c\u2019est seulement du Christ en tant qu\u2019homme qu\u2019on peut dire\u00a0: Il a re\u00e7u du P\u00e8re la puissance, l\u2019honneur et la royaut\u00e9\u00a0; comme Verbe de Dieu, consubstantiel au P\u00e8re, il ne peut pas ne pas avoir tout en commun avec le P\u00e8re et, par suite, la <strong>souverainet\u00e9 supr\u00eame et absolue<\/strong> sur les cr\u00e9atures.\u00a0\u00bb <\/em>O Papa Pio XI recordou ent\u00e3o as palavras do anjo Gabriel, que atestou esta Realeza:<em> \u00ab\u00a0Rappelons seulement le message de l\u2019archange apprenant \u00e0 la Vierge qu\u2019Elle engendrera un Fils, qu\u2019\u00e0 ce Fils le Seigneur Dieu donnera <strong>le tr\u00f4ne de David<\/strong>, Son p\u00e8re\u00a0; qu\u2019Il <strong>reinar\u00e1 <\/strong>para sempre sobre a casa de Jacob e que <strong>O seu reinado<\/strong> n\u00e3o ter\u00e1 fim.<\/em><\/p>\n<p><em>\u00a0<\/em>Por fim, o Papa Pio XI concluiu<em>\u00a0: \u00ab Sa Royaut\u00e9 [du Christ ndlr] exige que <strong>todo o Estado \u00e9 regido pelos mandamentos de Deus<\/strong> e os princ\u00edpios crist\u00e3os, tanto na legisla\u00e7\u00e3o como na administra\u00e7\u00e3o da justi\u00e7a, e na forma\u00e7\u00e3o dos jovens na s\u00e3 doutrina e na boa disciplina moral\". <\/em>Et c\u2019est pr\u00e9cis\u00e9ment ce que Satan s\u2019attache \u00e0 d\u00e9truire. En effet une soci\u00e9t\u00e9 chr\u00e9tienne dont le gouvernement et les lois se conforment aux lois divines donne un cadre terrestre puissant pour aider les \u00e2mes \u00e0 aller au Ciel. A l\u2019inverse, une soci\u00e9t\u00e9 ath\u00e9e la\u00efque, coup\u00e9e de Dieu, permet par ses lois de pervertir les hommes, de les s\u00e9parer de Dieu et de les conduire vers l\u2019Enfer. Pie XI appelle ce la\u00efcisme <em>\"a praga do nosso tempo <\/em>e o Cardeal Pie disse: <em>\u00ab L&#8217;erreur dominante, le crime capital de ce si\u00e8cle, c&#8217;est la pr\u00e9tention de soustraire la soci\u00e9t\u00e9 publique au gouvernement et \u00e0 la loi de Dieu\u00a0\u00bb.<\/em> \u00c9 a famosa \"separa\u00e7\u00e3o da Igreja e do Estado\", um sofisma que na realidade significa <strong>eliminar Deus da sociedade<\/strong>. N\u00e3o \u00e9 essa a pr\u00f3pria defini\u00e7\u00e3o de Inferno? Um lugar afastado de Deus.<\/p>\n<p>O resultado \u00e9 uma s\u00e9rie de males, e o homem \u00e9 gradualmente esmagado por esta sociedade ateia. O Papa Bento XV disse na 1<sup>era<\/sup> guerra mundial : <em>\u00ab C&#8217;est l&#8217;ath\u00e9isme l\u00e9gal \u00e9rig\u00e9 en syst\u00e8me de civilisation qui a pr\u00e9cipit\u00e9 le monde dans un d\u00e9luge de sang \u00bb.<\/em> Sim, as guerras, os genoc\u00eddios, as persegui\u00e7\u00f5es, a viol\u00eancia, as lutas sociais e os totalitarismos s\u00e3o nada mais nada menos do que a consequ\u00eancia direta de termos afastado as nossas sociedades do poder e da lei de Cristo Rei.<\/p>\n<p><strong>\u00a0<\/strong>O que \u00e9 que devemos fazer? Pio XI respondeu a esta pergunta<strong>\u00a0<\/strong>: <em>\"Queremos trabalhar da forma mais eficaz para restabelecer a paz? <strong>restauremos o Reino de Cristo<\/strong>. Pas de paix du Christ sans le r\u00e8gne du Christ.<\/em> E continua:<em> \"No dia em que os Estados e os governos fizerem do dever sagrado de se regularem na sua vida pol\u00edtica, tanto no interior como no exterior, de acordo com os ensinamentos e preceitos de Jesus Cristo, ent\u00e3o, mas s\u00f3 ent\u00e3o, gozar\u00e3o de uma paz de esp\u00edrito interior. <strong>paz rent\u00e1vel<\/strong>, entretiendront des rapports de mutuelle confiance, et r\u00e9soudront pacifiquement les conflits qui pourraient surgir. \u00bb Encyclique Urbi Arcano Dei Consilio, 1922. <\/em>Aujourd\u2019hui, humainement parlant, il est impossible de r\u00e9tablir le r\u00e8gne du Christ couronn\u00e9. Mais Notre Dame est justement venue \u00e0 Fatima pour \u00e7a\u00a0!<\/p>\n<p>Avons-nous remarqu\u00e9 ce fait incroyablement symbolique\u00a0? Le 10 d\u00e9cembre 1925 la Sainte Vierge vient demander les 1<sup>ers<\/sup> samedis du mois pour obtenir la paix et le salut du monde. Le lendemain, 11 d\u00e9cembre 1925, le Pape Pie XI publiera son encyclique sur la Royaut\u00e9 sociale de Notre Seigneur. C\u2019est Elle qui, lorsque nous auront ob\u00e9i \u00e0 Ses demandes de Fatima, restaurera le Christ dans sa royaut\u00e9 sur terre.<\/p>\n<p>___________________________________________________________________________________________________<\/p>\n<p><u>Note compl\u00e9mentaire\u00a0<\/u><u>sur les paroles de J\u00e9sus dans l\u2019\u00c9vangile concernant son royaume<\/u><\/p>\n<p><em>Duas frases do Evangelho sobre o Reino de Nosso Senhor s\u00e3o muitas vezes interpretadas de forma incorrecta, pelo que vale a pena lan\u00e7ar alguma luz adicional sobre elas fora da medita\u00e7\u00e3o.<\/em><\/p>\n<p><strong>1\/ \"Dai a C\u00e9sar o que \u00e9 de C\u00e9sar e a Deus o que \u00e9 de Deus\".<\/strong><\/p>\n<p>Esta frase \u00e9 por vezes vista como indicando uma separa\u00e7\u00e3o entre o Estado (C\u00e9sar) e Deus. Vejamos como a Igreja nos ensina a entend\u00ea-la. Cada ser humano \u00e9, ao mesmo tempo, um ser temporal que vive na terra e um ser espiritual destinado ao C\u00e9u. Aqui na terra, ele estar\u00e1, portanto, sujeito a dois tipos distintos de autoridade: o Estado e a Igreja. O objetivo do Estado \u00e9 assegurar o bem-estar f\u00edsico e moral de todos aqueles que governa; para isso, tem de aplicar leis em muitos dom\u00ednios, incluindo a esfera moral, como explica o Papa Jo\u00e3o XXIII : <em>\"O \"bem comum\" que o Estado tem de defender inclui todas as condi\u00e7\u00f5es, <strong>incluindo as condi\u00e7\u00f5es morais e espirituais<\/strong>que ajudam o homem a atingir o seu objetivo \u00faltimo, que \u00e9 o para\u00edso\".<\/em> <em>Pacem in Terris<\/em>.<\/p>\n<p>A Igreja\u00a0<em>\u00e9 uma sociedade distinta do Estado, \"perfeita\" no sentido de que tem tudo em si para cumprir a sua miss\u00e3o, que \u00e9 a de conduzir as almas para o C\u00e9u.<\/em> \u00a0Le\u00e3o XIII, <em>Immortale Dei<\/em>. Por isso, s\u00f3 \u00e0 Igreja \u00e9 confiada a tarefa de distribuir a gra\u00e7a de Deus atrav\u00e9s dos sacramentos e de ensinar a f\u00e9 e a moral. A Igreja \u00e9, portanto <strong>La<\/strong> uma refer\u00eancia moral geral, tanto para a vida privada como para a vida p\u00fablica.<\/p>\n<p>Este facto demonstra que o Estado est\u00e1 bem <strong>independente da Igreja <\/strong>assegurar a organiza\u00e7\u00e3o material da sociedade de forma justa (dar a C\u00e9sar o que \u00e9 de C\u00e9sar) e que, por outro lado, <strong>a doutrina da Igreja \u00e9 o seu ponto de refer\u00eancia <\/strong>para as quest\u00f5es espirituais e morais (dar a Deus o que \u00e9 de Deus). A Igreja e o Estado n\u00e3o est\u00e3o, portanto, nem \"fundidos\" nem \"separados\", mas \".<strong>distintas\"<\/strong> no \u00e2mbito das suas compet\u00eancias. Juntos, com respeito m\u00fatuo e colabora\u00e7\u00e3o genu\u00edna, est\u00e3o a contribuir para criar um quadro favor\u00e1vel na Terra para ajudar <em>\"o homem para atingir o seu objetivo final, que \u00e9 o para\u00edso.\"<\/em><\/p>\t\t\t\t\t\t\t\t<\/div>\n\t\t\t\t<\/div>\n\t\t\t\t\t<\/div>\n\t\t<\/div>\n\t\t\t\t\t<\/div>\n\t\t<\/section>\n\t\t\t\t<section class=\"elementor-section elementor-top-section elementor-element elementor-element-96d4f15 elementor-section-boxed elementor-section-height-default elementor-section-height-default\" data-id=\"96d4f15\" data-element_type=\"section\" data-e-type=\"section\">\n\t\t\t\t\t\t<div class=\"elementor-container elementor-column-gap-default\">\n\t\t\t\t\t<div class=\"elementor-column elementor-col-100 elementor-top-column elementor-element elementor-element-9788acb\" data-id=\"9788acb\" data-element_type=\"column\" data-e-type=\"column\">\n\t\t\t<div class=\"elementor-widget-wrap elementor-element-populated\">\n\t\t\t\t\t\t<div class=\"elementor-element elementor-element-7e2b68a elementor-widget elementor-widget-text-editor\" data-id=\"7e2b68a\" data-element_type=\"widget\" data-e-type=\"widget\" data-widget_type=\"text-editor.default\">\n\t\t\t\t<div class=\"elementor-widget-container\">\n\t\t\t\t\t\t\t\t\t<p><strong>2\/ \"O meu reino n\u00e3o \u00e9 deste mundo\".<\/strong><\/p>\n<p>Esta frase \u00e9 muitas vezes entendida como significando que Cristo n\u00e3o seria o Rei das Na\u00e7\u00f5es na terra. Mais uma vez, vejamos isto \u00e0 luz do ensinamento da Igreja. Deus \u00e9 um esp\u00edrito eterno que fez o c\u00e9u e a terra. O Seu Reino \u00e9, portanto, espiritual e material, eterno, pr\u00e9-existente na terra e transcende totalmente os limites do nosso mundo vis\u00edvel, seja na ess\u00eancia, no espa\u00e7o ou no tempo. Por conseguinte, o seu Reino infinito n\u00e3o pode vir deste nosso mundo pequeno e finito. Mas isso n\u00e3o significa que o nosso mundo, que Ele criou inteiramente, n\u00e3o seja parte integrante do Seu Reino global, muito pelo contr\u00e1rio.<\/p>\n<p>Longe de \"excluir\" o nosso mundo do seu Reino, Cristo afirmar\u00e1, pelo contr\u00e1rio, solenemente a sua realeza terrena: <em>\u00ab&nbsp;Toute puissance M&#8217;a \u00e9t\u00e9 donn\u00e9e au ciel et sur la terre. Allez donc et enseignez <strong>todas as na\u00e7\u00f5es.&nbsp;<\/strong>(Mt 28:18)&nbsp;\u00bb<\/em><\/p>\n<p><strong>3\/ Em conclus\u00e3o<\/strong><\/p>\n<p>Consid\u00e9rons une troisi\u00e8me phrase du Christ lorsqu\u2019Il s\u2019adresse \u00e0 Ponce Pilate&nbsp;: &nbsp;<em>\u201cTu n\u2019aurais point de pouvoir si tu ne l\u2019avais re\u00e7u d\u2019en haut.&nbsp;(Jn19&nbsp;:11)\u00bb<\/em><em>. <\/em>Que signifie-t-elle&nbsp;? Le Christ guide les hommes et exerce Son pouvoir sur la terre de fa\u00e7on indirecte en le d\u00e9l\u00e9guant \u00e0 des chefs humains. Il va confier le pouvoir spirituel aux papes et le pouvoir temporel aux chefs d\u2019\u00e9tats et Il explique ici que ce pouvoir vient de Dieu (et non du peuple). En cons\u00e9quence, et comme dans tout principe de d\u00e9l\u00e9gation, les \u201cd\u00e9l\u00e9gu\u00e9s\u201c doivent exercer leur pouvoir en \u00e9tant soumis \u00e0 Celui qui le leur d\u00e9l\u00e8gue. Ceci est valable aussi bien pour l\u2019\u00c9glise que pour l\u2019\u00c9tat.<\/p><p><span id=\"isPasted\" style=\"border: 0px; margin: 0px; padding: 0px; font-weight: bolder; background-repeat: no-repeat; font-size: 17px; vertical-align: baseline; hyphens: auto; overflow-wrap: break-word; word-break: break-word; color: rgb(6, 39, 64); font-family: Nunito, Helvetica, Arial, sans-serif; text-align: start;\">R\u00e9gis de Lassus<\/span><br style=\"border: 0px solid; margin: 0px; padding: 0px; background-repeat: no-repeat; hyphens: auto; overflow-wrap: break-word; word-break: break-word; color: rgb(6, 39, 64); font-family: Nunito, Helvetica, Arial, sans-serif; font-size: 17px; text-align: start;\"><span style=\"color: rgb(6, 39, 64); font-family: Nunito, Helvetica, Arial, sans-serif; font-size: 17px; text-align: start;\">\u00a9 2026 Salve Corda<\/span><br><\/p>\t\t\t\t\t\t\t\t<\/div>\n\t\t\t\t<\/div>\n\t\t\t\t\t<\/div>\n\t\t<\/div>\n\t\t\t\t\t<\/div>\n\t\t<\/section>\n\t\t\t\t<\/div>","protected":false},"featured_media":14923,"template":"","class_list":["post-20143","meditations","type-meditations","status-publish","has-post-thumbnail","hentry"],"_links":{"self":[{"href":"https:\/\/salve-corda.org\/pt\/wp-json\/wp\/v2\/meditations\/20143","targetHints":{"allow":["GET"]}}],"collection":[{"href":"https:\/\/salve-corda.org\/pt\/wp-json\/wp\/v2\/meditations"}],"about":[{"href":"https:\/\/salve-corda.org\/pt\/wp-json\/wp\/v2\/types\/meditations"}],"version-history":[{"count":43,"href":"https:\/\/salve-corda.org\/pt\/wp-json\/wp\/v2\/meditations\/20143\/revisions"}],"predecessor-version":[{"id":20900,"href":"https:\/\/salve-corda.org\/pt\/wp-json\/wp\/v2\/meditations\/20143\/revisions\/20900"}],"wp:featuredmedia":[{"embeddable":true,"href":"https:\/\/salve-corda.org\/pt\/wp-json\/wp\/v2\/media\/14923"}],"wp:attachment":[{"href":"https:\/\/salve-corda.org\/pt\/wp-json\/wp\/v2\/media?parent=20143"}],"curies":[{"name":"wp","href":"https:\/\/api.w.org\/{rel}","templated":true}]}}