{"id":1011,"date":"2021-07-29T23:30:23","date_gmt":"2021-07-29T21:30:23","guid":{"rendered":"https:\/\/salve-corda.org\/?page_id=1011"},"modified":"2024-03-05T12:49:30","modified_gmt":"2024-03-05T11:49:30","slug":"demandes-qui-nous-sont-faites","status":"publish","type":"page","link":"https:\/\/salve-corda.org\/pt\/demandes-qui-nous-sont-faites\/","title":{"rendered":"Outros pedidos dos cora\u00e7\u00f5es de jesus e maria"},"content":{"rendered":"<div data-elementor-type=\"wp-page\" data-elementor-id=\"1011\" class=\"elementor elementor-1011\">\n\t\t\t\t\t\t<section class=\"elementor-section elementor-top-section elementor-element elementor-element-09fc9a0 elementor-section-boxed elementor-section-height-default elementor-section-height-default\" data-id=\"09fc9a0\" data-element_type=\"section\" data-e-type=\"section\">\n\t\t\t\t\t\t<div class=\"elementor-container elementor-column-gap-default\">\n\t\t\t\t\t<div class=\"elementor-column elementor-col-100 elementor-top-column elementor-element elementor-element-3fc7c32\" data-id=\"3fc7c32\" data-element_type=\"column\" data-e-type=\"column\">\n\t\t\t<div class=\"elementor-widget-wrap elementor-element-populated\">\n\t\t\t\t\t\t<div class=\"elementor-element elementor-element-a233452 elementor-widget elementor-widget-spacer\" data-id=\"a233452\" data-element_type=\"widget\" data-e-type=\"widget\" data-widget_type=\"spacer.default\">\n\t\t\t\t<div class=\"elementor-widget-container\">\n\t\t\t\t\t\t\t<div class=\"elementor-spacer\">\n\t\t\t<div class=\"elementor-spacer-inner\"><\/div>\n\t\t<\/div>\n\t\t\t\t\t\t<\/div>\n\t\t\t\t<\/div>\n\t\t\t\t\t<\/div>\n\t\t<\/div>\n\t\t\t\t\t<\/div>\n\t\t<\/section>\n\t\t\t\t<section class=\"elementor-section elementor-top-section elementor-element elementor-element-8dc07c8 elementor-section-boxed elementor-section-height-default elementor-section-height-default\" data-id=\"8dc07c8\" data-element_type=\"section\" data-e-type=\"section\">\n\t\t\t\t\t\t<div class=\"elementor-container elementor-column-gap-default\">\n\t\t\t\t\t<div class=\"elementor-column elementor-col-100 elementor-top-column elementor-element elementor-element-f29f950\" data-id=\"f29f950\" data-element_type=\"column\" data-e-type=\"column\">\n\t\t\t<div class=\"elementor-widget-wrap elementor-element-populated\">\n\t\t\t\t\t\t<div class=\"elementor-element elementor-element-b5d6786 elementor-widget elementor-widget-heading\" data-id=\"b5d6786\" data-element_type=\"widget\" data-e-type=\"widget\" data-widget_type=\"heading.default\">\n\t\t\t\t<div class=\"elementor-widget-container\">\n\t\t\t\t\t<h2 class=\"elementor-heading-title elementor-size-default\">outros pedidos das irm\u00e3s de jesus e maria <\/h2>\t\t\t\t<\/div>\n\t\t\t\t<\/div>\n\t\t\t\t<div class=\"elementor-element elementor-element-21e3644 elementor-widget elementor-widget-text-editor\" data-id=\"21e3644\" data-element_type=\"widget\" data-e-type=\"widget\" data-widget_type=\"text-editor.default\">\n\t\t\t\t<div class=\"elementor-widget-container\">\n\t\t\t\t\t\t\t\t\t<p>Si les premier samedi du mois sont une priorit\u00e9, et les r\u00e9aliser est d\u00e9j\u00e0 tr\u00e8s bien, certains membres de l\u2019Alliance s\u2019engagent aussi \u00e0 mettre en pratique personnellement l&#8217;ensemble des demandes des\u00a0<b>Cora\u00e7\u00f5es de Jesus e Maria<\/b><\/p><p>\u00a0<\/p>\t\t\t\t\t\t\t\t<\/div>\n\t\t\t\t<\/div>\n\t\t\t\t<div class=\"elementor-element elementor-element-f61ec95 elementor-widget elementor-widget-heading\" data-id=\"f61ec95\" data-element_type=\"widget\" data-e-type=\"widget\" data-widget_type=\"heading.default\">\n\t\t\t\t<div class=\"elementor-widget-container\">\n\t\t\t\t\t<h2 class=\"elementor-heading-title elementor-size-default\">1- Os sete pedidos de F\u00e1tima (1917-1929)<\/h2>\t\t\t\t<\/div>\n\t\t\t\t<\/div>\n\t\t\t\t\t<\/div>\n\t\t<\/div>\n\t\t\t\t\t<\/div>\n\t\t<\/section>\n\t\t\t\t<section class=\"elementor-section elementor-top-section elementor-element elementor-element-1f6f28f elementor-section-boxed elementor-section-height-default elementor-section-height-default\" data-id=\"1f6f28f\" data-element_type=\"section\" data-e-type=\"section\">\n\t\t\t\t\t\t<div class=\"elementor-container elementor-column-gap-default\">\n\t\t\t\t\t<div class=\"elementor-column elementor-col-50 elementor-top-column elementor-element elementor-element-ef8c924\" data-id=\"ef8c924\" data-element_type=\"column\" data-e-type=\"column\" data-settings=\"{&quot;background_background&quot;:&quot;classic&quot;}\">\n\t\t\t<div class=\"elementor-widget-wrap elementor-element-populated\">\n\t\t\t\t\t\t<div class=\"elementor-element elementor-element-cd2e673 elementor-widget elementor-widget-text-editor\" data-id=\"cd2e673\" data-element_type=\"widget\" data-e-type=\"widget\" data-widget_type=\"text-editor.default\">\n\t\t\t\t<div class=\"elementor-widget-container\">\n\t\t\t\t\t\t\t\t\t<p><span style=\"text-decoration: underline;\">Pedidos aos fi\u00e9is<\/span><\/p>\t\t\t\t\t\t\t\t<\/div>\n\t\t\t\t<\/div>\n\t\t\t\t\t<\/div>\n\t\t<\/div>\n\t\t\t\t<div class=\"elementor-column elementor-col-50 elementor-top-column elementor-element elementor-element-e54b7a2\" data-id=\"e54b7a2\" data-element_type=\"column\" data-e-type=\"column\" data-settings=\"{&quot;background_background&quot;:&quot;classic&quot;}\">\n\t\t\t<div class=\"elementor-widget-wrap elementor-element-populated\">\n\t\t\t\t\t\t<div class=\"elementor-element elementor-element-b0dc617 elementor-widget elementor-widget-text-editor\" data-id=\"b0dc617\" data-element_type=\"widget\" data-e-type=\"widget\" data-widget_type=\"text-editor.default\">\n\t\t\t\t<div class=\"elementor-widget-container\">\n\t\t\t\t\t\t\t\t\t<p><span style=\"text-decoration: underline;\">Pedidos ao Papa<\/span><\/p>\t\t\t\t\t\t\t\t<\/div>\n\t\t\t\t<\/div>\n\t\t\t\t\t<\/div>\n\t\t<\/div>\n\t\t\t\t\t<\/div>\n\t\t<\/section>\n\t\t\t\t<section class=\"elementor-section elementor-top-section elementor-element elementor-element-5ae4006 elementor-section-boxed elementor-section-height-default elementor-section-height-default\" data-id=\"5ae4006\" data-element_type=\"section\" data-e-type=\"section\">\n\t\t\t\t\t\t<div class=\"elementor-container elementor-column-gap-default\">\n\t\t\t\t\t<div class=\"elementor-column elementor-col-50 elementor-top-column elementor-element elementor-element-78a199c\" data-id=\"78a199c\" data-element_type=\"column\" data-e-type=\"column\" data-settings=\"{&quot;background_background&quot;:&quot;classic&quot;}\">\n\t\t\t<div class=\"elementor-widget-wrap elementor-element-populated\">\n\t\t\t\t\t\t<div class=\"elementor-element elementor-element-f4e5f1f elementor-widget elementor-widget-text-editor\" data-id=\"f4e5f1f\" data-element_type=\"widget\" data-e-type=\"widget\" data-widget_type=\"text-editor.default\">\n\t\t\t\t<div class=\"elementor-widget-container\">\n\t\t\t\t\t\t\t\t\t<p><span style=\"color: #1046a3;\">1- Devo\u00e7\u00e3o no 1\u00ba s\u00e1bado do m\u00eas<\/span><\/p><p><span style=\"color: #1046a3;\">2- Consagra\u00e7\u00e3o<\/span><span style=\"background-color: var( --e-global-color-f890547 ); color: #1046a3;\">\u00a0em\u00a0<\/span><span style=\"background-color: var( --e-global-color-f890547 ); color: #1046a3;\">Imaculado Cora\u00e7\u00e3o de Maria<\/span><\/p><p><span style=\"color: #1046a3;\">3- Ter\u00e7o di\u00e1rio<\/span><\/p><p><span style=\"color: #1046a3;\">4- O uso do escapul\u00e1rio<\/span><br \/><span style=\"color: #1046a3;\">5- Offrande des difficult\u00e9s de son devoir d&#8217;Etat<\/span><\/p>\t\t\t\t\t\t\t\t<\/div>\n\t\t\t\t<\/div>\n\t\t\t\t\t<\/div>\n\t\t<\/div>\n\t\t\t\t<div class=\"elementor-column elementor-col-50 elementor-top-column elementor-element elementor-element-7dbc098\" data-id=\"7dbc098\" data-element_type=\"column\" data-e-type=\"column\" data-settings=\"{&quot;background_background&quot;:&quot;classic&quot;}\">\n\t\t\t<div class=\"elementor-widget-wrap elementor-element-populated\">\n\t\t\t\t\t\t<div class=\"elementor-element elementor-element-a893017 elementor-widget elementor-widget-text-editor\" data-id=\"a893017\" data-element_type=\"widget\" data-e-type=\"widget\" data-widget_type=\"text-editor.default\">\n\t\t\t\t<div class=\"elementor-widget-container\">\n\t\t\t\t\t\t\t\t\t<p>1- Consagra\u00e7\u00e3o da R\u00fassia ao\u00a0<span style=\"background-color: var( --e-global-color-f890547 ); color: #1046a3;\">Cora\u00e7\u00e3o<\/span><span style=\"color: var( --e-global-color-primary ); background-color: var( --e-global-color-f890547 );\">\u00a0Imaculado Cora\u00e7\u00e3o de Maria<\/span><\/p><p><span style=\"color: var( --e-global-color-primary ); background-color: var( --e-global-color-f890547 );\">\u00a0 \u00a0 em uni\u00e3o com todos os bispos do mundo<\/span><\/p><p>2- Officialisation dans l&#8217;Eglise les 1ers samedis du mois<\/p>\t\t\t\t\t\t\t\t<\/div>\n\t\t\t\t<\/div>\n\t\t\t\t\t<\/div>\n\t\t<\/div>\n\t\t\t\t\t<\/div>\n\t\t<\/section>\n\t\t\t\t<section class=\"elementor-section elementor-top-section elementor-element elementor-element-32843b8 elementor-section-boxed elementor-section-height-default elementor-section-height-default\" data-id=\"32843b8\" data-element_type=\"section\" data-e-type=\"section\">\n\t\t\t\t\t\t<div class=\"elementor-container elementor-column-gap-default\">\n\t\t\t\t\t<div class=\"elementor-column elementor-col-100 elementor-top-column elementor-element elementor-element-b5fbf35\" data-id=\"b5fbf35\" data-element_type=\"column\" data-e-type=\"column\">\n\t\t\t<div class=\"elementor-widget-wrap elementor-element-populated\">\n\t\t\t\t\t\t<div class=\"elementor-element elementor-element-2c89495 elementor-widget elementor-widget-text-editor\" data-id=\"2c89495\" data-element_type=\"widget\" data-e-type=\"widget\" data-widget_type=\"text-editor.default\">\n\t\t\t\t<div class=\"elementor-widget-container\">\n\t\t\t\t\t\t\t\t\t<p>pormenores destes pedidos feitos aos fi\u00e9is<\/p>\t\t\t\t\t\t\t\t<\/div>\n\t\t\t\t<\/div>\n\t\t\t\t\t<\/div>\n\t\t<\/div>\n\t\t\t\t\t<\/div>\n\t\t<\/section>\n\t\t\t\t<section class=\"elementor-section elementor-top-section elementor-element elementor-element-a092214 elementor-section-boxed elementor-section-height-default elementor-section-height-default\" data-id=\"a092214\" data-element_type=\"section\" data-e-type=\"section\" data-settings=\"{&quot;background_background&quot;:&quot;classic&quot;}\">\n\t\t\t\t\t\t<div class=\"elementor-container elementor-column-gap-default\">\n\t\t\t\t\t<div class=\"elementor-column elementor-col-50 elementor-top-column elementor-element elementor-element-695e9e2\" data-id=\"695e9e2\" data-element_type=\"column\" data-e-type=\"column\">\n\t\t\t<div class=\"elementor-widget-wrap elementor-element-populated\">\n\t\t\t\t\t\t<div class=\"elementor-element elementor-element-cf3c299 elementor-widget elementor-widget-text-editor\" data-id=\"cf3c299\" data-element_type=\"widget\" data-e-type=\"widget\" data-widget_type=\"text-editor.default\">\n\t\t\t\t<div class=\"elementor-widget-container\">\n\t\t\t\t\t\t\t\t\t<p>\u00a0<\/p><p><b>1- Primeiros s\u00e1bados do m\u00eas<\/b><\/p><p>A Sant\u00edssima Virgem pediu que as ofensas que lhe foram feitas sejam reparadas por n\u00f3s todos os primeiros s\u00e1bados do m\u00eas da seguinte forma\u00a0\u00a0<\/p><p>\u00a0<\/p><p>1\/ Comunh\u00e3o em repara\u00e7\u00e3o das ofensas cometidas contra a Sant\u00edssima Virgem Maria<\/p><p>2\/ Rezar o ter\u00e7o<\/p><p>3\/ Quinze minutos de medita\u00e7\u00e3o sobre um dos mist\u00e9rios do ros\u00e1rio<\/p><p>4\/ Confessar-se no prazo de oito dias com a mesma inten\u00e7\u00e3o.<\/p><p>\u00a0<\/p><p>Solicitava igualmente que esta pr\u00e1tica fosse levada a cabo no m\u00ednimo <b>cinco primeiros s\u00e1bados seguidos.<\/b><\/p><p>\u00a0<\/p><p><span style=\"font-weight: bolder;\">2- Consagra\u00e7\u00e3o ao Imaculado Cora\u00e7\u00e3o de Maria<\/span><\/p><p>A consagra\u00e7\u00e3o \u00e9 um ato de entrega \u00e0 Sant\u00edssima Virgem. Basta escolher uma ora\u00e7\u00e3o de consagra\u00e7\u00e3o e ter uma disposi\u00e7\u00e3o interior sincera. Deve ser feita uma vez na vida.<\/p>\t\t\t\t\t\t\t\t<\/div>\n\t\t\t\t<\/div>\n\t\t\t\t\t<\/div>\n\t\t<\/div>\n\t\t\t\t<div class=\"elementor-column elementor-col-50 elementor-top-column elementor-element elementor-element-000ffb9\" data-id=\"000ffb9\" data-element_type=\"column\" data-e-type=\"column\">\n\t\t\t<div class=\"elementor-widget-wrap elementor-element-populated\">\n\t\t\t\t\t\t<div class=\"elementor-element elementor-element-ab90851 elementor-widget elementor-widget-image\" data-id=\"ab90851\" data-element_type=\"widget\" data-e-type=\"widget\" data-widget_type=\"image.default\">\n\t\t\t\t<div class=\"elementor-widget-container\">\n\t\t\t\t\t\t\t\t\t\t\t\t\t\t\t<img decoding=\"async\" src=\"https:\/\/salve-corda.org\/wp-content\/uploads\/2022\/03\/external-content.duckduckgo-1.jpg\" title=\"conte\u00fado externo.duckduckgo-1\" alt=\"external-content.duckduckgo-1\" loading=\"lazy\" \/>\t\t\t\t\t\t\t\t\t\t\t\t\t\t\t<\/div>\n\t\t\t\t<\/div>\n\t\t\t\t\t<\/div>\n\t\t<\/div>\n\t\t\t\t\t<\/div>\n\t\t<\/section>\n\t\t\t\t<section class=\"elementor-section elementor-top-section elementor-element elementor-element-bcae921 elementor-section-boxed elementor-section-height-default elementor-section-height-default\" data-id=\"bcae921\" data-element_type=\"section\" data-e-type=\"section\" data-settings=\"{&quot;background_background&quot;:&quot;classic&quot;}\">\n\t\t\t\t\t\t<div class=\"elementor-container elementor-column-gap-default\">\n\t\t\t\t\t<div class=\"elementor-column elementor-col-100 elementor-top-column elementor-element elementor-element-3481ca7\" data-id=\"3481ca7\" data-element_type=\"column\" data-e-type=\"column\">\n\t\t\t<div class=\"elementor-widget-wrap elementor-element-populated\">\n\t\t\t\t\t\t<div class=\"elementor-element elementor-element-7ecf2fe elementor-widget elementor-widget-text-editor\" data-id=\"7ecf2fe\" data-element_type=\"widget\" data-e-type=\"widget\" data-widget_type=\"text-editor.default\">\n\t\t\t\t<div class=\"elementor-widget-container\">\n\t\t\t\t\t\t\t\t\t<p><strong>3- O ros\u00e1rio<br \/><\/strong>A Sant\u00edssima Virgem sempre pediu o ter\u00e7o, o que prova a import\u00e2ncia desta ora\u00e7\u00e3o. \u00c9 preciso rez\u00e1-lo todos os dias, mas nem sempre \u00e9 f\u00e1cil, dependendo das nossas limita\u00e7\u00f5es pessoais. Mas podemos sempre fazer o nosso melhor. O ter\u00e7o revelou-se incrivelmente eficaz para fazer face aos problemas temporais, nomeadamente durante a batalha de Lepanto.<\/p>\t\t\t\t\t\t\t\t<\/div>\n\t\t\t\t<\/div>\n\t\t\t\t\t<\/div>\n\t\t<\/div>\n\t\t\t\t\t<\/div>\n\t\t<\/section>\n\t\t\t\t<section class=\"elementor-section elementor-top-section elementor-element elementor-element-e7db8a4 elementor-section-boxed elementor-section-height-default elementor-section-height-default\" data-id=\"e7db8a4\" data-element_type=\"section\" data-e-type=\"section\" data-settings=\"{&quot;background_background&quot;:&quot;classic&quot;}\">\n\t\t\t\t\t\t<div class=\"elementor-container elementor-column-gap-default\">\n\t\t\t\t\t<div class=\"elementor-column elementor-col-100 elementor-top-column elementor-element elementor-element-f08f53c\" data-id=\"f08f53c\" data-element_type=\"column\" data-e-type=\"column\">\n\t\t\t<div class=\"elementor-widget-wrap elementor-element-populated\">\n\t\t\t\t\t\t<section class=\"elementor-section elementor-inner-section elementor-element elementor-element-a03a4d6 elementor-section-boxed elementor-section-height-default elementor-section-height-default\" data-id=\"a03a4d6\" data-element_type=\"section\" data-e-type=\"section\" data-settings=\"{&quot;background_background&quot;:&quot;classic&quot;}\">\n\t\t\t\t\t\t<div class=\"elementor-container elementor-column-gap-default\">\n\t\t\t\t\t<div class=\"elementor-column elementor-col-50 elementor-inner-column elementor-element elementor-element-5b9da7e\" data-id=\"5b9da7e\" data-element_type=\"column\" data-e-type=\"column\">\n\t\t\t<div class=\"elementor-widget-wrap elementor-element-populated\">\n\t\t\t\t\t\t<div class=\"elementor-element elementor-element-c01ae20 elementor-widget elementor-widget-image\" data-id=\"c01ae20\" data-element_type=\"widget\" data-e-type=\"widget\" data-widget_type=\"image.default\">\n\t\t\t\t<div class=\"elementor-widget-container\">\n\t\t\t\t\t\t\t\t\t\t\t\t\t\t\t<img fetchpriority=\"high\" decoding=\"async\" width=\"382\" height=\"345\" src=\"https:\/\/salve-corda.org\/wp-content\/uploads\/2022\/03\/scapulaire.png\" class=\"attachment-large size-large wp-image-4910\" alt=\"\" srcset=\"https:\/\/salve-corda.org\/wp-content\/uploads\/2022\/03\/scapulaire.png 382w, https:\/\/salve-corda.org\/wp-content\/uploads\/2022\/03\/scapulaire-300x271.png 300w\" sizes=\"(max-width: 382px) 100vw, 382px\" \/>\t\t\t\t\t\t\t\t\t\t\t\t\t\t\t<\/div>\n\t\t\t\t<\/div>\n\t\t\t\t\t<\/div>\n\t\t<\/div>\n\t\t\t\t<div class=\"elementor-column elementor-col-50 elementor-inner-column elementor-element elementor-element-3fd9816\" data-id=\"3fd9816\" data-element_type=\"column\" data-e-type=\"column\">\n\t\t\t<div class=\"elementor-widget-wrap elementor-element-populated\">\n\t\t\t\t\t\t<div class=\"elementor-element elementor-element-faa1193 elementor-widget elementor-widget-text-editor\" data-id=\"faa1193\" data-element_type=\"widget\" data-e-type=\"widget\" data-widget_type=\"text-editor.default\">\n\t\t\t\t<div class=\"elementor-widget-container\">\n\t\t\t\t\t\t\t\t\t<p><strong>4- Usar o escapul\u00e1rio do Carmo<br><\/strong><span style=\"color: var( --e-global-color-text ); font-family: var( --e-global-typography-text-font-family ), Sans-serif; font-size: var( --e-global-typography-text-font-size ); font-weight: var( --e-global-typography-text-font-weight );\">O escapul\u00e1rio do Carmo \u00e9 um pequeno peda\u00e7o de pano castanho, usado como uma medalha, com o Sagrado Cora\u00e7\u00e3o de um lado e Nossa Senhora do Carmo do outro.  Foi oferecido pela pr\u00f3pria Virgem a S\u00e3o Sim\u00e3o Stock no s\u00e9culo XIII. Este pano \u00e9 uma redu\u00e7\u00e3o do h\u00e1bito carmelita e mostra a nossa perten\u00e7a \u00e0 Sant\u00edssima Virgem.<\/span><\/p>\n<p>Deve ser entregue por um sacerdote com uma b\u00ean\u00e7\u00e3o especial.<\/p>\n<p><br><\/p>\n<p>ATEN\u00c7\u00c3O: Nossa Senhora falou de facto do <b>Escapul\u00e1rio do Carmo<\/b>. Inventar e transportar <b>outro escapul\u00e1rio<\/b> n&#8217;a aucune validit\u00e9 quant aux promesses de Fatima lesquelles sont attach\u00e9es uniquement au scapulaire du Mont Carmel.<\/p>\t\t\t\t\t\t\t\t<\/div>\n\t\t\t\t<\/div>\n\t\t\t\t\t<\/div>\n\t\t<\/div>\n\t\t\t\t\t<\/div>\n\t\t<\/section>\n\t\t\t\t\t<\/div>\n\t\t<\/div>\n\t\t\t\t\t<\/div>\n\t\t<\/section>\n\t\t\t\t<section class=\"elementor-section elementor-top-section elementor-element elementor-element-82867dc elementor-section-boxed elementor-section-height-default elementor-section-height-default\" data-id=\"82867dc\" data-element_type=\"section\" data-e-type=\"section\" data-settings=\"{&quot;background_background&quot;:&quot;classic&quot;}\">\n\t\t\t\t\t\t<div class=\"elementor-container elementor-column-gap-default\">\n\t\t\t\t\t<div class=\"elementor-column elementor-col-100 elementor-top-column elementor-element elementor-element-331548f\" data-id=\"331548f\" data-element_type=\"column\" data-e-type=\"column\">\n\t\t\t<div class=\"elementor-widget-wrap elementor-element-populated\">\n\t\t\t\t\t\t<div class=\"elementor-element elementor-element-f456608 elementor-widget elementor-widget-text-editor\" data-id=\"f456608\" data-element_type=\"widget\" data-e-type=\"widget\" data-widget_type=\"text-editor.default\">\n\t\t\t\t<div class=\"elementor-widget-container\">\n\t\t\t\t\t\t\t\t\t<p><b style=\"color: var( --e-global-color-text ); font-family: var( --e-global-typography-text-font-family ), Sans-serif; font-size: var( --e-global-typography-text-font-size ); background-color: rgba(246, 244, 245, 0);\">5- L&#8217;offrande de son devoir d&#8217;\u00e9tat pour la conversion des p\u00e9cheurs<\/b><\/p><p><span style=\"color: var( --e-global-color-text ); font-family: var( --e-global-typography-text-font-family ), Sans-serif; font-size: var( --e-global-typography-text-font-size ); font-weight: var( --e-global-typography-text-font-weight );\">Nestes tempos dif\u00edceis, a Sant\u00edssima Virgem, no seu amor maternal, n\u00e3o veio impor-nos nenhuma penit\u00eancia particular. Pediu-nos simplesmente que<\/span><span style=\"color: var( --e-global-color-text ); font-family: var( --e-global-typography-text-font-family ), Sans-serif; font-size: var( --e-global-typography-text-font-size );\">'<\/span><span style=\"color: var( --e-global-color-text ); font-family: var( --e-global-typography-text-font-family ), Sans-serif; font-size: var( --e-global-typography-text-font-size );\">apresentar regularmente as dificuldades do nosso dever de Estado <\/span><span style=\"color: var( --e-global-color-text ); font-family: var( --e-global-typography-text-font-family ), Sans-serif; font-size: var( --e-global-typography-text-font-size );\">pou<\/span><span style=\"color: var( --e-global-color-text ); font-family: var( --e-global-typography-text-font-family ), Sans-serif; font-size: var( --e-global-typography-text-font-size ); font-weight: var( --e-global-typography-text-font-weight );\">r a convers\u00e3o dos pecadores. Dando este passo v\u00e1rias vezes ao dia,<\/span> <span style=\"color: var( --e-global-color-text ); font-family: var( --e-global-typography-text-font-family ), Sans-serif; font-size: var( --e-global-typography-text-font-size );\">a Virgem Sant\u00edssima interv\u00e9m para impedir que as almas v\u00e3o para o Inferno<\/span><span style=\"color: var( --e-global-color-text ); font-family: var( --e-global-typography-text-font-family ), Sans-serif; font-size: var( --e-global-typography-text-font-size );\">.\u00a0<\/span><strong><br \/><\/strong><\/p><p><span style=\"color: var( --e-global-color-text ); font-family: var( --e-global-typography-text-font-family ), Sans-serif; font-size: var( --e-global-typography-text-font-size );\">\u00a0<\/span><\/p>\t\t\t\t\t\t\t\t<\/div>\n\t\t\t\t<\/div>\n\t\t\t\t\t<\/div>\n\t\t<\/div>\n\t\t\t\t\t<\/div>\n\t\t<\/section>\n\t\t\t\t<section class=\"elementor-section elementor-top-section elementor-element elementor-element-15a0b5a elementor-section-boxed elementor-section-height-default elementor-section-height-default\" data-id=\"15a0b5a\" data-element_type=\"section\" data-e-type=\"section\">\n\t\t\t\t\t\t<div class=\"elementor-container elementor-column-gap-default\">\n\t\t\t\t\t<div class=\"elementor-column elementor-col-100 elementor-top-column elementor-element elementor-element-b3954cd\" data-id=\"b3954cd\" data-element_type=\"column\" data-e-type=\"column\">\n\t\t\t<div class=\"elementor-widget-wrap elementor-element-populated\">\n\t\t\t\t\t\t<div class=\"elementor-element elementor-element-e4f5735 elementor-widget elementor-widget-heading\" data-id=\"e4f5735\" data-element_type=\"widget\" data-e-type=\"widget\" data-widget_type=\"heading.default\">\n\t\t\t\t<div class=\"elementor-widget-container\">\n\t\t\t\t\t<h2 class=\"elementor-heading-title elementor-size-default\">2- os sete pedidos do sagrado cora\u00e7\u00e3o em paray-le-monial (1673-1689)<\/h2>\t\t\t\t<\/div>\n\t\t\t\t<\/div>\n\t\t\t\t\t<\/div>\n\t\t<\/div>\n\t\t\t\t\t<\/div>\n\t\t<\/section>\n\t\t\t\t<section class=\"elementor-section elementor-top-section elementor-element elementor-element-6985e34 elementor-section-boxed elementor-section-height-default elementor-section-height-default\" data-id=\"6985e34\" data-element_type=\"section\" data-e-type=\"section\" data-settings=\"{&quot;background_background&quot;:&quot;classic&quot;}\">\n\t\t\t\t\t\t<div class=\"elementor-container elementor-column-gap-default\">\n\t\t\t\t\t<div class=\"elementor-column elementor-col-50 elementor-top-column elementor-element elementor-element-b454d14\" data-id=\"b454d14\" data-element_type=\"column\" data-e-type=\"column\" data-settings=\"{&quot;background_background&quot;:&quot;classic&quot;}\">\n\t\t\t<div class=\"elementor-widget-wrap elementor-element-populated\">\n\t\t\t\t\t\t<div class=\"elementor-element elementor-element-b840408 elementor-widget elementor-widget-text-editor\" data-id=\"b840408\" data-element_type=\"widget\" data-e-type=\"widget\" data-widget_type=\"text-editor.default\">\n\t\t\t\t<div class=\"elementor-widget-container\">\n\t\t\t\t\t\t\t\t\t<p><span style=\"text-decoration: underline;\">Pedidos aos fi\u00e9is<\/span><\/p>\t\t\t\t\t\t\t\t<\/div>\n\t\t\t\t<\/div>\n\t\t\t\t\t<\/div>\n\t\t<\/div>\n\t\t\t\t<div class=\"elementor-column elementor-col-50 elementor-top-column elementor-element elementor-element-4fa5b72\" data-id=\"4fa5b72\" data-element_type=\"column\" data-e-type=\"column\" data-settings=\"{&quot;background_background&quot;:&quot;classic&quot;}\">\n\t\t\t<div class=\"elementor-widget-wrap elementor-element-populated\">\n\t\t\t\t\t\t<div class=\"elementor-element elementor-element-5a876b5 elementor-widget elementor-widget-text-editor\" data-id=\"5a876b5\" data-element_type=\"widget\" data-e-type=\"widget\" data-widget_type=\"text-editor.default\">\n\t\t\t\t<div class=\"elementor-widget-container\">\n\t\t\t\t\t\t\t\t\t<p><span style=\"text-decoration: underline;\">Demandes au Roi (chef d&#8217;Etat)<\/span><\/p>\t\t\t\t\t\t\t\t<\/div>\n\t\t\t\t<\/div>\n\t\t\t\t\t<\/div>\n\t\t<\/div>\n\t\t\t\t\t<\/div>\n\t\t<\/section>\n\t\t\t\t<section class=\"elementor-section elementor-top-section elementor-element elementor-element-ba0afdd elementor-section-boxed elementor-section-height-default elementor-section-height-default\" data-id=\"ba0afdd\" data-element_type=\"section\" data-e-type=\"section\">\n\t\t\t\t\t\t<div class=\"elementor-container elementor-column-gap-default\">\n\t\t\t\t\t<div class=\"elementor-column elementor-col-50 elementor-top-column elementor-element elementor-element-b95d12d\" data-id=\"b95d12d\" data-element_type=\"column\" data-e-type=\"column\" data-settings=\"{&quot;background_background&quot;:&quot;classic&quot;}\">\n\t\t\t<div class=\"elementor-widget-wrap elementor-element-populated\">\n\t\t\t\t\t\t<div class=\"elementor-element elementor-element-bc3954d elementor-widget elementor-widget-text-editor\" data-id=\"bc3954d\" data-element_type=\"widget\" data-e-type=\"widget\" data-widget_type=\"text-editor.default\">\n\t\t\t\t<div class=\"elementor-widget-container\">\n\t\t\t\t\t\t\t\t\t<p>1- Dedicar-se ao Sagrado<span style=\"color: #ad1a1a;\">&#8211;<span style=\"background-color: var( --e-global-color-f890547 );\">Cora\u00e7\u00e3o<\/span><\/span><\/p><p>2- Comunh\u00e3o todas as 1\u00aas sextas-feiras do m\u00eas<\/p><p><span style=\"font-family: var( --e-global-typography-18e5089-font-family ), Sans-serif; font-size: var( --e-global-typography-18e5089-font-size ); font-weight: var( --e-global-typography-18e5089-font-weight ); letter-spacing: var( --e-global-typography-18e5089-letter-spacing ); background-color: var( --e-global-color-f890547 );\">3- Quinta-feira \u00e0 noite Hora Santa<\/span><\/p><p>4- Honorer l&#8217;image du Sacr\u00e9<span style=\"color: #ad1a1a;\">&#8211;<span style=\"background-color: var( --e-global-color-f890547 );\">Cora\u00e7\u00e3o<\/span><\/span><\/p><p>5- Ob\u00e9issance \u00e0 son devoir d&#8217;\u00e9tat<\/p>\t\t\t\t\t\t\t\t<\/div>\n\t\t\t\t<\/div>\n\t\t\t\t\t<\/div>\n\t\t<\/div>\n\t\t\t\t<div class=\"elementor-column elementor-col-50 elementor-top-column elementor-element elementor-element-1110922\" data-id=\"1110922\" data-element_type=\"column\" data-e-type=\"column\" data-settings=\"{&quot;background_background&quot;:&quot;classic&quot;}\">\n\t\t\t<div class=\"elementor-widget-wrap elementor-element-populated\">\n\t\t\t\t\t\t<div class=\"elementor-element elementor-element-9d90f46 elementor-widget elementor-widget-text-editor\" data-id=\"9d90f46\" data-element_type=\"widget\" data-e-type=\"widget\" data-widget_type=\"text-editor.default\">\n\t\t\t\t<div class=\"elementor-widget-container\">\n\t\t\t\t\t\t\t\t\t<p><span style=\"color: #ad1a1a;\">1- O Rei deve dedicar-se ao Sagrado-<span style=\"background-color: var( --e-global-color-f890547 );\">C\u0153ur et L&#8217;honorer dans son palais<\/span><\/span><\/p><p><span style=\"color: #ad1a1a;\">2- Colocar o Sagrado-<span style=\"background-color: var( --e-global-color-f890547 );\">Cora\u00e7\u00e3o<\/span> sobre a bandeira e o bras\u00e3o de armas de Fran\u00e7a<\/span><\/p>\t\t\t\t\t\t\t\t<\/div>\n\t\t\t\t<\/div>\n\t\t\t\t\t<\/div>\n\t\t<\/div>\n\t\t\t\t\t<\/div>\n\t\t<\/section>\n\t\t\t\t<section class=\"elementor-section elementor-top-section elementor-element elementor-element-130277f elementor-section-boxed elementor-section-height-default elementor-section-height-default\" data-id=\"130277f\" data-element_type=\"section\" data-e-type=\"section\" data-settings=\"{&quot;background_background&quot;:&quot;classic&quot;}\">\n\t\t\t\t\t\t<div class=\"elementor-container elementor-column-gap-default\">\n\t\t\t\t\t<div class=\"elementor-column elementor-col-100 elementor-top-column elementor-element elementor-element-889a664\" data-id=\"889a664\" data-element_type=\"column\" data-e-type=\"column\">\n\t\t\t<div class=\"elementor-widget-wrap elementor-element-populated\">\n\t\t\t\t\t\t<div class=\"elementor-element elementor-element-af8e1a6 elementor-widget elementor-widget-text-editor\" data-id=\"af8e1a6\" data-element_type=\"widget\" data-e-type=\"widget\" data-widget_type=\"text-editor.default\">\n\t\t\t\t<div class=\"elementor-widget-container\">\n\t\t\t\t\t\t\t\t\t<p>\u00a0 pormenores destes pedidos feitos aos fi\u00e9is<\/p>\t\t\t\t\t\t\t\t<\/div>\n\t\t\t\t<\/div>\n\t\t\t\t\t<\/div>\n\t\t<\/div>\n\t\t\t\t\t<\/div>\n\t\t<\/section>\n\t\t\t\t<section class=\"elementor-section elementor-top-section elementor-element elementor-element-f3f640c elementor-section-boxed elementor-section-height-default elementor-section-height-default\" data-id=\"f3f640c\" data-element_type=\"section\" data-e-type=\"section\">\n\t\t\t\t\t\t<div class=\"elementor-container elementor-column-gap-default\">\n\t\t\t\t\t<div class=\"elementor-column elementor-col-100 elementor-top-column elementor-element elementor-element-ce4cbd7\" data-id=\"ce4cbd7\" data-element_type=\"column\" data-e-type=\"column\">\n\t\t\t<div class=\"elementor-widget-wrap elementor-element-populated\">\n\t\t\t\t\t\t<div class=\"elementor-element elementor-element-f304579 elementor-widget elementor-widget-text-editor\" data-id=\"f304579\" data-element_type=\"widget\" data-e-type=\"widget\" data-widget_type=\"text-editor.default\">\n\t\t\t\t<div class=\"elementor-widget-container\">\n\t\t\t\t\t\t\t\t\t<p><strong>1- Consagra\u00e7\u00e3o ao Sagrado Cora\u00e7\u00e3o<br \/><\/strong><span style=\"color: var( --e-global-color-text ); font-family: var( --e-global-typography-text-font-family ), Sans-serif; font-size: var( --e-global-typography-text-font-size ); font-weight: var( --e-global-typography-text-font-weight );\">A consagra\u00e7\u00e3o \u00e9 um ato pelo qual se <\/span><b style=\"color: var( --e-global-color-text ); font-family: var( --e-global-typography-text-font-family ), Sans-serif; font-size: var( --e-global-typography-text-font-size );\">entrega a sua pessoa ao Sagrado<\/b><b style=\"color: var( --e-global-color-text ); font-family: var( --e-global-typography-text-font-family ), Sans-serif; font-size: var( --e-global-typography-text-font-size );\">Cora\u00e7\u00e3o<\/b><span style=\"color: var( --e-global-color-text ); font-family: var( --e-global-typography-text-font-family ), Sans-serif; font-size: var( --e-global-typography-text-font-size ); font-weight: var( --e-global-typography-text-font-weight );\">. Esta consagra\u00e7\u00e3o pode realizar-se naturalmente numa consagra\u00e7\u00e3o comum aos Cora\u00e7\u00f5es de Jesus e de Maria.<\/span><strong><br \/><\/strong><\/p>\t\t\t\t\t\t\t\t<\/div>\n\t\t\t\t<\/div>\n\t\t\t\t\t<\/div>\n\t\t<\/div>\n\t\t\t\t\t<\/div>\n\t\t<\/section>\n\t\t\t\t<section class=\"elementor-section elementor-top-section elementor-element elementor-element-48221c4 elementor-section-boxed elementor-section-height-default elementor-section-height-default\" data-id=\"48221c4\" data-element_type=\"section\" data-e-type=\"section\">\n\t\t\t\t\t\t<div class=\"elementor-container elementor-column-gap-default\">\n\t\t\t\t\t<div class=\"elementor-column elementor-col-50 elementor-top-column elementor-element elementor-element-1f9ef75\" data-id=\"1f9ef75\" data-element_type=\"column\" data-e-type=\"column\">\n\t\t\t<div class=\"elementor-widget-wrap elementor-element-populated\">\n\t\t\t\t\t\t<div class=\"elementor-element elementor-element-104f3b6 elementor-widget elementor-widget-text-editor\" data-id=\"104f3b6\" data-element_type=\"widget\" data-e-type=\"widget\" data-widget_type=\"text-editor.default\">\n\t\t\t\t<div class=\"elementor-widget-container\">\n\t\t\t\t\t\t\t\t\t<p><strong style=\"color: var( --e-global-color-text ); font-family: var( --e-global-typography-text-font-family ), Sans-serif; font-size: var( --e-global-typography-text-font-size );\">2- Primeiras sextas-feiras do m\u00eas<\/strong><\/p><p>A comunh\u00e3o da 1\u00aa sexta-feira do m\u00eas\" \u00e9 pedida por Cristo para reparar a ingratid\u00e3o dos homens para com ele e como prova do nosso amor por ele.<\/p><p>Pediu que esta pr\u00e1tica fosse levada a cabo\u00a0<b>nove primeiras sextas-feiras consecutivas.\u00a0<br \/><\/b><\/p><p><b>\u00a0<\/b><\/p><p><strong style=\"color: var( --e-global-color-text ); font-family: var( --e-global-typography-text-font-family ), Sans-serif; font-size: var( --e-global-typography-text-font-size );\">3- Quinta-feira \u00e0 noite, hora santa<\/strong><\/p><p>Cristo pediu-nos que rez\u00e1ssemos durante uma hora nas noites de quinta-feira em mem\u00f3ria da sua agonia. Santa Margarida Maria escreveu exatamente o que Cristo lhe pediu:<\/p><p>\u00a0<\/p><p><span style=\"color: #062b99;\"><i>\"Acompanh\u00e1-lo na sua ora\u00e7\u00e3o ao Pai, todas as quintas-feiras, das 23 horas \u00e0 meia-noite, em mem\u00f3ria da sua dor mortal no Jardim das Oliveiras. Devemos ent\u00e3o unir-nos \u00e0 afli\u00e7\u00e3o que Ele sentiu quando os seus Ap\u00f3stolos O abandonaram e implorar, tamb\u00e9m n\u00f3s, a miseric\u00f3rdia do Pai para com os pecadores.\"<\/i><\/span><\/p><p><span style=\"color: var( --e-global-color-text ); font-family: var( --e-global-typography-text-font-family ), Sans-serif; font-size: var( --e-global-typography-text-font-size );\">\u00a0<\/span><\/p><p><span style=\"color: var( --e-global-color-text ); font-family: var( --e-global-typography-text-font-family ), Sans-serif; font-size: var( --e-global-typography-text-font-size );\"><b>4- Honrar a imagem do Sagrado Cora\u00e7\u00e3o de Jesus<\/b><\/span><\/p><p>Cristo explicou que sofria com a indiferen\u00e7a e a ingratid\u00e3o dos homens. Por isso, pediu para ser amado atrav\u00e9s da imagem do seu cora\u00e7\u00e3o de carne, express\u00e3o do seu imenso amor pelos homens. \u00c9 por isso que devemos ter uma representa\u00e7\u00e3o do Sagrado Cora\u00e7\u00e3o (imagem, est\u00e1tua, quadro) nas nossas casas.<\/p>\t\t\t\t\t\t\t\t<\/div>\n\t\t\t\t<\/div>\n\t\t\t\t\t<\/div>\n\t\t<\/div>\n\t\t\t\t<div class=\"elementor-column elementor-col-50 elementor-top-column elementor-element elementor-element-5dcd121\" data-id=\"5dcd121\" data-element_type=\"column\" data-e-type=\"column\">\n\t\t\t<div class=\"elementor-widget-wrap elementor-element-populated\">\n\t\t\t\t\t\t<div class=\"elementor-element elementor-element-836f3e5 elementor-widget elementor-widget-image\" data-id=\"836f3e5\" data-element_type=\"widget\" data-e-type=\"widget\" data-widget_type=\"image.default\">\n\t\t\t\t<div class=\"elementor-widget-container\">\n\t\t\t\t\t\t\t\t\t\t\t\t\t\t\t<img decoding=\"async\" width=\"466\" height=\"600\" src=\"https:\/\/salve-corda.org\/wp-content\/uploads\/2021\/09\/agonie-de-jesus.jpg\" class=\"attachment-large size-large wp-image-2223\" alt=\"\" srcset=\"https:\/\/salve-corda.org\/wp-content\/uploads\/2021\/09\/agonie-de-jesus.jpg 466w, https:\/\/salve-corda.org\/wp-content\/uploads\/2021\/09\/agonie-de-jesus-233x300.jpg 233w\" sizes=\"(max-width: 466px) 100vw, 466px\" \/>\t\t\t\t\t\t\t\t\t\t\t\t\t\t\t<\/div>\n\t\t\t\t<\/div>\n\t\t\t\t\t<\/div>\n\t\t<\/div>\n\t\t\t\t\t<\/div>\n\t\t<\/section>\n\t\t\t\t<section class=\"elementor-section elementor-top-section elementor-element elementor-element-42881ca elementor-section-boxed elementor-section-height-default elementor-section-height-default\" data-id=\"42881ca\" data-element_type=\"section\" data-e-type=\"section\">\n\t\t\t\t\t\t<div class=\"elementor-container elementor-column-gap-default\">\n\t\t\t\t\t<div class=\"elementor-column elementor-col-100 elementor-top-column elementor-element elementor-element-10538d0\" data-id=\"10538d0\" data-element_type=\"column\" data-e-type=\"column\">\n\t\t\t<div class=\"elementor-widget-wrap elementor-element-populated\">\n\t\t\t\t\t\t<div class=\"elementor-element elementor-element-bac497d elementor-widget elementor-widget-text-editor\" data-id=\"bac497d\" data-element_type=\"widget\" data-e-type=\"widget\" data-widget_type=\"text-editor.default\">\n\t\t\t\t<div class=\"elementor-widget-container\">\n\t\t\t\t\t\t\t\t\t<p><strong>5- L\u2019ob\u00e9issance \u00e0 son devoir d&#8217;\u00e9tat<br \/><\/strong>Le Christ nous demande d&#8217;ob\u00e9ir comme Lui \u00e0 la volont\u00e9 de Dieu le P\u00e8re, c\u2019est-\u00e0-dire accepter ce que Dieu nous envoie.\u00a0<span style=\"color: var( --e-global-color-text ); font-family: var( --e-global-typography-text-font-family ), Sans-serif; font-size: var( --e-global-typography-text-font-size ); font-weight: var( --e-global-typography-text-font-weight );\">Este pedido \u00e9 semelhante \u00e0 oferta do dever de estado pedido pela Sant\u00edssima Virgem.<\/span><span style=\"color: var( --e-global-color-text ); font-family: var( --e-global-typography-text-font-family ), Sans-serif; font-size: var( --e-global-typography-text-font-size ); font-weight: var( --e-global-typography-text-font-weight );\">\u00a0<br \/><\/span><\/p>\t\t\t\t\t\t\t\t<\/div>\n\t\t\t\t<\/div>\n\t\t\t\t\t<\/div>\n\t\t<\/div>\n\t\t\t\t\t<\/div>\n\t\t<\/section>\n\t\t\t\t<section class=\"elementor-section elementor-top-section elementor-element elementor-element-7e6621e elementor-section-boxed elementor-section-height-default elementor-section-height-default\" data-id=\"7e6621e\" data-element_type=\"section\" data-e-type=\"section\">\n\t\t\t\t\t\t<div class=\"elementor-container elementor-column-gap-default\">\n\t\t\t\t\t<div class=\"elementor-column elementor-col-100 elementor-top-column elementor-element elementor-element-2c97262\" data-id=\"2c97262\" data-element_type=\"column\" data-e-type=\"column\">\n\t\t\t<div class=\"elementor-widget-wrap elementor-element-populated\">\n\t\t\t\t\t\t<section class=\"elementor-section elementor-inner-section elementor-element elementor-element-ae27e1f elementor-section-boxed elementor-section-height-default elementor-section-height-default\" data-id=\"ae27e1f\" data-element_type=\"section\" data-e-type=\"section\">\n\t\t\t\t\t\t<div class=\"elementor-container elementor-column-gap-default\">\n\t\t\t\t\t<div class=\"elementor-column elementor-col-50 elementor-inner-column elementor-element elementor-element-64f867c\" data-id=\"64f867c\" data-element_type=\"column\" data-e-type=\"column\">\n\t\t\t<div class=\"elementor-widget-wrap elementor-element-populated\">\n\t\t\t\t\t\t<div class=\"elementor-element elementor-element-916c96e elementor-widget elementor-widget-image\" data-id=\"916c96e\" data-element_type=\"widget\" data-e-type=\"widget\" data-widget_type=\"image.default\">\n\t\t\t\t<div class=\"elementor-widget-container\">\n\t\t\t\t\t\t\t\t\t\t\t\t\t\t\t<img decoding=\"async\" width=\"640\" height=\"493\" src=\"https:\/\/salve-corda.org\/wp-content\/uploads\/2021\/09\/Jesus-on-the-cross-9.jpg\" class=\"attachment-large size-large wp-image-2228\" alt=\"\" srcset=\"https:\/\/salve-corda.org\/wp-content\/uploads\/2021\/09\/Jesus-on-the-cross-9.jpg 773w, https:\/\/salve-corda.org\/wp-content\/uploads\/2021\/09\/Jesus-on-the-cross-9-300x231.jpg 300w, https:\/\/salve-corda.org\/wp-content\/uploads\/2021\/09\/Jesus-on-the-cross-9-768x591.jpg 768w\" sizes=\"(max-width: 640px) 100vw, 640px\" \/>\t\t\t\t\t\t\t\t\t\t\t\t\t\t\t<\/div>\n\t\t\t\t<\/div>\n\t\t\t\t\t<\/div>\n\t\t<\/div>\n\t\t\t\t<div class=\"elementor-column elementor-col-50 elementor-inner-column elementor-element elementor-element-7a9e916\" data-id=\"7a9e916\" data-element_type=\"column\" data-e-type=\"column\">\n\t\t\t<div class=\"elementor-widget-wrap elementor-element-populated\">\n\t\t\t\t\t\t<div class=\"elementor-element elementor-element-b28b5e0 elementor-widget elementor-widget-text-editor\" data-id=\"b28b5e0\" data-element_type=\"widget\" data-e-type=\"widget\" data-widget_type=\"text-editor.default\">\n\t\t\t\t<div class=\"elementor-widget-container\">\n\t\t\t\t\t\t\t\t\t<p><i>Nota: <br>Reparem que o C\u00e9u parece estar a pedir-nos para fazermos uma <b>T<\/b><\/i><b><i>riduum Pascal <\/i><\/b><i>no in\u00edcio de cada m\u00eas (Heure Sainte quinta-feira, 1<\/i><i>er<\/i><i> Sexta-feira e 1<\/i><i>er<\/i><i> S\u00e1bado) em honra dos Cora\u00e7\u00f5es de Jesus e de Maria. Trata-se de uma novidade que pode ser explicada da seguinte forma:  Deus pediu-nos que todos os domingos lhe agradec\u00eassemos por ter <\/i><b><i>criado<\/i><\/b><i>.  Pede agora a 1\u00aa quinta-feira\/sexta-feira\/s\u00e1bado de cada m\u00eas para agradecer aos Cora\u00e7\u00f5es de Jesus e de Maria por nos terem dado o seu amor. <\/i><b><i>adquirido<\/i><\/b><i>. O nosso acesso ao C\u00e9u s\u00f3 \u00e9 poss\u00edvel gra\u00e7as a estes dois dons: a nossa cria\u00e7\u00e3o e a nossa reden\u00e7\u00e3o. Este deve ser o ritmo da nossa vida crist\u00e3.<\/i><\/p>\t\t\t\t\t\t\t\t<\/div>\n\t\t\t\t<\/div>\n\t\t\t\t\t<\/div>\n\t\t<\/div>\n\t\t\t\t\t<\/div>\n\t\t<\/section>\n\t\t\t\t\t<\/div>\n\t\t<\/div>\n\t\t\t\t\t<\/div>\n\t\t<\/section>\n\t\t\t\t<\/div>","protected":false},"excerpt":{"rendered":"<p>OUTROS PEDIDOS DOS CURSOS DE JESUS E MARIA Se os primeiros s\u00e1bados do m\u00eas s\u00e3o uma prioridade, e se a sua realiza\u00e7\u00e3o j\u00e1 \u00e9 muito boa, alguns membros da Alian\u00e7a est\u00e3o tamb\u00e9m empenhados em [...].<\/p>","protected":false},"author":1,"featured_media":0,"parent":0,"menu_order":0,"comment_status":"closed","ping_status":"closed","template":"elementor_header_footer","meta":{"footnotes":""},"class_list":["post-1011","page","type-page","status-publish","hentry"],"_links":{"self":[{"href":"https:\/\/salve-corda.org\/pt\/wp-json\/wp\/v2\/pages\/1011","targetHints":{"allow":["GET"]}}],"collection":[{"href":"https:\/\/salve-corda.org\/pt\/wp-json\/wp\/v2\/pages"}],"about":[{"href":"https:\/\/salve-corda.org\/pt\/wp-json\/wp\/v2\/types\/page"}],"author":[{"embeddable":true,"href":"https:\/\/salve-corda.org\/pt\/wp-json\/wp\/v2\/users\/1"}],"replies":[{"embeddable":true,"href":"https:\/\/salve-corda.org\/pt\/wp-json\/wp\/v2\/comments?post=1011"}],"version-history":[{"count":492,"href":"https:\/\/salve-corda.org\/pt\/wp-json\/wp\/v2\/pages\/1011\/revisions"}],"predecessor-version":[{"id":6613,"href":"https:\/\/salve-corda.org\/pt\/wp-json\/wp\/v2\/pages\/1011\/revisions\/6613"}],"wp:attachment":[{"href":"https:\/\/salve-corda.org\/pt\/wp-json\/wp\/v2\/media?parent=1011"}],"curies":[{"name":"wp","href":"https:\/\/api.w.org\/{rel}","templated":true}]}}