{"id":16206,"date":"2024-11-28T22:46:03","date_gmt":"2024-11-28T21:46:03","guid":{"rendered":"https:\/\/salve-corda.org\/?page_id=16206"},"modified":"2025-02-04T22:07:20","modified_gmt":"2025-02-04T21:07:20","slug":"jubile-2025-des-1ers-samedis-du-mois","status":"publish","type":"page","link":"https:\/\/salve-corda.org\/pt\/jubile-2025-des-1ers-samedis-du-mois\/","title":{"rendered":"Jubileu 2025 no 1\u00ba s\u00e1bado do m\u00eas"},"content":{"rendered":"<div data-elementor-type=\"wp-page\" data-elementor-id=\"16206\" class=\"elementor elementor-16206\">\n\t\t\t\t\t\t<section class=\"elementor-section elementor-top-section elementor-element elementor-element-44a3ee9 elementor-section-boxed elementor-section-height-default elementor-section-height-default\" data-id=\"44a3ee9\" data-element_type=\"section\" data-e-type=\"section\">\n\t\t\t\t\t\t<div class=\"elementor-container elementor-column-gap-default\">\n\t\t\t\t\t<div class=\"elementor-column elementor-col-100 elementor-top-column elementor-element elementor-element-fdbd764\" data-id=\"fdbd764\" data-element_type=\"column\" data-e-type=\"column\">\n\t\t\t<div class=\"elementor-widget-wrap elementor-element-populated\">\n\t\t\t\t\t\t<div class=\"elementor-element elementor-element-746e0f2 elementor-widget elementor-widget-spacer\" data-id=\"746e0f2\" data-element_type=\"widget\" data-e-type=\"widget\" data-widget_type=\"spacer.default\">\n\t\t\t\t<div class=\"elementor-widget-container\">\n\t\t\t\t\t\t\t<div class=\"elementor-spacer\">\n\t\t\t<div class=\"elementor-spacer-inner\"><\/div>\n\t\t<\/div>\n\t\t\t\t\t\t<\/div>\n\t\t\t\t<\/div>\n\t\t\t\t<div class=\"elementor-element elementor-element-ce04b36 elementor-widget__width-initial elementor-widget elementor-widget-heading\" data-id=\"ce04b36\" data-element_type=\"widget\" data-e-type=\"widget\" data-widget_type=\"heading.default\">\n\t\t\t\t<div class=\"elementor-widget-container\">\n\t\t\t\t\t<h2 class=\"elementor-heading-title elementor-size-default\">Jubileu 2025 para o centen\u00e1rio do primeiro s\u00e1bado do m\u00eas<\/h2>\t\t\t\t<\/div>\n\t\t\t\t<\/div>\n\t\t\t\t\t<\/div>\n\t\t<\/div>\n\t\t\t\t\t<\/div>\n\t\t<\/section>\n\t\t\t\t<section class=\"elementor-section elementor-top-section elementor-element elementor-element-eac7595 elementor-section-boxed elementor-section-height-default elementor-section-height-default\" data-id=\"eac7595\" data-element_type=\"section\" data-e-type=\"section\" data-settings=\"{&quot;background_background&quot;:&quot;classic&quot;}\">\n\t\t\t\t\t\t<div class=\"elementor-container elementor-column-gap-default\">\n\t\t\t\t\t<div class=\"elementor-column elementor-col-100 elementor-top-column elementor-element elementor-element-ea07fde\" data-id=\"ea07fde\" data-element_type=\"column\" data-e-type=\"column\">\n\t\t\t<div class=\"elementor-widget-wrap elementor-element-populated\">\n\t\t\t\t\t\t<div class=\"elementor-element elementor-element-4e85bcd elementor-widget elementor-widget-heading\" data-id=\"4e85bcd\" data-element_type=\"widget\" data-e-type=\"widget\" data-widget_type=\"heading.default\">\n\t\t\t\t<div class=\"elementor-widget-container\">\n\t\t\t\t\t<h3 class=\"elementor-heading-title elementor-size-default\">Porqu\u00ea um Jubileu em 2025<\/h3>\t\t\t\t<\/div>\n\t\t\t\t<\/div>\n\t\t\t\t<div class=\"elementor-element elementor-element-5dd353e elementor-widget elementor-widget-text-editor\" data-id=\"5dd353e\" data-element_type=\"widget\" data-e-type=\"widget\" data-widget_type=\"text-editor.default\">\n\t\t\t\t<div class=\"elementor-widget-container\">\n\t\t\t\t\t\t\t\t\t<div class=\"page\" title=\"P\u00e1gina 1\"><div class=\"layoutArea\"><div class=\"column\"><p>Para al\u00e9m do Ano Santo, 2025 \u00e9 um ano de anivers\u00e1rio muito importante para o mundo. Faz 100 anos que Nossa Senhora de F\u00e1tima pediu a paz no 1\u00ba s\u00e1bado do m\u00eas. O Jubileu dos 1.\u00bas S\u00e1bados de F\u00e1tima de 2025 ser\u00e1, por isso, lan\u00e7ado pela Salve Corda.<\/p><div class=\"page\" title=\"P\u00e1gina 1\"><div class=\"layoutArea\"><div class=\"column\"><p>Em 1917, em F\u00e1tima, Nossa Senhora insistiu no Ros\u00e1rio e anunciou uma devo\u00e7\u00e3o futura:<\/p><div class=\"page\" title=\"P\u00e1gina 1\"><div class=\"layoutArea\"><div class=\"column\"><p><span style=\"color: #0000ff;\"><em>\"Para evitar a guerra, virei pedir a consagra\u00e7\u00e3o da R\u00fassia ao meu Imaculado Cora\u00e7\u00e3o e a comunh\u00e3o reparadora nos primeiros s\u00e1bados.<\/em><\/span> Nossa Senhora de F\u00e1tima 13 de julho de 1917<\/p><p>\u00a0<\/p><\/div><\/div><\/div><\/div><\/div><\/div><\/div><\/div><\/div>\t\t\t\t\t\t\t\t<\/div>\n\t\t\t\t<\/div>\n\t\t\t\t\t<\/div>\n\t\t<\/div>\n\t\t\t\t\t<\/div>\n\t\t<\/section>\n\t\t\t\t<section class=\"elementor-section elementor-top-section elementor-element elementor-element-732bcc14 elementor-section-boxed elementor-section-height-default elementor-section-height-default\" data-id=\"732bcc14\" data-element_type=\"section\" data-e-type=\"section\" data-settings=\"{&quot;background_background&quot;:&quot;classic&quot;}\">\n\t\t\t\t\t\t<div class=\"elementor-container elementor-column-gap-default\">\n\t\t\t\t\t<div class=\"elementor-column elementor-col-33 elementor-top-column elementor-element elementor-element-37373765\" data-id=\"37373765\" data-element_type=\"column\" data-e-type=\"column\">\n\t\t\t<div class=\"elementor-widget-wrap elementor-element-populated\">\n\t\t\t\t\t\t<div class=\"elementor-element elementor-element-4e7aa6c elementor-widget elementor-widget-image\" data-id=\"4e7aa6c\" data-element_type=\"widget\" data-e-type=\"widget\" data-widget_type=\"image.default\">\n\t\t\t\t<div class=\"elementor-widget-container\">\n\t\t\t\t\t\t\t\t\t\t\t\t\t\t\t<img fetchpriority=\"high\" decoding=\"async\" width=\"560\" height=\"539\" src=\"https:\/\/salve-corda.org\/wp-content\/uploads\/2024\/03\/IMAGE-2022-09-10-181852-copie.jpg\" class=\"attachment-large size-large wp-image-6615\" alt=\"\" srcset=\"https:\/\/salve-corda.org\/wp-content\/uploads\/2024\/03\/IMAGE-2022-09-10-181852-copie.jpg 560w, https:\/\/salve-corda.org\/wp-content\/uploads\/2024\/03\/IMAGE-2022-09-10-181852-copie-300x289.jpg 300w\" sizes=\"(max-width: 560px) 100vw, 560px\" \/>\t\t\t\t\t\t\t\t\t\t\t\t\t\t\t<\/div>\n\t\t\t\t<\/div>\n\t\t\t\t\t<\/div>\n\t\t<\/div>\n\t\t\t\t<div class=\"elementor-column elementor-col-66 elementor-top-column elementor-element elementor-element-37955617\" data-id=\"37955617\" data-element_type=\"column\" data-e-type=\"column\">\n\t\t\t<div class=\"elementor-widget-wrap elementor-element-populated\">\n\t\t\t\t\t\t<div class=\"elementor-element elementor-element-2d503c38 elementor-widget elementor-widget-text-editor\" data-id=\"2d503c38\" data-element_type=\"widget\" data-e-type=\"widget\" data-widget_type=\"text-editor.default\">\n\t\t\t\t<div class=\"elementor-widget-container\">\n\t\t\t\t\t\t\t\t\t<div title=\"P\u00e1gina 1\"><div><div><p><span style=\"color: var( --e-global-color-text );\">\u00a0<\/span><\/p><p><span style=\"color: var( --e-global-color-text );\">Oito anos depois <\/span><strong style=\"color: var( --e-global-color-text );\">10 de dezembro de 1925,<\/strong><span style=\"color: var( --e-global-color-text );\"> Nossa Senhora apareceu \u00e0 Irm\u00e3 L\u00facia (uma vidente de F\u00e1tima) para lan\u00e7ar os primeiros s\u00e1bados em todo o mundo. Para al\u00e9m da devo\u00e7\u00e3o de todos os fi\u00e9is, ela pediu ao Papa, por ocasi\u00e3o da consagra\u00e7\u00e3o da R\u00fassia, que fizesse um ato oficial recomendando a pr\u00e1tica destes primeiros s\u00e1bados do m\u00eas em toda a Igreja.<\/span><\/p><p><span style=\"color: var( --e-global-color-text );\">\u00a0<\/span><\/p><p>\u00a0<\/p><p>Embora a consagra\u00e7\u00e3o da R\u00fassia j\u00e1 tenha sido mencionada muitas vezes por numerosos papas, o primeiro s\u00e1bado de.., <strong>segunda condi\u00e7\u00e3o para a paz<\/strong>At\u00e9 agora, isto foi esquecido por uma grande parte da Igreja. O que est\u00e1 em jogo \u00e9, portanto, o facto de as mudan\u00e7as dram\u00e1ticas na situa\u00e7\u00e3o do mundo serem uma consequ\u00eancia da nossa neglig\u00eancia em rela\u00e7\u00e3o a este pedido do C\u00e9u.<\/p><\/div><\/div><\/div>\t\t\t\t\t\t\t\t<\/div>\n\t\t\t\t<\/div>\n\t\t\t\t\t<\/div>\n\t\t<\/div>\n\t\t\t\t\t<\/div>\n\t\t<\/section>\n\t\t\t\t<section class=\"elementor-section elementor-top-section elementor-element elementor-element-9bdbc97 elementor-section-boxed elementor-section-height-default elementor-section-height-default\" data-id=\"9bdbc97\" data-element_type=\"section\" data-e-type=\"section\" data-settings=\"{&quot;background_background&quot;:&quot;classic&quot;}\">\n\t\t\t\t\t\t<div class=\"elementor-container elementor-column-gap-default\">\n\t\t\t\t\t<div class=\"elementor-column elementor-col-100 elementor-top-column elementor-element elementor-element-03f9771\" data-id=\"03f9771\" data-element_type=\"column\" data-e-type=\"column\">\n\t\t\t<div class=\"elementor-widget-wrap elementor-element-populated\">\n\t\t\t\t\t\t<div class=\"elementor-element elementor-element-f73152d elementor-widget elementor-widget-heading\" data-id=\"f73152d\" data-element_type=\"widget\" data-e-type=\"widget\" data-widget_type=\"heading.default\">\n\t\t\t\t<div class=\"elementor-widget-container\">\n\t\t\t\t\t<h3 class=\"elementor-heading-title elementor-size-default\">O desafio incorrig\u00edvel dos 100 anos no primeiro s\u00e1bado do m\u00eas<\/h3>\t\t\t\t<\/div>\n\t\t\t\t<\/div>\n\t\t\t\t<div class=\"elementor-element elementor-element-08d7abf elementor-widget elementor-widget-text-editor\" data-id=\"08d7abf\" data-element_type=\"widget\" data-e-type=\"widget\" data-widget_type=\"text-editor.default\">\n\t\t\t\t<div class=\"elementor-widget-container\">\n\t\t\t\t\t\t\t\t\t<p>Mas j\u00e1 houve um precedente. Cem anos ap\u00f3s a recusa dos pedidos do Sagrado Cora\u00e7\u00e3o, em 1689, em Paray-Le-Monial, rebentou a Revolu\u00e7\u00e3o Francesa de 1789. Perante a nossa nova neglig\u00eancia para com os pedidos de F\u00e1tima, a Sant\u00edssima Virgem alertou a Irm\u00e3 L\u00facia, tra\u00e7ando um paralelo com as consequ\u00eancias da recusa de Paray-Le-Monial.&nbsp;<\/p>\n<p><\/p>\n<p>Por isso, em 2010, o Papa Bento XVI recordou o car\u00e1cter prof\u00e9tico de F\u00e1tima nos dias de hoje. O centen\u00e1rio dos primeiros s\u00e1bados de 2025 deve ser levado muito a s\u00e9rio e \u00e9 uma grande oportunidade para difundir finalmente no mundo esta devo\u00e7\u00e3o essencial pedida por Nossa Senhora para trazer a paz.<\/p>\t\t\t\t\t\t\t\t<\/div>\n\t\t\t\t<\/div>\n\t\t\t\t\t<\/div>\n\t\t<\/div>\n\t\t\t\t\t<\/div>\n\t\t<\/section>\n\t\t\t\t<section class=\"elementor-section elementor-top-section elementor-element elementor-element-a9ec97f elementor-section-boxed elementor-section-height-default elementor-section-height-default\" data-id=\"a9ec97f\" data-element_type=\"section\" data-e-type=\"section\" data-settings=\"{&quot;background_background&quot;:&quot;classic&quot;}\">\n\t\t\t\t\t\t<div class=\"elementor-container elementor-column-gap-default\">\n\t\t\t\t\t<div class=\"elementor-column elementor-col-100 elementor-top-column elementor-element elementor-element-d935cac\" data-id=\"d935cac\" data-element_type=\"column\" data-e-type=\"column\">\n\t\t\t<div class=\"elementor-widget-wrap elementor-element-populated\">\n\t\t\t\t\t\t<div class=\"elementor-element elementor-element-6d91f03 elementor-widget elementor-widget-heading\" data-id=\"6d91f03\" data-element_type=\"widget\" data-e-type=\"widget\" data-widget_type=\"heading.default\">\n\t\t\t\t<div class=\"elementor-widget-container\">\n\t\t\t\t\t<h3 class=\"elementor-heading-title elementor-size-default\">Os eventos do jubileu de 2025<\/h3>\t\t\t\t<\/div>\n\t\t\t\t<\/div>\n\t\t\t\t<div class=\"elementor-element elementor-element-c6edaee elementor-widget elementor-widget-text-editor\" data-id=\"c6edaee\" data-element_type=\"widget\" data-e-type=\"widget\" data-widget_type=\"text-editor.default\">\n\t\t\t\t<div class=\"elementor-widget-container\">\n\t\t\t\t\t\t\t\t\t<div class=\"page\" title=\"P\u00e1gina 1\"><div class=\"layoutArea\"><div class=\"column\"><p>Para mobilizar os fi\u00e9is de todo o mundo, ser\u00e3o lan\u00e7ados eventos internacionais. Em cada primeiro s\u00e1bado do m\u00eas de 2025, ser\u00e1 organizada uma peregrina\u00e7\u00e3o local a um dos principais santu\u00e1rios do mundo para realizar os quatro actos pedidos por Nossa Senhora em repara\u00e7\u00e3o das ofensas cometidas contra o seu Imaculado Cora\u00e7\u00e3o: confiss\u00e3o, comunh\u00e3o, ter\u00e7o e medita\u00e7\u00e3o de 15 minutos sobre o Ros\u00e1rio. Em 2025, os fi\u00e9is de todo o mundo ser\u00e3o convidados a juntar-se aos santu\u00e1rios, praticando os primeiros s\u00e1bados onde vivem. Nesse dia, o mesmo mist\u00e9rio do Ros\u00e1rio ser\u00e1 meditado por todos, para estarem em comunh\u00e3o com a Igreja. Finalmente, os santu\u00e1rios poder\u00e3o anunciar oficialmente a institui\u00e7\u00e3o permanente dos primeiros s\u00e1bados do m\u00eas nas suas bas\u00edlicas.<\/p><\/div><\/div><\/div>\t\t\t\t\t\t\t\t<\/div>\n\t\t\t\t<\/div>\n\t\t\t\t\t<\/div>\n\t\t<\/div>\n\t\t\t\t\t<\/div>\n\t\t<\/section>\n\t\t\t\t<section class=\"elementor-section elementor-top-section elementor-element elementor-element-b031198 elementor-section-boxed elementor-section-height-default elementor-section-height-default\" data-id=\"b031198\" data-element_type=\"section\" data-e-type=\"section\" data-settings=\"{&quot;background_background&quot;:&quot;classic&quot;}\">\n\t\t\t\t\t\t<div class=\"elementor-container elementor-column-gap-default\">\n\t\t\t\t\t<div class=\"elementor-column elementor-col-66 elementor-top-column elementor-element elementor-element-24ab1c7\" data-id=\"24ab1c7\" data-element_type=\"column\" data-e-type=\"column\">\n\t\t\t<div class=\"elementor-widget-wrap elementor-element-populated\">\n\t\t\t\t\t\t<div class=\"elementor-element elementor-element-f014843 elementor-widget elementor-widget-text-editor\" data-id=\"f014843\" data-element_type=\"widget\" data-e-type=\"widget\" data-widget_type=\"text-editor.default\">\n\t\t\t\t<div class=\"elementor-widget-container\">\n\t\t\t\t\t\t\t\t\t<div class=\"page\" title=\"P\u00e1gina 1\">\n<div class=\"layoutArea\">\n<div class=\"column\">\n<p>De acordo com o ano lit\u00fargico, em 2025 ser\u00e3o meditados doze mist\u00e9rios do Ros\u00e1rio, associados a doze santu\u00e1rios diferentes. Por exemplo, no m\u00eas em que a medita\u00e7\u00e3o ser\u00e1 sobre a Anuncia\u00e7\u00e3o, o primeiro s\u00e1bado ter\u00e1 lugar no santu\u00e1rio de Guadalupe, onde Nossa Senhora apareceu gr\u00e1vida.<\/p>\n<p><\/p>\n<\/div>\n<div class=\"page\" title=\"P\u00e1gina 1\">\n<div class=\"layoutArea\">\n<div class=\"column\">\n<p>Para dar vida ao acontecimento, cada 1.\u00ba s\u00e1bado ser\u00e1 objeto de reportagens sobre o pr\u00f3prio santu\u00e1rio, sobre o desenrolar do 1.\u00ba s\u00e1bado do m\u00eas e ser\u00e1 distribu\u00eddo a numerosas organiza\u00e7\u00f5es cat\u00f3licas e meios de comunica\u00e7\u00e3o social de todo o mundo. O Jubileu 2025 dos 1.\u00bas s\u00e1bados de F\u00e1tima \u00e9 coordenado pela \"Alliance 1ers samedis du mois\", em colabora\u00e7\u00e3o com v\u00e1rias organiza\u00e7\u00f5es cat\u00f3licas.<\/p>\n<\/div>\n<\/div>\n<\/div>\n<\/div>\n<\/div>\t\t\t\t\t\t\t\t<\/div>\n\t\t\t\t<\/div>\n\t\t\t\t\t<\/div>\n\t\t<\/div>\n\t\t\t\t<div class=\"elementor-column elementor-col-33 elementor-top-column elementor-element elementor-element-06957b0\" data-id=\"06957b0\" data-element_type=\"column\" data-e-type=\"column\">\n\t\t\t<div class=\"elementor-widget-wrap elementor-element-populated\">\n\t\t\t\t\t\t<div class=\"elementor-element elementor-element-341a109 elementor-widget elementor-widget-image\" data-id=\"341a109\" data-element_type=\"widget\" data-e-type=\"widget\" data-widget_type=\"image.default\">\n\t\t\t\t<div class=\"elementor-widget-container\">\n\t\t\t\t\t\t\t\t\t\t\t\t\t\t\t<img decoding=\"async\" width=\"474\" height=\"367\" src=\"https:\/\/salve-corda.org\/wp-content\/uploads\/2024\/11\/th-4102836723.jpg\" class=\"attachment-large size-large wp-image-16221\" alt=\"\" srcset=\"https:\/\/salve-corda.org\/wp-content\/uploads\/2024\/11\/th-4102836723.jpg 474w, https:\/\/salve-corda.org\/wp-content\/uploads\/2024\/11\/th-4102836723-300x232.jpg 300w, https:\/\/salve-corda.org\/wp-content\/uploads\/2024\/11\/th-4102836723-15x12.jpg 15w\" sizes=\"(max-width: 474px) 100vw, 474px\" \/>\t\t\t\t\t\t\t\t\t\t\t\t\t\t\t<\/div>\n\t\t\t\t<\/div>\n\t\t\t\t\t<\/div>\n\t\t<\/div>\n\t\t\t\t\t<\/div>\n\t\t<\/section>\n\t\t\t\t<section class=\"elementor-section elementor-top-section elementor-element elementor-element-7783ece elementor-section-boxed elementor-section-height-default elementor-section-height-default\" data-id=\"7783ece\" data-element_type=\"section\" data-e-type=\"section\" data-settings=\"{&quot;background_background&quot;:&quot;classic&quot;}\">\n\t\t\t\t\t\t<div class=\"elementor-container elementor-column-gap-default\">\n\t\t\t\t\t<div class=\"elementor-column elementor-col-100 elementor-top-column elementor-element elementor-element-31cfac2\" data-id=\"31cfac2\" data-element_type=\"column\" data-e-type=\"column\">\n\t\t\t<div class=\"elementor-widget-wrap elementor-element-populated\">\n\t\t\t\t\t\t<div class=\"elementor-element elementor-element-36fac8e elementor-widget elementor-widget-heading\" data-id=\"36fac8e\" data-element_type=\"widget\" data-e-type=\"widget\" data-widget_type=\"heading.default\">\n\t\t\t\t<div class=\"elementor-widget-container\">\n\t\t\t\t\t<h3 class=\"elementor-heading-title elementor-size-default\">S\u00edtio Web dos primeiros s\u00e1bados do Jubileu de F\u00e1tima 2025<\/h3>\t\t\t\t<\/div>\n\t\t\t\t<\/div>\n\t\t\t\t\t<\/div>\n\t\t<\/div>\n\t\t\t\t\t<\/div>\n\t\t<\/section>\n\t\t\t\t<section class=\"elementor-section elementor-top-section elementor-element elementor-element-7d4ccd8 elementor-section-boxed elementor-section-height-default elementor-section-height-default\" data-id=\"7d4ccd8\" data-element_type=\"section\" data-e-type=\"section\">\n\t\t\t\t\t\t<div class=\"elementor-container elementor-column-gap-default\">\n\t\t\t\t\t<div class=\"elementor-column elementor-col-100 elementor-top-column elementor-element elementor-element-2ceec65\" data-id=\"2ceec65\" data-element_type=\"column\" data-e-type=\"column\">\n\t\t\t<div class=\"elementor-widget-wrap elementor-element-populated\">\n\t\t\t\t\t\t<div class=\"elementor-element elementor-element-757fd0a elementor-align-center elementor-widget elementor-widget-button\" data-id=\"757fd0a\" data-element_type=\"widget\" data-e-type=\"widget\" data-widget_type=\"button.default\">\n\t\t\t\t<div class=\"elementor-widget-container\">\n\t\t\t\t\t\t\t\t\t<div class=\"elementor-button-wrapper\">\n\t\t\t\t\t<a class=\"elementor-button elementor-button-link elementor-size-sm\" href=\"https:\/\/jubile2025-fatima.org\/\" target=\"_blank\">\n\t\t\t\t\t\t<span class=\"elementor-button-content-wrapper\">\n\t\t\t\t\t\t\t\t\t<span class=\"elementor-button-text\">www.jubile2025-fatima.org<\/span>\n\t\t\t\t\t<\/span>\n\t\t\t\t\t<\/a>\n\t\t\t\t<\/div>\n\t\t\t\t\t\t\t\t<\/div>\n\t\t\t\t<\/div>\n\t\t\t\t\t<\/div>\n\t\t<\/div>\n\t\t\t\t\t<\/div>\n\t\t<\/section>\n\t\t\t\t<\/div>","protected":false},"excerpt":{"rendered":"<p>Jubileu 2025 para o centen\u00e1rio dos primeiros s\u00e1bados do m\u00eas Porqu\u00ea um Jubileu em 2025 Para al\u00e9m do Ano Santo, 2025 \u00e9 um ano de anivers\u00e1rio muito importante para o mundo. Ser\u00e1 [...]<\/p>","protected":false},"author":2,"featured_media":0,"parent":0,"menu_order":0,"comment_status":"closed","ping_status":"closed","template":"elementor_header_footer","meta":{"footnotes":""},"class_list":["post-16206","page","type-page","status-publish","hentry"],"_links":{"self":[{"href":"https:\/\/salve-corda.org\/pt\/wp-json\/wp\/v2\/pages\/16206","targetHints":{"allow":["GET"]}}],"collection":[{"href":"https:\/\/salve-corda.org\/pt\/wp-json\/wp\/v2\/pages"}],"about":[{"href":"https:\/\/salve-corda.org\/pt\/wp-json\/wp\/v2\/types\/page"}],"author":[{"embeddable":true,"href":"https:\/\/salve-corda.org\/pt\/wp-json\/wp\/v2\/users\/2"}],"replies":[{"embeddable":true,"href":"https:\/\/salve-corda.org\/pt\/wp-json\/wp\/v2\/comments?post=16206"}],"version-history":[{"count":31,"href":"https:\/\/salve-corda.org\/pt\/wp-json\/wp\/v2\/pages\/16206\/revisions"}],"predecessor-version":[{"id":17362,"href":"https:\/\/salve-corda.org\/pt\/wp-json\/wp\/v2\/pages\/16206\/revisions\/17362"}],"wp:attachment":[{"href":"https:\/\/salve-corda.org\/pt\/wp-json\/wp\/v2\/media?parent=16206"}],"curies":[{"name":"wp","href":"https:\/\/api.w.org\/{rel}","templated":true}]}}