{"id":1692,"date":"2021-09-01T10:20:14","date_gmt":"2021-09-01T08:20:14","guid":{"rendered":"https:\/\/salve-corda.org\/?page_id=1692"},"modified":"2024-03-05T17:59:32","modified_gmt":"2024-03-05T16:59:32","slug":"les-cites-salve-corda","status":"publish","type":"page","link":"https:\/\/salve-corda.org\/pt\/les-cites-salve-corda\/","title":{"rendered":"1\u00ba S\u00e1bado cidade"},"content":{"rendered":"<div data-elementor-type=\"wp-page\" data-elementor-id=\"1692\" class=\"elementor elementor-1692\">\n\t\t\t\t\t\t<section class=\"elementor-section elementor-top-section elementor-element elementor-element-b42ef7f elementor-section-boxed elementor-section-height-default elementor-section-height-default\" data-id=\"b42ef7f\" data-element_type=\"section\" data-e-type=\"section\">\n\t\t\t\t\t\t<div class=\"elementor-container elementor-column-gap-default\">\n\t\t\t\t\t<div class=\"elementor-column elementor-col-100 elementor-top-column elementor-element elementor-element-6221154\" data-id=\"6221154\" data-element_type=\"column\" data-e-type=\"column\">\n\t\t\t<div class=\"elementor-widget-wrap elementor-element-populated\">\n\t\t\t\t\t\t<div class=\"elementor-element elementor-element-2e3d89f elementor-widget elementor-widget-spacer\" data-id=\"2e3d89f\" data-element_type=\"widget\" data-e-type=\"widget\" data-widget_type=\"spacer.default\">\n\t\t\t\t<div class=\"elementor-widget-container\">\n\t\t\t\t\t\t\t<div class=\"elementor-spacer\">\n\t\t\t<div class=\"elementor-spacer-inner\"><\/div>\n\t\t<\/div>\n\t\t\t\t\t\t<\/div>\n\t\t\t\t<\/div>\n\t\t\t\t\t<\/div>\n\t\t<\/div>\n\t\t\t\t\t<\/div>\n\t\t<\/section>\n\t\t\t\t<section class=\"elementor-section elementor-top-section elementor-element elementor-element-f01b097 elementor-section-boxed elementor-section-height-default elementor-section-height-default\" data-id=\"f01b097\" data-element_type=\"section\" data-e-type=\"section\">\n\t\t\t\t\t\t<div class=\"elementor-container elementor-column-gap-default\">\n\t\t\t\t\t<div class=\"elementor-column elementor-col-100 elementor-top-column elementor-element elementor-element-b70454d\" data-id=\"b70454d\" data-element_type=\"column\" data-e-type=\"column\">\n\t\t\t<div class=\"elementor-widget-wrap elementor-element-populated\">\n\t\t\t\t\t\t<div class=\"elementor-element elementor-element-549a3e2 elementor-widget elementor-widget-heading\" data-id=\"549a3e2\" data-element_type=\"widget\" data-e-type=\"widget\" data-widget_type=\"heading.default\">\n\t\t\t\t<div class=\"elementor-widget-container\">\n\t\t\t\t\t<h2 class=\"elementor-heading-title elementor-size-default\">a grande alian\u00e7a<b> <\/b>POR VOLTA DO \"1\u00ba S\u00c1BADO DO M\u00caS<\/h2>\t\t\t\t<\/div>\n\t\t\t\t<\/div>\n\t\t\t\t\t<\/div>\n\t\t<\/div>\n\t\t\t\t\t<\/div>\n\t\t<\/section>\n\t\t\t\t<section class=\"elementor-section elementor-top-section elementor-element elementor-element-ea4aaad elementor-section-boxed elementor-section-height-default elementor-section-height-default\" data-id=\"ea4aaad\" data-element_type=\"section\" data-e-type=\"section\">\n\t\t\t\t\t\t<div class=\"elementor-container elementor-column-gap-default\">\n\t\t\t\t\t<div class=\"elementor-column elementor-col-50 elementor-top-column elementor-element elementor-element-2721143\" data-id=\"2721143\" data-element_type=\"column\" data-e-type=\"column\">\n\t\t\t<div class=\"elementor-widget-wrap elementor-element-populated\">\n\t\t\t\t\t\t<div class=\"elementor-element elementor-element-e759121 elementor-widget elementor-widget-heading\" data-id=\"e759121\" data-element_type=\"widget\" data-e-type=\"widget\" data-widget_type=\"heading.default\">\n\t\t\t\t<div class=\"elementor-widget-container\">\n\t\t\t\t\t<h3 class=\"elementor-heading-title elementor-size-default\">1 - \"Cit\u00e9S\" no 1\u00ba s\u00e1bado do m\u00eas<\/h3>\t\t\t\t<\/div>\n\t\t\t\t<\/div>\n\t\t\t\t<div class=\"elementor-element elementor-element-7016bee elementor-widget elementor-widget-text-editor\" data-id=\"7016bee\" data-element_type=\"widget\" data-e-type=\"widget\" data-widget_type=\"text-editor.default\">\n\t\t\t\t<div class=\"elementor-widget-container\">\n\t\t\t\t\t\t\t\t\t<p><span style=\"color: var( --e-global-color-text ); font-family: var( --e-global-typography-text-font-family ), Sans-serif; font-size: var( --e-global-typography-text-font-size ); font-weight: var( --e-global-typography-text-font-weight );\">\u00a0<\/span><\/p><p><span style=\"color: var( --e-global-color-text ); font-family: var( --e-global-typography-text-font-family ), Sans-serif; font-size: var( --e-global-typography-text-font-size ); font-weight: var( --e-global-typography-text-font-weight );\">Une &#8220;Cit\u00e9 des 1er samedi du mois&#8221; est un groupe local et autonome de la\u00efcs qui <\/span><b style=\"color: var( --e-global-color-text ); font-family: var( --e-global-typography-text-font-family ), Sans-serif; font-size: var( --e-global-typography-text-font-size );\">reunir todos os primeiros s\u00e1bados do m\u00eas<\/b><span style=\"color: var( --e-global-color-text ); font-family: var( --e-global-typography-text-font-family ), Sans-serif; font-size: var( --e-global-typography-text-font-size ); font-weight: var( --e-global-typography-text-font-weight );\"> para dar seguimento aos pedidos efectuados por<\/span><span style=\"color: var( --e-global-color-text ); font-family: var( --e-global-typography-text-font-family ), Sans-serif; font-size: var( --e-global-typography-text-font-size ); font-weight: var( --e-global-typography-text-font-weight );\"> la Sainte Vierge \u00e0 Fatima : communion en esprit de r\u00e9paration,\u00a0 15 minutes de m\u00e9ditation sur le rosaire et r\u00e9citation d&#8217;un chapelet.<\/span><\/p>\t\t\t\t\t\t\t\t<\/div>\n\t\t\t\t<\/div>\n\t\t\t\t\t<\/div>\n\t\t<\/div>\n\t\t\t\t<div class=\"elementor-column elementor-col-50 elementor-top-column elementor-element elementor-element-5600fbc\" data-id=\"5600fbc\" data-element_type=\"column\" data-e-type=\"column\">\n\t\t\t<div class=\"elementor-widget-wrap elementor-element-populated\">\n\t\t\t\t\t\t<div class=\"elementor-element elementor-element-0f7de6a elementor-widget elementor-widget-image\" data-id=\"0f7de6a\" data-element_type=\"widget\" data-e-type=\"widget\" data-widget_type=\"image.default\">\n\t\t\t\t<div class=\"elementor-widget-container\">\n\t\t\t\t\t\t\t\t\t\t\t\t\t\t\t<img fetchpriority=\"high\" decoding=\"async\" width=\"640\" height=\"382\" src=\"https:\/\/salve-corda.org\/wp-content\/uploads\/2021\/08\/cite\u0301-salve-corda.png\" class=\"attachment-large size-large wp-image-1401\" alt=\"\" srcset=\"https:\/\/salve-corda.org\/wp-content\/uploads\/2021\/08\/cite\u0301-salve-corda.png 791w, https:\/\/salve-corda.org\/wp-content\/uploads\/2021\/08\/cite\u0301-salve-corda-300x179.png 300w, https:\/\/salve-corda.org\/wp-content\/uploads\/2021\/08\/cite\u0301-salve-corda-768x458.png 768w\" sizes=\"(max-width: 640px) 100vw, 640px\" \/>\t\t\t\t\t\t\t\t\t\t\t\t\t\t\t<\/div>\n\t\t\t\t<\/div>\n\t\t\t\t\t<\/div>\n\t\t<\/div>\n\t\t\t\t\t<\/div>\n\t\t<\/section>\n\t\t\t\t<section class=\"elementor-section elementor-top-section elementor-element elementor-element-27345e6 elementor-section-boxed elementor-section-height-default elementor-section-height-default\" data-id=\"27345e6\" data-element_type=\"section\" data-e-type=\"section\" data-settings=\"{&quot;background_background&quot;:&quot;classic&quot;}\">\n\t\t\t\t\t\t<div class=\"elementor-container elementor-column-gap-default\">\n\t\t\t\t\t<div class=\"elementor-column elementor-col-100 elementor-top-column elementor-element elementor-element-69b60f3\" data-id=\"69b60f3\" data-element_type=\"column\" data-e-type=\"column\">\n\t\t\t<div class=\"elementor-widget-wrap elementor-element-populated\">\n\t\t\t\t\t\t<div class=\"elementor-element elementor-element-8d0f3ad elementor-widget elementor-widget-heading\" data-id=\"8d0f3ad\" data-element_type=\"widget\" data-e-type=\"widget\" data-widget_type=\"heading.default\">\n\t\t\t\t<div class=\"elementor-widget-container\">\n\t\t\t\t\t<h3 class=\"elementor-heading-title elementor-size-default\">2 - O esp\u00edrito de unidade entre as cidades<\/h3>\t\t\t\t<\/div>\n\t\t\t\t<\/div>\n\t\t\t\t\t<\/div>\n\t\t<\/div>\n\t\t\t\t\t<\/div>\n\t\t<\/section>\n\t\t\t\t<section class=\"elementor-section elementor-top-section elementor-element elementor-element-8c1f0b4 elementor-section-boxed elementor-section-height-default elementor-section-height-default\" data-id=\"8c1f0b4\" data-element_type=\"section\" data-e-type=\"section\" data-settings=\"{&quot;background_background&quot;:&quot;classic&quot;}\">\n\t\t\t\t\t\t<div class=\"elementor-container elementor-column-gap-default\">\n\t\t\t\t\t<div class=\"elementor-column elementor-col-50 elementor-top-column elementor-element elementor-element-6e19f7c\" data-id=\"6e19f7c\" data-element_type=\"column\" data-e-type=\"column\">\n\t\t\t<div class=\"elementor-widget-wrap elementor-element-populated\">\n\t\t\t\t\t\t<div class=\"elementor-element elementor-element-b6db984 elementor-widget elementor-widget-image\" data-id=\"b6db984\" data-element_type=\"widget\" data-e-type=\"widget\" data-widget_type=\"image.default\">\n\t\t\t\t<div class=\"elementor-widget-container\">\n\t\t\t\t\t\t\t\t\t\t\t\t\t\t\t<img decoding=\"async\" width=\"544\" height=\"519\" src=\"https:\/\/salve-corda.org\/wp-content\/uploads\/2022\/04\/external-content.duckduckgo-2.jpg\" class=\"attachment-large size-large wp-image-5291\" alt=\"\" srcset=\"https:\/\/salve-corda.org\/wp-content\/uploads\/2022\/04\/external-content.duckduckgo-2.jpg 544w, https:\/\/salve-corda.org\/wp-content\/uploads\/2022\/04\/external-content.duckduckgo-2-300x286.jpg 300w\" sizes=\"(max-width: 544px) 100vw, 544px\" \/>\t\t\t\t\t\t\t\t\t\t\t\t\t\t\t<\/div>\n\t\t\t\t<\/div>\n\t\t\t\t\t<\/div>\n\t\t<\/div>\n\t\t\t\t<div class=\"elementor-column elementor-col-50 elementor-top-column elementor-element elementor-element-1b1f2d2\" data-id=\"1b1f2d2\" data-element_type=\"column\" data-e-type=\"column\">\n\t\t\t<div class=\"elementor-widget-wrap elementor-element-populated\">\n\t\t\t\t\t\t<div class=\"elementor-element elementor-element-d5dd112 elementor-widget elementor-widget-text-editor\" data-id=\"d5dd112\" data-element_type=\"widget\" data-e-type=\"widget\" data-widget_type=\"text-editor.default\">\n\t\t\t\t<div class=\"elementor-widget-container\">\n\t\t\t\t\t\t\t\t\t<p>La Sainte Vierge demand\u00e9 que\u00a0 la d\u00e9votion des premier samedis du mois soit r\u00e9pandue dans toute l&#8217;Eglise. Un esprit <b>unidade<\/b> entre toutes les Cit\u00e9s est donc n\u00e9cessaire pour agir efficacement &#8220;en \u00c9glise\u201c,\u00a0 mais aussi pour se soutenir et \u00eatre plus forts. Toutes les Cit\u00e9s partagent donc en commun trois<b>\u00a0elementos unificadores obrigat\u00f3rios:<\/b><\/p><p><b>\u00a0<\/b><\/p>\t\t\t\t\t\t\t\t<\/div>\n\t\t\t\t<\/div>\n\t\t\t\t<div class=\"elementor-element elementor-element-c3f919f elementor-widget elementor-widget-text-editor\" data-id=\"c3f919f\" data-element_type=\"widget\" data-e-type=\"widget\" data-widget_type=\"text-editor.default\">\n\t\t\t\t<div class=\"elementor-widget-container\">\n\t\t\t\t\t\t\t\t\t<ul><li>Le respect rigoureux des demandes de Fatima pour les 1er samedi du mois : communion r\u00e9paratrice, 15 minutes de m\u00e9ditation sur le rosaire et r\u00e9citation d&#8217;un chapelet, confession<\/li><\/ul>\t\t\t\t\t\t\t\t<\/div>\n\t\t\t\t<\/div>\n\t\t\t\t<div class=\"elementor-element elementor-element-51cd301 elementor-widget elementor-widget-text-editor\" data-id=\"51cd301\" data-element_type=\"widget\" data-e-type=\"widget\" data-widget_type=\"text-editor.default\">\n\t\t\t\t<div class=\"elementor-widget-container\">\n\t\t\t\t\t\t\t\t\t<ul>\n<li>O tema da medita\u00e7\u00e3o, enviado todos os meses pela Salve Corda, utilizado por todas as cidades<\/li>\n<\/ul>\t\t\t\t\t\t\t\t<\/div>\n\t\t\t\t<\/div>\n\t\t\t\t<div class=\"elementor-element elementor-element-fde38dd elementor-widget elementor-widget-text-editor\" data-id=\"fde38dd\" data-element_type=\"widget\" data-e-type=\"widget\" data-widget_type=\"text-editor.default\">\n\t\t\t\t<div class=\"elementor-widget-container\">\n\t\t\t\t\t\t\t\t\t<div>\u00a0<\/div><ul><li>L&#8217;utilisation des outils d\u2019organisation et de communication de l&#8217;Alliance Salve Corda : site internet, logo, etc.<\/li><\/ul><div>\u00a0<\/div>\t\t\t\t\t\t\t\t<\/div>\n\t\t\t\t<\/div>\n\t\t\t\t\t<\/div>\n\t\t<\/div>\n\t\t\t\t\t<\/div>\n\t\t<\/section>\n\t\t\t\t<section class=\"elementor-section elementor-top-section elementor-element elementor-element-d853b8c elementor-section-boxed elementor-section-height-default elementor-section-height-default\" data-id=\"d853b8c\" data-element_type=\"section\" data-e-type=\"section\" data-settings=\"{&quot;background_background&quot;:&quot;classic&quot;}\">\n\t\t\t\t\t\t<div class=\"elementor-container elementor-column-gap-default\">\n\t\t\t\t\t<div class=\"elementor-column elementor-col-100 elementor-top-column elementor-element elementor-element-a873d36\" data-id=\"a873d36\" data-element_type=\"column\" data-e-type=\"column\">\n\t\t\t<div class=\"elementor-widget-wrap elementor-element-populated\">\n\t\t\t\t\t\t<div class=\"elementor-element elementor-element-d6a5b3d elementor-widget elementor-widget-heading\" data-id=\"d6a5b3d\" data-element_type=\"widget\" data-e-type=\"widget\" data-widget_type=\"heading.default\">\n\t\t\t\t<div class=\"elementor-widget-container\">\n\t\t\t\t\t<h3 class=\"elementor-heading-title elementor-size-default\">3- a alian\u00e7a CITIES no primeiro s\u00e1bado do m\u00eas<\/h3>\t\t\t\t<\/div>\n\t\t\t\t<\/div>\n\t\t\t\t\t<\/div>\n\t\t<\/div>\n\t\t\t\t\t<\/div>\n\t\t<\/section>\n\t\t\t\t<section class=\"elementor-section elementor-top-section elementor-element elementor-element-1db76d6 elementor-section-boxed elementor-section-height-default elementor-section-height-default\" data-id=\"1db76d6\" data-element_type=\"section\" data-e-type=\"section\" data-settings=\"{&quot;background_background&quot;:&quot;classic&quot;}\">\n\t\t\t\t\t\t<div class=\"elementor-container elementor-column-gap-default\">\n\t\t\t\t\t<div class=\"elementor-column elementor-col-50 elementor-top-column elementor-element elementor-element-e728e95\" data-id=\"e728e95\" data-element_type=\"column\" data-e-type=\"column\">\n\t\t\t<div class=\"elementor-widget-wrap elementor-element-populated\">\n\t\t\t\t\t\t<div class=\"elementor-element elementor-element-c22b532 elementor-widget elementor-widget-text-editor\" data-id=\"c22b532\" data-element_type=\"widget\" data-e-type=\"widget\" data-widget_type=\"text-editor.default\">\n\t\t\t\t<div class=\"elementor-widget-container\">\n\t\t\t\t\t\t\t\t\t<p><span style=\"font-size: 1rem;\">Para se ajudarem mutuamente e se unirem nesta abordagem, um <\/span><b style=\"font-size: 1rem;\">Alian\u00e7a<\/b><span style=\"font-size: 1rem;\"> no primeiro s\u00e1bado de cada m\u00eas. Denominada Salve Corda (Sauda\u00e7\u00e3o aos Cora\u00e7\u00f5es de Jesus e de Maria), tem por objetivo :<\/span><\/p><div class=\"elementor-element elementor-element-296782f elementor-widget elementor-widget-text-editor\" data-id=\"296782f\" data-element_type=\"widget\" data-widget_type=\"text-editor.default\"><div class=\"elementor-widget-container\"><div class=\"elementor-text-editor elementor-clearfix\">\u00a0<\/div><\/div><\/div><div class=\"elementor-element elementor-element-ebd2d73 elementor-widget elementor-widget-text-editor\" data-id=\"ebd2d73\" data-element_type=\"widget\" data-widget_type=\"text-editor.default\"><div class=\"elementor-widget-container\"><div class=\"elementor-text-editor elementor-clearfix\"><ul><li>Ser cada vez mais numerosos em Fran\u00e7a e no mundo para\u00a0<strong>efetuar<\/strong><strong>\u00a01\u00ba s\u00e1bado do m\u00eas<\/strong>\u00a0e tamb\u00e9m os outros pedidos de F\u00e1tima<\/li><li>Unindo-nos por detr\u00e1s disto\u00a0<b>faixa comum<\/b>\u00a0vontade de Deus.<\/li><li>Obten\u00e7\u00e3o do<b>interven\u00e7\u00e3o<\/b>\u00a0da Sant\u00edssima Virgem para a convers\u00e3o do mundo e para a paz.<\/li><\/ul><\/div><\/div><\/div><div class=\"elementor-element elementor-element-41ae765 elementor-widget elementor-widget-text-editor\" data-id=\"41ae765\" data-element_type=\"widget\" data-widget_type=\"text-editor.default\"><div class=\"elementor-widget-container\"><div class=\"elementor-text-editor elementor-clearfix\"><p>\u00a0<\/p><p><span style=\"color: #0000ff;\"><i>\"Para evitar a guerra, virei pedir a consagra\u00e7\u00e3o da R\u00fassia ao meu Imaculado Cora\u00e7\u00e3o e a\u00a0<\/i><i>Comunh\u00e3o reparadora nos primeiros s\u00e1bados<\/i><\/span><i><span style=\"color: #0000ff;\">. \"\u00a0<\/span> \u00a0 \u00a0\u00a0\u00a0 \u00a0<\/i><\/p><p><i><\/i>Nossa Senhora, F\u00e1tima, 17 de julho de 1917<\/p><\/div><\/div><\/div>\t\t\t\t\t\t\t\t<\/div>\n\t\t\t\t<\/div>\n\t\t\t\t<div class=\"elementor-element elementor-element-aa2c74d elementor-align-center elementor-widget elementor-widget-button\" data-id=\"aa2c74d\" data-element_type=\"widget\" data-e-type=\"widget\" data-widget_type=\"button.default\">\n\t\t\t\t<div class=\"elementor-widget-container\">\n\t\t\t\t\t\t\t\t\t<div class=\"elementor-button-wrapper\">\n\t\t\t\t\t<a class=\"elementor-button elementor-button-link elementor-size-sm\" href=\"https:\/\/salve-corda.org\/pt\/contact\/\">\n\t\t\t\t\t\t<span class=\"elementor-button-content-wrapper\">\n\t\t\t\t\t\t\t\t\t<span class=\"elementor-button-text\">Contactar-nos<\/span>\n\t\t\t\t\t<\/span>\n\t\t\t\t\t<\/a>\n\t\t\t\t<\/div>\n\t\t\t\t\t\t\t\t<\/div>\n\t\t\t\t<\/div>\n\t\t\t\t\t<\/div>\n\t\t<\/div>\n\t\t\t\t<div class=\"elementor-column elementor-col-50 elementor-top-column elementor-element elementor-element-43f2f5b\" data-id=\"43f2f5b\" data-element_type=\"column\" data-e-type=\"column\">\n\t\t\t<div class=\"elementor-widget-wrap elementor-element-populated\">\n\t\t\t\t\t\t<div class=\"elementor-element elementor-element-e4f6fcb elementor-widget elementor-widget-image\" data-id=\"e4f6fcb\" data-element_type=\"widget\" data-e-type=\"widget\" data-widget_type=\"image.default\">\n\t\t\t\t<div class=\"elementor-widget-container\">\n\t\t\t\t\t\t\t\t\t\t\t\t\t\t\t<img decoding=\"async\" width=\"400\" height=\"410\" src=\"https:\/\/salve-corda.org\/wp-content\/uploads\/2023\/09\/logo-SC-1-e1709655419554.png\" class=\"attachment-large size-large wp-image-6093\" alt=\"\" srcset=\"https:\/\/salve-corda.org\/wp-content\/uploads\/2023\/09\/logo-SC-1-e1709655419554.png 400w, https:\/\/salve-corda.org\/wp-content\/uploads\/2023\/09\/logo-SC-1-e1709655419554-293x300.png 293w\" sizes=\"(max-width: 400px) 100vw, 400px\" \/>\t\t\t\t\t\t\t\t\t\t\t\t\t\t\t<\/div>\n\t\t\t\t<\/div>\n\t\t\t\t\t<\/div>\n\t\t<\/div>\n\t\t\t\t\t<\/div>\n\t\t<\/section>\n\t\t\t\t<\/div>","protected":false},"excerpt":{"rendered":"<p>lA GRANDE ALLIANCE AUTOUR DES \u201c1ER SAMEDI DU MOIS\u201c 1 &#8211; LES &#8220;Cit\u00e9S des 1er samedi du mois \u00a0 Une &#8220;Cit\u00e9 des 1er samedi du mois&#8221; est un groupe local et autonome de [&hellip;]<\/p>","protected":false},"author":1,"featured_media":0,"parent":0,"menu_order":0,"comment_status":"closed","ping_status":"closed","template":"elementor_header_footer","meta":{"footnotes":""},"class_list":["post-1692","page","type-page","status-publish","hentry"],"_links":{"self":[{"href":"https:\/\/salve-corda.org\/pt\/wp-json\/wp\/v2\/pages\/1692","targetHints":{"allow":["GET"]}}],"collection":[{"href":"https:\/\/salve-corda.org\/pt\/wp-json\/wp\/v2\/pages"}],"about":[{"href":"https:\/\/salve-corda.org\/pt\/wp-json\/wp\/v2\/types\/page"}],"author":[{"embeddable":true,"href":"https:\/\/salve-corda.org\/pt\/wp-json\/wp\/v2\/users\/1"}],"replies":[{"embeddable":true,"href":"https:\/\/salve-corda.org\/pt\/wp-json\/wp\/v2\/comments?post=1692"}],"version-history":[{"count":266,"href":"https:\/\/salve-corda.org\/pt\/wp-json\/wp\/v2\/pages\/1692\/revisions"}],"predecessor-version":[{"id":6662,"href":"https:\/\/salve-corda.org\/pt\/wp-json\/wp\/v2\/pages\/1692\/revisions\/6662"}],"wp:attachment":[{"href":"https:\/\/salve-corda.org\/pt\/wp-json\/wp\/v2\/media?parent=1692"}],"curies":[{"name":"wp","href":"https:\/\/api.w.org\/{rel}","templated":true}]}}