{"id":202,"date":"2020-09-17T16:50:48","date_gmt":"2020-09-17T14:50:48","guid":{"rendered":"https:\/\/salve-corda.org\/?page_id=202"},"modified":"2025-02-04T12:10:56","modified_gmt":"2025-02-04T11:10:56","slug":"qui-sommes-nous","status":"publish","type":"page","link":"https:\/\/salve-corda.org\/pt\/qui-sommes-nous\/","title":{"rendered":"Quem somos"},"content":{"rendered":"<div data-elementor-type=\"wp-page\" data-elementor-id=\"202\" class=\"elementor elementor-202\">\n\t\t\t\t\t\t<section class=\"elementor-section elementor-top-section elementor-element elementor-element-a202059 elementor-section-boxed elementor-section-height-default elementor-section-height-default\" data-id=\"a202059\" data-element_type=\"section\" data-e-type=\"section\">\n\t\t\t\t\t\t<div class=\"elementor-container elementor-column-gap-default\">\n\t\t\t\t\t<div class=\"elementor-column elementor-col-100 elementor-top-column elementor-element elementor-element-7c5b4df\" data-id=\"7c5b4df\" data-element_type=\"column\" data-e-type=\"column\">\n\t\t\t<div class=\"elementor-widget-wrap elementor-element-populated\">\n\t\t\t\t\t\t<div class=\"elementor-element elementor-element-6329b17 elementor-widget elementor-widget-spacer\" data-id=\"6329b17\" data-element_type=\"widget\" data-e-type=\"widget\" data-widget_type=\"spacer.default\">\n\t\t\t\t<div class=\"elementor-widget-container\">\n\t\t\t\t\t\t\t<div class=\"elementor-spacer\">\n\t\t\t<div class=\"elementor-spacer-inner\"><\/div>\n\t\t<\/div>\n\t\t\t\t\t\t<\/div>\n\t\t\t\t<\/div>\n\t\t\t\t\t<\/div>\n\t\t<\/div>\n\t\t\t\t\t<\/div>\n\t\t<\/section>\n\t\t\t\t<section class=\"elementor-section elementor-top-section elementor-element elementor-element-481ab8a elementor-section-boxed elementor-section-height-default elementor-section-height-default\" data-id=\"481ab8a\" data-element_type=\"section\" data-e-type=\"section\">\n\t\t\t\t\t\t<div class=\"elementor-container elementor-column-gap-default\">\n\t\t\t\t\t<div class=\"elementor-column elementor-col-100 elementor-top-column elementor-element elementor-element-ad70810\" data-id=\"ad70810\" data-element_type=\"column\" data-e-type=\"column\">\n\t\t\t<div class=\"elementor-widget-wrap elementor-element-populated\">\n\t\t\t\t\t\t<div class=\"elementor-element elementor-element-81c542c elementor-widget elementor-widget-heading\" data-id=\"81c542c\" data-element_type=\"widget\" data-e-type=\"widget\" data-widget_type=\"heading.default\">\n\t\t\t\t<div class=\"elementor-widget-container\">\n\t\t\t\t\t<h2 class=\"elementor-heading-title elementor-size-default\">Quem somos n\u00f3s?<\/h2>\t\t\t\t<\/div>\n\t\t\t\t<\/div>\n\t\t\t\t\t<\/div>\n\t\t<\/div>\n\t\t\t\t\t<\/div>\n\t\t<\/section>\n\t\t\t\t<section class=\"elementor-section elementor-top-section elementor-element elementor-element-64f2869 elementor-section-boxed elementor-section-height-default elementor-section-height-default\" data-id=\"64f2869\" data-element_type=\"section\" data-e-type=\"section\">\n\t\t\t\t\t\t<div class=\"elementor-container elementor-column-gap-default\">\n\t\t\t\t\t<div class=\"elementor-column elementor-col-50 elementor-top-column elementor-element elementor-element-ea15ca1\" data-id=\"ea15ca1\" data-element_type=\"column\" data-e-type=\"column\">\n\t\t\t<div class=\"elementor-widget-wrap elementor-element-populated\">\n\t\t\t\t\t\t<div class=\"elementor-element elementor-element-d9401fe elementor-widget elementor-widget-text-editor\" data-id=\"d9401fe\" data-element_type=\"widget\" data-e-type=\"widget\" data-widget_type=\"text-editor.default\">\n\t\t\t\t<div class=\"elementor-widget-container\">\n\t\t\t\t\t\t\t\t\t<p>Lanc\u00e9e par une famille catholique en 2016, l&#8217;ann\u00e9e du Grand Jubil\u00e9 du Puy en Velay (en savoir plus sur le jubil\u00e9\u00a0<span style=\"color: #3366ff;\"><a style=\"color: #3366ff;\" href=\"https:\/\/notre-dame-de-france.org\/\" target=\"_blank\" rel=\"noopener\">www.notre-dame-de-france.org<\/a><\/span> ), Salve Corda \u00e9 um<b> Alian\u00e7a<\/b>\u00a0destinado a <span style=\"font-family: var( --e-global-typography-text-font-family ), Sans-serif;\"><span style=\"color: var( --e-global-color-text );\">s&#8217;unir autour des Coeurs de J\u00e9sus et Marie et de leurs demandes, <b>em\u00a0<\/b><\/span><\/span><b>individual<\/b><span style=\"font-family: var( --e-global-typography-text-font-family ), Sans-serif;\"><span style=\"color: var( --e-global-color-text );\"><b>\u00a01\u00ba s\u00e1bado do m\u00eas\",\u00a0<\/b><\/span><\/span><span style=\"color: var( --e-global-color-text ); font-family: var( --e-global-typography-text-font-family ), Sans-serif; font-size: var( --e-global-typography-text-font-size );\">para a convers\u00e3o do mundo e para a paz.<\/span><\/p><p><span style=\"color: var( --e-global-color-text ); font-family: var( --e-global-typography-text-font-family ), Sans-serif; font-size: var( --e-global-typography-text-font-size );\"><span style=\"color: var( --e-global-color-text );\">\u00a0<\/span><\/span><\/p><p><span style=\"font-family: var( --e-global-typography-text-font-family ), Sans-serif;\"><span style=\"color: var( --e-global-color-text );\">Este <\/span><\/span><b style=\"color: var( --e-global-color-text ); font-family: var( --e-global-typography-text-font-family ), Sans-serif; font-size: var( --e-global-typography-text-font-size );\">Alian\u00e7a por volta do 1\u00ba s\u00e1bado do m\u00eas<\/b><span style=\"font-family: var( --e-global-typography-text-font-family ), Sans-serif;\"><span style=\"color: var( --e-global-color-text );\"> \u00e9\u00a0<\/span><\/span>aujourd&#8217;hui<span style=\"font-family: var( --e-global-typography-text-font-family ), Sans-serif;\"><span style=\"color: var( --e-global-color-text );\">\u00a0constitu\u00eddo por cat\u00f3licos <\/span><\/span><span style=\"color: var( --e-global-color-text ); font-family: var( --e-global-typography-text-font-family ), Sans-serif; font-size: var( --e-global-typography-text-font-size );\">de todos os horizontes<\/span><span style=\"color: var( --e-global-color-text ); font-family: var( --e-global-typography-text-font-family ), Sans-serif; font-size: var( --e-global-typography-text-font-size );\"><span style=\"color: var( --e-global-color-text );\"> et d&#8217;organisations catholiques diverses (communaut\u00e9s, mouvements, monast\u00e8res, \u00a0fraternit\u00e9s, associations, etc.)\u00a0<\/span><\/span><span style=\"font-family: var( --e-global-typography-text-font-family ), Sans-serif;\"><span style=\"color: var( --e-global-color-text );\">que est\u00e3o todos conscientes da <b>o car\u00e1cter fundamental dos pedidos de F\u00e1tima <\/b>pour le salut du monde d&#8217;aujourd&#8217;hui.<\/span><\/span><\/p><p><span style=\"font-family: var( --e-global-typography-text-font-family ), Sans-serif;\"><span style=\"color: var( --e-global-color-text );\">\u00a0<\/span><\/span><\/p><p><span style=\"color: var( --e-global-color-text ); font-family: var( --e-global-typography-text-font-family ), Sans-serif; font-size: var( --e-global-typography-text-font-size );\">A Virgem Sant\u00edssima pediu que o <b>1er samedi du mois soient \u00e9tendus \u00e0 toute l&#8217;Eglise,<\/b> les membres de l&#8217;Alliance<\/span><span style=\"font-family: var( --e-global-typography-text-font-family ), Sans-serif;\"><span style=\"color: var( --e-global-color-text );\">\u00a0<\/span><\/span><b style=\"color: var( --e-global-color-text ); font-family: var( --e-global-typography-text-font-family ), Sans-serif; font-size: var( --e-global-typography-text-font-size );\">s&#8217;unissent <\/b><span style=\"font-family: var( --e-global-typography-text-font-family ), Sans-serif;\"><span style=\"color: var( --e-global-color-text );\">para\u00a0<\/span><\/span><span style=\"color: var( --e-global-color-text ); font-family: var( --e-global-typography-text-font-family ), Sans-serif; font-size: var( --e-global-typography-text-font-size );\">efetuar <b>en esprit d&#8217;Eglise<\/b><\/span><span style=\"font-family: var( --e-global-typography-text-font-family ), Sans-serif;\"><span style=\"color: var( --e-global-color-text );\">\u00a0este pedido essencial de Nossa Senhora de F\u00e1tima.<\/span><\/span><\/p><p><span style=\"font-family: var( --e-global-typography-text-font-family ), Sans-serif;\"><span style=\"color: var( --e-global-color-text );\">\u00a0<\/span><\/span><\/p><p><span style=\"text-align: left;\">L&#8217;Alliance est organis\u00e9e en de multiples\u00a0groupes\u00a0<\/span><span style=\"font-weight: bold; text-align: left;\">local e aut\u00f3nomo<\/span><span style=\"text-align: left;\">denominados \"Grupos do 1\u00ba s\u00e1bado do m\u00eas\", cujos membros s\u00e3o\u00a0<\/span><span style=\"font-weight: bold; text-align: left;\">re\u00fanem-se todos os primeiros s\u00e1bados do m\u00eas com um padre para \u00a0<\/span><span style=\"text-align: left;\">fazer os quatro pedidos \u00e0 Sant\u00edssima Virgem: comunh\u00e3o, medita\u00e7\u00e3o do Ros\u00e1rio, ter\u00e7o e confiss\u00e3o.<\/span><span style=\"text-align: left;\">\u00a0Bien qu&#8217;autonomes, les\u00a0 groupes sont unis entre eux et partagent divers outils en particulier\u00a0<\/span><span style=\"font-weight: bold; text-align: left;\">medita\u00e7\u00e3o<\/span><span style=\"text-align: left;\">\u00a0de chaque 1er samedi du mois envoy\u00e9e par l&#8217;Alliance.<\/span><span style=\"font-family: var( --e-global-typography-text-font-family ), Sans-serif;\"><span style=\"color: var( --e-global-color-text );\"><br \/><\/span><\/span><\/p><p>\u00a0<\/p>\t\t\t\t\t\t\t\t<\/div>\n\t\t\t\t<\/div>\n\t\t\t\t\t<\/div>\n\t\t<\/div>\n\t\t\t\t<div class=\"elementor-column elementor-col-50 elementor-top-column elementor-element elementor-element-c0e02c9\" data-id=\"c0e02c9\" data-element_type=\"column\" data-e-type=\"column\">\n\t\t\t<div class=\"elementor-widget-wrap elementor-element-populated\">\n\t\t\t\t\t\t<div class=\"elementor-element elementor-element-361a505 elementor-widget elementor-widget-image\" data-id=\"361a505\" data-element_type=\"widget\" data-e-type=\"widget\" data-widget_type=\"image.default\">\n\t\t\t\t<div class=\"elementor-widget-container\">\n\t\t\t\t\t\t\t\t\t\t\t\t\t\t\t<img fetchpriority=\"high\" decoding=\"async\" width=\"400\" height=\"410\" src=\"https:\/\/salve-corda.org\/wp-content\/uploads\/2023\/09\/logo-SC-1-e1709655419554.png\" class=\"attachment-large size-large wp-image-6093\" alt=\"\" srcset=\"https:\/\/salve-corda.org\/wp-content\/uploads\/2023\/09\/logo-SC-1-e1709655419554.png 400w, https:\/\/salve-corda.org\/wp-content\/uploads\/2023\/09\/logo-SC-1-e1709655419554-293x300.png 293w\" sizes=\"(max-width: 400px) 100vw, 400px\" \/>\t\t\t\t\t\t\t\t\t\t\t\t\t\t\t<\/div>\n\t\t\t\t<\/div>\n\t\t\t\t\t<\/div>\n\t\t<\/div>\n\t\t\t\t\t<\/div>\n\t\t<\/section>\n\t\t\t\t<section class=\"elementor-section elementor-top-section elementor-element elementor-element-458b3b6 elementor-section-boxed elementor-section-height-default elementor-section-height-default\" data-id=\"458b3b6\" data-element_type=\"section\" data-e-type=\"section\" data-settings=\"{&quot;background_background&quot;:&quot;classic&quot;}\">\n\t\t\t\t\t\t<div class=\"elementor-container elementor-column-gap-default\">\n\t\t\t\t\t<div class=\"elementor-column elementor-col-100 elementor-top-column elementor-element elementor-element-18d76f9\" data-id=\"18d76f9\" data-element_type=\"column\" data-e-type=\"column\">\n\t\t\t<div class=\"elementor-widget-wrap elementor-element-populated\">\n\t\t\t\t\t\t<div class=\"elementor-element elementor-element-2f9bbb4 elementor-widget elementor-widget-text-editor\" data-id=\"2f9bbb4\" data-element_type=\"widget\" data-e-type=\"widget\" data-widget_type=\"text-editor.default\">\n\t\t\t\t<div class=\"elementor-widget-container\">\n\t\t\t\t\t\t\t\t\t<p><b style=\"color: var( --e-global-color-text ); font-family: var( --e-global-typography-text-font-family ), Sans-serif; font-size: var( --e-global-typography-text-font-size );\">L&#8217;Alliance \u201c1er samedi du mois\u201c<\/b><span style=\"color: var( --e-global-color-text ); font-family: var( --e-global-typography-text-font-family ), Sans-serif; font-size: var( --e-global-typography-text-font-size );\">\u00a0ne fait partie d&#8217;aucun mouvement et ne vient se substituer \u00e0 aucune autre action. L&#8217;alliance n&#8217;assure que le r\u00f4le de coordination<\/span><b style=\"color: var( --e-global-color-text ); font-family: var( --e-global-typography-text-font-family ), Sans-serif; font-size: var( --e-global-typography-text-font-size );\">\u00a0no primeiro s\u00e1bado de cada m\u00eas\u00a0<\/b><span style=\"color: var( --e-global-color-text ); font-family: var( --e-global-typography-text-font-family ), Sans-serif; font-size: var( --e-global-typography-text-font-size );\">no servi\u00e7o<\/span><b style=\"color: var( --e-global-color-text ); font-family: var( --e-global-typography-text-font-family ), Sans-serif; font-size: var( --e-global-typography-text-font-size );\"> <\/b><span style=\"font-family: var( --e-global-typography-text-font-family ), Sans-serif;\"><span style=\"color: var( --e-global-color-text );\">de todos os fi\u00e9is, sacerdotes e organiza\u00e7\u00f5es, para que possam f\u00e1cil e eficazmente\u00a0<\/span><\/span>oficialmente<span style=\"font-family: var( --e-global-typography-text-font-family ), Sans-serif;\"><span style=\"color: var( --e-global-color-text );\">\u00a0\u00a0<\/span><\/span><b style=\"color: var( --e-global-color-text ); font-family: var( --e-global-typography-text-font-family ), Sans-serif; font-size: var( --e-global-typography-text-font-size );\">1\u00ba s\u00e1bado de cada m\u00eas.<\/b><\/p><p><b style=\"color: var( --e-global-color-text ); font-family: var( --e-global-typography-text-font-family ), Sans-serif; font-size: var( --e-global-typography-text-font-size );\">\u00a0<\/b><\/p><p>L&#8217;organisation de l&#8217;Alliance est bas\u00e9e sur le principe d&#8217;entre-aide de type f\u00e9d\u00e9ratif, chaque groupe des 1ers samedis \u00e9tant totalement autonome. Leur seul engagement est de respecter parfaitement les demandes de la Sainte Vierge.<\/p><p>\u00a0<\/p>\t\t\t\t\t\t\t\t<\/div>\n\t\t\t\t<\/div>\n\t\t\t\t\t<\/div>\n\t\t<\/div>\n\t\t\t\t\t<\/div>\n\t\t<\/section>\n\t\t\t\t<\/div>","protected":false},"excerpt":{"rendered":"<p>Qui sommes-nous ? Lanc\u00e9e par une famille catholique en 2016, l&#8217;ann\u00e9e du Grand Jubil\u00e9 du Puy en Velay (en savoir plus sur le jubil\u00e9\u00a0www.notre-dame-de-france.org ), Salve Corda est une Alliance\u00a0destin\u00e9e \u00e0 s&#8217;unir autour [&hellip;]<\/p>","protected":false},"author":1,"featured_media":0,"parent":0,"menu_order":0,"comment_status":"closed","ping_status":"closed","template":"elementor_header_footer","meta":{"footnotes":""},"class_list":["post-202","page","type-page","status-publish","hentry"],"_links":{"self":[{"href":"https:\/\/salve-corda.org\/pt\/wp-json\/wp\/v2\/pages\/202","targetHints":{"allow":["GET"]}}],"collection":[{"href":"https:\/\/salve-corda.org\/pt\/wp-json\/wp\/v2\/pages"}],"about":[{"href":"https:\/\/salve-corda.org\/pt\/wp-json\/wp\/v2\/types\/page"}],"author":[{"embeddable":true,"href":"https:\/\/salve-corda.org\/pt\/wp-json\/wp\/v2\/users\/1"}],"replies":[{"embeddable":true,"href":"https:\/\/salve-corda.org\/pt\/wp-json\/wp\/v2\/comments?post=202"}],"version-history":[{"count":235,"href":"https:\/\/salve-corda.org\/pt\/wp-json\/wp\/v2\/pages\/202\/revisions"}],"predecessor-version":[{"id":17314,"href":"https:\/\/salve-corda.org\/pt\/wp-json\/wp\/v2\/pages\/202\/revisions\/17314"}],"wp:attachment":[{"href":"https:\/\/salve-corda.org\/pt\/wp-json\/wp\/v2\/media?parent=202"}],"curies":[{"name":"wp","href":"https:\/\/api.w.org\/{rel}","templated":true}]}}