{"id":3130,"date":"2021-09-29T19:21:39","date_gmt":"2021-09-29T17:21:39","guid":{"rendered":"https:\/\/salve-corda.org\/?page_id=3130"},"modified":"2022-02-20T15:17:53","modified_gmt":"2022-02-20T14:17:53","slug":"pourquoi-est-ce-urgent","status":"publish","type":"page","link":"https:\/\/salve-corda.org\/pt\/pourquoi-est-ce-urgent\/","title":{"rendered":"Pourquoi il n&#8217;est pas trop tard"},"content":{"rendered":"<div data-elementor-type=\"wp-page\" data-elementor-id=\"3130\" class=\"elementor elementor-3130\">\n\t\t\t\t\t\t<section class=\"elementor-section elementor-top-section elementor-element elementor-element-5730ebb4 elementor-section-boxed elementor-section-height-default elementor-section-height-default\" data-id=\"5730ebb4\" data-element_type=\"section\" data-e-type=\"section\">\n\t\t\t\t\t\t<div class=\"elementor-container elementor-column-gap-default\">\n\t\t\t\t\t<div class=\"elementor-column elementor-col-100 elementor-top-column elementor-element elementor-element-54781900\" data-id=\"54781900\" data-element_type=\"column\" data-e-type=\"column\">\n\t\t\t<div class=\"elementor-widget-wrap\">\n\t\t\t\t\t\t\t<\/div>\n\t\t<\/div>\n\t\t\t\t\t<\/div>\n\t\t<\/section>\n\t\t\t\t<section class=\"elementor-section elementor-top-section elementor-element elementor-element-2910bc0c elementor-section-boxed elementor-section-height-default elementor-section-height-default\" data-id=\"2910bc0c\" data-element_type=\"section\" data-e-type=\"section\">\n\t\t\t\t\t\t<div class=\"elementor-container elementor-column-gap-default\">\n\t\t\t\t\t<div class=\"elementor-column elementor-col-100 elementor-top-column elementor-element elementor-element-58c23d30\" data-id=\"58c23d30\" data-element_type=\"column\" data-e-type=\"column\">\n\t\t\t<div class=\"elementor-widget-wrap elementor-element-populated\">\n\t\t\t\t\t\t<div class=\"elementor-element elementor-element-f690ce2 elementor-widget elementor-widget-spacer\" data-id=\"f690ce2\" data-element_type=\"widget\" data-e-type=\"widget\" data-widget_type=\"spacer.default\">\n\t\t\t\t<div class=\"elementor-widget-container\">\n\t\t\t\t\t\t\t<div class=\"elementor-spacer\">\n\t\t\t<div class=\"elementor-spacer-inner\"><\/div>\n\t\t<\/div>\n\t\t\t\t\t\t<\/div>\n\t\t\t\t<\/div>\n\t\t\t\t<div class=\"elementor-element elementor-element-68f476f elementor-widget elementor-widget-heading\" data-id=\"68f476f\" data-element_type=\"widget\" data-e-type=\"widget\" data-widget_type=\"heading.default\">\n\t\t\t\t<div class=\"elementor-widget-container\">\n\t\t\t\t\t<h2 class=\"elementor-heading-title elementor-size-default\">Porque \u00e9 que ainda n\u00e3o \u00e9 tarde demais? <\/h2>\t\t\t\t<\/div>\n\t\t\t\t<\/div>\n\t\t\t\t\t<\/div>\n\t\t<\/div>\n\t\t\t\t\t<\/div>\n\t\t<\/section>\n\t\t\t\t<section class=\"elementor-section elementor-top-section elementor-element elementor-element-dc29249 elementor-section-boxed elementor-section-height-default elementor-section-height-default\" data-id=\"dc29249\" data-element_type=\"section\" data-e-type=\"section\">\n\t\t\t\t\t\t<div class=\"elementor-container elementor-column-gap-default\">\n\t\t\t\t\t<div class=\"elementor-column elementor-col-50 elementor-top-column elementor-element elementor-element-fd4d292\" data-id=\"fd4d292\" data-element_type=\"column\" data-e-type=\"column\">\n\t\t\t<div class=\"elementor-widget-wrap elementor-element-populated\">\n\t\t\t\t\t\t<div class=\"elementor-element elementor-element-b577610 elementor-widget elementor-widget-heading\" data-id=\"b577610\" data-element_type=\"widget\" data-e-type=\"widget\" data-widget_type=\"heading.default\">\n\t\t\t\t<div class=\"elementor-widget-container\">\n\t\t\t\t\t<h3 class=\"elementor-heading-title elementor-size-default\">Uma primeira recusa dos homens com consequ\u00eancias graves<\/h3>\t\t\t\t<\/div>\n\t\t\t\t<\/div>\n\t\t\t\t<div class=\"elementor-element elementor-element-8be4e78 elementor-widget elementor-widget-text-editor\" data-id=\"8be4e78\" data-element_type=\"widget\" data-e-type=\"widget\" data-widget_type=\"text-editor.default\">\n\t\t\t\t<div class=\"elementor-widget-container\">\n\t\t\t\t\t\t\t\t\t<p>Para preservar a paz e a ordem social, o Sagrado Cora\u00e7\u00e3o de Jesus apareceu em Paray-le-Monial e fez os seguintes pedidos <b>aos fi\u00e9is e ao Rei <\/b>(1673 - 1689). Estas n\u00e3o foram seguidas e <b>cem anos depois, at\u00e9 hoje,<\/b> le pouvoir royal \u00e9tait renvers\u00e9 par la sanglante r\u00e9volution fran\u00e7aise. Un si\u00e8cle plus tard, les plus grandes guerres de l&#8217;histoire commen\u00e7aient et Dieu dans Sa Mis\u00e9ricorde, nous a alors envoy\u00e9 un deuxi\u00e8me moyen pour r\u00e9tablir la paix : Sa M\u00e8re.<\/p><p><span style=\"color: var( --e-global-color-text ); font-family: var( --e-global-typography-18e5089-font-family ), Sans-serif; font-size: var( --e-global-typography-18e5089-font-size ); font-weight: var( --e-global-typography-18e5089-font-weight ); letter-spacing: var( --e-global-typography-18e5089-letter-spacing );\">\u00a0<\/span><\/p><p><span style=\"color: var( --e-global-color-text ); font-family: var( --e-global-typography-18e5089-font-family ), Sans-serif; font-size: var( --e-global-typography-18e5089-font-size ); font-weight: var( --e-global-typography-18e5089-font-weight ); letter-spacing: var( --e-global-typography-18e5089-letter-spacing );\">Nossa Senhora apareceu em F\u00e1tima e fez novos pedidos <\/span><b style=\"color: var( --e-global-color-text ); font-family: var( --e-global-typography-18e5089-font-family ), Sans-serif; font-size: var( --e-global-typography-18e5089-font-size ); letter-spacing: var( --e-global-typography-18e5089-letter-spacing );\">aos fi\u00e9is e ao Papa <\/b><span style=\"color: var( --e-global-color-text ); font-family: var( --e-global-typography-18e5089-font-family ), Sans-serif; font-size: var( --e-global-typography-18e5089-font-size ); letter-spacing: var( --e-global-typography-18e5089-letter-spacing );\">(1917 &#8211; 1929)<\/span><span style=\"color: var( --e-global-color-text ); font-family: var( --e-global-typography-18e5089-font-family ), Sans-serif; font-size: var( --e-global-typography-18e5089-font-size ); font-weight: var( --e-global-typography-18e5089-font-weight ); letter-spacing: var( --e-global-typography-18e5089-letter-spacing );\">. Mais uma vez, estes pedidos n\u00e3o foram atendidos e, perante este segundo caso de desobedi\u00eancia, Cristo e a Sant\u00edssima Virgem apareceram duas vezes em 1931 \u00e0 Irm\u00e3 L\u00facia (a vidente de F\u00e1tima) para\u00a0<\/span><b style=\"color: var( --e-global-color-text ); font-family: var( --e-global-typography-18e5089-font-family ), Sans-serif; font-size: var( --e-global-typography-18e5089-font-size ); letter-spacing: var( --e-global-typography-18e5089-letter-spacing );\">avisar a Igreja.<\/b><\/p>\t\t\t\t\t\t\t\t<\/div>\n\t\t\t\t<\/div>\n\t\t\t\t\t<\/div>\n\t\t<\/div>\n\t\t\t\t<div class=\"elementor-column elementor-col-50 elementor-top-column elementor-element elementor-element-18571c7\" data-id=\"18571c7\" data-element_type=\"column\" data-e-type=\"column\">\n\t\t\t<div class=\"elementor-widget-wrap elementor-element-populated\">\n\t\t\t\t\t\t<div class=\"elementor-element elementor-element-75daa95 elementor-widget elementor-widget-image\" data-id=\"75daa95\" data-element_type=\"widget\" data-e-type=\"widget\" data-widget_type=\"image.default\">\n\t\t\t\t<div class=\"elementor-widget-container\">\n\t\t\t\t\t\t\t\t\t\t\t\t\t\t\t<img fetchpriority=\"high\" decoding=\"async\" width=\"445\" height=\"343\" src=\"https:\/\/salve-corda.org\/wp-content\/uploads\/2020\/09\/Image9.jpg\" class=\"attachment-large size-large wp-image-276\" alt=\"\" srcset=\"https:\/\/salve-corda.org\/wp-content\/uploads\/2020\/09\/Image9.jpg 445w, https:\/\/salve-corda.org\/wp-content\/uploads\/2020\/09\/Image9-300x231.jpg 300w\" sizes=\"(max-width: 445px) 100vw, 445px\" \/>\t\t\t\t\t\t\t\t\t\t\t\t\t\t\t<\/div>\n\t\t\t\t<\/div>\n\t\t\t\t\t<\/div>\n\t\t<\/div>\n\t\t\t\t\t<\/div>\n\t\t<\/section>\n\t\t\t\t<section class=\"elementor-section elementor-top-section elementor-element elementor-element-80955ef elementor-section-boxed elementor-section-height-default elementor-section-height-default\" data-id=\"80955ef\" data-element_type=\"section\" data-e-type=\"section\">\n\t\t\t\t\t\t<div class=\"elementor-container elementor-column-gap-default\">\n\t\t\t\t\t<div class=\"elementor-column elementor-col-100 elementor-top-column elementor-element elementor-element-3d623e9\" data-id=\"3d623e9\" data-element_type=\"column\" data-e-type=\"column\">\n\t\t\t<div class=\"elementor-widget-wrap elementor-element-populated\">\n\t\t\t\t\t\t<div class=\"elementor-element elementor-element-b86babd elementor-widget elementor-widget-text-editor\" data-id=\"b86babd\" data-element_type=\"widget\" data-e-type=\"widget\" data-widget_type=\"text-editor.default\">\n\t\t\t\t<div class=\"elementor-widget-container\">\n\t\t\t\t\t\t\t\t\t<p style=\"text-align: left;\"><i><span style=\"color: #6288c6;\">\"Que os meus ministros saibam que, uma vez que est\u00e3o a seguir o exemplo do Rei de Fran\u00e7a ao atrasar a execu\u00e7\u00e3o do meu pedido, o seguir\u00e3o na desgra\u00e7a. <\/span><\/i>Cristo \u00e0 Irm\u00e3 L\u00facia, 29 de agosto de 1931<\/p><p>\u00a0<\/p><p style=\"text-align: left;\"><span style=\"font-family: var( --e-global-typography-18e5089-font-family ), Sans-serif; font-size: var( --e-global-typography-18e5089-font-size ); font-weight: var( --e-global-typography-18e5089-font-weight ); letter-spacing: var( --e-global-typography-18e5089-letter-spacing ); text-align: center; color: #6288c6;\"><i>\"Eles n\u00e3o quiseram ouvir o meu pedido. Tal como o Rei de Fran\u00e7a, arrepender-se-\u00e3o.\" <br \/><\/i><\/span><span style=\"color: var( --e-global-color-text ); font-family: var( --e-global-typography-18e5089-font-family ), Sans-serif; font-size: var( --e-global-typography-18e5089-font-size ); font-weight: var( --e-global-typography-18e5089-font-weight ); letter-spacing: var( --e-global-typography-18e5089-letter-spacing ); text-align: center;\">Nossa Senhora \u00e0 Irm\u00e3 L\u00facia, 1931<\/span><\/p>\t\t\t\t\t\t\t\t<\/div>\n\t\t\t\t<\/div>\n\t\t\t\t\t<\/div>\n\t\t<\/div>\n\t\t\t\t\t<\/div>\n\t\t<\/section>\n\t\t\t\t<section class=\"elementor-section elementor-top-section elementor-element elementor-element-04b5295 elementor-section-boxed elementor-section-height-default elementor-section-height-default\" data-id=\"04b5295\" data-element_type=\"section\" data-e-type=\"section\" data-settings=\"{&quot;background_background&quot;:&quot;classic&quot;}\">\n\t\t\t\t\t\t<div class=\"elementor-container elementor-column-gap-default\">\n\t\t\t\t\t<div class=\"elementor-column elementor-col-100 elementor-top-column elementor-element elementor-element-6f3dfb2\" data-id=\"6f3dfb2\" data-element_type=\"column\" data-e-type=\"column\">\n\t\t\t<div class=\"elementor-widget-wrap elementor-element-populated\">\n\t\t\t\t\t\t<div class=\"elementor-element elementor-element-cfbb3ed elementor-widget elementor-widget-heading\" data-id=\"cfbb3ed\" data-element_type=\"widget\" data-e-type=\"widget\" data-widget_type=\"heading.default\">\n\t\t\t\t<div class=\"elementor-widget-container\">\n\t\t\t\t\t<h3 class=\"elementor-heading-title elementor-size-default\">Seguir os pedidos de F\u00e1tima antes de 2029\n<\/h3>\t\t\t\t<\/div>\n\t\t\t\t<\/div>\n\t\t\t\t\t<\/div>\n\t\t<\/div>\n\t\t\t\t\t<\/div>\n\t\t<\/section>\n\t\t\t\t<section class=\"elementor-section elementor-top-section elementor-element elementor-element-32109fb elementor-section-boxed elementor-section-height-default elementor-section-height-default\" data-id=\"32109fb\" data-element_type=\"section\" data-e-type=\"section\" data-settings=\"{&quot;background_background&quot;:&quot;classic&quot;}\">\n\t\t\t\t\t\t<div class=\"elementor-container elementor-column-gap-default\">\n\t\t\t\t\t<div class=\"elementor-column elementor-col-50 elementor-top-column elementor-element elementor-element-5d15614\" data-id=\"5d15614\" data-element_type=\"column\" data-e-type=\"column\">\n\t\t\t<div class=\"elementor-widget-wrap elementor-element-populated\">\n\t\t\t\t\t\t<div class=\"elementor-element elementor-element-3494561 elementor-widget elementor-widget-image\" data-id=\"3494561\" data-element_type=\"widget\" data-e-type=\"widget\" data-widget_type=\"image.default\">\n\t\t\t\t<div class=\"elementor-widget-container\">\n\t\t\t\t\t\t\t\t\t\t\t\t\t\t\t<img decoding=\"async\" width=\"441\" height=\"280\" src=\"https:\/\/salve-corda.org\/wp-content\/uploads\/2020\/09\/Image10.jpg\" class=\"attachment-large size-large wp-image-277\" alt=\"\" srcset=\"https:\/\/salve-corda.org\/wp-content\/uploads\/2020\/09\/Image10.jpg 441w, https:\/\/salve-corda.org\/wp-content\/uploads\/2020\/09\/Image10-300x190.jpg 300w\" sizes=\"(max-width: 441px) 100vw, 441px\" \/>\t\t\t\t\t\t\t\t\t\t\t\t\t\t\t<\/div>\n\t\t\t\t<\/div>\n\t\t\t\t\t<\/div>\n\t\t<\/div>\n\t\t\t\t<div class=\"elementor-column elementor-col-50 elementor-top-column elementor-element elementor-element-ebcb750\" data-id=\"ebcb750\" data-element_type=\"column\" data-e-type=\"column\">\n\t\t\t<div class=\"elementor-widget-wrap elementor-element-populated\">\n\t\t\t\t\t\t<div class=\"elementor-element elementor-element-b9ab99a elementor-widget elementor-widget-text-editor\" data-id=\"b9ab99a\" data-element_type=\"widget\" data-e-type=\"widget\" data-widget_type=\"text-editor.default\">\n\t\t\t\t<div class=\"elementor-widget-container\">\n\t\t\t\t\t\t\t\t\t<p>Este duplo <b>aviso<\/b>\u00a0estabelece uma semelhan\u00e7a entre a recusa dos pedidos do Sagrado Cora\u00e7\u00e3o e a recusa dos pedidos do Imaculado Cora\u00e7\u00e3o de Maria.\u00a0 <span style=\"color: var( --e-global-color-text ); font-family: var( --e-global-typography-18e5089-font-family ), Sans-serif; font-size: var( --e-global-typography-18e5089-font-size ); font-weight: var( --e-global-typography-18e5089-font-weight ); letter-spacing: var( --e-global-typography-18e5089-letter-spacing ); background-color: var( --e-global-color-f890547 );\">Mostra claramente que, se n\u00e3o levarmos a cabo os pedidos feitos pela Sant\u00edssima Virgem em F\u00e1tima, a situa\u00e7\u00e3o no mundo pode tornar-se terr\u00edvel.<\/span><\/p><p>\u00a0<\/p><p>Ora, o \u00faltimo pedido da Sant\u00edssima Virgem foi feito a 13 de junho<b>\u00a01929,<\/b>\u00a0o per\u00edodo de 100 anos terminar\u00e1 em 13 de junho <b>2029<\/b>. Il est\u00a0 donc urgent d\u2019agir pour permettre \u00e0 la Sainte Vierge d&#8217;intervenir comme elle l&#8217;a promis.\u00a0<span style=\"color: var( --e-global-color-text ); font-family: var( --e-global-typography-18e5089-font-family ), Sans-serif; font-size: var( --e-global-typography-18e5089-font-size ); font-weight: var( --e-global-typography-18e5089-font-weight ); letter-spacing: var( --e-global-typography-18e5089-letter-spacing ); background-color: var( --e-global-color-f890547 );\">Quanto mais esperarmos, mais a situa\u00e7\u00e3o se agravar\u00e1<\/span><span style=\"color: var( --e-global-color-text ); font-family: var( --e-global-typography-18e5089-font-family ), Sans-serif; font-size: var( --e-global-typography-18e5089-font-size ); font-weight: var( --e-global-typography-18e5089-font-weight ); letter-spacing: var( --e-global-typography-18e5089-letter-spacing ); background-color: var( --e-global-color-f890547 );\">\u00a0<\/span><span style=\"font-family: var( --e-global-typography-18e5089-font-family ), Sans-serif; font-size: var( --e-global-typography-18e5089-font-size ); font-weight: var( --e-global-typography-18e5089-font-weight ); letter-spacing: var( --e-global-typography-18e5089-letter-spacing ); background-color: var( --e-global-color-f890547 ); color: #6288c6;\"><i><span style=\"font-weight: bold;\">&#8220;horrible, horrible&#8221;<\/span><\/i><\/span><span style=\"color: var( --e-global-color-text ); font-family: var( --e-global-typography-18e5089-font-family ), Sans-serif; font-size: var( --e-global-typography-18e5089-font-size ); font-weight: var( --e-global-typography-18e5089-font-weight ); letter-spacing: var( --e-global-typography-18e5089-letter-spacing ); background-color: var( --e-global-color-f890547 );\">\u00a0<\/span><span style=\"color: var( --e-global-color-text ); font-family: var( --e-global-typography-18e5089-font-family ), Sans-serif; font-size: var( --e-global-typography-18e5089-font-size ); font-weight: var( --e-global-typography-18e5089-font-weight ); letter-spacing: var( --e-global-typography-18e5089-letter-spacing ); background-color: var( --e-global-color-f890547 );\">para usar as palavras exactas da Irm\u00e3 L\u00facia. Portanto, tudo \u00e9 poss\u00edvel se n\u00e3o adiarmos.<\/span><\/p>\t\t\t\t\t\t\t\t<\/div>\n\t\t\t\t<\/div>\n\t\t\t\t\t<\/div>\n\t\t<\/div>\n\t\t\t\t\t<\/div>\n\t\t<\/section>\n\t\t\t\t<section class=\"elementor-section elementor-top-section elementor-element elementor-element-1f1c117 elementor-section-boxed elementor-section-height-default elementor-section-height-default\" data-id=\"1f1c117\" data-element_type=\"section\" data-e-type=\"section\" data-settings=\"{&quot;background_background&quot;:&quot;classic&quot;}\">\n\t\t\t\t\t\t<div class=\"elementor-container elementor-column-gap-default\">\n\t\t\t\t\t<div class=\"elementor-column elementor-col-100 elementor-top-column elementor-element elementor-element-a4555cb\" data-id=\"a4555cb\" data-element_type=\"column\" data-e-type=\"column\">\n\t\t\t<div class=\"elementor-widget-wrap elementor-element-populated\">\n\t\t\t\t\t\t<div class=\"elementor-element elementor-element-2f713f5 elementor-widget elementor-widget-text-editor\" data-id=\"2f713f5\" data-element_type=\"widget\" data-e-type=\"widget\" data-widget_type=\"text-editor.default\">\n\t\t\t\t<div class=\"elementor-widget-container\">\n\t\t\t\t\t\t\t\t\t<p style=\"text-align: left;\"><i>&nbsp;<\/i><span style=\"color: #6288c6;\"><i>\"Nunca \u00e9 demasiado tarde para recorrer aos Cora\u00e7\u00f5es de Jesus e de Maria\". <\/i><\/span>Jacinta (vidente de F\u00e1tima)<\/p>\n<p><i>&nbsp;<\/i><\/p>\n<p style=\"text-align: left;\"><span style=\"color: #6288c6;\"><i>\"No fim, o meu Imaculado Cora\u00e7\u00e3o triunfar\u00e1. <\/i><b><i>O Santo Padre consagrar-me-\u00e1 a R\u00fassia <\/i><\/b><i>e ser\u00e1 dado ao mundo um certo tempo de paz.&nbsp;<\/i><\/span><\/p><p style=\"text-align: left;\">Nossa Senhora em F\u00e1tima, 23 de outubro de 1917<\/p>\t\t\t\t\t\t\t\t<\/div>\n\t\t\t\t<\/div>\n\t\t\t\t\t<\/div>\n\t\t<\/div>\n\t\t\t\t\t<\/div>\n\t\t<\/section>\n\t\t\t\t<\/div>","protected":false},"excerpt":{"rendered":"<p>Pourquoi il n&#8217;est pas trop tard ? UN premier refus des hommes lourd de cons\u00e9quences Pour pr\u00e9server la paix et l\u2019ordre social, le Sacr\u00e9-C\u0153ur \u00e9tait apparu \u00e0 Paray-le-Monial et avait fait des demandes [&hellip;]<\/p>","protected":false},"author":2,"featured_media":0,"parent":0,"menu_order":0,"comment_status":"closed","ping_status":"closed","template":"elementor_header_footer","meta":{"footnotes":""},"class_list":["post-3130","page","type-page","status-publish","hentry"],"_links":{"self":[{"href":"https:\/\/salve-corda.org\/pt\/wp-json\/wp\/v2\/pages\/3130","targetHints":{"allow":["GET"]}}],"collection":[{"href":"https:\/\/salve-corda.org\/pt\/wp-json\/wp\/v2\/pages"}],"about":[{"href":"https:\/\/salve-corda.org\/pt\/wp-json\/wp\/v2\/types\/page"}],"author":[{"embeddable":true,"href":"https:\/\/salve-corda.org\/pt\/wp-json\/wp\/v2\/users\/2"}],"replies":[{"embeddable":true,"href":"https:\/\/salve-corda.org\/pt\/wp-json\/wp\/v2\/comments?post=3130"}],"version-history":[{"count":81,"href":"https:\/\/salve-corda.org\/pt\/wp-json\/wp\/v2\/pages\/3130\/revisions"}],"predecessor-version":[{"id":4726,"href":"https:\/\/salve-corda.org\/pt\/wp-json\/wp\/v2\/pages\/3130\/revisions\/4726"}],"wp:attachment":[{"href":"https:\/\/salve-corda.org\/pt\/wp-json\/wp\/v2\/media?parent=3130"}],"curies":[{"name":"wp","href":"https:\/\/api.w.org\/{rel}","templated":true}]}}