{"id":444,"date":"2020-09-25T14:49:11","date_gmt":"2020-09-25T12:49:11","guid":{"rendered":"https:\/\/salve-corda.org\/?page_id=444"},"modified":"2025-02-04T12:29:12","modified_gmt":"2025-02-04T11:29:12","slug":"mediter-les-negligences-de-lhistoire","status":"publish","type":"page","link":"https:\/\/salve-corda.org\/pt\/mediter-les-negligences-de-lhistoire\/","title":{"rendered":"M\u00e9diter les n\u00e9gligences de l&#8217;histoire"},"content":{"rendered":"<div data-elementor-type=\"wp-page\" data-elementor-id=\"444\" class=\"elementor elementor-444\">\n\t\t\t\t\t\t<section class=\"elementor-section elementor-top-section elementor-element elementor-element-f9167d2 elementor-section-boxed elementor-section-height-default elementor-section-height-default\" data-id=\"f9167d2\" data-element_type=\"section\" data-e-type=\"section\">\n\t\t\t\t\t\t<div class=\"elementor-container elementor-column-gap-default\">\n\t\t\t\t\t<div class=\"elementor-column elementor-col-100 elementor-top-column elementor-element elementor-element-f87253f\" data-id=\"f87253f\" data-element_type=\"column\" data-e-type=\"column\">\n\t\t\t<div class=\"elementor-widget-wrap elementor-element-populated\">\n\t\t\t\t\t\t<div class=\"elementor-element elementor-element-33f19db elementor-widget elementor-widget-spacer\" data-id=\"33f19db\" data-element_type=\"widget\" data-e-type=\"widget\" data-widget_type=\"spacer.default\">\n\t\t\t\t<div class=\"elementor-widget-container\">\n\t\t\t\t\t\t\t<div class=\"elementor-spacer\">\n\t\t\t<div class=\"elementor-spacer-inner\"><\/div>\n\t\t<\/div>\n\t\t\t\t\t\t<\/div>\n\t\t\t\t<\/div>\n\t\t\t\t\t<\/div>\n\t\t<\/div>\n\t\t\t\t\t<\/div>\n\t\t<\/section>\n\t\t\t\t<section class=\"elementor-section elementor-top-section elementor-element elementor-element-0c86489 elementor-section-boxed elementor-section-height-default elementor-section-height-default\" data-id=\"0c86489\" data-element_type=\"section\" data-e-type=\"section\">\n\t\t\t\t\t\t<div class=\"elementor-container elementor-column-gap-default\">\n\t\t\t\t\t<div class=\"elementor-column elementor-col-100 elementor-top-column elementor-element elementor-element-815d35f\" data-id=\"815d35f\" data-element_type=\"column\" data-e-type=\"column\">\n\t\t\t<div class=\"elementor-widget-wrap elementor-element-populated\">\n\t\t\t\t\t\t<div class=\"elementor-element elementor-element-e21480d elementor-widget elementor-widget-heading\" data-id=\"e21480d\" data-element_type=\"widget\" data-e-type=\"widget\" data-widget_type=\"heading.default\">\n\t\t\t\t<div class=\"elementor-widget-container\">\n\t\t\t\t\t<h2 class=\"elementor-heading-title elementor-size-default\">A NEGLIG\u00caNCIA DOS HOMENS PERANTE AS EXIG\u00caNCIAS DOS CORA\u00c7\u00d5ES DE JESUS E MARIA<\/h2>\t\t\t\t<\/div>\n\t\t\t\t<\/div>\n\t\t\t\t\t<\/div>\n\t\t<\/div>\n\t\t\t\t\t<\/div>\n\t\t<\/section>\n\t\t\t\t<section class=\"elementor-section elementor-top-section elementor-element elementor-element-a678870 elementor-section-boxed elementor-section-height-default elementor-section-height-default\" data-id=\"a678870\" data-element_type=\"section\" data-e-type=\"section\">\n\t\t\t\t\t\t<div class=\"elementor-container elementor-column-gap-default\">\n\t\t\t\t\t<div class=\"elementor-column elementor-col-100 elementor-top-column elementor-element elementor-element-ba5ad3c\" data-id=\"ba5ad3c\" data-element_type=\"column\" data-e-type=\"column\">\n\t\t\t<div class=\"elementor-widget-wrap elementor-element-populated\">\n\t\t\t\t\t\t<div class=\"elementor-element elementor-element-a8c50d6 elementor-widget elementor-widget-heading\" data-id=\"a8c50d6\" data-element_type=\"widget\" data-e-type=\"widget\" data-widget_type=\"heading.default\">\n\t\t\t\t<div class=\"elementor-widget-container\">\n\t\t\t\t\t<h3 class=\"elementor-heading-title elementor-size-default\">1 - s\u00e9culo XVIII: recusa de aceitar o apelo do sacro-cofre<\/h3>\t\t\t\t<\/div>\n\t\t\t\t<\/div>\n\t\t\t\t\t<\/div>\n\t\t<\/div>\n\t\t\t\t\t<\/div>\n\t\t<\/section>\n\t\t\t\t<section class=\"elementor-section elementor-top-section elementor-element elementor-element-7fb00ac elementor-section-boxed elementor-section-height-default elementor-section-height-default\" data-id=\"7fb00ac\" data-element_type=\"section\" data-e-type=\"section\">\n\t\t\t\t\t\t<div class=\"elementor-container elementor-column-gap-default\">\n\t\t\t\t\t<div class=\"elementor-column elementor-col-50 elementor-top-column elementor-element elementor-element-23654de\" data-id=\"23654de\" data-element_type=\"column\" data-e-type=\"column\">\n\t\t\t<div class=\"elementor-widget-wrap elementor-element-populated\">\n\t\t\t\t\t\t<div class=\"elementor-element elementor-element-26d0115 elementor-widget elementor-widget-text-editor\" data-id=\"26d0115\" data-element_type=\"widget\" data-e-type=\"widget\" data-widget_type=\"text-editor.default\">\n\t\t\t\t<div class=\"elementor-widget-container\">\n\t\t\t\t\t\t\t\t\t<p><span style=\"color: var( --e-global-color-text ); font-family: var( --e-global-typography-18e5089-font-family ), Sans-serif; font-size: var( --e-global-typography-18e5089-font-size ); font-weight: var( --e-global-typography-18e5089-font-weight ); letter-spacing: var( --e-global-typography-18e5089-letter-spacing );\">\u00a0<\/span><\/p><p><span style=\"color: var( --e-global-color-text ); font-family: var( --e-global-typography-18e5089-font-family ), Sans-serif; font-size: var( --e-global-typography-18e5089-font-size ); font-weight: var( --e-global-typography-18e5089-font-weight ); letter-spacing: var( --e-global-typography-18e5089-letter-spacing );\">Les apparitions du Sacr\u00e9-C\u0153ur \u00e0 Paray-le-Monial se sont cl\u00f4tur\u00e9es le 17 juin 1689. Ce jour-l\u00e0, le Christ a r\u00e9v\u00e9l\u00e9 \u00e0 Sainte Marguerite-Marie qu&#8217;il voulait la cons\u00e9cration officielle du Roi de France au Sacr\u00e9-C\u0153ur, et l\u2019apposition de son\u00a0<\/span><span style=\"color: var( --e-global-color-text ); font-family: var( --e-global-typography-18e5089-font-family ), Sans-serif; font-size: var( --e-global-typography-18e5089-font-size ); font-weight: var( --e-global-typography-18e5089-font-weight ); letter-spacing: var( --e-global-typography-18e5089-letter-spacing );\">Cora\u00e7\u00e3o<\/span><span style=\"color: var( --e-global-color-text ); font-family: var( --e-global-typography-18e5089-font-family ), Sans-serif; font-size: var( --e-global-typography-18e5089-font-size ); font-weight: var( --e-global-typography-18e5089-font-weight ); letter-spacing: var( --e-global-typography-18e5089-letter-spacing );\">\u00a0sur les armes de la France. Ses demandes n&#8217;ont h\u00e9las pas \u00e9t\u00e9 r\u00e9alis\u00e9es et le<\/span><span style=\"color: var( --e-global-color-text ); font-family: var( --e-global-typography-18e5089-font-family ), Sans-serif; font-size: var( --e-global-typography-18e5089-font-size ); font-weight: var( --e-global-typography-18e5089-font-weight ); letter-spacing: var( --e-global-typography-18e5089-letter-spacing );\">\u00a017 de junho de 1789, um s\u00e9culo mais tarde <\/span><u style=\"color: var( --e-global-color-text ); font-family: var( --e-global-typography-18e5089-font-family ), Sans-serif; font-size: var( --e-global-typography-18e5089-font-size ); font-weight: var( --e-global-typography-18e5089-font-weight ); letter-spacing: var( --e-global-typography-18e5089-letter-spacing );\"><b>dia ap\u00f3s dia<\/b><\/u><span style=\"color: var( --e-global-color-text ); font-family: var( --e-global-typography-18e5089-font-family ), Sans-serif; font-size: var( --e-global-typography-18e5089-font-size ); font-weight: var( --e-global-typography-18e5089-font-weight ); letter-spacing: var( --e-global-typography-18e5089-letter-spacing );\">Os Estados Gerais reuniram-se para abolir o poder real.\u00a0<\/span><\/p><p><span style=\"color: var( --e-global-color-text ); font-family: var( --e-global-typography-18e5089-font-family ), Sans-serif; font-size: var( --e-global-typography-18e5089-font-size ); font-weight: var( --e-global-typography-18e5089-font-weight ); letter-spacing: var( --e-global-typography-18e5089-letter-spacing );\">\u00a0<\/span><\/p><p><span style=\"color: var( --e-global-color-text ); font-family: var( --e-global-typography-18e5089-font-family ), Sans-serif; font-size: var( --e-global-typography-18e5089-font-size ); font-weight: var( --e-global-typography-18e5089-font-weight ); letter-spacing: var( --e-global-typography-18e5089-letter-spacing );\">Come\u00e7ou a Revolu\u00e7\u00e3o Francesa, que matou centenas de milhares de camponeses, nobres e cl\u00e9rigos. Esta mesma revolu\u00e7\u00e3o conduziu depois \u00e0s guerras napole\u00f3nicas, precursoras das guerras mundiais. Estas mudan\u00e7as terr\u00edveis podem ser vistas como <\/span><b style=\"color: var( --e-global-color-text ); font-family: var( --e-global-typography-18e5089-font-family ), Sans-serif; font-size: var( --e-global-typography-18e5089-font-size ); letter-spacing: var( --e-global-typography-18e5089-letter-spacing );\">as consequ\u00eancias da recusa de implementar os pedidos do Sagrado Cora\u00e7\u00e3o.<\/b><\/p>\t\t\t\t\t\t\t\t<\/div>\n\t\t\t\t<\/div>\n\t\t\t\t\t<\/div>\n\t\t<\/div>\n\t\t\t\t<div class=\"elementor-column elementor-col-50 elementor-top-column elementor-element elementor-element-af65bb9\" data-id=\"af65bb9\" data-element_type=\"column\" data-e-type=\"column\">\n\t\t\t<div class=\"elementor-widget-wrap elementor-element-populated\">\n\t\t\t\t\t\t<div class=\"elementor-element elementor-element-f016b1e elementor-widget elementor-widget-image\" data-id=\"f016b1e\" data-element_type=\"widget\" data-e-type=\"widget\" data-widget_type=\"image.default\">\n\t\t\t\t<div class=\"elementor-widget-container\">\n\t\t\t\t\t\t\t\t\t\t\t\t\t\t\t<img fetchpriority=\"high\" decoding=\"async\" width=\"522\" height=\"608\" src=\"https:\/\/salve-corda.org\/wp-content\/uploads\/2021\/07\/revolution.png\" class=\"attachment-large size-large wp-image-788\" alt=\"\" srcset=\"https:\/\/salve-corda.org\/wp-content\/uploads\/2021\/07\/revolution.png 522w, https:\/\/salve-corda.org\/wp-content\/uploads\/2021\/07\/revolution-258x300.png 258w\" sizes=\"(max-width: 522px) 100vw, 522px\" \/>\t\t\t\t\t\t\t\t\t\t\t\t\t\t\t<\/div>\n\t\t\t\t<\/div>\n\t\t\t\t\t<\/div>\n\t\t<\/div>\n\t\t\t\t\t<\/div>\n\t\t<\/section>\n\t\t\t\t<section class=\"elementor-section elementor-top-section elementor-element elementor-element-eacccf8 elementor-section-boxed elementor-section-height-default elementor-section-height-default\" data-id=\"eacccf8\" data-element_type=\"section\" data-e-type=\"section\" data-settings=\"{&quot;background_background&quot;:&quot;classic&quot;}\">\n\t\t\t\t\t\t<div class=\"elementor-container elementor-column-gap-default\">\n\t\t\t\t\t<div class=\"elementor-column elementor-col-100 elementor-top-column elementor-element elementor-element-ecc13fb\" data-id=\"ecc13fb\" data-element_type=\"column\" data-e-type=\"column\">\n\t\t\t<div class=\"elementor-widget-wrap elementor-element-populated\">\n\t\t\t\t\t\t<div class=\"elementor-element elementor-element-304f966 elementor-widget elementor-widget-heading\" data-id=\"304f966\" data-element_type=\"widget\" data-e-type=\"widget\" data-widget_type=\"heading.default\">\n\t\t\t\t<div class=\"elementor-widget-container\">\n\t\t\t\t\t<h3 class=\"elementor-heading-title elementor-size-default\">2 - A rea\u00e7\u00e3o tardia dos homens mais de 100 anos depois \n<\/h3>\t\t\t\t<\/div>\n\t\t\t\t<\/div>\n\t\t\t\t\t<\/div>\n\t\t<\/div>\n\t\t\t\t\t<\/div>\n\t\t<\/section>\n\t\t\t\t<section class=\"elementor-section elementor-top-section elementor-element elementor-element-b77e2b5 elementor-section-boxed elementor-section-height-default elementor-section-height-default\" data-id=\"b77e2b5\" data-element_type=\"section\" data-e-type=\"section\" data-settings=\"{&quot;background_background&quot;:&quot;classic&quot;}\">\n\t\t\t\t\t\t<div class=\"elementor-container elementor-column-gap-default\">\n\t\t\t\t\t<div class=\"elementor-column elementor-col-50 elementor-top-column elementor-element elementor-element-8abb034\" data-id=\"8abb034\" data-element_type=\"column\" data-e-type=\"column\">\n\t\t\t<div class=\"elementor-widget-wrap elementor-element-populated\">\n\t\t\t\t\t\t<div class=\"elementor-element elementor-element-32bd5ba elementor-widget elementor-widget-image\" data-id=\"32bd5ba\" data-element_type=\"widget\" data-e-type=\"widget\" data-widget_type=\"image.default\">\n\t\t\t\t<div class=\"elementor-widget-container\">\n\t\t\t\t\t\t\t\t\t\t\t\t\t\t\t<img decoding=\"async\" width=\"640\" height=\"601\" src=\"https:\/\/salve-corda.org\/wp-content\/uploads\/2021\/07\/montmartre.png\" class=\"attachment-large size-large wp-image-789\" alt=\"\" srcset=\"https:\/\/salve-corda.org\/wp-content\/uploads\/2021\/07\/montmartre.png 683w, https:\/\/salve-corda.org\/wp-content\/uploads\/2021\/07\/montmartre-300x282.png 300w\" sizes=\"(max-width: 640px) 100vw, 640px\" \/>\t\t\t\t\t\t\t\t\t\t\t\t\t\t\t<\/div>\n\t\t\t\t<\/div>\n\t\t\t\t\t<\/div>\n\t\t<\/div>\n\t\t\t\t<div class=\"elementor-column elementor-col-50 elementor-top-column elementor-element elementor-element-9e54960\" data-id=\"9e54960\" data-element_type=\"column\" data-e-type=\"column\">\n\t\t\t<div class=\"elementor-widget-wrap elementor-element-populated\">\n\t\t\t\t\t\t<div class=\"elementor-element elementor-element-6d6070f elementor-widget elementor-widget-text-editor\" data-id=\"6d6070f\" data-element_type=\"widget\" data-e-type=\"widget\" data-widget_type=\"text-editor.default\">\n\t\t\t\t<div class=\"elementor-widget-container\">\n\t\t\t\t\t\t\t\t\t<p><span style=\"color: var( --e-global-color-text ); font-family: var( --e-global-typography-18e5089-font-family ), Sans-serif; font-size: var( --e-global-typography-18e5089-font-size ); font-weight: var( --e-global-typography-18e5089-font-weight ); letter-spacing: var( --e-global-typography-18e5089-letter-spacing ); background-color: var( --e-global-color-f890547 );\">Ap\u00f3s a sua deposi\u00e7\u00e3o, Lu\u00eds XVI compreende o seu erro e o dos seus antecessores. Na pris\u00e3o (<\/span><span style=\"color: var( --e-global-color-text ); font-family: var( --e-global-typography-18e5089-font-family ), Sans-serif; font-size: var( --e-global-typography-18e5089-font-size ); font-weight: var( --e-global-typography-18e5089-font-weight ); letter-spacing: var( --e-global-typography-18e5089-letter-spacing ); background-color: var( --e-global-color-f890547 );\">julho de 1792)<\/span><span style=\"color: var( --e-global-color-text ); font-family: var( --e-global-typography-18e5089-font-family ), Sans-serif; font-size: var( --e-global-typography-18e5089-font-size ); font-weight: var( --e-global-typography-18e5089-font-weight ); letter-spacing: var( --e-global-typography-18e5089-letter-spacing ); background-color: var( --e-global-color-f890547 );\">\u00a0il fera le v\u0153u d&#8217;ob\u00e9ir au\u00a0<\/span><span style=\"color: var( --e-global-color-text ); font-family: var( --e-global-typography-18e5089-font-family ), Sans-serif; font-size: var( --e-global-typography-18e5089-font-size ); font-weight: var( --e-global-typography-18e5089-font-weight ); letter-spacing: var( --e-global-typography-18e5089-letter-spacing ); background-color: var( --e-global-color-f890547 );\">Sacr\u00e9-C\u0153ur<\/span><span style=\"color: var( --e-global-color-text ); font-family: var( --e-global-typography-18e5089-font-family ), Sans-serif; font-size: var( --e-global-typography-18e5089-font-size ); font-weight: var( --e-global-typography-18e5089-font-weight ); letter-spacing: var( --e-global-typography-18e5089-letter-spacing ); background-color: var( --e-global-color-f890547 );\">\u00a0et de r\u00e9aliser ses demandes s&#8217;il revenait sur le tr\u00f4ne de France.\u00a0<\/span><span style=\"color: var( --e-global-color-text ); font-family: var( --e-global-typography-18e5089-font-family ), Sans-serif; font-size: var( --e-global-typography-18e5089-font-size ); font-weight: var( --e-global-typography-18e5089-font-weight ); letter-spacing: var( --e-global-typography-18e5089-letter-spacing ); background-color: var( --e-global-color-f890547 );\"><span style=\"font-weight: bold;\">Mas j\u00e1 era demasiado tarde<\/span><\/span><span style=\"color: var( --e-global-color-text ); font-family: var( --e-global-typography-18e5089-font-family ), Sans-serif; font-size: var( --e-global-typography-18e5089-font-size ); font-weight: var( --e-global-typography-18e5089-font-weight ); letter-spacing: var( --e-global-typography-18e5089-letter-spacing ); background-color: var( --e-global-color-f890547 );\">\u00a0porque j\u00e1 n\u00e3o detinha o poder. No entanto, este ato deu origem a um novo fervor pelo Sagrado Cora\u00e7\u00e3o. Para restaurar uma Fran\u00e7a cat\u00f3lica, o\u00a0<\/span><span style=\"color: var( --e-global-color-text ); font-family: var( --e-global-typography-18e5089-font-family ), Sans-serif; font-size: var( --e-global-typography-18e5089-font-size ); font-weight: var( --e-global-typography-18e5089-font-weight ); letter-spacing: var( --e-global-typography-18e5089-letter-spacing ); background-color: var( --e-global-color-f890547 );\">os vend\u00e9ens erguer-se-\u00e3o com a ins\u00edgnia do Sagrado Cora\u00e7\u00e3o ao peito.\u00a0<\/span><\/p><p><span style=\"color: var( --e-global-color-text ); font-family: var( --e-global-typography-18e5089-font-family ), Sans-serif; font-size: var( --e-global-typography-18e5089-font-size ); font-weight: var( --e-global-typography-18e5089-font-weight ); letter-spacing: var( --e-global-typography-18e5089-letter-spacing ); background-color: var( --e-global-color-f890547 );\">\u00a0<\/span><\/p><p>\u00a0<\/p><p>Les martyres des guerres de Vend\u00e9e seront la semence de la d\u00e9votion au Sacr\u00e9-C\u0153ur. Au XIX\u00e8me si\u00e8cle cette d\u00e9votion s&#8217;\u00e9tendra partout. D&#8217;innombrables \u00e9glises, vitraux, statues seront \u00e9rig\u00e9es en son honneur. D<span style=\"color: var( --e-global-color-text ); font-family: var( --e-global-typography-18e5089-font-family ), Sans-serif; font-size: var( --e-global-typography-18e5089-font-size ); font-weight: var( --e-global-typography-18e5089-font-weight ); letter-spacing: var( --e-global-typography-18e5089-letter-spacing ); background-color: var( --e-global-color-f890547 );\">Ser\u00e3o fundadas ordens religiosas dedicadas ao Sagrado Cora\u00e7\u00e3o de Jesus<\/span><span style=\"color: var( --e-global-color-text ); font-family: var( --e-global-typography-18e5089-font-family ), Sans-serif; font-size: var( --e-global-typography-18e5089-font-size ); font-weight: var( --e-global-typography-18e5089-font-weight ); letter-spacing: var( --e-global-typography-18e5089-letter-spacing ); background-color: var( --e-global-color-f890547 );\">\u00a0e viajou por todo o mundo. O Papa Pio IX alargou a festa do Sagrado Cora\u00e7\u00e3o a toda a Igreja e a Fran\u00e7a construiu a sua pr\u00f3pria bas\u00edlica em Paris.\u00a0<\/span><\/p><p><span style=\"color: var( --e-global-color-text ); font-family: var( --e-global-typography-18e5089-font-family ), Sans-serif; font-size: var( --e-global-typography-18e5089-font-size ); font-weight: var( --e-global-typography-18e5089-font-weight ); letter-spacing: var( --e-global-typography-18e5089-letter-spacing ); background-color: var( --e-global-color-f890547 );\">Perante tal repara\u00e7\u00e3o, Cristo enviar-nos-\u00e1 uma segunda oportunidade de salva\u00e7\u00e3o: <\/span><b style=\"color: var( --e-global-color-text ); font-family: var( --e-global-typography-18e5089-font-family ), Sans-serif; font-size: var( --e-global-typography-18e5089-font-size ); letter-spacing: var( --e-global-typography-18e5089-letter-spacing ); background-color: var( --e-global-color-f890547 );\">a sua m\u00e3e.<\/b><\/p>\t\t\t\t\t\t\t\t<\/div>\n\t\t\t\t<\/div>\n\t\t\t\t\t<\/div>\n\t\t<\/div>\n\t\t\t\t\t<\/div>\n\t\t<\/section>\n\t\t\t\t<section class=\"elementor-section elementor-top-section elementor-element elementor-element-e857d31 elementor-section-boxed elementor-section-height-default elementor-section-height-default\" data-id=\"e857d31\" data-element_type=\"section\" data-e-type=\"section\">\n\t\t\t\t\t\t<div class=\"elementor-container elementor-column-gap-default\">\n\t\t\t\t\t<div class=\"elementor-column elementor-col-100 elementor-top-column elementor-element elementor-element-57144c4\" data-id=\"57144c4\" data-element_type=\"column\" data-e-type=\"column\">\n\t\t\t<div class=\"elementor-widget-wrap elementor-element-populated\">\n\t\t\t\t\t\t<div class=\"elementor-element elementor-element-cfee38e elementor-widget elementor-widget-heading\" data-id=\"cfee38e\" data-element_type=\"widget\" data-e-type=\"widget\" data-widget_type=\"heading.default\">\n\t\t\t\t<div class=\"elementor-widget-container\">\n\t\t\t\t\t<h3 class=\"elementor-heading-title elementor-size-default\">3 - O apelo do Cora\u00e7\u00e3o Imaculado de Maria e a 2\u00aa recusa dos homens<\/h3>\t\t\t\t<\/div>\n\t\t\t\t<\/div>\n\t\t\t\t<div class=\"elementor-element elementor-element-b5de845 elementor-widget elementor-widget-text-editor\" data-id=\"b5de845\" data-element_type=\"widget\" data-e-type=\"widget\" data-widget_type=\"text-editor.default\">\n\t\t\t\t<div class=\"elementor-widget-container\">\n\t\t\t\t\t\t\t\t\t<p style=\"text-align: left;\">Durante a segunda metade do s\u00e9culo XIX, teve in\u00edcio uma s\u00e9rie de apari\u00e7\u00f5es marianas, \u00fanicas na hist\u00f3ria do mundo pela sua densidade e pelo alcance das suas mensagens: a Rue du Bac, Lourdes, La Salette, Pellevoisin (todas reconhecidas pela Igreja). Este ciclo ser\u00e1 coroado por <b>F\u00e1tima e a devo\u00e7\u00e3o a\u00a0<\/b><span style=\"color: var( --e-global-color-text ); font-family: var( --e-global-typography-18e5089-font-family ), Sans-serif; font-size: var( --e-global-typography-18e5089-font-size ); letter-spacing: var( --e-global-typography-18e5089-letter-spacing ); text-align: justify;\"><b>Cora\u00e7\u00e3o<\/b><\/span><b style=\"color: var( --e-global-color-text ); font-family: var( --e-global-typography-18e5089-font-family ), Sans-serif; font-size: var( --e-global-typography-18e5089-font-size ); letter-spacing: var( --e-global-typography-18e5089-letter-spacing );\">\u00a0Imaculado Cora\u00e7\u00e3o de Maria.<\/b><span style=\"color: var( --e-global-color-text ); font-family: var( --e-global-typography-18e5089-font-family ), Sans-serif; font-size: var( --e-global-typography-18e5089-font-size ); font-weight: var( --e-global-typography-18e5089-font-weight ); letter-spacing: var( --e-global-typography-18e5089-letter-spacing );\">\u00a0Como o\u00a0<\/span><span style=\"color: var( --e-global-color-text ); font-family: var( --e-global-typography-18e5089-font-family ), Sans-serif; font-size: var( --e-global-typography-18e5089-font-size ); font-weight: var( --e-global-typography-18e5089-font-weight ); letter-spacing: var( --e-global-typography-18e5089-letter-spacing ); text-align: justify;\">Sacr\u00e9-C\u0153ur<\/span><span style=\"color: var( --e-global-color-text ); font-family: var( --e-global-typography-18e5089-font-family ), Sans-serif; font-size: var( --e-global-typography-18e5089-font-size ); font-weight: var( --e-global-typography-18e5089-font-weight ); letter-spacing: var( --e-global-typography-18e5089-letter-spacing );\">No ano 2000, a Sant\u00edssima Virgem far\u00e1 pedidos para travar o progresso do Mal na terra e salvar as almas dos pecadores do Inferno. Estes pedidos ser\u00e3o dirigidos aos fi\u00e9is e ao Papa.<\/span><\/p><p style=\"text-align: left;\"><span style=\"color: var( --e-global-color-text ); font-family: var( --e-global-typography-18e5089-font-family ), Sans-serif; font-size: var( --e-global-typography-18e5089-font-size ); font-weight: var( --e-global-typography-18e5089-font-weight ); letter-spacing: var( --e-global-typography-18e5089-letter-spacing );\">\u00a0<\/span><\/p><p style=\"text-align: left;\"><span style=\"color: #6288c6;\"><em>\"Se fizermos o que vos vou dizer, muitas almas se salvar\u00e3o e teremos paz\".<\/em><\/span><\/p><p style=\"text-align: left;\"><span style=\"color: #6288c6;\"><em>\u00a0<\/em><\/span><\/p><p style=\"text-align: left;\"><span style=\"color: #6288c6;\"><em>\"Para evitar isto (guerras e persegui\u00e7\u00f5es), venho pedir a <u>consagra\u00e7\u00e3o da R\u00fassia ao meu <\/u><u>Cora\u00e7\u00e3o<\/u><u> Imaculado<\/u> (pelo Papa e pelos Bispos) e <u>Comunh\u00e3o reparadora no primeiro s\u00e1bado do m\u00eas<\/u>. <i>\"<\/i><\/em><\/span><\/p><p style=\"text-align: left;\"><span style=\"color: #6288c6;\"><em><i>\u00a0<\/i><\/em><\/span><\/p><p style=\"text-align: left;\"><span style=\"color: #6288c6;\">\"<\/span><i style=\"color: #6288c6;\">\u00a0A guerra ou a paz dependem da pr\u00e1tica dos primeiros s\u00e1bados do m\u00eas e da consagra\u00e7\u00e3o da R\u00fassia.<\/i><span style=\"color: #6288c6;\"><em><i><br \/><\/i><\/em><\/span><\/p><p style=\"text-align: left;\">\u00a0<\/p>\t\t\t\t\t\t\t\t<\/div>\n\t\t\t\t<\/div>\n\t\t\t\t\t<\/div>\n\t\t<\/div>\n\t\t\t\t\t<\/div>\n\t\t<\/section>\n\t\t\t\t<section class=\"elementor-section elementor-top-section elementor-element elementor-element-a504fa0 elementor-section-boxed elementor-section-height-default elementor-section-height-default\" data-id=\"a504fa0\" data-element_type=\"section\" data-e-type=\"section\">\n\t\t\t\t\t\t<div class=\"elementor-container elementor-column-gap-default\">\n\t\t\t\t\t<div class=\"elementor-column elementor-col-50 elementor-top-column elementor-element elementor-element-f224d4b\" data-id=\"f224d4b\" data-element_type=\"column\" data-e-type=\"column\">\n\t\t\t<div class=\"elementor-widget-wrap elementor-element-populated\">\n\t\t\t\t\t\t<div class=\"elementor-element elementor-element-329f799 elementor-widget elementor-widget-text-editor\" data-id=\"329f799\" data-element_type=\"widget\" data-e-type=\"widget\" data-widget_type=\"text-editor.default\">\n\t\t\t\t<div class=\"elementor-widget-container\">\n\t\t\t\t\t\t\t\t\t<p style=\"text-align: left;\">Pour la deuxi\u00e8me fois les fid\u00e8les se d\u00e9sint\u00e9resseront de ces demandes et n&#8217;appliqueront pas <b>A pedido, no primeiro s\u00e1bado do m\u00eas.<\/b>\u00a0Quant au Pape Pie XI, \u00e0 l&#8217;instar de Louis XIV, il ne r\u00e9alisera pas les demandes de Fatima.\u00a0<\/p><p style=\"text-align: left;\">Em 1931, Cristo e depois a Sant\u00edssima Virgem apareceram \u00e0 Irm\u00e3 L\u00facia e falaram de\u00a0<span style=\"font-weight: bold;\">em duas ocasi\u00f5es\u00a0<\/span>\u00a0a semelhan\u00e7a da situa\u00e7\u00e3o :<\/p><p>\u00a0<\/p><p style=\"text-align: left;\"><em><span style=\"color: #6288c6;\">\"Que os meus Ministros saibam que, uma vez que est\u00e3o a seguir o exemplo do Rei de Fran\u00e7a ao atrasar a execu\u00e7\u00e3o do meu pedido, o seguir\u00e3o na desgra\u00e7a.<\/span><\/em><\/p><p style=\"text-align: right;\"><i>Cristo primavera de 1931 em\u00a0<\/i><i>Rianjo<\/i><\/p><p>\u00a0<\/p><p style=\"text-align: left;\"><em><span style=\"color: #6288c6;\">\u00a0<\/span><\/em><em><span style=\"color: #6288c6;\">\"Eles n\u00e3o quiseram ouvir o meu pedido! Tal como o rei de Fran\u00e7a, arrepender-se-\u00e3o.\u00a0<\/span><\/em><\/p><p style=\"text-align: left;\"><i>A Virgem Sant\u00edssima em\u00a0<\/i><i>Rianjo<\/i><i>\u00a0ver\u00e3o\u00a0<\/i><i>1931<\/i><\/p><p style=\"text-align: left;\"><i>\u00a0<\/i><\/p><p>O Papa Pio XI morreu em fevereiro de 1939 e a Segunda Guerra Mundial come\u00e7ou alguns meses mais tarde.<\/p>\t\t\t\t\t\t\t\t<\/div>\n\t\t\t\t<\/div>\n\t\t\t\t\t<\/div>\n\t\t<\/div>\n\t\t\t\t<div class=\"elementor-column elementor-col-50 elementor-top-column elementor-element elementor-element-0e78288\" data-id=\"0e78288\" data-element_type=\"column\" data-e-type=\"column\">\n\t\t\t<div class=\"elementor-widget-wrap elementor-element-populated\">\n\t\t\t\t\t\t<div class=\"elementor-element elementor-element-317d15e elementor-widget elementor-widget-image\" data-id=\"317d15e\" data-element_type=\"widget\" data-e-type=\"widget\" data-widget_type=\"image.default\">\n\t\t\t\t<div class=\"elementor-widget-container\">\n\t\t\t\t\t\t\t\t\t\t\t\t\t\t\t<img decoding=\"async\" width=\"640\" height=\"426\" src=\"https:\/\/salve-corda.org\/wp-content\/uploads\/2021\/07\/guerre-1.png\" class=\"attachment-large size-large wp-image-791\" alt=\"\" srcset=\"https:\/\/salve-corda.org\/wp-content\/uploads\/2021\/07\/guerre-1.png 675w, https:\/\/salve-corda.org\/wp-content\/uploads\/2021\/07\/guerre-1-300x200.png 300w\" sizes=\"(max-width: 640px) 100vw, 640px\" \/>\t\t\t\t\t\t\t\t\t\t\t\t\t\t\t<\/div>\n\t\t\t\t<\/div>\n\t\t\t\t\t<\/div>\n\t\t<\/div>\n\t\t\t\t\t<\/div>\n\t\t<\/section>\n\t\t\t\t<section class=\"elementor-section elementor-top-section elementor-element elementor-element-9c65dc7 elementor-section-boxed elementor-section-height-default elementor-section-height-default\" data-id=\"9c65dc7\" data-element_type=\"section\" data-e-type=\"section\" data-settings=\"{&quot;background_background&quot;:&quot;classic&quot;}\">\n\t\t\t\t\t\t<div class=\"elementor-container elementor-column-gap-default\">\n\t\t\t\t\t<div class=\"elementor-column elementor-col-100 elementor-top-column elementor-element elementor-element-8715cad\" data-id=\"8715cad\" data-element_type=\"column\" data-e-type=\"column\">\n\t\t\t<div class=\"elementor-widget-wrap elementor-element-populated\">\n\t\t\t\t\t\t<div class=\"elementor-element elementor-element-92c6191 elementor-widget elementor-widget-heading\" data-id=\"92c6191\" data-element_type=\"widget\" data-e-type=\"widget\" data-widget_type=\"heading.default\">\n\t\t\t\t<div class=\"elementor-widget-container\">\n\t\t\t\t\t<h3 class=\"elementor-heading-title elementor-size-default\">4 - CONSEQU\u00caNCIAS DA RECUSA NO S\u00c9CULO XX : Guerras e totalitarismos <span style=\"color: var( --e-global-color-d0f9407 );font-family: var( --e-global-typography-de41d25-font-family ), Sans-serif;font-size: var( --e-global-typography-de41d25-font-size );font-weight: var( --e-global-typography-de41d25-font-weight );letter-spacing: var( --e-global-typography-de41d25-letter-spacing );text-transform: var( --e-global-typography-de41d25-text-transform );background-color: var( --e-global-color-f890547 )\"><\/span><br><\/h3>\t\t\t\t<\/div>\n\t\t\t\t<\/div>\n\t\t\t\t\t<\/div>\n\t\t<\/div>\n\t\t\t\t\t<\/div>\n\t\t<\/section>\n\t\t\t\t<section class=\"elementor-section elementor-top-section elementor-element elementor-element-4604821 elementor-section-boxed elementor-section-height-default elementor-section-height-default\" data-id=\"4604821\" data-element_type=\"section\" data-e-type=\"section\" data-settings=\"{&quot;background_background&quot;:&quot;classic&quot;}\">\n\t\t\t\t\t\t<div class=\"elementor-container elementor-column-gap-default\">\n\t\t\t\t\t<div class=\"elementor-column elementor-col-100 elementor-top-column elementor-element elementor-element-2356761\" data-id=\"2356761\" data-element_type=\"column\" data-e-type=\"column\">\n\t\t\t<div class=\"elementor-widget-wrap elementor-element-populated\">\n\t\t\t\t\t\t<div class=\"elementor-element elementor-element-57755d0 elementor-widget elementor-widget-text-editor\" data-id=\"57755d0\" data-element_type=\"widget\" data-e-type=\"widget\" data-widget_type=\"text-editor.default\">\n\t\t\t\t<div class=\"elementor-widget-container\">\n\t\t\t\t\t\t\t\t\t<p><span style=\"text-align: left;\">Malheureusement, les demandes de la Sainte Vierge n\u2019ont pas \u00e9t\u00e9 suivies au XX\u00e8me si\u00e8cle, la deuxi\u00e8me guerre mondiale a \u00e9clat\u00e9, et les dictateurs meurtriers n&#8217;ont cess\u00e9 leurs massacres et pers\u00e9cutions. Hitler, Staline, Pol Pot, Mao, etc.<\/span><br><\/p>\t\t\t\t\t\t\t\t<\/div>\n\t\t\t\t<\/div>\n\t\t\t\t\t<\/div>\n\t\t<\/div>\n\t\t\t\t\t<\/div>\n\t\t<\/section>\n\t\t\t\t<section class=\"elementor-section elementor-top-section elementor-element elementor-element-16b8a50 elementor-section-boxed elementor-section-height-default elementor-section-height-default\" data-id=\"16b8a50\" data-element_type=\"section\" data-e-type=\"section\" data-settings=\"{&quot;background_background&quot;:&quot;classic&quot;}\">\n\t\t\t\t\t\t<div class=\"elementor-container elementor-column-gap-default\">\n\t\t\t\t\t<div class=\"elementor-column elementor-col-50 elementor-top-column elementor-element elementor-element-7124357\" data-id=\"7124357\" data-element_type=\"column\" data-e-type=\"column\">\n\t\t\t<div class=\"elementor-widget-wrap elementor-element-populated\">\n\t\t\t\t\t\t<div class=\"elementor-element elementor-element-2244639 elementor-widget elementor-widget-image\" data-id=\"2244639\" data-element_type=\"widget\" data-e-type=\"widget\" data-widget_type=\"image.default\">\n\t\t\t\t<div class=\"elementor-widget-container\">\n\t\t\t\t\t\t\t\t\t\t\t\t\t\t\t<img loading=\"lazy\" decoding=\"async\" width=\"640\" height=\"273\" src=\"https:\/\/salve-corda.org\/wp-content\/uploads\/2021\/07\/mur-de-berlin-768x327.png\" class=\"attachment-medium_large size-medium_large wp-image-795\" alt=\"\" srcset=\"https:\/\/salve-corda.org\/wp-content\/uploads\/2021\/07\/mur-de-berlin-768x327.png 768w, https:\/\/salve-corda.org\/wp-content\/uploads\/2021\/07\/mur-de-berlin-300x128.png 300w, https:\/\/salve-corda.org\/wp-content\/uploads\/2021\/07\/mur-de-berlin-1024x436.png 1024w, https:\/\/salve-corda.org\/wp-content\/uploads\/2021\/07\/mur-de-berlin.png 1418w\" sizes=\"(max-width: 640px) 100vw, 640px\" \/>\t\t\t\t\t\t\t\t\t\t\t\t\t\t\t<\/div>\n\t\t\t\t<\/div>\n\t\t\t\t\t<\/div>\n\t\t<\/div>\n\t\t\t\t<div class=\"elementor-column elementor-col-50 elementor-top-column elementor-element elementor-element-5ffaac7\" data-id=\"5ffaac7\" data-element_type=\"column\" data-e-type=\"column\">\n\t\t\t<div class=\"elementor-widget-wrap elementor-element-populated\">\n\t\t\t\t\t\t<div class=\"elementor-element elementor-element-576ecfd elementor-widget elementor-widget-text-editor\" data-id=\"576ecfd\" data-element_type=\"widget\" data-e-type=\"widget\" data-widget_type=\"text-editor.default\">\n\t\t\t\t<div class=\"elementor-widget-container\">\n\t\t\t\t\t\t\t\t\t<p><span style=\"color: var( --e-global-color-text ); font-family: var( --e-global-typography-text-font-family ), Sans-serif; font-size: var( --e-global-typography-text-font-size ); font-weight: var( --e-global-typography-text-font-weight ); background-color: var( --e-global-color-f890547 );\">No entanto, os Papas Pio XII e Jo\u00e3o Paulo II deram o primeiro passo e consagraram o Mundo \u00e0 <\/span><span style=\"color: var( --e-global-color-text ); font-family: var( --e-global-typography-18e5089-font-family ), Sans-serif; font-size: var( --e-global-typography-18e5089-font-size ); font-weight: var( --e-global-typography-18e5089-font-weight ); letter-spacing: var( --e-global-typography-18e5089-letter-spacing ); background-color: var( --e-global-color-f890547 );\">Imaculado Cora\u00e7\u00e3o de Maria em 31 de outubro de 1942 e 25 de mar\u00e7o de 1984, respetivamente. <\/span><span style=\"color: var( --e-global-color-text ); font-family: var( --e-global-typography-18e5089-font-family ), Sans-serif; font-size: var( --e-global-typography-18e5089-font-size ); font-weight: var( --e-global-typography-18e5089-font-weight ); letter-spacing: var( --e-global-typography-18e5089-letter-spacing ); background-color: var( --e-global-color-f890547 );\">No entanto, estas consagra\u00e7\u00f5es n\u00e3o respeitaram o pedido exato da Sant\u00edssima Virgem de consagrar a R\u00fassia ao seu Imaculado Cora\u00e7\u00e3o, juntamente com todos os bispos do mundo. <\/span><span style=\"color: var( --e-global-color-text ); font-family: var( --e-global-typography-18e5089-font-family ), Sans-serif; font-size: var( --e-global-typography-18e5089-font-size ); font-weight: var( --e-global-typography-text-font-weight ); letter-spacing: var( --e-global-typography-18e5089-letter-spacing ); background-color: var( --e-global-color-f890547 );\"><b>e oficializar a devo\u00e7\u00e3o dos primeiros s\u00e1bados na Igreja<\/b><\/span><span style=\"color: var( --e-global-color-text ); font-family: var( --e-global-typography-18e5089-font-family ), Sans-serif; font-size: var( --e-global-typography-18e5089-font-size ); font-weight: var( --e-global-typography-18e5089-font-weight ); letter-spacing: var( --e-global-typography-18e5089-letter-spacing ); background-color: var( --e-global-color-f890547 );\"> do m\u00eas.<\/span><\/p><p><span style=\"color: var( --e-global-color-text ); font-family: var( --e-global-typography-18e5089-font-family ), Sans-serif; font-size: var( --e-global-typography-18e5089-font-size ); font-weight: var( --e-global-typography-18e5089-font-weight ); letter-spacing: var( --e-global-typography-18e5089-letter-spacing ); background-color: var( --e-global-color-f890547 );\">\u00a0<\/span><\/p><p><span style=\"background-color: var( --e-global-color-f890547 ); color: var( --e-global-color-text ); font-family: var( --e-global-typography-18e5089-font-family ), Sans-serif; font-size: var( --e-global-typography-18e5089-font-size ); font-weight: var( --e-global-typography-18e5089-font-weight ); letter-spacing: var( --e-global-typography-18e5089-letter-spacing );\">Por este ato parcial, obter\u00e3o, no entanto, do C\u00e9u <\/span><span style=\"background-color: var( --e-global-color-f890547 ); color: var( --e-global-color-text ); font-family: var( --e-global-typography-18e5089-font-family ), Sans-serif; font-size: var( --e-global-typography-18e5089-font-size ); letter-spacing: var( --e-global-typography-18e5089-letter-spacing );\"><b>efeitos tempor\u00e1rios <\/b><\/span><span style=\"background-color: var( --e-global-color-f890547 ); color: var( --e-global-color-text ); font-family: var( --e-global-typography-18e5089-font-family ), Sans-serif; font-size: var( --e-global-typography-18e5089-font-size ); font-weight: var( --e-global-typography-18e5089-font-weight ); letter-spacing: var( --e-global-typography-18e5089-letter-spacing );\">(o fim da Segunda Guerra Mundial e a queda do Muro de Berlim) sem conseguir a convers\u00e3o do mundo ou o prometido tempo de paz.\u00a0\u00a0<\/span><\/p><p style=\"text-align: justify; background-color: #f6f4f5;\">\u00a0<\/p><p style=\"text-align: justify; background-color: #f6f4f5;\">\u00a0<\/p>\t\t\t\t\t\t\t\t<\/div>\n\t\t\t\t<\/div>\n\t\t\t\t\t<\/div>\n\t\t<\/div>\n\t\t\t\t\t<\/div>\n\t\t<\/section>\n\t\t\t\t<section class=\"elementor-section elementor-top-section elementor-element elementor-element-b4b34e4 elementor-section-boxed elementor-section-height-default elementor-section-height-default\" data-id=\"b4b34e4\" data-element_type=\"section\" data-e-type=\"section\">\n\t\t\t\t\t\t<div class=\"elementor-container elementor-column-gap-default\">\n\t\t\t\t\t<div class=\"elementor-column elementor-col-100 elementor-top-column elementor-element elementor-element-290efbc\" data-id=\"290efbc\" data-element_type=\"column\" data-e-type=\"column\">\n\t\t\t<div class=\"elementor-widget-wrap elementor-element-populated\">\n\t\t\t\t\t\t<div class=\"elementor-element elementor-element-49603da elementor-widget elementor-widget-heading\" data-id=\"49603da\" data-element_type=\"widget\" data-e-type=\"widget\" data-widget_type=\"heading.default\">\n\t\t\t\t<div class=\"elementor-widget-container\">\n\t\t\t\t\t<h3 class=\"elementor-heading-title elementor-size-default\">5 - Consequ\u00eancias da recusa no s\u00e9culo XXI: rumo a um totalitarismo global ainda pior<\/h3>\t\t\t\t<\/div>\n\t\t\t\t<\/div>\n\t\t\t\t<div class=\"elementor-element elementor-element-35c1cca elementor-widget elementor-widget-text-editor\" data-id=\"35c1cca\" data-element_type=\"widget\" data-e-type=\"widget\" data-widget_type=\"text-editor.default\">\n\t\t\t\t<div class=\"elementor-widget-container\">\n\t\t\t\t\t\t\t\t\t<p>Apr\u00e8s Jean Paul 2,&nbsp; l&#8217;Eglise continuera d&#8217;agir et le 13 mai 2010, le Pape Benoit XVI rappellera lors de sa visite \u00e0 Fatima :<\/p>\n<p><em style=\"color: var( --e-global-color-text ); font-family: var( --e-global-typography-18e5089-font-family ), Sans-serif; font-size: var( --e-global-typography-18e5089-font-size ); font-weight: var( --e-global-typography-18e5089-font-weight ); letter-spacing: var( --e-global-typography-18e5089-letter-spacing ); word-spacing: var( --e-global-typography-18e5089-word-spacing );\"><span style=\"color: #0000ff;\">&#8220;Celui&nbsp; qui penserait que la mission proph\u00e9tique de Fatima est achev\u00e9e se tromperait.&#8221;<\/span><\/em><\/p>\n<p><span style=\"color: var( --e-global-color-text ); font-family: var( --e-global-typography-18e5089-font-family ), Sans-serif; font-size: var( --e-global-typography-18e5089-font-size ); font-weight: var( --e-global-typography-18e5089-font-weight ); letter-spacing: var( --e-global-typography-18e5089-letter-spacing ); word-spacing: var( --e-global-typography-18e5089-word-spacing );\">Il indique ainsi clairement que nous sommes toujours et m\u00eame plus encore dans le \u201ctemps de Fatima\u201c et qu&#8217;il est plus que jamais important de suivre les demandes de Notre Dame fa\u00eetes \u00e0 Fatima, en particulier les 1er samedi du mois.<\/span><\/p>\n<p><span style=\"color: var( --e-global-color-text ); font-family: var( --e-global-typography-18e5089-font-family ), Sans-serif; font-size: var( --e-global-typography-18e5089-font-size ); font-weight: var( --e-global-typography-18e5089-font-weight ); letter-spacing: var( --e-global-typography-18e5089-letter-spacing ); word-spacing: var( --e-global-typography-18e5089-word-spacing );\">&nbsp;<\/span><\/p>\n<p><span style=\"color: var( --e-global-color-text ); font-family: var( --e-global-typography-18e5089-font-family ), Sans-serif; font-size: var( --e-global-typography-18e5089-font-size ); font-weight: var( --e-global-typography-18e5089-font-weight ); letter-spacing: var( --e-global-typography-18e5089-letter-spacing ); word-spacing: var( --e-global-typography-18e5089-word-spacing );\">Le&nbsp;<\/span><span style=\"color: var( --e-global-color-text ); font-family: var( --e-global-typography-18e5089-font-family ), Sans-serif; font-size: var( --e-global-typography-18e5089-font-size ); font-weight: var( --e-global-typography-18e5089-font-weight ); letter-spacing: var( --e-global-typography-18e5089-letter-spacing ); word-spacing: var( --e-global-typography-18e5089-word-spacing );\">25 mars 2022, dans cette m\u00eame logique, le pape Fran\u00e7ois continuera \u00e0 souligner l&#8217;importance de Fatima et consacrera <i>\u201cl&#8217;Eglise et l&#8217;humanit\u00e9 toute enti\u00e8re, en particulier la Russie et l&#8217;Ukraine\u201c <\/i>au Coeur Immacul\u00e9 de Marie. La Russie est mentionn\u00e9e pour la premi\u00e8re fois explicitement et cela montre l&#8217;importance de Fatima pour l&#8217;Eglise et le monde. Mais <strong>les 1er samedis du mois ne sont toujours pas mentionn\u00e9s et l&#8217;intervention de Notre Dame ne peut avoir lieu.<\/strong><\/span><\/p>\n<p><span style=\"color: var( --e-global-color-text ); font-family: var( --e-global-typography-18e5089-font-family ), Sans-serif; font-size: var( --e-global-typography-18e5089-font-size ); font-weight: var( --e-global-typography-18e5089-font-weight ); letter-spacing: var( --e-global-typography-18e5089-letter-spacing ); word-spacing: var( --e-global-typography-18e5089-word-spacing );\">&nbsp;<\/span><\/p>\n<p>Le temps passe et malheureusement, il n&#8217;y a toujours aucune action majeure de l&#8217;Eglise concernant cette deuxi\u00e8me demande de la Sainte Vierge n\u00e9cessaire pour obtenir la paix : <b>la reconnaissance officielle par le Pape dans toute l&#8217;Eglise de la d\u00e9votion r\u00e9paratrice des \u201c1er samedi du mois\u201c.&nbsp;&nbsp;<\/b><\/p>\n<p><b>&nbsp;<\/b><\/p>\n<p>Les \u00e9v\u00e9nements graves continuent de s&#8217;accumuler et la guerre menace.&nbsp;<\/p><p><br><\/p><p>L&#8217;anniversaire des 100 ans de la demande par Notre Dame des premiers samedis du mois intervient en 2025&nbsp; (<b>10 de dezembro de 2025<\/b>).<\/p><p><br><\/p>\n<p>Neste ano de jubileu dos 100 anos dos primeiros s\u00e1bados do m\u00eas, vamos agir agora mais do que nunca e tornar os primeiros s\u00e1bados do m\u00eas uma realidade.&nbsp;<\/p><p>Comme dit Sainte Jacinthe voyante de Fatima: &#8220;<em style=\"color: var( --e-global-color-text ); font-family: var( --e-global-typography-18e5089-font-family ), Sans-serif; font-size: var( --e-global-typography-18e5089-font-size ); font-weight: var( --e-global-typography-18e5089-font-weight ); letter-spacing: var( --e-global-typography-18e5089-letter-spacing ); word-spacing: var( --e-global-typography-18e5089-word-spacing );\"><span style=\"color: #0000ff;\">&#8220;Il n&#8217;est jamais trop tard pour recourir aux Coeurs de J\u00e9sus et Marie.<\/span><\/em><\/p>\t\t\t\t\t\t\t\t<\/div>\n\t\t\t\t<\/div>\n\t\t\t\t\t<\/div>\n\t\t<\/div>\n\t\t\t\t\t<\/div>\n\t\t<\/section>\n\t\t\t\t<\/div>","protected":false},"excerpt":{"rendered":"<p>LES NEGLIGENCES DES HOMMES FACE AUX DEMANDES DES COEURS DE JESUS ET MARIE 1 &#8211; XVIII \u00e8me si\u00e8cle : le refus face \u00e0 l&#8217;appel du sacre-coeuR \u00a0 Les apparitions du Sacr\u00e9-C\u0153ur \u00e0 Paray-le-Monial [&hellip;]<\/p>","protected":false},"author":1,"featured_media":0,"parent":0,"menu_order":0,"comment_status":"closed","ping_status":"closed","template":"elementor_header_footer","meta":{"footnotes":""},"class_list":["post-444","page","type-page","status-publish","hentry"],"_links":{"self":[{"href":"https:\/\/salve-corda.org\/pt\/wp-json\/wp\/v2\/pages\/444","targetHints":{"allow":["GET"]}}],"collection":[{"href":"https:\/\/salve-corda.org\/pt\/wp-json\/wp\/v2\/pages"}],"about":[{"href":"https:\/\/salve-corda.org\/pt\/wp-json\/wp\/v2\/types\/page"}],"author":[{"embeddable":true,"href":"https:\/\/salve-corda.org\/pt\/wp-json\/wp\/v2\/users\/1"}],"replies":[{"embeddable":true,"href":"https:\/\/salve-corda.org\/pt\/wp-json\/wp\/v2\/comments?post=444"}],"version-history":[{"count":202,"href":"https:\/\/salve-corda.org\/pt\/wp-json\/wp\/v2\/pages\/444\/revisions"}],"predecessor-version":[{"id":17321,"href":"https:\/\/salve-corda.org\/pt\/wp-json\/wp\/v2\/pages\/444\/revisions\/17321"}],"wp:attachment":[{"href":"https:\/\/salve-corda.org\/pt\/wp-json\/wp\/v2\/media?parent=444"}],"curies":[{"name":"wp","href":"https:\/\/api.w.org\/{rel}","templated":true}]}}