{"id":454,"date":"2020-09-25T15:12:48","date_gmt":"2020-09-25T13:12:48","guid":{"rendered":"https:\/\/salve-corda.org\/?page_id=454"},"modified":"2021-12-01T22:33:23","modified_gmt":"2021-12-01T21:33:23","slug":"pourquoi-une-devotion-au-coeur","status":"publish","type":"page","link":"https:\/\/salve-corda.org\/pt\/pourquoi-une-devotion-au-coeur\/","title":{"rendered":"Porqu\u00ea uma devo\u00e7\u00e3o ao \"cora\u00e7\u00e3o\"?"},"content":{"rendered":"<div data-elementor-type=\"wp-page\" data-elementor-id=\"454\" class=\"elementor elementor-454\">\n\t\t\t\t\t\t<section class=\"elementor-section elementor-top-section elementor-element elementor-element-b68e16b elementor-section-boxed elementor-section-height-default elementor-section-height-default\" data-id=\"b68e16b\" data-element_type=\"section\" data-e-type=\"section\">\n\t\t\t\t\t\t<div class=\"elementor-container elementor-column-gap-default\">\n\t\t\t\t\t<div class=\"elementor-column elementor-col-100 elementor-top-column elementor-element elementor-element-9fa5851\" data-id=\"9fa5851\" data-element_type=\"column\" data-e-type=\"column\">\n\t\t\t<div class=\"elementor-widget-wrap elementor-element-populated\">\n\t\t\t\t\t\t<div class=\"elementor-element elementor-element-5d4715e elementor-widget elementor-widget-spacer\" data-id=\"5d4715e\" data-element_type=\"widget\" data-e-type=\"widget\" data-widget_type=\"spacer.default\">\n\t\t\t\t<div class=\"elementor-widget-container\">\n\t\t\t\t\t\t\t<div class=\"elementor-spacer\">\n\t\t\t<div class=\"elementor-spacer-inner\"><\/div>\n\t\t<\/div>\n\t\t\t\t\t\t<\/div>\n\t\t\t\t<\/div>\n\t\t\t\t\t<\/div>\n\t\t<\/div>\n\t\t\t\t\t<\/div>\n\t\t<\/section>\n\t\t\t\t<section class=\"elementor-section elementor-top-section elementor-element elementor-element-71da5dc elementor-section-boxed elementor-section-height-default elementor-section-height-default\" data-id=\"71da5dc\" data-element_type=\"section\" data-e-type=\"section\">\n\t\t\t\t\t\t<div class=\"elementor-container elementor-column-gap-default\">\n\t\t\t\t\t<div class=\"elementor-column elementor-col-100 elementor-top-column elementor-element elementor-element-fc55463\" data-id=\"fc55463\" data-element_type=\"column\" data-e-type=\"column\">\n\t\t\t<div class=\"elementor-widget-wrap elementor-element-populated\">\n\t\t\t\t\t\t<div class=\"elementor-element elementor-element-c51df69 elementor-widget elementor-widget-heading\" data-id=\"c51df69\" data-element_type=\"widget\" data-e-type=\"widget\" data-widget_type=\"heading.default\">\n\t\t\t\t<div class=\"elementor-widget-container\">\n\t\t\t\t\t<h2 class=\"elementor-heading-title elementor-size-default\">Porqu\u00ea uma devo\u00e7\u00e3o ao \"Cora\u00e7\u00e3o\"?<\/h2>\t\t\t\t<\/div>\n\t\t\t\t<\/div>\n\t\t\t\t<div class=\"elementor-element elementor-element-469c40f elementor-widget elementor-widget-text-editor\" data-id=\"469c40f\" data-element_type=\"widget\" data-e-type=\"widget\" data-widget_type=\"text-editor.default\">\n\t\t\t\t<div class=\"elementor-widget-container\">\n\t\t\t\t\t\t\t\t\t<p>S\u00edntese de todo o ser, representando simultaneamente o corpo e a alma, o cora\u00e7\u00e3o \u00e9 a parte mais importante do corpo.<span style=\"color: var( --e-global-color-text ); font-family: var( --e-global-typography-18e5089-font-family ), Sans-serif; font-size: var( --e-global-typography-18e5089-font-size ); font-weight: var( --e-global-typography-18e5089-font-weight ); letter-spacing: var( --e-global-typography-18e5089-letter-spacing );\">\u0153ur<\/span><span style=\"color: var( --e-global-color-text ); font-family: var( --e-global-typography-18e5089-font-family ), Sans-serif; font-size: var( --e-global-typography-18e5089-font-size ); font-weight: var( --e-global-typography-18e5089-font-weight ); letter-spacing: var( --e-global-typography-18e5089-letter-spacing );\">\u00a0\u00e9 o que exprime o amor e \u00e9 a chave da nossa rela\u00e7\u00e3o com o pr\u00f3ximo. O c<\/span><span style=\"color: var( --e-global-color-text ); font-family: var( --e-global-typography-18e5089-font-family ), Sans-serif; font-size: var( --e-global-typography-18e5089-font-size ); font-weight: var( --e-global-typography-18e5089-font-weight ); letter-spacing: var( --e-global-typography-18e5089-letter-spacing );\">\u0153ur<\/span><span style=\"color: var( --e-global-color-text ); font-family: var( --e-global-typography-18e5089-font-family ), Sans-serif; font-size: var( --e-global-typography-18e5089-font-size ); font-weight: var( --e-global-typography-18e5089-font-weight ); letter-spacing: var( --e-global-typography-18e5089-letter-spacing );\">\u00a0tamb\u00e9m significa essencial, central. Da\u00ed a sua import\u00e2ncia primordial no \"ser\". Antoine de Saint-Exup\u00e9ry explicou-o em poucas palavras no seu livro O Principezinho:<\/span><\/p>\t\t\t\t\t\t\t\t<\/div>\n\t\t\t\t<\/div>\n\t\t\t\t\t<\/div>\n\t\t<\/div>\n\t\t\t\t\t<\/div>\n\t\t<\/section>\n\t\t\t\t<section class=\"elementor-section elementor-top-section elementor-element elementor-element-3b4c258 elementor-section-boxed elementor-section-height-default elementor-section-height-default\" data-id=\"3b4c258\" data-element_type=\"section\" data-e-type=\"section\">\n\t\t\t\t\t\t<div class=\"elementor-container elementor-column-gap-default\">\n\t\t\t\t\t<div class=\"elementor-column elementor-col-50 elementor-top-column elementor-element elementor-element-a44149b\" data-id=\"a44149b\" data-element_type=\"column\" data-e-type=\"column\">\n\t\t\t<div class=\"elementor-widget-wrap elementor-element-populated\">\n\t\t\t\t\t\t<div class=\"elementor-element elementor-element-9fac3f8 elementor-widget elementor-widget-text-editor\" data-id=\"9fac3f8\" data-element_type=\"widget\" data-e-type=\"widget\" data-widget_type=\"text-editor.default\">\n\t\t\t\t<div class=\"elementor-widget-container\">\n\t\t\t\t\t\t\t\t\t<p>\"S\u00f3 se pode ver claramente com o cora\u00e7\u00e3o<span style=\"color: var( --e-global-color-text );\">.<\/span><\/p><p>O essencial \u00e9 invis\u00edvel aos olhos.<\/p>\t\t\t\t\t\t\t\t<\/div>\n\t\t\t\t<\/div>\n\t\t\t\t\t<\/div>\n\t\t<\/div>\n\t\t\t\t<div class=\"elementor-column elementor-col-50 elementor-top-column elementor-element elementor-element-ff76fec\" data-id=\"ff76fec\" data-element_type=\"column\" data-e-type=\"column\">\n\t\t\t<div class=\"elementor-widget-wrap elementor-element-populated\">\n\t\t\t\t\t\t<div class=\"elementor-element elementor-element-8c634aa elementor-widget elementor-widget-image\" data-id=\"8c634aa\" data-element_type=\"widget\" data-e-type=\"widget\" data-widget_type=\"image.default\">\n\t\t\t\t<div class=\"elementor-widget-container\">\n\t\t\t\t\t\t\t\t\t\t\t\t\t\t\t<img fetchpriority=\"high\" decoding=\"async\" width=\"315\" height=\"212\" src=\"https:\/\/salve-corda.org\/wp-content\/uploads\/2020\/09\/prince.jpg\" class=\"attachment-large size-large wp-image-456\" alt=\"\" srcset=\"https:\/\/salve-corda.org\/wp-content\/uploads\/2020\/09\/prince.jpg 315w, https:\/\/salve-corda.org\/wp-content\/uploads\/2020\/09\/prince-300x202.jpg 300w\" sizes=\"(max-width: 315px) 100vw, 315px\" \/>\t\t\t\t\t\t\t\t\t\t\t\t\t\t\t<\/div>\n\t\t\t\t<\/div>\n\t\t\t\t\t<\/div>\n\t\t<\/div>\n\t\t\t\t\t<\/div>\n\t\t<\/section>\n\t\t\t\t<section class=\"elementor-section elementor-top-section elementor-element elementor-element-a5e4ef9 elementor-section-boxed elementor-section-height-default elementor-section-height-default\" data-id=\"a5e4ef9\" data-element_type=\"section\" data-e-type=\"section\">\n\t\t\t\t\t\t<div class=\"elementor-container elementor-column-gap-default\">\n\t\t\t\t\t<div class=\"elementor-column elementor-col-100 elementor-top-column elementor-element elementor-element-f0321e7\" data-id=\"f0321e7\" data-element_type=\"column\" data-e-type=\"column\">\n\t\t\t<div class=\"elementor-widget-wrap elementor-element-populated\">\n\t\t\t\t\t\t<div class=\"elementor-element elementor-element-ceb2d33 elementor-widget elementor-widget-text-editor\" data-id=\"ceb2d33\" data-element_type=\"widget\" data-e-type=\"widget\" data-widget_type=\"text-editor.default\">\n\t\t\t\t<div class=\"elementor-widget-container\">\n\t\t\t\t\t\t\t\t\t<p>Se o cora\u00e7\u00e3o \u00e9 de import\u00e2ncia fundamental nas nossas rela\u00e7\u00f5es humanas, \u00e9-o ainda mais com um Deus que \u00e9 amor. No Evangelho, vemos que a reden\u00e7\u00e3o realizada por Cristo e pela Sant\u00edssima Virgem (co-redentora) d\u00e1 uma import\u00e2ncia magistral ao cora\u00e7\u00e3o. O seu sacrif\u00edcio \u00e9 feito com o cora\u00e7\u00e3o: \"Uma espada trespassar\u00e1 a tua alma\", profetizou S\u00e3o Sime\u00e3o \u00e0 Virgem Sant\u00edssima, entendendo-se aqui por alma o cora\u00e7\u00e3o. Durante a institui\u00e7\u00e3o da Eucaristia, S\u00e3o Jo\u00e3o inclina-se sobre o Cora\u00e7\u00e3o de Jesus. O sacrif\u00edcio da Cruz termina com o Cora\u00e7\u00e3o trespassado de Cristo.<\/p><p>\u00a0<\/p><p>Se Cristo e a Sant\u00edssima Virgem pediram que lhes rez\u00e1ssemos atrav\u00e9s dos seus \"Cora\u00e7\u00f5es\", \u00e9 porque querem que consideremos esta carater\u00edstica essencial acima de tudo: <b>l<\/b><b>&#8216;<\/b><b>amor <\/b><b>eles t\u00eam <\/b><b>para n\u00f3s<\/b>. Por isso, pedem-nos que nos aproximemos deles contemplando primeiro o seu amor por n\u00f3s (sem esquecer a realidade da Paix\u00e3o, \u00e9 claro). Longe de ser antiquada ou m\u00edstica, esta aproxima\u00e7\u00e3o a Cristo e \u00e0 Sant\u00edssima Virgem atrav\u00e9s do amor \u00e9, pelo contr\u00e1rio, magn\u00edfica e um dom excecional da parte deles.<\/p><p>\u00a0<\/p><p>Recordemos que os dois primeiros mandamentos n\u00e3o s\u00e3o \"proibidos\". S\u00e3o dois mandamentos de amor. \"Amar\u00e1s o teu Deus com todas as tuas for\u00e7as, com toda a tua alma e com todo o teu entendimento\". O segundo, dado por Cristo, \u00e9: \"Amar\u00e1s o teu pr\u00f3ximo como a ti mesmo\". A devo\u00e7\u00e3o ao cora\u00e7\u00e3o n\u00e3o \u00e9 diferente.<\/p>\t\t\t\t\t\t\t\t<\/div>\n\t\t\t\t<\/div>\n\t\t\t\t\t<\/div>\n\t\t<\/div>\n\t\t\t\t\t<\/div>\n\t\t<\/section>\n\t\t\t\t<section class=\"elementor-section elementor-top-section elementor-element elementor-element-7ee4f28 elementor-section-boxed elementor-section-height-default elementor-section-height-default\" data-id=\"7ee4f28\" data-element_type=\"section\" data-e-type=\"section\">\n\t\t\t\t\t\t<div class=\"elementor-container elementor-column-gap-default\">\n\t\t\t\t\t<div class=\"elementor-column elementor-col-50 elementor-top-column elementor-element elementor-element-5771afc\" data-id=\"5771afc\" data-element_type=\"column\" data-e-type=\"column\">\n\t\t\t<div class=\"elementor-widget-wrap elementor-element-populated\">\n\t\t\t\t\t\t<div class=\"elementor-element elementor-element-791f9e4 elementor-widget elementor-widget-image\" data-id=\"791f9e4\" data-element_type=\"widget\" data-e-type=\"widget\" data-widget_type=\"image.default\">\n\t\t\t\t<div class=\"elementor-widget-container\">\n\t\t\t\t\t\t\t\t\t\t\t\t\t\t\t<img decoding=\"async\" width=\"583\" height=\"712\" src=\"https:\/\/salve-corda.org\/wp-content\/uploads\/2021\/07\/gre\u0301goire.png\" class=\"attachment-large size-large wp-image-898\" alt=\"\" srcset=\"https:\/\/salve-corda.org\/wp-content\/uploads\/2021\/07\/gre\u0301goire.png 583w, https:\/\/salve-corda.org\/wp-content\/uploads\/2021\/07\/gre\u0301goire-246x300.png 246w\" sizes=\"(max-width: 583px) 100vw, 583px\" \/>\t\t\t\t\t\t\t\t\t\t\t\t\t\t\t<\/div>\n\t\t\t\t<\/div>\n\t\t\t\t\t<\/div>\n\t\t<\/div>\n\t\t\t\t<div class=\"elementor-column elementor-col-50 elementor-top-column elementor-element elementor-element-5a3eeee\" data-id=\"5a3eeee\" data-element_type=\"column\" data-e-type=\"column\">\n\t\t\t<div class=\"elementor-widget-wrap elementor-element-populated\">\n\t\t\t\t\t\t<div class=\"elementor-element elementor-element-b483cd7 elementor-widget elementor-widget-text-editor\" data-id=\"b483cd7\" data-element_type=\"widget\" data-e-type=\"widget\" data-widget_type=\"text-editor.default\">\n\t\t\t\t<div class=\"elementor-widget-container\">\n\t\t\t\t\t\t\t\t\t<p>Os Papas ensinaram-nos isto desde os prim\u00f3rdios da Igreja. Em 604, o Papa S\u00e3o Greg\u00f3rio Magno proferiu estas magn\u00edficas palavras:<\/p><p><br><\/p>\n<p><\/p>\n<p><span style=\"color: #6288c6;\"><i>\"Aprender do Cora\u00e7\u00e3o de Deus os ensinamentos de Deus para desejar as coisas eternas\".<\/i><\/span><\/p>\t\t\t\t\t\t\t\t<\/div>\n\t\t\t\t<\/div>\n\t\t\t\t\t<\/div>\n\t\t<\/div>\n\t\t\t\t\t<\/div>\n\t\t<\/section>\n\t\t\t\t<\/div>","protected":false},"excerpt":{"rendered":"<p>Porqu\u00ea uma devo\u00e7\u00e3o ao \"Cora\u00e7\u00e3o\"? S\u00edntese de todo o ser, representando o corpo e a alma, o cora\u00e7\u00e3o \u00e9 a express\u00e3o do amor e \u00e9 a chave da rela\u00e7\u00e3o com o seu [...]<\/p>","protected":false},"author":1,"featured_media":0,"parent":0,"menu_order":0,"comment_status":"closed","ping_status":"closed","template":"elementor_header_footer","meta":{"footnotes":""},"class_list":["post-454","page","type-page","status-publish","hentry"],"_links":{"self":[{"href":"https:\/\/salve-corda.org\/pt\/wp-json\/wp\/v2\/pages\/454","targetHints":{"allow":["GET"]}}],"collection":[{"href":"https:\/\/salve-corda.org\/pt\/wp-json\/wp\/v2\/pages"}],"about":[{"href":"https:\/\/salve-corda.org\/pt\/wp-json\/wp\/v2\/types\/page"}],"author":[{"embeddable":true,"href":"https:\/\/salve-corda.org\/pt\/wp-json\/wp\/v2\/users\/1"}],"replies":[{"embeddable":true,"href":"https:\/\/salve-corda.org\/pt\/wp-json\/wp\/v2\/comments?post=454"}],"version-history":[{"count":39,"href":"https:\/\/salve-corda.org\/pt\/wp-json\/wp\/v2\/pages\/454\/revisions"}],"predecessor-version":[{"id":4605,"href":"https:\/\/salve-corda.org\/pt\/wp-json\/wp\/v2\/pages\/454\/revisions\/4605"}],"wp:attachment":[{"href":"https:\/\/salve-corda.org\/pt\/wp-json\/wp\/v2\/media?parent=454"}],"curies":[{"name":"wp","href":"https:\/\/api.w.org\/{rel}","templated":true}]}}