{"id":459,"date":"2020-09-25T15:16:14","date_gmt":"2020-09-25T13:16:14","guid":{"rendered":"https:\/\/salve-corda.org\/?page_id=459"},"modified":"2022-12-12T00:51:49","modified_gmt":"2022-12-11T23:51:49","slug":"conseils-dorganisation","status":"publish","type":"page","link":"https:\/\/salve-corda.org\/pt\/conseils-dorganisation\/","title":{"rendered":"Conseils d&#8217;organisation"},"content":{"rendered":"<div data-elementor-type=\"wp-page\" data-elementor-id=\"459\" class=\"elementor elementor-459\">\n\t\t\t\t\t\t<section class=\"elementor-section elementor-top-section elementor-element elementor-element-fb79729 elementor-section-boxed elementor-section-height-default elementor-section-height-default\" data-id=\"fb79729\" data-element_type=\"section\" data-e-type=\"section\">\n\t\t\t\t\t\t<div class=\"elementor-container elementor-column-gap-default\">\n\t\t\t\t\t<div class=\"elementor-column elementor-col-100 elementor-top-column elementor-element elementor-element-468c34b\" data-id=\"468c34b\" data-element_type=\"column\" data-e-type=\"column\">\n\t\t\t<div class=\"elementor-widget-wrap\">\n\t\t\t\t\t\t\t<\/div>\n\t\t<\/div>\n\t\t\t\t\t<\/div>\n\t\t<\/section>\n\t\t\t\t<section class=\"elementor-section elementor-top-section elementor-element elementor-element-4ff3a98 elementor-section-boxed elementor-section-height-default elementor-section-height-default\" data-id=\"4ff3a98\" data-element_type=\"section\" data-e-type=\"section\">\n\t\t\t\t\t\t<div class=\"elementor-container elementor-column-gap-default\">\n\t\t\t\t\t<div class=\"elementor-column elementor-col-100 elementor-top-column elementor-element elementor-element-cdf1ab3\" data-id=\"cdf1ab3\" data-element_type=\"column\" data-e-type=\"column\">\n\t\t\t<div class=\"elementor-widget-wrap elementor-element-populated\">\n\t\t\t\t\t\t<div class=\"elementor-element elementor-element-0e03f11 elementor-widget elementor-widget-heading\" data-id=\"0e03f11\" data-element_type=\"widget\" data-e-type=\"widget\" data-widget_type=\"heading.default\">\n\t\t\t\t<div class=\"elementor-widget-container\">\n\t\t\t\t\t<h2 class=\"elementor-heading-title elementor-size-default\">Conselhos pr\u00e1ticos para a realiza\u00e7\u00e3o dos pedidos dos CURSOS DE JESUS E MARIA<\/h2>\t\t\t\t<\/div>\n\t\t\t\t<\/div>\n\t\t\t\t\t<\/div>\n\t\t<\/div>\n\t\t\t\t\t<\/div>\n\t\t<\/section>\n\t\t\t\t<section class=\"elementor-section elementor-top-section elementor-element elementor-element-ed4fea0 elementor-section-boxed elementor-section-height-default elementor-section-height-default\" data-id=\"ed4fea0\" data-element_type=\"section\" data-e-type=\"section\">\n\t\t\t\t\t\t<div class=\"elementor-container elementor-column-gap-default\">\n\t\t\t\t\t<div class=\"elementor-column elementor-col-100 elementor-top-column elementor-element elementor-element-a57c360\" data-id=\"a57c360\" data-element_type=\"column\" data-e-type=\"column\">\n\t\t\t<div class=\"elementor-widget-wrap elementor-element-populated\">\n\t\t\t\t\t\t<div class=\"elementor-element elementor-element-9e732da elementor-widget elementor-widget-heading\" data-id=\"9e732da\" data-element_type=\"widget\" data-e-type=\"widget\" data-widget_type=\"heading.default\">\n\t\t\t\t<div class=\"elementor-widget-container\">\n\t\t\t\t\t<h3 class=\"elementor-heading-title elementor-size-default\">Comunh\u00e3o no primeiro s\u00e1bado do m\u00eas\n<\/h3>\t\t\t\t<\/div>\n\t\t\t\t<\/div>\n\t\t\t\t\t<\/div>\n\t\t<\/div>\n\t\t\t\t\t<\/div>\n\t\t<\/section>\n\t\t\t\t<section class=\"elementor-section elementor-top-section elementor-element elementor-element-a81c638 elementor-section-boxed elementor-section-height-default elementor-section-height-default\" data-id=\"a81c638\" data-element_type=\"section\" data-e-type=\"section\">\n\t\t\t\t\t\t<div class=\"elementor-container elementor-column-gap-default\">\n\t\t\t\t\t<div class=\"elementor-column elementor-col-50 elementor-top-column elementor-element elementor-element-8e52b7c\" data-id=\"8e52b7c\" data-element_type=\"column\" data-e-type=\"column\">\n\t\t\t<div class=\"elementor-widget-wrap elementor-element-populated\">\n\t\t\t\t\t\t<div class=\"elementor-element elementor-element-4b994a0 elementor-widget elementor-widget-text-editor\" data-id=\"4b994a0\" data-element_type=\"widget\" data-e-type=\"widget\" data-widget_type=\"text-editor.default\">\n\t\t\t\t<div class=\"elementor-widget-container\">\n\t\t\t\t\t\t\t\t\t<p><span style=\"color: var( --e-global-color-text ); font-family: var( --e-global-typography-18e5089-font-family ), Sans-serif; font-size: var( --e-global-typography-18e5089-font-size ); font-weight: var( --e-global-typography-18e5089-font-weight ); letter-spacing: var( --e-global-typography-18e5089-letter-spacing );\">Anote na sua agenda os primeiros s\u00e1bados do m\u00eas, tal como anota os compromissos importantes. N\u00e3o se pode perder um encontro pessoal com o Rei e a Rainha do C\u00e9u!<\/span><\/p><p><span style=\"color: var( --e-global-color-text ); font-family: var( --e-global-typography-18e5089-font-family ), Sans-serif; font-size: var( --e-global-typography-18e5089-font-size ); font-weight: var( --e-global-typography-18e5089-font-weight ); letter-spacing: var( --e-global-typography-18e5089-letter-spacing );\">\u00a0<\/span><\/p><p>As celebra\u00e7\u00f5es dos primeiros s\u00e1bados (comunh\u00e3o, ter\u00e7o, medita\u00e7\u00e3o, confiss\u00e3o em 8 dias) s\u00e3o organizadas nas cidades Salve Corda. Se n\u00e3o houver uma \"cit\u00e9\" por perto, v\u00e1 sozinho \u00e0 missa de s\u00e1bado de manh\u00e3, reze o seu ter\u00e7o e medite durante 15 minutos sobre os mist\u00e9rios do Ros\u00e1rio.<\/p><p>\u00a0<\/p><p>\u00a0<\/p><p><i>Note : s&#8217;il n\u2019y que la Messe anticip\u00e9e du samedi soir \u00e0 proximit\u00e9, on peut y assister pour communier<\/i><i>\u00a0(et n&#8217;oubliez pas d&#8217;aller \u00e0 la Messe le dimanche!) .<\/i><\/p><p><i>\u00a0<\/i><\/p><p><span style=\"color: var( --e-global-color-text ); font-family: var( --e-global-typography-18e5089-font-family ), Sans-serif; font-size: var( --e-global-typography-18e5089-font-size ); font-weight: var( --e-global-typography-18e5089-font-weight ); letter-spacing: var( --e-global-typography-18e5089-letter-spacing );\">As confiss\u00f5es podem ser realizadas 8 dias antes ou depois dos primeiros s\u00e1bados do m\u00eas. Nas cidades de Salve Corda, estas confiss\u00f5es realizam-se geralmente no primeiro s\u00e1bado do m\u00eas.<\/span><i><br \/><\/i><\/p>\t\t\t\t\t\t\t\t<\/div>\n\t\t\t\t<\/div>\n\t\t\t\t\t<\/div>\n\t\t<\/div>\n\t\t\t\t<div class=\"elementor-column elementor-col-50 elementor-top-column elementor-element elementor-element-c366d53\" data-id=\"c366d53\" data-element_type=\"column\" data-e-type=\"column\">\n\t\t\t<div class=\"elementor-widget-wrap elementor-element-populated\">\n\t\t\t\t\t\t<div class=\"elementor-element elementor-element-a5a200c elementor-widget elementor-widget-image\" data-id=\"a5a200c\" data-element_type=\"widget\" data-e-type=\"widget\" data-widget_type=\"image.default\">\n\t\t\t\t<div class=\"elementor-widget-container\">\n\t\t\t\t\t\t\t\t\t\t\t\t\t\t\t<img fetchpriority=\"high\" decoding=\"async\" width=\"640\" height=\"1014\" src=\"https:\/\/salve-corda.org\/wp-content\/uploads\/2022\/03\/IMAGE-2022-03-16-135342-646x1024.jpg\" class=\"attachment-large size-large wp-image-5016\" alt=\"\" srcset=\"https:\/\/salve-corda.org\/wp-content\/uploads\/2022\/03\/IMAGE-2022-03-16-135342-646x1024.jpg 646w, https:\/\/salve-corda.org\/wp-content\/uploads\/2022\/03\/IMAGE-2022-03-16-135342-189x300.jpg 189w, https:\/\/salve-corda.org\/wp-content\/uploads\/2022\/03\/IMAGE-2022-03-16-135342-768x1218.jpg 768w, https:\/\/salve-corda.org\/wp-content\/uploads\/2022\/03\/IMAGE-2022-03-16-135342.jpg 802w\" sizes=\"(max-width: 640px) 100vw, 640px\" \/>\t\t\t\t\t\t\t\t\t\t\t\t\t\t\t<\/div>\n\t\t\t\t<\/div>\n\t\t\t\t\t<\/div>\n\t\t<\/div>\n\t\t\t\t\t<\/div>\n\t\t<\/section>\n\t\t\t\t<section class=\"elementor-section elementor-top-section elementor-element elementor-element-5b3baec elementor-section-boxed elementor-section-height-default elementor-section-height-default\" data-id=\"5b3baec\" data-element_type=\"section\" data-e-type=\"section\" data-settings=\"{&quot;background_background&quot;:&quot;classic&quot;}\">\n\t\t\t\t\t\t<div class=\"elementor-container elementor-column-gap-default\">\n\t\t\t\t\t<div class=\"elementor-column elementor-col-100 elementor-top-column elementor-element elementor-element-bae06a8\" data-id=\"bae06a8\" data-element_type=\"column\" data-e-type=\"column\">\n\t\t\t<div class=\"elementor-widget-wrap elementor-element-populated\">\n\t\t\t\t\t\t<div class=\"elementor-element elementor-element-a1dcacf elementor-widget elementor-widget-heading\" data-id=\"a1dcacf\" data-element_type=\"widget\" data-e-type=\"widget\" data-widget_type=\"heading.default\">\n\t\t\t\t<div class=\"elementor-widget-container\">\n\t\t\t\t\t<h3 class=\"elementor-heading-title elementor-size-default\">porta da esc\u00e1pula<\/h3>\t\t\t\t<\/div>\n\t\t\t\t<\/div>\n\t\t\t\t\t<\/div>\n\t\t<\/div>\n\t\t\t\t\t<\/div>\n\t\t<\/section>\n\t\t\t\t<section class=\"elementor-section elementor-top-section elementor-element elementor-element-25cd3ed elementor-section-boxed elementor-section-height-default elementor-section-height-default\" data-id=\"25cd3ed\" data-element_type=\"section\" data-e-type=\"section\" data-settings=\"{&quot;background_background&quot;:&quot;classic&quot;}\">\n\t\t\t\t\t\t<div class=\"elementor-container elementor-column-gap-default\">\n\t\t\t\t\t<div class=\"elementor-column elementor-col-50 elementor-top-column elementor-element elementor-element-01a443a\" data-id=\"01a443a\" data-element_type=\"column\" data-e-type=\"column\">\n\t\t\t<div class=\"elementor-widget-wrap elementor-element-populated\">\n\t\t\t\t\t\t<div class=\"elementor-element elementor-element-b02b46b elementor-widget elementor-widget-image\" data-id=\"b02b46b\" data-element_type=\"widget\" data-e-type=\"widget\" data-widget_type=\"image.default\">\n\t\t\t\t<div class=\"elementor-widget-container\">\n\t\t\t\t\t\t\t\t\t\t\t\t\t\t\t<img decoding=\"async\" width=\"640\" height=\"381\" src=\"https:\/\/salve-corda.org\/wp-content\/uploads\/2021\/07\/scapulaire-1024x610.png\" class=\"attachment-large size-large wp-image-866\" alt=\"\" srcset=\"https:\/\/salve-corda.org\/wp-content\/uploads\/2021\/07\/scapulaire-1024x610.png 1024w, https:\/\/salve-corda.org\/wp-content\/uploads\/2021\/07\/scapulaire-300x179.png 300w, https:\/\/salve-corda.org\/wp-content\/uploads\/2021\/07\/scapulaire-768x457.png 768w, https:\/\/salve-corda.org\/wp-content\/uploads\/2021\/07\/scapulaire.png 1290w\" sizes=\"(max-width: 640px) 100vw, 640px\" \/>\t\t\t\t\t\t\t\t\t\t\t\t\t\t\t<\/div>\n\t\t\t\t<\/div>\n\t\t\t\t\t<\/div>\n\t\t<\/div>\n\t\t\t\t<div class=\"elementor-column elementor-col-50 elementor-top-column elementor-element elementor-element-57365ae\" data-id=\"57365ae\" data-element_type=\"column\" data-e-type=\"column\">\n\t\t\t<div class=\"elementor-widget-wrap elementor-element-populated\">\n\t\t\t\t\t\t<div class=\"elementor-element elementor-element-7a88144 elementor-widget elementor-widget-text-editor\" data-id=\"7a88144\" data-element_type=\"widget\" data-e-type=\"widget\" data-widget_type=\"text-editor.default\">\n\t\t\t\t<div class=\"elementor-widget-container\">\n\t\t\t\t\t\t\t\t\t<p>Pour porter le scapulaire de Notre-Dame du Mont Carmel (\u00e0 ne pas confondre avec le scapulaire vert) il suffit d&#8217;en acheter dans les boutiques des monast\u00e8res par exemple.\u00a0<\/p><p>\u00a0<\/p><p>O escapul\u00e1rio deve ser apresentado por um sacerdote segundo uma cerim\u00f3nia especial. Esta cerim\u00f3nia corresponde \u00e0 \"tomada de h\u00e1bito\" e pode ser feita ao mesmo tempo que a sua consagra\u00e7\u00e3o ou nos primeiros s\u00e1bados do m\u00eas. O escapul\u00e1rio pode ser usado sob a forma de um pano, mas S\u00e3o Pio X permitiu que fosse usado sob a forma de uma medalha, se as condi\u00e7\u00f5es o exigirem.<\/p>\t\t\t\t\t\t\t\t<\/div>\n\t\t\t\t<\/div>\n\t\t\t\t\t<\/div>\n\t\t<\/div>\n\t\t\t\t\t<\/div>\n\t\t<\/section>\n\t\t\t\t<section class=\"elementor-section elementor-top-section elementor-element elementor-element-8a4c0cf elementor-section-boxed elementor-section-height-default elementor-section-height-default\" data-id=\"8a4c0cf\" data-element_type=\"section\" data-e-type=\"section\">\n\t\t\t\t\t\t<div class=\"elementor-container elementor-column-gap-default\">\n\t\t\t\t\t<div class=\"elementor-column elementor-col-50 elementor-top-column elementor-element elementor-element-9fe6f9c\" data-id=\"9fe6f9c\" data-element_type=\"column\" data-e-type=\"column\">\n\t\t\t<div class=\"elementor-widget-wrap elementor-element-populated\">\n\t\t\t\t\t\t<div class=\"elementor-element elementor-element-952dc23 elementor-widget elementor-widget-heading\" data-id=\"952dc23\" data-element_type=\"widget\" data-e-type=\"widget\" data-widget_type=\"heading.default\">\n\t\t\t\t<div class=\"elementor-widget-container\">\n\t\t\t\t\t<h3 class=\"elementor-heading-title elementor-size-default\">ros\u00e1rio di\u00e1rio<\/h3>\t\t\t\t<\/div>\n\t\t\t\t<\/div>\n\t\t\t\t<div class=\"elementor-element elementor-element-4a63fb9 elementor-widget elementor-widget-text-editor\" data-id=\"4a63fb9\" data-element_type=\"widget\" data-e-type=\"widget\" data-widget_type=\"text-editor.default\">\n\t\t\t\t<div class=\"elementor-widget-container\">\n\t\t\t\t\t\t\t\t\t<p>Dans notre vie tr\u00e8s occup\u00e9e, r\u00e9citer quotidiennement le chapelet peut \u00eatre pour certains un effort relativement important. Si c&#8217;est trop compliqu\u00e9,<b>\u00a0<\/b>on n&#8217;est pas oblig\u00e9 de le r\u00e9citer en une seule fois ni dans un lieu sp\u00e9cial.\u00a0<span style=\"color: var( --e-global-color-text ); font-family: var( --e-global-typography-18e5089-font-family ), Sans-serif; font-size: var( --e-global-typography-18e5089-font-size ); font-weight: var( --e-global-typography-18e5089-font-weight ); letter-spacing: var( --e-global-typography-18e5089-letter-spacing );\">Por exemplo, podemos dizer as dez primeiras como uma ora\u00e7\u00e3o da manh\u00e3, a \u00faltima como uma ora\u00e7\u00e3o da tarde e a \u00faltima como uma ora\u00e7\u00e3o da noite.<\/span><span style=\"color: var( --e-global-color-text ); font-family: var( --e-global-typography-18e5089-font-family ), Sans-serif; font-size: var( --e-global-typography-18e5089-font-size ); font-weight: var( --e-global-typography-18e5089-font-weight ); letter-spacing: var( --e-global-typography-18e5089-letter-spacing );\">\u00a0distribuir as outras dezenas ao longo do dia, em viagem, etc. \u00c9 at\u00e9 uma forma de <\/span><span style=\"color: var( --e-global-color-text ); font-family: var( --e-global-typography-18e5089-font-family ), Sans-serif; font-size: var( --e-global-typography-18e5089-font-size ); font-weight: var( --e-global-typography-18e5089-font-weight ); letter-spacing: var( --e-global-typography-18e5089-letter-spacing );\">viver com a Virgem Maria durante todo o dia <\/span><span style=\"color: var( --e-global-color-text ); font-family: var( --e-global-typography-18e5089-font-family ), Sans-serif; font-size: var( --e-global-typography-18e5089-font-size ); font-weight: var( --e-global-typography-18e5089-font-weight ); letter-spacing: var( --e-global-typography-18e5089-letter-spacing );\">e de modo algum diminui o valor desta ora\u00e7\u00e3o.\u00a0<\/span><\/p>\t\t\t\t\t\t\t\t<\/div>\n\t\t\t\t<\/div>\n\t\t\t\t\t<\/div>\n\t\t<\/div>\n\t\t\t\t<div class=\"elementor-column elementor-col-50 elementor-top-column elementor-element elementor-element-16fe7c0\" data-id=\"16fe7c0\" data-element_type=\"column\" data-e-type=\"column\">\n\t\t\t<div class=\"elementor-widget-wrap elementor-element-populated\">\n\t\t\t\t\t\t<div class=\"elementor-element elementor-element-db32bda elementor-widget elementor-widget-image\" data-id=\"db32bda\" data-element_type=\"widget\" data-e-type=\"widget\" data-widget_type=\"image.default\">\n\t\t\t\t<div class=\"elementor-widget-container\">\n\t\t\t\t\t\t\t\t\t\t\t\t\t\t\t<img decoding=\"async\" width=\"340\" height=\"227\" src=\"https:\/\/salve-corda.org\/wp-content\/uploads\/2021\/11\/chapelet-mains.jpg\" class=\"attachment-large size-large wp-image-4076\" alt=\"\" srcset=\"https:\/\/salve-corda.org\/wp-content\/uploads\/2021\/11\/chapelet-mains.jpg 340w, https:\/\/salve-corda.org\/wp-content\/uploads\/2021\/11\/chapelet-mains-300x200.jpg 300w\" sizes=\"(max-width: 340px) 100vw, 340px\" \/>\t\t\t\t\t\t\t\t\t\t\t\t\t\t\t<\/div>\n\t\t\t\t<\/div>\n\t\t\t\t\t<\/div>\n\t\t<\/div>\n\t\t\t\t\t<\/div>\n\t\t<\/section>\n\t\t\t\t<section class=\"elementor-section elementor-top-section elementor-element elementor-element-998f20f elementor-section-boxed elementor-section-height-default elementor-section-height-default\" data-id=\"998f20f\" data-element_type=\"section\" data-e-type=\"section\" data-settings=\"{&quot;background_background&quot;:&quot;classic&quot;}\">\n\t\t\t\t\t\t<div class=\"elementor-container elementor-column-gap-default\">\n\t\t\t\t\t<div class=\"elementor-column elementor-col-100 elementor-top-column elementor-element elementor-element-7475614\" data-id=\"7475614\" data-element_type=\"column\" data-e-type=\"column\">\n\t\t\t<div class=\"elementor-widget-wrap elementor-element-populated\">\n\t\t\t\t\t\t<div class=\"elementor-element elementor-element-70aa673 elementor-widget elementor-widget-heading\" data-id=\"70aa673\" data-element_type=\"widget\" data-e-type=\"widget\" data-widget_type=\"heading.default\">\n\t\t\t\t<div class=\"elementor-widget-container\">\n\t\t\t\t\t<h3 class=\"elementor-heading-title elementor-size-default\">Oferecer DIfficuldades do seu dever de Estado <\/h3>\t\t\t\t<\/div>\n\t\t\t\t<\/div>\n\t\t\t\t\t<\/div>\n\t\t<\/div>\n\t\t\t\t\t<\/div>\n\t\t<\/section>\n\t\t\t\t<section class=\"elementor-section elementor-top-section elementor-element elementor-element-ca56459 elementor-section-boxed elementor-section-height-default elementor-section-height-default\" data-id=\"ca56459\" data-element_type=\"section\" data-e-type=\"section\" data-settings=\"{&quot;background_background&quot;:&quot;classic&quot;}\">\n\t\t\t\t\t\t<div class=\"elementor-container elementor-column-gap-default\">\n\t\t\t\t\t<div class=\"elementor-column elementor-col-50 elementor-top-column elementor-element elementor-element-8a7d9c6\" data-id=\"8a7d9c6\" data-element_type=\"column\" data-e-type=\"column\">\n\t\t\t<div class=\"elementor-widget-wrap elementor-element-populated\">\n\t\t\t\t\t\t<div class=\"elementor-element elementor-element-98d5f5d elementor-widget elementor-widget-image\" data-id=\"98d5f5d\" data-element_type=\"widget\" data-e-type=\"widget\" data-widget_type=\"image.default\">\n\t\t\t\t<div class=\"elementor-widget-container\">\n\t\t\t\t\t\t\t\t\t\t\t\t\t\t\t<img loading=\"lazy\" decoding=\"async\" width=\"640\" height=\"426\" src=\"https:\/\/salve-corda.org\/wp-content\/uploads\/2021\/07\/sainte-famille.png\" class=\"attachment-large size-large wp-image-872\" alt=\"\" srcset=\"https:\/\/salve-corda.org\/wp-content\/uploads\/2021\/07\/sainte-famille.png 700w, https:\/\/salve-corda.org\/wp-content\/uploads\/2021\/07\/sainte-famille-300x200.png 300w\" sizes=\"(max-width: 640px) 100vw, 640px\" \/>\t\t\t\t\t\t\t\t\t\t\t\t\t\t\t<\/div>\n\t\t\t\t<\/div>\n\t\t\t\t\t<\/div>\n\t\t<\/div>\n\t\t\t\t<div class=\"elementor-column elementor-col-50 elementor-top-column elementor-element elementor-element-04dc9a8\" data-id=\"04dc9a8\" data-element_type=\"column\" data-e-type=\"column\">\n\t\t\t<div class=\"elementor-widget-wrap elementor-element-populated\">\n\t\t\t\t\t\t<div class=\"elementor-element elementor-element-b19e7c7 elementor-widget elementor-widget-text-editor\" data-id=\"b19e7c7\" data-element_type=\"widget\" data-e-type=\"widget\" data-widget_type=\"text-editor.default\">\n\t\t\t\t<div class=\"elementor-widget-container\">\n\t\t\t\t\t\t\t\t\t<p>La Sainte Vierge a expliqu\u00e9 \u00e0 Fatima que dans le monde moderne elle ne nous demandait pas de p\u00e9nitence particuli\u00e8re mais simplement d&#8217;offrir les difficult\u00e9s de son devoir d&#8217;\u00e9tat pour la conversion des p\u00e9cheurs. Il suffit d\u2019y penser r\u00e9guli\u00e8rement et d\u2019en acqu\u00e9rir le r\u00e9flexe. D\u00e8s qu\u2019une souffrance, une difficult\u00e9, un sentiment de lassitude appara\u00eet, nous devons l&#8217;offrir \u00e0 Marie pour qu\u2019Elle sauve des p\u00e9cheurs qui vont mourir aujourd&#8217;hui. Rapidement cette pratique va rentrer dans notre vie quotidienne, et non seulement nous sauverons une multitude de p\u00e9cheurs, mais nous verrons que les peines de notre devoir d\u2019\u00e9tat deviendront plus faciles \u00e0 porter.*<\/p><p>\u00a0<\/p><p>\u00a0<\/p><p>* <i>N\u00e3o s\u00e3o os nossos pequenos esfor\u00e7os em si mesmos que fazem a diferen\u00e7a.<\/i><i>es<\/i><i> que permitem que as almas sejam salvas. Este \u00e9 o poder da Sant\u00edssima Virgem. Mas, por respeito \u00e0<\/i><i>a<\/i><i> a liberdade humana de que necessita\u00a0<\/i><i>a<b> ato livre<\/b>colocado <\/i><i>por n\u00f3s pr\u00f3prios, para intervir.<\/i><\/p>\t\t\t\t\t\t\t\t<\/div>\n\t\t\t\t<\/div>\n\t\t\t\t\t<\/div>\n\t\t<\/div>\n\t\t\t\t\t<\/div>\n\t\t<\/section>\n\t\t\t\t<section class=\"elementor-section elementor-top-section elementor-element elementor-element-3b2016d elementor-section-boxed elementor-section-height-default elementor-section-height-default\" data-id=\"3b2016d\" data-element_type=\"section\" data-e-type=\"section\">\n\t\t\t\t\t\t<div class=\"elementor-container elementor-column-gap-default\">\n\t\t\t\t\t<div class=\"elementor-column elementor-col-100 elementor-top-column elementor-element elementor-element-f43c3d9\" data-id=\"f43c3d9\" data-element_type=\"column\" data-e-type=\"column\">\n\t\t\t<div class=\"elementor-widget-wrap elementor-element-populated\">\n\t\t\t\t\t\t<div class=\"elementor-element elementor-element-5428cf3 elementor-widget elementor-widget-heading\" data-id=\"5428cf3\" data-element_type=\"widget\" data-e-type=\"widget\" data-widget_type=\"heading.default\">\n\t\t\t\t<div class=\"elementor-widget-container\">\n\t\t\t\t\t<h3 class=\"elementor-heading-title elementor-size-default\">CONSAGRA\u00c7\u00c3O ao Imaculado Cora\u00e7\u00e3o de Maria <\/h3>\t\t\t\t<\/div>\n\t\t\t\t<\/div>\n\t\t\t\t<div class=\"elementor-element elementor-element-785d65b elementor-widget elementor-widget-text-editor\" data-id=\"785d65b\" data-element_type=\"widget\" data-e-type=\"widget\" data-widget_type=\"text-editor.default\">\n\t\t\t\t<div class=\"elementor-widget-container\">\n\t\t\t\t\t\t\t\t\t<p><span style=\"color: var( --e-global-color-text ); font-family: var( --e-global-typography-18e5089-font-family ), Sans-serif; font-size: var( --e-global-typography-18e5089-font-size ); font-weight: var( --e-global-typography-18e5089-font-weight ); letter-spacing: var( --e-global-typography-18e5089-letter-spacing );\">A consagra\u00e7\u00e3o \u00e9 uma d\u00e1diva de si mesmo ao Imaculado Cora\u00e7\u00e3o de Maria e deve ser feita uma vez na vida. Mas \u00e9 uma boa ideia renov\u00e1-la todos os anos.\u00a0<\/span><span style=\"color: var( --e-global-color-text ); font-family: var( --e-global-typography-18e5089-font-family ), Sans-serif; font-size: var( --e-global-typography-18e5089-font-size ); font-weight: var( --e-global-typography-18e5089-font-weight ); letter-spacing: var( --e-global-typography-18e5089-letter-spacing );\">N\u00e3o existem regras especiais para este efeito. Mas dado que <\/span><b style=\"color: var( --e-global-color-text ); font-family: var( --e-global-typography-18e5089-font-family ), Sans-serif; font-size: var( --e-global-typography-18e5089-font-size ); letter-spacing: var( --e-global-typography-18e5089-letter-spacing );\">a import\u00e2ncia de tal compromisso <\/b><span style=\"color: var( --e-global-color-text ); font-family: var( --e-global-typography-18e5089-font-family ), Sans-serif; font-size: var( --e-global-typography-18e5089-font-size ); font-weight: var( --e-global-typography-18e5089-font-weight ); letter-spacing: var( --e-global-typography-18e5089-letter-spacing );\">pode ser utilizado o seguinte m\u00e9todo:<\/span><\/p><p><span style=\"color: var( --e-global-color-text ); font-family: var( --e-global-typography-18e5089-font-family ), Sans-serif; font-size: var( --e-global-typography-18e5089-font-size ); font-weight: var( --e-global-typography-18e5089-font-weight ); letter-spacing: var( --e-global-typography-18e5089-letter-spacing );\">\u00a0<\/span><\/p><p>Prepare-se internamente e escolha uma data especial (uma celebra\u00e7\u00e3o importante, uma data pessoal, etc.).\u00a0<\/p><p>No dia escolhido, fazer a promessa numa igreja ou capela diante do Sant\u00edssimo Sacramento, se poss\u00edvel depois de receber a Sagrada Comunh\u00e3o.<\/p><p>Para assinalar a ocasi\u00e3o, esteja na presen\u00e7a de familiares ou amigos pr\u00f3ximos (se n\u00e3o tiver ningu\u00e9m, n\u00e3o est\u00e1 sozinho: fa\u00e7a a sua promessa ao seu Anjo da Guarda).<\/p><p>\u00a0<\/p><p>\u00a0<\/p><p>Uma vez que os Cora\u00e7\u00f5es de Jesus e de Maria s\u00e3o insepar\u00e1veis, faz sentido fazer um \u00fanico cora\u00e7\u00e3o. <u><b>consagra\u00e7\u00e3o aos dois Cora\u00e7\u00f5es de Jesus e de Maria<\/b><\/u> em vez de duas consagra\u00e7\u00f5es separadas.<\/p><p>Vous trouverez dans l\u2019onglet &#8220;pri\u00e8res&#8221; diff\u00e9rentes cons\u00e9crations.<\/p>\t\t\t\t\t\t\t\t<\/div>\n\t\t\t\t<\/div>\n\t\t\t\t\t<\/div>\n\t\t<\/div>\n\t\t\t\t\t<\/div>\n\t\t<\/section>\n\t\t\t\t<section class=\"elementor-section elementor-top-section elementor-element elementor-element-0078546 elementor-section-boxed elementor-section-height-default elementor-section-height-default\" data-id=\"0078546\" data-element_type=\"section\" data-e-type=\"section\" data-settings=\"{&quot;background_background&quot;:&quot;classic&quot;}\">\n\t\t\t\t\t\t<div class=\"elementor-container elementor-column-gap-default\">\n\t\t\t\t\t<div class=\"elementor-column elementor-col-100 elementor-top-column elementor-element elementor-element-f24a7e2\" data-id=\"f24a7e2\" data-element_type=\"column\" data-e-type=\"column\">\n\t\t\t<div class=\"elementor-widget-wrap elementor-element-populated\">\n\t\t\t\t\t\t<div class=\"elementor-element elementor-element-c669868 elementor-widget elementor-widget-heading\" data-id=\"c669868\" data-element_type=\"widget\" data-e-type=\"widget\" data-widget_type=\"heading.default\">\n\t\t\t\t<div class=\"elementor-widget-container\">\n\t\t\t\t\t<h2 class=\"elementor-heading-title elementor-size-default\">Conselhos para aqueles que tamb\u00e9m querem cumprir os pedidos do sagrado cora\u00e7\u00e3o<\/h2>\t\t\t\t<\/div>\n\t\t\t\t<\/div>\n\t\t\t\t\t<\/div>\n\t\t<\/div>\n\t\t\t\t\t<\/div>\n\t\t<\/section>\n\t\t\t\t<section class=\"elementor-section elementor-top-section elementor-element elementor-element-77ed42e elementor-section-boxed elementor-section-height-default elementor-section-height-default\" data-id=\"77ed42e\" data-element_type=\"section\" data-e-type=\"section\" data-settings=\"{&quot;background_background&quot;:&quot;classic&quot;}\">\n\t\t\t\t\t\t<div class=\"elementor-container elementor-column-gap-default\">\n\t\t\t\t\t<div class=\"elementor-column elementor-col-100 elementor-top-column elementor-element elementor-element-88f0cb0\" data-id=\"88f0cb0\" data-element_type=\"column\" data-e-type=\"column\">\n\t\t\t<div class=\"elementor-widget-wrap elementor-element-populated\">\n\t\t\t\t\t\t<div class=\"elementor-element elementor-element-81c196f elementor-widget elementor-widget-text-editor\" data-id=\"81c196f\" data-element_type=\"widget\" data-e-type=\"widget\" data-widget_type=\"text-editor.default\">\n\t\t\t\t<div class=\"elementor-widget-container\">\n\t\t\t\t\t\t\t\t\t<p>hora santa de quinta-feira<\/p>\t\t\t\t\t\t\t\t<\/div>\n\t\t\t\t<\/div>\n\t\t\t\t\t<\/div>\n\t\t<\/div>\n\t\t\t\t\t<\/div>\n\t\t<\/section>\n\t\t\t\t<section class=\"elementor-section elementor-top-section elementor-element elementor-element-58a6563 elementor-section-boxed elementor-section-height-default elementor-section-height-default\" data-id=\"58a6563\" data-element_type=\"section\" data-e-type=\"section\" data-settings=\"{&quot;background_background&quot;:&quot;classic&quot;}\">\n\t\t\t\t\t\t<div class=\"elementor-container elementor-column-gap-default\">\n\t\t\t\t\t<div class=\"elementor-column elementor-col-50 elementor-top-column elementor-element elementor-element-c82c0dc\" data-id=\"c82c0dc\" data-element_type=\"column\" data-e-type=\"column\">\n\t\t\t<div class=\"elementor-widget-wrap elementor-element-populated\">\n\t\t\t\t\t\t<div class=\"elementor-element elementor-element-7fc4666 elementor-widget elementor-widget-image\" data-id=\"7fc4666\" data-element_type=\"widget\" data-e-type=\"widget\" data-widget_type=\"image.default\">\n\t\t\t\t<div class=\"elementor-widget-container\">\n\t\t\t\t\t\t\t\t\t\t\t\t\t\t\t<img loading=\"lazy\" decoding=\"async\" width=\"466\" height=\"600\" src=\"https:\/\/salve-corda.org\/wp-content\/uploads\/2021\/09\/agonie-de-jesus.jpg\" class=\"attachment-large size-large wp-image-2223\" alt=\"\" srcset=\"https:\/\/salve-corda.org\/wp-content\/uploads\/2021\/09\/agonie-de-jesus.jpg 466w, https:\/\/salve-corda.org\/wp-content\/uploads\/2021\/09\/agonie-de-jesus-233x300.jpg 233w\" sizes=\"(max-width: 466px) 100vw, 466px\" \/>\t\t\t\t\t\t\t\t\t\t\t\t\t\t\t<\/div>\n\t\t\t\t<\/div>\n\t\t\t\t\t<\/div>\n\t\t<\/div>\n\t\t\t\t<div class=\"elementor-column elementor-col-50 elementor-top-column elementor-element elementor-element-86e50c2\" data-id=\"86e50c2\" data-element_type=\"column\" data-e-type=\"column\">\n\t\t\t<div class=\"elementor-widget-wrap elementor-element-populated\">\n\t\t\t\t\t\t<div class=\"elementor-element elementor-element-7f05b50 elementor-widget elementor-widget-text-editor\" data-id=\"7f05b50\" data-element_type=\"widget\" data-e-type=\"widget\" data-widget_type=\"text-editor.default\">\n\t\t\t\t<div class=\"elementor-widget-container\">\n\t\t\t\t\t\t\t\t\t<p>Cristo pediu a Santa Margarida Maria que vigiasse e meditasse durante uma hora todas as quintas-feiras, das 23h \u00e0 meia-noite, em mem\u00f3ria da sua dor mortal no Jardim das Oliveiras.\u00a0<\/p><p><span style=\"color: var( --e-global-color-text ); font-family: var( --e-global-typography-text-font-family ), Sans-serif; font-size: var( --e-global-typography-text-font-size ); font-weight: var( --e-global-typography-text-font-weight );\">\u00a0<\/span><\/p><p><span style=\"color: var( --e-global-color-text ); font-family: var( --e-global-typography-text-font-family ), Sans-serif; font-size: var( --e-global-typography-text-font-size ); font-weight: var( --e-global-typography-text-font-weight );\">L&#8217;horaire a \u00e9t\u00e9 assoupli par les papes pour des raisons mat\u00e9rielles, tout le monde ne pouvant pas forc\u00e9ment \u00eatre disponible \u00e0 cette heure-l\u00e0 en raison de son devoir d&#8217;\u00e9tat. Ils ont permis que cette Heure Sainte soit r\u00e9alis\u00e9e le jeudi entre 14 heures et minuit.<\/span><\/p><p><span style=\"color: var( --e-global-color-text ); font-family: var( --e-global-typography-text-font-family ), Sans-serif; font-size: var( --e-global-typography-text-font-size ); font-weight: var( --e-global-typography-text-font-weight );\">\u00a0<\/span><\/p><p>Nous conseillons de commencer au moins une fois par mois et de se rassembler pour faire l&#8217;Heure Sainte <b>no dia anterior \u00e0 primeira sexta-feira do m\u00eas<\/b>. Pour \u00eatre nombreux et tenir compte de la vie \u00e0 la fois professionnelle et familiale il est recommand\u00e9 aux cit\u00e9s de l&#8217;organiser dans une Eglise vers 21 ou 22 heures.<\/p>\t\t\t\t\t\t\t\t<\/div>\n\t\t\t\t<\/div>\n\t\t\t\t\t<\/div>\n\t\t<\/div>\n\t\t\t\t\t<\/div>\n\t\t<\/section>\n\t\t\t\t<section class=\"elementor-section elementor-top-section elementor-element elementor-element-82212f1 elementor-section-boxed elementor-section-height-default elementor-section-height-default\" data-id=\"82212f1\" data-element_type=\"section\" data-e-type=\"section\" data-settings=\"{&quot;background_background&quot;:&quot;classic&quot;}\">\n\t\t\t\t\t\t<div class=\"elementor-container elementor-column-gap-default\">\n\t\t\t\t\t<div class=\"elementor-column elementor-col-50 elementor-top-column elementor-element elementor-element-599c239\" data-id=\"599c239\" data-element_type=\"column\" data-e-type=\"column\">\n\t\t\t<div class=\"elementor-widget-wrap elementor-element-populated\">\n\t\t\t\t\t\t<div class=\"elementor-element elementor-element-100084e elementor-widget elementor-widget-text-editor\" data-id=\"100084e\" data-element_type=\"widget\" data-e-type=\"widget\" data-widget_type=\"text-editor.default\">\n\t\t\t\t<div class=\"elementor-widget-container\">\n\t\t\t\t\t\t\t\t\t<p><span style=\"color: #9e771a; font-size: 20px; text-transform: uppercase;\">comunh\u00e3o na 1\u00aa sexta-feira do m\u00eas<\/span><\/p>\t\t\t\t\t\t\t\t<\/div>\n\t\t\t\t<\/div>\n\t\t\t\t<div class=\"elementor-element elementor-element-0656245 elementor-widget elementor-widget-text-editor\" data-id=\"0656245\" data-element_type=\"widget\" data-e-type=\"widget\" data-widget_type=\"text-editor.default\">\n\t\t\t\t<div class=\"elementor-widget-container\">\n\t\t\t\t\t\t\t\t\t<p>Le sacr\u00e9-Coeur nous a demand\u00e9 de communier chaque 1er vendredi du mois pour r\u00e9parer les offenses qui lui sont faites. Il n&#8217;a rien demand\u00e9 d&#8217;autre ce jour-l\u00e0.<\/p><p>\u00a0<\/p><p>\u00a0<\/p><p>S&#8217;il y a une Cit\u00e9 Salve Corda, une Messe est organis\u00e9e.<\/p>\t\t\t\t\t\t\t\t<\/div>\n\t\t\t\t<\/div>\n\t\t\t\t\t<\/div>\n\t\t<\/div>\n\t\t\t\t<div class=\"elementor-column elementor-col-50 elementor-top-column elementor-element elementor-element-775ce35\" data-id=\"775ce35\" data-element_type=\"column\" data-e-type=\"column\">\n\t\t\t<div class=\"elementor-widget-wrap elementor-element-populated\">\n\t\t\t\t\t\t<div class=\"elementor-element elementor-element-894529f elementor-widget elementor-widget-image\" data-id=\"894529f\" data-element_type=\"widget\" data-e-type=\"widget\" data-widget_type=\"image.default\">\n\t\t\t\t<div class=\"elementor-widget-container\">\n\t\t\t\t\t\t\t\t\t\t\t\t\t\t\t<img loading=\"lazy\" decoding=\"async\" width=\"412\" height=\"392\" src=\"https:\/\/salve-corda.org\/wp-content\/uploads\/2020\/09\/Image7.jpg\" class=\"attachment-large size-large wp-image-274\" alt=\"\" srcset=\"https:\/\/salve-corda.org\/wp-content\/uploads\/2020\/09\/Image7.jpg 412w, https:\/\/salve-corda.org\/wp-content\/uploads\/2020\/09\/Image7-300x285.jpg 300w\" sizes=\"(max-width: 412px) 100vw, 412px\" \/>\t\t\t\t\t\t\t\t\t\t\t\t\t\t\t<\/div>\n\t\t\t\t<\/div>\n\t\t\t\t\t<\/div>\n\t\t<\/div>\n\t\t\t\t\t<\/div>\n\t\t<\/section>\n\t\t\t\t<section class=\"elementor-section elementor-top-section elementor-element elementor-element-749422f elementor-section-boxed elementor-section-height-default elementor-section-height-default\" data-id=\"749422f\" data-element_type=\"section\" data-e-type=\"section\" data-settings=\"{&quot;background_background&quot;:&quot;classic&quot;}\">\n\t\t\t\t\t\t<div class=\"elementor-container elementor-column-gap-default\">\n\t\t\t\t\t<div class=\"elementor-column elementor-col-100 elementor-top-column elementor-element elementor-element-24f1bda\" data-id=\"24f1bda\" data-element_type=\"column\" data-e-type=\"column\">\n\t\t\t<div class=\"elementor-widget-wrap elementor-element-populated\">\n\t\t\t\t\t\t<div class=\"elementor-element elementor-element-14fb7e8 elementor-widget elementor-widget-text-editor\" data-id=\"14fb7e8\" data-element_type=\"widget\" data-e-type=\"widget\" data-widget_type=\"text-editor.default\">\n\t\t\t\t<div class=\"elementor-widget-container\">\n\t\t\t\t\t\t\t\t\t<p>v\u00e9n\u00e9rer l&#8217;image du sacr\u00e9-coeur<\/p>\t\t\t\t\t\t\t\t<\/div>\n\t\t\t\t<\/div>\n\t\t\t\t\t<\/div>\n\t\t<\/div>\n\t\t\t\t\t<\/div>\n\t\t<\/section>\n\t\t\t\t<section class=\"elementor-section elementor-top-section elementor-element elementor-element-1129108 elementor-section-boxed elementor-section-height-default elementor-section-height-default\" data-id=\"1129108\" data-element_type=\"section\" data-e-type=\"section\" data-settings=\"{&quot;background_background&quot;:&quot;classic&quot;}\">\n\t\t\t\t\t\t<div class=\"elementor-container elementor-column-gap-default\">\n\t\t\t\t\t<div class=\"elementor-column elementor-col-100 elementor-top-column elementor-element elementor-element-89a42ca\" data-id=\"89a42ca\" data-element_type=\"column\" data-e-type=\"column\">\n\t\t\t<div class=\"elementor-widget-wrap elementor-element-populated\">\n\t\t\t\t\t\t<div class=\"elementor-element elementor-element-a235580 elementor-widget elementor-widget-text-editor\" data-id=\"a235580\" data-element_type=\"widget\" data-e-type=\"widget\" data-widget_type=\"text-editor.default\">\n\t\t\t\t<div class=\"elementor-widget-container\">\n\t\t\t\t\t\t\t\t\t<p>Le Sacr\u00e9-Coeur a demand\u00e9 qu&#8217;il soit v\u00e9n\u00e9r\u00e9 dans les familles. Il faut donc avoir une repr\u00e9sentation chez soi sous forme de statue ou de tableau. Il doit \u00eatre \u00e0 une place d&#8217;honneur : salon, entr\u00e9e ou oratoire lorsqu&#8217;on en a un.&nbsp;<span style=\"color: var( --e-global-color-text ); font-family: var( --e-global-typography-text-font-family ), Sans-serif; font-size: var( --e-global-typography-text-font-size ); font-weight: var( --e-global-typography-text-font-weight );\">Assim, quando passamos por ele durante o dia, pensamos n'Ele regularmente. Podemos<\/span><span style=\"color: var( --e-global-color-text ); font-family: var( --e-global-typography-text-font-family ), Sans-serif; font-size: var( --e-global-typography-text-font-size ); font-weight: var( --e-global-typography-text-font-weight );\">&nbsp;uma est\u00e1tua do Imaculado Cora\u00e7\u00e3o de Maria.&nbsp;<\/span><\/p>\t\t\t\t\t\t\t\t<\/div>\n\t\t\t\t<\/div>\n\t\t\t\t\t<\/div>\n\t\t<\/div>\n\t\t\t\t\t<\/div>\n\t\t<\/section>\n\t\t\t\t<\/div>","protected":false},"excerpt":{"rendered":"<p>Conselhos pr\u00e1ticos para realizar os pedidos dos CURSOS DE JESUS E MARIA Comunh\u00e3o nos primeiros s\u00e1bados do m\u00eas Anote na sua agenda os primeiros s\u00e1bados do m\u00eas, da mesma forma que anota as suas [...].<\/p>","protected":false},"author":1,"featured_media":0,"parent":0,"menu_order":0,"comment_status":"closed","ping_status":"closed","template":"elementor_header_footer","meta":{"footnotes":""},"class_list":["post-459","page","type-page","status-publish","hentry"],"_links":{"self":[{"href":"https:\/\/salve-corda.org\/pt\/wp-json\/wp\/v2\/pages\/459","targetHints":{"allow":["GET"]}}],"collection":[{"href":"https:\/\/salve-corda.org\/pt\/wp-json\/wp\/v2\/pages"}],"about":[{"href":"https:\/\/salve-corda.org\/pt\/wp-json\/wp\/v2\/types\/page"}],"author":[{"embeddable":true,"href":"https:\/\/salve-corda.org\/pt\/wp-json\/wp\/v2\/users\/1"}],"replies":[{"embeddable":true,"href":"https:\/\/salve-corda.org\/pt\/wp-json\/wp\/v2\/comments?post=459"}],"version-history":[{"count":264,"href":"https:\/\/salve-corda.org\/pt\/wp-json\/wp\/v2\/pages\/459\/revisions"}],"predecessor-version":[{"id":5933,"href":"https:\/\/salve-corda.org\/pt\/wp-json\/wp\/v2\/pages\/459\/revisions\/5933"}],"wp:attachment":[{"href":"https:\/\/salve-corda.org\/pt\/wp-json\/wp\/v2\/media?parent=459"}],"curies":[{"name":"wp","href":"https:\/\/api.w.org\/{rel}","templated":true}]}}