{"id":467,"date":"2020-09-25T15:22:43","date_gmt":"2020-09-25T13:22:43","guid":{"rendered":"https:\/\/salve-corda.org\/?page_id=467"},"modified":"2021-12-01T22:41:20","modified_gmt":"2021-12-01T21:41:20","slug":"pourquoi-rassembler-les-coeurs-de-jesus-marie","status":"publish","type":"page","link":"https:\/\/salve-corda.org\/pt\/pourquoi-rassembler-les-coeurs-de-jesus-marie\/","title":{"rendered":"Porqu\u00ea juntar os cora\u00e7\u00f5es de Jesus e de Maria?"},"content":{"rendered":"<div data-elementor-type=\"wp-page\" data-elementor-id=\"467\" class=\"elementor elementor-467\">\n\t\t\t\t\t\t<section class=\"elementor-section elementor-top-section elementor-element elementor-element-43623e4 elementor-section-boxed elementor-section-height-default elementor-section-height-default\" data-id=\"43623e4\" data-element_type=\"section\" data-e-type=\"section\">\n\t\t\t\t\t\t<div class=\"elementor-container elementor-column-gap-default\">\n\t\t\t\t\t<div class=\"elementor-column elementor-col-100 elementor-top-column elementor-element elementor-element-ef631d9\" data-id=\"ef631d9\" data-element_type=\"column\" data-e-type=\"column\">\n\t\t\t<div class=\"elementor-widget-wrap\">\n\t\t\t\t\t\t\t<\/div>\n\t\t<\/div>\n\t\t\t\t\t<\/div>\n\t\t<\/section>\n\t\t\t\t<section class=\"elementor-section elementor-top-section elementor-element elementor-element-1316a7f elementor-section-boxed elementor-section-height-default elementor-section-height-default\" data-id=\"1316a7f\" data-element_type=\"section\" data-e-type=\"section\">\n\t\t\t\t\t\t<div class=\"elementor-container elementor-column-gap-default\">\n\t\t\t\t\t<div class=\"elementor-column elementor-col-100 elementor-top-column elementor-element elementor-element-3afe7f8\" data-id=\"3afe7f8\" data-element_type=\"column\" data-e-type=\"column\">\n\t\t\t<div class=\"elementor-widget-wrap\">\n\t\t\t\t\t\t\t<\/div>\n\t\t<\/div>\n\t\t\t\t\t<\/div>\n\t\t<\/section>\n\t\t\t\t<section class=\"elementor-section elementor-top-section elementor-element elementor-element-da1e853 elementor-section-boxed elementor-section-height-default elementor-section-height-default\" data-id=\"da1e853\" data-element_type=\"section\" data-e-type=\"section\">\n\t\t\t\t\t\t<div class=\"elementor-container elementor-column-gap-default\">\n\t\t\t\t\t<div class=\"elementor-column elementor-col-100 elementor-top-column elementor-element elementor-element-4f5cb02\" data-id=\"4f5cb02\" data-element_type=\"column\" data-e-type=\"column\">\n\t\t\t<div class=\"elementor-widget-wrap elementor-element-populated\">\n\t\t\t\t\t\t<div class=\"elementor-element elementor-element-1fa5091 elementor-widget elementor-widget-spacer\" data-id=\"1fa5091\" data-element_type=\"widget\" data-e-type=\"widget\" data-widget_type=\"spacer.default\">\n\t\t\t\t<div class=\"elementor-widget-container\">\n\t\t\t\t\t\t\t<div class=\"elementor-spacer\">\n\t\t\t<div class=\"elementor-spacer-inner\"><\/div>\n\t\t<\/div>\n\t\t\t\t\t\t<\/div>\n\t\t\t\t<\/div>\n\t\t\t\t\t<\/div>\n\t\t<\/div>\n\t\t\t\t\t<\/div>\n\t\t<\/section>\n\t\t\t\t<section class=\"elementor-section elementor-top-section elementor-element elementor-element-56f35a0 elementor-section-boxed elementor-section-height-default elementor-section-height-default\" data-id=\"56f35a0\" data-element_type=\"section\" data-e-type=\"section\">\n\t\t\t\t\t\t<div class=\"elementor-container elementor-column-gap-default\">\n\t\t\t\t\t<div class=\"elementor-column elementor-col-100 elementor-top-column elementor-element elementor-element-2932c8c\" data-id=\"2932c8c\" data-element_type=\"column\" data-e-type=\"column\">\n\t\t\t<div class=\"elementor-widget-wrap elementor-element-populated\">\n\t\t\t\t\t\t<div class=\"elementor-element elementor-element-bc22c98 elementor-widget elementor-widget-heading\" data-id=\"bc22c98\" data-element_type=\"widget\" data-e-type=\"widget\" data-widget_type=\"heading.default\">\n\t\t\t\t<div class=\"elementor-widget-container\">\n\t\t\t\t\t<h2 class=\"elementor-heading-title elementor-size-default\">Porqu\u00ea reunir as devo\u00e7\u00f5es aos Cora\u00e7\u00f5es de Jesus e de Maria?\n<\/h2>\t\t\t\t<\/div>\n\t\t\t\t<\/div>\n\t\t\t\t<div class=\"elementor-element elementor-element-3cdb236 elementor-widget elementor-widget-text-editor\" data-id=\"3cdb236\" data-element_type=\"widget\" data-e-type=\"widget\" data-widget_type=\"text-editor.default\">\n\t\t\t\t<div class=\"elementor-widget-container\">\n\t\t\t\t\t\t\t\t\t<p>N\u00e3o \u00e9 raro que, quando se fala do Imaculado Cora\u00e7\u00e3o de Maria, as pessoas n\u00e3o entendam porque \"j\u00e1\" existe o Sagrado Cora\u00e7\u00e3o. N\u00e3o ser\u00e1 isto uma esp\u00e9cie de duplica\u00e7\u00e3o? N\u00e3o podemos escolher? A resposta \u00e9 a seguinte.\u00a0<br \/><span style=\"color: var( --e-global-color-text ); font-family: var( --e-global-typography-18e5089-font-family ), Sans-serif; font-size: var( --e-global-typography-18e5089-font-size ); font-weight: var( --e-global-typography-18e5089-font-weight ); letter-spacing: var( --e-global-typography-18e5089-letter-spacing );\"><br \/>O amor entre Cristo e a Sant\u00edssima Virgem torna-os t\u00e3o unidos que os seus Cora\u00e7\u00f5es s\u00e3o na realidade um s\u00f3.<\/span> <b style=\"color: var( --e-global-color-text ); font-family: var( --e-global-typography-18e5089-font-family ), Sans-serif; font-size: var( --e-global-typography-18e5089-font-size ); letter-spacing: var( --e-global-typography-18e5089-letter-spacing );\">do que um.\u00a0<\/b><\/p><p><span style=\"color: var( --e-global-color-text ); font-family: var( --e-global-typography-18e5089-font-family ), Sans-serif; font-size: var( --e-global-typography-18e5089-font-size ); letter-spacing: var( --e-global-typography-18e5089-letter-spacing ); font-weight: bold; text-align: center;\">C&#8217;est ce qu&#8217;explique Saint\u00a0<\/span><span style=\"color: var( --e-global-color-text ); font-family: var( --e-global-typography-18e5089-font-family ), Sans-serif; font-size: var( --e-global-typography-18e5089-font-size ); letter-spacing: var( --e-global-typography-18e5089-letter-spacing ); font-weight: bold; text-align: center;\">Jean-Eudes :\u00a0<\/span><span style=\"color: var( --e-global-color-text ); font-family: var( --e-global-typography-18e5089-font-family ), Sans-serif; font-size: var( --e-global-typography-18e5089-font-size ); letter-spacing: var( --e-global-typography-18e5089-letter-spacing ); font-weight: bold; text-align: center;\">devo\u00e7\u00e3o\u00a0<\/span><span style=\"color: var( --e-global-color-text ); font-family: var( --e-global-typography-18e5089-font-family ), Sans-serif; font-size: var( --e-global-typography-18e5089-font-size ); letter-spacing: var( --e-global-typography-18e5089-letter-spacing ); font-weight: bold; text-align: center;\">aux C\u0153urs\u00a0<\/span><span style=\"color: var( --e-global-color-text ); font-family: var( --e-global-typography-18e5089-font-family ), Sans-serif; font-size: var( --e-global-typography-18e5089-font-size ); letter-spacing: var( --e-global-typography-18e5089-letter-spacing ); font-weight: bold; text-align: center;\">de Jesus e\u00a0<\/span><span style=\"color: var( --e-global-color-text ); font-family: var( --e-global-typography-18e5089-font-family ), Sans-serif; font-size: var( --e-global-typography-18e5089-font-size ); letter-spacing: var( --e-global-typography-18e5089-letter-spacing ); font-weight: bold; text-align: center;\">M<\/span><span style=\"color: var( --e-global-color-text ); font-family: var( --e-global-typography-18e5089-font-family ), Sans-serif; font-size: var( --e-global-typography-18e5089-font-size ); letter-spacing: var( --e-global-typography-18e5089-letter-spacing ); font-weight: bold; text-align: center;\">arie \u00e9 a imagem da Sant\u00edssima Trindade<\/span><span style=\"color: var( --e-global-color-text ); font-family: var( --e-global-typography-18e5089-font-family ), Sans-serif; font-size: var( --e-global-typography-18e5089-font-size ); font-weight: var( --e-global-typography-18e5089-font-weight ); letter-spacing: var( --e-global-typography-18e5089-letter-spacing ); text-align: center;\">\u00a0<\/span><span style=\"color: var( --e-global-color-text ); font-family: var( --e-global-typography-18e5089-font-family ), Sans-serif; font-size: var( --e-global-typography-18e5089-font-size ); letter-spacing: var( --e-global-typography-18e5089-letter-spacing ); font-weight: bold; text-align: center;\">existe uma \u00fanica devo\u00e7\u00e3o a um \u00fanico\u00a0<\/span><span style=\"color: var( --e-global-color-text ); font-family: var( --e-global-typography-18e5089-font-family ), Sans-serif; font-size: var( --e-global-typography-18e5089-font-size ); letter-spacing: var( --e-global-typography-18e5089-letter-spacing ); font-weight: bold; text-align: center;\">cora\u00e7\u00e3o<\/span><span style=\"color: var( --e-global-color-text ); font-family: var( --e-global-typography-18e5089-font-family ), Sans-serif; font-size: var( --e-global-typography-18e5089-font-size ); letter-spacing: var( --e-global-typography-18e5089-letter-spacing ); font-weight: bold; text-align: center;\">mas composto por\u00a0<\/span><span style=\"color: var( --e-global-color-text ); font-family: var( --e-global-typography-18e5089-font-family ), Sans-serif; font-size: var( --e-global-typography-18e5089-font-size ); letter-spacing: var( --e-global-typography-18e5089-letter-spacing ); font-weight: bold; text-align: center;\">cora\u00e7\u00f5es<\/span><span style=\"color: var( --e-global-color-text ); font-family: var( --e-global-typography-18e5089-font-family ), Sans-serif; font-size: var( --e-global-typography-18e5089-font-size ); letter-spacing: var( --e-global-typography-18e5089-letter-spacing ); font-weight: bold; text-align: center;\">\u00a0de duas pessoas.<\/span><span style=\"font-family: var( --e-global-typography-18e5089-font-family ), Sans-serif; font-size: var( --e-global-typography-18e5089-font-size ); font-weight: var( --e-global-typography-18e5089-font-weight ); letter-spacing: var( --e-global-typography-18e5089-letter-spacing ); color: #6288c6;\"><i>\u00a0<\/i><\/span><\/p><p><span style=\"font-family: var( --e-global-typography-18e5089-font-family ), Sans-serif; font-size: var( --e-global-typography-18e5089-font-size ); font-weight: var( --e-global-typography-18e5089-font-weight ); letter-spacing: var( --e-global-typography-18e5089-letter-spacing ); color: #6288c6;\"><i>\u00a0<\/i><\/span><\/p><p><span style=\"color: var( --e-global-color-text ); font-family: var( --e-global-typography-18e5089-font-family ), Sans-serif; font-size: var( --e-global-typography-18e5089-font-size ); font-weight: var( --e-global-typography-18e5089-font-weight ); letter-spacing: var( --e-global-typography-18e5089-letter-spacing );\">\u00a0Recorde-se que a pr\u00f3pria Virgem Maria pediu que estes dois Cora\u00e7\u00f5es fossem colocados na Medalha Milagrosa. Os<\/span><span style=\"color: var( --e-global-color-text ); font-family: var( --e-global-typography-18e5089-font-family ), Sans-serif; font-size: var( --e-global-typography-18e5089-font-size ); font-weight: var( --e-global-typography-18e5089-font-weight ); letter-spacing: var( --e-global-typography-18e5089-letter-spacing );\">s ensinamentos dos Santos, dos Papas e de F\u00e1tima convergem para esta devo\u00e7\u00e3o suprema. Escutemo-los:<\/span><\/p>\t\t\t\t\t\t\t\t<\/div>\n\t\t\t\t<\/div>\n\t\t\t\t\t<\/div>\n\t\t<\/div>\n\t\t\t\t\t<\/div>\n\t\t<\/section>\n\t\t\t\t<section class=\"elementor-section elementor-top-section elementor-element elementor-element-4a4a10f elementor-section-boxed elementor-section-height-default elementor-section-height-default\" data-id=\"4a4a10f\" data-element_type=\"section\" data-e-type=\"section\">\n\t\t\t\t\t\t<div class=\"elementor-container elementor-column-gap-default\">\n\t\t\t\t\t<div class=\"elementor-column elementor-col-50 elementor-top-column elementor-element elementor-element-12579cc\" data-id=\"12579cc\" data-element_type=\"column\" data-e-type=\"column\">\n\t\t\t<div class=\"elementor-widget-wrap elementor-element-populated\">\n\t\t\t\t\t\t<div class=\"elementor-element elementor-element-c746efd elementor-widget elementor-widget-image\" data-id=\"c746efd\" data-element_type=\"widget\" data-e-type=\"widget\" data-widget_type=\"image.default\">\n\t\t\t\t<div class=\"elementor-widget-container\">\n\t\t\t\t\t\t\t\t\t\t\t\t\t\t\t<img fetchpriority=\"high\" decoding=\"async\" width=\"640\" height=\"790\" src=\"https:\/\/salve-corda.org\/wp-content\/uploads\/2021\/09\/Sans-titre-9.png\" class=\"attachment-large size-large wp-image-2523\" alt=\"\" srcset=\"https:\/\/salve-corda.org\/wp-content\/uploads\/2021\/09\/Sans-titre-9.png 670w, https:\/\/salve-corda.org\/wp-content\/uploads\/2021\/09\/Sans-titre-9-243x300.png 243w\" sizes=\"(max-width: 640px) 100vw, 640px\" \/>\t\t\t\t\t\t\t\t\t\t\t\t\t\t\t<\/div>\n\t\t\t\t<\/div>\n\t\t\t\t\t<\/div>\n\t\t<\/div>\n\t\t\t\t<div class=\"elementor-column elementor-col-50 elementor-top-column elementor-element elementor-element-2f1e6ce\" data-id=\"2f1e6ce\" data-element_type=\"column\" data-e-type=\"column\">\n\t\t\t<div class=\"elementor-widget-wrap elementor-element-populated\">\n\t\t\t\t\t\t<div class=\"elementor-element elementor-element-ca88d9e elementor-widget elementor-widget-text-editor\" data-id=\"ca88d9e\" data-element_type=\"widget\" data-e-type=\"widget\" data-widget_type=\"text-editor.default\">\n\t\t\t\t<div class=\"elementor-widget-container\">\n\t\t\t\t\t\t\t\t\t<p><span style=\"color: #6288c6;\"><i>Visitar<\/i> <i>aluguer<\/i> <i>este<\/i> <i>Cora\u00e7\u00e3o<\/i><i> ador\u00e1vel, <\/i><i>(o <\/i><i>S<\/i><i>acr<\/i><i>\u00e9<\/i>&#8211;<i>C<\/i><i>oeur<\/i> <i>)<\/i><\/span><\/p><p><span style=\"color: #6288c6;\"><i>I<\/i> <i>aluguer<\/i><i> com propor\u00e7\u00e3o<\/i><\/span><\/p><p><span style=\"color: #6288c6;\"><i>Le <\/i><i>Cora\u00e7\u00e3o<\/i><i> de <\/i><i>seu<\/i> <i>M\u00e3e<\/i><i> admir\u00e1vel,<\/i><\/span><\/p><p><span style=\"color: #6288c6;\"><i>Muito<\/i> <i>\u00e9<\/i> <i>grande<\/i> <i>seus<\/i><i> uni\u00e3o.<\/i><\/span><\/p><p>\u00a0<\/p><p>S\u00e3o Lu\u00eds Maria Grignon de Montfort<\/p><p style=\"text-align: justify;\"><span style=\"color: #6288c6;\"><i>\"O Cora\u00e7\u00e3o de\u00a0<\/i><i>Jesus<\/i>\u00a0<i>quer<\/i><i>\u00a0isso,\u00a0<\/i><i>\u00e0<\/i><i>\u00a0sonoro\u00a0<\/i><i>em<\/i><i>n\u00f3s\u00a0<\/i><i>adora\u00e7\u00e3o<\/i><i>\u00a0o Cora\u00e7\u00e3o\u00a0<\/i><i>Imaculado<\/i><i>\u00a0de Maria\".<\/i><\/span><\/p><p>\u00a0<\/p><p style=\"text-align: justify;\">Jacinta, uma das videntes de F\u00e1tima antes da sua morte<\/p><p style=\"text-align: justify;\"><span style=\"color: #6288c6; font-family: var( --e-global-typography-text-font-family ), Sans-serif; font-size: var( --e-global-typography-text-font-size ); font-weight: var( --e-global-typography-text-font-weight );\">\"\u00a0<\/span><i style=\"color: #6288c6; font-family: var( --e-global-typography-text-font-family ), Sans-serif; font-size: var( --e-global-typography-text-font-size ); font-weight: var( --e-global-typography-text-font-weight );\">Les fid\u00e8les doivent veiller \u00e0 associer \u00e9troitement le culte du Sacr\u00e9-C\u0153ur et le culte envers le C\u0153ur Immacul\u00e9 de Marie, car notre salut vient de l&#8217;amour et des souffrances de J\u00e9sus-Christ indissolublement unis \u00e0 l&#8217;amour et aux souffrances de sa M\u00e8re.<\/i><span style=\"color: #6288c6; font-family: var( --e-global-typography-text-font-family ), Sans-serif; font-size: var( --e-global-typography-text-font-size ); font-weight: var( --e-global-typography-text-font-weight );\">\u00a0\"<\/span><\/p><p>\u00a0<\/p><p style=\"text-align: justify;\"><span style=\"text-align: right; color: var( --e-global-color-text ); font-family: var( --e-global-typography-text-font-family ), Sans-serif; font-size: var( --e-global-typography-text-font-size ); font-weight: var( --e-global-typography-text-font-weight );\">Pio XII, 8 de dezembro de 1942, dia em que consagrou o mundo pela segunda vez ao Imaculado Cora\u00e7\u00e3o de Maria.<\/span><\/p>\t\t\t\t\t\t\t\t<\/div>\n\t\t\t\t<\/div>\n\t\t\t\t\t<\/div>\n\t\t<\/div>\n\t\t\t\t\t<\/div>\n\t\t<\/section>\n\t\t\t\t<section class=\"elementor-section elementor-top-section elementor-element elementor-element-7d6230d elementor-section-boxed elementor-section-height-default elementor-section-height-default\" data-id=\"7d6230d\" data-element_type=\"section\" data-e-type=\"section\">\n\t\t\t\t\t\t<div class=\"elementor-container elementor-column-gap-default\">\n\t\t\t\t\t<div class=\"elementor-column elementor-col-50 elementor-top-column elementor-element elementor-element-c17a37d\" data-id=\"c17a37d\" data-element_type=\"column\" data-e-type=\"column\">\n\t\t\t<div class=\"elementor-widget-wrap elementor-element-populated\">\n\t\t\t\t\t\t<div class=\"elementor-element elementor-element-6188c44 elementor-widget elementor-widget-text-editor\" data-id=\"6188c44\" data-element_type=\"widget\" data-e-type=\"widget\" data-widget_type=\"text-editor.default\">\n\t\t\t\t<div class=\"elementor-widget-container\">\n\t\t\t\t\t\t\t\t\t<p>Em F\u00e1tima, os cora\u00e7\u00f5es de Jesus e de Maria estar\u00e3o unidos desde o in\u00edcio. De facto, o Anjo que apareceu 3 vezes \u00e0s crian\u00e7as em 2016 para as preparar para a vinda da Sant\u00edssima Virgem, falou-lhes sempre disso.<\/p><p>\u00a0<\/p><p>1\u00aa apari\u00e7\u00e3o:<\/p><p><b><i>\"Os Cora\u00e7\u00f5es de Jesus e de Maria est\u00e3o atentos \u00e0 voz das vossas s\u00faplicas\".<\/i><\/b><\/p><p><b><i>\u00a0<\/i><\/b><\/p><p>2\u00aa apari\u00e7\u00e3o:<\/p><p><b><i>Os Sagrados Cora\u00e7\u00f5es de Jesus e de Maria t\u00eam sobre v\u00f3s des\u00edgnios de miseric\u00f3rdia.<\/i><\/b><\/p><p><b><i>\u00a0<\/i><\/b><\/p><p>3\u00aa apari\u00e7\u00e3o<\/p><p><b><i>Pelos m\u00e9ritos infinitos do Seu Sacrat\u00edssimo Cora\u00e7\u00e3o e do Imaculado Cora\u00e7\u00e3o de Maria, pe\u00e7o-Vos a convers\u00e3o dos pobres pecadores\".\u00a0<\/i><\/b><\/p>\t\t\t\t\t\t\t\t<\/div>\n\t\t\t\t<\/div>\n\t\t\t\t\t<\/div>\n\t\t<\/div>\n\t\t\t\t<div class=\"elementor-column elementor-col-50 elementor-top-column elementor-element elementor-element-871aa07\" data-id=\"871aa07\" data-element_type=\"column\" data-e-type=\"column\">\n\t\t\t<div class=\"elementor-widget-wrap elementor-element-populated\">\n\t\t\t\t\t\t<div class=\"elementor-element elementor-element-dc1c9c7 elementor-widget elementor-widget-image\" data-id=\"dc1c9c7\" data-element_type=\"widget\" data-e-type=\"widget\" data-widget_type=\"image.default\">\n\t\t\t\t<div class=\"elementor-widget-container\">\n\t\t\t\t\t\t\t\t\t\t\t\t\t\t\t<img decoding=\"async\" width=\"558\" height=\"451\" src=\"https:\/\/salve-corda.org\/wp-content\/uploads\/2021\/09\/external-content.duckduckgo.jpg\" class=\"attachment-large size-large wp-image-2515\" alt=\"\" srcset=\"https:\/\/salve-corda.org\/wp-content\/uploads\/2021\/09\/external-content.duckduckgo.jpg 558w, https:\/\/salve-corda.org\/wp-content\/uploads\/2021\/09\/external-content.duckduckgo-300x242.jpg 300w\" sizes=\"(max-width: 558px) 100vw, 558px\" \/>\t\t\t\t\t\t\t\t\t\t\t\t\t\t\t<\/div>\n\t\t\t\t<\/div>\n\t\t\t\t\t<\/div>\n\t\t<\/div>\n\t\t\t\t\t<\/div>\n\t\t<\/section>\n\t\t\t\t<section class=\"elementor-section elementor-top-section elementor-element elementor-element-6f25be9 elementor-section-boxed elementor-section-height-default elementor-section-height-default\" data-id=\"6f25be9\" data-element_type=\"section\" data-e-type=\"section\">\n\t\t\t\t\t\t<div class=\"elementor-container elementor-column-gap-default\">\n\t\t\t\t\t<div class=\"elementor-column elementor-col-100 elementor-top-column elementor-element elementor-element-9a5b0c8\" data-id=\"9a5b0c8\" data-element_type=\"column\" data-e-type=\"column\">\n\t\t\t<div class=\"elementor-widget-wrap elementor-element-populated\">\n\t\t\t\t\t\t<div class=\"elementor-element elementor-element-5787814 elementor-widget elementor-widget-text-editor\" data-id=\"5787814\" data-element_type=\"widget\" data-e-type=\"widget\" data-widget_type=\"text-editor.default\">\n\t\t\t\t<div class=\"elementor-widget-container\">\n\t\t\t\t\t\t\t\t\t<p><span style=\"text-align: right; color: var( --e-global-color-text ); font-family: var( --e-global-typography-18e5089-font-family ), Sans-serif; font-size: var( --e-global-typography-18e5089-font-size ); font-weight: var( --e-global-typography-18e5089-font-weight ); letter-spacing: var( --e-global-typography-18e5089-letter-spacing );\">\u00a0<\/span><span style=\"color: var( --e-global-color-text ); font-family: var( --e-global-typography-18e5089-font-family ), Sans-serif; font-size: var( --e-global-typography-18e5089-font-size ); font-weight: var( --e-global-typography-18e5089-font-weight ); letter-spacing: var( --e-global-typography-18e5089-letter-spacing );\">Em 29 de maio de 1930, a Irm\u00e3 L\u00facia escreveu <br \/><\/span><span style=\"font-family: var( --e-global-typography-18e5089-font-family ), Sans-serif; font-size: var( --e-global-typography-18e5089-font-size ); font-weight: var( --e-global-typography-18e5089-font-weight ); letter-spacing: var( --e-global-typography-18e5089-letter-spacing ); color: #6288c6;\">\"\u00a0<i>O bom Deus promete p\u00f4r fim \u00e0 persegui\u00e7\u00e3o na R\u00fassia, se o Santo Padre se dignar fazer, e ordenar aos Bispos do mundo cat\u00f3lico que fa\u00e7am, um ato solene e p\u00fablico de repara\u00e7\u00e3o e consagra\u00e7\u00e3o da R\u00fassia \u00e0 Sant\u00edssima Trindade.\u00a0<\/i><i>Sagrados Cora\u00e7\u00f5es de Jesus<\/i><i>\u00a0e de Maria, prometendo Sua Santidade, em troca do fim desta persegui\u00e7\u00e3o, aprovar e recomendar a pr\u00e1tica da devo\u00e7\u00e3o reparadora.<\/i>\u00a0\"\u00a0<br \/><\/span><\/p>\t\t\t\t\t\t\t\t<\/div>\n\t\t\t\t<\/div>\n\t\t\t\t\t<\/div>\n\t\t<\/div>\n\t\t\t\t\t<\/div>\n\t\t<\/section>\n\t\t\t\t<section class=\"elementor-section elementor-top-section elementor-element elementor-element-01ed6e7 elementor-section-boxed elementor-section-height-default elementor-section-height-default\" data-id=\"01ed6e7\" data-element_type=\"section\" data-e-type=\"section\">\n\t\t\t\t\t\t<div class=\"elementor-container elementor-column-gap-default\">\n\t\t\t\t\t<div class=\"elementor-column elementor-col-100 elementor-top-column elementor-element elementor-element-ce31ef7\" data-id=\"ce31ef7\" data-element_type=\"column\" data-e-type=\"column\">\n\t\t\t<div class=\"elementor-widget-wrap elementor-element-populated\">\n\t\t\t\t\t\t<div class=\"elementor-element elementor-element-4bda52a elementor-widget elementor-widget-text-editor\" data-id=\"4bda52a\" data-element_type=\"widget\" data-e-type=\"widget\" data-widget_type=\"text-editor.default\">\n\t\t\t\t<div class=\"elementor-widget-container\">\n\t\t\t\t\t\t\t\t\t<p style=\"text-align: justify;\">Numa magn\u00edfica carta intitulada O Apelo de F\u00e1tima, ela disse\u00a0<\/p><p style=\"text-align: justify;\"><span style=\"color: #6288c6;\"><i>\"Na uni\u00e3o mais \u00edntima poss\u00edvel entre dois seres humanos, Cristo iniciou em Maria a obra da nossa salva\u00e7\u00e3o. O bater do cora\u00e7\u00e3o de Cristo \u00e9 o bater do cora\u00e7\u00e3o de Maria; a ora\u00e7\u00e3o de Cristo \u00e9 a ora\u00e7\u00e3o de Maria.<\/i>\u00a0<i>de Mari<\/i><i>e,\u00a0<\/i><i>(...) E podemos pensar que as aspira\u00e7\u00f5es do Cora\u00e7\u00e3o de Maria se identificavam absolutamente com as aspira\u00e7\u00f5es do Cora\u00e7\u00e3o de Cristo (...) e que o amor do Cora\u00e7\u00e3o de Maria era o amor do Cora\u00e7\u00e3o de Cristo para com o seu Pai e para com os homens. (...) Como o pai\u00a0<\/i><i>a<\/i><i>\u00a0confiou a Maria o seu Filho, guardando-o durante nove meses no seu seio casto e virginal, e uma vez que Maria, com o seu \"sim\" livre, se colocou \u00e0 disposi\u00e7\u00e3o da vontade de Deus como sua serva para tudo o que Ele quisesse operar nela, desde ent\u00e3o e por vontade de Deus, Maria tornou-se, com Cristo,\u00a0<\/i><i>co<\/i><i>-Redentor da humanidade\".<\/i><\/span><\/p><p>\u00a0<\/p><p style=\"text-align: justify;\">Por fim, o Cardeal Cerejeira, antigo Bispo de F\u00e1tima, concluir\u00e1 com estas palavras que resumem tudo:<\/p><p style=\"text-align: justify;\"><span style=\"color: #6288c6;\"><i>\"F\u00e1tima,\u00a0<\/i><i>a<\/i>\u00a0<i>alguns<\/i>\u00a0<i>forma<\/i><i>,\u00a0<\/i><i>\u00e9<\/i><i>\u00a0a continua\u00e7\u00e3o,\u00a0<\/i><i>ou<\/i>\u00a0<i>melhor<\/i><i>\u00a0a conclus\u00e3o de\u00a0<\/i><i>Para<\/i><i>y<\/i><i>&#8211;<\/i><i>o<\/i><i>&#8211;<\/i><i>Monial :\u00a0<\/i><\/span><i style=\"font-family: var( --e-global-typography-18e5089-font-family ), Sans-serif; font-size: var( --e-global-typography-18e5089-font-size ); font-weight: var( --e-global-typography-18e5089-font-weight ); letter-spacing: var( --e-global-typography-18e5089-letter-spacing ); color: #6288c6;\">F\u00e1tima\u00a0<\/i><i style=\"font-family: var( --e-global-typography-18e5089-font-family ), Sans-serif; font-size: var( --e-global-typography-18e5089-font-size ); font-weight: var( --e-global-typography-18e5089-font-weight ); letter-spacing: var( --e-global-typography-18e5089-letter-spacing ); color: #6288c6;\">re\u00fane<\/i>\u00a0<i style=\"font-family: var( --e-global-typography-18e5089-font-family ), Sans-serif; font-size: var( --e-global-typography-18e5089-font-size ); font-weight: var( --e-global-typography-18e5089-font-weight ); letter-spacing: var( --e-global-typography-18e5089-letter-spacing ); color: #6288c6;\">estes<\/i><i style=\"font-family: var( --e-global-typography-18e5089-font-family ), Sans-serif; font-size: var( --e-global-typography-18e5089-font-size ); font-weight: var( --e-global-typography-18e5089-font-weight ); letter-spacing: var( --e-global-typography-18e5089-letter-spacing ); color: #6288c6;\">\u00a0dois\u00a0<\/i><i style=\"font-family: var( --e-global-typography-18e5089-font-family ), Sans-serif; font-size: var( --e-global-typography-18e5089-font-size ); font-weight: var( --e-global-typography-18e5089-font-weight ); letter-spacing: var( --e-global-typography-18e5089-letter-spacing ); color: #6288c6;\">Cora\u00e7\u00f5es<\/i><i style=\"font-family: var( --e-global-typography-18e5089-font-family ), Sans-serif; font-size: var( --e-global-typography-18e5089-font-size ); font-weight: var( --e-global-typography-18e5089-font-weight ); letter-spacing: var( --e-global-typography-18e5089-letter-spacing ); color: #6288c6;\">\u00a0que Deus\u00a0<\/i><i style=\"font-family: var( --e-global-typography-18e5089-font-family ), Sans-serif; font-size: var( --e-global-typography-18e5089-font-size ); font-weight: var( --e-global-typography-18e5089-font-weight ); letter-spacing: var( --e-global-typography-18e5089-letter-spacing ); color: #6288c6;\">ele<\/i><i style=\"font-family: var( --e-global-typography-18e5089-font-family ), Sans-serif; font-size: var( --e-global-typography-18e5089-font-size ); font-weight: var( --e-global-typography-18e5089-font-weight ); letter-spacing: var( --e-global-typography-18e5089-letter-spacing ); color: #6288c6;\">&#8211;<\/i><i style=\"font-family: var( --e-global-typography-18e5089-font-family ), Sans-serif; font-size: var( --e-global-typography-18e5089-font-size ); font-weight: var( --e-global-typography-18e5089-font-weight ); letter-spacing: var( --e-global-typography-18e5089-letter-spacing ); color: #6288c6;\">mesmo<\/i><i style=\"font-family: var( --e-global-typography-18e5089-font-family ), Sans-serif; font-size: var( --e-global-typography-18e5089-font-size ); font-weight: var( --e-global-typography-18e5089-font-weight ); letter-spacing: var( --e-global-typography-18e5089-letter-spacing ); color: #6288c6;\">\u00a0a\u00a0<\/i><i style=\"font-family: var( --e-global-typography-18e5089-font-family ), Sans-serif; font-size: var( --e-global-typography-18e5089-font-size ); font-weight: var( --e-global-typography-18e5089-font-weight ); letter-spacing: var( --e-global-typography-18e5089-letter-spacing ); color: #6288c6;\">uni<\/i><i style=\"font-family: var( --e-global-typography-18e5089-font-family ), Sans-serif; font-size: var( --e-global-typography-18e5089-font-size ); font-weight: var( --e-global-typography-18e5089-font-weight ); letter-spacing: var( --e-global-typography-18e5089-letter-spacing ); color: #6288c6;\">\u00a0dans l&#8217;<\/i><i style=\"font-family: var( --e-global-typography-18e5089-font-family ), Sans-serif; font-size: var( --e-global-typography-18e5089-font-size ); font-weight: var( --e-global-typography-18e5089-font-weight ); letter-spacing: var( --e-global-typography-18e5089-letter-spacing ); color: #6288c6;\">trabalho<\/i><i style=\"font-family: var( --e-global-typography-18e5089-font-family ), Sans-serif; font-size: var( --e-global-typography-18e5089-font-size ); font-weight: var( --e-global-typography-18e5089-font-weight ); letter-spacing: var( --e-global-typography-18e5089-letter-spacing ); color: #6288c6;\">\u00a0do\u00a0<\/i><i style=\"font-family: var( --e-global-typography-18e5089-font-family ), Sans-serif; font-size: var( --e-global-typography-18e5089-font-size ); font-weight: var( --e-global-typography-18e5089-font-weight ); letter-spacing: var( --e-global-typography-18e5089-letter-spacing ); color: #6288c6;\">reden\u00e7\u00e3o<\/i><i style=\"font-family: var( --e-global-typography-18e5089-font-family ), Sans-serif; font-size: var( --e-global-typography-18e5089-font-size ); font-weight: var( --e-global-typography-18e5089-font-weight ); letter-spacing: var( --e-global-typography-18e5089-letter-spacing ); color: #6288c6;\">. \"\u00a0<\/i><\/p>\t\t\t\t\t\t\t\t<\/div>\n\t\t\t\t<\/div>\n\t\t\t\t\t<\/div>\n\t\t<\/div>\n\t\t\t\t\t<\/div>\n\t\t<\/section>\n\t\t\t\t<\/div>","protected":false},"excerpt":{"rendered":"<p>Porqu\u00ea reunir as devo\u00e7\u00f5es aos Cora\u00e7\u00f5es de Jesus e de Maria? N\u00e3o \u00e9 raro que, quando se fala do Imaculado Cora\u00e7\u00e3o de Maria, as pessoas n\u00e3o entendam porque \"j\u00e1\" [...].<\/p>","protected":false},"author":1,"featured_media":0,"parent":0,"menu_order":0,"comment_status":"closed","ping_status":"closed","template":"elementor_header_footer","meta":{"footnotes":""},"class_list":["post-467","page","type-page","status-publish","hentry"],"_links":{"self":[{"href":"https:\/\/salve-corda.org\/pt\/wp-json\/wp\/v2\/pages\/467","targetHints":{"allow":["GET"]}}],"collection":[{"href":"https:\/\/salve-corda.org\/pt\/wp-json\/wp\/v2\/pages"}],"about":[{"href":"https:\/\/salve-corda.org\/pt\/wp-json\/wp\/v2\/types\/page"}],"author":[{"embeddable":true,"href":"https:\/\/salve-corda.org\/pt\/wp-json\/wp\/v2\/users\/1"}],"replies":[{"embeddable":true,"href":"https:\/\/salve-corda.org\/pt\/wp-json\/wp\/v2\/comments?post=467"}],"version-history":[{"count":53,"href":"https:\/\/salve-corda.org\/pt\/wp-json\/wp\/v2\/pages\/467\/revisions"}],"predecessor-version":[{"id":4623,"href":"https:\/\/salve-corda.org\/pt\/wp-json\/wp\/v2\/pages\/467\/revisions\/4623"}],"wp:attachment":[{"href":"https:\/\/salve-corda.org\/pt\/wp-json\/wp\/v2\/media?parent=467"}],"curies":[{"name":"wp","href":"https:\/\/api.w.org\/{rel}","templated":true}]}}