{"id":472,"date":"2020-09-25T15:25:57","date_gmt":"2020-09-25T13:25:57","guid":{"rendered":"https:\/\/salve-corda.org\/?page_id=472"},"modified":"2021-08-06T17:31:39","modified_gmt":"2021-08-06T15:31:39","slug":"faire-participer-les-enfants","status":"publish","type":"page","link":"https:\/\/salve-corda.org\/pt\/faire-participer-les-enfants\/","title":{"rendered":"Faire participer les enfants"},"content":{"rendered":"<div data-elementor-type=\"wp-page\" data-elementor-id=\"472\" class=\"elementor elementor-472\">\n\t\t\t\t\t\t<section class=\"elementor-section elementor-top-section elementor-element elementor-element-3f08902 elementor-section-boxed elementor-section-height-default elementor-section-height-default\" data-id=\"3f08902\" data-element_type=\"section\" data-e-type=\"section\">\n\t\t\t\t\t\t<div class=\"elementor-container elementor-column-gap-default\">\n\t\t\t\t\t<div class=\"elementor-column elementor-col-100 elementor-top-column elementor-element elementor-element-7354af9\" data-id=\"7354af9\" data-element_type=\"column\" data-e-type=\"column\">\n\t\t\t<div class=\"elementor-widget-wrap\">\n\t\t\t\t\t\t\t<\/div>\n\t\t<\/div>\n\t\t\t\t\t<\/div>\n\t\t<\/section>\n\t\t\t\t<section class=\"elementor-section elementor-top-section elementor-element elementor-element-ed40f30 elementor-section-boxed elementor-section-height-default elementor-section-height-default\" data-id=\"ed40f30\" data-element_type=\"section\" data-e-type=\"section\">\n\t\t\t\t\t\t<div class=\"elementor-container elementor-column-gap-default\">\n\t\t\t\t\t<div class=\"elementor-column elementor-col-100 elementor-top-column elementor-element elementor-element-43a8ce4\" data-id=\"43a8ce4\" data-element_type=\"column\" data-e-type=\"column\">\n\t\t\t<div class=\"elementor-widget-wrap elementor-element-populated\">\n\t\t\t\t\t\t<div class=\"elementor-element elementor-element-49e8d5c elementor-widget elementor-widget-spacer\" data-id=\"49e8d5c\" data-element_type=\"widget\" data-e-type=\"widget\" data-widget_type=\"spacer.default\">\n\t\t\t\t<div class=\"elementor-widget-container\">\n\t\t\t\t\t\t\t<div class=\"elementor-spacer\">\n\t\t\t<div class=\"elementor-spacer-inner\"><\/div>\n\t\t<\/div>\n\t\t\t\t\t\t<\/div>\n\t\t\t\t<\/div>\n\t\t\t\t\t<\/div>\n\t\t<\/div>\n\t\t\t\t\t<\/div>\n\t\t<\/section>\n\t\t\t\t<section class=\"elementor-section elementor-top-section elementor-element elementor-element-db78ce3 elementor-section-boxed elementor-section-height-default elementor-section-height-default\" data-id=\"db78ce3\" data-element_type=\"section\" data-e-type=\"section\">\n\t\t\t\t\t\t<div class=\"elementor-container elementor-column-gap-default\">\n\t\t\t\t\t<div class=\"elementor-column elementor-col-100 elementor-top-column elementor-element elementor-element-7a049ec\" data-id=\"7a049ec\" data-element_type=\"column\" data-e-type=\"column\">\n\t\t\t<div class=\"elementor-widget-wrap elementor-element-populated\">\n\t\t\t\t\t\t<div class=\"elementor-element elementor-element-f3a5b8a elementor-widget elementor-widget-heading\" data-id=\"f3a5b8a\" data-element_type=\"widget\" data-e-type=\"widget\" data-widget_type=\"heading.default\">\n\t\t\t\t<div class=\"elementor-widget-container\">\n\t\t\t\t\t<h2 class=\"elementor-heading-title elementor-size-default\">Envolver os netos<\/h2>\t\t\t\t<\/div>\n\t\t\t\t<\/div>\n\t\t\t\t<div class=\"elementor-element elementor-element-114048c elementor-widget elementor-widget-text-editor\" data-id=\"114048c\" data-element_type=\"widget\" data-e-type=\"widget\" data-widget_type=\"text-editor.default\">\n\t\t\t\t<div class=\"elementor-widget-container\">\n\t\t\t\t\t\t\t\t\t<p>As crian\u00e7as foram muitas vezes escolhidas pela Sant\u00edssima Virgem para falarem com ela durante as suas apari\u00e7\u00f5es (em La Salette, Pontmain, Pellevoisin...). Em F\u00e1tima, ela apareceu a 3 crian\u00e7as, a mais nova das quais, Jacinta, tinha apenas 6 anos!  Assim, \u00e9 claro que as crian\u00e7as s\u00e3o as primeiras a serem convidadas a atender os pedidos da Virgem Maria, e \u00e9 absolutamente essencial falar com elas sobre isso.<\/p>\t\t\t\t\t\t\t\t<\/div>\n\t\t\t\t<\/div>\n\t\t\t\t\t<\/div>\n\t\t<\/div>\n\t\t\t\t\t<\/div>\n\t\t<\/section>\n\t\t\t\t<section class=\"elementor-section elementor-top-section elementor-element elementor-element-4392af5 elementor-section-boxed elementor-section-height-default elementor-section-height-default\" data-id=\"4392af5\" data-element_type=\"section\" data-e-type=\"section\">\n\t\t\t\t\t\t<div class=\"elementor-container elementor-column-gap-default\">\n\t\t\t\t\t<div class=\"elementor-column elementor-col-50 elementor-top-column elementor-element elementor-element-2ca0d8f\" data-id=\"2ca0d8f\" data-element_type=\"column\" data-e-type=\"column\">\n\t\t\t<div class=\"elementor-widget-wrap elementor-element-populated\">\n\t\t\t\t\t\t<div class=\"elementor-element elementor-element-cd30c60 elementor-widget elementor-widget-text-editor\" data-id=\"cd30c60\" data-element_type=\"widget\" data-e-type=\"widget\" data-widget_type=\"text-editor.default\">\n\t\t\t\t<div class=\"elementor-widget-container\">\n\t\t\t\t\t\t\t\t\t<p>A import\u00e2ncia das crian\u00e7as foi sublinhada v\u00e1rias vezes por Cristo no Evangelho:<\/p><p>\u00a0<\/p><p><span style=\"color: #6288c6;\"><em>\"<\/em><\/span><span style=\"color: #6288c6;\"><em> Eu te louvo, Pai, porque escondeste estas coisas aos s\u00e1bios e entendidos e as revelaste aos pequeninos\".<\/em><\/span> (S\u00e3o Mateus 11, 25)<\/p><p>\u00a0<\/p><p><span style=\"color: #6288c6;\"><em>\"Deixai vir a mim as criancinhas e n\u00e3o as impe\u00e7ais, porque o Reino de Deus \u00e9 para aqueles que s\u00e3o como elas.<\/em><\/span> (S\u00e3o Lucas 18, 16)<\/p>\t\t\t\t\t\t\t\t<\/div>\n\t\t\t\t<\/div>\n\t\t\t\t\t<\/div>\n\t\t<\/div>\n\t\t\t\t<div class=\"elementor-column elementor-col-50 elementor-top-column elementor-element elementor-element-e246271\" data-id=\"e246271\" data-element_type=\"column\" data-e-type=\"column\">\n\t\t\t<div class=\"elementor-widget-wrap elementor-element-populated\">\n\t\t\t\t\t\t<div class=\"elementor-element elementor-element-6835f28 elementor-widget elementor-widget-image\" data-id=\"6835f28\" data-element_type=\"widget\" data-e-type=\"widget\" data-widget_type=\"image.default\">\n\t\t\t\t<div class=\"elementor-widget-container\">\n\t\t\t\t\t\t\t\t\t\t\t\t\t\t\t<img fetchpriority=\"high\" decoding=\"async\" width=\"640\" height=\"556\" src=\"https:\/\/salve-corda.org\/wp-content\/uploads\/2021\/07\/enfants.png\" class=\"attachment-large size-large wp-image-855\" alt=\"\" srcset=\"https:\/\/salve-corda.org\/wp-content\/uploads\/2021\/07\/enfants.png 762w, https:\/\/salve-corda.org\/wp-content\/uploads\/2021\/07\/enfants-300x261.png 300w\" sizes=\"(max-width: 640px) 100vw, 640px\" \/>\t\t\t\t\t\t\t\t\t\t\t\t\t\t\t<\/div>\n\t\t\t\t<\/div>\n\t\t\t\t\t<\/div>\n\t\t<\/div>\n\t\t\t\t\t<\/div>\n\t\t<\/section>\n\t\t\t\t<section class=\"elementor-section elementor-top-section elementor-element elementor-element-c51a01f elementor-section-boxed elementor-section-height-default elementor-section-height-default\" data-id=\"c51a01f\" data-element_type=\"section\" data-e-type=\"section\">\n\t\t\t\t\t\t<div class=\"elementor-container elementor-column-gap-default\">\n\t\t\t\t\t<div class=\"elementor-column elementor-col-50 elementor-top-column elementor-element elementor-element-b70f946\" data-id=\"b70f946\" data-element_type=\"column\" data-e-type=\"column\">\n\t\t\t<div class=\"elementor-widget-wrap elementor-element-populated\">\n\t\t\t\t\t\t<div class=\"elementor-element elementor-element-66e9f90 elementor-widget elementor-widget-image\" data-id=\"66e9f90\" data-element_type=\"widget\" data-e-type=\"widget\" data-widget_type=\"image.default\">\n\t\t\t\t<div class=\"elementor-widget-container\">\n\t\t\t\t\t\t\t\t\t\t\t\t\t\t\t<img decoding=\"async\" width=\"600\" height=\"652\" src=\"https:\/\/salve-corda.org\/wp-content\/uploads\/2021\/07\/apparition.png\" class=\"attachment-large size-large wp-image-856\" alt=\"\" srcset=\"https:\/\/salve-corda.org\/wp-content\/uploads\/2021\/07\/apparition.png 600w, https:\/\/salve-corda.org\/wp-content\/uploads\/2021\/07\/apparition-276x300.png 276w\" sizes=\"(max-width: 600px) 100vw, 600px\" \/>\t\t\t\t\t\t\t\t\t\t\t\t\t\t\t<\/div>\n\t\t\t\t<\/div>\n\t\t\t\t\t<\/div>\n\t\t<\/div>\n\t\t\t\t<div class=\"elementor-column elementor-col-50 elementor-top-column elementor-element elementor-element-95f265c\" data-id=\"95f265c\" data-element_type=\"column\" data-e-type=\"column\">\n\t\t\t<div class=\"elementor-widget-wrap elementor-element-populated\">\n\t\t\t\t\t\t<div class=\"elementor-element elementor-element-74bb9aa elementor-widget elementor-widget-text-editor\" data-id=\"74bb9aa\" data-element_type=\"widget\" data-e-type=\"widget\" data-widget_type=\"text-editor.default\">\n\t\t\t\t<div class=\"elementor-widget-container\">\n\t\t\t\t\t\t\t\t\t<p>Com estas palavras, Cristo recorda-nos as suas qualidades maravilhosas: espontaneidade, pureza de inten\u00e7\u00e3o, humildade, simplicidade, desinteresse. S\u00e3o estas disposi\u00e7\u00f5es interiores que s\u00e3o necess\u00e1rias para aderir ao Imaculado Cora\u00e7\u00e3o de Maria.<\/p><p>As crian\u00e7as s\u00e3o naturalmente\u00a0 <b>altamente sens\u00edvel <\/b>\u00e0 mensagem de F\u00e1tima. Em particular, ficam muito sensibilizados pelo facto de, ao oferecerem as suas pequenas dificuldades <b>podem salvar os adultos do inferno. <\/b>Para eles, \u00e9 uma coisa espantosa. Eles, que s\u00e3o t\u00e3o \"pequenos\", tornam-se actores importantes na \"grande\" sociedade.<\/p><p>Por isso, envolvam todas as crian\u00e7as que conhecem, mesmo as mais pequenas. Todos ser\u00e3o capazes de encontrar a l\u00edngua certa.<\/p><p>\u00a0<\/p><p>Eis um exemplo de como se pode trabalhar com crian\u00e7as:<\/p>\t\t\t\t\t\t\t\t<\/div>\n\t\t\t\t<\/div>\n\t\t\t\t\t<\/div>\n\t\t<\/div>\n\t\t\t\t\t<\/div>\n\t\t<\/section>\n\t\t\t\t<section class=\"elementor-section elementor-top-section elementor-element elementor-element-e093946 elementor-section-boxed elementor-section-height-default elementor-section-height-default\" data-id=\"e093946\" data-element_type=\"section\" data-e-type=\"section\">\n\t\t\t\t\t\t<div class=\"elementor-container elementor-column-gap-default\">\n\t\t\t\t\t<div class=\"elementor-column elementor-col-100 elementor-top-column elementor-element elementor-element-8f9d39e\" data-id=\"8f9d39e\" data-element_type=\"column\" data-e-type=\"column\">\n\t\t\t<div class=\"elementor-widget-wrap elementor-element-populated\">\n\t\t\t\t\t\t<div class=\"elementor-element elementor-element-d4f8af7 elementor-widget elementor-widget-text-editor\" data-id=\"d4f8af7\" data-element_type=\"widget\" data-e-type=\"widget\" data-widget_type=\"text-editor.default\">\n\t\t\t\t<div class=\"elementor-widget-container\">\n\t\t\t\t\t\t\t\t\t<ul><li>Contar-lhes a hist\u00f3ria das 3 crian\u00e7as de F\u00e1tima e o papel que s\u00e3o chamadas a desempenhar <b>a si pr\u00f3prios para<\/b> A seguir a Jacinthe Fran\u00e7ois e Lucie.<\/li><li>Explicar como \u00e9 importante para o mundo que eles ofere\u00e7am regularmente as pequenas dificuldades que experimentam. A partir dos 5 anos, as crian\u00e7as compreendem perfeitamente as quest\u00f5es em jogo, com uma pureza de inten\u00e7\u00f5es que dificilmente poderemos igualar.<\/li><li>Por fim, se poss\u00edvel, inclu\u00ed-los no primeiro s\u00e1bado do m\u00eas, pois pode ser uma iniciativa familiar.<\/li><\/ul>\t\t\t\t\t\t\t\t<\/div>\n\t\t\t\t<\/div>\n\t\t\t\t\t<\/div>\n\t\t<\/div>\n\t\t\t\t\t<\/div>\n\t\t<\/section>\n\t\t\t\t<section class=\"elementor-section elementor-top-section elementor-element elementor-element-3eae0a7 elementor-section-boxed elementor-section-height-default elementor-section-height-default\" data-id=\"3eae0a7\" data-element_type=\"section\" data-e-type=\"section\">\n\t\t\t\t\t\t<div class=\"elementor-container elementor-column-gap-default\">\n\t\t\t\t\t<div class=\"elementor-column elementor-col-100 elementor-top-column elementor-element elementor-element-4a78c96\" data-id=\"4a78c96\" data-element_type=\"column\" data-e-type=\"column\">\n\t\t\t<div class=\"elementor-widget-wrap elementor-element-populated\">\n\t\t\t\t\t\t<div class=\"elementor-element elementor-element-3257e48 elementor-widget elementor-widget-text-editor\" data-id=\"3257e48\" data-element_type=\"widget\" data-e-type=\"widget\" data-widget_type=\"text-editor.default\">\n\t\t\t\t<div class=\"elementor-widget-container\">\n\t\t\t\t\t\t\t\t\t<p>A aplica\u00e7\u00e3o da mensagem de F\u00e1tima iniciar\u00e1 nas crian\u00e7as uma vida espiritual virada para Cristo, para a Sant\u00edssima Virgem e para os outros. Colocar o amor do Cora\u00e7\u00e3o de Maria nos seus cora\u00e7\u00f5es marc\u00e1-los-\u00e1 para o resto das suas vidas e far\u00e1 deles os santos de que precisamos.<\/p>\t\t\t\t\t\t\t\t<\/div>\n\t\t\t\t<\/div>\n\t\t\t\t<div class=\"elementor-element elementor-element-9bd239c elementor-widget elementor-widget-text-editor\" data-id=\"9bd239c\" data-element_type=\"widget\" data-e-type=\"widget\" data-widget_type=\"text-editor.default\">\n\t\t\t\t<div class=\"elementor-widget-container\">\n\t\t\t\t\t\t\t\t\t<p>Um s\u00edtio not\u00e1vel pode ajud\u00e1-lo com os seus filhos:<\/p>\t\t\t\t\t\t\t\t<\/div>\n\t\t\t\t<\/div>\n\t\t\t\t<div class=\"elementor-element elementor-element-d3ba50f elementor-align-center elementor-widget elementor-widget-button\" data-id=\"d3ba50f\" data-element_type=\"widget\" data-e-type=\"widget\" data-widget_type=\"button.default\">\n\t\t\t\t<div class=\"elementor-widget-container\">\n\t\t\t\t\t\t\t\t\t<div class=\"elementor-button-wrapper\">\n\t\t\t\t\t<a class=\"elementor-button elementor-button-link elementor-size-sm\" href=\"https:\/\/www.enfantsdefatima.org\/\">\n\t\t\t\t\t\t<span class=\"elementor-button-content-wrapper\">\n\t\t\t\t\t\t\t\t\t<span class=\"elementor-button-text\">www.enfantsdefatima.org<\/span>\n\t\t\t\t\t<\/span>\n\t\t\t\t\t<\/a>\n\t\t\t\t<\/div>\n\t\t\t\t\t\t\t\t<\/div>\n\t\t\t\t<\/div>\n\t\t\t\t\t<\/div>\n\t\t<\/div>\n\t\t\t\t\t<\/div>\n\t\t<\/section>\n\t\t\t\t<\/div>","protected":false},"excerpt":{"rendered":"<p>Faire participer les petits enfants Les petits enfants sont tr\u00e8s souvent choisis comme interlocuteurs par la Sainte Vierge lors de ses apparitions (a\u0300 La Salette, Pontmain,\u00a0 Pellevoisin&#8230;). A Fatima elle est apparue \u00e0 [&hellip;]<\/p>","protected":false},"author":1,"featured_media":0,"parent":0,"menu_order":0,"comment_status":"closed","ping_status":"closed","template":"elementor_header_footer","meta":{"footnotes":""},"class_list":["post-472","page","type-page","status-publish","hentry"],"_links":{"self":[{"href":"https:\/\/salve-corda.org\/pt\/wp-json\/wp\/v2\/pages\/472","targetHints":{"allow":["GET"]}}],"collection":[{"href":"https:\/\/salve-corda.org\/pt\/wp-json\/wp\/v2\/pages"}],"about":[{"href":"https:\/\/salve-corda.org\/pt\/wp-json\/wp\/v2\/types\/page"}],"author":[{"embeddable":true,"href":"https:\/\/salve-corda.org\/pt\/wp-json\/wp\/v2\/users\/1"}],"replies":[{"embeddable":true,"href":"https:\/\/salve-corda.org\/pt\/wp-json\/wp\/v2\/comments?post=472"}],"version-history":[{"count":16,"href":"https:\/\/salve-corda.org\/pt\/wp-json\/wp\/v2\/pages\/472\/revisions"}],"predecessor-version":[{"id":1580,"href":"https:\/\/salve-corda.org\/pt\/wp-json\/wp\/v2\/pages\/472\/revisions\/1580"}],"wp:attachment":[{"href":"https:\/\/salve-corda.org\/pt\/wp-json\/wp\/v2\/media?parent=472"}],"curies":[{"name":"wp","href":"https:\/\/api.w.org\/{rel}","templated":true}]}}