{"id":476,"date":"2020-09-25T15:28:09","date_gmt":"2020-09-25T13:28:09","guid":{"rendered":"https:\/\/salve-corda.org\/?page_id=476"},"modified":"2024-12-02T23:41:00","modified_gmt":"2024-12-02T22:41:00","slug":"pourquoi-cette-devotion-nest-pas-depassee","status":"publish","type":"page","link":"https:\/\/salve-corda.org\/pt\/pourquoi-cette-devotion-nest-pas-depassee\/","title":{"rendered":"Pourquoi cette d\u00e9votion n&#8217;est pas d\u00e9pass\u00e9e ?"},"content":{"rendered":"<div data-elementor-type=\"wp-page\" data-elementor-id=\"476\" class=\"elementor elementor-476\">\n\t\t\t\t\t\t<section class=\"elementor-section elementor-top-section elementor-element elementor-element-565d048 elementor-section-boxed elementor-section-height-default elementor-section-height-default\" data-id=\"565d048\" data-element_type=\"section\" data-e-type=\"section\">\n\t\t\t\t\t\t<div class=\"elementor-container elementor-column-gap-default\">\n\t\t\t\t\t<div class=\"elementor-column elementor-col-100 elementor-top-column elementor-element elementor-element-6b9613d\" data-id=\"6b9613d\" data-element_type=\"column\" data-e-type=\"column\">\n\t\t\t<div class=\"elementor-widget-wrap\">\n\t\t\t\t\t\t\t<\/div>\n\t\t<\/div>\n\t\t\t\t\t<\/div>\n\t\t<\/section>\n\t\t\t\t<section class=\"elementor-section elementor-top-section elementor-element elementor-element-2c01296 elementor-section-boxed elementor-section-height-default elementor-section-height-default\" data-id=\"2c01296\" data-element_type=\"section\" data-e-type=\"section\">\n\t\t\t\t\t\t<div class=\"elementor-container elementor-column-gap-default\">\n\t\t\t\t\t<div class=\"elementor-column elementor-col-100 elementor-top-column elementor-element elementor-element-265bca2\" data-id=\"265bca2\" data-element_type=\"column\" data-e-type=\"column\">\n\t\t\t<div class=\"elementor-widget-wrap elementor-element-populated\">\n\t\t\t\t\t\t<div class=\"elementor-element elementor-element-3c1b346 elementor-widget elementor-widget-spacer\" data-id=\"3c1b346\" data-element_type=\"widget\" data-e-type=\"widget\" data-widget_type=\"spacer.default\">\n\t\t\t\t<div class=\"elementor-widget-container\">\n\t\t\t\t\t\t\t<div class=\"elementor-spacer\">\n\t\t\t<div class=\"elementor-spacer-inner\"><\/div>\n\t\t<\/div>\n\t\t\t\t\t\t<\/div>\n\t\t\t\t<\/div>\n\t\t\t\t\t<\/div>\n\t\t<\/div>\n\t\t\t\t\t<\/div>\n\t\t<\/section>\n\t\t\t\t<section class=\"elementor-section elementor-top-section elementor-element elementor-element-9a47290 elementor-section-boxed elementor-section-height-default elementor-section-height-default\" data-id=\"9a47290\" data-element_type=\"section\" data-e-type=\"section\">\n\t\t\t\t\t\t<div class=\"elementor-container elementor-column-gap-default\">\n\t\t\t\t\t<div class=\"elementor-column elementor-col-100 elementor-top-column elementor-element elementor-element-b373ba2\" data-id=\"b373ba2\" data-element_type=\"column\" data-e-type=\"column\">\n\t\t\t<div class=\"elementor-widget-wrap elementor-element-populated\">\n\t\t\t\t\t\t<div class=\"elementor-element elementor-element-d052e55 elementor-widget elementor-widget-heading\" data-id=\"d052e55\" data-element_type=\"widget\" data-e-type=\"widget\" data-widget_type=\"heading.default\">\n\t\t\t\t<div class=\"elementor-widget-container\">\n\t\t\t\t\t<h2 class=\"elementor-heading-title elementor-size-default\">Porque \u00e9 que FATIMA continua a ser relevante<\/h2>\t\t\t\t<\/div>\n\t\t\t\t<\/div>\n\t\t\t\t\t<\/div>\n\t\t<\/div>\n\t\t\t\t\t<\/div>\n\t\t<\/section>\n\t\t\t\t<section class=\"elementor-section elementor-top-section elementor-element elementor-element-08d61d2 elementor-section-boxed elementor-section-height-default elementor-section-height-default\" data-id=\"08d61d2\" data-element_type=\"section\" data-e-type=\"section\" data-settings=\"{&quot;background_background&quot;:&quot;classic&quot;}\">\n\t\t\t\t\t\t<div class=\"elementor-container elementor-column-gap-default\">\n\t\t\t\t\t<div class=\"elementor-column elementor-col-50 elementor-top-column elementor-element elementor-element-791f161\" data-id=\"791f161\" data-element_type=\"column\" data-e-type=\"column\">\n\t\t\t<div class=\"elementor-widget-wrap elementor-element-populated\">\n\t\t\t\t\t\t<div class=\"elementor-element elementor-element-802a745 elementor-widget elementor-widget-text-editor\" data-id=\"802a745\" data-element_type=\"widget\" data-e-type=\"widget\" data-widget_type=\"text-editor.default\">\n\t\t\t\t<div class=\"elementor-widget-container\">\n\t\t\t\t\t\t\t\t\t<p><strong><u>Um pedido do pr\u00f3prio Deus para o nosso tempo<\/u><\/strong><\/p><p>\u00a0<\/p><p>Em F\u00e1tima, Nossa Senhora exprimiu o seu pedido com estas palavras: <span style=\"color: #6288c6;\"><em>\"Deus quer estabelecer a devo\u00e7\u00e3o ao meu Imaculado Cora\u00e7\u00e3o em todo o mundo\".<\/em>.<\/span><\/p><p>\u00a0<\/p><p>Estas palavras mostram o alcance universal e definitivo desta devo\u00e7\u00e3o. Embora este pedido de Deus, infelizmente, ainda n\u00e3o tenha sido atendido, a Sant\u00edssima Virgem profetizou que isso aconteceria um dia, o que prova que acontecer\u00e1 no nosso tempo:<\/p><p>\u00a0<\/p><p><em><span style=\"color: #6288c6;\">\"<\/span><\/em><em><span style=\"color: #6288c6;\"> No final, o meu Imaculado Cora\u00e7\u00e3o triunfar\u00e1, a R\u00fassia converter-se-\u00e1 e ser\u00e1 dado ao mundo um certo tempo de paz\".<\/span><\/em><\/p><p>Portanto, estamos mesmo no meio da atualidade. A R\u00fassia ainda n\u00e3o se converteu e o m\u00ednimo que podemos dizer \u00e9 que n\u00e3o estamos a caminhar para um per\u00edodo de paz...<em><span style=\"color: #6288c6;\"><br \/><\/span><\/em><\/p>\t\t\t\t\t\t\t\t<\/div>\n\t\t\t\t<\/div>\n\t\t\t\t\t<\/div>\n\t\t<\/div>\n\t\t\t\t<div class=\"elementor-column elementor-col-50 elementor-top-column elementor-element elementor-element-7f19750\" data-id=\"7f19750\" data-element_type=\"column\" data-e-type=\"column\">\n\t\t\t<div class=\"elementor-widget-wrap elementor-element-populated\">\n\t\t\t\t\t\t<div class=\"elementor-element elementor-element-d0d05da elementor-widget elementor-widget-image\" data-id=\"d0d05da\" data-element_type=\"widget\" data-e-type=\"widget\" data-widget_type=\"image.default\">\n\t\t\t\t<div class=\"elementor-widget-container\">\n\t\t\t\t\t\t\t\t\t\t\t\t\t\t\t<img fetchpriority=\"high\" decoding=\"async\" width=\"541\" height=\"797\" src=\"https:\/\/salve-corda.org\/wp-content\/uploads\/2021\/07\/jean-paul-2.png\" class=\"attachment-large size-large wp-image-915\" alt=\"\" srcset=\"https:\/\/salve-corda.org\/wp-content\/uploads\/2021\/07\/jean-paul-2.png 541w, https:\/\/salve-corda.org\/wp-content\/uploads\/2021\/07\/jean-paul-2-204x300.png 204w\" sizes=\"(max-width: 541px) 100vw, 541px\" \/>\t\t\t\t\t\t\t\t\t\t\t\t\t\t\t<\/div>\n\t\t\t\t<\/div>\n\t\t\t\t\t<\/div>\n\t\t<\/div>\n\t\t\t\t\t<\/div>\n\t\t<\/section>\n\t\t\t\t<section class=\"elementor-section elementor-top-section elementor-element elementor-element-540b23c elementor-section-boxed elementor-section-height-default elementor-section-height-default\" data-id=\"540b23c\" data-element_type=\"section\" data-e-type=\"section\" data-settings=\"{&quot;background_background&quot;:&quot;classic&quot;}\">\n\t\t\t\t\t\t<div class=\"elementor-container elementor-column-gap-default\">\n\t\t\t\t\t<div class=\"elementor-column elementor-col-100 elementor-top-column elementor-element elementor-element-347b2e4\" data-id=\"347b2e4\" data-element_type=\"column\" data-e-type=\"column\">\n\t\t\t<div class=\"elementor-widget-wrap elementor-element-populated\">\n\t\t\t\t\t\t<div class=\"elementor-element elementor-element-c411474 elementor-widget elementor-widget-text-editor\" data-id=\"c411474\" data-element_type=\"widget\" data-e-type=\"widget\" data-widget_type=\"text-editor.default\">\n\t\t\t\t<div class=\"elementor-widget-container\">\n\t\t\t\t\t\t\t\t\t<p>A Irm\u00e3 L\u00facia tamb\u00e9m disse estas palavras impressionantes:<\/p><p><span style=\"color: #6288c6;\"><i>\"Ela (a Virgem Sant\u00edssima, nota do editor) disse-me a mim e aos meus primos que Deus deu \u00e0s crian\u00e7as o direito de nascer. <\/i><u><i>os dois \u00faltimos rem\u00e9dios <\/i><\/u><i>no mundo<\/i> <i>S\u00e3o elas o Santo Ros\u00e1rio e a devo\u00e7\u00e3o ao Imaculado Cora\u00e7\u00e3o de Maria, sendo estas duas \u00faltimas.<\/i><i>\u00e8des<\/i><i> isto significa <\/i><u><i>que n\u00e3o haver\u00e1 outra<\/i><\/u><i>. \"<\/i><\/span><\/p><p style=\"text-align: right;\">26 de dezembro de 1957<\/p><p>Se Deus traz \"os \u00faltimos rem\u00e9dios\", \u00e9 porque eles nunca ser\u00e3o ultrapassados e, sobretudo, porque acompanhar\u00e3o a humanidade at\u00e9 ao fim do mundo.<\/p>\t\t\t\t\t\t\t\t<\/div>\n\t\t\t\t<\/div>\n\t\t\t\t\t<\/div>\n\t\t<\/div>\n\t\t\t\t\t<\/div>\n\t\t<\/section>\n\t\t\t\t<section class=\"elementor-section elementor-top-section elementor-element elementor-element-cb4c1ef elementor-section-boxed elementor-section-height-default elementor-section-height-default\" data-id=\"cb4c1ef\" data-element_type=\"section\" data-e-type=\"section\" data-settings=\"{&quot;background_background&quot;:&quot;classic&quot;}\">\n\t\t\t\t\t\t<div class=\"elementor-container elementor-column-gap-default\">\n\t\t\t\t\t<div class=\"elementor-column elementor-col-100 elementor-top-column elementor-element elementor-element-366de94\" data-id=\"366de94\" data-element_type=\"column\" data-e-type=\"column\">\n\t\t\t<div class=\"elementor-widget-wrap elementor-element-populated\">\n\t\t\t\t\t\t<div class=\"elementor-element elementor-element-47a880f elementor-widget elementor-widget-text-editor\" data-id=\"47a880f\" data-element_type=\"widget\" data-e-type=\"widget\" data-widget_type=\"text-editor.default\">\n\t\t\t\t<div class=\"elementor-widget-container\">\n\t\t\t\t\t\t\t\t\t<p><strong><span style=\"text-decoration: underline;\">A salva\u00e7\u00e3o dos pecadores mais atual do que nunca<\/span><\/strong><\/p><p>\u00a0<\/p><p>Em F\u00e1tima, Nossa Senhora mostrou a tr\u00eas criancinhas o inferno eterno, para sublinhar a natureza terr\u00edvel das almas que caem no inferno \"como folhas no outono\", como disse em La Salette. Em F\u00e1tima, explicou-nos que t\u00ednhamos de as salvar e como o fazer.<\/p><p>Tal como Bento XVI, podemos dizer que o mundo nunca cometeu tantos pecados, nem em quantidade nem em gravidade. E nunca fomos tantos. Por isso, \u00e9 prov\u00e1vel que o n\u00famero de pessoas que v\u00e3o para o inferno aumente todos os dias. <b>nunca foi t\u00e3o elevado na hist\u00f3ria da humanidade.<\/b><\/p><p>\u00a0<\/p><p>O Cora\u00e7\u00e3o Imaculado de Maria, meio poderoso para a convers\u00e3o dos pecadores, \u00e9, pois, da maior import\u00e2ncia nos dias de hoje, porque \u00e9 atrav\u00e9s desta devo\u00e7\u00e3o que entregamos o maior n\u00famero de almas de pecadores.<\/p><p>\u00a0<\/p>\t\t\t\t\t\t\t\t<\/div>\n\t\t\t\t<\/div>\n\t\t\t\t<div class=\"elementor-element elementor-element-57ac6a8 elementor-widget elementor-widget-text-editor\" data-id=\"57ac6a8\" data-element_type=\"widget\" data-e-type=\"widget\" data-widget_type=\"text-editor.default\">\n\t\t\t\t<div class=\"elementor-widget-container\">\n\t\t\t\t\t\t\t\t\t<p><span style=\"text-decoration: underline;\"><strong>As advert\u00eancias do pr\u00f3prio Cristo<\/strong><\/span><\/p>\n<p><strong><br><\/strong><\/p>\n<p><strong><\/strong><\/p>\n<p><\/p>\n<p>Alors que la Sainte Vierge a proph\u00e9tis\u00e9 qu&#8217;\u00e0 la fin la d\u00e9votion \u00e0 son C\u0153ur serait \u00e9tablie, le Christ Lui-m\u00eame a averti les hommes des cons\u00e9quences de ne pas suivre ses demandes en comparant la situation \u00e0 celle du Sacr\u00e9-C\u0153ur :<br><br><\/p>\n<p><\/p>\n<p><em><span style=\"color: #6288c6;\">\"Que os meus Ministros saibam que, uma vez que est\u00e3o a seguir o exemplo do Rei de Fran\u00e7a ao atrasar a execu\u00e7\u00e3o do meu pedido, o seguir\u00e3o na desgra\u00e7a.&nbsp; &nbsp; &nbsp; &nbsp; &nbsp; &nbsp; &nbsp; &nbsp; &nbsp; &nbsp; &nbsp; &nbsp; &nbsp; &nbsp; &nbsp; &nbsp; &nbsp; &nbsp; &nbsp; &nbsp; &nbsp; &nbsp; &nbsp; &nbsp; &nbsp; &nbsp; &nbsp; &nbsp; &nbsp; &nbsp; &nbsp; &nbsp; &nbsp; &nbsp; &nbsp; &nbsp; &nbsp; &nbsp; &nbsp; &nbsp; &nbsp; &nbsp; &nbsp; &nbsp; &nbsp; &nbsp; &nbsp; &nbsp; &nbsp; &nbsp; &nbsp; &nbsp; &nbsp; &nbsp; &nbsp; &nbsp; &nbsp; &nbsp; &nbsp; &nbsp; &nbsp; &nbsp; &nbsp; &nbsp; &nbsp; &nbsp; &nbsp; &nbsp; &nbsp; &nbsp; &nbsp; &nbsp; &nbsp; &nbsp; &nbsp; &nbsp; &nbsp; &nbsp; &nbsp;&nbsp;<\/span><\/em><span style=\"text-align: right; color: var( --e-global-color-text ); font-family: var( --e-global-typography-18e5089-font-family ), Sans-serif; font-size: var( --e-global-typography-18e5089-font-size ); font-weight: var( --e-global-typography-18e5089-font-weight ); letter-spacing: var( --e-global-typography-18e5089-letter-spacing ); background-color: var( --e-global-color-f890547 );\">Cristo, primavera de 1931 em Rianjo<br><br><\/span><\/p>\n<p><\/p>\n<p><em><span style=\"color: #6288c6;\">\"Eles n\u00e3o quiseram ouvir o meu pedido! Tal como o rei de Fran\u00e7a, arrepender-se-\u00e3o.&nbsp; &nbsp; &nbsp; &nbsp; &nbsp; &nbsp; &nbsp; &nbsp; &nbsp; &nbsp; &nbsp; &nbsp; &nbsp; &nbsp; &nbsp; &nbsp; &nbsp; &nbsp; &nbsp; &nbsp; &nbsp; &nbsp; &nbsp; &nbsp; &nbsp; &nbsp; &nbsp; &nbsp; &nbsp; &nbsp; &nbsp; <\/span><\/em><span style=\"text-align: right; color: var( --e-global-color-text ); font-family: var( --e-global-typography-18e5089-font-family ), Sans-serif; font-size: var( --e-global-typography-18e5089-font-size ); font-weight: var( --e-global-typography-18e5089-font-weight ); letter-spacing: var( --e-global-typography-18e5089-letter-spacing ); background-color: var( --e-global-color-f890547 );\">ver\u00e3o de 1931 Cristo \u00e0 Irm\u00e3 L\u00facia<\/span><\/p>\n<p style=\"text-align: right;\"><br><\/p>\n<p><\/p>\n<p>Esta \u00e9 a prova absoluta da atualidade desta devo\u00e7\u00e3o.&nbsp;<span style=\"color: var( --e-global-color-text ); font-family: var( --e-global-typography-18e5089-font-family ), Sans-serif; font-size: var( --e-global-typography-18e5089-font-size ); font-weight: var( --e-global-typography-18e5089-font-weight ); letter-spacing: var( --e-global-typography-18e5089-letter-spacing ); background-color: var( --e-global-color-f890547 );\">Recorde-se que a Revolu\u00e7\u00e3o Francesa eclodiu 100 anos depois da recusa do Rei em cumprir as exig\u00eancias do Sagrado Cora\u00e7\u00e3o. Atualmente <\/span><span style=\"color: var( --e-global-color-text ); font-family: var( --e-global-typography-18e5089-font-family ), Sans-serif; font-size: var( --e-global-typography-18e5089-font-size ); letter-spacing: var( --e-global-typography-18e5089-letter-spacing ); background-color: var( --e-global-color-f890547 );\">l<\/span><span style=\"color: var( --e-global-color-text ); font-family: var( --e-global-typography-18e5089-font-family ), Sans-serif; font-size: var( --e-global-typography-18e5089-font-size ); letter-spacing: var( --e-global-typography-18e5089-letter-spacing ); background-color: var( --e-global-color-f890547 );\">o primeiro<\/span><span style=\"color: var( --e-global-color-text ); font-family: var( --e-global-typography-18e5089-font-family ), Sans-serif; font-size: var( --e-global-typography-18e5089-font-size ); letter-spacing: var( --e-global-typography-18e5089-letter-spacing ); background-color: var( --e-global-color-f890547 );\">s<\/span><span style=\"color: var( --e-global-color-text ); font-family: var( --e-global-typography-18e5089-font-family ), Sans-serif; font-size: var( --e-global-typography-18e5089-font-size ); letter-spacing: var( --e-global-typography-18e5089-letter-spacing ); background-color: var( --e-global-color-f890547 );\"> S\u00e1bado do m\u00eas em honra do Imaculado Cora\u00e7\u00e3o de Maria<b> foram solicitados<\/b><\/span><b style=\"color: var( --e-global-color-text ); font-family: var( --e-global-typography-18e5089-font-family ), Sans-serif; font-size: var( --e-global-typography-18e5089-font-size ); letter-spacing: var( --e-global-typography-18e5089-letter-spacing ); background-color: var( --e-global-color-f890547 );\">s<\/b><b style=\"color: var( --e-global-color-text ); font-family: var( --e-global-typography-18e5089-font-family ), Sans-serif; font-size: var( --e-global-typography-18e5089-font-size ); letter-spacing: var( --e-global-typography-18e5089-letter-spacing ); background-color: var( --e-global-color-f890547 );\"> em F\u00e1tima em 1925, o que nos leva a 2025... <\/b><span style=\"color: var( --e-global-color-text ); font-family: var( --e-global-typography-18e5089-font-family ), Sans-serif; font-size: var( --e-global-typography-18e5089-font-size ); font-weight: var( --e-global-typography-18e5089-font-weight ); letter-spacing: var( --e-global-typography-18e5089-letter-spacing ); background-color: var( --e-global-color-f890547 );\">\u00c9 dif\u00edcil acreditar que o impacto de F\u00e1tima tenha terminado.<\/span><\/p>\n<p><span style=\"color: var( --e-global-color-text ); font-family: var( --e-global-typography-18e5089-font-family ), Sans-serif; font-size: var( --e-global-typography-18e5089-font-size ); font-weight: var( --e-global-typography-18e5089-font-weight ); letter-spacing: var( --e-global-typography-18e5089-letter-spacing ); background-color: var( --e-global-color-f890547 );\"><br><\/span><\/p>\n<p><\/p>\n<p>Por fim, escutemos a Irm\u00e3 L\u00facia, que foi categ\u00f3rica quanto \u00e0 necessidade de seguir hoje os pedidos de Nossa Senhora:<\/p>\n<p><\/p>\n<p><span style=\"color: #6288c6;\"><i>\"Sempre nos planos da provid\u00eancia, quando Deus vai castigar o mundo, esgota primeiro todos os outros rem\u00e9dios. Agora, como viu que o mundo n\u00e3o fez uso de nenhum deles, ent\u00e3o, como dir\u00edamos na nossa maneira imperfeita de falar, oferece-nos com um certo receio o \u00faltimo meio de salva\u00e7\u00e3o, a sua M\u00e3e Sant\u00edssima. <\/i><i><b>PORQUE SE DESPREZARMOS E REJEITARMOS ESTE MEIO \u00daLTIMO, J\u00c1 N\u00c3O TEREMOS O PERD\u00c3O DO C\u00c9U, PORQUE TEREMOS COMETIDO UM PECADO CONTRA O ESP\u00cdRITO SANTO, QUE CONSISTE EM REJEITAR ABERTAMENTE, COM PLENO CONHECIMENTO E VONTADE, A SALVA\u00c7\u00c3O QUE NOS \u00c9 OFERECIDA.&nbsp;<\/b><\/i><\/span><em style=\"color: var( --e-global-color-text ); font-family: var( --e-global-typography-18e5089-font-family ), Sans-serif; font-size: var( --e-global-typography-18e5089-font-size ); font-weight: var( --e-global-typography-18e5089-font-weight ); letter-spacing: var( --e-global-typography-18e5089-letter-spacing ); background-color: var( --e-global-color-f890547 );\"><span style=\"color: #6288c6;\">\"&nbsp; &nbsp; &nbsp; &nbsp;<\/span><\/em><span style=\"color: #6288c6;\"><i><br><\/i><\/span><\/p>\t\t\t\t\t\t\t\t<\/div>\n\t\t\t\t<\/div>\n\t\t\t\t\t<\/div>\n\t\t<\/div>\n\t\t\t\t\t<\/div>\n\t\t<\/section>\n\t\t\t\t<\/div>","protected":false},"excerpt":{"rendered":"<p>Pourquoi FATIMA EST TOUJOURS D&#8217;actualite Une\u00a0 demande de Dieu lui-m\u00eame pour notre \u00e9poque \u00a0 A Fatima la Sainte Vierge a exprim\u00e9 sa demande en ces termes : \u00ab Dieu veut \u00e9tablir dans le [&hellip;]<\/p>","protected":false},"author":1,"featured_media":0,"parent":0,"menu_order":0,"comment_status":"closed","ping_status":"closed","template":"elementor_header_footer","meta":{"footnotes":""},"class_list":["post-476","page","type-page","status-publish","hentry"],"_links":{"self":[{"href":"https:\/\/salve-corda.org\/pt\/wp-json\/wp\/v2\/pages\/476","targetHints":{"allow":["GET"]}}],"collection":[{"href":"https:\/\/salve-corda.org\/pt\/wp-json\/wp\/v2\/pages"}],"about":[{"href":"https:\/\/salve-corda.org\/pt\/wp-json\/wp\/v2\/types\/page"}],"author":[{"embeddable":true,"href":"https:\/\/salve-corda.org\/pt\/wp-json\/wp\/v2\/users\/1"}],"replies":[{"embeddable":true,"href":"https:\/\/salve-corda.org\/pt\/wp-json\/wp\/v2\/comments?post=476"}],"version-history":[{"count":51,"href":"https:\/\/salve-corda.org\/pt\/wp-json\/wp\/v2\/pages\/476\/revisions"}],"predecessor-version":[{"id":16295,"href":"https:\/\/salve-corda.org\/pt\/wp-json\/wp\/v2\/pages\/476\/revisions\/16295"}],"wp:attachment":[{"href":"https:\/\/salve-corda.org\/pt\/wp-json\/wp\/v2\/media?parent=476"}],"curies":[{"name":"wp","href":"https:\/\/api.w.org\/{rel}","templated":true}]}}