{"id":480,"date":"2020-09-25T15:31:36","date_gmt":"2020-09-25T13:31:36","guid":{"rendered":"https:\/\/salve-corda.org\/?page_id=480"},"modified":"2021-12-01T22:45:25","modified_gmt":"2021-12-01T21:45:25","slug":"signification-des-1ers-vendredis-et-samedis-du-mois","status":"publish","type":"page","link":"https:\/\/salve-corda.org\/pt\/signification-des-1ers-vendredis-et-samedis-du-mois\/","title":{"rendered":"O que significam as primeiras sextas-feiras e s\u00e1bados do m\u00eas?"},"content":{"rendered":"<div data-elementor-type=\"wp-page\" data-elementor-id=\"480\" class=\"elementor elementor-480\">\n\t\t\t\t\t\t<section class=\"elementor-section elementor-top-section elementor-element elementor-element-76295b2 elementor-section-boxed elementor-section-height-default elementor-section-height-default\" data-id=\"76295b2\" data-element_type=\"section\" data-e-type=\"section\">\n\t\t\t\t\t\t<div class=\"elementor-container elementor-column-gap-default\">\n\t\t\t\t\t<div class=\"elementor-column elementor-col-100 elementor-top-column elementor-element elementor-element-3b1dc33\" data-id=\"3b1dc33\" data-element_type=\"column\" data-e-type=\"column\">\n\t\t\t<div class=\"elementor-widget-wrap elementor-element-populated\">\n\t\t\t\t\t\t<div class=\"elementor-element elementor-element-4290dc1 elementor-widget elementor-widget-spacer\" data-id=\"4290dc1\" data-element_type=\"widget\" data-e-type=\"widget\" data-widget_type=\"spacer.default\">\n\t\t\t\t<div class=\"elementor-widget-container\">\n\t\t\t\t\t\t\t<div class=\"elementor-spacer\">\n\t\t\t<div class=\"elementor-spacer-inner\"><\/div>\n\t\t<\/div>\n\t\t\t\t\t\t<\/div>\n\t\t\t\t<\/div>\n\t\t\t\t\t<\/div>\n\t\t<\/div>\n\t\t\t\t\t<\/div>\n\t\t<\/section>\n\t\t\t\t<section class=\"elementor-section elementor-top-section elementor-element elementor-element-f1f514c elementor-section-boxed elementor-section-height-default elementor-section-height-default\" data-id=\"f1f514c\" data-element_type=\"section\" data-e-type=\"section\">\n\t\t\t\t\t\t<div class=\"elementor-container elementor-column-gap-default\">\n\t\t\t\t\t<div class=\"elementor-column elementor-col-100 elementor-top-column elementor-element elementor-element-dd88db6\" data-id=\"dd88db6\" data-element_type=\"column\" data-e-type=\"column\">\n\t\t\t<div class=\"elementor-widget-wrap elementor-element-populated\">\n\t\t\t\t\t\t<div class=\"elementor-element elementor-element-205cd01 elementor-widget elementor-widget-heading\" data-id=\"205cd01\" data-element_type=\"widget\" data-e-type=\"widget\" data-widget_type=\"heading.default\">\n\t\t\t\t<div class=\"elementor-widget-container\">\n\t\t\t\t\t<h2 class=\"elementor-heading-title elementor-size-default\">Porqu\u00ea a primeira sexta-feira e o primeiro s\u00e1bado de cada m\u00eas?\n<\/h2>\t\t\t\t<\/div>\n\t\t\t\t<\/div>\n\t\t\t\t\t<\/div>\n\t\t<\/div>\n\t\t\t\t\t<\/div>\n\t\t<\/section>\n\t\t\t\t<section class=\"elementor-section elementor-top-section elementor-element elementor-element-f40c6a5 elementor-section-boxed elementor-section-height-default elementor-section-height-default\" data-id=\"f40c6a5\" data-element_type=\"section\" data-e-type=\"section\">\n\t\t\t\t\t\t<div class=\"elementor-container elementor-column-gap-default\">\n\t\t\t\t\t<div class=\"elementor-column elementor-col-100 elementor-top-column elementor-element elementor-element-0b15af7\" data-id=\"0b15af7\" data-element_type=\"column\" data-e-type=\"column\">\n\t\t\t<div class=\"elementor-widget-wrap elementor-element-populated\">\n\t\t\t\t\t\t<div class=\"elementor-element elementor-element-e20f103 elementor-widget elementor-widget-text-editor\" data-id=\"e20f103\" data-element_type=\"widget\" data-e-type=\"widget\" data-widget_type=\"text-editor.default\">\n\t\t\t\t<div class=\"elementor-widget-container\">\n\t\t\t\t\t\t\t\t\t<p>Podemos perguntar-nos: mas porque \u00e9 que Cristo veio pedir-nos para celebrar o seu Cora\u00e7\u00e3o na primeira sexta-feira do m\u00eas e a Sant\u00edssima Virgem veio pedir-nos para celebrar o seu no primeiro s\u00e1bado? Embora haja sempre um elemento de mist\u00e9rio por detr\u00e1s dos pedidos do C\u00e9u, para manter a nossa f\u00e9 e conduzir-nos \u00e0 humildade da simples obedi\u00eancia, podem dar-se algumas explica\u00e7\u00f5es parciais.<\/p>\t\t\t\t\t\t\t\t<\/div>\n\t\t\t\t<\/div>\n\t\t\t\t\t<\/div>\n\t\t<\/div>\n\t\t\t\t\t<\/div>\n\t\t<\/section>\n\t\t\t\t<section class=\"elementor-section elementor-top-section elementor-element elementor-element-ce97835 elementor-section-boxed elementor-section-height-default elementor-section-height-default\" data-id=\"ce97835\" data-element_type=\"section\" data-e-type=\"section\">\n\t\t\t\t\t\t<div class=\"elementor-container elementor-column-gap-default\">\n\t\t\t\t\t<div class=\"elementor-column elementor-col-50 elementor-top-column elementor-element elementor-element-ddf1cf7\" data-id=\"ddf1cf7\" data-element_type=\"column\" data-e-type=\"column\">\n\t\t\t<div class=\"elementor-widget-wrap elementor-element-populated\">\n\t\t\t\t\t\t<div class=\"elementor-element elementor-element-e0666c4 elementor-widget elementor-widget-text-editor\" data-id=\"e0666c4\" data-element_type=\"widget\" data-e-type=\"widget\" data-widget_type=\"text-editor.default\">\n\t\t\t\t<div class=\"elementor-widget-container\">\n\t\t\t\t\t\t\t\t\t<p><span style=\"color: var( --e-global-color-text ); font-family: var( --e-global-typography-text-font-family ), Sans-serif; font-size: var( --e-global-typography-text-font-size ); font-weight: var( --e-global-typography-text-font-weight );\">Sabemos que a nossa reden\u00e7\u00e3o foi obtida ao pre\u00e7o dos sofrimentos conjuntos de Cristo e da Sant\u00edssima Virgem. Cristo sofreu e morreu numa sexta-feira. O dom supremo do seu amor realizou-se, portanto, nesse dia, o dia que Ele escolheu para a devo\u00e7\u00e3o ao seu Cora\u00e7\u00e3o. O que \u00e9 que pode ser mais l\u00f3gico?<\/span><\/p><p>\u00a0<\/p><p>\u00a0<\/p><p>Para a Sant\u00edssima Virgem, embora o seu sofrimento tamb\u00e9m tenha sido imenso na Sexta-feira Santa, continuou durante todo o dia de S\u00e1bado at\u00e9 \u00e0 Ressurrei\u00e7\u00e3o. Durante esse dia e essa noite, a vis\u00e3o do que o seu filho tinha sofrido n\u00e3o a abandonou, e a espada foi cravada no seu cora\u00e7\u00e3o durante essas 24 horas, que podem ser descritas como a agonia da Virgem Sant\u00edssima.<\/p><p>\u00a0<\/p>\t\t\t\t\t\t\t\t<\/div>\n\t\t\t\t<\/div>\n\t\t\t\t\t<\/div>\n\t\t<\/div>\n\t\t\t\t<div class=\"elementor-column elementor-col-50 elementor-top-column elementor-element elementor-element-191f821\" data-id=\"191f821\" data-element_type=\"column\" data-e-type=\"column\">\n\t\t\t<div class=\"elementor-widget-wrap elementor-element-populated\">\n\t\t\t\t\t\t<div class=\"elementor-element elementor-element-02a4edf elementor-widget elementor-widget-image\" data-id=\"02a4edf\" data-element_type=\"widget\" data-e-type=\"widget\" data-widget_type=\"image.default\">\n\t\t\t\t<div class=\"elementor-widget-container\">\n\t\t\t\t\t\t\t\t\t\t\t\t\t\t\t<img fetchpriority=\"high\" decoding=\"async\" width=\"640\" height=\"511\" src=\"https:\/\/salve-corda.org\/wp-content\/uploads\/2021\/09\/image069-1.jpg\" class=\"attachment-large size-large wp-image-2540\" alt=\"\" srcset=\"https:\/\/salve-corda.org\/wp-content\/uploads\/2021\/09\/image069-1.jpg 662w, https:\/\/salve-corda.org\/wp-content\/uploads\/2021\/09\/image069-1-300x240.jpg 300w\" sizes=\"(max-width: 640px) 100vw, 640px\" \/>\t\t\t\t\t\t\t\t\t\t\t\t\t\t\t<\/div>\n\t\t\t\t<\/div>\n\t\t\t\t\t<\/div>\n\t\t<\/div>\n\t\t\t\t\t<\/div>\n\t\t<\/section>\n\t\t\t\t<section class=\"elementor-section elementor-top-section elementor-element elementor-element-f2f2296 elementor-section-boxed elementor-section-height-default elementor-section-height-default\" data-id=\"f2f2296\" data-element_type=\"section\" data-e-type=\"section\">\n\t\t\t\t\t\t<div class=\"elementor-container elementor-column-gap-default\">\n\t\t\t\t\t<div class=\"elementor-column elementor-col-100 elementor-top-column elementor-element elementor-element-cf09d99\" data-id=\"cf09d99\" data-element_type=\"column\" data-e-type=\"column\">\n\t\t\t<div class=\"elementor-widget-wrap elementor-element-populated\">\n\t\t\t\t\t\t<div class=\"elementor-element elementor-element-aa3b0f2 elementor-widget elementor-widget-text-editor\" data-id=\"aa3b0f2\" data-element_type=\"widget\" data-e-type=\"widget\" data-widget_type=\"text-editor.default\">\n\t\t\t\t<div class=\"elementor-widget-container\">\n\t\t\t\t\t\t\t\t\t<p>Foi tamb\u00e9m neste s\u00e1bado que a demonstra\u00e7\u00e3o da sua f\u00e9 irrompeu no Universo e que s\u00f3 ela levou a Igreja para a frente. Apesar da apar\u00eancia da morte final de Cristo, quando a d\u00favida se apoderou de todos, incluindo os Ap\u00f3stolos, ela nunca duvidou por um segundo da futura Ressurrei\u00e7\u00e3o do seu filho.  O s\u00e1bado \u00e9, portanto, o seu dia de gl\u00f3ria.<br \/><br \/>Se olharmos atentamente para todos os pedidos de Cristo e da Sant\u00edssima Virgem, podemos ver que eles formam uma verdadeira \"trilogia\" no in\u00edcio de cada m\u00eas: a hora santa na quinta-feira \u00e0 noite, a comunh\u00e3o na sexta-feira e a comunh\u00e3o no s\u00e1bado. O sentido \u00e9 evidente: Cristo e a Sant\u00edssima Virgem querem que os fi\u00e9is se lembrem e meditem no in\u00edcio de cada m\u00eas\u00a0<b>este<\/b><b>s tr\u00eas dias de\u00a0<\/b><b>nosso<\/b>\u00a0<b>reden\u00e7\u00e3o<\/b>\u00a0- Quinta-feira Santa, Sexta-feira Santa e S\u00e1bado Santo - quando eles nos amaram tanto e sofreram tanto por n\u00f3s. O que poderia ser mais normal? O que poderia ser mais leg\u00edtimo do que pedir-nos algumas horas, uma vez no in\u00edcio do m\u00eas, para lhes agradecermos e nos juntarmos a eles?<\/p>\t\t\t\t\t\t\t\t<\/div>\n\t\t\t\t<\/div>\n\t\t\t\t\t<\/div>\n\t\t<\/div>\n\t\t\t\t\t<\/div>\n\t\t<\/section>\n\t\t\t\t<section class=\"elementor-section elementor-top-section elementor-element elementor-element-7d2ffb5 elementor-section-boxed elementor-section-height-default elementor-section-height-default\" data-id=\"7d2ffb5\" data-element_type=\"section\" data-e-type=\"section\">\n\t\t\t\t\t\t<div class=\"elementor-container elementor-column-gap-default\">\n\t\t\t\t\t<div class=\"elementor-column elementor-col-100 elementor-top-column elementor-element elementor-element-bd8b4b0\" data-id=\"bd8b4b0\" data-element_type=\"column\" data-e-type=\"column\">\n\t\t\t<div class=\"elementor-widget-wrap elementor-element-populated\">\n\t\t\t\t\t\t<div class=\"elementor-element elementor-element-31991be elementor-widget elementor-widget-text-editor\" data-id=\"31991be\" data-element_type=\"widget\" data-e-type=\"widget\" data-widget_type=\"text-editor.default\">\n\t\t\t\t<div class=\"elementor-widget-container\">\n\t\t\t\t\t\t\t\t\t<p>O nosso Pai celeste pediu-nos que no primeiro dia da semana, o domingo, lhe agradec\u00eassemos o C<b>rea\u00e7\u00e3o<\/b>.<\/p>\n<p>Cristo e a Virgem Sant\u00edssima pedem-nos <b>tr\u00eas<\/b> <b>dias<\/b> <b>em <\/b><b>in\u00edcio<\/b><b> de<\/b><b> m\u00eas<\/b> para lhes agradecer o R<b>reden\u00e7\u00e3o<\/b>.<\/p>\t\t\t\t\t\t\t\t<\/div>\n\t\t\t\t<\/div>\n\t\t\t\t\t<\/div>\n\t\t<\/div>\n\t\t\t\t\t<\/div>\n\t\t<\/section>\n\t\t\t\t<\/div>","protected":false},"excerpt":{"rendered":"<p>Porqu\u00ea a primeira sexta-feira e o primeiro s\u00e1bado de cada m\u00eas? Podemos perguntar-nos por que raz\u00e3o Cristo veio pedir-nos que celebr\u00e1ssemos o seu Cora\u00e7\u00e3o na primeira sexta-feira de cada m\u00eas [...].<\/p>","protected":false},"author":1,"featured_media":0,"parent":0,"menu_order":0,"comment_status":"closed","ping_status":"closed","template":"elementor_header_footer","meta":{"footnotes":""},"class_list":["post-480","page","type-page","status-publish","hentry"],"_links":{"self":[{"href":"https:\/\/salve-corda.org\/pt\/wp-json\/wp\/v2\/pages\/480","targetHints":{"allow":["GET"]}}],"collection":[{"href":"https:\/\/salve-corda.org\/pt\/wp-json\/wp\/v2\/pages"}],"about":[{"href":"https:\/\/salve-corda.org\/pt\/wp-json\/wp\/v2\/types\/page"}],"author":[{"embeddable":true,"href":"https:\/\/salve-corda.org\/pt\/wp-json\/wp\/v2\/users\/1"}],"replies":[{"embeddable":true,"href":"https:\/\/salve-corda.org\/pt\/wp-json\/wp\/v2\/comments?post=480"}],"version-history":[{"count":29,"href":"https:\/\/salve-corda.org\/pt\/wp-json\/wp\/v2\/pages\/480\/revisions"}],"predecessor-version":[{"id":4626,"href":"https:\/\/salve-corda.org\/pt\/wp-json\/wp\/v2\/pages\/480\/revisions\/4626"}],"wp:attachment":[{"href":"https:\/\/salve-corda.org\/pt\/wp-json\/wp\/v2\/media?parent=480"}],"curies":[{"name":"wp","href":"https:\/\/api.w.org\/{rel}","templated":true}]}}