{"id":488,"date":"2020-09-25T15:35:02","date_gmt":"2020-09-25T13:35:02","guid":{"rendered":"https:\/\/salve-corda.org\/?page_id=488"},"modified":"2022-09-07T16:59:36","modified_gmt":"2022-09-07T14:59:36","slug":"pourquoi-cette-devotion-concerne-toute-leglise","status":"publish","type":"page","link":"https:\/\/salve-corda.org\/pt\/pourquoi-cette-devotion-concerne-toute-leglise\/","title":{"rendered":"Pourquoi cette d\u00e9votion concerne tout l&#8217;Eglise ?"},"content":{"rendered":"<div data-elementor-type=\"wp-page\" data-elementor-id=\"488\" class=\"elementor elementor-488\">\n\t\t\t\t\t\t<section class=\"elementor-section elementor-top-section elementor-element elementor-element-03829f4 elementor-section-boxed elementor-section-height-default elementor-section-height-default\" data-id=\"03829f4\" data-element_type=\"section\" data-e-type=\"section\">\n\t\t\t\t\t\t<div class=\"elementor-container elementor-column-gap-default\">\n\t\t\t\t\t<div class=\"elementor-column elementor-col-100 elementor-top-column elementor-element elementor-element-e6bde18\" data-id=\"e6bde18\" data-element_type=\"column\" data-e-type=\"column\">\n\t\t\t<div class=\"elementor-widget-wrap\">\n\t\t\t\t\t\t\t<\/div>\n\t\t<\/div>\n\t\t\t\t\t<\/div>\n\t\t<\/section>\n\t\t\t\t<section class=\"elementor-section elementor-top-section elementor-element elementor-element-e20f0f0 elementor-section-boxed elementor-section-height-default elementor-section-height-default\" data-id=\"e20f0f0\" data-element_type=\"section\" data-e-type=\"section\">\n\t\t\t\t\t\t<div class=\"elementor-container elementor-column-gap-default\">\n\t\t\t\t\t<div class=\"elementor-column elementor-col-100 elementor-top-column elementor-element elementor-element-5eb62ff\" data-id=\"5eb62ff\" data-element_type=\"column\" data-e-type=\"column\">\n\t\t\t<div class=\"elementor-widget-wrap elementor-element-populated\">\n\t\t\t\t\t\t<div class=\"elementor-element elementor-element-102c535 elementor-widget elementor-widget-spacer\" data-id=\"102c535\" data-element_type=\"widget\" data-e-type=\"widget\" data-widget_type=\"spacer.default\">\n\t\t\t\t<div class=\"elementor-widget-container\">\n\t\t\t\t\t\t\t<div class=\"elementor-spacer\">\n\t\t\t<div class=\"elementor-spacer-inner\"><\/div>\n\t\t<\/div>\n\t\t\t\t\t\t<\/div>\n\t\t\t\t<\/div>\n\t\t\t\t<div class=\"elementor-element elementor-element-1920d56 elementor-widget elementor-widget-heading\" data-id=\"1920d56\" data-element_type=\"widget\" data-e-type=\"widget\" data-widget_type=\"heading.default\">\n\t\t\t\t<div class=\"elementor-widget-container\">\n\t\t\t\t\t<h2 class=\"elementor-heading-title elementor-size-default\">Porque \u00e9 que a devo\u00e7\u00e3o aos cora\u00e7\u00f5es de Jesus e de Maria diz respeito a toda a Igreja?<\/h2>\t\t\t\t<\/div>\n\t\t\t\t<\/div>\n\t\t\t\t<div class=\"elementor-element elementor-element-fa3d7fe elementor-widget elementor-widget-text-editor\" data-id=\"fa3d7fe\" data-element_type=\"widget\" data-e-type=\"widget\" data-widget_type=\"text-editor.default\">\n\t\t\t\t<div class=\"elementor-widget-container\">\n\t\t\t\t\t\t\t\t\t<p>L&#8217;enseignement des papes<\/p>\t\t\t\t\t\t\t\t<\/div>\n\t\t\t\t<\/div>\n\t\t\t\t<div class=\"elementor-element elementor-element-7b7a661 elementor-widget elementor-widget-text-editor\" data-id=\"7b7a661\" data-element_type=\"widget\" data-e-type=\"widget\" data-widget_type=\"text-editor.default\">\n\t\t\t\t<div class=\"elementor-widget-container\">\n\t\t\t\t\t\t\t\t\t<p style=\"text-align: left;\">O car\u00e1cter essencial das devo\u00e7\u00f5es ao Sagrado Cora\u00e7\u00e3o e ao Imaculado Cora\u00e7\u00e3o de Maria foi sublinhado por muitos Papas, que criaram as duas festas do Sagrado Cora\u00e7\u00e3o e do Imaculado Cora\u00e7\u00e3o de Maria e foram muito claros nas suas declara\u00e7\u00f5es:<\/p><p><i><span style=\"color: #6288c6;\">\"A doutrina que rejeita a devo\u00e7\u00e3o ao Sagrado Cora\u00e7\u00e3o (...) \u00e9 falsa, imprudente, perniciosa, ofensiva para os ouvidos piedosos e injuriosa para a S\u00e9 Apost\u00f3lica\".<\/span><\/i><\/p><p style=\"text-align: right;\">Papa Pio VI<\/p><p style=\"text-align: left;\"><span style=\"font-family: var( --e-global-typography-18e5089-font-family ), Sans-serif; font-size: var( --e-global-typography-18e5089-font-size ); font-weight: var( --e-global-typography-18e5089-font-weight ); letter-spacing: var( --e-global-typography-18e5089-letter-spacing ); color: #6288c6;\"><em>\"\u00c9 perfeitamente justo que o povo crist\u00e3o, que recebeu a vida divina de Cristo por meio de Maria, depois de ter prestado a venera\u00e7\u00e3o devida ao Sacrat\u00edssimo Cora\u00e7\u00e3o de Jesus, preste tamb\u00e9m uma homenagem semelhante de piedade, de amor, de gratid\u00e3o e de repara\u00e7\u00e3o ao Cora\u00e7\u00e3o amant\u00edssimo de sua m\u00e3e celeste.\u00a0 \u00a0 \u00a0 \u00a0 \u00a0 \u00a0 \u00a0 \u00a0<\/em><\/span><span style=\"color: var( --e-global-color-text ); font-family: var( --e-global-typography-18e5089-font-family ), Sans-serif; font-size: var( --e-global-typography-18e5089-font-size ); font-weight: var( --e-global-typography-18e5089-font-weight ); letter-spacing: var( --e-global-typography-18e5089-letter-spacing );\">Papa Pio XII<\/span><\/p><p><span style=\"color: #6288c6;\"><em><br \/>\u00ab Par cons\u00e9quent, celui qui manifestement sous\u2011estimerait ce bienfait donn\u00e9 par J\u00e9sus\u2011Christ \u00e0 l&#8217;\u00c9glise agirait mal et t\u00e9m\u00e9rairement, et offenserait Dieu lui\u2011m\u00eame. \u00bb\u00a0 \u00a0 \u00a0 \u00a0 \u00a0 \u00a0 \u00a0 \u00a0 \u00a0 \u00a0 \u00a0 \u00a0 \u00a0 \u00a0 \u00a0 \u00a0 \u00a0 \u00a0 \u00a0 \u00a0 \u00a0 \u00a0 \u00a0 \u00a0 \u00a0 \u00a0 \u00a0 \u00a0 \u00a0 \u00a0 \u00a0 \u00a0 \u00a0 \u00a0 \u00a0 \u00a0 \u00a0 \u00a0 \u00a0 \u00a0 \u00a0 \u00a0 \u00a0 \u00a0 \u00a0 \u00a0 \u00a0 \u00a0 \u00a0 \u00a0 \u00a0 \u00a0 \u00a0 \u00a0 \u00a0 \u00a0 \u00a0 \u00a0 \u00a0 \u00a0 \u00a0 \u00a0 \u00a0 \u00a0 \u00a0 \u00a0 \u00a0 \u00a0 \u00a0 \u00a0 \u00a0 \u00a0 \u00a0 \u00a0 \u00a0 \u00a0 \u00a0 \u00a0 \u00a0 \u00a0 \u00a0 \u00a0 \u00a0 \u00a0 \u00a0 \u00a0 \u00a0 \u00a0 \u00a0 \u00a0 \u00a0 \u00a0 \u00a0 \u00a0 \u00a0 \u00a0 \u00a0 \u00a0 \u00a0 \u00a0 \u00a0 \u00a0 \u00a0 \u00a0 \u00a0 \u00a0 \u00a0 \u00a0 \u00a0 \u00a0 \u00a0<\/em><\/span><span style=\"text-align: right; color: var( --e-global-color-text ); font-family: var( --e-global-typography-18e5089-font-family ), Sans-serif; font-size: var( --e-global-typography-18e5089-font-size ); font-weight: var( --e-global-typography-18e5089-font-weight ); letter-spacing: var( --e-global-typography-18e5089-letter-spacing );\">Papa Pio XII<\/span><\/p><p>\u00a0<\/p><div style=\"text-align: left;\"><i style=\"color: var( --e-global-color-text ); font-family: var( --e-global-typography-18e5089-font-family ), Sans-serif; font-size: var( --e-global-typography-18e5089-font-size ); font-weight: var( --e-global-typography-18e5089-font-weight ); letter-spacing: var( --e-global-typography-18e5089-letter-spacing );\"><span style=\"color: #6288c6;\">\"Quem pensa que a miss\u00e3o prof\u00e9tica de F\u00e1tima est\u00e1 completa, engana-se...\".\u00a0 \u00a0 \u00a0 \u00a0 \u00a0 \u00a0 \u00a0 \u00a0 \u00a0 \u00a0 \u00a0 \u00a0 \u00a0 \u00a0 \u00a0 \u00a0 \u00a0 \u00a0 \u00a0 \u00a0 \u00a0 \u00a0 \u00a0 \u00a0 \u00a0 \u00a0 \u00a0 \u00a0 \u00a0 \u00a0 \u00a0 \u00a0 \u00a0 \u00a0 \u00a0 \u00a0 \u00a0 \u00a0 \u00a0 \u00a0 \u00a0 \u00a0 \u00a0 \u00a0 \u00a0 \u00a0 \u00a0<\/span><\/i><i style=\"color: var( --e-global-color-text ); font-family: var( --e-global-typography-18e5089-font-family ), Sans-serif; font-size: var( --e-global-typography-18e5089-font-size ); font-weight: var( --e-global-typography-18e5089-font-weight ); letter-spacing: var( --e-global-typography-18e5089-letter-spacing );\">Bento XVI\u00a0 \u00a0\u00a0<\/i><\/div>\t\t\t\t\t\t\t\t<\/div>\n\t\t\t\t<\/div>\n\t\t\t\t\t<\/div>\n\t\t<\/div>\n\t\t\t\t\t<\/div>\n\t\t<\/section>\n\t\t\t\t<section class=\"elementor-section elementor-top-section elementor-element elementor-element-b644754 elementor-section-boxed elementor-section-height-default elementor-section-height-default\" data-id=\"b644754\" data-element_type=\"section\" data-e-type=\"section\">\n\t\t\t\t\t\t<div class=\"elementor-container elementor-column-gap-default\">\n\t\t\t\t\t<div class=\"elementor-column elementor-col-100 elementor-top-column elementor-element elementor-element-2a05b14\" data-id=\"2a05b14\" data-element_type=\"column\" data-e-type=\"column\">\n\t\t\t<div class=\"elementor-widget-wrap elementor-element-populated\">\n\t\t\t\t\t\t<div class=\"elementor-element elementor-element-b4566a5 elementor-widget elementor-widget-text-editor\" data-id=\"b4566a5\" data-element_type=\"widget\" data-e-type=\"widget\" data-widget_type=\"text-editor.default\">\n\t\t\t\t<div class=\"elementor-widget-container\">\n\t\t\t\t\t\t\t\t\t<p>FATIMA : Une demande officielle au chef de l&#8217;Eglise pour toute l&#8217;EGLise<\/p>\t\t\t\t\t\t\t\t<\/div>\n\t\t\t\t<\/div>\n\t\t\t\t\t<\/div>\n\t\t<\/div>\n\t\t\t\t\t<\/div>\n\t\t<\/section>\n\t\t\t\t<section class=\"elementor-section elementor-top-section elementor-element elementor-element-98632f1 elementor-section-boxed elementor-section-height-default elementor-section-height-default\" data-id=\"98632f1\" data-element_type=\"section\" data-e-type=\"section\">\n\t\t\t\t\t\t<div class=\"elementor-container elementor-column-gap-default\">\n\t\t\t\t\t<div class=\"elementor-column elementor-col-50 elementor-top-column elementor-element elementor-element-d385a1c\" data-id=\"d385a1c\" data-element_type=\"column\" data-e-type=\"column\">\n\t\t\t<div class=\"elementor-widget-wrap elementor-element-populated\">\n\t\t\t\t\t\t<div class=\"elementor-element elementor-element-c0f461f elementor-widget elementor-widget-text-editor\" data-id=\"c0f461f\" data-element_type=\"widget\" data-e-type=\"widget\" data-widget_type=\"text-editor.default\">\n\t\t\t\t<div class=\"elementor-widget-container\">\n\t\t\t\t\t\t\t\t\t<p style=\"text-align: left;\">Fatima n&#8217;est pas une apparition que l&#8217;on peut consid\u00e9rer comme uniquement priv\u00e9e car la Sainte Vierge est venue apporter un message qui concerne toute l&#8217;Eglise, l&#8217;a parfaitement annonc\u00e9 et , par l&#8217;interm\u00e9diaire de Soeur Lucie, en a fait la\u00a0 demande officielle, au chef de l&#8217;Eglise lui m\u00eame. Les deux demandes qu&#8217;elle a faite sont les suivantes :\u00a0<\/p><p>\u00a0<\/p><p style=\"text-align: left;\">1\/ Consagrar a R\u00fassia ao Imaculado Cora\u00e7\u00e3o de Maria com todos os bispos do mundo. <strong>Il s&#8217;agit donc d&#8217;un acte de toute l&#8217;Eglise<\/strong> puisqu&#8217;il doit \u00eatre fait par toute la hi\u00e9rarchie de l&#8217;Eglise ensemble.<\/p><p>\u00a0<\/p><p>2\/ L&#8217;approbation et la recommandation officielle de la d\u00e9votion des 1ers samedis du mois. Il ne s&#8217;agit pas l\u00e0 non plus d&#8217;une d\u00e9votion &#8220;personnelle&#8221; puisque justement N<strong>otre Dame demande au Pape lui-m\u00eame de la rendre officielle dans toute l&#8217;Eglise.<\/strong> Le fait que les Papes n&#8217;aient pas encore suivi cette demande ne change rien car Notre Dame est au-dessus des Papes et puisque c&#8217;est SA volont\u00e9, la d\u00e9votion des 1ers samedis est de facto pour toute l&#8217;Eglise et non juste personnelle. Soeur Lucie \u00e9crira le 3 octobre 1928 :<\/p><div style=\"text-align: left;\">\u00a0<\/div>\t\t\t\t\t\t\t\t<\/div>\n\t\t\t\t<\/div>\n\t\t\t\t\t<\/div>\n\t\t<\/div>\n\t\t\t\t<div class=\"elementor-column elementor-col-50 elementor-top-column elementor-element elementor-element-19469cb\" data-id=\"19469cb\" data-element_type=\"column\" data-e-type=\"column\">\n\t\t\t<div class=\"elementor-widget-wrap elementor-element-populated\">\n\t\t\t\t\t\t<div class=\"elementor-element elementor-element-688a875 elementor-widget elementor-widget-image\" data-id=\"688a875\" data-element_type=\"widget\" data-e-type=\"widget\" data-widget_type=\"image.default\">\n\t\t\t\t<div class=\"elementor-widget-container\">\n\t\t\t\t\t\t\t\t\t\t\t\t\t\t\t<img fetchpriority=\"high\" decoding=\"async\" width=\"541\" height=\"797\" src=\"https:\/\/salve-corda.org\/wp-content\/uploads\/2021\/07\/jean-paul-2.png\" class=\"attachment-large size-large wp-image-915\" alt=\"\" srcset=\"https:\/\/salve-corda.org\/wp-content\/uploads\/2021\/07\/jean-paul-2.png 541w, https:\/\/salve-corda.org\/wp-content\/uploads\/2021\/07\/jean-paul-2-204x300.png 204w\" sizes=\"(max-width: 541px) 100vw, 541px\" \/>\t\t\t\t\t\t\t\t\t\t\t\t\t\t\t<\/div>\n\t\t\t\t<\/div>\n\t\t\t\t\t<\/div>\n\t\t<\/div>\n\t\t\t\t\t<\/div>\n\t\t<\/section>\n\t\t\t\t<section class=\"elementor-section elementor-top-section elementor-element elementor-element-ad938ef elementor-section-boxed elementor-section-height-default elementor-section-height-default\" data-id=\"ad938ef\" data-element_type=\"section\" data-e-type=\"section\">\n\t\t\t\t\t\t<div class=\"elementor-container elementor-column-gap-default\">\n\t\t\t\t\t<div class=\"elementor-column elementor-col-100 elementor-top-column elementor-element elementor-element-c861da1\" data-id=\"c861da1\" data-element_type=\"column\" data-e-type=\"column\">\n\t\t\t<div class=\"elementor-widget-wrap elementor-element-populated\">\n\t\t\t\t\t\t<div class=\"elementor-element elementor-element-c6f8d14 elementor-widget elementor-widget-text-editor\" data-id=\"c6f8d14\" data-element_type=\"widget\" data-e-type=\"widget\" data-widget_type=\"text-editor.default\">\n\t\t\t\t<div class=\"elementor-widget-container\">\n\t\t\t\t\t\t\t\t\t<p style=\"text-align: left;\"><span style=\"font-family: var( --e-global-typography-18e5089-font-family ), Sans-serif; font-size: var( --e-global-typography-18e5089-font-size ); font-weight: var( --e-global-typography-18e5089-font-weight ); letter-spacing: var( --e-global-typography-18e5089-letter-spacing ); color: #6288c6;\"><em>\"Parece-me que o bom Deus, no fundo do meu cora\u00e7\u00e3o, est\u00e1 a trabalhar em mim para que eu possa ser uma pessoa melhor.\u00a0<strong>Pe\u00e7o ao Santo Padre que aprove a devo\u00e7\u00e3o da Repara\u00e7\u00e3o, que o pr\u00f3prio Deus e a Sant\u00edssima Virgem se dignaram pedir em 1925<\/strong>, (...)\"\u00a0 \u00a0 \u00a0 \u00a0 \u00a0 \u00a0 \u00a0 \u00a0<\/em><\/span><\/p><div>\u00a0<\/div><div>Le 29 mai 1930, Soeur Lucie r\u00e9it\u00e8re sa demande avec\u00a0 insistance expliquant qu&#8217;\u00e0 la fin de la pers\u00e9cution en Russie le Pape doit approuver et recommander la d\u00e9votion r\u00e9paratrice des 1ers samedis.<\/div><div>\u00a0<\/div><div style=\"text-align: left;\"><span style=\"font-family: var( --e-global-typography-18e5089-font-family ), Sans-serif; font-size: var( --e-global-typography-18e5089-font-size ); font-weight: var( --e-global-typography-18e5089-font-weight ); letter-spacing: var( --e-global-typography-18e5089-letter-spacing ); color: #6288c6;\"><em>\" (...) <strong>Sua Santidade prometeu, em troca do fim desta persegui\u00e7\u00e3o, aprovar e recomendar a pr\u00e1tica da devo\u00e7\u00e3o reparadora.<\/strong>a comunh\u00e3o de expia\u00e7\u00e3o nos primeiros cinco s\u00e1bados do m\u00eas].<\/em><\/span><\/div>\t\t\t\t\t\t\t\t<\/div>\n\t\t\t\t<\/div>\n\t\t\t\t<div class=\"elementor-element elementor-element-83b5151 elementor-widget elementor-widget-text-editor\" data-id=\"83b5151\" data-element_type=\"widget\" data-e-type=\"widget\" data-widget_type=\"text-editor.default\">\n\t\t\t\t<div class=\"elementor-widget-container\">\n\t\t\t\t\t\t\t\t\t<p>mission de soeur Lucie jusqu&#8217;\u00e0 sa mort en 2005<\/p>\t\t\t\t\t\t\t\t<\/div>\n\t\t\t\t<\/div>\n\t\t\t\t\t<\/div>\n\t\t<\/div>\n\t\t\t\t\t<\/div>\n\t\t<\/section>\n\t\t\t\t<section class=\"elementor-section elementor-top-section elementor-element elementor-element-111800e elementor-section-boxed elementor-section-height-default elementor-section-height-default\" data-id=\"111800e\" data-element_type=\"section\" data-e-type=\"section\">\n\t\t\t\t\t\t<div class=\"elementor-container elementor-column-gap-default\">\n\t\t\t\t\t<div class=\"elementor-column elementor-col-50 elementor-top-column elementor-element elementor-element-0f7562b\" data-id=\"0f7562b\" data-element_type=\"column\" data-e-type=\"column\">\n\t\t\t<div class=\"elementor-widget-wrap elementor-element-populated\">\n\t\t\t\t\t\t<div class=\"elementor-element elementor-element-cf0a72b elementor-widget elementor-widget-image\" data-id=\"cf0a72b\" data-element_type=\"widget\" data-e-type=\"widget\" data-widget_type=\"image.default\">\n\t\t\t\t<div class=\"elementor-widget-container\">\n\t\t\t\t\t\t\t\t\t\t\t\t\t\t\t<img decoding=\"async\" width=\"200\" height=\"263\" src=\"https:\/\/salve-corda.org\/wp-content\/uploads\/2022\/09\/Soeur-Lucie02-4209590611.jpg\" class=\"attachment-large size-large wp-image-5677\" alt=\"\" \/>\t\t\t\t\t\t\t\t\t\t\t\t\t\t\t<\/div>\n\t\t\t\t<\/div>\n\t\t\t\t\t<\/div>\n\t\t<\/div>\n\t\t\t\t<div class=\"elementor-column elementor-col-50 elementor-top-column elementor-element elementor-element-5892bc8\" data-id=\"5892bc8\" data-element_type=\"column\" data-e-type=\"column\">\n\t\t\t<div class=\"elementor-widget-wrap elementor-element-populated\">\n\t\t\t\t\t\t<div class=\"elementor-element elementor-element-29544fa elementor-widget elementor-widget-text-editor\" data-id=\"29544fa\" data-element_type=\"widget\" data-e-type=\"widget\" data-widget_type=\"text-editor.default\">\n\t\t\t\t<div class=\"elementor-widget-container\">\n\t\t\t\t\t\t\t\t\t<p>A Irm\u00e3 L\u00facia, a vidente de F\u00e1tima, viveu durante todo o s\u00e9culo XX e morreu em 2005. A Virgem Sant\u00edssima tinha-lhe profetizado que viveria muito tempo para trazer a sua mensagem, dado o seu car\u00e1cter fundamental para os tempos em que vivemos. A Irm\u00e3 L\u00facia foi categ\u00f3rica quanto \u00e0 necessidade de seguir hoje os pedidos de Nossa Senhora:<\/p><p>\u00a0<\/p><p><i style=\"color: #6c8ecc; font-family: var( --e-global-typography-text-font-family ), Sans-serif; font-size: var( --e-global-typography-text-font-size ); font-weight: var( --e-global-typography-text-font-weight );\">\"Ela (a Virgem Sant\u00edssima, nota do editor) disse-me a mim e aos meus primos que Deus deu \u00e0s crian\u00e7as o direito de nascer.\u00a0<\/i><u style=\"color: #6c8ecc; font-family: var( --e-global-typography-text-font-family ), Sans-serif; font-size: var( --e-global-typography-text-font-size ); font-weight: var( --e-global-typography-text-font-weight );\"><i>os dois \u00faltimos rem\u00e9dios\u00a0<\/i><\/u><i style=\"color: #6c8ecc; font-family: var( --e-global-typography-text-font-family ), Sans-serif; font-size: var( --e-global-typography-text-font-size ); font-weight: var( --e-global-typography-text-font-weight );\">para o mundo: o Santo Ros\u00e1rio e a devo\u00e7\u00e3o ao Imaculado Cora\u00e7\u00e3o de Maria, e sendo estes os dois \u00faltimos rem\u00e9dios, isto significa\u00a0<\/i><u style=\"color: #6c8ecc; font-family: var( --e-global-typography-text-font-family ), Sans-serif; font-size: var( --e-global-typography-text-font-size ); font-weight: var( --e-global-typography-text-font-weight );\"><i>que n\u00e3o haver\u00e1 outra<\/i><\/u><i style=\"color: #6c8ecc; font-family: var( --e-global-typography-text-font-family ), Sans-serif; font-size: var( --e-global-typography-text-font-size ); font-weight: var( --e-global-typography-text-font-weight );\">. \"\u00a0\u00a0\u00a0<\/i><span style=\"color: #6c8ecc; font-family: var( --e-global-typography-text-font-family ), Sans-serif; font-size: var( --e-global-typography-text-font-size ); font-weight: var( --e-global-typography-text-font-weight );\">\u00a0 \u00a0 \u00a0 \u00a0 \u00a0 \u00a0 \u00a0 \u00a0 \u00a0 \u00a0 \u00a0 \u00a0 \u00a0 \u00a0 \u00a0 \u00a0 \u00a0 \u00a0 \u00a0 \u00a0 \u00a0 \u00a0 \u00a0 \u00a0 \u00a0 \u00a0 \u00a0 \u00a0 \u00a0 \u00a0<\/span><span style=\"font-family: var( --e-global-typography-text-font-family ), Sans-serif; font-size: var( --e-global-typography-text-font-size ); font-weight: var( --e-global-typography-text-font-weight ); color: #808080;\">\u00a026 de dezembro de 1957\u00a0<\/span><\/p><p><span style=\"color: #6c8ecc;\"><span style=\"color: #808080;\">\u00a0<\/span><\/span><\/p><p>\u00a0Se Deus traz \"os \u00faltimos rem\u00e9dios\", \u00e9 porque eles s\u00e3o fundamentais para acompanhar a humanidade at\u00e9 ao fim do mundo. A Irm\u00e3 L\u00facia terminou com estas palavras, que nos devem ajudar a compreender o car\u00e1cter obrigat\u00f3rio de F\u00e1tima:<\/p>\t\t\t\t\t\t\t\t<\/div>\n\t\t\t\t<\/div>\n\t\t\t\t\t<\/div>\n\t\t<\/div>\n\t\t\t\t\t<\/div>\n\t\t<\/section>\n\t\t\t\t<section class=\"elementor-section elementor-top-section elementor-element elementor-element-e6ed821 elementor-section-boxed elementor-section-height-default elementor-section-height-default\" data-id=\"e6ed821\" data-element_type=\"section\" data-e-type=\"section\">\n\t\t\t\t\t\t<div class=\"elementor-container elementor-column-gap-default\">\n\t\t\t\t\t<div class=\"elementor-column elementor-col-100 elementor-top-column elementor-element elementor-element-823c2db\" data-id=\"823c2db\" data-element_type=\"column\" data-e-type=\"column\">\n\t\t\t<div class=\"elementor-widget-wrap elementor-element-populated\">\n\t\t\t\t\t\t<div class=\"elementor-element elementor-element-29c97a9 elementor-widget elementor-widget-text-editor\" data-id=\"29c97a9\" data-element_type=\"widget\" data-e-type=\"widget\" data-widget_type=\"text-editor.default\">\n\t\t\t\t<div class=\"elementor-widget-container\">\n\t\t\t\t\t\t\t\t\t<p><em style=\"font-family: var( --e-global-typography-text-font-family ), Sans-serif; font-size: var( --e-global-typography-text-font-size ); font-weight: var( --e-global-typography-text-font-weight ); color: #6c8ecc;\">\"Sempre nos planos da provid\u00eancia, quando Deus vai castigar o mundo, esgota primeiro todos os outros rem\u00e9dios. Agora, como viu que o mundo n\u00e3o fez uso de nenhum deles, ent\u00e3o, como dir\u00edamos na nossa maneira imperfeita de falar, oferece-nos com um certo receio o \u00faltimo meio de salva\u00e7\u00e3o, a sua M\u00e3e Sant\u00edssima.\u00a0<span style=\"font-weight: bold;\">PORQUE SE DESPREZARMOS E REJEITARMOS ESTE MEIO \u00daLTIMO, J\u00c1 N\u00c3O TEREMOS O PERD\u00c3O DO C\u00c9U, PORQUE TEREMOS COMETIDO UM PECADO CONTRA O ESP\u00cdRITO SANTO, QUE CONSISTE EM REJEITAR ABERTAMENTE, COM PLENO CONHECIMENTO E VONTADE, A SALVA\u00c7\u00c3O QUE NOS \u00c9 OFERECIDA\".<\/span><\/em><span style=\"color: #6c8ecc;\"><i><br \/><\/i><\/span><\/p><p><span style=\"color: #6c8ecc;\"><span style=\"color: #808080;\">\u00a0<\/span><\/span><\/p>\t\t\t\t\t\t\t\t<\/div>\n\t\t\t\t<\/div>\n\t\t\t\t\t<\/div>\n\t\t<\/div>\n\t\t\t\t\t<\/div>\n\t\t<\/section>\n\t\t\t\t<section class=\"elementor-section elementor-top-section elementor-element elementor-element-6bfde15 elementor-section-boxed elementor-section-height-default elementor-section-height-default\" data-id=\"6bfde15\" data-element_type=\"section\" data-e-type=\"section\">\n\t\t\t\t\t\t<div class=\"elementor-container elementor-column-gap-default\">\n\t\t\t\t\t<div class=\"elementor-column elementor-col-100 elementor-top-column elementor-element elementor-element-5f404db\" data-id=\"5f404db\" data-element_type=\"column\" data-e-type=\"column\">\n\t\t\t<div class=\"elementor-widget-wrap elementor-element-populated\">\n\t\t\t\t\t\t<div class=\"elementor-element elementor-element-3950e21 elementor-widget elementor-widget-text-editor\" data-id=\"3950e21\" data-element_type=\"widget\" data-e-type=\"widget\" data-widget_type=\"text-editor.default\">\n\t\t\t\t<div class=\"elementor-widget-container\">\n\t\t\t\t\t\t\t\t\t<p>A profecia de F\u00e1tima - a chave para a atual crise global<\/p>\t\t\t\t\t\t\t\t<\/div>\n\t\t\t\t<\/div>\n\t\t\t\t\t<\/div>\n\t\t<\/div>\n\t\t\t\t\t<\/div>\n\t\t<\/section>\n\t\t\t\t<section class=\"elementor-section elementor-top-section elementor-element elementor-element-da99fd7 elementor-section-boxed elementor-section-height-default elementor-section-height-default\" data-id=\"da99fd7\" data-element_type=\"section\" data-e-type=\"section\">\n\t\t\t\t\t\t<div class=\"elementor-container elementor-column-gap-default\">\n\t\t\t\t\t<div class=\"elementor-column elementor-col-50 elementor-top-column elementor-element elementor-element-c6ec884\" data-id=\"c6ec884\" data-element_type=\"column\" data-e-type=\"column\">\n\t\t\t<div class=\"elementor-widget-wrap elementor-element-populated\">\n\t\t\t\t\t\t<div class=\"elementor-element elementor-element-a23c4ef elementor-widget elementor-widget-text-editor\" data-id=\"a23c4ef\" data-element_type=\"widget\" data-e-type=\"widget\" data-widget_type=\"text-editor.default\">\n\t\t\t\t<div class=\"elementor-widget-container\">\n\t\t\t\t\t\t\t\t\t<p>Toda uma parte da mensagem de F\u00e1tima est\u00e1 direcionada para a resolu\u00e7\u00e3o de uma grande crise futura. Esta mensagem diz respeito \u00e0 Segunda Guerra Mundial, claro, mas como n\u00e3o tivemos em conta os pedidos de Nossa Senhora, esta mensagem diz respeito ao rescaldo, \u00e0 crise atual em que a Europa e o mundo se est\u00e3o a afundar.<\/p>\n<p>A Irm\u00e3 L\u00facia tinha estas palavras terr\u00edveis para dizer <b>em 1957 <\/b>sobre o que est\u00e1 para vir:<br><br><span style=\"color: #2c7199;\">\"vai ser horr\u00edvel, horr\u00edvel, horr\u00edvel....\".<br><br><\/span><\/p>\n<p><\/p>\n<p>E ela continuava a dizer que nos cabia a n\u00f3s evit\u00e1-lo.<\/p>\n<p>De facto, a Sant\u00edssima Virgem indicou que os meios a utilizar n\u00e3o eram opcionais para obter a convers\u00e3o do mundo \u00e0 paz:<br><br><\/p>\n<p><span style=\"color: #2c7199;\">\"<i>&nbsp;A pr\u00e1tica dos primeiros s\u00e1bados do m\u00eas e a consagra\u00e7\u00e3o <\/i><i>da R\u00fassia depende <\/i><i>guerra ou paz<\/i><\/span><\/p>\t\t\t\t\t\t\t\t<\/div>\n\t\t\t\t<\/div>\n\t\t\t\t\t<\/div>\n\t\t<\/div>\n\t\t\t\t<div class=\"elementor-column elementor-col-50 elementor-top-column elementor-element elementor-element-9d03230\" data-id=\"9d03230\" data-element_type=\"column\" data-e-type=\"column\">\n\t\t\t<div class=\"elementor-widget-wrap elementor-element-populated\">\n\t\t\t\t\t\t<div class=\"elementor-element elementor-element-835b28a elementor-widget elementor-widget-image\" data-id=\"835b28a\" data-element_type=\"widget\" data-e-type=\"widget\" data-widget_type=\"image.default\">\n\t\t\t\t<div class=\"elementor-widget-container\">\n\t\t\t\t\t\t\t\t\t\t\t\t\t\t\t<img decoding=\"async\" width=\"640\" height=\"336\" src=\"https:\/\/salve-corda.org\/wp-content\/uploads\/2022\/09\/businessbourse-e1598355926818-1024x538.jpg\" class=\"attachment-large size-large wp-image-5682\" alt=\"\" srcset=\"https:\/\/salve-corda.org\/wp-content\/uploads\/2022\/09\/businessbourse-e1598355926818-1024x538.jpg 1024w, https:\/\/salve-corda.org\/wp-content\/uploads\/2022\/09\/businessbourse-e1598355926818-300x158.jpg 300w, https:\/\/salve-corda.org\/wp-content\/uploads\/2022\/09\/businessbourse-e1598355926818-768x403.jpg 768w, https:\/\/salve-corda.org\/wp-content\/uploads\/2022\/09\/businessbourse-e1598355926818.jpg 1200w\" sizes=\"(max-width: 640px) 100vw, 640px\" \/>\t\t\t\t\t\t\t\t\t\t\t\t\t\t\t<\/div>\n\t\t\t\t<\/div>\n\t\t\t\t\t<\/div>\n\t\t<\/div>\n\t\t\t\t\t<\/div>\n\t\t<\/section>\n\t\t\t\t<section class=\"elementor-section elementor-top-section elementor-element elementor-element-d517ec9 elementor-section-boxed elementor-section-height-default elementor-section-height-default\" data-id=\"d517ec9\" data-element_type=\"section\" data-e-type=\"section\">\n\t\t\t\t\t\t<div class=\"elementor-container elementor-column-gap-default\">\n\t\t\t\t\t<div class=\"elementor-column elementor-col-100 elementor-top-column elementor-element elementor-element-0e3255f\" data-id=\"0e3255f\" data-element_type=\"column\" data-e-type=\"column\">\n\t\t\t<div class=\"elementor-widget-wrap elementor-element-populated\">\n\t\t\t\t\t\t<div class=\"elementor-element elementor-element-7b1a6e8 elementor-widget elementor-widget-text-editor\" data-id=\"7b1a6e8\" data-element_type=\"widget\" data-e-type=\"widget\" data-widget_type=\"text-editor.default\">\n\t\t\t\t<div class=\"elementor-widget-container\">\n\t\t\t\t\t\t\t\t\t<p>Duas advert\u00eancias de Cristo e da Virgem Sant\u00edssima<\/p>\t\t\t\t\t\t\t\t<\/div>\n\t\t\t\t<\/div>\n\t\t\t\t\t<\/div>\n\t\t<\/div>\n\t\t\t\t\t<\/div>\n\t\t<\/section>\n\t\t\t\t<section class=\"elementor-section elementor-top-section elementor-element elementor-element-893396f elementor-section-boxed elementor-section-height-default elementor-section-height-default\" data-id=\"893396f\" data-element_type=\"section\" data-e-type=\"section\">\n\t\t\t\t\t\t<div class=\"elementor-container elementor-column-gap-default\">\n\t\t\t\t\t<div class=\"elementor-column elementor-col-50 elementor-top-column elementor-element elementor-element-66a1172\" data-id=\"66a1172\" data-element_type=\"column\" data-e-type=\"column\">\n\t\t\t<div class=\"elementor-widget-wrap elementor-element-populated\">\n\t\t\t\t\t\t<div class=\"elementor-element elementor-element-f169e38 elementor-widget elementor-widget-image\" data-id=\"f169e38\" data-element_type=\"widget\" data-e-type=\"widget\" data-widget_type=\"image.default\">\n\t\t\t\t<div class=\"elementor-widget-container\">\n\t\t\t\t\t\t\t\t\t\t\t\t\t\t\t<img loading=\"lazy\" decoding=\"async\" width=\"551\" height=\"654\" src=\"https:\/\/salve-corda.org\/wp-content\/uploads\/2021\/09\/external-content.duckduckgo-2-2.jpg\" class=\"attachment-large size-large wp-image-2599\" alt=\"\" srcset=\"https:\/\/salve-corda.org\/wp-content\/uploads\/2021\/09\/external-content.duckduckgo-2-2.jpg 551w, https:\/\/salve-corda.org\/wp-content\/uploads\/2021\/09\/external-content.duckduckgo-2-2-253x300.jpg 253w\" sizes=\"(max-width: 551px) 100vw, 551px\" \/>\t\t\t\t\t\t\t\t\t\t\t\t\t\t\t<\/div>\n\t\t\t\t<\/div>\n\t\t\t\t\t<\/div>\n\t\t<\/div>\n\t\t\t\t<div class=\"elementor-column elementor-col-50 elementor-top-column elementor-element elementor-element-507a237\" data-id=\"507a237\" data-element_type=\"column\" data-e-type=\"column\">\n\t\t\t<div class=\"elementor-widget-wrap elementor-element-populated\">\n\t\t\t\t\t\t<div class=\"elementor-element elementor-element-f51ea4a elementor-widget elementor-widget-text-editor\" data-id=\"f51ea4a\" data-element_type=\"widget\" data-e-type=\"widget\" data-widget_type=\"text-editor.default\">\n\t\t\t\t<div class=\"elementor-widget-container\">\n\t\t\t\t\t\t\t\t\t<p>Embora a Sant\u00edssima Virgem tenha profetizado que, no final, a devo\u00e7\u00e3o ao seu Cora\u00e7\u00e3o seria estabelecida, Cristo e a Sant\u00edssima Virgem alertaram duas vezes para as consequ\u00eancias de n\u00e3o seguir os seus pedidos, comparando a situa\u00e7\u00e3o atual com a hist\u00f3ria da recusa inicial do Sagrado Cora\u00e7\u00e3o:<br><span style=\"color: var( --e-global-color-text ); font-family: var( --e-global-typography-text-font-family ), Sans-serif; font-size: var( --e-global-typography-text-font-size ); font-weight: var( --e-global-typography-text-font-weight );\"><br><span style=\"color: #18588c;\"><em>\u00ab&nbsp;Fais savoir \u00e0 mes Ministres (de l&#8217;Eglise NDLR), \u00e9tant donn\u00e9 qu\u2019ils suivent l\u2019exemple du Roi de France en retardant l\u2019ex\u00e9cution de ma demande, qu\u2019ils le suivront dans le malheur.&nbsp;\u00bb<br><\/em><\/span><\/span><\/p>\n<p><\/p>\n<p style=\"text-align: right;\">&nbsp; <i>Cristo, primavera de 1931 em Rianjo<\/i><\/p>\n<p><i>&nbsp;<\/i><\/p>\n<p><\/p>\n<p><span style=\"color: #18588c;\"><em>\"Eles n\u00e3o quiseram ouvir o meu pedido! Tal como o rei de Fran\u00e7a, arrepender-se-\u00e3o.<br><\/em><\/span><\/p>\n<p style=\"text-align: right;\"><em>&nbsp; &nbsp;Cristo \u00e0 Irm\u00e3 L\u00facia, ver\u00e3o de 1931 <\/em><\/p>\n<p><br><\/p><p>Recorde-se que a Revolu\u00e7\u00e3o Francesa eclodiu 100 anos depois de o Rei se ter recusado a cumprir os pedidos do Sagrado Cora\u00e7\u00e3o. <b>Os primeiros s\u00e1bados do m\u00eas em honra do Imaculado Cora\u00e7\u00e3o de Maria foram pedidos em F\u00e1tima em 1925, o que nos leva a 2025... <\/b><\/p>\n<p><\/p>\n<p><b><\/b><br>\u00c9 dif\u00edcil acreditar que o impacto de F\u00e1tima tenha terminado.<\/p>\t\t\t\t\t\t\t\t<\/div>\n\t\t\t\t<\/div>\n\t\t\t\t\t<\/div>\n\t\t<\/div>\n\t\t\t\t\t<\/div>\n\t\t<\/section>\n\t\t\t\t<section class=\"elementor-section elementor-top-section elementor-element elementor-element-f8353dc elementor-section-boxed elementor-section-height-default elementor-section-height-default\" data-id=\"f8353dc\" data-element_type=\"section\" data-e-type=\"section\">\n\t\t\t\t\t\t<div class=\"elementor-container elementor-column-gap-default\">\n\t\t\t\t\t<div class=\"elementor-column elementor-col-100 elementor-top-column elementor-element elementor-element-5465b5f\" data-id=\"5465b5f\" data-element_type=\"column\" data-e-type=\"column\">\n\t\t\t<div class=\"elementor-widget-wrap elementor-element-populated\">\n\t\t\t\t\t\t<div class=\"elementor-element elementor-element-93211c7 elementor-widget elementor-widget-text-editor\" data-id=\"93211c7\" data-element_type=\"widget\" data-e-type=\"widget\" data-widget_type=\"text-editor.default\">\n\t\t\t\t<div class=\"elementor-widget-container\">\n\t\t\t\t\t\t\t\t\t<p>Uma an\u00e1lise baseada no senso comum<\/p>\t\t\t\t\t\t\t\t<\/div>\n\t\t\t\t<\/div>\n\t\t\t\t\t<\/div>\n\t\t<\/div>\n\t\t\t\t\t<\/div>\n\t\t<\/section>\n\t\t\t\t<section class=\"elementor-section elementor-top-section elementor-element elementor-element-274dbca elementor-section-boxed elementor-section-height-default elementor-section-height-default\" data-id=\"274dbca\" data-element_type=\"section\" data-e-type=\"section\">\n\t\t\t\t\t\t<div class=\"elementor-container elementor-column-gap-default\">\n\t\t\t\t\t<div class=\"elementor-column elementor-col-100 elementor-top-column elementor-element elementor-element-76164b6\" data-id=\"76164b6\" data-element_type=\"column\" data-e-type=\"column\">\n\t\t\t<div class=\"elementor-widget-wrap elementor-element-populated\">\n\t\t\t\t\t\t<div class=\"elementor-element elementor-element-1e91c09 elementor-widget elementor-widget-text-editor\" data-id=\"1e91c09\" data-element_type=\"widget\" data-e-type=\"widget\" data-widget_type=\"text-editor.default\">\n\t\t\t\t<div class=\"elementor-widget-container\">\n\t\t\t\t\t\t\t\t\t<p>Finalmente, com um pouco de bom senso, podemos fazer uma an\u00e1lise objetiva e ver que a devo\u00e7\u00e3o aos Cora\u00e7\u00f5es de Jesus e de Maria \u00e9 fundamental para o nosso mundo atual e para a sua futura convers\u00e3o:<\/p>\t\t\t\t\t\t\t\t<\/div>\n\t\t\t\t<\/div>\n\t\t\t\t\t<\/div>\n\t\t<\/div>\n\t\t\t\t\t<\/div>\n\t\t<\/section>\n\t\t\t\t<section class=\"elementor-section elementor-top-section elementor-element elementor-element-86f5948 elementor-section-boxed elementor-section-height-default elementor-section-height-default\" data-id=\"86f5948\" data-element_type=\"section\" data-e-type=\"section\">\n\t\t\t\t\t\t<div class=\"elementor-container elementor-column-gap-default\">\n\t\t\t\t\t<div class=\"elementor-column elementor-col-50 elementor-top-column elementor-element elementor-element-f734e1c\" data-id=\"f734e1c\" data-element_type=\"column\" data-e-type=\"column\">\n\t\t\t<div class=\"elementor-widget-wrap elementor-element-populated\">\n\t\t\t\t\t\t<div class=\"elementor-element elementor-element-c96f9f3 elementor-widget elementor-widget-text-editor\" data-id=\"c96f9f3\" data-element_type=\"widget\" data-e-type=\"widget\" data-widget_type=\"text-editor.default\">\n\t\t\t\t<div class=\"elementor-widget-container\">\n\t\t\t\t\t\t\t\t\t<ul><li>Cristo e a Sant\u00edssima Virgem vieram pessoalmente para insistir nesta devo\u00e7\u00e3o.<\/li><li>Esta devo\u00e7\u00e3o est\u00e1 acima de todas as outras porque diz respeito a Cristo e \u00e0 pr\u00f3pria Virgem Sant\u00edssima,<\/li><li>os papas reconheceram a import\u00e2ncia de seguir esta devo\u00e7\u00e3o e muitos santos foram os seus precursores<\/li><li>ils ont institu\u00e9 dans toute l&#8217;Eglise les f\u00eates du Sacr\u00e9 Coeur et du Coeur Immacul\u00e9 de Marie<\/li><li>a Sant\u00edssima Virgem pediu expressamente ao Papa que consagrasse a R\u00fassia e que reconhecesse os primeiros s\u00e1bados do m\u00eas.\u00a0<\/li><li>elle n&#8217;a cess\u00e9 de dire que le sort du monde est li\u00e9 \u00e0 cette d\u00e9votion<\/li><li>a beleza desta devo\u00e7\u00e3o \u00e9 \u00fanica. Contemplamos o amor entre Cristo e a Sant\u00edssima Virgem, o seu imenso amor por n\u00f3s, fonte de gra\u00e7as consider\u00e1veis.<\/li><\/ul>\t\t\t\t\t\t\t\t<\/div>\n\t\t\t\t<\/div>\n\t\t\t\t\t<\/div>\n\t\t<\/div>\n\t\t\t\t<div class=\"elementor-column elementor-col-50 elementor-top-column elementor-element elementor-element-622b4a2\" data-id=\"622b4a2\" data-element_type=\"column\" data-e-type=\"column\">\n\t\t\t<div class=\"elementor-widget-wrap elementor-element-populated\">\n\t\t\t\t\t\t<div class=\"elementor-element elementor-element-a1bd1f8 elementor-widget elementor-widget-image\" data-id=\"a1bd1f8\" data-element_type=\"widget\" data-e-type=\"widget\" data-widget_type=\"image.default\">\n\t\t\t\t<div class=\"elementor-widget-container\">\n\t\t\t\t\t\t\t\t\t\t\t\t\t\t\t<img loading=\"lazy\" decoding=\"async\" width=\"640\" height=\"441\" src=\"https:\/\/salve-corda.org\/wp-content\/uploads\/2021\/09\/Sans-titre-11-1024x706.png\" class=\"attachment-large size-large wp-image-2637\" alt=\"\" srcset=\"https:\/\/salve-corda.org\/wp-content\/uploads\/2021\/09\/Sans-titre-11-1024x706.png 1024w, https:\/\/salve-corda.org\/wp-content\/uploads\/2021\/09\/Sans-titre-11-300x207.png 300w, https:\/\/salve-corda.org\/wp-content\/uploads\/2021\/09\/Sans-titre-11-768x529.png 768w, https:\/\/salve-corda.org\/wp-content\/uploads\/2021\/09\/Sans-titre-11.png 1039w\" sizes=\"(max-width: 640px) 100vw, 640px\" \/>\t\t\t\t\t\t\t\t\t\t\t\t\t\t\t<\/div>\n\t\t\t\t<\/div>\n\t\t\t\t\t<\/div>\n\t\t<\/div>\n\t\t\t\t\t<\/div>\n\t\t<\/section>\n\t\t\t\t<\/div>","protected":false},"excerpt":{"rendered":"<p>Pourquoi la d\u00e9votion aux c\u0153urs de J\u00e9sus et Marie CONCERNE TOUTE L&#8217;EGLISE ? L&#8217;enseignement des papes Le caract\u00e8re essentiel des d\u00e9votions au Sacr\u00e9-Coeur et au Coeur Immacul\u00e9 de Marie ont \u00e9t\u00e9 soulign\u00e9es par [&hellip;]<\/p>","protected":false},"author":1,"featured_media":0,"parent":0,"menu_order":0,"comment_status":"closed","ping_status":"closed","template":"elementor_header_footer","meta":{"footnotes":""},"class_list":["post-488","page","type-page","status-publish","hentry"],"_links":{"self":[{"href":"https:\/\/salve-corda.org\/pt\/wp-json\/wp\/v2\/pages\/488","targetHints":{"allow":["GET"]}}],"collection":[{"href":"https:\/\/salve-corda.org\/pt\/wp-json\/wp\/v2\/pages"}],"about":[{"href":"https:\/\/salve-corda.org\/pt\/wp-json\/wp\/v2\/types\/page"}],"author":[{"embeddable":true,"href":"https:\/\/salve-corda.org\/pt\/wp-json\/wp\/v2\/users\/1"}],"replies":[{"embeddable":true,"href":"https:\/\/salve-corda.org\/pt\/wp-json\/wp\/v2\/comments?post=488"}],"version-history":[{"count":124,"href":"https:\/\/salve-corda.org\/pt\/wp-json\/wp\/v2\/pages\/488\/revisions"}],"predecessor-version":[{"id":5691,"href":"https:\/\/salve-corda.org\/pt\/wp-json\/wp\/v2\/pages\/488\/revisions\/5691"}],"wp:attachment":[{"href":"https:\/\/salve-corda.org\/pt\/wp-json\/wp\/v2\/media?parent=488"}],"curies":[{"name":"wp","href":"https:\/\/api.w.org\/{rel}","templated":true}]}}