{"id":496,"date":"2020-09-25T15:39:11","date_gmt":"2020-09-25T13:39:11","guid":{"rendered":"https:\/\/salve-corda.org\/?page_id=496"},"modified":"2021-08-06T17:41:06","modified_gmt":"2021-08-06T15:41:06","slug":"comment-est-il-possible-que-ce-soit-si-simple","status":"publish","type":"page","link":"https:\/\/salve-corda.org\/pt\/comment-est-il-possible-que-ce-soit-si-simple\/","title":{"rendered":"Como \u00e9 que pode ser t\u00e3o simples?"},"content":{"rendered":"<div data-elementor-type=\"wp-page\" data-elementor-id=\"496\" class=\"elementor elementor-496\">\n\t\t\t\t\t\t<section class=\"elementor-section elementor-top-section elementor-element elementor-element-e3b0342 elementor-section-boxed elementor-section-height-default elementor-section-height-default\" data-id=\"e3b0342\" data-element_type=\"section\" data-e-type=\"section\">\n\t\t\t\t\t\t<div class=\"elementor-container elementor-column-gap-default\">\n\t\t\t\t\t<div class=\"elementor-column elementor-col-100 elementor-top-column elementor-element elementor-element-32c6af0\" data-id=\"32c6af0\" data-element_type=\"column\" data-e-type=\"column\">\n\t\t\t<div class=\"elementor-widget-wrap elementor-element-populated\">\n\t\t\t\t\t\t<div class=\"elementor-element elementor-element-eaffe87 elementor-widget elementor-widget-spacer\" data-id=\"eaffe87\" data-element_type=\"widget\" data-e-type=\"widget\" data-widget_type=\"spacer.default\">\n\t\t\t\t<div class=\"elementor-widget-container\">\n\t\t\t\t\t\t\t<div class=\"elementor-spacer\">\n\t\t\t<div class=\"elementor-spacer-inner\"><\/div>\n\t\t<\/div>\n\t\t\t\t\t\t<\/div>\n\t\t\t\t<\/div>\n\t\t\t\t\t<\/div>\n\t\t<\/div>\n\t\t\t\t\t<\/div>\n\t\t<\/section>\n\t\t\t\t<section class=\"elementor-section elementor-top-section elementor-element elementor-element-2813c9e elementor-section-boxed elementor-section-height-default elementor-section-height-default\" data-id=\"2813c9e\" data-element_type=\"section\" data-e-type=\"section\">\n\t\t\t\t\t\t<div class=\"elementor-container elementor-column-gap-default\">\n\t\t\t\t\t<div class=\"elementor-column elementor-col-100 elementor-top-column elementor-element elementor-element-ee733a5\" data-id=\"ee733a5\" data-element_type=\"column\" data-e-type=\"column\">\n\t\t\t<div class=\"elementor-widget-wrap elementor-element-populated\">\n\t\t\t\t\t\t<div class=\"elementor-element elementor-element-6b67035 elementor-widget elementor-widget-heading\" data-id=\"6b67035\" data-element_type=\"widget\" data-e-type=\"widget\" data-widget_type=\"heading.default\">\n\t\t\t\t<div class=\"elementor-widget-container\">\n\t\t\t\t\t<h2 class=\"elementor-heading-title elementor-size-default\">Ser\u00e1 que salvar o mundo \u00e9 assim t\u00e3o simples?\n<\/h2>\t\t\t\t<\/div>\n\t\t\t\t<\/div>\n\t\t\t\t\t<\/div>\n\t\t<\/div>\n\t\t\t\t\t<\/div>\n\t\t<\/section>\n\t\t\t\t<section class=\"elementor-section elementor-top-section elementor-element elementor-element-42b217c elementor-section-boxed elementor-section-height-default elementor-section-height-default\" data-id=\"42b217c\" data-element_type=\"section\" data-e-type=\"section\">\n\t\t\t\t\t\t<div class=\"elementor-container elementor-column-gap-default\">\n\t\t\t\t\t<div class=\"elementor-column elementor-col-50 elementor-top-column elementor-element elementor-element-0e38e41\" data-id=\"0e38e41\" data-element_type=\"column\" data-e-type=\"column\">\n\t\t\t<div class=\"elementor-widget-wrap elementor-element-populated\">\n\t\t\t\t\t\t<div class=\"elementor-element elementor-element-347af65 elementor-widget elementor-widget-text-editor\" data-id=\"347af65\" data-element_type=\"widget\" data-e-type=\"widget\" data-widget_type=\"text-editor.default\">\n\t\t\t\t<div class=\"elementor-widget-container\">\n\t\t\t\t\t\t\t\t\t<p>Certains d\u2019entre nous auront peut-\u00eatre du mal \u00e0 croire qu&#8217;une ob\u00e9issance pr\u00e9cise aux demandes si simples du Christ et de la Sainte Vierge sauvera le monde. C\u2019est parfaitement compr\u00e9hensible car notre soci\u00e9t\u00e9 moderne a oubli\u00e9 Dieu et est totalement egocentr\u00e9e sur la <b>religi\u00e3o do Homem<\/b>. O homem faz tudo, est\u00e1 no centro de tudo, gere tudo, controla tudo. E dada a complexidade da situa\u00e7\u00e3o do mundo, \u00e9 inevitavelmente complexo conseguir salvar o mundo. O mundo s\u00f3 pode ser salvo pelo Homem...<\/p>\t\t\t\t\t\t\t\t<\/div>\n\t\t\t\t<\/div>\n\t\t\t\t<div class=\"elementor-element elementor-element-aaec09c elementor-widget elementor-widget-text-editor\" data-id=\"aaec09c\" data-element_type=\"widget\" data-e-type=\"widget\" data-widget_type=\"text-editor.default\">\n\t\t\t\t<div class=\"elementor-widget-container\">\n\t\t\t\t\t\t\t\t\t<p>Isso \u00e9 esquecer o ensinamento de Deus. J\u00e1 no G\u00e9nesis, ele pede um ato de obedi\u00eancia incrivelmente simples para que os homens possam ir para o C\u00e9u: n\u00e3o comer do fruto da \u00e1rvore. Um ato de incr\u00edvel facilidade e t\u00e3o insignificante em compara\u00e7\u00e3o com o esplendor de todo o resto da cria\u00e7\u00e3o. Ser\u00e1 absurdo o simples pedido de Deus? No Evangelho, por\u00e9m, vemos a mesma coisa.<\/p>\t\t\t\t\t\t\t\t<\/div>\n\t\t\t\t<\/div>\n\t\t\t\t\t<\/div>\n\t\t<\/div>\n\t\t\t\t<div class=\"elementor-column elementor-col-50 elementor-top-column elementor-element elementor-element-4694766\" data-id=\"4694766\" data-element_type=\"column\" data-e-type=\"column\">\n\t\t\t<div class=\"elementor-widget-wrap elementor-element-populated\">\n\t\t\t\t\t\t<div class=\"elementor-element elementor-element-d52a22e elementor-widget elementor-widget-image\" data-id=\"d52a22e\" data-element_type=\"widget\" data-e-type=\"widget\" data-widget_type=\"image.default\">\n\t\t\t\t<div class=\"elementor-widget-container\">\n\t\t\t\t\t\t\t\t\t\t\t\t\t\t\t<img fetchpriority=\"high\" decoding=\"async\" width=\"640\" height=\"640\" src=\"https:\/\/salve-corda.org\/wp-content\/uploads\/2021\/07\/adam-et-eve.png\" class=\"attachment-large size-large wp-image-958\" alt=\"\" srcset=\"https:\/\/salve-corda.org\/wp-content\/uploads\/2021\/07\/adam-et-eve.png 641w, https:\/\/salve-corda.org\/wp-content\/uploads\/2021\/07\/adam-et-eve-300x300.png 300w, https:\/\/salve-corda.org\/wp-content\/uploads\/2021\/07\/adam-et-eve-150x150.png 150w, https:\/\/salve-corda.org\/wp-content\/uploads\/2021\/07\/adam-et-eve-100x100.png 100w\" sizes=\"(max-width: 640px) 100vw, 640px\" \/>\t\t\t\t\t\t\t\t\t\t\t\t\t\t\t<\/div>\n\t\t\t\t<\/div>\n\t\t\t\t\t<\/div>\n\t\t<\/div>\n\t\t\t\t\t<\/div>\n\t\t<\/section>\n\t\t\t\t<section class=\"elementor-section elementor-top-section elementor-element elementor-element-fffb5b1 elementor-section-boxed elementor-section-height-default elementor-section-height-default\" data-id=\"fffb5b1\" data-element_type=\"section\" data-e-type=\"section\">\n\t\t\t\t\t\t<div class=\"elementor-container elementor-column-gap-default\">\n\t\t\t\t\t<div class=\"elementor-column elementor-col-50 elementor-top-column elementor-element elementor-element-35ff5ce\" data-id=\"35ff5ce\" data-element_type=\"column\" data-e-type=\"column\">\n\t\t\t<div class=\"elementor-widget-wrap elementor-element-populated\">\n\t\t\t\t\t\t<div class=\"elementor-element elementor-element-03d109d elementor-widget elementor-widget-image\" data-id=\"03d109d\" data-element_type=\"widget\" data-e-type=\"widget\" data-widget_type=\"image.default\">\n\t\t\t\t<div class=\"elementor-widget-container\">\n\t\t\t\t\t\t\t\t\t\t\t\t\t\t\t<img decoding=\"async\" width=\"640\" height=\"850\" src=\"https:\/\/salve-corda.org\/wp-content\/uploads\/2021\/07\/cana-771x1024.png\" class=\"attachment-large size-large wp-image-959\" alt=\"\" srcset=\"https:\/\/salve-corda.org\/wp-content\/uploads\/2021\/07\/cana-771x1024.png 771w, https:\/\/salve-corda.org\/wp-content\/uploads\/2021\/07\/cana-226x300.png 226w, https:\/\/salve-corda.org\/wp-content\/uploads\/2021\/07\/cana-768x1020.png 768w, https:\/\/salve-corda.org\/wp-content\/uploads\/2021\/07\/cana.png 833w\" sizes=\"(max-width: 640px) 100vw, 640px\" \/>\t\t\t\t\t\t\t\t\t\t\t\t\t\t\t<\/div>\n\t\t\t\t<\/div>\n\t\t\t\t\t<\/div>\n\t\t<\/div>\n\t\t\t\t<div class=\"elementor-column elementor-col-50 elementor-top-column elementor-element elementor-element-b889d2f\" data-id=\"b889d2f\" data-element_type=\"column\" data-e-type=\"column\">\n\t\t\t<div class=\"elementor-widget-wrap elementor-element-populated\">\n\t\t\t\t\t\t<div class=\"elementor-element elementor-element-d928caa elementor-widget elementor-widget-text-editor\" data-id=\"d928caa\" data-element_type=\"widget\" data-e-type=\"widget\" data-widget_type=\"text-editor.default\">\n\t\t\t\t<div class=\"elementor-widget-container\">\n\t\t\t\t\t\t\t\t\t<p>Para transformar a \u00e1gua em vinho, Cristo pede simplesmente que se deite \u00e1gua nos jarros. Absurdo?<\/p><p>\u00a0<\/p><p>Para multiplicar os p\u00e3es, bastava pedir a um rapazinho alguns p\u00e3es e dois peixes para alimentar 5.000 pessoas. Absurdo?<\/p><p>\u00a0<\/p><p>Para ressuscitar Lazard, tudo o que ele pede \u00e9 que a pedra seja removida. Absurdo?<\/p><p>\u00a0<\/p><p>Ora, nada disto \u00e9 absurdo. Para intervir e fazer um milagre, Deus pede-nos sempre que fa\u00e7amos um simples ato de f\u00e9, de obedi\u00eancia e de humildade antes de decidirmos agir.<\/p><p>\u00a0<\/p><p>O que \u00e9 absurdo \u00e9 o orgulho do homem em julgar os meios que Deus envia...<\/p>\t\t\t\t\t\t\t\t<\/div>\n\t\t\t\t<\/div>\n\t\t\t\t\t<\/div>\n\t\t<\/div>\n\t\t\t\t\t<\/div>\n\t\t<\/section>\n\t\t\t\t<section class=\"elementor-section elementor-top-section elementor-element elementor-element-e4056ee elementor-section-boxed elementor-section-height-default elementor-section-height-default\" data-id=\"e4056ee\" data-element_type=\"section\" data-e-type=\"section\">\n\t\t\t\t\t\t<div class=\"elementor-container elementor-column-gap-default\">\n\t\t\t\t\t<div class=\"elementor-column elementor-col-100 elementor-top-column elementor-element elementor-element-69767fb\" data-id=\"69767fb\" data-element_type=\"column\" data-e-type=\"column\">\n\t\t\t<div class=\"elementor-widget-wrap elementor-element-populated\">\n\t\t\t\t\t\t<div class=\"elementor-element elementor-element-1f4edf2 elementor-widget elementor-widget-text-editor\" data-id=\"1f4edf2\" data-element_type=\"widget\" data-e-type=\"widget\" data-widget_type=\"text-editor.default\">\n\t\t\t\t<div class=\"elementor-widget-container\">\n\t\t\t\t\t\t\t\t\t<p>O mesmo se passa atualmente. Tudo o que Deus nos pede \u00e9 a devo\u00e7\u00e3o ao Sagrado Cora\u00e7\u00e3o e ao Imaculado Cora\u00e7\u00e3o de Maria, com actos tamb\u00e9m muito simples: na 1\u00aa sexta-feira do m\u00eas, o seu cora\u00e7\u00e3o nas armas e nos estandartes de Fran\u00e7a, no 1\u00ba s\u00e1bado do m\u00eas e a consagra\u00e7\u00e3o da R\u00fassia. Porqu\u00ea t\u00e3o pouco?<\/p>\t\t\t\t\t\t\t\t<\/div>\n\t\t\t\t<\/div>\n\t\t\t\t\t<\/div>\n\t\t<\/div>\n\t\t\t\t\t<\/div>\n\t\t<\/section>\n\t\t\t\t<section class=\"elementor-section elementor-top-section elementor-element elementor-element-3f49fc9 elementor-section-boxed elementor-section-height-default elementor-section-height-default\" data-id=\"3f49fc9\" data-element_type=\"section\" data-e-type=\"section\">\n\t\t\t\t\t\t<div class=\"elementor-container elementor-column-gap-default\">\n\t\t\t\t\t<div class=\"elementor-column elementor-col-50 elementor-top-column elementor-element elementor-element-d2cbe8c\" data-id=\"d2cbe8c\" data-element_type=\"column\" data-e-type=\"column\">\n\t\t\t<div class=\"elementor-widget-wrap elementor-element-populated\">\n\t\t\t\t\t\t<div class=\"elementor-element elementor-element-060da8b elementor-widget elementor-widget-text-editor\" data-id=\"060da8b\" data-element_type=\"widget\" data-e-type=\"widget\" data-widget_type=\"text-editor.default\">\n\t\t\t\t<div class=\"elementor-widget-container\">\n\t\t\t\t\t\t\t\t\t<p>Lembremo-nos de que Deus \u00e9 o nosso \"Pai\". Ele s\u00f3 tem um objetivo para n\u00f3s: a nossa felicidade. <b>felicidade eterna<\/b>. Cheio de amor e miseric\u00f3rdia, est\u00e1 sempre pronto a ajudar-nos, \u00e9 lento a irar-se e r\u00e1pido a mostrar miseric\u00f3rdia. Ele far\u00e1 tudo o que for preciso para nos facilitar o caminho para o C\u00e9u. Por isso, pede as coisas mais simples que est\u00e3o ao nosso alcance, porque, como Pai bom e amoroso, quer facilitar-nos ao m\u00e1ximo a resposta afirmativa, para ter quase a certeza de que o faremos. Mas, por outro lado, ele precisa absolutamente de <b>l'<\/b><b>exercer a nossa liberdade<\/b><b>do nosso \"sim\", por mais pequeno que seja.<\/b><\/p>\t\t\t\t\t\t\t\t<\/div>\n\t\t\t\t<\/div>\n\t\t\t\t\t<\/div>\n\t\t<\/div>\n\t\t\t\t<div class=\"elementor-column elementor-col-50 elementor-top-column elementor-element elementor-element-8c9ccd5\" data-id=\"8c9ccd5\" data-element_type=\"column\" data-e-type=\"column\">\n\t\t\t<div class=\"elementor-widget-wrap elementor-element-populated\">\n\t\t\t\t\t\t<div class=\"elementor-element elementor-element-2e7f39f elementor-widget elementor-widget-image\" data-id=\"2e7f39f\" data-element_type=\"widget\" data-e-type=\"widget\" data-widget_type=\"image.default\">\n\t\t\t\t<div class=\"elementor-widget-container\">\n\t\t\t\t\t\t\t\t\t\t\t\t\t\t\t<img decoding=\"async\" width=\"640\" height=\"481\" src=\"https:\/\/salve-corda.org\/wp-content\/uploads\/2021\/07\/dieu-1024x769.png\" class=\"attachment-large size-large wp-image-960\" alt=\"\" srcset=\"https:\/\/salve-corda.org\/wp-content\/uploads\/2021\/07\/dieu-1024x769.png 1024w, https:\/\/salve-corda.org\/wp-content\/uploads\/2021\/07\/dieu-300x225.png 300w, https:\/\/salve-corda.org\/wp-content\/uploads\/2021\/07\/dieu-768x577.png 768w, https:\/\/salve-corda.org\/wp-content\/uploads\/2021\/07\/dieu.png 1081w\" sizes=\"(max-width: 640px) 100vw, 640px\" \/>\t\t\t\t\t\t\t\t\t\t\t\t\t\t\t<\/div>\n\t\t\t\t<\/div>\n\t\t\t\t\t<\/div>\n\t\t<\/div>\n\t\t\t\t\t<\/div>\n\t\t<\/section>\n\t\t\t\t<section class=\"elementor-section elementor-top-section elementor-element elementor-element-8388e17 elementor-section-boxed elementor-section-height-default elementor-section-height-default\" data-id=\"8388e17\" data-element_type=\"section\" data-e-type=\"section\">\n\t\t\t\t\t\t<div class=\"elementor-container elementor-column-gap-default\">\n\t\t\t\t\t<div class=\"elementor-column elementor-col-100 elementor-top-column elementor-element elementor-element-978e0c7\" data-id=\"978e0c7\" data-element_type=\"column\" data-e-type=\"column\">\n\t\t\t<div class=\"elementor-widget-wrap elementor-element-populated\">\n\t\t\t\t\t\t<div class=\"elementor-element elementor-element-0a63543 elementor-widget elementor-widget-text-editor\" data-id=\"0a63543\" data-element_type=\"widget\" data-e-type=\"widget\" data-widget_type=\"text-editor.default\">\n\t\t\t\t<div class=\"elementor-widget-container\">\n\t\t\t\t\t\t\t\t\t<p>As dificuldades dos tempos modernos foram h\u00e1 muito preditas por muitas profecias. Deus, sabendo que neste per\u00edodo o homem, influenciado por Satan\u00e1s, iria para a sua ru\u00edna sem um meio novo e excecional, enviou Cristo e a Sant\u00edssima Virgem para nos trazer precisamente esse meio que Ele tinha reservado para estes tempos de apostasia geral. Como no G\u00e9nesis e no Evangelho, este meio est\u00e1 ao nosso alcance: algumas horas no in\u00edcio de cada m\u00eas dedicadas aos Cora\u00e7\u00f5es de Jesus e de Maria!<\/p><p>\u00a0<\/p><p>Et nous ne le faisons pas ! C&#8217;est d\u2019ailleurs un comble d\u2019entendre si souvent cet argument : \u00ab\u00a0c\u2019est trop facile donc je ne le fais pas, ou je n\u2019y crois pas\u00a0\u00bb. On pr\u00e9f\u00e8re faire plein d\u2019autres choses, d\u2019autres pri\u00e8res, d\u2019autres actions. On croit en nos propres m\u00e9thodes et on m\u00e9prise celles du Christ et de la Sainte Vierge. En cela nous suivons le m\u00eame chemin qu\u2019Adam et Eve\u2026<\/p><p>\u00a0<\/p><p>Quem somos n\u00f3s para julgar as decis\u00f5es de Deus? Quem somos n\u00f3s para dizer que isto \u00e9 antiquado e desatualizado? Quem somos n\u00f3s para decidir o que deve ser feito para salvar o mundo?<\/p><p>\u00a0<\/p><p><span style=\"color: #6288c6;\"><em>Quid ut Deus?<\/em><\/span> (quem \u00e9 como Deus?) disse S\u00e3o Miguel<\/p><p>\u00a0<\/p><p>Por isso, deixemos de desiludir Deus. Deixemos de nos dispersar demasiado, tentando fazer as coisas \u00e0 nossa maneira. <b>de uma forma complicada <\/b>para salvar a Fran\u00e7a e o mundo. Concentremos os nossos esfor\u00e7os neste meio simples que nos foi dado: a devo\u00e7\u00e3o aos Cora\u00e7\u00f5es de Jesus e de Maria. Obede\u00e7amos com amor e humildade. O C\u00e9u encarregar-se-\u00e1 do resto.<\/p>\t\t\t\t\t\t\t\t<\/div>\n\t\t\t\t<\/div>\n\t\t\t\t\t<\/div>\n\t\t<\/div>\n\t\t\t\t\t<\/div>\n\t\t<\/section>\n\t\t\t\t<\/div>","protected":false},"excerpt":{"rendered":"<p>Est-il possible que ce soit si simple que cela de sauver le monde ? Certains d\u2019entre nous auront peut-\u00eatre du mal \u00e0 croire qu&#8217;une ob\u00e9issance pr\u00e9cise aux demandes si simples du Christ et [&hellip;]<\/p>","protected":false},"author":1,"featured_media":0,"parent":0,"menu_order":0,"comment_status":"closed","ping_status":"closed","template":"elementor_header_footer","meta":{"footnotes":""},"class_list":["post-496","page","type-page","status-publish","hentry"],"_links":{"self":[{"href":"https:\/\/salve-corda.org\/pt\/wp-json\/wp\/v2\/pages\/496","targetHints":{"allow":["GET"]}}],"collection":[{"href":"https:\/\/salve-corda.org\/pt\/wp-json\/wp\/v2\/pages"}],"about":[{"href":"https:\/\/salve-corda.org\/pt\/wp-json\/wp\/v2\/types\/page"}],"author":[{"embeddable":true,"href":"https:\/\/salve-corda.org\/pt\/wp-json\/wp\/v2\/users\/1"}],"replies":[{"embeddable":true,"href":"https:\/\/salve-corda.org\/pt\/wp-json\/wp\/v2\/comments?post=496"}],"version-history":[{"count":30,"href":"https:\/\/salve-corda.org\/pt\/wp-json\/wp\/v2\/pages\/496\/revisions"}],"predecessor-version":[{"id":1601,"href":"https:\/\/salve-corda.org\/pt\/wp-json\/wp\/v2\/pages\/496\/revisions\/1601"}],"wp:attachment":[{"href":"https:\/\/salve-corda.org\/pt\/wp-json\/wp\/v2\/media?parent=496"}],"curies":[{"name":"wp","href":"https:\/\/api.w.org\/{rel}","templated":true}]}}