{"id":500,"date":"2020-09-25T15:40:44","date_gmt":"2020-09-25T13:40:44","guid":{"rendered":"https:\/\/salve-corda.org\/?page_id=500"},"modified":"2021-12-01T23:05:30","modified_gmt":"2021-12-01T22:05:30","slug":"pourquoi-est-ce-la-plus-grande-oeuvre-de-charite","status":"publish","type":"page","link":"https:\/\/salve-corda.org\/pt\/pourquoi-est-ce-la-plus-grande-oeuvre-de-charite\/","title":{"rendered":"Porque \u00e9 que \u00e9 a maior institui\u00e7\u00e3o de caridade?"},"content":{"rendered":"<div data-elementor-type=\"wp-page\" data-elementor-id=\"500\" class=\"elementor elementor-500\">\n\t\t\t\t\t\t<section class=\"elementor-section elementor-top-section elementor-element elementor-element-0e1fcab elementor-section-boxed elementor-section-height-default elementor-section-height-default\" data-id=\"0e1fcab\" data-element_type=\"section\" data-e-type=\"section\">\n\t\t\t\t\t\t<div class=\"elementor-container elementor-column-gap-default\">\n\t\t\t\t\t<div class=\"elementor-column elementor-col-100 elementor-top-column elementor-element elementor-element-a4a0a55\" data-id=\"a4a0a55\" data-element_type=\"column\" data-e-type=\"column\">\n\t\t\t<div class=\"elementor-widget-wrap elementor-element-populated\">\n\t\t\t\t\t\t<div class=\"elementor-element elementor-element-1b66156 elementor-widget elementor-widget-spacer\" data-id=\"1b66156\" data-element_type=\"widget\" data-e-type=\"widget\" data-widget_type=\"spacer.default\">\n\t\t\t\t<div class=\"elementor-widget-container\">\n\t\t\t\t\t\t\t<div class=\"elementor-spacer\">\n\t\t\t<div class=\"elementor-spacer-inner\"><\/div>\n\t\t<\/div>\n\t\t\t\t\t\t<\/div>\n\t\t\t\t<\/div>\n\t\t\t\t\t<\/div>\n\t\t<\/div>\n\t\t\t\t\t<\/div>\n\t\t<\/section>\n\t\t\t\t<section class=\"elementor-section elementor-top-section elementor-element elementor-element-9c125c4 elementor-section-boxed elementor-section-height-default elementor-section-height-default\" data-id=\"9c125c4\" data-element_type=\"section\" data-e-type=\"section\">\n\t\t\t\t\t\t<div class=\"elementor-container elementor-column-gap-default\">\n\t\t\t\t\t<div class=\"elementor-column elementor-col-100 elementor-top-column elementor-element elementor-element-0eeab31\" data-id=\"0eeab31\" data-element_type=\"column\" data-e-type=\"column\">\n\t\t\t<div class=\"elementor-widget-wrap elementor-element-populated\">\n\t\t\t\t\t\t<div class=\"elementor-element elementor-element-c1e3f0a elementor-widget elementor-widget-heading\" data-id=\"c1e3f0a\" data-element_type=\"widget\" data-e-type=\"widget\" data-widget_type=\"heading.default\">\n\t\t\t\t<div class=\"elementor-widget-container\">\n\t\t\t\t\t<h2 class=\"elementor-heading-title elementor-size-default\">Porque \u00e9 que \u00e9 uma grande institui\u00e7\u00e3o de caridade?\n<\/h2>\t\t\t\t<\/div>\n\t\t\t\t<\/div>\n\t\t\t\t\t<\/div>\n\t\t<\/div>\n\t\t\t\t\t<\/div>\n\t\t<\/section>\n\t\t\t\t<section class=\"elementor-section elementor-top-section elementor-element elementor-element-37cc523 elementor-section-boxed elementor-section-height-default elementor-section-height-default\" data-id=\"37cc523\" data-element_type=\"section\" data-e-type=\"section\">\n\t\t\t\t\t\t<div class=\"elementor-container elementor-column-gap-default\">\n\t\t\t\t\t<div class=\"elementor-column elementor-col-50 elementor-top-column elementor-element elementor-element-470187f\" data-id=\"470187f\" data-element_type=\"column\" data-e-type=\"column\">\n\t\t\t<div class=\"elementor-widget-wrap elementor-element-populated\">\n\t\t\t\t\t\t<div class=\"elementor-element elementor-element-7e322f6 elementor-widget elementor-widget-image\" data-id=\"7e322f6\" data-element_type=\"widget\" data-e-type=\"widget\" data-widget_type=\"image.default\">\n\t\t\t\t<div class=\"elementor-widget-container\">\n\t\t\t\t\t\t\t\t\t\t\t\t\t\t\t<img fetchpriority=\"high\" decoding=\"async\" width=\"640\" height=\"491\" src=\"https:\/\/salve-corda.org\/wp-content\/uploads\/2021\/07\/charite\u0301.png\" class=\"attachment-large size-large wp-image-973\" alt=\"\" srcset=\"https:\/\/salve-corda.org\/wp-content\/uploads\/2021\/07\/charite\u0301.png 933w, https:\/\/salve-corda.org\/wp-content\/uploads\/2021\/07\/charite\u0301-300x230.png 300w, https:\/\/salve-corda.org\/wp-content\/uploads\/2021\/07\/charite\u0301-768x589.png 768w\" sizes=\"(max-width: 640px) 100vw, 640px\" \/>\t\t\t\t\t\t\t\t\t\t\t\t\t\t\t<\/div>\n\t\t\t\t<\/div>\n\t\t\t\t\t<\/div>\n\t\t<\/div>\n\t\t\t\t<div class=\"elementor-column elementor-col-50 elementor-top-column elementor-element elementor-element-5e84f85\" data-id=\"5e84f85\" data-element_type=\"column\" data-e-type=\"column\">\n\t\t\t<div class=\"elementor-widget-wrap elementor-element-populated\">\n\t\t\t\t\t\t<div class=\"elementor-element elementor-element-9410f71 elementor-widget elementor-widget-text-editor\" data-id=\"9410f71\" data-element_type=\"widget\" data-e-type=\"widget\" data-widget_type=\"text-editor.default\">\n\t\t\t\t<div class=\"elementor-widget-container\">\n\t\t\t\t\t\t\t\t\t<p>Todos sabemos que o segundo mandamento trazido por Cristo no Evangelho e colocado por ele no mesmo n\u00edvel de import\u00e2ncia que o primeiro mandamento \u00e9 o seguinte: <b>\"Amar\u00e1s o teu pr\u00f3ximo como a ti mesmo\". <\/b>Hoje em dia, toda a gente fala de solidariedade, de ajuda aos outros, de ONG, etc. Por isso, h\u00e1 muita cobertura medi\u00e1tica destas quest\u00f5es.<\/p><p>\u00a0<\/p><p>Mas o que \u00e9 que significa realmente amar o pr\u00f3ximo? Amar o pr\u00f3ximo significa querer fazer-lhe o bem em todas as suas formas, numa hierarquia de bom senso: do bem mais importante para ele ao bem menos importante. De facto, teria sentido aliviar uma pequena ferida e deixar uma hemorragia que necessita urgentemente de um ponto de compress\u00e3o? Claro que n\u00e3o.<\/p>\t\t\t\t\t\t\t\t<\/div>\n\t\t\t\t<\/div>\n\t\t\t\t\t<\/div>\n\t\t<\/div>\n\t\t\t\t\t<\/div>\n\t\t<\/section>\n\t\t\t\t<section class=\"elementor-section elementor-top-section elementor-element elementor-element-32e7cc2 elementor-section-boxed elementor-section-height-default elementor-section-height-default\" data-id=\"32e7cc2\" data-element_type=\"section\" data-e-type=\"section\">\n\t\t\t\t\t\t<div class=\"elementor-container elementor-column-gap-default\">\n\t\t\t\t\t<div class=\"elementor-column elementor-col-100 elementor-top-column elementor-element elementor-element-42a4c61\" data-id=\"42a4c61\" data-element_type=\"column\" data-e-type=\"column\">\n\t\t\t<div class=\"elementor-widget-wrap elementor-element-populated\">\n\t\t\t\t\t\t<div class=\"elementor-element elementor-element-f63a730 elementor-widget elementor-widget-text-editor\" data-id=\"f63a730\" data-element_type=\"widget\" data-e-type=\"widget\" data-widget_type=\"text-editor.default\">\n\t\t\t\t<div class=\"elementor-widget-container\">\n\t\t\t\t\t\t\t\t\t<p>O homem pode sofrer dois tipos de males: um material e tempor\u00e1rio (pobreza, doen\u00e7a, sofrimento) e outro espiritual atrav\u00e9s da perda da sua Alma e do Inferno eterno ap\u00f3s a sua morte. Embora a caridade material seja importante, o facto \u00e9 que o maior servi\u00e7o a prestar a uma pessoa \u00e9 permitir-lhe ir para o C\u00e9u e evitar o Inferno eterno, um castigo terr\u00edvel, mesmo comparado com as piores prova\u00e7\u00f5es na Terra. \u00c9 <b>l'<\/b><b>trabalho<\/b><b> de caridade absoluta <\/b>do que conseguir salvar uma pessoa do Inferno. E \u00e9 este o sentido das ordens religiosas contemplativas, que, embora n\u00e3o tenham qualquer impacto material direto sobre as pessoas, porque est\u00e3o enclausuradas, salvam milhares de pessoas do Inferno atrav\u00e9s da sua ora\u00e7\u00e3o e auto-sacrif\u00edcio.<\/p>\t\t\t\t\t\t\t\t<\/div>\n\t\t\t\t<\/div>\n\t\t\t\t\t<\/div>\n\t\t<\/div>\n\t\t\t\t\t<\/div>\n\t\t<\/section>\n\t\t\t\t<section class=\"elementor-section elementor-top-section elementor-element elementor-element-c77ea2e elementor-section-boxed elementor-section-height-default elementor-section-height-default\" data-id=\"c77ea2e\" data-element_type=\"section\" data-e-type=\"section\">\n\t\t\t\t\t\t<div class=\"elementor-container elementor-column-gap-default\">\n\t\t\t\t\t<div class=\"elementor-column elementor-col-50 elementor-top-column elementor-element elementor-element-f22d8f8\" data-id=\"f22d8f8\" data-element_type=\"column\" data-e-type=\"column\">\n\t\t\t<div class=\"elementor-widget-wrap elementor-element-populated\">\n\t\t\t\t\t\t<div class=\"elementor-element elementor-element-d6e4a45 elementor-widget elementor-widget-text-editor\" data-id=\"d6e4a45\" data-element_type=\"widget\" data-e-type=\"widget\" data-widget_type=\"text-editor.default\">\n\t\t\t\t<div class=\"elementor-widget-container\">\n\t\t\t\t\t\t\t\t\t<p>A devo\u00e7\u00e3o aos Cora\u00e7\u00f5es de Jesus e de Maria vai na mesma dire\u00e7\u00e3o e \u00e9 justamente <b>concebido para salvar as almas do Inferno. <\/b>Esta \u00e9 uma das principais preocupa\u00e7\u00f5es de Nossa Senhora. Ela veio por isso, pediu-o em todas as apari\u00e7\u00f5es e pede-no-lo agora. <b>para fazer algo a esse respeito<\/b>. Lembrai-vos como ela chorou em La Salette, dizendo <span style=\"color: #6288c6;\"><em>\"os homens caem no inferno como as folhas no outono\".<\/em><\/span><\/p><p>\u00a0<\/p><p>Em F\u00e1tima, ela nunca deixou de nos explicar concretamente como agir para salvar milhares de almas:<\/p><p>\u00a0<\/p><p>\u00a0<\/p><p><span style=\"color: #6288c6;\"><i>\"Viste o Inferno, para onde v\u00e3o as almas dos pobres pecadores. <\/i><b><i>Para os salvar, Deus quer estabelecer a devo\u00e7\u00e3o ao meu Imaculado Cora\u00e7\u00e3o em todo o mundo.<\/i><\/b><i>. Se fizermos o que vos vou dizer, muitas almas se salvar\u00e3o e teremos paz\".<\/i><\/span><\/p><p style=\"text-align: right;\">A Virgem Maria, Pontevedra 10 de dezembro de 1925<\/p><p>\u00a0<\/p><p><span style=\"color: #6288c6;\"><i>\u00a0<\/i><\/span><\/p><p><span style=\"color: #6288c6;\"><i>\"Sacrificai-vos pelos pecadores que v\u00e3o para o inferno e n\u00e3o t\u00eam ningu\u00e9m que reze por eles\".<\/i><\/span><\/p><p style=\"text-align: right;\">A Virgem Maria, Pontevedra 10 de dezembro de 1925<\/p>\t\t\t\t\t\t\t\t<\/div>\n\t\t\t\t<\/div>\n\t\t\t\t\t<\/div>\n\t\t<\/div>\n\t\t\t\t<div class=\"elementor-column elementor-col-50 elementor-top-column elementor-element elementor-element-091ff07\" data-id=\"091ff07\" data-element_type=\"column\" data-e-type=\"column\">\n\t\t\t<div class=\"elementor-widget-wrap elementor-element-populated\">\n\t\t\t\t\t\t<div class=\"elementor-element elementor-element-7ecf746 elementor-widget elementor-widget-image\" data-id=\"7ecf746\" data-element_type=\"widget\" data-e-type=\"widget\" data-widget_type=\"image.default\">\n\t\t\t\t<div class=\"elementor-widget-container\">\n\t\t\t\t\t\t\t\t\t\t\t\t\t\t\t<img decoding=\"async\" width=\"640\" height=\"856\" src=\"https:\/\/salve-corda.org\/wp-content\/uploads\/2021\/07\/enfer-766x1024.png\" class=\"attachment-large size-large wp-image-974\" alt=\"\" srcset=\"https:\/\/salve-corda.org\/wp-content\/uploads\/2021\/07\/enfer-766x1024.png 766w, https:\/\/salve-corda.org\/wp-content\/uploads\/2021\/07\/enfer-224x300.png 224w, https:\/\/salve-corda.org\/wp-content\/uploads\/2021\/07\/enfer-768x1027.png 768w, https:\/\/salve-corda.org\/wp-content\/uploads\/2021\/07\/enfer.png 797w\" sizes=\"(max-width: 640px) 100vw, 640px\" \/>\t\t\t\t\t\t\t\t\t\t\t\t\t\t\t<\/div>\n\t\t\t\t<\/div>\n\t\t\t\t\t<\/div>\n\t\t<\/div>\n\t\t\t\t\t<\/div>\n\t\t<\/section>\n\t\t\t\t<section class=\"elementor-section elementor-top-section elementor-element elementor-element-6cd6fec elementor-section-boxed elementor-section-height-default elementor-section-height-default\" data-id=\"6cd6fec\" data-element_type=\"section\" data-e-type=\"section\">\n\t\t\t\t\t\t<div class=\"elementor-container elementor-column-gap-default\">\n\t\t\t\t\t<div class=\"elementor-column elementor-col-100 elementor-top-column elementor-element elementor-element-3683809\" data-id=\"3683809\" data-element_type=\"column\" data-e-type=\"column\">\n\t\t\t<div class=\"elementor-widget-wrap elementor-element-populated\">\n\t\t\t\t\t\t<div class=\"elementor-element elementor-element-1cf8f08 elementor-widget elementor-widget-text-editor\" data-id=\"1cf8f08\" data-element_type=\"widget\" data-e-type=\"widget\" data-widget_type=\"text-editor.default\">\n\t\t\t\t<div class=\"elementor-widget-container\">\n\t\t\t\t\t\t\t\t\t<p>Portanto, para todos aqueles que querem fazer algo pelos outros, aqui est\u00e3o eles <b>o meio mais poderoso dado pela Miseric\u00f3rdia Divina<\/b>. A caridade n\u00e3o \u00e9 apenas dar uma pequena moeda a um pobre ou passar um cheque a uma institui\u00e7\u00e3o de caridade. \u00c9 amar o pobre como irm\u00e3o e filho de Deus e, por isso, para al\u00e9m da ajuda material necess\u00e1ria, querer sobretudo ajud\u00e1-lo a chegar ao C\u00e9u, para que possa ter uma felicidade eterna e n\u00e3o apenas um al\u00edvio tempor\u00e1rio. Lembremo-nos do que Cristo diz no Evangelho:<\/p><p><br><\/p>\n<p><\/p>\n<p><span style=\"color: #6288c6;\"><i>\"De que serve a um homem ganhar o mundo se perder a sua Alma?<\/i><\/span><\/p><p><span style=\"color: #6288c6;\"><i><br><\/i><\/span><\/p>\n<p><\/p>\n<p>Poder\u00edamos parafrasear: \"De que serve ajudar um homem durante alguns dias, se ao mesmo tempo o deixamos perder a sua alma? A caridade material est\u00e1 intrinsecamente ligada \u00e0 caridade espiritual, sobretudo numa altura em que tantas pessoas j\u00e1 n\u00e3o t\u00eam f\u00e9. Fran\u00e7a: terra de miss\u00e3o!<\/p>\n<p><\/p>\n<p>O Cora\u00e7\u00e3o Imaculado de Maria \u00e9 o meio decidido por Deus para salvar as almas de forma mais poderosa e r\u00e1pida. Cabe-nos a n\u00f3s agir.<\/p>\t\t\t\t\t\t\t\t<\/div>\n\t\t\t\t<\/div>\n\t\t\t\t\t<\/div>\n\t\t<\/div>\n\t\t\t\t\t<\/div>\n\t\t<\/section>\n\t\t\t\t<\/div>","protected":false},"excerpt":{"rendered":"<p>Porque \u00e9 que esta \u00e9 uma grande obra de caridade? Todos n\u00f3s sabemos que o segundo mandamento trazido por Cristo no Evangelho e colocado por ele no mesmo n\u00edvel de import\u00e2ncia que o primeiro mandamento [...].<\/p>","protected":false},"author":1,"featured_media":0,"parent":0,"menu_order":0,"comment_status":"closed","ping_status":"closed","template":"elementor_header_footer","meta":{"footnotes":""},"class_list":["post-500","page","type-page","status-publish","hentry"],"_links":{"self":[{"href":"https:\/\/salve-corda.org\/pt\/wp-json\/wp\/v2\/pages\/500","targetHints":{"allow":["GET"]}}],"collection":[{"href":"https:\/\/salve-corda.org\/pt\/wp-json\/wp\/v2\/pages"}],"about":[{"href":"https:\/\/salve-corda.org\/pt\/wp-json\/wp\/v2\/types\/page"}],"author":[{"embeddable":true,"href":"https:\/\/salve-corda.org\/pt\/wp-json\/wp\/v2\/users\/1"}],"replies":[{"embeddable":true,"href":"https:\/\/salve-corda.org\/pt\/wp-json\/wp\/v2\/comments?post=500"}],"version-history":[{"count":33,"href":"https:\/\/salve-corda.org\/pt\/wp-json\/wp\/v2\/pages\/500\/revisions"}],"predecessor-version":[{"id":4642,"href":"https:\/\/salve-corda.org\/pt\/wp-json\/wp\/v2\/pages\/500\/revisions\/4642"}],"wp:attachment":[{"href":"https:\/\/salve-corda.org\/pt\/wp-json\/wp\/v2\/media?parent=500"}],"curies":[{"name":"wp","href":"https:\/\/api.w.org\/{rel}","templated":true}]}}