{"id":571,"date":"2021-07-12T12:43:57","date_gmt":"2021-07-12T10:43:57","guid":{"rendered":"https:\/\/salve-corda.org\/?page_id=571"},"modified":"2025-06-25T10:09:52","modified_gmt":"2025-06-25T08:09:52","slug":"historique","status":"publish","type":"page","link":"https:\/\/salve-corda.org\/pt\/historique\/","title":{"rendered":"les coeurs de J\u00e9sus et Marie dans l&#8217;histoire"},"content":{"rendered":"<div data-elementor-type=\"wp-page\" data-elementor-id=\"571\" class=\"elementor elementor-571\">\n\t\t\t\t\t\t<section class=\"elementor-section elementor-top-section elementor-element elementor-element-678f123 elementor-section-boxed elementor-section-height-default elementor-section-height-default\" data-id=\"678f123\" data-element_type=\"section\" data-e-type=\"section\">\n\t\t\t\t\t\t<div class=\"elementor-container elementor-column-gap-default\">\n\t\t\t\t\t<div class=\"elementor-column elementor-col-100 elementor-top-column elementor-element elementor-element-c146022\" data-id=\"c146022\" data-element_type=\"column\" data-e-type=\"column\">\n\t\t\t<div class=\"elementor-widget-wrap elementor-element-populated\">\n\t\t\t\t\t\t<div class=\"elementor-element elementor-element-e008568 elementor-widget elementor-widget-spacer\" data-id=\"e008568\" data-element_type=\"widget\" data-e-type=\"widget\" data-widget_type=\"spacer.default\">\n\t\t\t\t<div class=\"elementor-widget-container\">\n\t\t\t\t\t\t\t<div class=\"elementor-spacer\">\n\t\t\t<div class=\"elementor-spacer-inner\"><\/div>\n\t\t<\/div>\n\t\t\t\t\t\t<\/div>\n\t\t\t\t<\/div>\n\t\t\t\t\t<\/div>\n\t\t<\/div>\n\t\t\t\t\t<\/div>\n\t\t<\/section>\n\t\t\t\t<section class=\"elementor-section elementor-top-section elementor-element elementor-element-0dfa2dc elementor-section-boxed elementor-section-height-default elementor-section-height-default\" data-id=\"0dfa2dc\" data-element_type=\"section\" data-e-type=\"section\">\n\t\t\t\t\t\t<div class=\"elementor-container elementor-column-gap-default\">\n\t\t\t\t\t<div class=\"elementor-column elementor-col-100 elementor-top-column elementor-element elementor-element-c979f7e\" data-id=\"c979f7e\" data-element_type=\"column\" data-e-type=\"column\">\n\t\t\t<div class=\"elementor-widget-wrap elementor-element-populated\">\n\t\t\t\t\t\t<div class=\"elementor-element elementor-element-6ff4dd5 elementor-widget elementor-widget-heading\" data-id=\"6ff4dd5\" data-element_type=\"widget\" data-e-type=\"widget\" data-widget_type=\"heading.default\">\n\t\t\t\t<div class=\"elementor-widget-container\">\n\t\t\t\t\t<h2 class=\"elementor-heading-title elementor-size-default\">Uma hist\u00f3ria maravilhosa da devo\u00e7\u00e3o aos Sagrados Cora\u00e7\u00f5es de Jesus e de Maria<\/h2>\t\t\t\t<\/div>\n\t\t\t\t<\/div>\n\t\t\t\t\t<\/div>\n\t\t<\/div>\n\t\t\t\t\t<\/div>\n\t\t<\/section>\n\t\t\t\t<section class=\"elementor-section elementor-top-section elementor-element elementor-element-1b12408 elementor-section-boxed elementor-section-height-default elementor-section-height-default\" data-id=\"1b12408\" data-element_type=\"section\" data-e-type=\"section\">\n\t\t\t\t\t\t<div class=\"elementor-container elementor-column-gap-default\">\n\t\t\t\t\t<div class=\"elementor-column elementor-col-50 elementor-top-column elementor-element elementor-element-0c9b7e5\" data-id=\"0c9b7e5\" data-element_type=\"column\" data-e-type=\"column\">\n\t\t\t<div class=\"elementor-widget-wrap elementor-element-populated\">\n\t\t\t\t\t\t<div class=\"elementor-element elementor-element-f3671d8 elementor-widget elementor-widget-heading\" data-id=\"f3671d8\" data-element_type=\"widget\" data-e-type=\"widget\" data-widget_type=\"heading.default\">\n\t\t\t\t<div class=\"elementor-widget-container\">\n\t\t\t\t\t<h3 class=\"elementor-heading-title elementor-size-default\">O Evangelho e a Igreja primitiva<\/h3>\t\t\t\t<\/div>\n\t\t\t\t<\/div>\n\t\t\t\t<div class=\"elementor-element elementor-element-514251a elementor-widget elementor-widget-text-editor\" data-id=\"514251a\" data-element_type=\"widget\" data-e-type=\"widget\" data-widget_type=\"text-editor.default\">\n\t\t\t\t<div class=\"elementor-widget-container\">\n\t\t\t\t\t\t\t\t\t<p><span style=\"color: var( --e-global-color-text );\">A venera\u00e7\u00e3o dos Cora\u00e7\u00f5es de Jesus e de Maria tem a sua fonte no Evangelho: \"Amar\u00e1s o Senhor teu Deus <\/span><b style=\"color: var( --e-global-color-text );\">com todo o teu cora\u00e7\u00e3o<\/b><span style=\"color: var( --e-global-color-text );\">Com toda a tua alma e com todo o teu entendimento. Este \u00e9 o maior e o primeiro mandamento\" (Mt 22,36-40).<\/span><\/p><p>\u00a0<\/p><p>A import\u00e2ncia do amor pelos santos\u00a0<span style=\"color: var( --e-global-color-text );\">Cora\u00e7\u00f5es<\/span><span style=\"color: var( --e-global-color-text );\">\u00a0de Jesus e Maria encontra a sua inspira\u00e7\u00e3o neste primeiro mandamento.<\/span><\/p><p>\u00a0<\/p><p>Na Apresenta\u00e7\u00e3o no Templo, S\u00e3o Sime\u00e3o disse \u00e0 Sant\u00edssima Virgem: \"Uma espada trespassar\u00e1 a tua alma\" (aqui entendemos o seu cora\u00e7\u00e3o de M\u00e3e). Quando, com S\u00e3o Jos\u00e9, encontrou Jesus no Templo, depois de o ter perdido, o Evangelho diz-nos: \"A Virgem Sant\u00edssima guardava e meditava todos estes acontecimentos na sua <span style=\"color: var( --e-global-color-text );\">Cora\u00e7\u00e3o<\/span><span style=\"color: var( --e-global-color-text );\">\u00a0\"(Lucas 2,52). Na noite da \u00daltima Ceia, S\u00e3o Jo\u00e3o, o disc\u00edpulo que Jesus amava, deitar\u00e1 carinhosamente a sua cabe\u00e7a sobre a cabe\u00e7a de Jesus.\u00a0<\/span><span style=\"color: var( --e-global-color-text );\">Cora\u00e7\u00e3o<\/span><span style=\"color: var( --e-global-color-text );\">\u00a0de Cristo (Jo\u00e3o 13,23-25). Na Cruz, o\u00a0<\/span><span style=\"color: var( --e-global-color-text );\">Cora\u00e7\u00e3o<\/span><span style=\"color: var( --e-global-color-text );\">\u00a0de Cristo ser\u00e1 trespassado e sair\u00e1 sangue e \u00e1gua (simbolizando a Eucaristia e o Batismo).<\/span><\/p>\t\t\t\t\t\t\t\t<\/div>\n\t\t\t\t<\/div>\n\t\t\t\t\t<\/div>\n\t\t<\/div>\n\t\t\t\t<div class=\"elementor-column elementor-col-50 elementor-top-column elementor-element elementor-element-3c47905\" data-id=\"3c47905\" data-element_type=\"column\" data-e-type=\"column\">\n\t\t\t<div class=\"elementor-widget-wrap elementor-element-populated\">\n\t\t\t\t\t\t<div class=\"elementor-element elementor-element-e382e94 elementor-widget elementor-widget-image\" data-id=\"e382e94\" data-element_type=\"widget\" data-e-type=\"widget\" data-widget_type=\"image.default\">\n\t\t\t\t<div class=\"elementor-widget-container\">\n\t\t\t\t\t\t\t\t\t\t\t\t\t\t\t<img fetchpriority=\"high\" decoding=\"async\" width=\"595\" height=\"683\" src=\"https:\/\/salve-corda.org\/wp-content\/uploads\/2021\/07\/Sans-titre.png\" class=\"attachment-large size-large wp-image-619\" alt=\"\" srcset=\"https:\/\/salve-corda.org\/wp-content\/uploads\/2021\/07\/Sans-titre.png 595w, https:\/\/salve-corda.org\/wp-content\/uploads\/2021\/07\/Sans-titre-261x300.png 261w\" sizes=\"(max-width: 595px) 100vw, 595px\" \/>\t\t\t\t\t\t\t\t\t\t\t\t\t\t\t<\/div>\n\t\t\t\t<\/div>\n\t\t\t\t\t<\/div>\n\t\t<\/div>\n\t\t\t\t\t<\/div>\n\t\t<\/section>\n\t\t\t\t<section class=\"elementor-section elementor-top-section elementor-element elementor-element-7080df4 elementor-section-boxed elementor-section-height-default elementor-section-height-default\" data-id=\"7080df4\" data-element_type=\"section\" data-e-type=\"section\">\n\t\t\t\t\t\t<div class=\"elementor-container elementor-column-gap-default\">\n\t\t\t\t\t<div class=\"elementor-column elementor-col-100 elementor-top-column elementor-element elementor-element-e97c5fb\" data-id=\"e97c5fb\" data-element_type=\"column\" data-e-type=\"column\">\n\t\t\t<div class=\"elementor-widget-wrap elementor-element-populated\">\n\t\t\t\t\t\t<div class=\"elementor-element elementor-element-e529522 elementor-widget elementor-widget-text-editor\" data-id=\"e529522\" data-element_type=\"widget\" data-e-type=\"widget\" data-widget_type=\"text-editor.default\">\n\t\t\t\t<div class=\"elementor-widget-container\">\n\t\t\t\t\t\t\t\t\t<p>Mais tarde, os Papas e os Santos come\u00e7aram a falar da devo\u00e7\u00e3o devida aos Cora\u00e7\u00f5es de Jesus e de Maria. Em 604, o Papa S\u00e3o Greg\u00f3rio Magno ensinou-nos: \"Aprendei do Cora\u00e7\u00e3o de Jesus e de Maria.\u00a0<span style=\"color: var( --e-global-color-text ); font-family: var( --e-global-typography-18e5089-font-family ), Sans-serif; font-size: var( --e-global-typography-18e5089-font-size ); font-weight: var( --e-global-typography-18e5089-font-weight ); letter-spacing: var( --e-global-typography-18e5089-letter-spacing );\">Cora\u00e7\u00e3o<\/span><span style=\"color: var( --e-global-color-text ); font-family: var( --e-global-typography-18e5089-font-family ), Sans-serif; font-size: var( --e-global-typography-18e5089-font-size ); font-weight: var( --e-global-typography-18e5089-font-weight ); letter-spacing: var( --e-global-typography-18e5089-letter-spacing );\">\u00a0os ensinamentos de Deus para desejar ardentemente as coisas eternas\". Seguiram-se Santo Anselmo no s\u00e9culo X, S\u00e3o Bernardo de Clervaux no s\u00e9culo XII, S\u00e3o Francisco de Assis no s\u00e9culo XIII, S\u00e3o Boaventura, Santa Gertrudes de Helfta e Santa Mechtilde de Hackeborn.<\/span><\/p><p>\u00a0<\/p>\t\t\t\t\t\t\t\t<\/div>\n\t\t\t\t<\/div>\n\t\t\t\t\t<\/div>\n\t\t<\/div>\n\t\t\t\t\t<\/div>\n\t\t<\/section>\n\t\t\t\t<section class=\"elementor-section elementor-top-section elementor-element elementor-element-70b8a99 elementor-section-boxed elementor-section-height-default elementor-section-height-default\" data-id=\"70b8a99\" data-element_type=\"section\" data-e-type=\"section\" data-settings=\"{&quot;background_background&quot;:&quot;classic&quot;}\">\n\t\t\t\t\t\t<div class=\"elementor-container elementor-column-gap-default\">\n\t\t\t\t\t<div class=\"elementor-column elementor-col-100 elementor-top-column elementor-element elementor-element-3294498\" data-id=\"3294498\" data-element_type=\"column\" data-e-type=\"column\">\n\t\t\t<div class=\"elementor-widget-wrap elementor-element-populated\">\n\t\t\t\t\t\t<div class=\"elementor-element elementor-element-6abbfba elementor-widget elementor-widget-heading\" data-id=\"6abbfba\" data-element_type=\"widget\" data-e-type=\"widget\" data-widget_type=\"heading.default\">\n\t\t\t\t<div class=\"elementor-widget-container\">\n\t\t\t\t\t<h3 class=\"elementor-heading-title elementor-size-default\">S\u00e3o Jo\u00e3o Eudes, o Precursor, s\u00e9culo XVII<\/h3>\t\t\t\t<\/div>\n\t\t\t\t<\/div>\n\t\t\t\t<div class=\"elementor-element elementor-element-be64bdf elementor-widget elementor-widget-text-editor\" data-id=\"be64bdf\" data-element_type=\"widget\" data-e-type=\"widget\" data-widget_type=\"text-editor.default\">\n\t\t\t\t<div class=\"elementor-widget-container\">\n\t\t\t\t\t\t\t\t\t<p>Tal como S\u00e3o Jo\u00e3o Batista anunciou a vinda de Cristo, foi outro Jo\u00e3o, S\u00e3o Jo\u00e3o Eudes, que anunciou verdadeiramente a grande devo\u00e7\u00e3o aos Cora\u00e7\u00f5es de Jesus e de Maria. Ele foi o primeiro a associ\u00e1-los estreitamente e, em particular, escreveu esta bel\u00edssima ora\u00e7\u00e3o que resume todo o seu ensinamento e que \u00e9 conhecida como a<u>Ave Cor.<\/u><\/p>\t\t\t\t\t\t\t\t<\/div>\n\t\t\t\t<\/div>\n\t\t\t\t\t<\/div>\n\t\t<\/div>\n\t\t\t\t\t<\/div>\n\t\t<\/section>\n\t\t\t\t<section class=\"elementor-section elementor-top-section elementor-element elementor-element-2937365 elementor-section-boxed elementor-section-height-default elementor-section-height-default\" data-id=\"2937365\" data-element_type=\"section\" data-e-type=\"section\" data-settings=\"{&quot;background_background&quot;:&quot;classic&quot;}\">\n\t\t\t\t\t\t<div class=\"elementor-container elementor-column-gap-default\">\n\t\t\t\t\t<div class=\"elementor-column elementor-col-50 elementor-top-column elementor-element elementor-element-dd4d11d\" data-id=\"dd4d11d\" data-element_type=\"column\" data-e-type=\"column\">\n\t\t\t<div class=\"elementor-widget-wrap elementor-element-populated\">\n\t\t\t\t\t\t<div class=\"elementor-element elementor-element-49dcb3c elementor-widget elementor-widget-image\" data-id=\"49dcb3c\" data-element_type=\"widget\" data-e-type=\"widget\" data-widget_type=\"image.default\">\n\t\t\t\t<div class=\"elementor-widget-container\">\n\t\t\t\t\t\t\t\t\t\t\t\t\t\t\t<img decoding=\"async\" width=\"640\" height=\"479\" src=\"https:\/\/salve-corda.org\/wp-content\/uploads\/2021\/07\/Sans-titre-1.png\" class=\"attachment-large size-large wp-image-623\" alt=\"\" srcset=\"https:\/\/salve-corda.org\/wp-content\/uploads\/2021\/07\/Sans-titre-1.png 781w, https:\/\/salve-corda.org\/wp-content\/uploads\/2021\/07\/Sans-titre-1-300x225.png 300w, https:\/\/salve-corda.org\/wp-content\/uploads\/2021\/07\/Sans-titre-1-768x575.png 768w\" sizes=\"(max-width: 640px) 100vw, 640px\" \/>\t\t\t\t\t\t\t\t\t\t\t\t\t\t\t<\/div>\n\t\t\t\t<\/div>\n\t\t\t\t\t<\/div>\n\t\t<\/div>\n\t\t\t\t<div class=\"elementor-column elementor-col-50 elementor-top-column elementor-element elementor-element-7242630\" data-id=\"7242630\" data-element_type=\"column\" data-e-type=\"column\">\n\t\t\t<div class=\"elementor-widget-wrap elementor-element-populated\">\n\t\t\t\t\t\t<div class=\"elementor-element elementor-element-f470957 elementor-widget elementor-widget-text-editor\" data-id=\"f470957\" data-element_type=\"widget\" data-e-type=\"widget\" data-widget_type=\"text-editor.default\">\n\t\t\t\t<div class=\"elementor-widget-container\">\n\t\t\t\t\t\t\t\t\t<p><span style=\"color: #6288c6;\"><i>\"Esta ora\u00e7\u00e3o \u00e9 dirigida conjuntamente aos Sacrat\u00edssimos Cora\u00e7\u00f5es de Jesus e de Maria. Porque, embora o Cora\u00e7\u00e3o do Filho seja diferente do da M\u00e3e, e o ultrapasse infinitamente em excel\u00eancia e santidade, Deus uniu t\u00e3o estreitamente estes dois Cora\u00e7\u00f5es que podemos verdadeiramente dizer que s\u00e3o um s\u00f3 Cora\u00e7\u00e3o, porque sempre foram animados pelo mesmo esp\u00edrito e cheios dos mesmos sentimentos e afectos. Jesus est\u00e1 t\u00e3o vivo e reinante em Maria que \u00e9 verdadeiramente a alma da sua alma, a mente e o cora\u00e7\u00e3o do seu cora\u00e7\u00e3o. De tal modo que, propriamente falando, o Cora\u00e7\u00e3o de Maria \u00e9 Jesus; e assim, saudar e adorar o Cora\u00e7\u00e3o de Maria \u00e9 saudar e adorar Jesus, enquanto Ele \u00e9 o esp\u00edrito, a alma, a vida e o Cora\u00e7\u00e3o da sua M\u00e3e Sant\u00edssima\".\u00a0<\/i><\/span><\/p><p style=\"text-align: right;\"><i>S\u00e3o Jo\u00e3o Eudes (1601 - 1680)<\/i><\/p>\t\t\t\t\t\t\t\t<\/div>\n\t\t\t\t<\/div>\n\t\t\t\t\t<\/div>\n\t\t<\/div>\n\t\t\t\t\t<\/div>\n\t\t<\/section>\n\t\t\t\t<section class=\"elementor-section elementor-top-section elementor-element elementor-element-6e709fd elementor-section-boxed elementor-section-height-default elementor-section-height-default\" data-id=\"6e709fd\" data-element_type=\"section\" data-e-type=\"section\" data-settings=\"{&quot;background_background&quot;:&quot;classic&quot;}\">\n\t\t\t\t\t\t<div class=\"elementor-container elementor-column-gap-default\">\n\t\t\t\t\t<div class=\"elementor-column elementor-col-100 elementor-top-column elementor-element elementor-element-527e7b6\" data-id=\"527e7b6\" data-element_type=\"column\" data-e-type=\"column\">\n\t\t\t<div class=\"elementor-widget-wrap elementor-element-populated\">\n\t\t\t\t\t\t<div class=\"elementor-element elementor-element-52ac9c0 elementor-widget elementor-widget-text-editor\" data-id=\"52ac9c0\" data-element_type=\"widget\" data-e-type=\"widget\" data-widget_type=\"text-editor.default\">\n\t\t\t\t<div class=\"elementor-widget-container\">\n\t\t\t\t\t\t\t\t\t<p>Depois de esta devo\u00e7\u00e3o ter sido magnificamente introduzida na Igreja, Cristo e a Sant\u00edssima Virgem vir\u00e3o pessoalmente revelar-nos, em tr\u00eas etapas sucessivas, a necessidade de colocar a devo\u00e7\u00e3o aos seus Cora\u00e7\u00f5es unidos no centro da nossa vida moderna.<\/p>\t\t\t\t\t\t\t\t<\/div>\n\t\t\t\t<\/div>\n\t\t\t\t\t<\/div>\n\t\t<\/div>\n\t\t\t\t\t<\/div>\n\t\t<\/section>\n\t\t\t\t<section class=\"elementor-section elementor-top-section elementor-element elementor-element-2bdb93e elementor-section-boxed elementor-section-height-default elementor-section-height-default\" data-id=\"2bdb93e\" data-element_type=\"section\" data-e-type=\"section\">\n\t\t\t\t\t\t<div class=\"elementor-container elementor-column-gap-default\">\n\t\t\t\t\t<div class=\"elementor-column elementor-col-50 elementor-top-column elementor-element elementor-element-53ec56f\" data-id=\"53ec56f\" data-element_type=\"column\" data-e-type=\"column\">\n\t\t\t<div class=\"elementor-widget-wrap elementor-element-populated\">\n\t\t\t\t\t\t<div class=\"elementor-element elementor-element-50acbea elementor-widget elementor-widget-heading\" data-id=\"50acbea\" data-element_type=\"widget\" data-e-type=\"widget\" data-widget_type=\"heading.default\">\n\t\t\t\t<div class=\"elementor-widget-container\">\n\t\t\t\t\t<h3 class=\"elementor-heading-title elementor-size-default\">Etapa 1 - Paray-le-Monial: devo\u00e7\u00e3o ao Sagrado Cora\u00e7\u00e3o<\/h3>\t\t\t\t<\/div>\n\t\t\t\t<\/div>\n\t\t\t\t<div class=\"elementor-element elementor-element-979e568 elementor-widget elementor-widget-text-editor\" data-id=\"979e568\" data-element_type=\"widget\" data-e-type=\"widget\" data-widget_type=\"text-editor.default\">\n\t\t\t\t<div class=\"elementor-widget-container\">\n\t\t\t\t\t\t\t\t\t<p>Em 1673-1674, alguns anos antes da morte do seu mensageiro S\u00e3o Jo\u00e3o Eudes, Cristo apareceu a Santa Margarida Maria em Paray-le-Monial (Fran\u00e7a). Fez-lhe um pedido solene de devo\u00e7\u00e3o ao seu Sagrado Cora\u00e7\u00e3o. Descreveu em termos precisos as ac\u00e7\u00f5es e ora\u00e7\u00f5es que esperava de n\u00f3s e anexou-lhes magn\u00edficas promessas, sublinhando assim a import\u00e2ncia dos seus pedidos e o poder desta devo\u00e7\u00e3o.<\/p><p>\u00a0<\/p><p>Dirigindo-se aos fi\u00e9is, pediu-lhes em particular que <b>Comunh\u00e3o na primeira sexta-feira do m\u00eas e Hora Santa \u00e0s quintas-feiras \u00e0 noite<\/b>. Pediu ao Rei, representante do poder temporal, que consagrasse a sua fam\u00edlia e a Fran\u00e7a ao Sagrado Cora\u00e7\u00e3o e que colocasse o seu Sagrado Cora\u00e7\u00e3o na bandeira e nas armas francesas. Mas nem Lu\u00eds XIV nem os seus sucessores seguiram estes pedidos e, exatamente cem anos mais tarde, a revolu\u00e7\u00e3o destruiria a realeza em Fran\u00e7a e espalhar-se-ia pelo resto do mundo.<\/p><p>\u00a0<\/p><p>Por outro lado, o Papa Clemente XIII, tendo compreendido a import\u00e2ncia das apari\u00e7\u00f5es de Cristo em Paray-le-Monial, instituiu oficialmente a festa do Sagrado Cora\u00e7\u00e3o de Jesus a 6 de fevereiro de 1765.<\/p>\t\t\t\t\t\t\t\t<\/div>\n\t\t\t\t<\/div>\n\t\t\t\t\t<\/div>\n\t\t<\/div>\n\t\t\t\t<div class=\"elementor-column elementor-col-50 elementor-top-column elementor-element elementor-element-84d445f\" data-id=\"84d445f\" data-element_type=\"column\" data-e-type=\"column\">\n\t\t\t<div class=\"elementor-widget-wrap elementor-element-populated\">\n\t\t\t\t\t\t<div class=\"elementor-element elementor-element-6535bce elementor-widget elementor-widget-image\" data-id=\"6535bce\" data-element_type=\"widget\" data-e-type=\"widget\" data-widget_type=\"image.default\">\n\t\t\t\t<div class=\"elementor-widget-container\">\n\t\t\t\t\t\t\t\t\t\t\t\t\t\t\t<img decoding=\"async\" width=\"640\" height=\"906\" src=\"https:\/\/salve-corda.org\/wp-content\/uploads\/2021\/07\/Sans-titre-2.png\" class=\"attachment-large size-large wp-image-624\" alt=\"\" srcset=\"https:\/\/salve-corda.org\/wp-content\/uploads\/2021\/07\/Sans-titre-2.png 643w, https:\/\/salve-corda.org\/wp-content\/uploads\/2021\/07\/Sans-titre-2-212x300.png 212w\" sizes=\"(max-width: 640px) 100vw, 640px\" \/>\t\t\t\t\t\t\t\t\t\t\t\t\t\t\t<\/div>\n\t\t\t\t<\/div>\n\t\t\t\t\t<\/div>\n\t\t<\/div>\n\t\t\t\t\t<\/div>\n\t\t<\/section>\n\t\t\t\t<section class=\"elementor-section elementor-top-section elementor-element elementor-element-5a04936 elementor-section-boxed elementor-section-height-default elementor-section-height-default\" data-id=\"5a04936\" data-element_type=\"section\" data-e-type=\"section\">\n\t\t\t\t\t\t<div class=\"elementor-container elementor-column-gap-default\">\n\t\t\t\t\t\t<\/div>\n\t\t<\/section>\n\t\t\t\t<section class=\"elementor-section elementor-top-section elementor-element elementor-element-92444d1 elementor-section-boxed elementor-section-height-default elementor-section-height-default\" data-id=\"92444d1\" data-element_type=\"section\" data-e-type=\"section\" data-settings=\"{&quot;background_background&quot;:&quot;classic&quot;}\">\n\t\t\t\t\t\t<div class=\"elementor-container elementor-column-gap-default\">\n\t\t\t\t\t<div class=\"elementor-column elementor-col-100 elementor-top-column elementor-element elementor-element-ca8eae2\" data-id=\"ca8eae2\" data-element_type=\"column\" data-e-type=\"column\">\n\t\t\t<div class=\"elementor-widget-wrap elementor-element-populated\">\n\t\t\t\t\t\t<div class=\"elementor-element elementor-element-5685db6 elementor-widget elementor-widget-heading\" data-id=\"5685db6\" data-element_type=\"widget\" data-e-type=\"widget\" data-widget_type=\"heading.default\">\n\t\t\t\t<div class=\"elementor-widget-container\">\n\t\t\t\t\t<h3 class=\"elementor-heading-title elementor-size-default\">Etapa 2 - Rue du Bac: o CORA\u00c7\u00c3O de Maria ao lado do Sagrado Cora\u00e7\u00e3o<span style=\"color: var( --e-global-color-d0f9407 );font-family: var( --e-global-typography-de41d25-font-family ), Sans-serif;font-size: var( --e-global-typography-de41d25-font-size );font-weight: var( --e-global-typography-de41d25-font-weight );letter-spacing: var( --e-global-typography-de41d25-letter-spacing );text-transform: var( --e-global-typography-de41d25-text-transform );background-color: var( --e-global-color-f890547 )\"><\/span><br><\/h3>\t\t\t\t<\/div>\n\t\t\t\t<\/div>\n\t\t\t\t\t<\/div>\n\t\t<\/div>\n\t\t\t\t\t<\/div>\n\t\t<\/section>\n\t\t\t\t<section class=\"elementor-section elementor-top-section elementor-element elementor-element-2ff03b8 elementor-section-boxed elementor-section-height-default elementor-section-height-default\" data-id=\"2ff03b8\" data-element_type=\"section\" data-e-type=\"section\" data-settings=\"{&quot;background_background&quot;:&quot;classic&quot;}\">\n\t\t\t\t\t\t<div class=\"elementor-container elementor-column-gap-default\">\n\t\t\t\t\t<div class=\"elementor-column elementor-col-50 elementor-top-column elementor-element elementor-element-4417716\" data-id=\"4417716\" data-element_type=\"column\" data-e-type=\"column\">\n\t\t\t<div class=\"elementor-widget-wrap elementor-element-populated\">\n\t\t\t\t\t\t<div class=\"elementor-element elementor-element-cbe283f elementor-widget elementor-widget-image\" data-id=\"cbe283f\" data-element_type=\"widget\" data-e-type=\"widget\" data-widget_type=\"image.default\">\n\t\t\t\t<div class=\"elementor-widget-container\">\n\t\t\t\t\t\t\t\t\t\t\t\t\t\t\t<img loading=\"lazy\" decoding=\"async\" width=\"640\" height=\"765\" src=\"https:\/\/salve-corda.org\/wp-content\/uploads\/2021\/07\/Sans-titre-3.png\" class=\"attachment-large size-large wp-image-631\" alt=\"\" srcset=\"https:\/\/salve-corda.org\/wp-content\/uploads\/2021\/07\/Sans-titre-3.png 800w, https:\/\/salve-corda.org\/wp-content\/uploads\/2021\/07\/Sans-titre-3-251x300.png 251w, https:\/\/salve-corda.org\/wp-content\/uploads\/2021\/07\/Sans-titre-3-768x918.png 768w\" sizes=\"(max-width: 640px) 100vw, 640px\" \/>\t\t\t\t\t\t\t\t\t\t\t\t\t\t\t<\/div>\n\t\t\t\t<\/div>\n\t\t\t\t\t<\/div>\n\t\t<\/div>\n\t\t\t\t<div class=\"elementor-column elementor-col-50 elementor-top-column elementor-element elementor-element-86d781d\" data-id=\"86d781d\" data-element_type=\"column\" data-e-type=\"column\">\n\t\t\t<div class=\"elementor-widget-wrap elementor-element-populated\">\n\t\t\t\t\t\t<div class=\"elementor-element elementor-element-b52464e elementor-widget elementor-widget-text-editor\" data-id=\"b52464e\" data-element_type=\"widget\" data-e-type=\"widget\" data-widget_type=\"text-editor.default\">\n\t\t\t\t<div class=\"elementor-widget-container\">\n\t\t\t\t\t\t\t\t\t<p>O mart\u00edrio do clero e dos cat\u00f3licos franceses durante a Revolu\u00e7\u00e3o Francesa e os anos que se seguiram - culminando no massacre da Vendeia - trouxeram muitas gra\u00e7as \u00e0 Fran\u00e7a. Em 1830, a Sant\u00edssima Virgem apareceu em Paris, na rue du Bac, a Santa Catarina Labour\u00e9, anunciando-lhe que ela era a medianeira de todas as gra\u00e7as.<\/p><p>\u00a0<\/p><p>Pediu-lhe que mandasse gravar no verso uma medalha com o seu Cora\u00e7\u00e3o ao lado do de seu filho Jesus, sinal subtil de uma futura devo\u00e7\u00e3o ao seu Imaculado Cora\u00e7\u00e3o. As apari\u00e7\u00f5es na rue du Bac foram assim o elo de liga\u00e7\u00e3o entre Paray-le-Monial e F\u00e1tima e abriram a devo\u00e7\u00e3o ao Cora\u00e7\u00e3o de Maria.<\/p>\t\t\t\t\t\t\t\t<\/div>\n\t\t\t\t<\/div>\n\t\t\t\t\t<\/div>\n\t\t<\/div>\n\t\t\t\t\t<\/div>\n\t\t<\/section>\n\t\t\t\t<section class=\"elementor-section elementor-top-section elementor-element elementor-element-6a9c5b7 elementor-section-boxed elementor-section-height-default elementor-section-height-default\" data-id=\"6a9c5b7\" data-element_type=\"section\" data-e-type=\"section\" data-settings=\"{&quot;background_background&quot;:&quot;classic&quot;}\">\n\t\t\t\t\t\t<div class=\"elementor-container elementor-column-gap-default\">\n\t\t\t\t\t<div class=\"elementor-column elementor-col-100 elementor-top-column elementor-element elementor-element-b3b880f\" data-id=\"b3b880f\" data-element_type=\"column\" data-e-type=\"column\">\n\t\t\t<div class=\"elementor-widget-wrap elementor-element-populated\">\n\t\t\t\t\t\t<div class=\"elementor-element elementor-element-2d7c9b0 elementor-widget elementor-widget-text-editor\" data-id=\"2d7c9b0\" data-element_type=\"widget\" data-e-type=\"widget\" data-widget_type=\"text-editor.default\">\n\t\t\t\t<div class=\"elementor-widget-container\">\n\t\t\t\t\t\t\t\t\t<p>A primeira manifesta\u00e7\u00e3o desta devo\u00e7\u00e3o teve lugar seis anos mais tarde. Em 1836, a Bas\u00edlica de Notre-Dame des Victoires, em Paris, estava deserta e o seu p\u00e1roco, o Padre Desgenettes, desesperado. No dia 3 de dezembro, primeiro s\u00e1bado do m\u00eas, enquanto celebrava a missa sozinho, ouviu uma voz interior que lhe dizia v\u00e1rias vezes: \"Consagra a tua par\u00f3quia ao Imaculado Cora\u00e7\u00e3o de Maria\". Duas semanas depois, obedeceu e os fi\u00e9is come\u00e7aram a afluir. Cinco anos mais tarde, a Confraria do Imaculado Cora\u00e7\u00e3o de Maria que ele fundou contava com dois milh\u00f5es de membros e Notre-Dame des Victoires tinha-se tornado a par\u00f3quia mais movimentada de Paris.<\/p>\t\t\t\t\t\t\t\t<\/div>\n\t\t\t\t<\/div>\n\t\t\t\t\t<\/div>\n\t\t<\/div>\n\t\t\t\t\t<\/div>\n\t\t<\/section>\n\t\t\t\t<section class=\"elementor-section elementor-top-section elementor-element elementor-element-c95dddd elementor-section-boxed elementor-section-height-default elementor-section-height-default\" data-id=\"c95dddd\" data-element_type=\"section\" data-e-type=\"section\" data-settings=\"{&quot;background_background&quot;:&quot;classic&quot;}\">\n\t\t\t\t\t\t<div class=\"elementor-container elementor-column-gap-default\">\n\t\t\t\t\t<div class=\"elementor-column elementor-col-50 elementor-top-column elementor-element elementor-element-8689486\" data-id=\"8689486\" data-element_type=\"column\" data-e-type=\"column\">\n\t\t\t<div class=\"elementor-widget-wrap elementor-element-populated\">\n\t\t\t\t\t\t<div class=\"elementor-element elementor-element-c53c872 elementor-widget elementor-widget-text-editor\" data-id=\"c53c872\" data-element_type=\"widget\" data-e-type=\"widget\" data-widget_type=\"text-editor.default\">\n\t\t\t\t<div class=\"elementor-widget-container\">\n\t\t\t\t\t\t\t\t\t<p>Depois da Rue du Bac, a Virgem intensifica a sua a\u00e7\u00e3o direta de forma espetacular. Regressa a La Salette (1846), Lourdes (1858), Pontmain (1871) e Pellevoisin (1876). Em Lourdes, \u00e9 o dogma de <b>a Imaculada Concei\u00e7\u00e3o.<\/b>&nbsp;Notre Dame demandera \u00e9galement de fa\u00e7on incessante de prier pour les p\u00e9cheurs&nbsp; car comme le disait Sainte Th\u00e9r\u00e8se d&#8217;Avila,&nbsp; &#8220;les \u00e2mes&nbsp;<b>ir para o inferno<\/b>&nbsp;comme les feuilles des arbres tombent en automne&#8221;. Ces deux th\u00e8mes sont au c\u0153ur de Fatima qui viendra couronner ce cycle unique d\u2019apparitions mariales.<\/p>\n<p><\/p>\n<p>Ao mesmo tempo, a devo\u00e7\u00e3o ao Sagrado Cora\u00e7\u00e3o de Jesus continuou a crescer. Era celebrado em todo o lado e muitas igrejas eram-lhe dedicadas. Por toda a parte, em Fran\u00e7a e no mundo, surgiram vitrais e est\u00e1tuas em honra do Sagrado Cora\u00e7\u00e3o. A Fran\u00e7a fundou na sua capital a maior igreja do mundo dedicada ao Sagrado Cora\u00e7\u00e3o. Finalmente, o Papa Le\u00e3o XIII consagrou a humanidade ao Sagrado Cora\u00e7\u00e3o de Jesus em 1899.<\/p>\t\t\t\t\t\t\t\t<\/div>\n\t\t\t\t<\/div>\n\t\t\t\t\t<\/div>\n\t\t<\/div>\n\t\t\t\t<div class=\"elementor-column elementor-col-50 elementor-top-column elementor-element elementor-element-d7d71f3 elementor-hidden-mobile\" data-id=\"d7d71f3\" data-element_type=\"column\" data-e-type=\"column\">\n\t\t\t<div class=\"elementor-widget-wrap elementor-element-populated\">\n\t\t\t\t\t\t<div class=\"elementor-element elementor-element-933f430 elementor-widget elementor-widget-image\" data-id=\"933f430\" data-element_type=\"widget\" data-e-type=\"widget\" data-widget_type=\"image.default\">\n\t\t\t\t<div class=\"elementor-widget-container\">\n\t\t\t\t\t\t\t\t\t\t\t\t\t\t\t<img loading=\"lazy\" decoding=\"async\" width=\"539\" height=\"989\" src=\"https:\/\/salve-corda.org\/wp-content\/uploads\/2021\/07\/Sans-titre-4.png\" class=\"attachment-large size-large wp-image-633\" alt=\"\" srcset=\"https:\/\/salve-corda.org\/wp-content\/uploads\/2021\/07\/Sans-titre-4.png 539w, https:\/\/salve-corda.org\/wp-content\/uploads\/2021\/07\/Sans-titre-4-163x300.png 163w\" sizes=\"(max-width: 539px) 100vw, 539px\" \/>\t\t\t\t\t\t\t\t\t\t\t\t\t\t\t<\/div>\n\t\t\t\t<\/div>\n\t\t\t\t\t<\/div>\n\t\t<\/div>\n\t\t\t\t\t<\/div>\n\t\t<\/section>\n\t\t\t\t<section class=\"elementor-section elementor-top-section elementor-element elementor-element-362ac3b elementor-section-boxed elementor-section-height-default elementor-section-height-default\" data-id=\"362ac3b\" data-element_type=\"section\" data-e-type=\"section\">\n\t\t\t\t\t\t<div class=\"elementor-container elementor-column-gap-default\">\n\t\t\t\t\t<div class=\"elementor-column elementor-col-100 elementor-top-column elementor-element elementor-element-2b4f2c7\" data-id=\"2b4f2c7\" data-element_type=\"column\" data-e-type=\"column\">\n\t\t\t<div class=\"elementor-widget-wrap elementor-element-populated\">\n\t\t\t\t\t\t<div class=\"elementor-element elementor-element-4d19806 elementor-widget elementor-widget-heading\" data-id=\"4d19806\" data-element_type=\"widget\" data-e-type=\"widget\" data-widget_type=\"heading.default\">\n\t\t\t\t<div class=\"elementor-widget-container\">\n\t\t\t\t\t<h3 class=\"elementor-heading-title elementor-size-default\">Etapa 3 - F\u00e1tima: Devo\u00e7\u00e3o ao Imaculado Cora\u00e7\u00e3o de Maria <br><\/h3>\t\t\t\t<\/div>\n\t\t\t\t<\/div>\n\t\t\t\t\t<\/div>\n\t\t<\/div>\n\t\t\t\t\t<\/div>\n\t\t<\/section>\n\t\t\t\t<section class=\"elementor-section elementor-top-section elementor-element elementor-element-5bacadb elementor-section-boxed elementor-section-height-default elementor-section-height-default\" data-id=\"5bacadb\" data-element_type=\"section\" data-e-type=\"section\">\n\t\t\t\t\t\t<div class=\"elementor-container elementor-column-gap-default\">\n\t\t\t\t\t<div class=\"elementor-column elementor-col-50 elementor-top-column elementor-element elementor-element-1f81626\" data-id=\"1f81626\" data-element_type=\"column\" data-e-type=\"column\">\n\t\t\t<div class=\"elementor-widget-wrap elementor-element-populated\">\n\t\t\t\t\t\t<div class=\"elementor-element elementor-element-3158d86 elementor-widget elementor-widget-image\" data-id=\"3158d86\" data-element_type=\"widget\" data-e-type=\"widget\" data-widget_type=\"image.default\">\n\t\t\t\t<div class=\"elementor-widget-container\">\n\t\t\t\t\t\t\t\t\t\t\t\t\t\t\t<img loading=\"lazy\" decoding=\"async\" width=\"489\" height=\"681\" src=\"https:\/\/salve-corda.org\/wp-content\/uploads\/2021\/07\/Sans-titre-5.png\" class=\"attachment-large size-large wp-image-655\" alt=\"\" srcset=\"https:\/\/salve-corda.org\/wp-content\/uploads\/2021\/07\/Sans-titre-5.png 489w, https:\/\/salve-corda.org\/wp-content\/uploads\/2021\/07\/Sans-titre-5-215x300.png 215w\" sizes=\"(max-width: 489px) 100vw, 489px\" \/>\t\t\t\t\t\t\t\t\t\t\t\t\t\t\t<\/div>\n\t\t\t\t<\/div>\n\t\t\t\t\t<\/div>\n\t\t<\/div>\n\t\t\t\t<div class=\"elementor-column elementor-col-50 elementor-top-column elementor-element elementor-element-e47a814\" data-id=\"e47a814\" data-element_type=\"column\" data-e-type=\"column\">\n\t\t\t<div class=\"elementor-widget-wrap elementor-element-populated\">\n\t\t\t\t\t\t<div class=\"elementor-element elementor-element-e54ae63 elementor-widget elementor-widget-text-editor\" data-id=\"e54ae63\" data-element_type=\"widget\" data-e-type=\"widget\" data-widget_type=\"text-editor.default\">\n\t\t\t\t<div class=\"elementor-widget-container\">\n\t\t\t\t\t\t\t\t\t<p>Em 1917, a situa\u00e7\u00e3o no mundo era terr\u00edvel. A Primeira Guerra Mundial estava a decorrer e a revolu\u00e7\u00e3o bolchevique aproximava-se na R\u00fassia.  Nossa Senhora apareceu seis vezes no dia 13 de cada m\u00eas, de maio a outubro, em F\u00e1tima (Portugal) a tr\u00eas jovens pastores, L\u00facia, Jacinta e Francisco. Ela anunciou-lhes:<\/p>\n<p><\/p>\n<p><span style=\"color: #6288c6;\"><i>\"Deus quer estabelecer no mundo a devo\u00e7\u00e3o ao meu Imaculado Cora\u00e7\u00e3o.<\/i><\/span><\/p>\n<p><span style=\"color: #6288c6;\">&nbsp;<\/span><\/p>\n<p><\/p>\n<p>O Cardeal Cerejeira, antigo Bispo de F\u00e1tima, explicar\u00e1:<\/p>\n<p><span style=\"color: #6288c6;\"><i>\"De certa forma, F\u00e1tima \u00e9 a continua\u00e7\u00e3o, ou melhor, a conclus\u00e3o de Paray-le-Monial.<\/i> <i>F\u00e1tima re\u00fane estes dois cora\u00e7\u00f5es que Deus<\/i><i>&#8211;<\/i><i>unidos na obra divina da reden\u00e7\u00e3o. <\/i><\/span><\/p>\n<p><span style=\"color: #6288c6;\"><i>&nbsp;<\/i><\/span><\/p>\n<p><span style=\"color: #6288c6;\"><i>&nbsp;<\/i><\/span><span style=\"color: var( --e-global-color-text ); font-family: var( --e-global-typography-18e5089-font-family ), Sans-serif; font-size: var( --e-global-typography-18e5089-font-size ); font-weight: var( --e-global-typography-18e5089-font-weight ); letter-spacing: var( --e-global-typography-18e5089-letter-spacing ); word-spacing: var( --e-global-typography-18e5089-word-spacing );\">Tal como o Sagrado Cora\u00e7\u00e3o, e de uma forma surpreendentemente sim\u00e9trica, a Sant\u00edssima Virgem descrever\u00e1, por sua vez, os sete actos e ora\u00e7\u00f5es que espera de n\u00f3s e anexar\u00e1 a eles magn\u00edficas promessas, incluindo a paz no mundo. Em particular, ela pede<\/span><span style=\"color: var( --e-global-color-text ); font-family: var( --e-global-typography-18e5089-font-family ), Sans-serif; font-size: var( --e-global-typography-18e5089-font-size ); font-weight: var( --e-global-typography-18e5089-font-weight ); letter-spacing: var( --e-global-typography-18e5089-letter-spacing ); word-spacing: var( --e-global-typography-18e5089-word-spacing );\">&nbsp;<\/span><span style=\"color: var( --e-global-color-text ); font-family: var( --e-global-typography-18e5089-font-family ), Sans-serif; font-size: var( --e-global-typography-18e5089-font-size ); letter-spacing: var( --e-global-typography-18e5089-letter-spacing ); word-spacing: var( --e-global-typography-18e5089-word-spacing ); font-weight: bold;\">aos fi\u00e9is e ao Papa<\/span><span style=\"color: var( --e-global-color-text ); font-family: var( --e-global-typography-18e5089-font-family ), Sans-serif; font-size: var( --e-global-typography-18e5089-font-size ); font-weight: var( --e-global-typography-18e5089-font-weight ); letter-spacing: var( --e-global-typography-18e5089-letter-spacing ); word-spacing: var( --e-global-typography-18e5089-word-spacing );\">&nbsp;<\/span><span style=\"color: var( --e-global-color-text ); font-family: var( --e-global-typography-18e5089-font-family ), Sans-serif; font-size: var( --e-global-typography-18e5089-font-size ); letter-spacing: var( --e-global-typography-18e5089-letter-spacing ); word-spacing: var( --e-global-typography-18e5089-word-spacing ); font-weight: bold;\">Comunh\u00e3o reparadora nos primeiros s\u00e1bados<\/span><span style=\"color: var( --e-global-color-text ); font-family: var( --e-global-typography-18e5089-font-family ), Sans-serif; font-size: var( --e-global-typography-18e5089-font-size ); font-weight: var( --e-global-typography-18e5089-font-weight ); letter-spacing: var( --e-global-typography-18e5089-letter-spacing ); word-spacing: var( --e-global-typography-18e5089-word-spacing );\">&nbsp;<\/span><span style=\"color: var( --e-global-color-text ); font-family: var( --e-global-typography-18e5089-font-family ), Sans-serif; font-size: var( --e-global-typography-18e5089-font-size ); letter-spacing: var( --e-global-typography-18e5089-letter-spacing ); word-spacing: var( --e-global-typography-18e5089-word-spacing ); font-weight: bold;\">do m\u00eas<\/span><span style=\"color: var( --e-global-color-text ); font-family: var( --e-global-typography-18e5089-font-family ), Sans-serif; font-size: var( --e-global-typography-18e5089-font-size ); font-weight: var( --e-global-typography-18e5089-font-weight ); letter-spacing: var( --e-global-typography-18e5089-letter-spacing ); word-spacing: var( --e-global-typography-18e5089-word-spacing );\">&nbsp;associada \u00e0 consagra\u00e7\u00e3o da R\u00fassia ao seu Imaculado Cora\u00e7\u00e3o.<\/span><\/p>\t\t\t\t\t\t\t\t<\/div>\n\t\t\t\t<\/div>\n\t\t\t\t\t<\/div>\n\t\t<\/div>\n\t\t\t\t\t<\/div>\n\t\t<\/section>\n\t\t\t\t<\/div>","protected":false},"excerpt":{"rendered":"<p>Uma hist\u00f3ria maravilhosa da devo\u00e7\u00e3o aos Sagrados Cora\u00e7\u00f5es de Jesus e de Maria O Evangelho e a Igreja primitiva A venera\u00e7\u00e3o dos Cora\u00e7\u00f5es de Jesus e de Maria tem a sua origem no Evangelho [...].<\/p>","protected":false},"author":1,"featured_media":0,"parent":0,"menu_order":0,"comment_status":"closed","ping_status":"closed","template":"elementor_header_footer","meta":{"footnotes":""},"class_list":["post-571","page","type-page","status-publish","hentry"],"_links":{"self":[{"href":"https:\/\/salve-corda.org\/pt\/wp-json\/wp\/v2\/pages\/571","targetHints":{"allow":["GET"]}}],"collection":[{"href":"https:\/\/salve-corda.org\/pt\/wp-json\/wp\/v2\/pages"}],"about":[{"href":"https:\/\/salve-corda.org\/pt\/wp-json\/wp\/v2\/types\/page"}],"author":[{"embeddable":true,"href":"https:\/\/salve-corda.org\/pt\/wp-json\/wp\/v2\/users\/1"}],"replies":[{"embeddable":true,"href":"https:\/\/salve-corda.org\/pt\/wp-json\/wp\/v2\/comments?post=571"}],"version-history":[{"count":147,"href":"https:\/\/salve-corda.org\/pt\/wp-json\/wp\/v2\/pages\/571\/revisions"}],"predecessor-version":[{"id":18100,"href":"https:\/\/salve-corda.org\/pt\/wp-json\/wp\/v2\/pages\/571\/revisions\/18100"}],"wp:attachment":[{"href":"https:\/\/salve-corda.org\/pt\/wp-json\/wp\/v2\/media?parent=571"}],"curies":[{"name":"wp","href":"https:\/\/api.w.org\/{rel}","templated":true}]}}