{"id":573,"date":"2021-07-12T12:44:13","date_gmt":"2021-07-12T10:44:13","guid":{"rendered":"https:\/\/salve-corda.org\/?page_id=573"},"modified":"2025-02-04T12:18:36","modified_gmt":"2025-02-04T11:18:36","slug":"importance-capitale","status":"publish","type":"page","link":"https:\/\/salve-corda.org\/pt\/importance-capitale\/","title":{"rendered":"Import\u00e2ncia deste m\u00e9todo na crise atual"},"content":{"rendered":"<div data-elementor-type=\"wp-page\" data-elementor-id=\"573\" class=\"elementor elementor-573\">\n\t\t\t\t\t\t<section class=\"elementor-section elementor-top-section elementor-element elementor-element-874819a elementor-section-boxed elementor-section-height-default elementor-section-height-default\" data-id=\"874819a\" data-element_type=\"section\" data-e-type=\"section\">\n\t\t\t\t\t\t<div class=\"elementor-container elementor-column-gap-default\">\n\t\t\t\t\t<div class=\"elementor-column elementor-col-100 elementor-top-column elementor-element elementor-element-ce57ea6\" data-id=\"ce57ea6\" data-element_type=\"column\" data-e-type=\"column\">\n\t\t\t<div class=\"elementor-widget-wrap elementor-element-populated\">\n\t\t\t\t\t\t<div class=\"elementor-element elementor-element-d3edb40 elementor-widget elementor-widget-spacer\" data-id=\"d3edb40\" data-element_type=\"widget\" data-e-type=\"widget\" data-widget_type=\"spacer.default\">\n\t\t\t\t<div class=\"elementor-widget-container\">\n\t\t\t\t\t\t\t<div class=\"elementor-spacer\">\n\t\t\t<div class=\"elementor-spacer-inner\"><\/div>\n\t\t<\/div>\n\t\t\t\t\t\t<\/div>\n\t\t\t\t<\/div>\n\t\t\t\t<div class=\"elementor-element elementor-element-c75c0d1 elementor-widget elementor-widget-heading\" data-id=\"c75c0d1\" data-element_type=\"widget\" data-e-type=\"widget\" data-widget_type=\"heading.default\">\n\t\t\t\t<div class=\"elementor-widget-container\">\n\t\t\t\t\t<h2 class=\"elementor-heading-title elementor-size-default\">A import\u00e2ncia vital dos primeiros s\u00e1bados de F\u00e1tima para o nosso tempo\n<\/h2>\t\t\t\t<\/div>\n\t\t\t\t<\/div>\n\t\t\t\t<div class=\"elementor-element elementor-element-e2e0646 elementor-widget elementor-widget-image\" data-id=\"e2e0646\" data-element_type=\"widget\" data-e-type=\"widget\" data-widget_type=\"image.default\">\n\t\t\t\t<div class=\"elementor-widget-container\">\n\t\t\t\t\t\t\t\t\t\t\t\t\t\t\t<img fetchpriority=\"high\" decoding=\"async\" width=\"640\" height=\"272\" src=\"https:\/\/salve-corda.org\/wp-content\/uploads\/2023\/09\/image-2.png\" class=\"attachment-large size-large wp-image-6135\" alt=\"\" srcset=\"https:\/\/salve-corda.org\/wp-content\/uploads\/2023\/09\/image-2.png 981w, https:\/\/salve-corda.org\/wp-content\/uploads\/2023\/09\/image-2-300x128.png 300w, https:\/\/salve-corda.org\/wp-content\/uploads\/2023\/09\/image-2-768x326.png 768w\" sizes=\"(max-width: 640px) 100vw, 640px\" \/>\t\t\t\t\t\t\t\t\t\t\t\t\t\t\t<\/div>\n\t\t\t\t<\/div>\n\t\t\t\t<div class=\"elementor-element elementor-element-7d45052 elementor-widget elementor-widget-text-editor\" data-id=\"7d45052\" data-element_type=\"widget\" data-e-type=\"widget\" data-widget_type=\"text-editor.default\">\n\t\t\t\t<div class=\"elementor-widget-container\">\n\t\t\t\t\t\t\t\t\t<p>\u00a0<\/p><p>\u00a0<\/p><p>L<span style=\"color: var( --e-global-color-text ); font-family: var( --e-global-typography-18e5089-font-family ), Sans-serif; font-size: var( --e-global-typography-18e5089-font-size ); font-weight: var( --e-global-typography-18e5089-font-weight ); letter-spacing: var( --e-global-typography-18e5089-letter-spacing ); word-spacing: var( --e-global-typography-18e5089-word-spacing );\">devo\u00e7\u00e3o ao Imaculado Cora\u00e7\u00e3o de Maria, associada \u00e0 do Sagrado Cora\u00e7\u00e3o, foi-nos trazida por Deus como O CAMINHO para enfrentar os males dos tempos modernos e para nos aproximar de Deus.\u00a0<\/span><b style=\"color: var( --e-global-color-text ); font-family: var( --e-global-typography-18e5089-font-family ), Sans-serif; font-size: var( --e-global-typography-18e5089-font-size ); letter-spacing: var( --e-global-typography-18e5089-letter-spacing ); word-spacing: var( --e-global-typography-18e5089-word-spacing );\">p\u00f4r fim a isso<\/b><span style=\"color: var( --e-global-color-text ); font-family: var( --e-global-typography-18e5089-font-family ), Sans-serif; font-size: var( --e-global-typography-18e5089-font-size ); font-weight: var( --e-global-typography-18e5089-font-weight ); letter-spacing: var( --e-global-typography-18e5089-letter-spacing ); word-spacing: var( --e-global-typography-18e5089-word-spacing );\">. A Irm\u00e3 L\u00facia explicou em 20 de junho de 1939:<\/span><\/p><p>\u00a0<\/p><p><span style=\"color: #0000ff;\"><em>\"Nossa Senhora prometeu adiar o flagelo da guerra se esta devo\u00e7\u00e3o for difundida e praticada. Vemos que Ela obter\u00e1 a remiss\u00e3o deste castigo na propor\u00e7\u00e3o dos esfor\u00e7os feitos para propagar esta devo\u00e7\u00e3o, mas receio que n\u00e3o seja poss\u00edvel fazer mais do que estamos a fazer atualmente e que Deus, descontente, retire o bra\u00e7o da Sua Miseric\u00f3rdia e deixe o mundo ser assolado por este castigo que ser\u00e1 diferente de qualquer outro do passado. \"<\/em><\/span><\/p>\t\t\t\t\t\t\t\t<\/div>\n\t\t\t\t<\/div>\n\t\t\t\t<div class=\"elementor-element elementor-element-babd128 elementor-widget elementor-widget-heading\" data-id=\"babd128\" data-element_type=\"widget\" data-e-type=\"widget\" data-widget_type=\"heading.default\">\n\t\t\t\t<div class=\"elementor-widget-container\">\n\t\t\t\t\t<h3 class=\"elementor-heading-title elementor-size-default\">Uma situa\u00e7\u00e3o global preocupante<\/h3>\t\t\t\t<\/div>\n\t\t\t\t<\/div>\n\t\t\t\t<div class=\"elementor-element elementor-element-becc2df elementor-widget elementor-widget-text-editor\" data-id=\"becc2df\" data-element_type=\"widget\" data-e-type=\"widget\" data-widget_type=\"text-editor.default\">\n\t\t\t\t<div class=\"elementor-widget-container\">\n\t\t\t\t\t\t\t\t\t<p><\/p>\n<p>Nous percevons tous une aggravation de la situation. Le sentiment d\u2019imminence d\u2019un effondrement g\u00e9n\u00e9ral se fait sentir dans de multiples domaines, sant\u00e9, s\u00e9curit\u00e9, \u00e9conomie, etc. Mais surtout le risque de guerre se fait sentir de plus en plus. Il est urgent d&#8217;agir pour la paix avec les moyens spirituels qui nous ont \u00e9t\u00e9 donn\u00e9s.<\/p>\n<p><span style=\"color: var( --e-global-color-text ); font-family: var( --e-global-typography-18e5089-font-family ), Sans-serif; font-size: var( --e-global-typography-18e5089-font-size ); font-weight: var( --e-global-typography-18e5089-font-weight );\">&nbsp;<\/span><\/p>\t\t\t\t\t\t\t\t<\/div>\n\t\t\t\t<\/div>\n\t\t\t\t\t<\/div>\n\t\t<\/div>\n\t\t\t\t\t<\/div>\n\t\t<\/section>\n\t\t\t\t<section class=\"elementor-section elementor-top-section elementor-element elementor-element-430ffeb elementor-section-boxed elementor-section-height-default elementor-section-height-default\" data-id=\"430ffeb\" data-element_type=\"section\" data-e-type=\"section\" data-settings=\"{&quot;background_background&quot;:&quot;classic&quot;}\">\n\t\t\t\t\t\t<div class=\"elementor-container elementor-column-gap-default\">\n\t\t\t\t\t<div class=\"elementor-column elementor-col-100 elementor-top-column elementor-element elementor-element-bc7f7f4\" data-id=\"bc7f7f4\" data-element_type=\"column\" data-e-type=\"column\">\n\t\t\t<div class=\"elementor-widget-wrap elementor-element-populated\">\n\t\t\t\t\t\t<div class=\"elementor-element elementor-element-158fcdd elementor-widget elementor-widget-heading\" data-id=\"158fcdd\" data-element_type=\"widget\" data-e-type=\"widget\" data-widget_type=\"heading.default\">\n\t\t\t\t<div class=\"elementor-widget-container\">\n\t\t\t\t\t<h3 class=\"elementor-heading-title elementor-size-default\">S\u00f3 os meios desejados pelo pr\u00f3prio Deus podem salvar o mundo.<\/h3>\t\t\t\t<\/div>\n\t\t\t\t<\/div>\n\t\t\t\t<div class=\"elementor-element elementor-element-20cb851 elementor-widget elementor-widget-text-editor\" data-id=\"20cb851\" data-element_type=\"widget\" data-e-type=\"widget\" data-widget_type=\"text-editor.default\">\n\t\t\t\t<div class=\"elementor-widget-container\">\n\t\t\t\t\t\t\t\t\t<p>Em 26 de dezembro de 1957, a Irm\u00e3 L\u00facia explicou porque \u00e9 que os pedidos de Nossa Senhora em F\u00e1tima eram<b>\u00a0os meios fundamentais<\/b>\u00a0para salvar o mundo e qu\u00e3o pesada \u00e9 a responsabilidade de todos aqueles que, <b>conscientemente<\/b>O Governo franc\u00eas, no entanto, recusa-se a aceitar esta abordagem:<\/p>\t\t\t\t\t\t\t\t<\/div>\n\t\t\t\t<\/div>\n\t\t\t\t<div class=\"elementor-element elementor-element-8283a96 elementor-widget elementor-widget-text-editor\" data-id=\"8283a96\" data-element_type=\"widget\" data-e-type=\"widget\" data-widget_type=\"text-editor.default\">\n\t\t\t\t<div class=\"elementor-widget-container\">\n\t\t\t\t\t\t\t\t\t<p><span style=\"color: #6288c6;\"><i>\"Ela (a Virgem Sant\u00edssima, nota do editor) disse-me a mim e aos meus primos que Deus deu \u00e0s crian\u00e7as o direito de nascer. <\/i><b><i>os dois \u00faltimos rem\u00e9dios <\/i><\/b><i>no mundo<\/i> <i>o Santo Ros\u00e1rio e a devo\u00e7\u00e3o ao Imaculado Cora\u00e7\u00e3o de Maria, sendo estas as duas mais recentes medidas de corre\u00e7\u00e3o<\/i><i>es<\/i><i> isto significa <\/i><b><i>que n\u00e3o haver\u00e1 outra.<\/i><\/b><\/span><\/p><p><span style=\"color: #6288c6;\"><i>\"Sempre nos planos da provid\u00eancia, quando Deus vai castigar o mundo, esgota primeiro todos os outros rem\u00e9dios. Agora, como viu que o <\/i><i>M<\/i><i>Assim, como dir\u00edamos na nossa maneira imperfeita de falar, ele oferece-nos, com uma certa dose de medo, a <\/i><b><i>o \u00faltimo meio de salva\u00e7\u00e3o<\/i><\/b><i>sua M\u00e3e Sant\u00edssima. Porque se desprezarmos e rejeitarmos este meio supremo , <b>J\u00c1 N\u00c3O TEREMOS O PERD\u00c3O DO C\u00c9U, PORQUE TEREMOS COMETIDO UM PECADO CONTRA O ESP\u00cdRITO SANTO, QUE CONSISTE EM REJEITAR ABERTAMENTE, COM PLENO CONHECIMENTO E VONTADE, A SALVA\u00c7\u00c3O QUE NOS \u00c9 OFERECIDA\".<\/b><\/i><\/span><\/p><p><em style=\"font-family: var( --e-global-typography-18e5089-font-family ), Sans-serif; font-size: var( --e-global-typography-18e5089-font-size ); letter-spacing: var( --e-global-typography-18e5089-letter-spacing ); color: #556bab; background-color: var( --e-global-color-f890547 );\"><span style=\"text-align: left; font-family: var( --e-global-typography-18e5089-font-family ), Sans-serif; font-size: var( --e-global-typography-18e5089-font-size ); letter-spacing: var( --e-global-typography-18e5089-letter-spacing ); background-color: var( --e-global-color-f890547 );\"><b>\u00a0<\/b><\/span><\/em><\/p><p style=\"background-color: rgba(2, 1, 1, 0.04);\"><span style=\"color: #808080;\">Em 13 de maio de 2010, Bento XVI recordou:<\/span><\/p><p style=\"background-color: rgba(2, 1, 1, 0.04);\"><span style=\"color: #6288c6;\"><i>\"<\/i><i>\u00a0Quem pensa que a miss\u00e3o prof\u00e9tica de F\u00e1tima terminou, engana-se...<\/i><\/span><span style=\"color: #6288c6; text-align: left; font-family: var( --e-global-typography-18e5089-font-family ), Sans-serif; font-size: var( --e-global-typography-18e5089-font-size ); font-weight: var( --e-global-typography-18e5089-font-weight ); letter-spacing: var( --e-global-typography-18e5089-letter-spacing ); background-color: var( --e-global-color-f890547 );\">\".<\/span><\/p>\t\t\t\t\t\t\t\t<\/div>\n\t\t\t\t<\/div>\n\t\t\t\t\t<\/div>\n\t\t<\/div>\n\t\t\t\t\t<\/div>\n\t\t<\/section>\n\t\t\t\t<section class=\"elementor-section elementor-top-section elementor-element elementor-element-3fcc025 elementor-section-boxed elementor-section-height-default elementor-section-height-default\" data-id=\"3fcc025\" data-element_type=\"section\" data-e-type=\"section\" data-settings=\"{&quot;background_background&quot;:&quot;classic&quot;}\">\n\t\t\t\t\t\t<div class=\"elementor-container elementor-column-gap-default\">\n\t\t\t\t\t<div class=\"elementor-column elementor-col-100 elementor-top-column elementor-element elementor-element-d423d2c\" data-id=\"d423d2c\" data-element_type=\"column\" data-e-type=\"column\">\n\t\t\t<div class=\"elementor-widget-wrap elementor-element-populated\">\n\t\t\t\t\t\t<div class=\"elementor-element elementor-element-bd9fc49 elementor-widget elementor-widget-heading\" data-id=\"bd9fc49\" data-element_type=\"widget\" data-e-type=\"widget\" data-widget_type=\"heading.default\">\n\t\t\t\t<div class=\"elementor-widget-container\">\n\t\t\t\t\t<h3 class=\"elementor-heading-title elementor-size-default\">Prova da efic\u00e1cia desta devo\u00e7\u00e3o querida por Deus\n<\/h3>\t\t\t\t<\/div>\n\t\t\t\t<\/div>\n\t\t\t\t<div class=\"elementor-element elementor-element-cd9bfc2 elementor-widget elementor-widget-text-editor\" data-id=\"cd9bfc2\" data-element_type=\"widget\" data-e-type=\"widget\" data-widget_type=\"text-editor.default\">\n\t\t\t\t<div class=\"elementor-widget-container\">\n\t\t\t\t\t\t\t\t\t<p>Numerosos exemplos de milagres obtidos pelo Imaculado Cora\u00e7\u00e3o de Maria mostram que este modo de agir \u00e9 excecionalmente poderoso.<\/p><p>\u00a0<\/p><p>- Em Hiroshima, uma pequena congrega\u00e7\u00e3o religiosa dedicada \u00e0 Sant\u00edssima Virgem e que tinha constru\u00eddo uma capela dedicada a F\u00e1tima estava a 800 metros da bomba quando esta explodiu. Enquanto todas as outras pessoas a essa dist\u00e2ncia morreram instantaneamente ou devido \u00e0 radia\u00e7\u00e3o, os membros desta congrega\u00e7\u00e3o sa\u00edram ilesos e viveram at\u00e9 aos 85 anos sem problemas de sa\u00fade.<\/p>\t\t\t\t\t\t\t\t<\/div>\n\t\t\t\t<\/div>\n\t\t\t\t<div class=\"elementor-element elementor-element-8fabc09 elementor-align-center elementor-widget elementor-widget-button\" data-id=\"8fabc09\" data-element_type=\"widget\" data-e-type=\"widget\" data-widget_type=\"button.default\">\n\t\t\t\t<div class=\"elementor-widget-container\">\n\t\t\t\t\t\t\t\t\t<div class=\"elementor-button-wrapper\">\n\t\t\t\t\t<a class=\"elementor-button elementor-button-link elementor-size-sm\" href=\"https:\/\/www.youtube.com\/watch?v=141Q8oJAEyY\">\n\t\t\t\t\t\t<span class=\"elementor-button-content-wrapper\">\n\t\t\t\t\t\t\t\t\t<span class=\"elementor-button-text\">Ver o v\u00eddeo<\/span>\n\t\t\t\t\t<\/span>\n\t\t\t\t\t<\/a>\n\t\t\t\t<\/div>\n\t\t\t\t\t\t\t\t<\/div>\n\t\t\t\t<\/div>\n\t\t\t\t<div class=\"elementor-element elementor-element-cae9f8a elementor-widget elementor-widget-text-editor\" data-id=\"cae9f8a\" data-element_type=\"widget\" data-e-type=\"widget\" data-widget_type=\"text-editor.default\">\n\t\t\t\t<div class=\"elementor-widget-container\">\n\t\t\t\t\t\t\t\t\t<p>- Aquando do desembarque, tr\u00eas aldeias da Normandia, no centro da opera\u00e7\u00e3o, tinham-se consagrado, alguns dias antes, ao Imaculado Cora\u00e7\u00e3o de Maria. Nenhum habitante destas aldeias foi morto, nem houve qualquer destrui\u00e7\u00e3o, apesar de tudo o que existia nos arredores ter sido arrasado.<\/p>\n<p><br><\/p>\n<p><\/p>\n<p>- Antes da 2\u00aa Guerra Mundial, Portugal foi consagrado ao Imaculado Cora\u00e7\u00e3o de Maria pelos seus bispos. Este pa\u00eds foi completamente poupado pelo conflito.<\/p>\t\t\t\t\t\t\t\t<\/div>\n\t\t\t\t<\/div>\n\t\t\t\t\t<\/div>\n\t\t<\/div>\n\t\t\t\t\t<\/div>\n\t\t<\/section>\n\t\t\t\t<section class=\"elementor-section elementor-top-section elementor-element elementor-element-0b4bba2 elementor-section-boxed elementor-section-height-default elementor-section-height-default\" data-id=\"0b4bba2\" data-element_type=\"section\" data-e-type=\"section\" data-settings=\"{&quot;background_background&quot;:&quot;classic&quot;}\">\n\t\t\t\t\t\t<div class=\"elementor-container elementor-column-gap-default\">\n\t\t\t\t\t<div class=\"elementor-column elementor-col-33 elementor-top-column elementor-element elementor-element-677a0a1\" data-id=\"677a0a1\" data-element_type=\"column\" data-e-type=\"column\">\n\t\t\t<div class=\"elementor-widget-wrap\">\n\t\t\t\t\t\t\t<\/div>\n\t\t<\/div>\n\t\t\t\t<div class=\"elementor-column elementor-col-33 elementor-top-column elementor-element elementor-element-1bc7995\" data-id=\"1bc7995\" data-element_type=\"column\" data-e-type=\"column\">\n\t\t\t<div class=\"elementor-widget-wrap elementor-element-populated\">\n\t\t\t\t\t\t<div class=\"elementor-element elementor-element-523e66a elementor-widget elementor-widget-text-editor\" data-id=\"523e66a\" data-element_type=\"widget\" data-e-type=\"widget\" data-widget_type=\"text-editor.default\">\n\t\t\t\t<div class=\"elementor-widget-container\">\n\t\t\t\t\t\t\t\t\t<p><b>\u00c9, pois, urgente cumprir obediente e humildemente, no 1\u00ba s\u00e1bado do m\u00eas, o seguinte<\/b><\/p>\t\t\t\t\t\t\t\t<\/div>\n\t\t\t\t<\/div>\n\t\t\t\t\t<\/div>\n\t\t<\/div>\n\t\t\t\t<div class=\"elementor-column elementor-col-33 elementor-top-column elementor-element elementor-element-76a0acb\" data-id=\"76a0acb\" data-element_type=\"column\" data-e-type=\"column\">\n\t\t\t<div class=\"elementor-widget-wrap\">\n\t\t\t\t\t\t\t<\/div>\n\t\t<\/div>\n\t\t\t\t\t<\/div>\n\t\t<\/section>\n\t\t\t\t<\/div>","protected":false},"excerpt":{"rendered":"<p>L&#8217;importance capitale des 1ers samedis de Fatima pour notre epoque \u00a0 \u00a0 La d\u00e9votion au C\u0153ur Immacul\u00e9 de Marie, associ\u00e9e \u00e0 celle du Sacr\u00e9-C\u0153ur, a \u00e9t\u00e9 apport\u00e9e par Dieu comme LE MOYEN pour [&hellip;]<\/p>","protected":false},"author":1,"featured_media":0,"parent":0,"menu_order":0,"comment_status":"closed","ping_status":"closed","template":"elementor_header_footer","meta":{"footnotes":""},"class_list":["post-573","page","type-page","status-publish","hentry"],"_links":{"self":[{"href":"https:\/\/salve-corda.org\/pt\/wp-json\/wp\/v2\/pages\/573","targetHints":{"allow":["GET"]}}],"collection":[{"href":"https:\/\/salve-corda.org\/pt\/wp-json\/wp\/v2\/pages"}],"about":[{"href":"https:\/\/salve-corda.org\/pt\/wp-json\/wp\/v2\/types\/page"}],"author":[{"embeddable":true,"href":"https:\/\/salve-corda.org\/pt\/wp-json\/wp\/v2\/users\/1"}],"replies":[{"embeddable":true,"href":"https:\/\/salve-corda.org\/pt\/wp-json\/wp\/v2\/comments?post=573"}],"version-history":[{"count":260,"href":"https:\/\/salve-corda.org\/pt\/wp-json\/wp\/v2\/pages\/573\/revisions"}],"predecessor-version":[{"id":17317,"href":"https:\/\/salve-corda.org\/pt\/wp-json\/wp\/v2\/pages\/573\/revisions\/17317"}],"wp:attachment":[{"href":"https:\/\/salve-corda.org\/pt\/wp-json\/wp\/v2\/media?parent=573"}],"curies":[{"name":"wp","href":"https:\/\/api.w.org\/{rel}","templated":true}]}}