{"id":575,"date":"2021-07-12T12:44:24","date_gmt":"2021-07-12T10:44:24","guid":{"rendered":"https:\/\/salve-corda.org\/?page_id=575"},"modified":"2023-09-29T15:27:54","modified_gmt":"2023-09-29T13:27:54","slug":"but-devotion","status":"publish","type":"page","link":"https:\/\/salve-corda.org\/pt\/but-devotion\/","title":{"rendered":"Objetivo da devo\u00e7\u00e3o"},"content":{"rendered":"<div data-elementor-type=\"wp-page\" data-elementor-id=\"575\" class=\"elementor elementor-575\">\n\t\t\t\t\t\t<section class=\"elementor-section elementor-top-section elementor-element elementor-element-90d53f0 elementor-section-boxed elementor-section-height-default elementor-section-height-default\" data-id=\"90d53f0\" data-element_type=\"section\" data-e-type=\"section\">\n\t\t\t\t\t\t<div class=\"elementor-container elementor-column-gap-default\">\n\t\t\t\t\t<div class=\"elementor-column elementor-col-100 elementor-top-column elementor-element elementor-element-a17d83e\" data-id=\"a17d83e\" data-element_type=\"column\" data-e-type=\"column\">\n\t\t\t<div class=\"elementor-widget-wrap elementor-element-populated\">\n\t\t\t\t\t\t<div class=\"elementor-element elementor-element-c35b71e elementor-widget elementor-widget-spacer\" data-id=\"c35b71e\" data-element_type=\"widget\" data-e-type=\"widget\" data-widget_type=\"spacer.default\">\n\t\t\t\t<div class=\"elementor-widget-container\">\n\t\t\t\t\t\t\t<div class=\"elementor-spacer\">\n\t\t\t<div class=\"elementor-spacer-inner\"><\/div>\n\t\t<\/div>\n\t\t\t\t\t\t<\/div>\n\t\t\t\t<\/div>\n\t\t\t\t\t<\/div>\n\t\t<\/div>\n\t\t\t\t\t<\/div>\n\t\t<\/section>\n\t\t\t\t<section class=\"elementor-section elementor-top-section elementor-element elementor-element-ef2d457 elementor-section-boxed elementor-section-height-default elementor-section-height-default\" data-id=\"ef2d457\" data-element_type=\"section\" data-e-type=\"section\" data-settings=\"{&quot;background_background&quot;:&quot;classic&quot;}\">\n\t\t\t\t\t\t<div class=\"elementor-container elementor-column-gap-default\">\n\t\t\t\t\t<div class=\"elementor-column elementor-col-100 elementor-top-column elementor-element elementor-element-51032d4\" data-id=\"51032d4\" data-element_type=\"column\" data-e-type=\"column\">\n\t\t\t<div class=\"elementor-widget-wrap elementor-element-populated\">\n\t\t\t\t\t\t<div class=\"elementor-element elementor-element-d7f504d elementor-widget elementor-widget-heading\" data-id=\"d7f504d\" data-element_type=\"widget\" data-e-type=\"widget\" data-widget_type=\"heading.default\">\n\t\t\t\t<div class=\"elementor-widget-container\">\n\t\t\t\t\t<h2 class=\"elementor-heading-title elementor-size-default\">TR\u00caS objectivos da devo\u00e7\u00e3o aos Cora\u00e7\u00f5es de Jesus e de Maria\n<\/h2>\t\t\t\t<\/div>\n\t\t\t\t<\/div>\n\t\t\t\t\t<\/div>\n\t\t<\/div>\n\t\t\t\t\t<\/div>\n\t\t<\/section>\n\t\t\t\t<section class=\"elementor-section elementor-top-section elementor-element elementor-element-8a7a3ee elementor-section-boxed elementor-section-height-default elementor-section-height-default\" data-id=\"8a7a3ee\" data-element_type=\"section\" data-e-type=\"section\" data-settings=\"{&quot;background_background&quot;:&quot;classic&quot;}\">\n\t\t\t\t\t\t<div class=\"elementor-container elementor-column-gap-default\">\n\t\t\t\t\t<div class=\"elementor-column elementor-col-100 elementor-top-column elementor-element elementor-element-815e130\" data-id=\"815e130\" data-element_type=\"column\" data-e-type=\"column\">\n\t\t\t<div class=\"elementor-widget-wrap elementor-element-populated\">\n\t\t\t\t\t\t<div class=\"elementor-element elementor-element-514463e elementor-widget elementor-widget-text-editor\" data-id=\"514463e\" data-element_type=\"widget\" data-e-type=\"widget\" data-widget_type=\"text-editor.default\">\n\t\t\t\t<div class=\"elementor-widget-container\">\n\t\t\t\t\t\t\t\t\t<p>Les trois buts de cette d\u00e9votion aux Coeurs de J\u00e9sus et Marie sont parfaitement conformes \u00e0 l&#8217;enseignement de l&#8217;Eglise catholique et respectent l&#8217;ordre de la Charit\u00e9 :<\/p><p><b>Honrar a Deus<\/b> (1\u00ba mandamento), <b>Ajudar os outros<\/b> (2\u00ba mandamento dado por Cristo), <b>Garantir a sua salva\u00e7\u00e3o<\/b> (objetivo da vida na Terra)<\/p><p>\u00a0<\/p><p>\u00a0<\/p>\t\t\t\t\t\t\t\t<\/div>\n\t\t\t\t<\/div>\n\t\t\t\t<div class=\"elementor-element elementor-element-fb49a11 elementor-widget elementor-widget-heading\" data-id=\"fb49a11\" data-element_type=\"widget\" data-e-type=\"widget\" data-widget_type=\"heading.default\">\n\t\t\t\t<div class=\"elementor-widget-container\">\n\t\t\t\t\t<h3 class=\"elementor-heading-title elementor-size-default\">1 - Repara\u00e7\u00e3o das ofensas a Cristo e \u00e0 Sant\u00edssima Virgem Maria<\/h3>\t\t\t\t<\/div>\n\t\t\t\t<\/div>\n\t\t\t\t\t<\/div>\n\t\t<\/div>\n\t\t\t\t\t<\/div>\n\t\t<\/section>\n\t\t\t\t<section class=\"elementor-section elementor-top-section elementor-element elementor-element-9a4f6ef elementor-section-boxed elementor-section-height-default elementor-section-height-default\" data-id=\"9a4f6ef\" data-element_type=\"section\" data-e-type=\"section\" data-settings=\"{&quot;background_background&quot;:&quot;classic&quot;}\">\n\t\t\t\t\t\t<div class=\"elementor-container elementor-column-gap-default\">\n\t\t\t\t\t<div class=\"elementor-column elementor-col-50 elementor-top-column elementor-element elementor-element-4fb8831\" data-id=\"4fb8831\" data-element_type=\"column\" data-e-type=\"column\">\n\t\t\t<div class=\"elementor-widget-wrap elementor-element-populated\">\n\t\t\t\t\t\t<div class=\"elementor-element elementor-element-a515e95 elementor-widget elementor-widget-image\" data-id=\"a515e95\" data-element_type=\"widget\" data-e-type=\"widget\" data-widget_type=\"image.default\">\n\t\t\t\t<div class=\"elementor-widget-container\">\n\t\t\t\t\t\t\t\t\t\t\t\t\t\t\t<img fetchpriority=\"high\" decoding=\"async\" width=\"518\" height=\"631\" src=\"https:\/\/salve-corda.org\/wp-content\/uploads\/2021\/07\/Sans-titre-10.png\" class=\"attachment-large size-large wp-image-742\" alt=\"\" srcset=\"https:\/\/salve-corda.org\/wp-content\/uploads\/2021\/07\/Sans-titre-10.png 518w, https:\/\/salve-corda.org\/wp-content\/uploads\/2021\/07\/Sans-titre-10-246x300.png 246w\" sizes=\"(max-width: 518px) 100vw, 518px\" \/>\t\t\t\t\t\t\t\t\t\t\t\t\t\t\t<\/div>\n\t\t\t\t<\/div>\n\t\t\t\t\t<\/div>\n\t\t<\/div>\n\t\t\t\t<div class=\"elementor-column elementor-col-50 elementor-top-column elementor-element elementor-element-8f52b2b\" data-id=\"8f52b2b\" data-element_type=\"column\" data-e-type=\"column\">\n\t\t\t<div class=\"elementor-widget-wrap elementor-element-populated\">\n\t\t\t\t\t\t<div class=\"elementor-element elementor-element-f4f217e elementor-widget elementor-widget-text-editor\" data-id=\"f4f217e\" data-element_type=\"widget\" data-e-type=\"widget\" data-widget_type=\"text-editor.default\">\n\t\t\t\t<div class=\"elementor-widget-container\">\n\t\t\t\t\t\t\t\t\t<p>Amar algu\u00e9m significa tamb\u00e9m querer reparar as ofensas que lhe foram cometidas. Esta dimens\u00e3o \u00e9 essencial.\u00a0<\/p><p>\u00a0<\/p><p>Em Paray-le-Monial e em F\u00e1tima, Cristo e a Sant\u00edssima Virgem insistiram muito no nosso dever de reparar as ofensas cometidas contra Eles e explicaram-nos o seguinte <u><b>como o fazer<\/b><\/u> atrav\u00e9s da comunh\u00e3o reparadora de <i>primeira sexta-feira e s\u00e1bado do m\u00eas.<\/i>\u00a0<\/p><p>\u00a0<\/p><p>Depois das primeiras apari\u00e7\u00f5es em F\u00e1tima, o pr\u00f3prio Cristo explicou \u00e0 Irm\u00e3 L\u00facia os 5 tipos de ofensas \u00e0 Sant\u00edssima Virgem que devemos reparar prioritariamente hoje:<\/p>\t\t\t\t\t\t\t\t<\/div>\n\t\t\t\t<\/div>\n\t\t\t\t\t<\/div>\n\t\t<\/div>\n\t\t\t\t\t<\/div>\n\t\t<\/section>\n\t\t\t\t<section class=\"elementor-section elementor-top-section elementor-element elementor-element-3d7aa5a elementor-section-boxed elementor-section-height-default elementor-section-height-default\" data-id=\"3d7aa5a\" data-element_type=\"section\" data-e-type=\"section\" data-settings=\"{&quot;background_background&quot;:&quot;classic&quot;}\">\n\t\t\t\t\t\t<div class=\"elementor-container elementor-column-gap-default\">\n\t\t\t\t\t<div class=\"elementor-column elementor-col-50 elementor-top-column elementor-element elementor-element-a30373c\" data-id=\"a30373c\" data-element_type=\"column\" data-e-type=\"column\">\n\t\t\t<div class=\"elementor-widget-wrap elementor-element-populated\">\n\t\t\t\t\t\t<div class=\"elementor-element elementor-element-ee9cc3e elementor-widget elementor-widget-text-editor\" data-id=\"ee9cc3e\" data-element_type=\"widget\" data-e-type=\"widget\" data-widget_type=\"text-editor.default\">\n\t\t\t\t<div class=\"elementor-widget-container\">\n\t\t\t\t\t\t\t\t\t<ul><li>Blasf\u00e9mias contra a Imaculada Concei\u00e7\u00e3o<\/li><li>Blasf\u00e9mias contra a sua virgindade<\/li><li>Blasf\u00e9mias contra a sua Maternidade divina<\/li><li>As ofensas daqueles que procuram incutir no cora\u00e7\u00e3o das crian\u00e7as a indiferen\u00e7a, o desprezo ou o \u00f3dio contra esta M\u00e3e Imaculada.<\/li><li>As ofensas daqueles que o insultam diretamente nas suas imagens sagradas.<\/li><\/ul><p>\u00a0<\/p><p>Para reparar estas ofensas, Deus requer agora um meio especial <strong>\u00a0:<\/strong> <b>1\u00ba s\u00e1bado de cada m\u00eas.<\/b><\/p>\t\t\t\t\t\t\t\t<\/div>\n\t\t\t\t<\/div>\n\t\t\t\t\t<\/div>\n\t\t<\/div>\n\t\t\t\t<div class=\"elementor-column elementor-col-50 elementor-top-column elementor-element elementor-element-b82a7e4\" data-id=\"b82a7e4\" data-element_type=\"column\" data-e-type=\"column\">\n\t\t\t<div class=\"elementor-widget-wrap elementor-element-populated\">\n\t\t\t\t\t\t<div class=\"elementor-element elementor-element-99ad1b9 elementor-widget elementor-widget-image\" data-id=\"99ad1b9\" data-element_type=\"widget\" data-e-type=\"widget\" data-widget_type=\"image.default\">\n\t\t\t\t<div class=\"elementor-widget-container\">\n\t\t\t\t\t\t\t\t\t\t\t\t\t\t\t<img decoding=\"async\" width=\"640\" height=\"321\" src=\"https:\/\/salve-corda.org\/wp-content\/uploads\/2021\/07\/Sans-titre-11.png\" class=\"attachment-large size-large wp-image-743\" alt=\"\" srcset=\"https:\/\/salve-corda.org\/wp-content\/uploads\/2021\/07\/Sans-titre-11.png 856w, https:\/\/salve-corda.org\/wp-content\/uploads\/2021\/07\/Sans-titre-11-300x150.png 300w, https:\/\/salve-corda.org\/wp-content\/uploads\/2021\/07\/Sans-titre-11-768x385.png 768w\" sizes=\"(max-width: 640px) 100vw, 640px\" \/>\t\t\t\t\t\t\t\t\t\t\t\t\t\t\t<\/div>\n\t\t\t\t<\/div>\n\t\t\t\t\t<\/div>\n\t\t<\/div>\n\t\t\t\t\t<\/div>\n\t\t<\/section>\n\t\t\t\t<section class=\"elementor-section elementor-top-section elementor-element elementor-element-43d61b1 elementor-section-boxed elementor-section-height-default elementor-section-height-default\" data-id=\"43d61b1\" data-element_type=\"section\" data-e-type=\"section\">\n\t\t\t\t\t\t<div class=\"elementor-container elementor-column-gap-default\">\n\t\t\t\t\t<div class=\"elementor-column elementor-col-100 elementor-top-column elementor-element elementor-element-8bbc130\" data-id=\"8bbc130\" data-element_type=\"column\" data-e-type=\"column\">\n\t\t\t<div class=\"elementor-widget-wrap elementor-element-populated\">\n\t\t\t\t\t\t<div class=\"elementor-element elementor-element-448aaa8 elementor-widget elementor-widget-heading\" data-id=\"448aaa8\" data-element_type=\"widget\" data-e-type=\"widget\" data-widget_type=\"heading.default\">\n\t\t\t\t<div class=\"elementor-widget-container\">\n\t\t\t\t\t<h3 class=\"elementor-heading-title elementor-size-default\">2 - CARIDADE PARA COM OS PECADORES E TODOS OS HOMENS<\/h3>\t\t\t\t<\/div>\n\t\t\t\t<\/div>\n\t\t\t\t<div class=\"elementor-element elementor-element-962cbbd elementor-widget elementor-widget-text-editor\" data-id=\"962cbbd\" data-element_type=\"widget\" data-e-type=\"widget\" data-widget_type=\"text-editor.default\">\n\t\t\t\t<div class=\"elementor-widget-container\">\n\t\t\t\t\t\t\t\t\t<p>A devo\u00e7\u00e3o ao Imaculado Cora\u00e7\u00e3o de Maria \u00e9 ent\u00e3o dirigida \u00e0 Caridade para com os outros a dois n\u00edveis:\u00a0<\/p><p>\u00a0<\/p><p>1\/ <strong>Trabalhar para a convers\u00e3o do mundo<\/strong> <strong>e paz<\/strong>\u00a0\u00a0<\/p><p>2\/ S&#8217;occuper\u00a0 <b>a salva\u00e7\u00e3o das almas dos pecadores<\/b> car, elle explique , que &#8220;beaucoup de p\u00e9cheurs n&#8217;ont personne qui prie pour eux.&#8221; et qu&#8217;ils vont en enfer.\u00a0<\/p><p>\u00a0<\/p><p>En particulier n&#8217;oublions pas que le deuxi\u00e8me commandement apport\u00e9 par le Christ dans l\u2019Evangile \u00ab tu aimeras ton prochain comme toi-m\u00eame \u00bb (Marc 12,31) \u00e9voque une charit\u00e9 <b><u>que n\u00e3o se limita a preocupa\u00e7\u00f5es de car\u00e1cter material<\/u><\/b> mas tamb\u00e9m inclui <u><b>caridade espiritual<\/b><\/u> t\u00e3o importante.<\/p><p>\u00a0<\/p><p>N\u00e3o \u00e9 o maior servi\u00e7o que se pode fazer a algu\u00e9m, preocupar-se com ele? <b>vida eterna<\/b> e ajud\u00e1-lo a chegar ao C\u00e9u, poupando-lhe o sofrimento do Inferno que nunca ter\u00e1 fim? Na sua vida, Cristo nunca deixou de se preocupar com a salva\u00e7\u00e3o das almas, especialmente as dos pecadores. Em F\u00e1tima, \u00e9-nos pedido que fa\u00e7amos o mesmo: que trabalhemos para salvar as almas dos pecadores.<\/p>\t\t\t\t\t\t\t\t<\/div>\n\t\t\t\t<\/div>\n\t\t\t\t\t<\/div>\n\t\t<\/div>\n\t\t\t\t\t<\/div>\n\t\t<\/section>\n\t\t\t\t<section class=\"elementor-section elementor-top-section elementor-element elementor-element-0ed6934 elementor-section-boxed elementor-section-height-default elementor-section-height-default\" data-id=\"0ed6934\" data-element_type=\"section\" data-e-type=\"section\">\n\t\t\t\t\t\t<div class=\"elementor-container elementor-column-gap-default\">\n\t\t\t\t\t<div class=\"elementor-column elementor-col-50 elementor-top-column elementor-element elementor-element-632b487\" data-id=\"632b487\" data-element_type=\"column\" data-e-type=\"column\">\n\t\t\t<div class=\"elementor-widget-wrap elementor-element-populated\">\n\t\t\t\t\t\t<div class=\"elementor-element elementor-element-3c08651 elementor-widget elementor-widget-image\" data-id=\"3c08651\" data-element_type=\"widget\" data-e-type=\"widget\" data-widget_type=\"image.default\">\n\t\t\t\t<div class=\"elementor-widget-container\">\n\t\t\t\t\t\t\t\t\t\t\t\t\t\t\t<img decoding=\"async\" width=\"608\" height=\"872\" src=\"https:\/\/salve-corda.org\/wp-content\/uploads\/2021\/07\/Sans-titre-12.png\" class=\"attachment-large size-large wp-image-750\" alt=\"\" srcset=\"https:\/\/salve-corda.org\/wp-content\/uploads\/2021\/07\/Sans-titre-12.png 608w, https:\/\/salve-corda.org\/wp-content\/uploads\/2021\/07\/Sans-titre-12-209x300.png 209w\" sizes=\"(max-width: 608px) 100vw, 608px\" \/>\t\t\t\t\t\t\t\t\t\t\t\t\t\t\t<\/div>\n\t\t\t\t<\/div>\n\t\t\t\t\t<\/div>\n\t\t<\/div>\n\t\t\t\t<div class=\"elementor-column elementor-col-50 elementor-top-column elementor-element elementor-element-088886c\" data-id=\"088886c\" data-element_type=\"column\" data-e-type=\"column\">\n\t\t\t<div class=\"elementor-widget-wrap elementor-element-populated\">\n\t\t\t\t\t\t<div class=\"elementor-element elementor-element-be1d4fa elementor-widget elementor-widget-text-editor\" data-id=\"be1d4fa\" data-element_type=\"widget\" data-e-type=\"widget\" data-widget_type=\"text-editor.default\">\n\t\t\t\t<div class=\"elementor-widget-container\">\n\t\t\t\t\t\t\t\t\t<p>Durante as apari\u00e7\u00f5es em La Salette, a Sant\u00edssima Virgem chorou ao dizer estas palavras:<\/p><p>\u00a0<\/p><p><i><span style=\"color: #6288c6;\">\"As almas caem no Inferno como as folhas no outono.\"<\/span><\/i><\/p><p>\u00a0<\/p><p>Em F\u00e1tima, chegou ao ponto de mostrar o Inferno aos tr\u00eas pequenos videntes para os sensibilizar para a import\u00e2ncia do nosso dever de caridade espiritual:<\/p><p>\u00a0<\/p><p><span style=\"color: #6288c6;\"><i>\"Vistes o Inferno, para onde v\u00e3o as almas dos pobres pecadores. Para as salvar, Deus quer estabelecer no m<\/i><i>sobre a devo\u00e7\u00e3o ao Meu Imaculado Cora\u00e7\u00e3o. Se <\/i><i>n\u00f3s fazemos <\/i><\/span><i><span style=\"color: #6288c6;\">Vou dizer-vos que muitas almas se salvar\u00e3o e que teremos paz.<\/span>\u00a0 <\/i><i>Nossa Senhora em F\u00e1tima a 13 de julho de 1917<\/i><\/p><p><i>\u00a0<\/i><\/p><p style=\"text-align: left;\"><i><span style=\"color: #6288c6;\">\"Sacrif\u00edcio<\/span><\/i><span style=\"color: #6288c6;\"><i>&#8211;<\/i><i>v\u00f3s para os pecadores que <\/i><i>ser\u00e1<\/i><i>n Inferno <\/i><u><i>e n\u00e3o t\u00eam ningu\u00e9m que reze por eles<\/i><\/u><u><i>.\u00a0<\/i><\/u><u><i>\"<\/i><\/u><\/span><\/p><p style=\"text-align: right;\"><i>A Virgem Maria, Pontevedra 10 de dezembro de 1925<\/i><\/p>\t\t\t\t\t\t\t\t<\/div>\n\t\t\t\t<\/div>\n\t\t\t\t\t<\/div>\n\t\t<\/div>\n\t\t\t\t\t<\/div>\n\t\t<\/section>\n\t\t\t\t<section class=\"elementor-section elementor-top-section elementor-element elementor-element-42ae4b6 elementor-section-boxed elementor-section-height-default elementor-section-height-default\" data-id=\"42ae4b6\" data-element_type=\"section\" data-e-type=\"section\" data-settings=\"{&quot;background_background&quot;:&quot;classic&quot;}\">\n\t\t\t\t\t\t<div class=\"elementor-container elementor-column-gap-default\">\n\t\t\t\t\t<div class=\"elementor-column elementor-col-100 elementor-top-column elementor-element elementor-element-bc9555f\" data-id=\"bc9555f\" data-element_type=\"column\" data-e-type=\"column\">\n\t\t\t<div class=\"elementor-widget-wrap elementor-element-populated\">\n\t\t\t\t\t\t<div class=\"elementor-element elementor-element-dad3ce4 elementor-widget elementor-widget-heading\" data-id=\"dad3ce4\" data-element_type=\"widget\" data-e-type=\"widget\" data-widget_type=\"heading.default\">\n\t\t\t\t<div class=\"elementor-widget-container\">\n\t\t\t\t\t<h3 class=\"elementor-heading-title elementor-size-default\">3- Obter a sua pr\u00f3pria salva\u00e7\u00e3o<\/h3>\t\t\t\t<\/div>\n\t\t\t\t<\/div>\n\t\t\t\t<div class=\"elementor-element elementor-element-8a1061d elementor-widget elementor-widget-text-editor\" data-id=\"8a1061d\" data-element_type=\"widget\" data-e-type=\"widget\" data-widget_type=\"text-editor.default\">\n\t\t\t\t<div class=\"elementor-widget-container\">\n\t\t\t\t\t\t\t\t\t<p>Se muitas almas v\u00e3o para o Inferno por toda a eternidade, o que \u00e9 que acontece connosco? Nestes tempos de pervers\u00e3o e de tenta\u00e7\u00e3o constante, em que tudo \u00e9 feito para nos afastar de Deus, quem pode dizer que permanecer\u00e1 fiel aos ensinamentos de Cristo durante toda a sua vida e ir\u00e1 para o C\u00e9u? Recordemos que at\u00e9 o Papa S\u00e3o Pio X e muitos outros santos temiam o Inferno.<\/p><p>\u00a0<\/p><p>Mas para nos ajudar a enfrentar os tempos de prova\u00e7\u00e3o em que vivemos, os Cora\u00e7\u00f5es de Jesus e de Maria trouxeram-nos uma promessa excecional, se seguirmos os seus pedidos: a garantia da nossa Salva\u00e7\u00e3o. Eis as palavras muito precisas de Cristo e da Sant\u00edssima Virgem:<\/p><p>\u00a0<\/p><p>\u00a0<\/p>\t\t\t\t\t\t\t\t<\/div>\n\t\t\t\t<\/div>\n\t\t\t\t\t<\/div>\n\t\t<\/div>\n\t\t\t\t\t<\/div>\n\t\t<\/section>\n\t\t\t\t<section class=\"elementor-section elementor-top-section elementor-element elementor-element-3218146 elementor-section-boxed elementor-section-height-default elementor-section-height-default\" data-id=\"3218146\" data-element_type=\"section\" data-e-type=\"section\" data-settings=\"{&quot;background_background&quot;:&quot;classic&quot;}\">\n\t\t\t\t\t\t<div class=\"elementor-container elementor-column-gap-default\">\n\t\t\t\t\t<div class=\"elementor-column elementor-col-50 elementor-top-column elementor-element elementor-element-6857fa6\" data-id=\"6857fa6\" data-element_type=\"column\" data-e-type=\"column\">\n\t\t\t<div class=\"elementor-widget-wrap elementor-element-populated\">\n\t\t\t\t\t\t<div class=\"elementor-element elementor-element-4f890a1 elementor-widget elementor-widget-text-editor\" data-id=\"4f890a1\" data-element_type=\"widget\" data-e-type=\"widget\" data-widget_type=\"text-editor.default\">\n\t\t\t\t<div class=\"elementor-widget-container\">\n\t\t\t\t\t\t\t\t\t<p><span style=\"color: #6288c6;\"><i>\" <\/i><i>Prometo, no excesso da miseric\u00f3rdia do Meu Cora\u00e7\u00e3o, que o Meu amor todo-poderoso conceder\u00e1 a todos os que comungarem nas primeiras sextas-feiras, nove vezes seguidas, a gra\u00e7a da penit\u00eancia final, que n\u00e3o morrer\u00e3o na Minha desgra\u00e7a, nem sem receber os sacramentos, e que o Meu Divino Cora\u00e7\u00e3o se far\u00e1 o seu porto seguro nesta \u00faltima hora.<\/i><\/span><\/p>\n<p style=\"text-align: right;\"><i>Cristo em <\/i><i>Paray-le-Monial<\/i><\/p>\n<p style=\"text-align: right;\"><i><br><\/i><\/p>\n<p><\/p>\n<p><span style=\"color: #6288c6;\"><i>\"Todos aqueles que, durante 5 meses, no primeiro s\u00e1bado, se confessarem, comungarem, rezarem o ter\u00e7o e me acompanharem durante 15 minutos nos 15 mist\u00e9rios do Ros\u00e1rio, em esp\u00edrito de repara\u00e7\u00e3o, prometo<\/i><i>s<\/i><i> para os assistir na hora da morte com todas as<\/i><i>s<\/i><i> as gra\u00e7as necess\u00e1rias para a salva\u00e7\u00e3o das suas almas. <\/i><\/span><\/p>\n<p style=\"text-align: right;\"><i>A Virgem Maria, Pontevedra 10 de dezembro de 1925<\/i><\/p>\t\t\t\t\t\t\t\t<\/div>\n\t\t\t\t<\/div>\n\t\t\t\t\t<\/div>\n\t\t<\/div>\n\t\t\t\t<div class=\"elementor-column elementor-col-50 elementor-top-column elementor-element elementor-element-70841fd\" data-id=\"70841fd\" data-element_type=\"column\" data-e-type=\"column\">\n\t\t\t<div class=\"elementor-widget-wrap elementor-element-populated\">\n\t\t\t\t\t\t<div class=\"elementor-element elementor-element-2fbc9ad elementor-widget elementor-widget-image\" data-id=\"2fbc9ad\" data-element_type=\"widget\" data-e-type=\"widget\" data-widget_type=\"image.default\">\n\t\t\t\t<div class=\"elementor-widget-container\">\n\t\t\t\t\t\t\t\t\t\t\t\t\t\t\t<img loading=\"lazy\" decoding=\"async\" width=\"640\" height=\"640\" src=\"https:\/\/salve-corda.org\/wp-content\/uploads\/2021\/07\/Sans-titre-13.png\" class=\"attachment-large size-large wp-image-754\" alt=\"\" srcset=\"https:\/\/salve-corda.org\/wp-content\/uploads\/2021\/07\/Sans-titre-13.png 697w, https:\/\/salve-corda.org\/wp-content\/uploads\/2021\/07\/Sans-titre-13-300x300.png 300w, https:\/\/salve-corda.org\/wp-content\/uploads\/2021\/07\/Sans-titre-13-150x150.png 150w, https:\/\/salve-corda.org\/wp-content\/uploads\/2021\/07\/Sans-titre-13-680x680.png 680w, https:\/\/salve-corda.org\/wp-content\/uploads\/2021\/07\/Sans-titre-13-100x100.png 100w\" sizes=\"(max-width: 640px) 100vw, 640px\" \/>\t\t\t\t\t\t\t\t\t\t\t\t\t\t\t<\/div>\n\t\t\t\t<\/div>\n\t\t\t\t\t<\/div>\n\t\t<\/div>\n\t\t\t\t\t<\/div>\n\t\t<\/section>\n\t\t\t\t<\/div>","protected":false},"excerpt":{"rendered":"<p>TROIS buts de la d\u00e9votion aux Coeurs de J\u00e9sus et Marie Les trois buts de cette d\u00e9votion aux Coeurs de J\u00e9sus et Marie sont parfaitement conformes \u00e0 l&#8217;enseignement de l&#8217;Eglise catholique et respectent [&hellip;]<\/p>","protected":false},"author":1,"featured_media":0,"parent":0,"menu_order":0,"comment_status":"closed","ping_status":"closed","template":"elementor_header_footer","meta":{"footnotes":""},"class_list":["post-575","page","type-page","status-publish","hentry"],"_links":{"self":[{"href":"https:\/\/salve-corda.org\/pt\/wp-json\/wp\/v2\/pages\/575","targetHints":{"allow":["GET"]}}],"collection":[{"href":"https:\/\/salve-corda.org\/pt\/wp-json\/wp\/v2\/pages"}],"about":[{"href":"https:\/\/salve-corda.org\/pt\/wp-json\/wp\/v2\/types\/page"}],"author":[{"embeddable":true,"href":"https:\/\/salve-corda.org\/pt\/wp-json\/wp\/v2\/users\/1"}],"replies":[{"embeddable":true,"href":"https:\/\/salve-corda.org\/pt\/wp-json\/wp\/v2\/comments?post=575"}],"version-history":[{"count":140,"href":"https:\/\/salve-corda.org\/pt\/wp-json\/wp\/v2\/pages\/575\/revisions"}],"predecessor-version":[{"id":6377,"href":"https:\/\/salve-corda.org\/pt\/wp-json\/wp\/v2\/pages\/575\/revisions\/6377"}],"wp:attachment":[{"href":"https:\/\/salve-corda.org\/pt\/wp-json\/wp\/v2\/media?parent=575"}],"curies":[{"name":"wp","href":"https:\/\/api.w.org\/{rel}","templated":true}]}}