{"id":580,"date":"2021-07-12T12:45:09","date_gmt":"2021-07-12T10:45:09","guid":{"rendered":"https:\/\/salve-corda.org\/?page_id=580"},"modified":"2024-03-13T21:46:21","modified_gmt":"2024-03-13T20:46:21","slug":"promesses-si-nous-obeissons","status":"publish","type":"page","link":"https:\/\/salve-corda.org\/pt\/promesses-si-nous-obeissons\/","title":{"rendered":"Promessas se obedecermos"},"content":{"rendered":"<div data-elementor-type=\"wp-page\" data-elementor-id=\"580\" class=\"elementor elementor-580\">\n\t\t\t\t\t\t<section class=\"elementor-section elementor-top-section elementor-element elementor-element-50f1e75 elementor-section-boxed elementor-section-height-default elementor-section-height-default\" data-id=\"50f1e75\" data-element_type=\"section\" data-e-type=\"section\">\n\t\t\t\t\t\t<div class=\"elementor-container elementor-column-gap-default\">\n\t\t\t\t\t<div class=\"elementor-column elementor-col-100 elementor-top-column elementor-element elementor-element-b9da60c\" data-id=\"b9da60c\" data-element_type=\"column\" data-e-type=\"column\">\n\t\t\t<div class=\"elementor-widget-wrap elementor-element-populated\">\n\t\t\t\t\t\t<div class=\"elementor-element elementor-element-7e74752 elementor-widget elementor-widget-spacer\" data-id=\"7e74752\" data-element_type=\"widget\" data-e-type=\"widget\" data-widget_type=\"spacer.default\">\n\t\t\t\t<div class=\"elementor-widget-container\">\n\t\t\t\t\t\t\t<div class=\"elementor-spacer\">\n\t\t\t<div class=\"elementor-spacer-inner\"><\/div>\n\t\t<\/div>\n\t\t\t\t\t\t<\/div>\n\t\t\t\t<\/div>\n\t\t\t\t\t<\/div>\n\t\t<\/div>\n\t\t\t\t\t<\/div>\n\t\t<\/section>\n\t\t\t\t<section class=\"elementor-section elementor-top-section elementor-element elementor-element-a8b04ae elementor-section-boxed elementor-section-height-default elementor-section-height-default\" data-id=\"a8b04ae\" data-element_type=\"section\" data-e-type=\"section\">\n\t\t\t\t\t\t<div class=\"elementor-container elementor-column-gap-default\">\n\t\t\t\t\t<div class=\"elementor-column elementor-col-100 elementor-top-column elementor-element elementor-element-62a45ab\" data-id=\"62a45ab\" data-element_type=\"column\" data-e-type=\"column\">\n\t\t\t<div class=\"elementor-widget-wrap elementor-element-populated\">\n\t\t\t\t\t\t<div class=\"elementor-element elementor-element-d580703 elementor-widget elementor-widget-heading\" data-id=\"d580703\" data-element_type=\"widget\" data-e-type=\"widget\" data-widget_type=\"heading.default\">\n\t\t\t\t<div class=\"elementor-widget-container\">\n\t\t\t\t\t<h2 class=\"elementor-heading-title elementor-size-default\">O magn\u00edfico promete se cumprirmos o \"primeiro s\u00e1bado do m\u00eas\".<\/h2>\t\t\t\t<\/div>\n\t\t\t\t<\/div>\n\t\t\t\t\t<\/div>\n\t\t<\/div>\n\t\t\t\t\t<\/div>\n\t\t<\/section>\n\t\t\t\t<section class=\"elementor-section elementor-top-section elementor-element elementor-element-798940b elementor-section-boxed elementor-section-height-default elementor-section-height-default\" data-id=\"798940b\" data-element_type=\"section\" data-e-type=\"section\">\n\t\t\t\t\t\t<div class=\"elementor-container elementor-column-gap-default\">\n\t\t\t\t\t<div class=\"elementor-column elementor-col-100 elementor-top-column elementor-element elementor-element-7d7d548\" data-id=\"7d7d548\" data-element_type=\"column\" data-e-type=\"column\">\n\t\t\t<div class=\"elementor-widget-wrap elementor-element-populated\">\n\t\t\t\t\t\t<div class=\"elementor-element elementor-element-d55a33a elementor-widget elementor-widget-text-editor\" data-id=\"d55a33a\" data-element_type=\"widget\" data-e-type=\"widget\" data-widget_type=\"text-editor.default\">\n\t\t\t\t<div class=\"elementor-widget-container\">\n\t\t\t\t\t\t\t\t\t<p>1\/ REPARA\u00c7\u00c3O DAS INJ\u00daRIAS COMETIDAS CONTRA OS CORA\u00c7\u00d5ES DE MARIA E JESUS<\/p>\t\t\t\t\t\t\t\t<\/div>\n\t\t\t\t<\/div>\n\t\t\t\t\t<\/div>\n\t\t<\/div>\n\t\t\t\t\t<\/div>\n\t\t<\/section>\n\t\t\t\t<section class=\"elementor-section elementor-top-section elementor-element elementor-element-579cff5 elementor-section-boxed elementor-section-height-default elementor-section-height-default\" data-id=\"579cff5\" data-element_type=\"section\" data-e-type=\"section\">\n\t\t\t\t\t\t<div class=\"elementor-container elementor-column-gap-default\">\n\t\t\t\t\t<div class=\"elementor-column elementor-col-100 elementor-top-column elementor-element elementor-element-2ef85e3\" data-id=\"2ef85e3\" data-element_type=\"column\" data-e-type=\"column\">\n\t\t\t<div class=\"elementor-widget-wrap elementor-element-populated\">\n\t\t\t\t\t\t<section class=\"elementor-section elementor-inner-section elementor-element elementor-element-106e9ad elementor-section-boxed elementor-section-height-default elementor-section-height-default\" data-id=\"106e9ad\" data-element_type=\"section\" data-e-type=\"section\">\n\t\t\t\t\t\t<div class=\"elementor-container elementor-column-gap-default\">\n\t\t\t\t\t<div class=\"elementor-column elementor-col-50 elementor-inner-column elementor-element elementor-element-67442ab\" data-id=\"67442ab\" data-element_type=\"column\" data-e-type=\"column\">\n\t\t\t<div class=\"elementor-widget-wrap elementor-element-populated\">\n\t\t\t\t\t\t<div class=\"elementor-element elementor-element-a346f08 elementor-widget elementor-widget-image\" data-id=\"a346f08\" data-element_type=\"widget\" data-e-type=\"widget\" data-widget_type=\"image.default\">\n\t\t\t\t<div class=\"elementor-widget-container\">\n\t\t\t\t\t\t\t\t\t\t\t\t\t\t\t<img fetchpriority=\"high\" decoding=\"async\" width=\"420\" height=\"376\" src=\"https:\/\/salve-corda.org\/wp-content\/uploads\/2020\/09\/Image11-e1631624688970.jpg\" class=\"attachment-large size-large wp-image-280\" alt=\"\" \/>\t\t\t\t\t\t\t\t\t\t\t\t\t\t\t<\/div>\n\t\t\t\t<\/div>\n\t\t\t\t\t<\/div>\n\t\t<\/div>\n\t\t\t\t<div class=\"elementor-column elementor-col-50 elementor-inner-column elementor-element elementor-element-862503e\" data-id=\"862503e\" data-element_type=\"column\" data-e-type=\"column\">\n\t\t\t<div class=\"elementor-widget-wrap elementor-element-populated\">\n\t\t\t\t\t\t<div class=\"elementor-element elementor-element-994aa17 elementor-widget elementor-widget-text-editor\" data-id=\"994aa17\" data-element_type=\"widget\" data-e-type=\"widget\" data-widget_type=\"text-editor.default\">\n\t\t\t\t<div class=\"elementor-widget-container\">\n\t\t\t\t\t\t\t\t\t<p><span style=\"color: #616161;\">La premi\u00e8re cons\u00e9quence est la r\u00e9paration effective des offenses qui sont faites \u00e0 Notre M\u00e8re du Ciel gr\u00e2ce \u00e0\u00a0\u00e0 la r\u00e9alisation des 1ers samedis du mois.\u00a0\u00a0Le Christ confirmera \u00e0 Soeur Lucie l&#8217;efficacit\u00e9 des 1ers samedis en ces termes :<\/span><\/p><p>\u00a0<\/p><p><span style=\"color: #0000ff;\">\"\u00a0<em>... o Cora\u00e7\u00e3o Imaculado de Maria inspirou-Me a pedir esta pequena repara\u00e7\u00e3o e, em considera\u00e7\u00e3o a ela, a mover a Minha miseric\u00f3rdia\u00a0<\/em>\".<\/span><\/p><p><span style=\"color: #333333;\">\u00a0<\/span><\/p><p><span style=\"color: #333333;\">Ainsi et de fa\u00e7on charitable, nous commen\u00e7ons non pas par attendre une cons\u00e9quence b\u00e9n\u00e9fique pour nous mais posons acte d&#8217;Amour d&#8217;une immense force envers Notre Dame et envers Dieu qui ne supporte pas les attaques contre sa M\u00e8re.<\/span><\/p><p><span style=\"color: #333333;\">\u00a0<\/span><\/p><p><span style=\"color: #333333;\">Esta \u00e9 a grande e nobre promessa dos primeiros s\u00e1bados. Esse \u00e9 o nosso grande papel se obedecermos.<\/span><\/p>\t\t\t\t\t\t\t\t<\/div>\n\t\t\t\t<\/div>\n\t\t\t\t\t<\/div>\n\t\t<\/div>\n\t\t\t\t\t<\/div>\n\t\t<\/section>\n\t\t\t\t\t<\/div>\n\t\t<\/div>\n\t\t\t\t\t<\/div>\n\t\t<\/section>\n\t\t\t\t<section class=\"elementor-section elementor-top-section elementor-element elementor-element-2769ac8 elementor-section-boxed elementor-section-height-default elementor-section-height-default\" data-id=\"2769ac8\" data-element_type=\"section\" data-e-type=\"section\" data-settings=\"{&quot;background_background&quot;:&quot;classic&quot;}\">\n\t\t\t\t\t\t<div class=\"elementor-container elementor-column-gap-default\">\n\t\t\t\t\t<div class=\"elementor-column elementor-col-100 elementor-top-column elementor-element elementor-element-e4d020d\" data-id=\"e4d020d\" data-element_type=\"column\" data-e-type=\"column\">\n\t\t\t<div class=\"elementor-widget-wrap elementor-element-populated\">\n\t\t\t\t\t\t<div class=\"elementor-element elementor-element-cca0de1 elementor-widget elementor-widget-text-editor\" data-id=\"cca0de1\" data-element_type=\"widget\" data-e-type=\"widget\" data-widget_type=\"text-editor.default\">\n\t\t\t\t<div class=\"elementor-widget-container\">\n\t\t\t\t\t\t\t\t\t<p>2\/ L&#8217;ARRET DES GUERRES ET TOTALITARISMES<\/p>\t\t\t\t\t\t\t\t<\/div>\n\t\t\t\t<\/div>\n\t\t\t\t\t<\/div>\n\t\t<\/div>\n\t\t\t\t\t<\/div>\n\t\t<\/section>\n\t\t\t\t<section class=\"elementor-section elementor-top-section elementor-element elementor-element-9592a94 elementor-section-boxed elementor-section-height-default elementor-section-height-default\" data-id=\"9592a94\" data-element_type=\"section\" data-e-type=\"section\" data-settings=\"{&quot;background_background&quot;:&quot;classic&quot;}\">\n\t\t\t\t\t\t<div class=\"elementor-container elementor-column-gap-default\">\n\t\t\t\t\t<div class=\"elementor-column elementor-col-100 elementor-top-column elementor-element elementor-element-11c124f\" data-id=\"11c124f\" data-element_type=\"column\" data-e-type=\"column\">\n\t\t\t<div class=\"elementor-widget-wrap elementor-element-populated\">\n\t\t\t\t\t\t<section class=\"elementor-section elementor-inner-section elementor-element elementor-element-d8b458b elementor-section-boxed elementor-section-height-default elementor-section-height-default\" data-id=\"d8b458b\" data-element_type=\"section\" data-e-type=\"section\">\n\t\t\t\t\t\t<div class=\"elementor-container elementor-column-gap-default\">\n\t\t\t\t\t<div class=\"elementor-column elementor-col-50 elementor-inner-column elementor-element elementor-element-542b351\" data-id=\"542b351\" data-element_type=\"column\" data-e-type=\"column\">\n\t\t\t<div class=\"elementor-widget-wrap elementor-element-populated\">\n\t\t\t\t\t\t<div class=\"elementor-element elementor-element-e2e0263 elementor-widget elementor-widget-text-editor\" data-id=\"e2e0263\" data-element_type=\"widget\" data-e-type=\"widget\" data-widget_type=\"text-editor.default\">\n\t\t\t\t<div class=\"elementor-widget-container\">\n\t\t\t\t\t\t\t\t\t<p><span style=\"color: #333333; font-family: var( --e-global-typography-text-font-family ), Sans-serif; font-size: var( --e-global-typography-text-font-size ); font-weight: var( --e-global-typography-text-font-weight ); background-color: var( --e-global-color-ef38a84 );\">Este ponto j\u00e1 foi longamente referido, e recordamos as principais promessas do FATIMA a este respeito:<\/span><\/p><p><span style=\"color: #333333; font-family: var( --e-global-typography-text-font-family ), Sans-serif; font-size: var( --e-global-typography-text-font-size ); font-weight: var( --e-global-typography-text-font-weight ); background-color: var( --e-global-color-ef38a84 );\">\u00a0<\/span><\/p><p>\u00a0<\/p><p><span style=\"color: #0000ff;\"><em>\"No fim, o meu Imaculado Cora\u00e7\u00e3o triunfar\u00e1. O Santo Padre consagrar-me-\u00e1 a R\u00fassia, que se converter\u00e1 [e reconhecer\u00e1 os primeiros s\u00e1bados do m\u00eas], e ser\u00e1 concedido ao mundo um certo tempo de paz\".<\/em><\/span><\/p><p><span style=\"color: #0000ff;\"><em>\u00a0<\/em><\/span><\/p><p><span style=\"color: #333333;\"><span style=\"font-family: var( --e-global-typography-text-font-family ), Sans-serif; font-size: var( --e-global-typography-text-font-size ); font-weight: var( --e-global-typography-text-font-weight ); background-color: var( --e-global-color-ef38a84 );\">Oui les \u201c1er samedi du mois\u201c nous am\u00e8nerons la paix sur terre. Nous obtiendrons une soci\u00e9t\u00e9 civile merveilleuse et paisible ainsi qu&#8217;une Eglise \u00e0 la fois charitable et resplendissante. Imaginons un seul instant un monde ou le Christ r\u00e8gnera de nouveau o\u00f9 tout ce d\u00e9ferlement du mal dont nous souffrons sera stopp\u00e9 par l&#8217;intervention miraculeuse du Coeur Immacul\u00e9 de Marie. Voil\u00e0 ce que nous sera accord\u00e9 si nous r\u00e9alisons ces 1er samedi du mois. Alors qu&#8217;attendons nous?<\/span><\/span><\/p>\t\t\t\t\t\t\t\t<\/div>\n\t\t\t\t<\/div>\n\t\t\t\t\t<\/div>\n\t\t<\/div>\n\t\t\t\t<div class=\"elementor-column elementor-col-50 elementor-inner-column elementor-element elementor-element-7161637\" data-id=\"7161637\" data-element_type=\"column\" data-e-type=\"column\">\n\t\t\t<div class=\"elementor-widget-wrap elementor-element-populated\">\n\t\t\t\t\t\t<div class=\"elementor-element elementor-element-a9c1600 elementor-widget elementor-widget-image\" data-id=\"a9c1600\" data-element_type=\"widget\" data-e-type=\"widget\" data-widget_type=\"image.default\">\n\t\t\t\t<div class=\"elementor-widget-container\">\n\t\t\t\t\t\t\t\t\t\t\t\t\t\t\t<img decoding=\"async\" width=\"640\" height=\"384\" src=\"https:\/\/salve-corda.org\/wp-content\/uploads\/2021\/07\/triomphe_marie-1024x614.png\" class=\"attachment-large size-large wp-image-770\" alt=\"\" srcset=\"https:\/\/salve-corda.org\/wp-content\/uploads\/2021\/07\/triomphe_marie-1024x614.png 1024w, https:\/\/salve-corda.org\/wp-content\/uploads\/2021\/07\/triomphe_marie-300x180.png 300w, https:\/\/salve-corda.org\/wp-content\/uploads\/2021\/07\/triomphe_marie-768x460.png 768w, https:\/\/salve-corda.org\/wp-content\/uploads\/2021\/07\/triomphe_marie.png 1043w\" sizes=\"(max-width: 640px) 100vw, 640px\" \/>\t\t\t\t\t\t\t\t\t\t\t\t\t\t\t<\/div>\n\t\t\t\t<\/div>\n\t\t\t\t\t<\/div>\n\t\t<\/div>\n\t\t\t\t\t<\/div>\n\t\t<\/section>\n\t\t\t\t\t<\/div>\n\t\t<\/div>\n\t\t\t\t\t<\/div>\n\t\t<\/section>\n\t\t\t\t<section class=\"elementor-section elementor-top-section elementor-element elementor-element-67d7f03 elementor-section-boxed elementor-section-height-default elementor-section-height-default\" data-id=\"67d7f03\" data-element_type=\"section\" data-e-type=\"section\">\n\t\t\t\t\t\t<div class=\"elementor-container elementor-column-gap-default\">\n\t\t\t\t\t<div class=\"elementor-column elementor-col-100 elementor-top-column elementor-element elementor-element-f702529\" data-id=\"f702529\" data-element_type=\"column\" data-e-type=\"column\">\n\t\t\t<div class=\"elementor-widget-wrap elementor-element-populated\">\n\t\t\t\t\t\t<div class=\"elementor-element elementor-element-73b5c67 elementor-widget elementor-widget-text-editor\" data-id=\"73b5c67\" data-element_type=\"widget\" data-e-type=\"widget\" data-widget_type=\"text-editor.default\">\n\t\t\t\t<div class=\"elementor-widget-container\">\n\t\t\t\t\t\t\t\t\t<p><span style=\"color: #333333; font-family: var( --e-global-typography-text-font-family ), Sans-serif; font-size: var( --e-global-typography-text-font-size ); font-weight: var( --e-global-typography-text-font-weight ); background-color: var( --e-global-color-ef38a84 );\">relisons le message de la Sainte Vierge \u00e0 la Salette sur l&#8217;av\u00e8nement de ce triomphe :<\/span><\/p><p>\u00a0<\/p><p><span style=\"color: #0000ff;\"><em>\" <\/em><\/span><em><span style=\"color: #0000ff;\">Ent\u00e3o Jesus Cristo, por um ato da sua justi\u00e7a e da sua grande miseric\u00f3rdia para com os justos, ordenar\u00e1 aos seus anjos que todos os seus inimigos sejam mortos. De repente, os perseguidores da Igreja de Jesus Cristo e todos os homens que cometeram pecados perecer\u00e3o, e a terra tornar-se-\u00e1 como um deserto.<\/span><\/em><\/p><p>\u00a0<\/p><p><em><span style=\"color: #0000ff;\">Ele ser\u00e1 sufocado pelo sopro de S\u00e3o Miguel Arcanjo. Ele cair\u00e1, e a terra, que durante tr\u00eas dias [tr\u00eas anos do reinado do Anticristo e da morte da Igreja NDLR] esteve em cont\u00ednuo movimento, abrir\u00e1 o seu seio cheio de fogo; ele ser\u00e1 mergulhado para sempre com toda a sua esp\u00e9cie no abismo eterno do inferno. Ent\u00e3o a \u00e1gua e o fogo purificar\u00e3o a terra e consumir\u00e3o todas as obras do orgulho humano, e tudo ser\u00e1 renovado: Deus ser\u00e1 servido e glorificado.<\/span><\/em><\/p><p>\u00a0<\/p><p><em><span style=\"color: #0000ff;\">Haver\u00e1 ent\u00e3o a paz, a reconcilia\u00e7\u00e3o de Deus com os homens; Jesus Cristo ser\u00e1 servido, adorado e glorificado; a caridade florescer\u00e1 por toda a parte. Os novos reis ser\u00e3o a m\u00e3o direita da santa Igreja, que ser\u00e1 forte, humilde, piedosa, pobre, zelosa e imitadora das virtudes de Jesus Cristo.<\/span><\/em><\/p><p><em><span style=\"color: #0000ff;\">L\u2019\u00c9vangile sera pr\u00each\u00e9 partout, et les hommes feront de grands progr\u00e8s dans la foi, parce qu\u2019il y aura unit\u00e9 parmi les ouvriers de J\u00e9sus-Christ et que les hommes vivront dans la crainte de Dieu.&#8221;<\/span><\/em><\/p>\t\t\t\t\t\t\t\t<\/div>\n\t\t\t\t<\/div>\n\t\t\t\t<div class=\"elementor-element elementor-element-34b0994 elementor-widget elementor-widget-text-editor\" data-id=\"34b0994\" data-element_type=\"widget\" data-e-type=\"widget\" data-widget_type=\"text-editor.default\">\n\t\t\t\t<div class=\"elementor-widget-container\">\n\t\t\t\t\t\t\t\t\t<p>3\/ A nossa pr\u00f3pria salva\u00e7\u00e3o\u00a0<\/p>\t\t\t\t\t\t\t\t<\/div>\n\t\t\t\t<\/div>\n\t\t\t\t\t<\/div>\n\t\t<\/div>\n\t\t\t\t\t<\/div>\n\t\t<\/section>\n\t\t\t\t<section class=\"elementor-section elementor-top-section elementor-element elementor-element-fbe2e7d elementor-section-boxed elementor-section-height-default elementor-section-height-default\" data-id=\"fbe2e7d\" data-element_type=\"section\" data-e-type=\"section\">\n\t\t\t\t\t\t<div class=\"elementor-container elementor-column-gap-default\">\n\t\t\t\t\t<div class=\"elementor-column elementor-col-100 elementor-top-column elementor-element elementor-element-2a0fd57\" data-id=\"2a0fd57\" data-element_type=\"column\" data-e-type=\"column\">\n\t\t\t<div class=\"elementor-widget-wrap elementor-element-populated\">\n\t\t\t\t\t\t<section class=\"elementor-section elementor-inner-section elementor-element elementor-element-7d3d3b5 elementor-section-boxed elementor-section-height-default elementor-section-height-default\" data-id=\"7d3d3b5\" data-element_type=\"section\" data-e-type=\"section\">\n\t\t\t\t\t\t<div class=\"elementor-container elementor-column-gap-default\">\n\t\t\t\t\t<div class=\"elementor-column elementor-col-50 elementor-inner-column elementor-element elementor-element-59ac3c1\" data-id=\"59ac3c1\" data-element_type=\"column\" data-e-type=\"column\">\n\t\t\t<div class=\"elementor-widget-wrap elementor-element-populated\">\n\t\t\t\t\t\t<div class=\"elementor-element elementor-element-7d25ccb elementor-widget elementor-widget-image\" data-id=\"7d25ccb\" data-element_type=\"widget\" data-e-type=\"widget\" data-widget_type=\"image.default\">\n\t\t\t\t<div class=\"elementor-widget-container\">\n\t\t\t\t\t\t\t\t\t\t\t\t\t\t\t<img decoding=\"async\" width=\"443\" height=\"675\" src=\"https:\/\/salve-corda.org\/wp-content\/uploads\/2021\/07\/saint-simon.png\" class=\"attachment-large size-large wp-image-870\" alt=\"\" srcset=\"https:\/\/salve-corda.org\/wp-content\/uploads\/2021\/07\/saint-simon.png 443w, https:\/\/salve-corda.org\/wp-content\/uploads\/2021\/07\/saint-simon-197x300.png 197w\" sizes=\"(max-width: 443px) 100vw, 443px\" \/>\t\t\t\t\t\t\t\t\t\t\t\t\t\t\t<\/div>\n\t\t\t\t<\/div>\n\t\t\t\t\t<\/div>\n\t\t<\/div>\n\t\t\t\t<div class=\"elementor-column elementor-col-50 elementor-inner-column elementor-element elementor-element-276cc60\" data-id=\"276cc60\" data-element_type=\"column\" data-e-type=\"column\">\n\t\t\t<div class=\"elementor-widget-wrap elementor-element-populated\">\n\t\t\t\t\t\t<div class=\"elementor-element elementor-element-6639647 elementor-widget elementor-widget-text-editor\" data-id=\"6639647\" data-element_type=\"widget\" data-e-type=\"widget\" data-widget_type=\"text-editor.default\">\n\t\t\t\t<div class=\"elementor-widget-container\">\n\t\t\t\t\t\t\t\t\t<p><span style=\"color: #333333;\"><strong>La certitude d&#8217;aller au ciel<\/strong><\/span><\/p><p><span style=\"color: #616161;\">C&#8217;est la grande promesse de Notre Dame \u00e0 notre \u00e9gard si nous suivons cinq fois de suite les 1ers samedis du mois. Nous rappelons ici ses paroles:<\/span><\/p><p><span style=\"color: #0000ff;\"><i>\"Todos aqueles que, durante 5 meses, no primeiro s\u00e1bado, se confessarem, comungarem, rezarem o ter\u00e7o e me acompanharem durante 15 minutos nos 15 mist\u00e9rios do ter\u00e7o, em esp\u00edrito de repara\u00e7\u00e3o, <b>Prometo<\/b><\/i><b><i>s<\/i><i>\u00a0para os assistir na hora da morte com todas as<\/i><i>s<\/i><\/b><i><b>\u00a0as gra\u00e7as necess\u00e1rias para a salva\u00e7\u00e3o das suas almas.<\/b>\u00a0\"<\/i><\/span><\/p><p><span style=\"color: #333333;\"><i>A Virgem Maria, Pontevedra 10 de dezembro de 1925<\/i><\/span><\/p><p><span style=\"color: #333333;\"><i>\u00a0<\/i><\/span><\/p><p><span style=\"color: #333333;\"><strong>Liberta\u00e7\u00e3o do Purgat\u00f3rio (por usar o escapul\u00e1rio)<\/strong><\/span><\/p><p><span style=\"color: #333333;\">Esta promessa est\u00e1 ligada ao escapul\u00e1rio castanho*:<\/span><\/p><p style=\"color: #6288c6;\"><span style=\"color: #0000ff;\"><i>\"Aquele que morrer vestido com esta veste ser\u00e1 salvo, nunca sofrer\u00e1 os fogos eternos. \u00c9 um sinal de salva\u00e7\u00e3o, uma salvaguarda nos momentos de perigo, um penhor de paz e de alian\u00e7a eterna.<\/i><\/span><\/p><p style=\"color: #6288c6;\"><span style=\"color: #0000ff;\"><i>Se no dia da sua passagem para a outra vida, eles (<\/i><i>a<\/i><i>\u00a0filhos do Carmelo) s\u00e3o levados para o purgat\u00f3rio, <b>Irei at\u00e9 l\u00e1 no s\u00e1bado seguinte \u00e0 sua morte e entregarei os que l\u00e1 encontrar <\/b>e lev\u00e1-los de volta ao monte santo e \u00e0 vida eterna\".<\/i><\/span><\/p><p style=\"color: #6288c6;\"><i>\u00a0<\/i><\/p><p style=\"color: #6288c6;\"><i style=\"color: #7a7a7a;\">(*) O escapul\u00e1rio \u00e9 uma redu\u00e7\u00e3o do h\u00e1bito religioso dos Carmelitas, cuja forma e virtudes foram reveladas a S\u00e3o Sim\u00e3o Stock no s\u00e9culo XIII.\u00a0<\/i><i style=\"color: #7a7a7a;\">s\u00e9culo<\/i><i style=\"color: #7a7a7a;\">. O escapul\u00e1rio \u00e9 feito de tecido de l\u00e3 castanha. Num dos lados, ostenta frequentemente a Cruz Sagrada.<\/i><i style=\"color: #7a7a7a;\">Cora\u00e7\u00e3o<\/i><i style=\"color: #7a7a7a;\">\u00a0e, por outro, Nossa Senhora do Carmo, cujo nome deriva da montanha da Palestina.\u00a0<\/i><i style=\"color: #7a7a7a;\">O Papa S\u00e3o Pio X autorizou o uso do escapul\u00e1rio sob a forma de medalha quando as circunst\u00e2ncias o exigissem.\u00a0<\/i><\/p>\t\t\t\t\t\t\t\t<\/div>\n\t\t\t\t<\/div>\n\t\t\t\t\t<\/div>\n\t\t<\/div>\n\t\t\t\t\t<\/div>\n\t\t<\/section>\n\t\t\t\t\t<\/div>\n\t\t<\/div>\n\t\t\t\t\t<\/div>\n\t\t<\/section>\n\t\t\t\t<section class=\"elementor-section elementor-top-section elementor-element elementor-element-1e53515 elementor-section-boxed elementor-section-height-default elementor-section-height-default\" data-id=\"1e53515\" data-element_type=\"section\" data-e-type=\"section\">\n\t\t\t\t\t\t<div class=\"elementor-container elementor-column-gap-default\">\n\t\t\t\t\t<div class=\"elementor-column elementor-col-100 elementor-top-column elementor-element elementor-element-6ae2238\" data-id=\"6ae2238\" data-element_type=\"column\" data-e-type=\"column\">\n\t\t\t<div class=\"elementor-widget-wrap elementor-element-populated\">\n\t\t\t\t\t\t<div class=\"elementor-element elementor-element-293a5eb elementor-widget elementor-widget-heading\" data-id=\"293a5eb\" data-element_type=\"widget\" data-e-type=\"widget\" data-widget_type=\"heading.default\">\n\t\t\t\t<div class=\"elementor-widget-container\">\n\t\t\t\t\t<h2 class=\"elementor-heading-title elementor-size-default\">As OUTRAS PROMESSAS (Sagrado Cora\u00e7\u00e3o em Paray-le-Monial)<\/h2>\t\t\t\t<\/div>\n\t\t\t\t<\/div>\n\t\t\t\t\t<\/div>\n\t\t<\/div>\n\t\t\t\t\t<\/div>\n\t\t<\/section>\n\t\t\t\t<section class=\"elementor-section elementor-top-section elementor-element elementor-element-b52b262 elementor-section-boxed elementor-section-height-default elementor-section-height-default\" data-id=\"b52b262\" data-element_type=\"section\" data-e-type=\"section\">\n\t\t\t\t\t\t<div class=\"elementor-container elementor-column-gap-default\">\n\t\t\t\t\t<div class=\"elementor-column elementor-col-100 elementor-top-column elementor-element elementor-element-b3b5428\" data-id=\"b3b5428\" data-element_type=\"column\" data-e-type=\"column\">\n\t\t\t<div class=\"elementor-widget-wrap elementor-element-populated\">\n\t\t\t\t\t\t<section class=\"elementor-section elementor-inner-section elementor-element elementor-element-544df0a elementor-section-boxed elementor-section-height-default elementor-section-height-default\" data-id=\"544df0a\" data-element_type=\"section\" data-e-type=\"section\">\n\t\t\t\t\t\t<div class=\"elementor-container elementor-column-gap-default\">\n\t\t\t\t\t<div class=\"elementor-column elementor-col-50 elementor-inner-column elementor-element elementor-element-96cb533\" data-id=\"96cb533\" data-element_type=\"column\" data-e-type=\"column\">\n\t\t\t<div class=\"elementor-widget-wrap elementor-element-populated\">\n\t\t\t\t\t\t<div class=\"elementor-element elementor-element-8a7590d elementor-widget elementor-widget-text-editor\" data-id=\"8a7590d\" data-element_type=\"widget\" data-e-type=\"widget\" data-widget_type=\"text-editor.default\">\n\t\t\t\t<div class=\"elementor-widget-container\">\n\t\t\t\t\t\t\t\t\t<p><span style=\"color: #616161;\"><strong>Para os fi\u00e9is<\/strong><\/span><\/p><p><span style=\"color: #616161;\"><strong>\u00a0<\/strong><\/span><\/p><p><span style=\"color: #0000ff;\"><i style=\"font-family: var( --e-global-typography-text-font-family ), Sans-serif; font-size: var( --e-global-typography-text-font-size ); font-weight: var( --e-global-typography-text-font-weight );\">\"Vou trazer paz \u00e0s suas fam\u00edlias.<\/i><\/span><\/p><p><span style=\"color: #0000ff;\"><i>Dar-lhes-ei todas as gra\u00e7as de que necessitam no seu estado<\/i><i>.<\/i><\/span><\/p><p><span style=\"color: #0000ff;\"><i>Consol\u00e1-los-ei em todas as suas tristezas.<\/i><\/span><\/p><p><span style=\"color: #0000ff;\"><i>Serei o seu porto seguro na vida e, sobretudo, na morte.<\/i><\/span><\/p><p><span style=\"color: #0000ff;\"><i>Aben\u00e7oarei abundantemente todos os seus esfor\u00e7os.<\/i><\/span><\/p><p><span style=\"color: #0000ff;\"><i>Aben\u00e7oarei as casas onde a imagem do meu Cora\u00e7\u00e3o \u00e9 exposta e honrada\".<\/i><\/span><\/p><p><b>\u00a0<\/b><\/p><p><span style=\"color: #616161;\"><b>Para as na\u00e7\u00f5es<\/b><\/span><\/p><p><span style=\"color: #616161;\"><b>\u00a0<\/b><\/span><\/p><p><span style=\"color: #0000ff;\"><i>\u00ab\u00a0Fais savoir au fils a\u00een\u00e9 de mon Sacr\u00e9-C\u0153ur que, comme sa naissance temporelle a \u00e9t\u00e9 obtenue par la d\u00e9votion aux m\u00e9rites de ma Sainte Enfance, de m\u00eame il obtiendra sa naissance de gr\u00e2ce et de gloire \u00e9ternelle par la cons\u00e9cration qu&#8217;il fera de lui-m\u00eame \u00e0 Mon C\u0153ur adorable qui veut triompher du sien et, par son entremise, de celui des grands de la terre. Il veut r\u00e9gner dans son palais, \u00eatre peint dans ses \u00e9tendards et grav\u00e9 dans ses armes, <\/i><b><i>para os tornar vitoriosos sobre todos os seus inimigos, derrubando a seus p\u00e9s essas cabe\u00e7as orgulhosas e soberbas, para o tornar triunfante sobre todos os inimigos da Santa Igreja <\/i><\/b><i>\"<\/i><\/span><\/p><p><i>\u00a0<\/i><\/p>\t\t\t\t\t\t\t\t<\/div>\n\t\t\t\t<\/div>\n\t\t\t\t\t<\/div>\n\t\t<\/div>\n\t\t\t\t<div class=\"elementor-column elementor-col-50 elementor-inner-column elementor-element elementor-element-79c2c33\" data-id=\"79c2c33\" data-element_type=\"column\" data-e-type=\"column\">\n\t\t\t<div class=\"elementor-widget-wrap elementor-element-populated\">\n\t\t\t\t\t\t<div class=\"elementor-element elementor-element-751478b elementor-widget elementor-widget-image\" data-id=\"751478b\" data-element_type=\"widget\" data-e-type=\"widget\" data-widget_type=\"image.default\">\n\t\t\t\t<div class=\"elementor-widget-container\">\n\t\t\t\t\t\t\t\t\t\t\t\t\t\t\t<img loading=\"lazy\" decoding=\"async\" width=\"640\" height=\"967\" src=\"https:\/\/salve-corda.org\/wp-content\/uploads\/2024\/03\/76741313-o-678x1024-1.jpg\" class=\"attachment-large size-large wp-image-6795\" alt=\"\" srcset=\"https:\/\/salve-corda.org\/wp-content\/uploads\/2024\/03\/76741313-o-678x1024-1.jpg 678w, https:\/\/salve-corda.org\/wp-content\/uploads\/2024\/03\/76741313-o-678x1024-1-199x300.jpg 199w\" sizes=\"(max-width: 640px) 100vw, 640px\" \/>\t\t\t\t\t\t\t\t\t\t\t\t\t\t\t<\/div>\n\t\t\t\t<\/div>\n\t\t\t\t\t<\/div>\n\t\t<\/div>\n\t\t\t\t\t<\/div>\n\t\t<\/section>\n\t\t\t\t\t<\/div>\n\t\t<\/div>\n\t\t\t\t\t<\/div>\n\t\t<\/section>\n\t\t\t\t<section class=\"elementor-section elementor-top-section elementor-element elementor-element-5e4fce0 elementor-section-boxed elementor-section-height-default elementor-section-height-default\" data-id=\"5e4fce0\" data-element_type=\"section\" data-e-type=\"section\">\n\t\t\t\t\t\t<div class=\"elementor-container elementor-column-gap-default\">\n\t\t\t\t\t<div class=\"elementor-column elementor-col-100 elementor-top-column elementor-element elementor-element-95c39b2\" data-id=\"95c39b2\" data-element_type=\"column\" data-e-type=\"column\">\n\t\t\t<div class=\"elementor-widget-wrap elementor-element-populated\">\n\t\t\t\t\t\t<section class=\"elementor-section elementor-inner-section elementor-element elementor-element-845ee09 elementor-section-boxed elementor-section-height-default elementor-section-height-default\" data-id=\"845ee09\" data-element_type=\"section\" data-e-type=\"section\">\n\t\t\t\t\t\t<div class=\"elementor-container elementor-column-gap-default\">\n\t\t\t\t\t<div class=\"elementor-column elementor-col-50 elementor-inner-column elementor-element elementor-element-53be7ff\" data-id=\"53be7ff\" data-element_type=\"column\" data-e-type=\"column\">\n\t\t\t<div class=\"elementor-widget-wrap elementor-element-populated\">\n\t\t\t\t\t\t<div class=\"elementor-element elementor-element-f55cc9c elementor-widget elementor-widget-image\" data-id=\"f55cc9c\" data-element_type=\"widget\" data-e-type=\"widget\" data-widget_type=\"image.default\">\n\t\t\t\t<div class=\"elementor-widget-container\">\n\t\t\t\t\t\t\t\t\t\t\t\t\t\t\t<img loading=\"lazy\" decoding=\"async\" width=\"640\" height=\"665\" src=\"https:\/\/salve-corda.org\/wp-content\/uploads\/2021\/09\/Sans-titre-8.png\" class=\"attachment-large size-large wp-image-2409\" alt=\"\" srcset=\"https:\/\/salve-corda.org\/wp-content\/uploads\/2021\/09\/Sans-titre-8.png 677w, https:\/\/salve-corda.org\/wp-content\/uploads\/2021\/09\/Sans-titre-8-289x300.png 289w\" sizes=\"(max-width: 640px) 100vw, 640px\" \/>\t\t\t\t\t\t\t\t\t\t\t\t\t\t\t<\/div>\n\t\t\t\t<\/div>\n\t\t\t\t\t<\/div>\n\t\t<\/div>\n\t\t\t\t<div class=\"elementor-column elementor-col-50 elementor-inner-column elementor-element elementor-element-2a10d07\" data-id=\"2a10d07\" data-element_type=\"column\" data-e-type=\"column\">\n\t\t\t<div class=\"elementor-widget-wrap elementor-element-populated\">\n\t\t\t\t\t\t<div class=\"elementor-element elementor-element-401f347 elementor-widget elementor-widget-text-editor\" data-id=\"401f347\" data-element_type=\"widget\" data-e-type=\"widget\" data-widget_type=\"text-editor.default\">\n\t\t\t\t<div class=\"elementor-widget-container\">\n\t\t\t\t\t\t\t\t\t<p><strong><span style=\"color: #696868;\">Para a nossa pr\u00f3pria salva\u00e7\u00e3o<\/span><\/strong><\/p>\n<p><strong><span style=\"color: #696868;\">&nbsp;<\/span><\/strong><\/p>\n<p><i>&nbsp;<\/i><i style=\"color: var( --e-global-color-primary ); font-family: var( --e-global-typography-text-font-family ), Sans-serif; font-size: var( --e-global-typography-text-font-size ); font-weight: var( --e-global-typography-text-font-weight );\">\"Os pecadores encontrar\u00e3o no meu Cora\u00e7\u00e3o a fonte e o oceano infinito da miseric\u00f3rdia.<\/i><\/p><p><i style=\"color: var( --e-global-color-primary ); font-family: var( --e-global-typography-text-font-family ), Sans-serif; font-size: var( --e-global-typography-text-font-size ); font-weight: var( --e-global-typography-text-font-weight );\"><br><\/i><\/p>\n<p><i>As almas mornas tornar-se-\u00e3o fervorosas.<\/i><\/p>\n<p><i>As almas fervorosas elevar-se-\u00e3o \u00e0 grande perfei\u00e7\u00e3o.<\/i><\/p>\n<p><i>Aqueles que espalharem esta devo\u00e7\u00e3o ter\u00e3o os seus nomes escritos no meu Cora\u00e7\u00e3o, onde nunca ser\u00e3o apagados.<\/i><i>.<\/i><\/p><p><i><br><\/i><\/p>\n<p><i>Prometo-vos, no excesso da miseric\u00f3rdia do meu Cora\u00e7\u00e3o, que o meu amor todo-poderoso conceder\u00e1 a todos os que comungarem <\/i><i>primeiras sextas-feiras, <\/i><i>nove meses seguidos, <\/i><b><i>a gra\u00e7a da penit\u00eancia final, que eles<\/i><\/b> <b><i>n\u00e3o morrerei na minha desgra\u00e7a<\/i><\/b><i>Estou certo de que poder\u00e3o faz\u00ea-lo sem receber os sacramentos e que o meu Cora\u00e7\u00e3o se tornar\u00e1 o seu porto seguro nesta \u00faltima hora.&nbsp;<\/i><i>\"<\/i><\/p>\n<p><i>&nbsp;<\/i><\/p>\n<p><\/p>\n<p><span style=\"color: #636363;\">Esta \u00faltima promessa para aqueles que fazem as nove primeiras sextas-feiras do m\u00eas \u00e9 tamb\u00e9m uma gra\u00e7a incr\u00edvel que nos \u00e9 dada. Ela mostra o poder que Cristo d\u00e1 \u00e0s primeiras sextas-feiras do m\u00eas.<\/span><\/p><p><span style=\"color: #636363;\"><br><\/span><\/p><p><span style=\"color: #636363;\"><br><\/span><\/p><p><span style=\"color: #636363;\"><br><\/span><\/p>\t\t\t\t\t\t\t\t<\/div>\n\t\t\t\t<\/div>\n\t\t\t\t\t<\/div>\n\t\t<\/div>\n\t\t\t\t\t<\/div>\n\t\t<\/section>\n\t\t\t\t\t<\/div>\n\t\t<\/div>\n\t\t\t\t\t<\/div>\n\t\t<\/section>\n\t\t\t\t<\/div>","protected":false},"excerpt":{"rendered":"<p>As magn\u00edficas promessas, se as cumprirmos no \"primeiro s\u00e1bado do m\u00eas\" 1\/ REPARA\u00c7\u00c3O DOS ESTRAGOS COMETIDOS CONTRA OS CORA\u00c7\u00d5ES DE MARIA E DE JESUS A primeira consequ\u00eancia \u00e9 a repara\u00e7\u00e3o efectiva dos [...].<\/p>","protected":false},"author":1,"featured_media":0,"parent":0,"menu_order":0,"comment_status":"closed","ping_status":"closed","template":"elementor_header_footer","meta":{"footnotes":""},"class_list":["post-580","page","type-page","status-publish","hentry"],"_links":{"self":[{"href":"https:\/\/salve-corda.org\/pt\/wp-json\/wp\/v2\/pages\/580","targetHints":{"allow":["GET"]}}],"collection":[{"href":"https:\/\/salve-corda.org\/pt\/wp-json\/wp\/v2\/pages"}],"about":[{"href":"https:\/\/salve-corda.org\/pt\/wp-json\/wp\/v2\/types\/page"}],"author":[{"embeddable":true,"href":"https:\/\/salve-corda.org\/pt\/wp-json\/wp\/v2\/users\/1"}],"replies":[{"embeddable":true,"href":"https:\/\/salve-corda.org\/pt\/wp-json\/wp\/v2\/comments?post=580"}],"version-history":[{"count":131,"href":"https:\/\/salve-corda.org\/pt\/wp-json\/wp\/v2\/pages\/580\/revisions"}],"predecessor-version":[{"id":6801,"href":"https:\/\/salve-corda.org\/pt\/wp-json\/wp\/v2\/pages\/580\/revisions\/6801"}],"wp:attachment":[{"href":"https:\/\/salve-corda.org\/pt\/wp-json\/wp\/v2\/media?parent=580"}],"curies":[{"name":"wp","href":"https:\/\/api.w.org\/{rel}","templated":true}]}}