{"id":9194,"date":"2024-03-27T02:57:51","date_gmt":"2024-03-27T01:57:51","guid":{"rendered":"https:\/\/salve-corda.org\/?page_id=9194"},"modified":"2024-03-27T03:42:03","modified_gmt":"2024-03-27T02:42:03","slug":"que-faire-si-pas-de-messe-le-samedi-matin","status":"publish","type":"page","link":"https:\/\/salve-corda.org\/pt\/que-faire-si-pas-de-messe-le-samedi-matin\/","title":{"rendered":"E se n\u00e3o houver missa no s\u00e1bado de manh\u00e3?"},"content":{"rendered":"<div data-elementor-type=\"wp-page\" data-elementor-id=\"9194\" class=\"elementor elementor-9194\">\n\t\t\t\t\t\t<section class=\"elementor-section elementor-top-section elementor-element elementor-element-03829f4 elementor-section-boxed elementor-section-height-default elementor-section-height-default\" data-id=\"03829f4\" data-element_type=\"section\" data-e-type=\"section\">\n\t\t\t\t\t\t<div class=\"elementor-container elementor-column-gap-default\">\n\t\t\t\t\t<div class=\"elementor-column elementor-col-100 elementor-top-column elementor-element elementor-element-e6bde18\" data-id=\"e6bde18\" data-element_type=\"column\" data-e-type=\"column\">\n\t\t\t<div class=\"elementor-widget-wrap\">\n\t\t\t\t\t\t\t<\/div>\n\t\t<\/div>\n\t\t\t\t\t<\/div>\n\t\t<\/section>\n\t\t\t\t<section class=\"elementor-section elementor-top-section elementor-element elementor-element-e20f0f0 elementor-section-boxed elementor-section-height-default elementor-section-height-default\" data-id=\"e20f0f0\" data-element_type=\"section\" data-e-type=\"section\">\n\t\t\t\t\t\t<div class=\"elementor-container elementor-column-gap-default\">\n\t\t\t\t\t<div class=\"elementor-column elementor-col-100 elementor-top-column elementor-element elementor-element-5eb62ff\" data-id=\"5eb62ff\" data-element_type=\"column\" data-e-type=\"column\">\n\t\t\t<div class=\"elementor-widget-wrap elementor-element-populated\">\n\t\t\t\t\t\t<div class=\"elementor-element elementor-element-102c535 elementor-widget elementor-widget-spacer\" data-id=\"102c535\" data-element_type=\"widget\" data-e-type=\"widget\" data-widget_type=\"spacer.default\">\n\t\t\t\t<div class=\"elementor-widget-container\">\n\t\t\t\t\t\t\t<div class=\"elementor-spacer\">\n\t\t\t<div class=\"elementor-spacer-inner\"><\/div>\n\t\t<\/div>\n\t\t\t\t\t\t<\/div>\n\t\t\t\t<\/div>\n\t\t\t\t<div class=\"elementor-element elementor-element-1920d56 elementor-widget elementor-widget-heading\" data-id=\"1920d56\" data-element_type=\"widget\" data-e-type=\"widget\" data-widget_type=\"heading.default\">\n\t\t\t\t<div class=\"elementor-widget-container\">\n\t\t\t\t\t<h2 class=\"elementor-heading-title elementor-size-default\">E se eu n\u00e3o puder ir \u00e0 missa no s\u00e1bado de manh\u00e3?<\/h2>\t\t\t\t<\/div>\n\t\t\t\t<\/div>\n\t\t\t\t<div class=\"elementor-element elementor-element-7b7a661 elementor-widget elementor-widget-text-editor\" data-id=\"7b7a661\" data-element_type=\"widget\" data-e-type=\"widget\" data-widget_type=\"text-editor.default\">\n\t\t\t\t<div class=\"elementor-widget-container\">\n\t\t\t\t\t\t\t\t\t<p>Nous sommes dans une p\u00e9riode de crise de l\u2019\u00c9glise sans pr\u00e9c\u00e9dent et il n\u2019est pas toujours facile d&#8217;avoir une messe les 1<sup>ers<\/sup> samedis du mois. Par ailleurs on peut avoir des obligations majeures (travail, famille etc.) ou \u00eatre dans l&#8217;impossibilit\u00e9 de se d\u00e9placer (personnes \u00e2g\u00e9es, malades, etc.) Voici ce qu\u2019il faut faire en fonction des situations.<\/p>\n<p><br><\/p>\n<p><\/p>\t\t\t\t\t\t\t\t<\/div>\n\t\t\t\t<\/div>\n\t\t\t\t<div class=\"elementor-element elementor-element-fa3d7fe elementor-widget elementor-widget-text-editor\" data-id=\"fa3d7fe\" data-element_type=\"widget\" data-e-type=\"widget\" data-widget_type=\"text-editor.default\">\n\t\t\t\t<div class=\"elementor-widget-container\">\n\t\t\t\t\t\t\t\t\t<p>Situation 1: Il n&#8217;y a pas de messe le samedi matin pres de chez soi<\/p>\t\t\t\t\t\t\t\t<\/div>\n\t\t\t\t<\/div>\n\t\t\t\t<div class=\"elementor-element elementor-element-fcaa0a6 elementor-widget elementor-widget-text-editor\" data-id=\"fcaa0a6\" data-element_type=\"widget\" data-e-type=\"widget\" data-widget_type=\"text-editor.default\">\n\t\t\t\t<div class=\"elementor-widget-container\">\n\t\t\t\t\t\t\t\t\t<p><span style=\"color: var( --e-global-color-text ); font-family: var( --e-global-typography-18e5089-font-family ), Sans-serif; font-size: var( --e-global-typography-18e5089-font-size ); letter-spacing: var( --e-global-typography-18e5089-letter-spacing ); word-spacing: var( --e-global-typography-18e5089-word-spacing );\">Il est alors possible d&#8217;utiliser la messe du samedi soir mais toujours en communiant dans l\u2019intention de r\u00e9parer les offenses faites \u00e0 la Sainte Vierge. (et sans l\u2019utiliser comme \u201cmesse anticip\u00e9e du dimanche\u201c bien s\u00fbr et donc y aller aussi le dimanche).\u00a0<\/span><\/p><p>\u00a0<\/p><p><em>Nota: se tiver pouco tempo dispon\u00edvel, n\u00e3o precisa de assistir \u00e0 \"Liturgia da Palavra\", uma vez que esta ser\u00e1 seguida da missa do domingo seguinte. Assim, \u00e9 poss\u00edvel chegar apenas para o ofert\u00f3rio e para comungar.<\/em><\/p>\t\t\t\t\t\t\t\t<\/div>\n\t\t\t\t<\/div>\n\t\t\t\t<div class=\"elementor-element elementor-element-014691a elementor-widget elementor-widget-text-editor\" data-id=\"014691a\" data-element_type=\"widget\" data-e-type=\"widget\" data-widget_type=\"text-editor.default\">\n\t\t\t\t<div class=\"elementor-widget-container\">\n\t\t\t\t\t\t\t\t\t<p>situation 2: il n&#8217;y a pas du tout de messe le samedi pres de chez soi (ou on ne peut pas se deplacer)<\/p>\t\t\t\t\t\t\t\t<\/div>\n\t\t\t\t<\/div>\n\t\t\t\t<div class=\"elementor-element elementor-element-83e90f2 elementor-widget elementor-widget-text-editor\" data-id=\"83e90f2\" data-element_type=\"widget\" data-e-type=\"widget\" data-widget_type=\"text-editor.default\">\n\t\t\t\t<div class=\"elementor-widget-container\">\n\t\t\t\t\t\t\t\t\t<p><\/p>\n<p>Cela peut arriver notamment en pleine campagne ou s&#8217;il on est malade.&nbsp;<\/p>\n<p>O pr\u00f3prio Cristo respondeu a esta pergunta \u00e0 Irm\u00e3 L\u00facia e explicou-lhe <strong>em caso de impossibilidade total<\/strong> aos s\u00e1bados, a comunh\u00e3o dominical era v\u00e1lida sob duas condi\u00e7\u00f5es:&nbsp;<\/p>\n<p>(1) signaler au pr\u00eatre &nbsp;que l&#8217;on r\u00e9alise le 1er samedi du mois ce dimanche et&nbsp;<\/p>\n<p>(2)&nbsp;<strong>receber sempre a comunh\u00e3o em repara\u00e7\u00e3o das ofensas<\/strong> feita \u00e0 Sant\u00edssima Virgem.&nbsp;<\/p>\n<p>\u00c9 claro que os outros pedidos (ter\u00e7o e 15 minutos de medita\u00e7\u00e3o) s\u00e3o feitos aos s\u00e1bados, e a confiss\u00e3o no prazo de oito dias.<\/p><p><br><\/p>\n<p><\/p>\n<p><\/p>\t\t\t\t\t\t\t\t<\/div>\n\t\t\t\t<\/div>\n\t\t\t\t<div class=\"elementor-element elementor-element-b3842a9 elementor-widget elementor-widget-text-editor\" data-id=\"b3842a9\" data-element_type=\"widget\" data-e-type=\"widget\" data-widget_type=\"text-editor.default\">\n\t\t\t\t<div class=\"elementor-widget-container\">\n\t\t\t\t\t\t\t\t\t<p>situation 3: il n&#8217;y a pas du tout de messe (et pas de confessions)<\/p>\t\t\t\t\t\t\t\t<\/div>\n\t\t\t\t<\/div>\n\t\t\t\t<div class=\"elementor-element elementor-element-db0f12b elementor-widget elementor-widget-text-editor\" data-id=\"db0f12b\" data-element_type=\"widget\" data-e-type=\"widget\" data-widget_type=\"text-editor.default\">\n\t\t\t\t<div class=\"elementor-widget-container\">\n\t\t\t\t\t\t\t\t\t<p>Se n\u00e3o puder viajar ou se tiver de enfrentar medidas de persegui\u00e7\u00e3o que o impe\u00e7am de assistir \u00e0s missas, confiss\u00f5es, etc., no primeiro s\u00e1bado de cada m\u00eas <strong>continua a ser perfeitamente poss\u00edvel<\/strong>.\u00a0<\/p><p>Neste caso, o 1<sup>er<\/sup> S\u00e1bado de cada m\u00eas, rezar o ter\u00e7o e meditar durante 15 minutos um mist\u00e9rio do Ros\u00e1rio. Em seguida, fazer um exame de consci\u00eancia, pedir perd\u00e3o a Deus e fazer uma comunh\u00e3o espiritual.\u00a0<span style=\"color: var( --e-global-color-text ); font-family: var( --e-global-typography-18e5089-font-family ), Sans-serif; font-size: var( --e-global-typography-18e5089-font-size ); letter-spacing: var( --e-global-typography-18e5089-letter-spacing ); word-spacing: var( --e-global-typography-18e5089-word-spacing );\">\u00a0<\/span><\/p><p><span style=\"color: var( --e-global-color-text ); font-family: var( --e-global-typography-18e5089-font-family ), Sans-serif; font-size: var( --e-global-typography-18e5089-font-size ); letter-spacing: var( --e-global-typography-18e5089-letter-spacing ); word-spacing: var( --e-global-typography-18e5089-word-spacing );\">\u00a0<\/span><\/p><p><span style=\"color: var( --e-global-color-text ); font-family: var( --e-global-typography-18e5089-font-family ), Sans-serif; font-size: var( --e-global-typography-18e5089-font-size ); letter-spacing: var( --e-global-typography-18e5089-letter-spacing ); word-spacing: var( --e-global-typography-18e5089-word-spacing );\">Pode faz\u00ea-lo sozinho ou com outras pessoas, consoante a sua situa\u00e7\u00e3o. Se puder viajar, deve faz\u00ea-lo numa capela ou numa igreja.<\/span><\/p><p><span style=\"color: var( --e-global-color-text ); font-family: var( --e-global-typography-18e5089-font-family ), Sans-serif; font-size: var( --e-global-typography-18e5089-font-size ); letter-spacing: var( --e-global-typography-18e5089-letter-spacing ); word-spacing: var( --e-global-typography-18e5089-word-spacing );\">\u00a0<\/span><\/p><p><span style=\"color: var( --e-global-color-text ); font-family: var( --e-global-typography-18e5089-font-family ), Sans-serif; font-size: var( --e-global-typography-18e5089-font-size ); letter-spacing: var( --e-global-typography-18e5089-letter-spacing ); word-spacing: var( --e-global-typography-18e5089-word-spacing );\">\u00a0<\/span><u style=\"color: var( --e-global-color-text ); font-family: var( --e-global-typography-18e5089-font-family ), Sans-serif; font-size: var( --e-global-typography-18e5089-font-size ); letter-spacing: var( --e-global-typography-18e5089-letter-spacing ); word-spacing: var( --e-global-typography-18e5089-word-spacing );\">Ver abaixo<\/u><span style=\"color: var( --e-global-color-text ); font-family: var( --e-global-typography-18e5089-font-family ), Sans-serif; font-size: var( --e-global-typography-18e5089-font-size ); letter-spacing: var( --e-global-typography-18e5089-letter-spacing ); word-spacing: var( --e-global-typography-18e5089-word-spacing );\"> como alcan\u00e7ar a comunh\u00e3o espiritual no primeiro s\u00e1bado do m\u00eas.<\/span><\/p>\t\t\t\t\t\t\t\t<\/div>\n\t\t\t\t<\/div>\n\t\t\t\t\t<\/div>\n\t\t<\/div>\n\t\t\t\t\t<\/div>\n\t\t<\/section>\n\t\t\t\t<section class=\"elementor-section elementor-top-section elementor-element elementor-element-b644754 elementor-section-boxed elementor-section-height-default elementor-section-height-default\" data-id=\"b644754\" data-element_type=\"section\" data-e-type=\"section\">\n\t\t\t\t\t\t<div class=\"elementor-container elementor-column-gap-default\">\n\t\t\t\t\t<div class=\"elementor-column elementor-col-100 elementor-top-column elementor-element elementor-element-2a05b14\" data-id=\"2a05b14\" data-element_type=\"column\" data-e-type=\"column\">\n\t\t\t<div class=\"elementor-widget-wrap elementor-element-populated\">\n\t\t\t\t\t\t<div class=\"elementor-element elementor-element-b4566a5 elementor-widget elementor-widget-text-editor\" data-id=\"b4566a5\" data-element_type=\"widget\" data-e-type=\"widget\" data-widget_type=\"text-editor.default\">\n\t\t\t\t<div class=\"elementor-widget-container\">\n\t\t\t\t\t\t\t\t\t<p>comunh\u00e3o espiritual em casos de for\u00e7a maior<\/p>\t\t\t\t\t\t\t\t<\/div>\n\t\t\t\t<\/div>\n\t\t\t\t\t<\/div>\n\t\t<\/div>\n\t\t\t\t\t<\/div>\n\t\t<\/section>\n\t\t\t\t<section class=\"elementor-section elementor-top-section elementor-element elementor-element-98632f1 elementor-section-boxed elementor-section-height-default elementor-section-height-default\" data-id=\"98632f1\" data-element_type=\"section\" data-e-type=\"section\">\n\t\t\t\t\t\t<div class=\"elementor-container elementor-column-gap-default\">\n\t\t\t\t\t<div class=\"elementor-column elementor-col-100 elementor-top-column elementor-element elementor-element-d385a1c\" data-id=\"d385a1c\" data-element_type=\"column\" data-e-type=\"column\">\n\t\t\t<div class=\"elementor-widget-wrap elementor-element-populated\">\n\t\t\t\t\t\t<div class=\"elementor-element elementor-element-c0f461f elementor-widget elementor-widget-text-editor\" data-id=\"c0f461f\" data-element_type=\"widget\" data-e-type=\"widget\" data-widget_type=\"text-editor.default\">\n\t\t\t\t<div class=\"elementor-widget-container\">\n\t\t\t\t\t\t\t\t\t<p>Pode haver circunst\u00e2ncias reais e objectivas (e n\u00e3o de conforto) em que a comunh\u00e3o sacramental (receber efetivamente a h\u00f3stia) seja IMPOSS\u00cdVEL: impossibilidade material de viajar (doen\u00e7a, falta de meios de transporte, etc.), aus\u00eancia de missa (crise da Igreja), persegui\u00e7\u00e3o, medidas governamentais, etc.<\/p><p>\u00a0<\/p><p>Neste caso, h\u00e1 ainda uma maneira simples de responder ao pedido da Sant\u00edssima Virgem para receber a comunh\u00e3o no dia 1<sup>ers <\/sup>S\u00e1bados do m\u00eas: comunh\u00e3o espiritual (tamb\u00e9m chamada comunh\u00e3o de desejo). O Conc\u00edlio de Trento definiu-a muito claramente: <em><span style=\"color: #0000ff;\">\"Comunicar espiritualmente \u00e9 unir-se a Jesus Cristo presente na Eucaristia, n\u00e3o o recebendo sacramentalmente, mas recebendo-o espiritualmente. <strong>por um desejo<\/strong> <strong>que prov\u00e9m de uma f\u00e9 animada pela caridade<\/strong>. \"<\/span> (Conc\u00edlio de Trento, sess\u00e3o XII)<\/em><\/p><p>\u00a0<\/p><p>S\u00e3o Tom\u00e1s resume os frutos desta comunh\u00e3o espiritual em quatro palavras: <em><span style=\"color: #0000ff;\">\"Como a outra comunh\u00e3o, ela sustenta e fortalece, <strong><u>repara\u00e7\u00f5es <\/u><\/strong>e regozija-se.<\/span> <\/em>Santo Tom\u00e1s especifica, portanto, que esta comunh\u00e3o espiritual \"repara\". Ora, o objetivo fixado pela Sant\u00edssima Virgem para a 1<sup>ers<\/sup> \u00e9 reparar as ofensas que lhe foram feitas. Verificamos, portanto, que em caso de impedimento por motivo de for\u00e7a maior <strong><u>Gra\u00e7as \u00e0 comunh\u00e3o espiritual, podemos continuar a praticar plenamente no primeiro s\u00e1bado do m\u00eas.<\/u><\/strong><\/p><p>\u00a0<\/p><p><strong>Como praticar a comunh\u00e3o espiritual<\/strong><\/p><p>\u00a0<\/p><p><strong>1\/ Antes da comunh\u00e3o<\/strong> preparamo-nos como para uma comunh\u00e3o sacramental. Estar em sil\u00eancio, se poss\u00edvel ajoelhado diante de uma cruz ou de uma imagem\/est\u00e1tua do Sagrado Cora\u00e7\u00e3o de Jesus, de Cristo Rei ou algo semelhante.  Coloca-te na presen\u00e7a da Sant\u00edssima Trindade, de Nossa Senhora, dos Anjos e dos Santos. Meditar durante alguns minutos sobre a renova\u00e7\u00e3o do sacrif\u00edcio da Cruz em cada Missa durante a Eleva\u00e7\u00e3o. Tenha em mente a imagem da Eleva\u00e7\u00e3o apresentada pela Sant\u00edssima Virgem \u00e0 Irm\u00e3 L\u00facia de F\u00e1tima (abaixo). Depois, pedir sinceramente perd\u00e3o a Deus pelas suas faltas (recitar o \"Confesso a Deus\" ou o ato de contri\u00e7\u00e3o e \"Senhor, n\u00e3o sou digno de vos receber...\").<\/p>\t\t\t\t\t\t\t\t<\/div>\n\t\t\t\t<\/div>\n\t\t\t\t\t<\/div>\n\t\t<\/div>\n\t\t\t\t\t<\/div>\n\t\t<\/section>\n\t\t\t\t<section class=\"elementor-section elementor-top-section elementor-element elementor-element-60219c6 elementor-section-boxed elementor-section-height-default elementor-section-height-default\" data-id=\"60219c6\" data-element_type=\"section\" data-e-type=\"section\">\n\t\t\t\t\t\t<div class=\"elementor-container elementor-column-gap-default\">\n\t\t\t\t\t<div class=\"elementor-column elementor-col-50 elementor-top-column elementor-element elementor-element-330e8d0\" data-id=\"330e8d0\" data-element_type=\"column\" data-e-type=\"column\">\n\t\t\t<div class=\"elementor-widget-wrap elementor-element-populated\">\n\t\t\t\t\t\t<div class=\"elementor-element elementor-element-9c18032 elementor-widget elementor-widget-text-editor\" data-id=\"9c18032\" data-element_type=\"widget\" data-e-type=\"widget\" data-widget_type=\"text-editor.default\">\n\t\t\t\t<div class=\"elementor-widget-container\">\n\t\t\t\t\t\t\t\t\t<p><strong>2\/ Para a comunh\u00e3o espiritual<\/strong> fazer um ato de desejo. Para isso, reza uma ora\u00e7\u00e3o como a de Santo Afonso de Lig\u00f3rio, que \u00e9 bela e simples:<\/p><p>\u00a0<\/p><p><span style=\"color: #0000ff;\"><em>\"Meu Jesus, eu creio na tua presen\u00e7a no Sant\u00edssimo Sacramento. Amo-Vos mais do que tudo e quero que entreis na minha alma. N\u00e3o posso agora receber-Vos sacramentalmente no meu cora\u00e7\u00e3o: vinde ao menos espiritualmente. Abra\u00e7o-Vos como se j\u00e1 tiv\u00e9sseis vindo, e uno-me inteiramente a V\u00f3s. N\u00e3o permitais que eu tenha a infelicidade de me separar de V\u00f3s.<\/em><\/span><\/p><p>\u00a0<\/p><p>N\u00e3o hesite em acrescentar uma ora\u00e7\u00e3o de desejo do seu pr\u00f3prio cora\u00e7\u00e3o <strong><u>e oferecer esta comunh\u00e3o espiritual para reparar as ofensas cometidas contra Nossa Senhora.<\/u><\/strong><\/p><p><strong><u>\u00a0<\/u><\/strong><\/p><p><strong>3\/ Depois da comunh\u00e3o<\/strong>A a\u00e7\u00e3o de gra\u00e7as ser\u00e1 feita como na comunh\u00e3o habitual.<\/p>\t\t\t\t\t\t\t\t<\/div>\n\t\t\t\t<\/div>\n\t\t\t\t\t<\/div>\n\t\t<\/div>\n\t\t\t\t<div class=\"elementor-column elementor-col-50 elementor-top-column elementor-element elementor-element-8e05d68\" data-id=\"8e05d68\" data-element_type=\"column\" data-e-type=\"column\">\n\t\t\t<div class=\"elementor-widget-wrap elementor-element-populated\">\n\t\t\t\t\t\t<div class=\"elementor-element elementor-element-96835d6 elementor-widget elementor-widget-image\" data-id=\"96835d6\" data-element_type=\"widget\" data-e-type=\"widget\" data-widget_type=\"image.default\">\n\t\t\t\t<div class=\"elementor-widget-container\">\n\t\t\t\t\t\t\t\t\t\t\t\t\t\t\t<img fetchpriority=\"high\" decoding=\"async\" width=\"236\" height=\"353\" src=\"https:\/\/salve-corda.org\/wp-content\/uploads\/2022\/03\/4253254e1e6dab9b90e5b356adacf524.jpg\" class=\"attachment-large size-large wp-image-5463\" alt=\"\" srcset=\"https:\/\/salve-corda.org\/wp-content\/uploads\/2022\/03\/4253254e1e6dab9b90e5b356adacf524.jpg 236w, https:\/\/salve-corda.org\/wp-content\/uploads\/2022\/03\/4253254e1e6dab9b90e5b356adacf524-201x300.jpg 201w\" sizes=\"(max-width: 236px) 100vw, 236px\" \/>\t\t\t\t\t\t\t\t\t\t\t\t\t\t\t<\/div>\n\t\t\t\t<\/div>\n\t\t\t\t\t<\/div>\n\t\t<\/div>\n\t\t\t\t\t<\/div>\n\t\t<\/section>\n\t\t\t\t<\/div>","protected":false},"excerpt":{"rendered":"<p>que faire si je ne peux pas aller a la messe le samedi matin? Nous sommes dans une p\u00e9riode de crise de l\u2019\u00c9glise sans pr\u00e9c\u00e9dent et il n\u2019est pas toujours facile d&#8217;avoir une [&hellip;]<\/p>","protected":false},"author":2,"featured_media":0,"parent":0,"menu_order":0,"comment_status":"closed","ping_status":"closed","template":"elementor_header_footer","meta":{"footnotes":""},"class_list":["post-9194","page","type-page","status-publish","hentry"],"_links":{"self":[{"href":"https:\/\/salve-corda.org\/pt\/wp-json\/wp\/v2\/pages\/9194","targetHints":{"allow":["GET"]}}],"collection":[{"href":"https:\/\/salve-corda.org\/pt\/wp-json\/wp\/v2\/pages"}],"about":[{"href":"https:\/\/salve-corda.org\/pt\/wp-json\/wp\/v2\/types\/page"}],"author":[{"embeddable":true,"href":"https:\/\/salve-corda.org\/pt\/wp-json\/wp\/v2\/users\/2"}],"replies":[{"embeddable":true,"href":"https:\/\/salve-corda.org\/pt\/wp-json\/wp\/v2\/comments?post=9194"}],"version-history":[{"count":29,"href":"https:\/\/salve-corda.org\/pt\/wp-json\/wp\/v2\/pages\/9194\/revisions"}],"predecessor-version":[{"id":9228,"href":"https:\/\/salve-corda.org\/pt\/wp-json\/wp\/v2\/pages\/9194\/revisions\/9228"}],"wp:attachment":[{"href":"https:\/\/salve-corda.org\/pt\/wp-json\/wp\/v2\/media?parent=9194"}],"curies":[{"name":"wp","href":"https:\/\/api.w.org\/{rel}","templated":true}]}}