{"id":2043,"date":"2021-09-14T20:56:57","date_gmt":"2021-09-14T18:56:57","guid":{"rendered":"https:\/\/salve-corda.org\/?post_type=prieres&#038;p=2043"},"modified":"2021-09-23T23:29:46","modified_gmt":"2021-09-23T21:29:46","slug":"alma-redemptoris-mater","status":"publish","type":"prieres","link":"https:\/\/salve-corda.org\/pt\/prieres\/alma-redemptoris-mater\/","title":{"rendered":"Ora\u00e7\u00f5es de consagra\u00e7\u00e3o"},"content":{"rendered":"<p class=\"has-medium-font-size wp-block-paragraph\"><em>Eis algumas ora\u00e7\u00f5es de consagra\u00e7\u00e3o. Mas h\u00e1 muitas, e cada um \u00e9 livre de escolher a que melhor exprime a sua devo\u00e7\u00e3o interior aos Cora\u00e7\u00f5es Imaculados de Maria e ao Sagrado Cora\u00e7\u00e3o. \u00c9 poss\u00edvel fazer duas consagra\u00e7\u00f5es ou apenas uma aos Cora\u00e7\u00f5es de Jesus e de Maria.<\/em><\/p>\n\n\n\n<p class=\"has-medium-font-size wp-block-paragraph\">1- <strong><u>Consagra\u00e7\u00e3o pessoal ao Imaculado Cora\u00e7\u00e3o de Maria<\/u><\/strong><br><em>Por S\u00e3o Maximiliano Kolbe <\/em><\/p>\n\n\n\n<p class=\"has-medium-font-size wp-block-paragraph\"><span style=\"color:#006984\" class=\"has-inline-color\">\"\u00d3 Virgem Imaculada, Rainha do c\u00e9u e da terra, ref\u00fagio dos pecadores e M\u00e3e de todo o amor, a quem Deus quis confiar toda a ordem da miseric\u00f3rdia, eu, N., indigno pecador, prostro-me aos vossos p\u00e9s e humildemente vos suplico: dignai-vos tomar-me inteira e totalmente, como coisa vossa e propriedade vossa, e fazer de mim o que quiserdes, com todas as faculdades da minha alma e do meu corpo, com toda a minha vida, a minha morte e a minha eternidade. Se for do vosso agrado, disponde tamb\u00e9m de mim, total e completamente, nesta obra em que se deve cumprir o que foi dito de v\u00f3s: \"Se for do vosso agrado, disponde tamb\u00e9m de mim, total e completamente, nesta obra em que se deve cumprir o que foi dito de v\u00f3s.&nbsp;<em>Este vai esmagar-te a cabe\u00e7a<\/em>&nbsp;\"e&nbsp;<em>S\u00f3 Tu destru\u00edste todas as heresias do mundo<\/em>&nbsp;\"Para que eu possa ser na vossa m\u00e3o imaculada e misericordiosa um instrumento que vos ajude a despertar em tantas almas perdidas e mornas a alegria de vos conhecer, a aumentar sem limites a vossa gl\u00f3ria e a estender assim, tanto quanto poss\u00edvel, o reino de infinita do\u00e7ura do Sant\u00edssimo Cora\u00e7\u00e3o de Jesus. De facto, onde quer que entreis, obtendeis a gra\u00e7a da convers\u00e3o e da santifica\u00e7\u00e3o, pois \u00e9 pelas vossas m\u00e3os que nos chegam todas as gra\u00e7as do Sacrat\u00edssimo Cora\u00e7\u00e3o de Jesus. Fazei que eu vos louve, \u00f3 Virgem Santa. Dai-me for\u00e7a contra os vossos inimigos.<\/span><\/p>\n\n\n\n<p class=\"has-medium-font-size wp-block-paragraph\">2- <strong><u>Consagra\u00e7\u00e3o pessoal ao Imaculado Cora\u00e7\u00e3o de Maria<\/u><\/strong><br><em>Por Padre Alonso, especialista em F\u00e1tima <\/em><\/p>\n\n\n\n<p class=\"has-medium-font-size wp-block-paragraph\"><span style=\"color:#006985\" class=\"has-inline-color\">\u00ab&nbsp;Tr\u00e8s Sainte Vierge Marie, M\u00e8re de Dieu et M\u00e8re des hommes, en union avec les intentions de votre C\u0153ur Tr\u00e8s Pur, lorsque vous avez prononc\u00e9 le Fiat de l\u2019Incarnation du Verbe, je me livre et me consacre enti\u00e8rement, dans toute ma personne et avec tout ce qui m\u2019appartient, au P\u00e8re, au Fils et au Saint-Esprit, d&#8217;une mani\u00e8re perp\u00e9tuelle et irr\u00e9vocable.<br>Je me consacre par votre interm\u00e9diaire, \u00f4 ma M\u00e8re, afin d\u2019\u00eatre re\u00e7u par Dieu comme une fleur offerte par vous, et de ne pas \u00eatre repouss\u00e9 par lui, \u00e0 cause de ma mis\u00e8re et de mes p\u00e9ch\u00e9s. Je vous promets, ma M\u00e8re, de vous aimer toujours et de vous servir avec fid\u00e9lit\u00e9, d\u2019imiter vos vertus, et d\u2019accomplir, avec votre assistance, tous mes devoirs de fils de Dieu et de l\u2019\u00c9glise. Pour que cette promesse et cette cons\u00e9cration ne soient pas vaines, je les confie \u00e0 votre C\u0153ur Immacul\u00e9. Gardez-les toujours pour le temps et l&#8217;\u00e9ternit\u00e9, \u00e0 la gloire du P\u00e8re, du Fils et du Saint-Esprit. Ainsi-soit-il.<meta charset=\"utf-8\">\"<\/span><\/p>\n\n\n\n<p class=\"has-medium-font-size wp-block-paragraph\">3- <strong><u>Consagra\u00e7\u00e3o pessoal ao Imaculado Cora\u00e7\u00e3o de Maria<\/u><\/strong><br><em>Por D. Alberto Cosme do Amaral Bispo de F\u00e1tima (de 1984 a 1993)<\/em>)<\/p>\n\n\n\n<p class=\"has-medium-font-size wp-block-paragraph\"><span style=\"color:#006985\" class=\"has-inline-color\">\u00ab&nbsp;Vierge Marie, M\u00e8re de Dieu et notre M\u00e8re, nous nous consacrons \u00e0 Votre C\u0153ur Immacul\u00e9 pour \u00eatre pleinement offerts et consacr\u00e9s au Seigneur. Par Vous, nous serons pr\u00e9sent\u00e9s au Christ, votre Fils et Fils unique de Dieu, et, par Lui et avec Lui, \u00e0 son P\u00e8re \u00c9ternel. Nous marcherons \u00e0 la lumi\u00e8re de la foi, de l&#8217;esp\u00e9rance et de l&#8217;amour pour que le monde croie que le Christ est l&#8217;Envoy\u00e9 du P\u00e8re dont Il est venu nous transmettre la Parole. Nous serons nous aussi Ses envoy\u00e9s afin de Le faire conna\u00eetre et aimer jusqu&#8217;aux confins de la terre. Ainsi, sous la maternelle Protection de Votre C\u0153ur Immacul\u00e9, nous serons un seul peuple avec le Christ qui nous a acquis par sa Mort, t\u00e9moins de sa R\u00e9surrection, et par Lui offerts au P\u00e8re pour la Gloire de la Tr\u00e8s Sainte Trinit\u00e9, que nous adorons, louons et b\u00e9nissons \u00bb.<\/span><br><\/p>\n\n\n\n<p class=\"has-medium-font-size wp-block-paragraph\">4- <strong><u>Consagra\u00e7\u00e3o pessoal ao Sagrado Cora\u00e7\u00e3o de Jesus por intercess\u00e3o de Maria<\/u><\/strong><br><em>Por S\u00e3o Lu\u00eds Maria Grignon de Montfort<\/em><\/p>\n\n\n\n<p class=\"has-medium-font-size wp-block-paragraph\"><span style=\"color:#006984\" class=\"has-inline-color\">\"Sabedoria eterna encarnada! \u00d3 amabil\u00edssimo e ador\u00e1vel Jesus, verdadeiro Deus e verdadeiro homem, Filho \u00fanico do Pai eterno e de Maria sempre virgem! Adoro-te profundamente no seio e no esplendor do teu Pai, por toda a eternidade, e no seio virginal de Maria, tua dign\u00edssima M\u00e3e, durante o tempo da tua encarna\u00e7\u00e3o.<br><br>Je vous rends gr\u00e2ces de ce que vous vous \u00eates an\u00e9anti vous-m\u00eame en prenant la forme d&#8217;un esclave, pour me tirer du cruel esclavage du d\u00e9mon&nbsp;; je vous loue et glorifie de ce que vous avez bien voulu vous soumettre \u00e0 Marie votre sainte M\u00e8re, en toutes choses, afin de me rendre par elle votre fid\u00e8le esclave. Mais, h\u00e9las&nbsp;! ingrat et infid\u00e8le que je suis, je ne vous ai pas gard\u00e9 les v\u0153ux et les promesses que je vous ai si solennellement faits dans mon bapt\u00eame&nbsp;: je n&#8217;ai point rempli mes obligations ; je ne m\u00e9rite pas d&#8217;\u00eatre appel\u00e9 votre enfant ni votre esclave&nbsp;; et, comme il n&#8217;y a rien en moi qui ne m\u00e9rite vos rebuts et votre col\u00e8re, je n&#8217;ose plus par moi-m\u00eame approcher de votre sainte et auguste Majest\u00e9.<br><br>C&#8217;est pourquoi j&#8217;ai recours \u00e0 l&#8217;intercession et \u00e0 la mis\u00e9ricorde de votre tr\u00e8s sainte M\u00e8re, que vous m&#8217;avez donn\u00e9e pour m\u00e9diatrice aupr\u00e8s de vous&nbsp;; et c&#8217;est par son moyen que j&#8217;esp\u00e8re obtenir de vous la contrition et le pardon de mes p\u00e9ch\u00e9s, l&#8217;acquisition et la conservation de la Sagesse.<br><br>Salve, \u00f3 Maria imaculada, tabern\u00e1culo vivo da Divindade, onde a Sabedoria eterna escondida quer ser adorada pelos anjos e pelos homens.<br>Salve, \u00f3 Rainha do c\u00e9u e da terra, a cujo imp\u00e9rio tudo est\u00e1 sujeito, tudo o que est\u00e1 abaixo de Deus.<br>Je vous salue, \u00f4 Refuge assur\u00e9 des p\u00e9cheurs, dont la mis\u00e9ricorde n&#8217;a manqu\u00e9 \u00e0 personne&nbsp;; exaucez les d\u00e9sirs que j&#8217;ai de la divine Sagesse, et recevez pour cela les v\u0153ux et les offres que ma bassesse vous pr\u00e9sente.<br><\/span><br><span style=\"color:#006984\" class=\"has-inline-color\">Moi, N&#8230;, p\u00e9cheur infid\u00e8le, je renouvelle et ratifie aujourd&#8217;hui entre vos mains les v\u0153ux de mon bapt\u00eame&nbsp;: je renonce pour jamais \u00e0 Satan \u00e0 ses pompes et \u00e0 ses \u0153uvres, et je me donne tout entier \u00e0 J\u00e9sus-Christ, la Sagesse incarn\u00e9e, pour porter ma croix \u00e0 sa suite tous les jours de ma vie, et afin que je lui sois plus fid\u00e8le que je n\u2019ai \u00e9t\u00e9 jusqu&#8217;ici.<br><br>Je vous choisis aujourd&#8217;hui, en pr\u00e9sence de toute la cour c\u00e9leste, pour ma M\u00e8re et Ma\u00eetresse. Je vous livre et consacre, en qualit\u00e9 d&#8217;esclave, mon corps et mon \u00e2me, mes biens int\u00e9rieurs et ext\u00e9rieurs, et la valeur m\u00eame de mes bonnes actions pass\u00e9es, pr\u00e9sentes et futures, vous laissant un entier et plein droit de disposer de moi et de tout ce qui m&#8217;appartient, sans exception, selon votre bon plaisir, \u00e0 la plus grande gloire de Dieu, dans le temps et l&#8217;\u00e9ternit\u00e9.<br><br>Recevez, \u00f4 Vierge b\u00e9nigne, cette petite offrande de mon esclavage, en l&#8217;honneur et union de la soumission que la Sagesse \u00e9ternelle a bien voulu avoir \u00e0 votre maternit\u00e9&nbsp;; en hommage de la puissance que vous avez tous deux sur ce petit vermisseau et ce mis\u00e9rable p\u00e9cheur, et en action de gr\u00e2ce des privil\u00e8ges dont la Sainte Trinit\u00e9 vous a favoris\u00e9e.<br><\/span><br><span style=\"color:#0071a1\" class=\"has-inline-color\">Prometo que, a partir de agora, como vossa verdadeira escrava, procurarei a vossa honra e obedecer-vos-ei em tudo.<br>\u00d4&nbsp;M\u00e8re admirable&nbsp;! pr\u00e9sentez-moi \u00e0 votre cher Fils, en qualit\u00e9 d&#8217;esclave \u00e9ternel, afin que, m&#8217;ayant rachet\u00e9 par vous, il me re\u00e7oive par vous.<br>\u00d3 M\u00e3e de Miseric\u00f3rdia, concedei-me a gra\u00e7a de obter a verdadeira sabedoria de Deus e de me colocar entre aqueles que amais, a quem ensinais, a quem guiais, a quem alimentais e protegeis como vossos filhos e escravos.<br>\u00d3 Virgem fiel, fazei que eu seja em tudo t\u00e3o perfeito disc\u00edpulo, imitador e escravo da Sabedoria encarnada, Jesus Cristo, vosso Filho, que por vossa intercess\u00e3o, seguindo o vosso exemplo, chegue \u00e0 plenitude da sua idade na terra e da sua gl\u00f3ria no c\u00e9u.<br><br>Assim seja.<\/span><br><\/p>\n\n\n\n<p class=\"has-medium-font-size wp-block-paragraph\">5- <strong><u>Consagra\u00e7\u00e3o de uma fam\u00edlia ao Imaculado Cora\u00e7\u00e3o de Maria<\/u><\/strong><br><em>Por J. Auriault, professor de teologia mariana. Imprimatur vig\u00e1rio geral S\u00e9es 1933<\/em><\/p>\n\n\n\n<p class=\"has-medium-font-size wp-block-paragraph\"><span style=\"color:#0071a1\" class=\"has-inline-color\">\"\u00d3 Cora\u00e7\u00e3o Imaculado de Maria, M\u00e3e de Deus, nossa M\u00e3e, vimos consagrar-nos a V\u00f3s sem reservas. Reconhecemo-Vos com alegria como a Rainha amada da nossa fam\u00edlia. Comanda-nos como Senhora absoluta; reina como Soberana sobre as nossas mentes, sobre as nossas vontades, sobre os nossos cora\u00e7\u00f5es. Atrav\u00e9s de v\u00f3s, o Divino Cora\u00e7\u00e3o de Jesus reinar\u00e1 perfeitamente nas nossas almas.<br><br>Nous apprendrons de vous, \u00e0 l&#8217;aimer comme Il veut \u00eatre aim\u00e9. Soyez la voie douce et immacul\u00e9e qui nous conduit \u00e0 Lui. Au Sacr\u00e9-C\u0153ur de J\u00e9sus par le C\u0153ur Immacul\u00e9 de Marie. Soyez notre \u00e9toile, notre lumi\u00e8re. Enseignez-nous jusqu\u2019\u00e0 quel point Dieu nous a aim\u00e9s et nous aime. Comme l\u2019enfant apprend tout de sa m\u00e8re, vous nous direz chaque jour ce qui peut faire plaisir \u00e0 votre divin Fils et vous nous donnerez la gr\u00e2ce de l\u2019accomplir joyeusement.<\/span><br><br><span style=\"color:#0171a1\" class=\"has-inline-color\">Faites fleurir en notre cher foyer les vertus d\u2019amour, de douceur, d&#8217;humilit\u00e9, de puret\u00e9, de patience, de charit\u00e9 fraternelle. Nous proclamons tous vos droits de Reine et de Ma\u00eetresse ici, et nous vous promettons ob\u00e9issance.<br><br>(Parents&nbsp;: nous exercerons l&#8217;autorit\u00e9, en votre nom, et nous nous efforcerons de vous imiter, de vous ressembler. Enfants&nbsp;: nous nous soumettrons \u00e0 notre p\u00e8re, \u00e0 notre m\u00e8re, parce qu\u2019ils tiennent la place de Dieu et la v\u00f4tre, nous nous aimerons entre fr\u00e8res et s\u0153urs comme les enfants de la m\u00eame M\u00e8re, Marie et du m\u00eame P\u00e8re, Dieu. S&#8217;il vous pla\u00eet de choisir dans notre famille maintenant ou plus tard des vocations sacerdotales ou religieuses, nous nous soumettrons avec joie \u00e0 la volont\u00e9 de Dieu. \u2014 Supprimer cette parenth\u00e8se, s\u2019il n\u2019y a point d\u2019enfants.)<\/span><br><br><span style=\"color:#046690\" class=\"has-inline-color\">D\u00e1-nos sempre, \u00f3 M\u00e3e, o p\u00e3o nosso de cada dia para vivermos. Dai sucesso aos nossos trabalhos e empreendimentos, para que vos possamos servir em paz e tranquilidade. Prometemos-vos a fidelidade aos nossos deveres religiosos, a frequ\u00eancia da Missa dominical, a comunh\u00e3o frequente, o apego \u00e0 Igreja Cat\u00f3lica, o respeito e o amor filial ao nosso Santo Padre o Papa e ao nosso Bispo.<br><br>Votre C\u0153ur, \u00f4 Vierge Immacul\u00e9e, sera notre asile dans les peines, les maladies, il sera notre joie, notre r\u00e9confort. N\u2019oubliez pas nos chers d\u00e9funts, qui font toujours partie de la famille, malgr\u00e9 la s\u00e9paration qui ne durera qu\u2019un temps. Recevez-les au plus t\u00f4t, nous vous en supplions, dans le Royaume du ciel&nbsp;; \u00e0 l\u2019heure de notre mort, soyez ici, ne nous quittez pas, M\u00e8re ch\u00e9rie. Pr\u00e9parez nos \u00e2mes \u00e0 cet instant supr\u00eame; assistez-nous: restez avec nous jusqu&#8217;au Ciel.<br><br>Une-te intimamente \u00e0 nossa vida familiar. O vosso amor ser\u00e1 o la\u00e7o dos nossos cora\u00e7\u00f5es. V\u00f3s sereis a confidente das nossas alegrias e tristezas, de todos os segredos das nossas almas. Seremos tamb\u00e9m os vossos ap\u00f3stolos, \u00f3 Cora\u00e7\u00e3o Imaculado de Maria, trabalhando para vos fazer amar a v\u00f3s e ao vosso divino Filho.<br><br>C\u0153ur Sacr\u00e9 de J\u00e9sus, notre Dieu, notre Roi, nous voulons vous adorer, vous aimer, vous servir avec l&#8217;aide maternelle du C\u0153ur immacul\u00e9 de Marie. Par Elle, notre famille est \u00e0 vous pour le temps et l&#8217;\u00e9ternit\u00e9&nbsp;!<br>Sagrado Cora\u00e7\u00e3o de Jesus, que o vosso reinado venha atrav\u00e9s do Imaculado Cora\u00e7\u00e3o de Maria sobre a nossa fam\u00edlia (bis).<br>Cora\u00e7\u00e3o Imaculado de Maria, sede a Rainha da nossa casa. (bis)<br>Venha e fique connosco (bis)<br>Cora\u00e7\u00e3o Imaculado de Maria, rogai por n\u00f3s (bis)<br>Santa Teresinha do Menino Jesus, rogai por n\u00f3s.<br>S\u00e3o Jos\u00e9, rogai por n\u00f3s.<br>Santa Bernadette, rogai por n\u00f3s.<br><\/span><\/p>\n\n\n\n<p class=\"has-medium-font-size wp-block-paragraph\">6- <strong><u>Consagra\u00e7\u00e3o de uma organiza\u00e7\u00e3o aos Cora\u00e7\u00f5es de Jesus e Maria<\/u><\/strong><br><em>Par Salve Corda<\/em>  <em>(a utilizar na consagra\u00e7\u00e3o das Cidades)<\/em><\/p>\n\n\n\n<p class=\"has-medium-font-size wp-block-paragraph\"><span style=\"color:#0070a0\" class=\"has-inline-color\">\"Sagrado Cora\u00e7\u00e3o de Jesus, Imaculado Cora\u00e7\u00e3o de Maria,<br><br>Em Paray le Monial e em F\u00e1tima viestes pedir-nos que vos consagr\u00e1ssemos as nossas pessoas e as nossas obras temporais e espirituais. Conscientes da import\u00e2ncia do vosso pedido no nosso conturbado mundo moderno, decidimos responder em esp\u00edrito de f\u00e9, humildade, obedi\u00eancia e amor.<br><br>Portanto, neste dia de xxx <em>(data da consagra\u00e7\u00e3o)<\/em>n\u00f3s, xxx <em>(nomes dos diretores<\/em>), diretores da xxx <em>(nome da organiza\u00e7\u00e3o)<\/em> com plenos poderes leg\u00edtimos, dedicamos-lhe oficial e solenemente a nossa empresa \/ associa\u00e7\u00e3o \/ escola, etc. <em>(escolher uma),<\/em> reconhecer os seus direitos soberanos sobre os seus membros e actividades.<br><br>Inspirai as nossas ac\u00e7\u00f5es e a nossa maneira de gerir os bens e as pessoas num esp\u00edrito de honestidade e de justi\u00e7a fiel \u00e0 doutrina social da vossa Igreja. Que nada contr\u00e1rio \u00e0s vossas santas leis seja decretado ou realizado. Nos sucessos, que saibamos manter a humildade. Nas dificuldades, dai-nos confian\u00e7a na vossa divina provid\u00eancia. E, em todos os casos, que o nosso trabalho contribua, \u00e0 nossa maneira humilde, para a restaura\u00e7\u00e3o do reino de Cristo no mundo.<\/span><br><br><span style=\"color:#0274a5\" class=\"has-inline-color\">Em virtude desta consagra\u00e7\u00e3o, pedimos-lhe que tome xxx sob a sua prote\u00e7\u00e3o. <em>(nome da organiza\u00e7\u00e3o)<\/em>. Confiamos a V\u00f3s os que a\u00ed trabalham, os empregados e os dirigentes. Pede ao Esp\u00edrito Santo que nos conceda a todos, cada um ao seu n\u00edvel, os seus dons, em particular a intelig\u00eancia, a sabedoria, o conhecimento, o conselho e a for\u00e7a. Dai-nos o p\u00e3o quotidiano de que necessitamos para o nosso trabalho e para a vida das nossas fam\u00edlias. Na dif\u00edcil luta do mundo de hoje, concedei-nos a prote\u00e7\u00e3o de S\u00e3o Miguel e dos vossos santos anjos.<br><br>Por fim, confiamos esta consagra\u00e7\u00e3o a S\u00e3o Jos\u00e9, chefe da Sagrada Fam\u00edlia e padroeiro dos trabalhadores. Melhor do que ningu\u00e9m, ele conhece os vossos Sant\u00edssimos Cora\u00e7\u00f5es e poder\u00e1 guiar-nos no nosso dever de estado para permanecermos fi\u00e9is a esta consagra\u00e7\u00e3o.<br><br>Sagrado Cora\u00e7\u00e3o de Jesus e Imaculado Cora\u00e7\u00e3o de Maria, rogai por n\u00f3s e protegei-nos xxx <em>(nome da organiza\u00e7\u00e3o) <\/em>\"<\/span><\/p>\n\n\n\n<p class=\"has-medium-font-size wp-block-paragraph\"><em>* La cons\u00e9cration doit \u00eatre faites par les personnes d\u00e9tenant le pouvoir l\u00e9gitime en pr\u00e9sence (facultative) d&#8217;autres membres de l&#8217;organisation.<\/em><\/p>","protected":false},"featured_media":2092,"template":"","class_list":["post-2043","prieres","type-prieres","status-publish","has-post-thumbnail","hentry"],"_links":{"self":[{"href":"https:\/\/salve-corda.org\/pt\/wp-json\/wp\/v2\/prieres\/2043","targetHints":{"allow":["GET"]}}],"collection":[{"href":"https:\/\/salve-corda.org\/pt\/wp-json\/wp\/v2\/prieres"}],"about":[{"href":"https:\/\/salve-corda.org\/pt\/wp-json\/wp\/v2\/types\/prieres"}],"version-history":[{"count":0,"href":"https:\/\/salve-corda.org\/pt\/wp-json\/wp\/v2\/prieres\/2043\/revisions"}],"wp:featuredmedia":[{"embeddable":true,"href":"https:\/\/salve-corda.org\/pt\/wp-json\/wp\/v2\/media\/2092"}],"wp:attachment":[{"href":"https:\/\/salve-corda.org\/pt\/wp-json\/wp\/v2\/media?parent=2043"}],"curies":[{"name":"wp","href":"https:\/\/api.w.org\/{rel}","templated":true}]}}