{"id":2100,"date":"2021-08-14T21:05:05","date_gmt":"2021-08-14T19:05:05","guid":{"rendered":"https:\/\/salve-corda.org\/?post_type=prieres&#038;p=2100"},"modified":"2021-09-14T21:19:20","modified_gmt":"2021-09-14T19:19:20","slug":"prieres-a-saint-joseph","status":"publish","type":"prieres","link":"https:\/\/salve-corda.org\/pt\/prieres\/prieres-a-saint-joseph\/","title":{"rendered":"7 grandes ora\u00e7\u00f5es a S\u00e3o Jos\u00e9"},"content":{"rendered":"<div class=\"wp-block-group\"><div class=\"wp-block-group__inner-container is-layout-flow wp-block-group-is-layout-flow\">\n<p class=\"has-medium-font-size wp-block-paragraph\"><strong>1) Pri\u00e8re du pape L\u00e9on XIII &#8211; &#8220;Nous recourons \u00e0 vous dans notre tribulation&#8221;<\/strong><\/p>\n\n\n\n<p class=\"has-medium-font-size wp-block-paragraph\"><span style=\"color:#0272a2\" class=\"has-inline-color\">N\u00f3s<\/span> <span style=\"color:#026f9d\" class=\"has-inline-color\">re<\/span><span style=\"color:#0271a0\" class=\"has-inline-color\">corramos para ti na nossa tribula\u00e7\u00e3o, \u00f3 Jos\u00e9 bendito, e, depois de implorar o aux\u00edlio do teu sant\u00edssimo<\/span> <span style=\"color:#026c9a\" class=\"has-inline-color\">mulher, pedimos tamb\u00e9m com confian\u00e7a o seu patroc\u00ednio.<br><br>Par l&#8217;affection qui vous a uni \u00e0 la Vierge immacul\u00e9e, M\u00e8re de Dieu ; par l&#8217;amour paternel dont vous avez entour\u00e9 l&#8217;Enfant J\u00e9sus, nous vous supplions de regarder avec bont\u00e9 l&#8217;h\u00e9ritage que J\u00e9sus-Christ a conquis au prix de son sang, et de nous assister de votre puissance et de votre secours dans nos besoins.<br><br>Prot\u00e9gez, \u00d4 tr\u00e8s sage gardien de la divine Famille, la race \u00e9lue de J\u00e9sus-Christ ; Pr\u00e9servez-nous, \u00f4 P\u00e8re tr\u00e8s aimant, de toute souillure d&#8217;erreur et de corruption ; soyez-nous favorable, \u00f4 notre tr\u00e8s puissant lib\u00e9rateur.<br><br>Du haut du ciel assistez-nous dans le combat que nous livrons \u00e0 la puissance des t\u00e9n\u00e8bres ; et, de m\u00eame que vous avez arrach\u00e9 autrefois l&#8217;Enfant J\u00e9sus au p\u00e9ril de la mort, d\u00e9fendez aujourd&#8217;hui la sainte Eglise de Dieu des emb\u00fbches de l&#8217;ennemi et de toute adversit\u00e9.<br><br>Cobri todos e cada um de n\u00f3s com a vossa perp\u00e9tua prote\u00e7\u00e3o, para que, sustentados pela vossa ajuda, vivamos santamente, morramos piedosamente e alcancemos a eterna bem-aventuran\u00e7a do C\u00e9u.<br><br>Assim seja.<\/span><br><\/p>\n\n\n\n<p class=\"has-medium-font-size wp-block-paragraph\"><strong>2) A ora\u00e7\u00e3o do Papa S\u00e3o Pio X a S\u00e3o Jos\u00e9, modelo dos trabalhadores<\/strong><\/p>\n\n\n\n<p class=\"has-medium-font-size wp-block-paragraph\"><span style=\"color:#036f9d\" class=\"has-inline-color\">Glorioso S\u00e3o Jos\u00e9, modelo de todos os que se dedicam ao trabalho, obt\u00e9m para mim a gra\u00e7a de\u00a0<br>&#8211; de travailler en esprit de p\u00e9nitence pour l&#8217;expiation de mes nombreux p\u00e9ch\u00e9s;\u00a0<br>- trabalhar de acordo com a minha consci\u00eancia, colocando o culto do dever acima das minhas inclina\u00e7\u00f5es;\u00a0<br>- trabalhar com gratid\u00e3o e alegria, considerando uma honra usar e desenvolver atrav\u00e9s do trabalho os dons recebidos de Deus;\u00a0<br>- trabalhar com ordem, paz, modera\u00e7\u00e3o e paci\u00eancia, nunca recuando perante o cansa\u00e7o ou a dificuldade;\u00a0<br>&#8211; de travailler surtout avec puret\u00e9 d&#8217;intention et avec d\u00e9tachement de moi-m\u00eame ayant sans cesse devant les yeux la mort et le compte que je devrai rendre du temps perdu, des talents inutilis\u00e9s, du bien omis et des vaines complaisances dans le succ\u00e8s, si funestes \u00e0 l&#8217;oeuvre de Dieu.\u00a0<br><br>Tudo por Jesus, tudo por Maria, tudo \u00e0 imita\u00e7\u00e3o de ti, patriarca S\u00e3o Jos\u00e9!\u00a0<br><br>Este ser\u00e1 o meu lema de vida e de morte.\u00a0<br>Assim seja.<\/span><br><\/p>\n\n\n\n<p class=\"has-medium-font-size wp-block-paragraph\"><strong>3) A ora\u00e7\u00e3o do Papa Pio XII a S\u00e3o Jos\u00e9 artes\u00e3o<\/strong><\/p>\n\n\n\n<p class=\"has-medium-font-size wp-block-paragraph\"><span style=\"color:#016f9f\" class=\"has-inline-color\">Em 1955, Pio XII instituiu a Festa de S\u00e3o Jos\u00e9 Art\u00edfice, a ser celebrada no dia 1 de maio de cada ano.<br><br>\u00d3 glorioso Patriarca S\u00e3o Jos\u00e9, humilde e justo artes\u00e3o de Nazar\u00e9, que destes a todos os crist\u00e3os, mas especialmente a n\u00f3s, o exemplo de uma vida perfeita no trabalho constante e na admir\u00e1vel uni\u00e3o com Maria e Jesus, assisti-nos na nossa tarefa quotidiana, para que tamb\u00e9m n\u00f3s, artes\u00e3os cat\u00f3licos, encontremos nela o meio eficaz de glorificar o Senhor, de nos santificarmos e de sermos \u00fateis \u00e0 sociedade em que vivemos, ideais supremos de todas as nossas ac\u00e7\u00f5es.<br><br>Obtende-nos do Senhor, \u00f3 nosso amant\u00edssimo protetor, a humildade e a simplicidade de cora\u00e7\u00e3o, o gosto pelo trabalho e a benevol\u00eancia para com aqueles que s\u00e3o nossos companheiros de trabalho, a conformidade com a vontade divina nas dores inevit\u00e1veis desta vida e a alegria de as suportar, a consci\u00eancia da nossa miss\u00e3o social particular e o sentido da nossa responsabilidade, o esp\u00edrito de disciplina e de ora\u00e7\u00e3o, a docilidade e o respeito para com os nossos superiores, a fraternidade para com os nossos iguais, a caridade e a indulg\u00eancia para com os nossos subordinados. Esteja connosco nos momentos de prosperidade, quando tudo nos convida a saborear honestamente os frutos do nosso trabalho; mas ampare-nos nas horas de tristeza, quando o c\u00e9u parece fechar-se sobre n\u00f3s e os pr\u00f3prios instrumentos de trabalho parecem rebelar-se nas nossas m\u00e3os.<br><br>Que n\u00f3s, seguindo o teu exemplo, mantenhamos os nossos olhos fixos na nossa M\u00e3e Maria, a tua mais doce esposa, que, a um canto da tua modesta oficina, girava silenciosamente, deixando o sorriso mais gracioso vaguear pelos seus l\u00e1bios; que n\u00f3s tamb\u00e9m n\u00e3o desviemos os nossos olhos de Jesus, que trabalhou no teu banco de carpinteiro, para que possamos levar uma vida pac\u00edfica e santa na terra, um prel\u00fadio da vida eternamente feliz que nos espera no c\u00e9u, para todo o sempre.\u00a0<br><br>Assim seja.<\/span><br><\/p>\n\n\n\n<p class=\"has-medium-font-size wp-block-paragraph\"><strong>4) Ora\u00e7\u00e3o a S\u00e3o Jos\u00e9, de S\u00e3o Francisco de Sales<\/strong><\/p>\n\n\n\n<p class=\"has-medium-font-size wp-block-paragraph\"><span style=\"color:#016f9f\" class=\"has-inline-color\">Gl<\/span><span style=\"color:#0070a0\" class=\"has-inline-color\">orioso S\u00e3o Jos\u00e9, esposo de Maria, concedei-nos a vossa prote\u00e7\u00e3o paternal, n\u00f3s vos pedimos por Jesus Cristo. \u00d3 v\u00f3s, cujo poder se estende a todas as nossas necessidades e sabeis\u00a0<strong>TORNAR POSS\u00cdVEIS AS COISAS MAIS DIF\u00cdCEIS<\/strong>\u00a0<strong>IMPOSS\u00cdVEL<\/strong>,\u00a0<strong>tomar<\/strong>\u00a0paternalmente os interesses dos vossos filhos: dirigimo-nos a v\u00f3s com confian\u00e7a. Sob a vossa orienta\u00e7\u00e3o paternal, que todas as nossas preocupa\u00e7\u00f5es se transformem na gl\u00f3ria de Deus e no bem dos seus devotos servidores.\u00a0<br><br>Assim seja<\/span>.<br><\/p>\n\n\n\n<p class=\"has-medium-font-size wp-block-paragraph\"><strong>5). Ora\u00e7\u00f5es a S\u00e3o Jos\u00e9 por Santo Afonso de Lig\u00f3rio<\/strong><strong>&nbsp;<\/strong><strong><\/strong><\/p>\n\n\n\n<p class=\"has-medium-font-size wp-block-paragraph\"><span style=\"color:#0170a0\" class=\"has-inline-color\">Meu santo Patriarca, pe\u00e7o-vos, em nome das dores que experimentastes quando vistes o Verbo divino nascer num est\u00e1bulo, em tal estado de pobreza, sem fogo nem linho, e quando o ouvistes chorar por causa do sofrimento causado pelos rigores do frio; pe\u00e7o-vos, digo-vos, que me obtenhais uma verdadeira dor pelos meus pecados, pelos quais fui a causa das l\u00e1grimas derramadas por Jesus.\u00a0<\/span><\/p>\n\n\n\n<p class=\"has-medium-font-size wp-block-paragraph\"><span style=\"color:#016f9f\" class=\"has-inline-color\">Mas, em nome da consola\u00e7\u00e3o que sentiste quando, pela primeira vez, viste Jesus crian\u00e7a, nascido numa manjedoura, t\u00e3o belo, t\u00e3o gracioso, de modo que, a partir desse momento, o teu cora\u00e7\u00e3o come\u00e7ou a arder com um amor mais ardente por esta crian\u00e7a ador\u00e1vel e amada, obt\u00e9m-me a gra\u00e7a de o amar com um grande amor tamb\u00e9m na terra, para que um dia me seja permitido possu\u00ed-lo no C\u00e9u.\u00a0<\/span><\/p>\n\n\n\n<p class=\"has-medium-font-size wp-block-paragraph\"><span style=\"color:#0172a3\" class=\"has-inline-color\">E v\u00f3s, \u00f3 Maria, m\u00e3e de Deus e minha m\u00e3e, recomendai-me a vosso filho e obtende-me o perd\u00e3o de todas as ofensas que lhe fiz, e a gra\u00e7a de n\u00e3o o tornar a ofender.\u00a0<\/span><\/p>\n\n\n\n<p class=\"has-medium-font-size wp-block-paragraph\"><span style=\"color:#0072a3\" class=\"has-inline-color\">E tu, meu amado Jesus, perdoa-me pelo amor de Maria e de Jos\u00e9, e concede-me a gra\u00e7a de te poder ver um dia no c\u00e9u, de te louvar l\u00e1, e de amar a tua beleza divina, e a tua bondade que te fez crian\u00e7a por amor de mim. Amo-te, beleza infinita.<\/span><\/p>\n\n\n\n<p class=\"has-medium-font-size wp-block-paragraph\"><span style=\"color:#0071a2\" class=\"has-inline-color\">Amo-te, meu Jesus. Amo-te, meu Deus, meu amor, meu tudo.<\/span><br><\/p>\n\n\n\n<p class=\"has-medium-font-size wp-block-paragraph\"><strong>6) Sauda\u00e7\u00e3o a S\u00e3o Jos\u00e9 por S\u00e3o Jo\u00e3o Eudes<\/strong><\/p>\n\n\n\n<p class=\"has-medium-font-size wp-block-paragraph\"><span style=\"color:#0171a1\" class=\"has-inline-color\">Salve Jos\u00e9, imagem de Deus Pai\u00a0<br>Salve Jos\u00e9, pai de Deus Filho\u00a0<br>Salve Jos\u00e9, Santu\u00e1rio do Esp\u00edrito Santo\u00a0<br>Salve Jos\u00e9, amado da Sant\u00edssima Trindade\u00a0<br>Salve Jos\u00e9, dign\u00edssimo esposo da Virgem M\u00e3e\u00a0<br>Salve Jos\u00e9, pai de todos os fi\u00e9is\u00a0<br>Salve Jos\u00e9, fiel observador do sil\u00eancio sagrado\u00a0<br>Salve Jos\u00e9, amante da santa pobreza\u00a0<br>Salve Jos\u00e9, modelo de do\u00e7ura e paci\u00eancia\u00a0<br>Salve Jos\u00e9, espelho de humildade e obedi\u00eancia\u00a0<\/span><\/p>\n\n\n\n<p class=\"has-medium-font-size wp-block-paragraph\"><span style=\"color:#0171a0\" class=\"has-inline-color\">Bendito \u00e9s tu entre os homens<br><br>E bem-aventurados os vossos olhos que viram o que v\u00f3s vistes\u00a0<br>e bem-aventurados os vossos ouvidos que ouviram o que ouvistes\u00a0<br>e benditas sejam as vossas m\u00e3os que tocaram o Verbo feito carne\u00a0<br>e bem-aventurados os vossos bra\u00e7os que carregaram Aquele que tudo suporta\u00a0<br>e bendito seja o vosso cora\u00e7\u00e3o inflamado por Ele com o mais ardente amor\u00a0<br>e bendito seja o Pai Eterno que vos escolheu\u00a0<br>e bendito seja o Filho que vos amou\u00a0<br>e bendito seja o Esp\u00edrito Santo que vos santificou\u00a0<br>e bendita seja Maria, tua mulher, que te amou como marido e como irm\u00e3o\u00a0<br>e aben\u00e7oados para sempre todos aqueles que vos amam e vos aben\u00e7oam.<\/span><br><\/p>\n\n\n\n<p class=\"has-medium-font-size wp-block-paragraph\"><strong>7 ) C\u00e2ntico de Santa Teresa de \u00c1vila<\/strong><\/p>\n\n\n\n<p class=\"has-medium-font-size wp-block-paragraph\"><span style=\"color:#006f9e\" class=\"has-inline-color\">Jos\u00e9, a tua vida admir\u00e1vel<br>Se passa dans l&#8217;humilit\u00e9\u00a0;\u00a0<br>Mas de Jesus e Maria,\u00a0<br>Estava a contemplar a beleza!\u00a0<br><br>Jos\u00e9, \u00f3 Pai terno,\u00a0<br>Proteger o Carmelo!\u00a0<br>Os vossos filhos, nesta terra,\u00a0<br>Saboreia a paz do c\u00e9u.\u00a0<br><br>O Filho de Deus, na sua inf\u00e2ncia,\u00a0<br>Plus d&#8217;une fois, avec bonheur,\u00a0<br>Sujeito \u00e0 vossa obedi\u00eancia,\u00a0<br>S&#8217;est repos\u00e9 sur votre c\u0153ur\u00a0!\u00a0<br><br>Como tu, na solid\u00e3o,\u00a0<br>Servimos Maria e Jesus;\u00a0<br>Agradar-lhes \u00e9 o nosso \u00fanico estudo;\u00a0<br>\u00c9 tudo o que queremos.\u00a0<\/span><br><br><span style=\"color:#016f9e\" class=\"has-inline-color\">Santa Teresinha, nossa M\u00e3e,\u00a0<br>Ela confiava sempre em si;\u00a0<br>Ela garante-nos que a sua ora\u00e7\u00e3o,\u00a0<br>Vous l&#8217;exauciez d&#8217;un prompt secours.\u00a0<br><br>Quand l&#8217;\u00e9preuve sera finie,\u00a0<br>Temos a doce esperan\u00e7a<br>Perto da divina Maria,\u00a0<br>S\u00e3o Jos\u00e9, vamos ter convosco.\u00a0<br><br>Aben\u00e7oado sejas, querido Pai,\u00a0<br>O nosso pequeno Carmel ;\u00a0<br>Apr\u00e8s l&#8217;exil de cette terre<br>Junta-nos no c\u00e9u.\u00a0<\/span><\/p>\n<\/div><\/div>","protected":false},"featured_media":2101,"template":"","class_list":["post-2100","prieres","type-prieres","status-publish","has-post-thumbnail","hentry"],"_links":{"self":[{"href":"https:\/\/salve-corda.org\/pt\/wp-json\/wp\/v2\/prieres\/2100","targetHints":{"allow":["GET"]}}],"collection":[{"href":"https:\/\/salve-corda.org\/pt\/wp-json\/wp\/v2\/prieres"}],"about":[{"href":"https:\/\/salve-corda.org\/pt\/wp-json\/wp\/v2\/types\/prieres"}],"version-history":[{"count":1,"href":"https:\/\/salve-corda.org\/pt\/wp-json\/wp\/v2\/prieres\/2100\/revisions"}],"predecessor-version":[{"id":2102,"href":"https:\/\/salve-corda.org\/pt\/wp-json\/wp\/v2\/prieres\/2100\/revisions\/2102"}],"wp:featuredmedia":[{"embeddable":true,"href":"https:\/\/salve-corda.org\/pt\/wp-json\/wp\/v2\/media\/2101"}],"wp:attachment":[{"href":"https:\/\/salve-corda.org\/pt\/wp-json\/wp\/v2\/media?parent=2100"}],"curies":[{"name":"wp","href":"https:\/\/api.w.org\/{rel}","templated":true}]}}