{"id":2104,"date":"2021-07-14T21:47:02","date_gmt":"2021-07-14T19:47:02","guid":{"rendered":"https:\/\/salve-corda.org\/?post_type=prieres&#038;p=2104"},"modified":"2024-03-05T17:30:38","modified_gmt":"2024-03-05T16:30:38","slug":"prieres-aux-saints-anges","status":"publish","type":"prieres","link":"https:\/\/salve-corda.org\/pt\/prieres\/prieres-aux-saints-anges\/","title":{"rendered":"Ora\u00e7\u00f5es aos santos anjos"},"content":{"rendered":"<p class=\"has-medium-font-size wp-block-paragraph\"><strong>Ora\u00e7\u00e3o do Papa Le\u00e3o XIII<\/strong><\/p>\n\n\n\n<p class=\"has-medium-font-size wp-block-paragraph\"><mark style=\"background-color:rgba(0, 0, 0, 0);color:#0176a8\" class=\"has-inline-color\">S\u00e3o Miguel Arcanjo,<br>defender-nos na batalha ;<br>e s\u00ea o nosso protetor<br>contra a maldade e as ciladas do dem\u00f3nio.<br>Que Deus reprima a sua aud\u00e1cia;<br>esta \u00e9 a nossa humilde ora\u00e7\u00e3o.<br>E tu, Pr\u00edncipe da Mil\u00edcia Celestial,<br>pelo poder divino que vos foi confiado,<br>lan\u00e7ar Satan\u00e1s e os outros esp\u00edritos malignos no inferno,<br>que viajam pelo mundo<br>pela perda de almas.<\/mark><\/p>\n\n\n\n<p class=\"has-medium-font-size wp-block-paragraph\"><strong>Ora\u00e7\u00e3o ao teu anjo da guarda<\/strong><\/p>\n\n\n\n<p class=\"has-medium-font-size wp-block-paragraph\"><mark style=\"background-color:rgba(0, 0, 0, 0);color:#0071a1\" class=\"has-inline-color\">\u00d4\u00a0Saint Ange, que Dieu, par un effet de Sa bont\u00e9 sur moi, a charg\u00e9 du soin de ma conduite, vous qui m&#8217;assistez dans mes afflictions, qui me soutenez dans mes d\u00e9couragements, et qui m&#8217;obtenez sans cesse de nouvelles faveurs, je vous rends de tr\u00e8s humbles actions de gr\u00e2ces, et je vous conjure, aimable protecteur, de me continuer vos charitables soins, de me d\u00e9fendre contre tous mes ennemis, d&#8217;\u00e9loigner de moi les occasions du p\u00e9ch\u00e9, de m&#8217;obtenir que je sois docile \u00e0 \u00e9couter vos inspirations et fid\u00e8le \u00e0 les suivre, de me prot\u00e9ger de l&#8217;heure de ma mort, et de ne point me quitter que vous ne m&#8217;ayez conduit au s\u00e9jour du repos \u00e9ternel.\u00a0&#8220;<\/mark><\/p>","protected":false},"featured_media":6654,"template":"","class_list":["post-2104","prieres","type-prieres","status-publish","has-post-thumbnail","hentry"],"_links":{"self":[{"href":"https:\/\/salve-corda.org\/pt\/wp-json\/wp\/v2\/prieres\/2104","targetHints":{"allow":["GET"]}}],"collection":[{"href":"https:\/\/salve-corda.org\/pt\/wp-json\/wp\/v2\/prieres"}],"about":[{"href":"https:\/\/salve-corda.org\/pt\/wp-json\/wp\/v2\/types\/prieres"}],"version-history":[{"count":1,"href":"https:\/\/salve-corda.org\/pt\/wp-json\/wp\/v2\/prieres\/2104\/revisions"}],"predecessor-version":[{"id":6653,"href":"https:\/\/salve-corda.org\/pt\/wp-json\/wp\/v2\/prieres\/2104\/revisions\/6653"}],"wp:featuredmedia":[{"embeddable":true,"href":"https:\/\/salve-corda.org\/pt\/wp-json\/wp\/v2\/media\/6654"}],"wp:attachment":[{"href":"https:\/\/salve-corda.org\/pt\/wp-json\/wp\/v2\/media?parent=2104"}],"curies":[{"name":"wp","href":"https:\/\/api.w.org\/{rel}","templated":true}]}}